{"id":7432,"date":"2022-10-27T15:15:48","date_gmt":"2022-10-27T18:15:48","guid":{"rendered":"https:\/\/isfd21-bue.infd.edu.ar\/sitio\/?page_id=7432"},"modified":"2023-03-01T10:59:04","modified_gmt":"2023-03-01T13:59:04","slug":"formularios-de-preinscripcion","status":"publish","type":"page","link":"https:\/\/isfd21-bue.infd.edu.ar\/sitio\/formularios-de-preinscripcion\/","title":{"rendered":"FORMULARIOS DE PREINSCRIPCI\u00d3N CERRADA (ETAPA 1)"},"content":{"rendered":"\n<p style=\"font-size:25px\"><strong>Hac\u00e9 clic en el nombre del profesorado para acceder al formulario:<\/strong><\/p>\n\n\n\n<p class=\"has-text-color\" style=\"color:#215369;font-size:17px\">*<em><strong>Profesorado de Ingl\u00e9s<\/strong><\/em><\/p>\n\n\n\n<p class=\"has-text-color\" style=\"color:#215369;font-size:17px\">*<em><strong>Profesorado de Educaci\u00f3n Secundaria en Matem\u00e1tica<\/strong><\/em><\/p>\n\n\n\n<p class=\"has-text-color\" style=\"color:#215369;font-size:17px\">*<em><strong>Profesorado de Educaci\u00f3n Secundaria en Lengua y Literatura<\/strong><\/em><\/p>\n\n\n\n<p class=\"has-text-color\" style=\"color:#215369;font-size:17px\">*<em><strong>Profesorado de Educaci\u00f3n Secundaria en Historia<\/strong><\/em><\/p>\n\n\n\n<p class=\"has-text-color\" style=\"color:#215369;font-size:17px\">*<em><strong>Profesorado de Educaci\u00f3n Secundaria en Geograf\u00eda<\/strong><\/em><\/p>\n\n\n\n<p class=\"has-text-color\" style=\"color:#215369;font-size:17px\">*<em><strong>Profesorado de Educaci\u00f3n Secundaria en Filosof\u00eda<\/strong><\/em><\/p>\n\n\n\n<p class=\"has-text-color\" style=\"color:#215369;font-size:17px\"><strong>*<em>Profesorado de Educaci\u00f3n Secundaria en Biolog\u00eda<\/em><\/strong><\/p>\n\n\n\n<p class=\"has-text-color\" style=\"color:#215369;font-size:17px\">*<em><strong>Profesorado de Educaci\u00f3n Primaria<\/strong><\/em><\/p>\n\n\n\n<p class=\"has-text-color\" style=\"color:#215369;font-size:17px\">*<em><strong>Profesorado de Educaci\u00f3n Especial con orientaci\u00f3n en Discapacidad Intelectual<\/strong><\/em><\/p>\n\n\n\n<p>*<em><strong>Curso de Formaci\u00f3n B\u00e1sica en Ingl\u00e9s&nbsp;(CuFBa) 1 a\u00f1o de duraci\u00f3n<\/strong><\/em><\/p>\n\n\n\n<p style=\"font-size:24px\"><strong><em>UNA VEZ QUE COMPLETASTE EL FORMULARIO (ETAPA 1), DEB\u00c9S ENVIAR EL MAIL CON LA DOCUMENTACI\u00d3N CORRESPONDIENTE (ETAPA 2)<\/em><\/strong><\/p>\n\n\n<div class=\"wp-block-image\">\n<figure class=\"aligncenter size-large is-resized\"><a href=\"https:\/\/isfd21-bue.infd.edu.ar\/sitio\/requisitos-2023\/\"><img decoding=\"async\" loading=\"lazy\" src=\"https:\/\/isfd21-bue.infd.edu.ar\/sitio\/wp-content\/uploads\/2022\/10\/FLECHA.png\" alt=\"\" class=\"wp-image-7433\" width=\"156\" height=\"114\"\/><\/a><figcaption class=\"wp-element-caption\"><strong><em>A ETAPA 2<\/em><\/strong><\/figcaption><\/figure><\/div>\n\n\n<p><\/p>\n","protected":false},"excerpt":{"rendered":"<p>Hac\u00e9 clic en el nombre del profesorado para acceder al formulario: *Profesorado de Ingl\u00e9s *Profesorado de Educaci\u00f3n Secundaria en Matem\u00e1tica *Profesorado de Educaci\u00f3n Secundaria en Lengua y Literatura *Profesorado de Educaci\u00f3n Secundaria en Historia *Profesorado de Educaci\u00f3n Secundaria en Geograf\u00eda *Profesorado de Educaci\u00f3n Secundaria en Filosof\u00eda *Profesorado de Educaci\u00f3n Secundaria en Biolog\u00eda *Profesorado de Educaci\u00f3n &#8230; <a title=\"FORMULARIOS DE PREINSCRIPCI\u00d3N CERRADA (ETAPA 1)\" class=\"read-more\" href=\"https:\/\/isfd21-bue.infd.edu.ar\/sitio\/formularios-de-preinscripcion\/\" aria-label=\"More on FORMULARIOS DE PREINSCRIPCI\u00d3N CERRADA (ETAPA 1)\">[+]<\/a><\/p>\n","protected":false},"author":4673,"featured_media":0,"parent":0,"menu_order":0,"comment_status":"closed","ping_status":"closed","template":"","meta":[],"acf":[],"_links":{"self":[{"href":"https:\/\/isfd21-bue.infd.edu.ar\/sitio\/wp-json\/wp\/v2\/pages\/7432"}],"collection":[{"href":"https:\/\/isfd21-bue.infd.edu.ar\/sitio\/wp-json\/wp\/v2\/pages"}],"about":[{"href":"https:\/\/isfd21-bue.infd.edu.ar\/sitio\/wp-json\/wp\/v2\/types\/page"}],"author":[{"embeddable":true,"href":"https:\/\/isfd21-bue.infd.edu.ar\/sitio\/wp-json\/wp\/v2\/users\/4673"}],"replies":[{"embeddable":true,"href":"https:\/\/isfd21-bue.infd.edu.ar\/sitio\/wp-json\/wp\/v2\/comments?post=7432"}],"version-history":[{"count":27,"href":"https:\/\/isfd21-bue.infd.edu.ar\/sitio\/wp-json\/wp\/v2\/pages\/7432\/revisions"}],"predecessor-version":[{"id":8155,"href":"https:\/\/isfd21-bue.infd.edu.ar\/sitio\/wp-json\/wp\/v2\/pages\/7432\/revisions\/8155"}],"wp:attachment":[{"href":"https:\/\/isfd21-bue.infd.edu.ar\/sitio\/wp-json\/wp\/v2\/media?parent=7432"}],"curies":[{"name":"wp","href":"https:\/\/api.w.org\/{rel}","templated":true}]}}