{"id":6353,"date":"2022-07-05T14:24:12","date_gmt":"2022-07-05T17:24:12","guid":{"rendered":"https:\/\/isfd21-bue.infd.edu.ar\/sitio\/?page_id=6353"},"modified":"2023-02-14T15:07:27","modified_gmt":"2023-02-14T18:07:27","slug":"novedades-2022","status":"publish","type":"page","link":"https:\/\/isfd21-bue.infd.edu.ar\/sitio\/novedades-2022\/","title":{"rendered":"NOVEDADES CARTELERA 2022"},"content":{"rendered":"\n<hr class=\"wp-block-separator has-css-opacity is-style-wide\"\/>\n\n\n\n<hr class=\"wp-block-separator has-css-opacity is-style-wide\"\/>\n\n\n\n<p>30\/12\/22<\/p>\n\n\n<div class=\"wp-block-image\">\n<figure class=\"aligncenter size-large is-resized\"><img decoding=\"async\" loading=\"lazy\" src=\"https:\/\/isfd21-bue.infd.edu.ar\/sitio\/wp-content\/uploads\/2022\/12\/Blue-Modern-Business-Solution-Agency-Flyer-7-1343x1900.jpg\" alt=\"\" class=\"wp-image-8029\" width=\"681\" height=\"963\" srcset=\"https:\/\/isfd21-bue.infd.edu.ar\/sitio\/wp-content\/uploads\/2022\/12\/Blue-Modern-Business-Solution-Agency-Flyer-7-1343x1900.jpg 1343w, https:\/\/isfd21-bue.infd.edu.ar\/sitio\/wp-content\/uploads\/2022\/12\/Blue-Modern-Business-Solution-Agency-Flyer-7-707x1000.jpg 707w, https:\/\/isfd21-bue.infd.edu.ar\/sitio\/wp-content\/uploads\/2022\/12\/Blue-Modern-Business-Solution-Agency-Flyer-7-768x1086.jpg 768w, https:\/\/isfd21-bue.infd.edu.ar\/sitio\/wp-content\/uploads\/2022\/12\/Blue-Modern-Business-Solution-Agency-Flyer-7-1086x1536.jpg 1086w, https:\/\/isfd21-bue.infd.edu.ar\/sitio\/wp-content\/uploads\/2022\/12\/Blue-Modern-Business-Solution-Agency-Flyer-7.jpg 1414w\" sizes=\"(max-width: 681px) 100vw, 681px\" \/><\/figure><\/div>\n\n\n<p>26\/12\/22<\/p>\n\n\n\n<figure class=\"wp-block-image size-large\"><img decoding=\"async\" loading=\"lazy\" width=\"1080\" height=\"1080\" src=\"https:\/\/isfd21-bue.infd.edu.ar\/sitio\/wp-content\/uploads\/2022\/12\/Post-Instagram-Sale-Neon-rosa-negro-2.png\" alt=\"\" class=\"wp-image-8023\" srcset=\"https:\/\/isfd21-bue.infd.edu.ar\/sitio\/wp-content\/uploads\/2022\/12\/Post-Instagram-Sale-Neon-rosa-negro-2.png 1080w, https:\/\/isfd21-bue.infd.edu.ar\/sitio\/wp-content\/uploads\/2022\/12\/Post-Instagram-Sale-Neon-rosa-negro-2-1000x1000.png 1000w, https:\/\/isfd21-bue.infd.edu.ar\/sitio\/wp-content\/uploads\/2022\/12\/Post-Instagram-Sale-Neon-rosa-negro-2-500x500.png 500w, https:\/\/isfd21-bue.infd.edu.ar\/sitio\/wp-content\/uploads\/2022\/12\/Post-Instagram-Sale-Neon-rosa-negro-2-768x768.png 768w\" sizes=\"(max-width: 1080px) 100vw, 1080px\" \/><\/figure>\n\n\n\n<p><strong><em>Seguimos inscribiendo<\/em><\/strong>:<\/p>\n\n\n\n<figure class=\"wp-block-image size-large\"><img decoding=\"async\" loading=\"lazy\" width=\"779\" height=\"797\" src=\"https:\/\/isfd21-bue.infd.edu.ar\/sitio\/wp-content\/uploads\/2022\/12\/image-6.png\" alt=\"\" class=\"wp-image-8020\" srcset=\"https:\/\/isfd21-bue.infd.edu.ar\/sitio\/wp-content\/uploads\/2022\/12\/image-6.png 779w, https:\/\/isfd21-bue.infd.edu.ar\/sitio\/wp-content\/uploads\/2022\/12\/image-6-768x786.png 768w\" sizes=\"(max-width: 779px) 100vw, 779px\" \/><\/figure>\n\n\n\n<p>SEGUIMOS INSCRIBIENDO<br>PROFESORADOS DE 4 A\u00d1OS DE DURACI\u00d3N,<br>CON VALIDEZ NACIONAL<\/p>\n\n\n\n<p>PROFESORADO DE BIOLOG\u00cdA<br>PROFESORADO EN EDUCACI\u00d3N ESPECIAL<br>PROFESORADO EN FILOSOF\u00cdA<br>PROFESORADO EN GEOGRAF\u00cdA<br>PROFESORADO EN HISTORIA<br>PROFESORADO EN INGL\u00c9S<br>PROFESORADO EN EDUCACI\u00d3N PRIMARIA<br>PROFESORADO EN MATEM\u00c1TICA<br>PROFESORADO EN LENGUA Y LITERATURA<br>CURSO DE FORMACI\u00d3N B\u00c1SICA EN INGL\u00c9S<br>(CuFBa) 1 a\u00f1o de duraci\u00f3n.<\/p>\n\n\n\n<p><a href=\"https:\/\/isfd21-bue.infd.edu.ar\">https:\/\/isfd21-bue.infd.edu.ar<\/a><\/p>\n\n\n\n<p>Merlo 2591- Moreno<\/p>\n\n\n\n<p>21\/12\/22<\/p>\n\n\n<div class=\"wp-block-image\">\n<figure class=\"aligncenter size-large\"><img decoding=\"async\" loading=\"lazy\" width=\"1080\" height=\"1080\" src=\"https:\/\/isfd21-bue.infd.edu.ar\/sitio\/wp-content\/uploads\/2022\/12\/Post-Instagram-Sale-Neon-rosa-negro-1.png\" alt=\"\" class=\"wp-image-8009\" srcset=\"https:\/\/isfd21-bue.infd.edu.ar\/sitio\/wp-content\/uploads\/2022\/12\/Post-Instagram-Sale-Neon-rosa-negro-1.png 1080w, https:\/\/isfd21-bue.infd.edu.ar\/sitio\/wp-content\/uploads\/2022\/12\/Post-Instagram-Sale-Neon-rosa-negro-1-1000x1000.png 1000w, https:\/\/isfd21-bue.infd.edu.ar\/sitio\/wp-content\/uploads\/2022\/12\/Post-Instagram-Sale-Neon-rosa-negro-1-500x500.png 500w, https:\/\/isfd21-bue.infd.edu.ar\/sitio\/wp-content\/uploads\/2022\/12\/Post-Instagram-Sale-Neon-rosa-negro-1-768x768.png 768w\" sizes=\"(max-width: 1080px) 100vw, 1080px\" \/><figcaption class=\"wp-element-caption\"><a href=\"https:\/\/isfd21-bue.infd.edu.ar\/sitio\/turno-de-examen-febrero-marzo-2023\/\" target=\"_blank\" rel=\"noreferrer noopener\">https:\/\/isfd21-bue.infd.edu.ar\/sitio\/turno-de-examen-febrero-marzo-2023\/<\/a><\/figcaption><\/figure><\/div>\n\n\n<hr class=\"wp-block-separator has-css-opacity\"\/>\n\n\n<div class=\"wp-block-image\">\n<figure class=\"aligncenter size-large is-resized\"><img decoding=\"async\" loading=\"lazy\" src=\"https:\/\/isfd21-bue.infd.edu.ar\/sitio\/wp-content\/uploads\/2022\/12\/Blue-Modern-Business-Solution-Agency-Flyer-5-1343x1900.jpg\" alt=\"\" class=\"wp-image-7991\" width=\"526\" height=\"743\" srcset=\"https:\/\/isfd21-bue.infd.edu.ar\/sitio\/wp-content\/uploads\/2022\/12\/Blue-Modern-Business-Solution-Agency-Flyer-5-1343x1900.jpg 1343w, https:\/\/isfd21-bue.infd.edu.ar\/sitio\/wp-content\/uploads\/2022\/12\/Blue-Modern-Business-Solution-Agency-Flyer-5-707x1000.jpg 707w, https:\/\/isfd21-bue.infd.edu.ar\/sitio\/wp-content\/uploads\/2022\/12\/Blue-Modern-Business-Solution-Agency-Flyer-5-768x1086.jpg 768w, https:\/\/isfd21-bue.infd.edu.ar\/sitio\/wp-content\/uploads\/2022\/12\/Blue-Modern-Business-Solution-Agency-Flyer-5-1086x1536.jpg 1086w, https:\/\/isfd21-bue.infd.edu.ar\/sitio\/wp-content\/uploads\/2022\/12\/Blue-Modern-Business-Solution-Agency-Flyer-5.jpg 1414w\" sizes=\"(max-width: 526px) 100vw, 526px\" \/><\/figure><\/div>\n\n<div class=\"wp-block-image\">\n<figure class=\"aligncenter size-large is-resized\"><img decoding=\"async\" loading=\"lazy\" src=\"https:\/\/isfd21-bue.infd.edu.ar\/sitio\/wp-content\/uploads\/2022\/12\/Post-Instagram-Sale-Neon-rosa-negro.png\" alt=\"\" class=\"wp-image-7988\" width=\"530\" height=\"530\" srcset=\"https:\/\/isfd21-bue.infd.edu.ar\/sitio\/wp-content\/uploads\/2022\/12\/Post-Instagram-Sale-Neon-rosa-negro.png 1080w, https:\/\/isfd21-bue.infd.edu.ar\/sitio\/wp-content\/uploads\/2022\/12\/Post-Instagram-Sale-Neon-rosa-negro-1000x1000.png 1000w, https:\/\/isfd21-bue.infd.edu.ar\/sitio\/wp-content\/uploads\/2022\/12\/Post-Instagram-Sale-Neon-rosa-negro-500x500.png 500w, https:\/\/isfd21-bue.infd.edu.ar\/sitio\/wp-content\/uploads\/2022\/12\/Post-Instagram-Sale-Neon-rosa-negro-768x768.png 768w\" sizes=\"(max-width: 530px) 100vw, 530px\" \/><figcaption class=\"wp-element-caption\"><a href=\"https:\/\/www.facebook.com\/groups\/2464589463807740\/?__cft__[0]=AZVtX7imkd1uI3UaNwrb0QKsGpXod6svx67JXdtP61CiOldOEdhWJmWGwIom5R8XXL9si3ylM--7F3n5pvYIOZMGSF3cRP8SyFz7CKuKJ9r9vCEHZOXaFz7UXOU8aZjXCdAsBUB3FV3_DOPIs3sYlM7Y&amp;__tn__=-UK-R\">https:\/\/facebook.com\/groups\/2464589463807740\/<\/a><\/figcaption><\/figure><\/div>\n\n\n<p>19\/12\/22   <\/p>\n\n\n\n<p>       <\/p>\n\n\n\n<figure class=\"wp-block-image is-resized\"><img decoding=\"async\" loading=\"lazy\" src=\"https:\/\/scontent.feze6-1.fna.fbcdn.net\/v\/t39.30808-6\/320934564_553060203017357_7333085084598948188_n.jpg?_nc_cat=103&amp;ccb=1-7&amp;_nc_sid=5cd70e&amp;_nc_eui2=AeHoI6EWYyxU-KG6K19yMubSG_UvaVnzGW0b9S9pWfMZbf8JZh7nJa5iMIQXXG8y6Th4OjTecx-S_mi7S8bRteAv&amp;_nc_ohc=xKHT6x0Y7kgAX8Wv5DQ&amp;_nc_ht=scontent.feze6-1.fna&amp;oh=00_AfBKjNniOmEpQtu35V0Ai-sg1M2K2GKJ236tC3k5oGQnnA&amp;oe=63A7C489\" alt=\"Puede ser una imagen de texto\" width=\"865\" height=\"341\"\/><\/figure>\n\n\n\n<h4 class=\"wp-block-heading\"><strong>COMPARTIMOS ESTA PROFUNDA EMOCI\u00d3N<\/strong><\/h4>\n\n\n\n<h4 class=\"wp-block-heading\"><strong>ARGENTINA CAMPE\u00d3N DEL FUTBOL MUNDIAL<\/strong><img decoding=\"async\" loading=\"lazy\" height=\"20\" width=\"20\" alt=\"&#x1f1e6;&#x1f1f7;\" src=\"https:\/\/static.xx.fbcdn.net\/images\/emoji.php\/v9\/t61\/1\/20\/1f1e6_1f1f7.png\"><\/h4>\n\n\n\n<p><em>\u00ab&#8230;Todos conocemos esa verdad de perogrullo de que la vida es nada m\u00e1s que una suma de momentos. Pero no todos los momentos son iguales. Hay muchas clases de momentos. Es posible que casi todos los momentos sean anodinos, rutinarios, parecidos a todos los otros. Momentos casi descartables. Pero hay otros momentos que no. Momentos que no podemos cambiar, porque no los queremos cambiar. Momentos que nos han hecho ser los que somos. Momentos escasos y al mismo tiempo definitivos. Momentos distintos a todos los dem\u00e1s. Momentos que lo cambian todo, que lo deciden todo. Chiquitos como nuestras vidas. Y decisivos como lo que nos importan en serio. Los hay en la vida y los hay en el f\u00fatbol.\u00bb( Eduardo Sacheri)<\/em><\/p>\n\n\n\n<figure class=\"wp-block-image size-large\"><img decoding=\"async\" loading=\"lazy\" width=\"717\" height=\"410\" src=\"https:\/\/isfd21-bue.infd.edu.ar\/sitio\/wp-content\/uploads\/2022\/12\/image-3.png\" alt=\"\" class=\"wp-image-7972\"\/><\/figure>\n\n\n\n<p>        <\/p>\n\n\n\n<p>14\/12\/22<\/p>\n\n\n\n<figure class=\"wp-block-gallery has-nested-images columns-default is-cropped wp-block-gallery-1 is-layout-flex\">\n<figure class=\"wp-block-image size-large\"><img decoding=\"async\" loading=\"lazy\" width=\"960\" height=\"720\" data-id=\"7911\"  src=\"https:\/\/isfd21-bue.infd.edu.ar\/sitio\/wp-content\/uploads\/2022\/12\/PLACA-1.jpg\" alt=\"\" class=\"wp-image-7911\" srcset=\"https:\/\/isfd21-bue.infd.edu.ar\/sitio\/wp-content\/uploads\/2022\/12\/PLACA-1.jpg 960w, https:\/\/isfd21-bue.infd.edu.ar\/sitio\/wp-content\/uploads\/2022\/12\/PLACA-1-768x576.jpg 768w\" sizes=\"(max-width: 960px) 100vw, 960px\" \/><\/figure>\n\n\n\n<figure class=\"wp-block-image size-large\"><img decoding=\"async\" loading=\"lazy\" width=\"1343\" height=\"1900\" data-id=\"7989\"  src=\"https:\/\/isfd21-bue.infd.edu.ar\/sitio\/wp-content\/uploads\/2022\/12\/Blue-Modern-Business-Solution-Agency-Flyer-4-1343x1900.jpg\" alt=\"\" class=\"wp-image-7989\" srcset=\"https:\/\/isfd21-bue.infd.edu.ar\/sitio\/wp-content\/uploads\/2022\/12\/Blue-Modern-Business-Solution-Agency-Flyer-4-1343x1900.jpg 1343w, https:\/\/isfd21-bue.infd.edu.ar\/sitio\/wp-content\/uploads\/2022\/12\/Blue-Modern-Business-Solution-Agency-Flyer-4-707x1000.jpg 707w, https:\/\/isfd21-bue.infd.edu.ar\/sitio\/wp-content\/uploads\/2022\/12\/Blue-Modern-Business-Solution-Agency-Flyer-4-768x1086.jpg 768w, https:\/\/isfd21-bue.infd.edu.ar\/sitio\/wp-content\/uploads\/2022\/12\/Blue-Modern-Business-Solution-Agency-Flyer-4-1086x1536.jpg 1086w, https:\/\/isfd21-bue.infd.edu.ar\/sitio\/wp-content\/uploads\/2022\/12\/Blue-Modern-Business-Solution-Agency-Flyer-4.jpg 1414w\" sizes=\"(max-width: 1343px) 100vw, 1343px\" \/><\/figure>\n<\/figure>\n\n\n\n<p>12\/12\/22<\/p>\n\n\n\n<p class=\"has-medium-font-size\">Estimada Comunidad Educativa.<\/p>\n\n\n\n<p class=\"has-medium-font-size\">Compartimos el resumen de la reuni\u00f3n del CAI del 22 de noviembre del 2022 enviada por la comisi\u00f3n de comunicaciones.<\/p>\n\n\n\n<p class=\"has-medium-font-size\">Saludos Cordiales.<\/p>\n\n\n\n<div class=\"wp-block-file\"><a id=\"wp-block-file--media-6bb8cad3-c6fc-4af1-ac4c-7f8d3ee11dcb\" href=\"https:\/\/isfd21-bue.infd.edu.ar\/sitio\/wp-content\/uploads\/2022\/12\/SESION-CAI-22-11-22-1.docx\">SESION-CAI-22-11-22-1<\/a><a href=\"https:\/\/isfd21-bue.infd.edu.ar\/sitio\/wp-content\/uploads\/2022\/12\/SESION-CAI-22-11-22-1.docx\" class=\"wp-block-file__button wp-element-button\" download aria-describedby=\"wp-block-file--media-6bb8cad3-c6fc-4af1-ac4c-7f8d3ee11dcb\">Descarga<\/a><\/div>\n\n\n\n<figure class=\"wp-block-image size-large\"><img decoding=\"async\" loading=\"lazy\" width=\"759\" height=\"720\" src=\"https:\/\/isfd21-bue.infd.edu.ar\/sitio\/wp-content\/uploads\/2022\/12\/319841532_1302771233856185_5887187346502672732_n.jpg\" alt=\"\" class=\"wp-image-7894\"\/><\/figure>\n\n\n\n<figure class=\"wp-block-image size-large\"><img decoding=\"async\" loading=\"lazy\" width=\"1654\" height=\"1654\" src=\"https:\/\/isfd21-bue.infd.edu.ar\/sitio\/wp-content\/uploads\/2022\/12\/Invitacion-grado-floral-rosa-vinotinto-beige-1.png\" alt=\"\" class=\"wp-image-7896\" srcset=\"https:\/\/isfd21-bue.infd.edu.ar\/sitio\/wp-content\/uploads\/2022\/12\/Invitacion-grado-floral-rosa-vinotinto-beige-1.png 1654w, https:\/\/isfd21-bue.infd.edu.ar\/sitio\/wp-content\/uploads\/2022\/12\/Invitacion-grado-floral-rosa-vinotinto-beige-1-1000x1000.png 1000w, https:\/\/isfd21-bue.infd.edu.ar\/sitio\/wp-content\/uploads\/2022\/12\/Invitacion-grado-floral-rosa-vinotinto-beige-1-500x500.png 500w, https:\/\/isfd21-bue.infd.edu.ar\/sitio\/wp-content\/uploads\/2022\/12\/Invitacion-grado-floral-rosa-vinotinto-beige-1-768x768.png 768w, https:\/\/isfd21-bue.infd.edu.ar\/sitio\/wp-content\/uploads\/2022\/12\/Invitacion-grado-floral-rosa-vinotinto-beige-1-1536x1536.png 1536w\" sizes=\"(max-width: 1654px) 100vw, 1654px\" \/><\/figure>\n\n\n\n<figure class=\"wp-block-image size-large\"><img decoding=\"async\" loading=\"lazy\" width=\"1654\" height=\"1654\" src=\"https:\/\/isfd21-bue.infd.edu.ar\/sitio\/wp-content\/uploads\/2022\/12\/Invitacion-grado-floral-rosa-vinotinto-beige.png\" alt=\"\" class=\"wp-image-7897\" srcset=\"https:\/\/isfd21-bue.infd.edu.ar\/sitio\/wp-content\/uploads\/2022\/12\/Invitacion-grado-floral-rosa-vinotinto-beige.png 1654w, https:\/\/isfd21-bue.infd.edu.ar\/sitio\/wp-content\/uploads\/2022\/12\/Invitacion-grado-floral-rosa-vinotinto-beige-1000x1000.png 1000w, https:\/\/isfd21-bue.infd.edu.ar\/sitio\/wp-content\/uploads\/2022\/12\/Invitacion-grado-floral-rosa-vinotinto-beige-500x500.png 500w, https:\/\/isfd21-bue.infd.edu.ar\/sitio\/wp-content\/uploads\/2022\/12\/Invitacion-grado-floral-rosa-vinotinto-beige-768x768.png 768w, https:\/\/isfd21-bue.infd.edu.ar\/sitio\/wp-content\/uploads\/2022\/12\/Invitacion-grado-floral-rosa-vinotinto-beige-1536x1536.png 1536w\" sizes=\"(max-width: 1654px) 100vw, 1654px\" \/><\/figure>\n\n\n\n<p>01\/12\/22<\/p>\n\n\n\n<p><img decoding=\"async\" loading=\"lazy\" height=\"20\" width=\"20\" alt=\"&#x1f4cd;\" src=\"https:\/\/static.xx.fbcdn.net\/images\/emoji.php\/v9\/t6\/1\/20\/1f4cd.png\"><em>Compartimos con ustedes, un peque\u00f1o homenaje a los profesores que se jubilaron en los a\u00f1os 2020, 2021 y 2022. Nuestros queridos docentes jubilados activos, son aquellos que contin\u00faan con algunos cursos. Recuerdos, an\u00e9cdotas, experiencia y gran trayectoria los caracteriza. Gracias por haber formado parte o decidir continuar siendo docentes del Instituto Rojas.<\/em><\/p>\n\n\n\n<figure class=\"wp-block-embed is-type-video is-provider-youtube wp-block-embed-youtube wp-embed-aspect-4-3 wp-has-aspect-ratio\"><div class=\"wp-block-embed__wrapper\">\n<iframe loading=\"lazy\" title=\"JUBILADOS DE LOS A\u00d1OS 2020, 2021 Y 2022 DEL INSTITUTO RICARDO ROJAS\" width=\"1200\" height=\"900\" src=\"https:\/\/www.youtube.com\/embed\/xKSgtc_BoTI?feature=oembed\" frameborder=\"0\" allow=\"accelerometer; autoplay; clipboard-write; encrypted-media; gyroscope; picture-in-picture\" allowfullscreen><\/iframe>\n<\/div><\/figure>\n\n\n\n<p>30\/11\/22<\/p>\n\n\n\n<h4 class=\"wp-block-heading\"><em>A la Comunidad Educativa:<\/em><\/h4>\n\n\n\n<h4 class=\"wp-block-heading\"><em>Luego de un proceso de construcci\u00f3n curricular, tenemos el agrado de compartir con ustedes que este martes 29 de noviembre, en la sede del ISFD N\u00b0 49, de la ciudad de Brandsen, finalmente fueron aprobados los ocho nuevos Dise\u00f1os Curriculares de Profesorados de Educaci\u00f3n Secundaria en la sesi\u00f3n del Consejo General de Educaci\u00f3n, a la que fueron invitados a participar Inspectores\/as de Educaci\u00f3n Superior y Directoras\/es Referentes del Consejo Regional de Directoras\/es y estuvieron presentes miembros del Centro de Estudiantes del ISFD N\u00b0 21.<\/em><\/h4>\n\n\n\n<h4 class=\"wp-block-heading\"><em>Si bien quedamos a la espera de las pr\u00f3ximas comunicaciones, quer\u00edamos compartir con ustedes este trascendente acontecimiento que impactar\u00e1 en la formaci\u00f3n de las generaciones venideras.<\/em><\/h4>\n\n\n\n<h4 class=\"wp-block-heading\"><em>Equipo Directivo.<\/em><\/h4>\n\n\n\n<p><\/p>\n\n\n\n<p>29\/11\/22<\/p>\n\n\n<div class=\"wp-block-image\">\n<figure class=\"aligncenter size-large\"><img decoding=\"async\" loading=\"lazy\" width=\"500\" height=\"500\" src=\"https:\/\/isfd21-bue.infd.edu.ar\/sitio\/wp-content\/uploads\/2022\/11\/316317096_1292274444905864_5705174426594449088_n.jpg\" alt=\"\" class=\"wp-image-7869\"\/><\/figure><\/div>\n\n<div class=\"wp-block-image\">\n<figure class=\"aligncenter size-large\"><img decoding=\"async\" loading=\"lazy\" width=\"500\" height=\"500\" src=\"https:\/\/isfd21-bue.infd.edu.ar\/sitio\/wp-content\/uploads\/2022\/11\/316531070_1292300438236598_2638758431700102012_n.jpg\" alt=\"\" class=\"wp-image-7871\"\/><\/figure><\/div>\n\n\n<p>25\/11\/22<\/p>\n\n\n\n<h5 class=\"wp-block-heading\"><strong>COMPARTIMOS INFORMACI\u00d3N DEL CENTRO DE DE ESTUDIANTES<\/strong><\/h5>\n\n\n\n<h5 class=\"wp-block-heading\"><strong><em>&nbsp;INGRESANTES 2023<\/em><\/strong><\/h5>\n\n\n\n<h5 class=\"wp-block-heading\"><strong><em>&nbsp;SI NO PUDISTE O NO ENTENDISTE COMO REALIZAR LA INSCRIPCI\u00d3N AL INSTITUTO, TE AYUDAMOS A HACERLO.<\/em><\/strong><\/h5>\n\n\n\n<h5 class=\"wp-block-heading\"><strong><em>NO ES NECESARIO TRAER PLANILLA DE INSCRIPCI\u00d3N Y PLANILLA PSICOFISICA, LAS PROVEEREMOS NOSOTRXS SIN COSTO.<\/em><\/strong><\/h5>\n\n\n\n<h5 class=\"wp-block-heading\"><strong><em>SOLO TEN\u00c9S QUE TRAER TODA LA DOCUMENTACI\u00d3N NECESARIA PARA QUE PODAMOS ESCANEARLA: DNI, PARTIDA DE NACIMIENTO, ANAL\u00cdTICO (SELLADO POR CONSEJO ESCOLAR) O CERTIFICADO DE T\u00cdTULO EN TR\u00c1MITE MENOR A 60 D\u00cdAS.<\/em><\/strong><\/h5>\n\n\n\n<h5 class=\"wp-block-heading\"><strong><em>&nbsp;S\u00c1BADO 26\/11 DE 8 A 12 HS<\/em><\/strong><\/h5>\n\n\n\n<h5 class=\"wp-block-heading\"><strong><em>AULA DEL CENTRO DE ESTUDIANTES (1\u00b0 PISO DE LA CASONA).<\/em><\/strong><\/h5>\n\n\n\n<h5 class=\"wp-block-heading\"><strong><em>!SIEMPRE UNIDES POR EL ROJAS. LEALTAD A LA EDUCACI\u00d3N P\u00daBLICA!<\/em><\/strong><\/h5>\n\n\n\n<p><a href=\"https:\/\/www.facebook.com\/groups\/523982381290540\/user\/100064550267141\/?__cft__[0]=AZXvW5KB2kxvZ4bWoilIboPyzqAY3lMQXjIWSHwP4se6YPvbgn6AdaXBLtc2TmisedtPytslwn0wj-eYvUVNZkbTBmFrwW-vxqWPIwGI4lI_L6wVXeOHc2wdjSDhHyaDmXM8MAoMmLoGgCIinXaabJEW&amp;__tn__=-UK-R\"><strong><em>Centro de Estudiantes ISFD N21 \u00abDr. Ricardo Rojas\u00bb<\/em><\/strong><\/a><\/p>\n\n\n\n<figure class=\"wp-block-image size-large\"><img decoding=\"async\" loading=\"lazy\" width=\"1080\" height=\"1080\" src=\"https:\/\/isfd21-bue.infd.edu.ar\/sitio\/wp-content\/uploads\/2022\/11\/WhatsApp-Image-2022-11-25-at-10.32.23-PM.jpeg\" alt=\"\" class=\"wp-image-7849\" srcset=\"https:\/\/isfd21-bue.infd.edu.ar\/sitio\/wp-content\/uploads\/2022\/11\/WhatsApp-Image-2022-11-25-at-10.32.23-PM.jpeg 1080w, https:\/\/isfd21-bue.infd.edu.ar\/sitio\/wp-content\/uploads\/2022\/11\/WhatsApp-Image-2022-11-25-at-10.32.23-PM-1000x1000.jpeg 1000w, https:\/\/isfd21-bue.infd.edu.ar\/sitio\/wp-content\/uploads\/2022\/11\/WhatsApp-Image-2022-11-25-at-10.32.23-PM-500x500.jpeg 500w, https:\/\/isfd21-bue.infd.edu.ar\/sitio\/wp-content\/uploads\/2022\/11\/WhatsApp-Image-2022-11-25-at-10.32.23-PM-768x768.jpeg 768w\" sizes=\"(max-width: 1080px) 100vw, 1080px\" \/><\/figure>\n\n\n\n<p><\/p>\n\n\n\n<figure class=\"wp-block-image size-large\"><img decoding=\"async\" loading=\"lazy\" width=\"513\" height=\"496\" src=\"https:\/\/isfd21-bue.infd.edu.ar\/sitio\/wp-content\/uploads\/2022\/11\/image-14.png\" alt=\"\" class=\"wp-image-7847\"\/><figcaption class=\"wp-element-caption\"><a href=\"https:\/\/isfd21-bue.infd.edu.ar\/sitio\/inscripciones-ingresantes\/\" target=\"_blank\" rel=\"noreferrer noopener\">https:\/\/isfd21-bue.infd.edu.ar\/sitio\/inscripciones-ingresantes\/<\/a><\/figcaption><\/figure>\n\n\n\n<h6 class=\"wp-block-heading\">INSCRIPCI\u00d3N 2023: \u00daLTIMOS D\u00cdAS<\/h6>\n\n\n\n<h6 class=\"wp-block-heading\">Si quer\u00e9s inscribirte para cursar alguna de las carreras que se ofertan en el Instituto Rojas, ten\u00e9s tiempo de hacerlo hasta el viernes 2\/12.<\/h6>\n\n\n\n<h6 class=\"wp-block-heading\">PASOS A SEGUIR PARA LA INSCRIPCI\u00d3N:<\/h6>\n\n\n\n<h6 class=\"wp-block-heading\">1) Completar el formulario de preinscripci\u00f3n para tu carrera, todos los formularios se encuentran en este enlace:&nbsp;<a href=\"https:\/\/isfd21-bue.infd.edu.ar\/sitio\/formularios-de-preinscripcion\/?fbclid=IwAR3xgriA4lupf0Ex2w6AwZU82giAxI8EE0zXRNaN_dN3jypUh5yNUPQFc0w\" rel=\"noreferrer noopener\" target=\"_blank\">https:\/\/isfd21-bue.infd.edu.ar\/&#8230;\/formularios-de&#8230;\/<\/a><\/h6>\n\n\n\n<h6 class=\"wp-block-heading\">2) Enviar digital la siguiente documentaci\u00f3n al mail de tu carrera:<\/h6>\n\n\n\n<h6 class=\"wp-block-heading\">*Documento Nacional de Identidad (DNI) (frente y reverso)<\/h6>\n\n\n\n<h6 class=\"wp-block-heading\">*T\u00edtulo secundario con sello de Consejo Escolar o constancia de t\u00edtulo en tr\u00e1mite (frente y reverso)<\/h6>\n\n\n\n<h6 class=\"wp-block-heading\">*Partida de nacimiento<\/h6>\n\n\n\n<h6 class=\"wp-block-heading\">*Aptitud psicof\u00edsica (Disponible en sitio web del Instituto). Plazo tope de entrega hasta el 31\/03\/23<\/h6>\n\n\n\n<h6 class=\"wp-block-heading\">*Planilla de inscripci\u00f3n (Disponible en sitio web del Instituto)<\/h6>\n\n\n\n<h6 class=\"wp-block-heading\">Acceso a listado de mails por carrera:&nbsp;<a href=\"https:\/\/isfd21-bue.infd.edu.ar\/sitio\/requisitos-2023\/?fbclid=IwAR3IeZW-xuS7Rf6uhripR9GLQR83jmqBzp6NKkaI80IMiO7D-gih6eArBQA\" rel=\"noreferrer noopener\" target=\"_blank\">https:\/\/isfd21-bue.infd.edu.ar\/sitio\/requisitos-2023\/<\/a><\/h6>\n\n\n\n<h6 class=\"wp-block-heading\">Si ten\u00e9s alguna dificultad para digitalizar la documentaci\u00f3n a presentar, acercate al Instituto!<\/h6>\n\n\n\n<h6 class=\"wp-block-heading\">TE ESPERAMOS LOS SIGUIENTES D\u00cdAS Y HORARIOS:<\/h6>\n\n\n\n<h6 class=\"wp-block-heading\">Lunes 28\/11 de 18 a 20 hs<\/h6>\n\n\n\n<h6 class=\"wp-block-heading\">Martes 29\/11 de 13 a 17 hs<\/h6>\n\n\n\n<h6 class=\"wp-block-heading\">Mi\u00e9rcoles 30\/11 de 19 a 21 hs<\/h6>\n\n\n\n<h6 class=\"wp-block-heading\">Nos encontr\u00e1s en la oficina de lxs Coordinadorxs Institucionales de Pol\u00edticas Estudiantiles (CIPEs), ubicada en la entrada del Instituto.<\/h6>\n\n\n\n<figure class=\"wp-block-image size-large is-resized\"><img decoding=\"async\" loading=\"lazy\" src=\"https:\/\/isfd21-bue.infd.edu.ar\/sitio\/wp-content\/uploads\/2022\/11\/WhatsApp-Image-2022-11-25-at-9.37.56-AM.jpeg\" alt=\"\" class=\"wp-image-7846\" width=\"503\" height=\"503\" srcset=\"https:\/\/isfd21-bue.infd.edu.ar\/sitio\/wp-content\/uploads\/2022\/11\/WhatsApp-Image-2022-11-25-at-9.37.56-AM.jpeg 1080w, https:\/\/isfd21-bue.infd.edu.ar\/sitio\/wp-content\/uploads\/2022\/11\/WhatsApp-Image-2022-11-25-at-9.37.56-AM-1000x1000.jpeg 1000w, https:\/\/isfd21-bue.infd.edu.ar\/sitio\/wp-content\/uploads\/2022\/11\/WhatsApp-Image-2022-11-25-at-9.37.56-AM-500x500.jpeg 500w, https:\/\/isfd21-bue.infd.edu.ar\/sitio\/wp-content\/uploads\/2022\/11\/WhatsApp-Image-2022-11-25-at-9.37.56-AM-768x768.jpeg 768w\" sizes=\"(max-width: 503px) 100vw, 503px\" \/><\/figure>\n\n\n\n<p>23\/11\/22<\/p>\n\n\n\n<p>PUBLICAMOS LA ETAPA 3 (<em>PRESENTACI\u00d3N DE DOCUMENTACI\u00d3N ORIGINAL)<\/em> EN EL INSTITUTO. RECORDAMOS QUE PREVIO A ESTA INSTANCIA, TUVIERON QUE HABER COMPLETADO LA ETAPA 1 (<em>COMPLETAR FORMULARIO<\/em>) Y ETAPA 2 (<em>ENVIAR DOCUMENTACI\u00d3N AL MAIL DE LA CARRERA<\/em>).<\/p>\n\n\n\n<figure class=\"wp-block-image size-large\"><img decoding=\"async\" loading=\"lazy\" width=\"1086\" height=\"1536\" src=\"https:\/\/isfd21-bue.infd.edu.ar\/sitio\/wp-content\/uploads\/2022\/11\/Flyer-feliz-dia-de-la-madre-calido-marron-3-1086x1536-1.png\" alt=\"\" class=\"wp-image-7866\" srcset=\"https:\/\/isfd21-bue.infd.edu.ar\/sitio\/wp-content\/uploads\/2022\/11\/Flyer-feliz-dia-de-la-madre-calido-marron-3-1086x1536-1.png 1086w, https:\/\/isfd21-bue.infd.edu.ar\/sitio\/wp-content\/uploads\/2022\/11\/Flyer-feliz-dia-de-la-madre-calido-marron-3-1086x1536-1-707x1000.png 707w, https:\/\/isfd21-bue.infd.edu.ar\/sitio\/wp-content\/uploads\/2022\/11\/Flyer-feliz-dia-de-la-madre-calido-marron-3-1086x1536-1-768x1086.png 768w\" sizes=\"(max-width: 1086px) 100vw, 1086px\" \/><\/figure>\n\n\n\n<p>22\/11\/22<\/p>\n\n\n<div class=\"wp-block-image\">\n<figure class=\"aligncenter size-large is-resized\"><img decoding=\"async\" loading=\"lazy\" src=\"https:\/\/isfd21-bue.infd.edu.ar\/sitio\/wp-content\/uploads\/2022\/11\/316133043_1288290545304254_508884929436568937_n-1343x1900.jpg\" alt=\"\" class=\"wp-image-7829\" width=\"571\" height=\"807\" srcset=\"https:\/\/isfd21-bue.infd.edu.ar\/sitio\/wp-content\/uploads\/2022\/11\/316133043_1288290545304254_508884929436568937_n-1343x1900.jpg 1343w, https:\/\/isfd21-bue.infd.edu.ar\/sitio\/wp-content\/uploads\/2022\/11\/316133043_1288290545304254_508884929436568937_n-707x1000.jpg 707w, https:\/\/isfd21-bue.infd.edu.ar\/sitio\/wp-content\/uploads\/2022\/11\/316133043_1288290545304254_508884929436568937_n-768x1086.jpg 768w, https:\/\/isfd21-bue.infd.edu.ar\/sitio\/wp-content\/uploads\/2022\/11\/316133043_1288290545304254_508884929436568937_n-1086x1536.jpg 1086w, https:\/\/isfd21-bue.infd.edu.ar\/sitio\/wp-content\/uploads\/2022\/11\/316133043_1288290545304254_508884929436568937_n.jpg 1414w\" sizes=\"(max-width: 571px) 100vw, 571px\" \/><\/figure><\/div>\n\n\n<p>18\/11\/22<\/p>\n\n\n<div class=\"wp-block-image\">\n<figure class=\"aligncenter size-large is-resized\"><img decoding=\"async\" loading=\"lazy\" src=\"https:\/\/isfd21-bue.infd.edu.ar\/sitio\/wp-content\/uploads\/2022\/11\/Le-damos-la-bienvenida-al-Jefe-de-area-del-Profesorado-de-Edcuacion-Primaria.png\" alt=\"\" class=\"wp-image-7825\" width=\"579\" height=\"579\" srcset=\"https:\/\/isfd21-bue.infd.edu.ar\/sitio\/wp-content\/uploads\/2022\/11\/Le-damos-la-bienvenida-al-Jefe-de-area-del-Profesorado-de-Edcuacion-Primaria.png 1080w, https:\/\/isfd21-bue.infd.edu.ar\/sitio\/wp-content\/uploads\/2022\/11\/Le-damos-la-bienvenida-al-Jefe-de-area-del-Profesorado-de-Edcuacion-Primaria-1000x1000.png 1000w, https:\/\/isfd21-bue.infd.edu.ar\/sitio\/wp-content\/uploads\/2022\/11\/Le-damos-la-bienvenida-al-Jefe-de-area-del-Profesorado-de-Edcuacion-Primaria-500x500.png 500w, https:\/\/isfd21-bue.infd.edu.ar\/sitio\/wp-content\/uploads\/2022\/11\/Le-damos-la-bienvenida-al-Jefe-de-area-del-Profesorado-de-Edcuacion-Primaria-768x768.png 768w\" sizes=\"(max-width: 579px) 100vw, 579px\" \/><\/figure><\/div>\n\n\n<p>17\/11\/22<\/p>\n\n\n\n<h5 class=\"wp-block-heading\">Compartimos im\u00e1genes de la Jornada de Debates y proyecciones sobre la Educaci\u00f3n Superior.<\/h5>\n\n\n\n<h5 class=\"wp-block-heading\">Formaci\u00f3n docente y desarrollo profesional. Pol\u00edticas, pr\u00e1cticas e investigaciones. Avances y desaf\u00edos.<\/h5>\n\n\n\n<h5 class=\"wp-block-heading\">Eje I \u00abLos campos de la formaci\u00f3n docente inicial\u00bb<\/h5>\n\n\n\n<h5 class=\"wp-block-heading\"><\/h5>\n\n\n\n<h5 class=\"wp-block-heading\">El encuentro se realiz\u00f3, el d\u00eda mi\u00e9rcoles 16\/11, en la Universidad Nacional de Moreno. El instituto Rojas fue representado por los profesores que a continuaci\u00f3n se citan:<\/h5>\n\n\n\n<h5 class=\"wp-block-heading\"><em>Vicedirectora Karina Viscarra<\/em><\/h5>\n\n\n\n<h5 class=\"wp-block-heading\"><em>Aguilar, Ayelen<\/em><\/h5>\n\n\n\n<h5 class=\"wp-block-heading\"><em>Aguirre, Alba<\/em><\/h5>\n\n\n\n<h5 class=\"wp-block-heading\"><em>Colombo, Santiago<\/em><\/h5>\n\n\n\n<h5 class=\"wp-block-heading\"><em>Halpern, Sara<\/em><\/h5>\n\n\n\n<h5 class=\"wp-block-heading\"><em>J\u00e1come, Adriana<\/em><\/h5>\n\n\n\n<h5 class=\"wp-block-heading\"><em>Medela, Estela<\/em><\/h5>\n\n\n\n<h5 class=\"wp-block-heading\"><em>Pereyra, Natalia<\/em><\/h5>\n\n\n\n<h5 class=\"wp-block-heading\"><em>Prado, Myriam<\/em><\/h5>\n\n\n\n<figure class=\"wp-block-gallery has-nested-images columns-default is-cropped wp-block-gallery-3 is-layout-flex\">\n<figure class=\"wp-block-image size-large\"><img decoding=\"async\" loading=\"lazy\" width=\"899\" height=\"1599\" data-id=\"7812\"  src=\"https:\/\/isfd21-bue.infd.edu.ar\/sitio\/wp-content\/uploads\/2022\/11\/WhatsApp-Image-2022-11-17-at-1.10.08-PM-1-1.jpeg\" alt=\"\" class=\"wp-image-7812\" srcset=\"https:\/\/isfd21-bue.infd.edu.ar\/sitio\/wp-content\/uploads\/2022\/11\/WhatsApp-Image-2022-11-17-at-1.10.08-PM-1-1.jpeg 899w, https:\/\/isfd21-bue.infd.edu.ar\/sitio\/wp-content\/uploads\/2022\/11\/WhatsApp-Image-2022-11-17-at-1.10.08-PM-1-1-562x1000.jpeg 562w, https:\/\/isfd21-bue.infd.edu.ar\/sitio\/wp-content\/uploads\/2022\/11\/WhatsApp-Image-2022-11-17-at-1.10.08-PM-1-1-768x1366.jpeg 768w, https:\/\/isfd21-bue.infd.edu.ar\/sitio\/wp-content\/uploads\/2022\/11\/WhatsApp-Image-2022-11-17-at-1.10.08-PM-1-1-864x1536.jpeg 864w\" sizes=\"(max-width: 899px) 100vw, 899px\" \/><\/figure>\n\n\n\n<figure class=\"wp-block-image size-large\"><img decoding=\"async\" loading=\"lazy\" width=\"1200\" height=\"1600\" data-id=\"7813\"  src=\"https:\/\/isfd21-bue.infd.edu.ar\/sitio\/wp-content\/uploads\/2022\/11\/WhatsApp-Image-2022-11-17-at-1.10.08-PM-2.jpeg\" alt=\"\" class=\"wp-image-7813\" srcset=\"https:\/\/isfd21-bue.infd.edu.ar\/sitio\/wp-content\/uploads\/2022\/11\/WhatsApp-Image-2022-11-17-at-1.10.08-PM-2.jpeg 1200w, https:\/\/isfd21-bue.infd.edu.ar\/sitio\/wp-content\/uploads\/2022\/11\/WhatsApp-Image-2022-11-17-at-1.10.08-PM-2-750x1000.jpeg 750w, https:\/\/isfd21-bue.infd.edu.ar\/sitio\/wp-content\/uploads\/2022\/11\/WhatsApp-Image-2022-11-17-at-1.10.08-PM-2-768x1024.jpeg 768w, https:\/\/isfd21-bue.infd.edu.ar\/sitio\/wp-content\/uploads\/2022\/11\/WhatsApp-Image-2022-11-17-at-1.10.08-PM-2-1152x1536.jpeg 1152w\" sizes=\"(max-width: 1200px) 100vw, 1200px\" \/><\/figure>\n\n\n\n<figure class=\"wp-block-image size-large\"><img decoding=\"async\" loading=\"lazy\" width=\"1600\" height=\"1200\" data-id=\"7814\"  src=\"https:\/\/isfd21-bue.infd.edu.ar\/sitio\/wp-content\/uploads\/2022\/11\/WhatsApp-Image-2022-11-17-at-1.10.07-PM-1.jpeg\" alt=\"\" class=\"wp-image-7814\" srcset=\"https:\/\/isfd21-bue.infd.edu.ar\/sitio\/wp-content\/uploads\/2022\/11\/WhatsApp-Image-2022-11-17-at-1.10.07-PM-1.jpeg 1600w, https:\/\/isfd21-bue.infd.edu.ar\/sitio\/wp-content\/uploads\/2022\/11\/WhatsApp-Image-2022-11-17-at-1.10.07-PM-1-1000x750.jpeg 1000w, https:\/\/isfd21-bue.infd.edu.ar\/sitio\/wp-content\/uploads\/2022\/11\/WhatsApp-Image-2022-11-17-at-1.10.07-PM-1-768x576.jpeg 768w, https:\/\/isfd21-bue.infd.edu.ar\/sitio\/wp-content\/uploads\/2022\/11\/WhatsApp-Image-2022-11-17-at-1.10.07-PM-1-1536x1152.jpeg 1536w\" sizes=\"(max-width: 1600px) 100vw, 1600px\" \/><\/figure>\n<\/figure>\n\n\n\n<p>16\/11\/22<\/p>\n\n\n\n<h4 class=\"wp-block-heading\"><em>Compartimos un video de las Olimpiadas Deportivas de Educaci\u00f3n Superior. Regi\u00f3n 9. Donde el Instituto Rojas tuvo representaci\u00f3n en las distintas disciplinas deportivas.<\/em><\/h4>\n\n\n\n<figure class=\"wp-block-embed is-type-video is-provider-youtube wp-block-embed-youtube wp-embed-aspect-4-3 wp-has-aspect-ratio\"><div class=\"wp-block-embed__wrapper\">\n<iframe loading=\"lazy\" title=\"Olimpiadas Deportivas de Educaci\u00f3n Superior\" width=\"1200\" height=\"900\" src=\"https:\/\/www.youtube.com\/embed\/yjl35nBY0_s?feature=oembed\" frameborder=\"0\" allow=\"accelerometer; autoplay; clipboard-write; encrypted-media; gyroscope; picture-in-picture\" allowfullscreen><\/iframe>\n<\/div><\/figure>\n\n\n\n<p><em>Extraido de ODES (instagram)&nbsp;<a href=\"https:\/\/www.instagram.com\/reel\/ClAD5fgAczm\/?igshid=YmMyMTA2M2Y%3D&amp;fbclid=IwAR2XjrUOuaImCWyjY28Mjh1cR_wbEaAofhnG8BY5inOvHDyL-MxlcmKfD18\" rel=\"noreferrer noopener\" target=\"_blank\">https:\/\/www.instagram.com\/reel\/ClAD5fgAczm\/?igshid=YmMyMTA2M2Y=<\/a><\/em><\/p>\n\n\n\n<h4 class=\"wp-block-heading\"><strong><em>Estimada comunidad educativa:<\/em><\/strong><\/h4>\n\n\n\n<h4 class=\"wp-block-heading\"><strong><em>compartimos el orden del d\u00eda para la pr\u00f3xima sesi\u00f3n del CAI que tendr\u00e1 lugar el d\u00eda martes 22 de noviembre a las 15hs.<\/em><\/strong><\/h4>\n\n\n\n<h4 class=\"wp-block-heading\"><strong><em>&#8211; Infraestructura: aires acondicionados, gas de la cocina.<\/em><\/strong><\/h4>\n\n\n\n<h4 class=\"wp-block-heading\"><strong><em>&#8211; Organizaci\u00f3n del PI<\/em><\/strong><\/h4>\n\n\n\n<h4 class=\"wp-block-heading\"><strong><em>&#8211; Autoevaluaci\u00f3n institucional<\/em><\/strong><\/h4>\n\n\n\n<h4 class=\"wp-block-heading\"><strong><em>&#8211; Cambio de dise\u00f1os.<\/em><\/strong><\/h4>\n\n\n\n<h4 class=\"wp-block-heading\"><strong><em>&#8211; Acuerdos sobre taller inicial<\/em><\/strong><\/h4>\n\n\n\n<h4 class=\"wp-block-heading\"><strong><em>Se incluye el link para conectarse a la sesi\u00f3n virtualmente, de llevarse a cabo una modalidad mixta.<\/em><\/strong><\/h4>\n\n\n\n<h4 class=\"wp-block-heading\"><strong><em>Sesi\u00f3n de CAI<\/em><\/strong><\/h4>\n\n\n\n<h4 class=\"wp-block-heading\"><strong><em>Martes, 22 de noviembre \u00b7 3:00 \u2013 4:00pm<\/em><\/strong><\/h4>\n\n\n\n<h4 class=\"wp-block-heading\"><strong><em>Informaci\u00f3n para unirse a Google Meet<\/em><\/strong><\/h4>\n\n\n\n<h4 class=\"wp-block-heading\"><strong><em>Enlace a la videollamada:&nbsp;<a href=\"https:\/\/meet.google.com\/urm-hayg-tsp?fbclid=IwAR3BSpXPw9X0qxhfUU9LdxcvNXPPo2zFuEMyBpijlpmqxis0ab5ugHhWy38\" rel=\"noreferrer noopener\" target=\"_blank\">https:\/\/meet.google.com\/urm-hayg-tsp<\/a><\/em><\/strong><\/h4>\n\n\n\n<h4 class=\"wp-block-heading\"><strong><em>O marca el: \u202a(US) +1 941-451-2754\u202c PIN: \u202a572 262 635\u202c#<\/em><\/strong><\/h4>\n\n\n\n<h4 class=\"wp-block-heading\"><em>Saludos cordiales<\/em><\/h4>\n\n\n\n<h4 class=\"wp-block-heading\"><em>Equipo directivo<\/em><\/h4>\n\n\n\n<p>15\/11\/22<\/p>\n\n\n\n<h5 class=\"wp-block-heading\">&#x1f6a9;&#x1f6a9;<strong><em>ATENCI\u00d3N<\/em><\/strong><\/h5>\n\n\n\n<h5 class=\"wp-block-heading\"><strong><em>PROFESORADO DE LENGUA Y LITERATURA<\/em><\/strong><\/h5>\n\n\n\n<h5 class=\"wp-block-heading\"><strong><em>1\u00b01\u00b0 A\u00d1O DID\u00c1CTICA GENERAL.<\/em><\/strong><\/h5>\n\n\n\n<h5 class=\"wp-block-heading\"><strong><em>SE CUBRI\u00d3 LA MATERIA, HOY TIENEN CLASES A LAS 21 HS.<\/em><\/strong><\/h5>\n\n\n\n<h5 class=\"wp-block-heading\"><strong><em>PROFESORA: OLIVERA, MARINA<\/em><\/strong><\/h5>\n\n\n\n<h5 class=\"wp-block-heading\"><\/h5>\n\n\n\n<h5 class=\"wp-block-heading\"><strong><em>PROFESORADO EN INGL\u00c9S<\/em><\/strong><\/h5>\n\n\n\n<h5 class=\"wp-block-heading\"><strong><em>1\u00b03\u00b0 A\u00d1O DID\u00c1CTICA GENERAL.<\/em><\/strong><\/h5>\n\n\n\n<h5 class=\"wp-block-heading\"><strong><em>SE CUBRI\u00d3 LA MATERIA<\/em><\/strong><\/h5>\n\n\n\n<h5 class=\"wp-block-heading\"><strong><em>PROFESORA: OLIVERA, MARINA<\/em><\/strong><\/h5>\n\n\n<div class=\"wp-block-image\">\n<figure class=\"aligncenter size-large\"><img decoding=\"async\" loading=\"lazy\" width=\"504\" height=\"400\" src=\"https:\/\/isfd21-bue.infd.edu.ar\/sitio\/wp-content\/uploads\/2022\/11\/image-9.png\" alt=\"\" class=\"wp-image-7784\"\/><\/figure><\/div>\n\n\n<h5 class=\"wp-block-heading\"><strong>ATENCI\u00d3N <\/strong><strong>BIOLOG\u00cdA<\/strong><\/h5>\n\n\n\n<h5 class=\"wp-block-heading\"><strong><em>Las catedras que este a\u00f1o cambiaron de profesor realizaran reuniones para acordar sobre el examen, y el programa .<\/em><\/strong><\/h5>\n\n\n\n<h5 class=\"wp-block-heading\"><strong><em>Profesor Abel klobuk de matem\u00e1tica de primera primera. lunes a las 16:30 hrs<\/em><\/strong><\/h5>\n\n\n\n<h5 class=\"wp-block-heading\"><strong><em>Cristian Alejandro martes 15:30 de matem\u00e1tica instrumental De primero segundoa y matem\u00e1tica de segundo a\u00f1o.<\/em><\/strong><\/h5>\n\n\n\n<h5 class=\"wp-block-heading\"><strong><em>Prof.Onainti. mi\u00e9rcoles 13 horas de la perspectiva filos\u00f3fico pedag\u00f3gico did\u00e1ctica de tercer a\u00f1o<\/em><\/strong><\/h5>\n\n\n\n<h5 class=\"wp-block-heading\"><strong><em>Profesor Antonio Restano psicolog\u00eda de segundo a\u00f1o jueves 16 horas.<\/em><\/strong><\/h5>\n\n\n\n<h5 class=\"wp-block-heading\"><strong><em>Profesor Santiago Colombo de Ciencias de la tierra, Viernes 13 30.<\/em><\/strong><\/h5>\n\n\n\n<h5 class=\"wp-block-heading\"><strong><em>El horario de la profesora Mar\u00eda Sarti de Psicolog\u00eda primero primera es los jueves de 13 a 15.<\/em><\/strong><\/h5>\n\n\n\n<h5 class=\"wp-block-heading\"><em><strong>LUNES 14\/11<\/strong><\/em><\/h5>\n\n\n\n<h5 class=\"wp-block-heading\"><em><strong>ACTO DE COLACI\u00d3N DEL:<\/strong><\/em><\/h5>\n\n\n\n<h5 class=\"wp-block-heading\"><em><strong>PROFESORADO BIOLOG\u00cdA&nbsp;<\/strong><\/em><img decoding=\"async\" loading=\"lazy\" height=\"20\" width=\"20\" alt=\"&#x1f393;\" src=\"https:\/\/static.xx.fbcdn.net\/images\/emoji.php\/v9\/tfe\/1\/20\/1f393.png\"><img decoding=\"async\" loading=\"lazy\" height=\"20\" width=\"20\" alt=\"&#x1f389;\" src=\"https:\/\/static.xx.fbcdn.net\/images\/emoji.php\/v9\/t65\/1\/20\/1f389.png\"><img decoding=\"async\" loading=\"lazy\" height=\"20\" width=\"20\" alt=\"&#x1f389;\" src=\"https:\/\/static.xx.fbcdn.net\/images\/emoji.php\/v9\/t65\/1\/20\/1f389.png\"><img decoding=\"async\" loading=\"lazy\" height=\"20\" width=\"20\" alt=\"&#x1f393;\" src=\"https:\/\/static.xx.fbcdn.net\/images\/emoji.php\/v9\/tfe\/1\/20\/1f393.png\"><\/h5>\n\n\n\n<h5 class=\"wp-block-heading\"><em><strong>PROFESORADO DE EDUCACI\u00d3N ESPECIAL&nbsp;<\/strong><\/em><img decoding=\"async\" loading=\"lazy\" height=\"20\" width=\"20\" alt=\"&#x1f393;\" src=\"https:\/\/static.xx.fbcdn.net\/images\/emoji.php\/v9\/tfe\/1\/20\/1f393.png\"><img decoding=\"async\" loading=\"lazy\" height=\"20\" width=\"20\" alt=\"&#x1f389;\" src=\"https:\/\/static.xx.fbcdn.net\/images\/emoji.php\/v9\/t65\/1\/20\/1f389.png\"><img decoding=\"async\" loading=\"lazy\" height=\"20\" width=\"20\" alt=\"&#x1f389;\" src=\"https:\/\/static.xx.fbcdn.net\/images\/emoji.php\/v9\/t65\/1\/20\/1f389.png\"><img decoding=\"async\" loading=\"lazy\" height=\"20\" width=\"20\" alt=\"&#x1f393;\" src=\"https:\/\/static.xx.fbcdn.net\/images\/emoji.php\/v9\/tfe\/1\/20\/1f393.png\"><\/h5>\n\n\n\n<h5 class=\"wp-block-heading\"><\/h5>\n\n\n\n<h5 class=\"wp-block-heading\"><em><strong>FELICIDADES<\/strong><\/em><img decoding=\"async\" loading=\"lazy\" height=\"20\" width=\"20\" alt=\"&#x1f44f;\" src=\"https:\/\/static.xx.fbcdn.net\/images\/emoji.php\/v9\/td7\/1\/20\/1f44f.png\"><\/h5>\n\n\n\n<figure class=\"wp-block-gallery has-nested-images columns-default is-cropped wp-block-gallery-5 is-layout-flex\">\n<figure class=\"wp-block-image size-large\"><img decoding=\"async\" loading=\"lazy\" width=\"1599\" height=\"1200\" data-id=\"7774\"  src=\"https:\/\/isfd21-bue.infd.edu.ar\/sitio\/wp-content\/uploads\/2022\/11\/WhatsApp-Image-2022-11-15-at-1.40.03-PM-2.jpeg\" alt=\"\" class=\"wp-image-7774\" srcset=\"https:\/\/isfd21-bue.infd.edu.ar\/sitio\/wp-content\/uploads\/2022\/11\/WhatsApp-Image-2022-11-15-at-1.40.03-PM-2.jpeg 1599w, https:\/\/isfd21-bue.infd.edu.ar\/sitio\/wp-content\/uploads\/2022\/11\/WhatsApp-Image-2022-11-15-at-1.40.03-PM-2-1000x750.jpeg 1000w, https:\/\/isfd21-bue.infd.edu.ar\/sitio\/wp-content\/uploads\/2022\/11\/WhatsApp-Image-2022-11-15-at-1.40.03-PM-2-768x576.jpeg 768w, https:\/\/isfd21-bue.infd.edu.ar\/sitio\/wp-content\/uploads\/2022\/11\/WhatsApp-Image-2022-11-15-at-1.40.03-PM-2-1536x1153.jpeg 1536w\" sizes=\"(max-width: 1599px) 100vw, 1599px\" \/><\/figure>\n\n\n\n<figure class=\"wp-block-image size-large\"><img decoding=\"async\" loading=\"lazy\" width=\"1599\" height=\"1200\" data-id=\"7775\"  src=\"https:\/\/isfd21-bue.infd.edu.ar\/sitio\/wp-content\/uploads\/2022\/11\/WhatsApp-Image-2022-11-15-at-1.40.03-PM-1.jpeg\" alt=\"\" class=\"wp-image-7775\" srcset=\"https:\/\/isfd21-bue.infd.edu.ar\/sitio\/wp-content\/uploads\/2022\/11\/WhatsApp-Image-2022-11-15-at-1.40.03-PM-1.jpeg 1599w, https:\/\/isfd21-bue.infd.edu.ar\/sitio\/wp-content\/uploads\/2022\/11\/WhatsApp-Image-2022-11-15-at-1.40.03-PM-1-1000x750.jpeg 1000w, https:\/\/isfd21-bue.infd.edu.ar\/sitio\/wp-content\/uploads\/2022\/11\/WhatsApp-Image-2022-11-15-at-1.40.03-PM-1-768x576.jpeg 768w, https:\/\/isfd21-bue.infd.edu.ar\/sitio\/wp-content\/uploads\/2022\/11\/WhatsApp-Image-2022-11-15-at-1.40.03-PM-1-1536x1153.jpeg 1536w\" sizes=\"(max-width: 1599px) 100vw, 1599px\" \/><\/figure>\n\n\n\n<figure class=\"wp-block-image size-large\"><img decoding=\"async\" loading=\"lazy\" width=\"1600\" height=\"900\" data-id=\"7776\"  src=\"https:\/\/isfd21-bue.infd.edu.ar\/sitio\/wp-content\/uploads\/2022\/11\/WhatsApp-Image-2022-11-15-at-1.37.19-PM-1.jpeg\" alt=\"\" class=\"wp-image-7776\" srcset=\"https:\/\/isfd21-bue.infd.edu.ar\/sitio\/wp-content\/uploads\/2022\/11\/WhatsApp-Image-2022-11-15-at-1.37.19-PM-1.jpeg 1600w, https:\/\/isfd21-bue.infd.edu.ar\/sitio\/wp-content\/uploads\/2022\/11\/WhatsApp-Image-2022-11-15-at-1.37.19-PM-1-1000x563.jpeg 1000w, https:\/\/isfd21-bue.infd.edu.ar\/sitio\/wp-content\/uploads\/2022\/11\/WhatsApp-Image-2022-11-15-at-1.37.19-PM-1-768x432.jpeg 768w, https:\/\/isfd21-bue.infd.edu.ar\/sitio\/wp-content\/uploads\/2022\/11\/WhatsApp-Image-2022-11-15-at-1.37.19-PM-1-1536x864.jpeg 1536w\" sizes=\"(max-width: 1600px) 100vw, 1600px\" \/><\/figure>\n\n\n\n<figure class=\"wp-block-image size-large\"><img decoding=\"async\" loading=\"lazy\" width=\"1599\" height=\"1200\" data-id=\"7777\"  src=\"https:\/\/isfd21-bue.infd.edu.ar\/sitio\/wp-content\/uploads\/2022\/11\/WhatsApp-Image-2022-11-15-at-1.37.19-PM.jpeg\" alt=\"\" class=\"wp-image-7777\" srcset=\"https:\/\/isfd21-bue.infd.edu.ar\/sitio\/wp-content\/uploads\/2022\/11\/WhatsApp-Image-2022-11-15-at-1.37.19-PM.jpeg 1599w, https:\/\/isfd21-bue.infd.edu.ar\/sitio\/wp-content\/uploads\/2022\/11\/WhatsApp-Image-2022-11-15-at-1.37.19-PM-1000x750.jpeg 1000w, https:\/\/isfd21-bue.infd.edu.ar\/sitio\/wp-content\/uploads\/2022\/11\/WhatsApp-Image-2022-11-15-at-1.37.19-PM-768x576.jpeg 768w, https:\/\/isfd21-bue.infd.edu.ar\/sitio\/wp-content\/uploads\/2022\/11\/WhatsApp-Image-2022-11-15-at-1.37.19-PM-1536x1153.jpeg 1536w\" sizes=\"(max-width: 1599px) 100vw, 1599px\" \/><\/figure>\n\n\n\n<figure class=\"wp-block-image size-large\"><img decoding=\"async\" loading=\"lazy\" width=\"1599\" height=\"1200\" data-id=\"7778\"  src=\"https:\/\/isfd21-bue.infd.edu.ar\/sitio\/wp-content\/uploads\/2022\/11\/WhatsApp-Image-2022-11-15-at-1.37.18-PM-2.jpeg\" alt=\"\" class=\"wp-image-7778\" srcset=\"https:\/\/isfd21-bue.infd.edu.ar\/sitio\/wp-content\/uploads\/2022\/11\/WhatsApp-Image-2022-11-15-at-1.37.18-PM-2.jpeg 1599w, https:\/\/isfd21-bue.infd.edu.ar\/sitio\/wp-content\/uploads\/2022\/11\/WhatsApp-Image-2022-11-15-at-1.37.18-PM-2-1000x750.jpeg 1000w, https:\/\/isfd21-bue.infd.edu.ar\/sitio\/wp-content\/uploads\/2022\/11\/WhatsApp-Image-2022-11-15-at-1.37.18-PM-2-768x576.jpeg 768w, https:\/\/isfd21-bue.infd.edu.ar\/sitio\/wp-content\/uploads\/2022\/11\/WhatsApp-Image-2022-11-15-at-1.37.18-PM-2-1536x1153.jpeg 1536w\" sizes=\"(max-width: 1599px) 100vw, 1599px\" \/><\/figure>\n\n\n\n<figure class=\"wp-block-image size-large\"><img decoding=\"async\" loading=\"lazy\" width=\"1599\" height=\"1200\" data-id=\"7779\"  src=\"https:\/\/isfd21-bue.infd.edu.ar\/sitio\/wp-content\/uploads\/2022\/11\/WhatsApp-Image-2022-11-15-at-1.37.18-PM-1.jpeg\" alt=\"\" class=\"wp-image-7779\" srcset=\"https:\/\/isfd21-bue.infd.edu.ar\/sitio\/wp-content\/uploads\/2022\/11\/WhatsApp-Image-2022-11-15-at-1.37.18-PM-1.jpeg 1599w, https:\/\/isfd21-bue.infd.edu.ar\/sitio\/wp-content\/uploads\/2022\/11\/WhatsApp-Image-2022-11-15-at-1.37.18-PM-1-1000x750.jpeg 1000w, https:\/\/isfd21-bue.infd.edu.ar\/sitio\/wp-content\/uploads\/2022\/11\/WhatsApp-Image-2022-11-15-at-1.37.18-PM-1-768x576.jpeg 768w, https:\/\/isfd21-bue.infd.edu.ar\/sitio\/wp-content\/uploads\/2022\/11\/WhatsApp-Image-2022-11-15-at-1.37.18-PM-1-1536x1153.jpeg 1536w\" sizes=\"(max-width: 1599px) 100vw, 1599px\" \/><\/figure>\n\n\n\n<figure class=\"wp-block-image size-large\"><img decoding=\"async\" loading=\"lazy\" width=\"1599\" height=\"1200\" data-id=\"7780\"  src=\"https:\/\/isfd21-bue.infd.edu.ar\/sitio\/wp-content\/uploads\/2022\/11\/WhatsApp-Image-2022-11-15-at-1.37.18-PM.jpeg\" alt=\"\" class=\"wp-image-7780\" srcset=\"https:\/\/isfd21-bue.infd.edu.ar\/sitio\/wp-content\/uploads\/2022\/11\/WhatsApp-Image-2022-11-15-at-1.37.18-PM.jpeg 1599w, https:\/\/isfd21-bue.infd.edu.ar\/sitio\/wp-content\/uploads\/2022\/11\/WhatsApp-Image-2022-11-15-at-1.37.18-PM-1000x750.jpeg 1000w, https:\/\/isfd21-bue.infd.edu.ar\/sitio\/wp-content\/uploads\/2022\/11\/WhatsApp-Image-2022-11-15-at-1.37.18-PM-768x576.jpeg 768w, https:\/\/isfd21-bue.infd.edu.ar\/sitio\/wp-content\/uploads\/2022\/11\/WhatsApp-Image-2022-11-15-at-1.37.18-PM-1536x1153.jpeg 1536w\" sizes=\"(max-width: 1599px) 100vw, 1599px\" \/><\/figure>\n\n\n\n<figure class=\"wp-block-image size-large\"><img decoding=\"async\" loading=\"lazy\" width=\"1599\" height=\"1200\" data-id=\"7781\"  src=\"https:\/\/isfd21-bue.infd.edu.ar\/sitio\/wp-content\/uploads\/2022\/11\/WhatsApp-Image-2022-11-15-at-1.37.17-PM-1.jpeg\" alt=\"\" class=\"wp-image-7781\" srcset=\"https:\/\/isfd21-bue.infd.edu.ar\/sitio\/wp-content\/uploads\/2022\/11\/WhatsApp-Image-2022-11-15-at-1.37.17-PM-1.jpeg 1599w, https:\/\/isfd21-bue.infd.edu.ar\/sitio\/wp-content\/uploads\/2022\/11\/WhatsApp-Image-2022-11-15-at-1.37.17-PM-1-1000x750.jpeg 1000w, https:\/\/isfd21-bue.infd.edu.ar\/sitio\/wp-content\/uploads\/2022\/11\/WhatsApp-Image-2022-11-15-at-1.37.17-PM-1-768x576.jpeg 768w, https:\/\/isfd21-bue.infd.edu.ar\/sitio\/wp-content\/uploads\/2022\/11\/WhatsApp-Image-2022-11-15-at-1.37.17-PM-1-1536x1153.jpeg 1536w\" sizes=\"(max-width: 1599px) 100vw, 1599px\" \/><\/figure>\n\n\n\n<figure class=\"wp-block-image size-large\"><img decoding=\"async\" loading=\"lazy\" width=\"1200\" height=\"1599\" data-id=\"7782\"  src=\"https:\/\/isfd21-bue.infd.edu.ar\/sitio\/wp-content\/uploads\/2022\/11\/WhatsApp-Image-2022-11-15-at-1.37.17-PM.jpeg\" alt=\"\" class=\"wp-image-7782\" srcset=\"https:\/\/isfd21-bue.infd.edu.ar\/sitio\/wp-content\/uploads\/2022\/11\/WhatsApp-Image-2022-11-15-at-1.37.17-PM.jpeg 1200w, https:\/\/isfd21-bue.infd.edu.ar\/sitio\/wp-content\/uploads\/2022\/11\/WhatsApp-Image-2022-11-15-at-1.37.17-PM-750x1000.jpeg 750w, https:\/\/isfd21-bue.infd.edu.ar\/sitio\/wp-content\/uploads\/2022\/11\/WhatsApp-Image-2022-11-15-at-1.37.17-PM-768x1023.jpeg 768w, https:\/\/isfd21-bue.infd.edu.ar\/sitio\/wp-content\/uploads\/2022\/11\/WhatsApp-Image-2022-11-15-at-1.37.17-PM-1153x1536.jpeg 1153w\" sizes=\"(max-width: 1200px) 100vw, 1200px\" \/><\/figure>\n\n\n\n<figure class=\"wp-block-image size-large\"><img decoding=\"async\" loading=\"lazy\" width=\"1599\" height=\"1200\" data-id=\"7783\"  src=\"https:\/\/isfd21-bue.infd.edu.ar\/sitio\/wp-content\/uploads\/2022\/11\/WhatsApp-Image-2022-11-15-at-1.40.03-PM.jpeg\" alt=\"\" class=\"wp-image-7783\" srcset=\"https:\/\/isfd21-bue.infd.edu.ar\/sitio\/wp-content\/uploads\/2022\/11\/WhatsApp-Image-2022-11-15-at-1.40.03-PM.jpeg 1599w, https:\/\/isfd21-bue.infd.edu.ar\/sitio\/wp-content\/uploads\/2022\/11\/WhatsApp-Image-2022-11-15-at-1.40.03-PM-1000x750.jpeg 1000w, https:\/\/isfd21-bue.infd.edu.ar\/sitio\/wp-content\/uploads\/2022\/11\/WhatsApp-Image-2022-11-15-at-1.40.03-PM-768x576.jpeg 768w, https:\/\/isfd21-bue.infd.edu.ar\/sitio\/wp-content\/uploads\/2022\/11\/WhatsApp-Image-2022-11-15-at-1.40.03-PM-1536x1153.jpeg 1536w\" sizes=\"(max-width: 1599px) 100vw, 1599px\" \/><\/figure>\n<\/figure>\n\n\n\n<p>14\/11\/22<\/p>\n\n\n\n<p><strong><em>\u00a1Encuentro Campo de la Pr\u00e1ctica regiones 6-7-8-9 y11! Docentes del Campo de la Pr\u00e1ctica III y IV de los Profesorados de Educaci\u00f3n Inicial y Primaria se dieron cita hoy en #Campana convocados por la DPES. El encuentro cont\u00f3 con las presencias e intervenciones de la Directora Provincial de Educaci\u00f3n Superior, Prof. Marisa Gori, la Directora de Formaci\u00f3n Docente Inicial, Viviana Taylor, el Subdirector Institucional de Formaci\u00f3n Docente Inicial, Daniel Siarra y la Directora Provincial de Educaci\u00f3n Primaria, Mirta Torres. De esta manera continuamos el intercambio con las profesoras y los profesores participantes en el marco del proceso de revisi\u00f3n curricular. #ClaudiaBracchi #MarisaGori #VivianaTaylor #DanielSiarra #MirtaTorres #Educaci\u00f3nPrimaria #Educaci\u00f3nInicial #Educaci\u00f3nSuperior #Formaci\u00f3nDocente #Educaci\u00f3nInicial<\/em><\/strong><\/p>\n\n\n\n<figure class=\"wp-block-gallery has-nested-images columns-default is-cropped wp-block-gallery-7 is-layout-flex\">\n<figure class=\"wp-block-image size-large\"><img decoding=\"async\" loading=\"lazy\" width=\"1600\" height=\"900\" data-id=\"7788\"  src=\"https:\/\/isfd21-bue.infd.edu.ar\/sitio\/wp-content\/uploads\/2022\/11\/315409867_1282545182545457_5840852849706482082_n.jpg\" alt=\"\" class=\"wp-image-7788\" srcset=\"https:\/\/isfd21-bue.infd.edu.ar\/sitio\/wp-content\/uploads\/2022\/11\/315409867_1282545182545457_5840852849706482082_n.jpg 1600w, https:\/\/isfd21-bue.infd.edu.ar\/sitio\/wp-content\/uploads\/2022\/11\/315409867_1282545182545457_5840852849706482082_n-1000x563.jpg 1000w, https:\/\/isfd21-bue.infd.edu.ar\/sitio\/wp-content\/uploads\/2022\/11\/315409867_1282545182545457_5840852849706482082_n-768x432.jpg 768w, https:\/\/isfd21-bue.infd.edu.ar\/sitio\/wp-content\/uploads\/2022\/11\/315409867_1282545182545457_5840852849706482082_n-1536x864.jpg 1536w\" sizes=\"(max-width: 1600px) 100vw, 1600px\" \/><\/figure>\n\n\n\n<figure class=\"wp-block-image size-large\"><img decoding=\"async\" loading=\"lazy\" width=\"1080\" height=\"1080\" data-id=\"7789\"  src=\"https:\/\/isfd21-bue.infd.edu.ar\/sitio\/wp-content\/uploads\/2022\/11\/315233331_1282545135878795_491015266620781287_n.jpg\" alt=\"\" class=\"wp-image-7789\" srcset=\"https:\/\/isfd21-bue.infd.edu.ar\/sitio\/wp-content\/uploads\/2022\/11\/315233331_1282545135878795_491015266620781287_n.jpg 1080w, https:\/\/isfd21-bue.infd.edu.ar\/sitio\/wp-content\/uploads\/2022\/11\/315233331_1282545135878795_491015266620781287_n-1000x1000.jpg 1000w, https:\/\/isfd21-bue.infd.edu.ar\/sitio\/wp-content\/uploads\/2022\/11\/315233331_1282545135878795_491015266620781287_n-500x500.jpg 500w, https:\/\/isfd21-bue.infd.edu.ar\/sitio\/wp-content\/uploads\/2022\/11\/315233331_1282545135878795_491015266620781287_n-768x768.jpg 768w\" sizes=\"(max-width: 1080px) 100vw, 1080px\" \/><\/figure>\n\n\n\n<figure class=\"wp-block-image size-large\"><img decoding=\"async\" loading=\"lazy\" width=\"1080\" height=\"1080\" data-id=\"7790\"  src=\"https:\/\/isfd21-bue.infd.edu.ar\/sitio\/wp-content\/uploads\/2022\/11\/315655290_1282545112545464_2757530405876068210_n.jpg\" alt=\"\" class=\"wp-image-7790\" srcset=\"https:\/\/isfd21-bue.infd.edu.ar\/sitio\/wp-content\/uploads\/2022\/11\/315655290_1282545112545464_2757530405876068210_n.jpg 1080w, https:\/\/isfd21-bue.infd.edu.ar\/sitio\/wp-content\/uploads\/2022\/11\/315655290_1282545112545464_2757530405876068210_n-1000x1000.jpg 1000w, https:\/\/isfd21-bue.infd.edu.ar\/sitio\/wp-content\/uploads\/2022\/11\/315655290_1282545112545464_2757530405876068210_n-500x500.jpg 500w, https:\/\/isfd21-bue.infd.edu.ar\/sitio\/wp-content\/uploads\/2022\/11\/315655290_1282545112545464_2757530405876068210_n-768x768.jpg 768w\" sizes=\"(max-width: 1080px) 100vw, 1080px\" \/><\/figure>\n<\/figure>\n\n\n\n<h4 class=\"wp-block-heading\"><em>Novedades sobre infraestructura<\/em><\/h4>\n\n\n\n<h4 class=\"wp-block-heading\"><em>Luego de realizar permanentes consultas con el Consejo Escolar de Moreno y el Municipio, el d\u00eda de hoy el Director de Redes de la Municipalidad de Moreno nos inform\u00f3 que el estado del pilar se encuentra aprobado con certificaci\u00f3n de los inspectores de la empresa a cargo, y a la fecha el pedido del medidor del ISFD N\u00ba21 \u201cDr. Ricardo Rojas\u201d tiene prioridad, por tal motivo, semana a semana renuevan el reclamo para concluir con dicha obra.<\/em><\/h4>\n\n\n\n<h4 class=\"wp-block-heading\"><em>Equipo Directivo<\/em><\/h4>\n\n\n\n<hr class=\"wp-block-separator has-css-opacity\"\/>\n\n\n\n<h5 class=\"wp-block-heading\"><em><strong>S\u00c1BADO 12\/11<\/strong><\/em><\/h5>\n\n\n\n<h5 class=\"wp-block-heading\"><em><strong>ACTO DE COLACI\u00d3N DEL PROFESORADO DE INGL\u00c9S&nbsp;<\/strong><\/em><\/h5>\n\n\n\n<h5 class=\"wp-block-heading\"><em><strong>FELICIDADES<\/strong><\/em><\/h5>\n\n\n\n<figure class=\"wp-block-gallery has-nested-images columns-default is-cropped wp-block-gallery-9 is-layout-flex\">\n<figure class=\"wp-block-image size-large\"><img decoding=\"async\" loading=\"lazy\" width=\"1200\" height=\"1600\" data-id=\"7762\"  src=\"https:\/\/isfd21-bue.infd.edu.ar\/sitio\/wp-content\/uploads\/2022\/11\/315546857_1281483312651644_7888685791038715687_n.jpg\" alt=\"\" class=\"wp-image-7762\" srcset=\"https:\/\/isfd21-bue.infd.edu.ar\/sitio\/wp-content\/uploads\/2022\/11\/315546857_1281483312651644_7888685791038715687_n.jpg 1200w, https:\/\/isfd21-bue.infd.edu.ar\/sitio\/wp-content\/uploads\/2022\/11\/315546857_1281483312651644_7888685791038715687_n-750x1000.jpg 750w, https:\/\/isfd21-bue.infd.edu.ar\/sitio\/wp-content\/uploads\/2022\/11\/315546857_1281483312651644_7888685791038715687_n-768x1024.jpg 768w, https:\/\/isfd21-bue.infd.edu.ar\/sitio\/wp-content\/uploads\/2022\/11\/315546857_1281483312651644_7888685791038715687_n-1152x1536.jpg 1152w\" sizes=\"(max-width: 1200px) 100vw, 1200px\" \/><\/figure>\n\n\n\n<figure class=\"wp-block-image size-large\"><img decoding=\"async\" loading=\"lazy\" width=\"1600\" height=\"1200\" data-id=\"7763\"  src=\"https:\/\/isfd21-bue.infd.edu.ar\/sitio\/wp-content\/uploads\/2022\/11\/315433647_1281483292651646_4320753495621659280_n.jpg\" alt=\"\" class=\"wp-image-7763\" srcset=\"https:\/\/isfd21-bue.infd.edu.ar\/sitio\/wp-content\/uploads\/2022\/11\/315433647_1281483292651646_4320753495621659280_n.jpg 1600w, https:\/\/isfd21-bue.infd.edu.ar\/sitio\/wp-content\/uploads\/2022\/11\/315433647_1281483292651646_4320753495621659280_n-1000x750.jpg 1000w, https:\/\/isfd21-bue.infd.edu.ar\/sitio\/wp-content\/uploads\/2022\/11\/315433647_1281483292651646_4320753495621659280_n-768x576.jpg 768w, https:\/\/isfd21-bue.infd.edu.ar\/sitio\/wp-content\/uploads\/2022\/11\/315433647_1281483292651646_4320753495621659280_n-1536x1152.jpg 1536w\" sizes=\"(max-width: 1600px) 100vw, 1600px\" \/><\/figure>\n\n\n\n<figure class=\"wp-block-image size-large\"><img decoding=\"async\" loading=\"lazy\" width=\"1600\" height=\"1200\" data-id=\"7764\"  src=\"https:\/\/isfd21-bue.infd.edu.ar\/sitio\/wp-content\/uploads\/2022\/11\/315086910_1281483245984984_7541004224182581104_n.jpg\" alt=\"\" class=\"wp-image-7764\" srcset=\"https:\/\/isfd21-bue.infd.edu.ar\/sitio\/wp-content\/uploads\/2022\/11\/315086910_1281483245984984_7541004224182581104_n.jpg 1600w, https:\/\/isfd21-bue.infd.edu.ar\/sitio\/wp-content\/uploads\/2022\/11\/315086910_1281483245984984_7541004224182581104_n-1000x750.jpg 1000w, https:\/\/isfd21-bue.infd.edu.ar\/sitio\/wp-content\/uploads\/2022\/11\/315086910_1281483245984984_7541004224182581104_n-768x576.jpg 768w, https:\/\/isfd21-bue.infd.edu.ar\/sitio\/wp-content\/uploads\/2022\/11\/315086910_1281483245984984_7541004224182581104_n-1536x1152.jpg 1536w\" sizes=\"(max-width: 1600px) 100vw, 1600px\" \/><\/figure>\n\n\n\n<figure class=\"wp-block-image size-large\"><img decoding=\"async\" loading=\"lazy\" width=\"1600\" height=\"1200\" data-id=\"7765\"  src=\"https:\/\/isfd21-bue.infd.edu.ar\/sitio\/wp-content\/uploads\/2022\/11\/315548472_1281483189318323_3386932074824730290_n.jpg\" alt=\"\" class=\"wp-image-7765\" srcset=\"https:\/\/isfd21-bue.infd.edu.ar\/sitio\/wp-content\/uploads\/2022\/11\/315548472_1281483189318323_3386932074824730290_n.jpg 1600w, https:\/\/isfd21-bue.infd.edu.ar\/sitio\/wp-content\/uploads\/2022\/11\/315548472_1281483189318323_3386932074824730290_n-1000x750.jpg 1000w, https:\/\/isfd21-bue.infd.edu.ar\/sitio\/wp-content\/uploads\/2022\/11\/315548472_1281483189318323_3386932074824730290_n-768x576.jpg 768w, https:\/\/isfd21-bue.infd.edu.ar\/sitio\/wp-content\/uploads\/2022\/11\/315548472_1281483189318323_3386932074824730290_n-1536x1152.jpg 1536w\" sizes=\"(max-width: 1600px) 100vw, 1600px\" \/><\/figure>\n\n\n\n<figure class=\"wp-block-image size-large\"><img decoding=\"async\" loading=\"lazy\" width=\"960\" height=\"540\" data-id=\"7766\"  src=\"https:\/\/isfd21-bue.infd.edu.ar\/sitio\/wp-content\/uploads\/2022\/11\/315095132_1281482595985049_2587460770489892337_n.jpg\" alt=\"\" class=\"wp-image-7766\" srcset=\"https:\/\/isfd21-bue.infd.edu.ar\/sitio\/wp-content\/uploads\/2022\/11\/315095132_1281482595985049_2587460770489892337_n.jpg 960w, https:\/\/isfd21-bue.infd.edu.ar\/sitio\/wp-content\/uploads\/2022\/11\/315095132_1281482595985049_2587460770489892337_n-768x432.jpg 768w\" sizes=\"(max-width: 960px) 100vw, 960px\" \/><\/figure>\n\n\n\n<figure class=\"wp-block-image size-large\"><img decoding=\"async\" loading=\"lazy\" width=\"1200\" height=\"1599\" data-id=\"7767\"  src=\"https:\/\/isfd21-bue.infd.edu.ar\/sitio\/wp-content\/uploads\/2022\/11\/315114329_1281485722651403_7825099742012001688_n.jpg\" alt=\"\" class=\"wp-image-7767\" srcset=\"https:\/\/isfd21-bue.infd.edu.ar\/sitio\/wp-content\/uploads\/2022\/11\/315114329_1281485722651403_7825099742012001688_n.jpg 1200w, https:\/\/isfd21-bue.infd.edu.ar\/sitio\/wp-content\/uploads\/2022\/11\/315114329_1281485722651403_7825099742012001688_n-750x1000.jpg 750w, https:\/\/isfd21-bue.infd.edu.ar\/sitio\/wp-content\/uploads\/2022\/11\/315114329_1281485722651403_7825099742012001688_n-768x1023.jpg 768w, https:\/\/isfd21-bue.infd.edu.ar\/sitio\/wp-content\/uploads\/2022\/11\/315114329_1281485722651403_7825099742012001688_n-1153x1536.jpg 1153w\" sizes=\"(max-width: 1200px) 100vw, 1200px\" \/><\/figure>\n\n\n\n<figure class=\"wp-block-image size-large\"><img decoding=\"async\" loading=\"lazy\" width=\"1200\" height=\"1600\" data-id=\"7768\"  src=\"https:\/\/isfd21-bue.infd.edu.ar\/sitio\/wp-content\/uploads\/2022\/11\/315113624_1281483445984964_3270916817408556236_n.jpg\" alt=\"\" class=\"wp-image-7768\" srcset=\"https:\/\/isfd21-bue.infd.edu.ar\/sitio\/wp-content\/uploads\/2022\/11\/315113624_1281483445984964_3270916817408556236_n.jpg 1200w, https:\/\/isfd21-bue.infd.edu.ar\/sitio\/wp-content\/uploads\/2022\/11\/315113624_1281483445984964_3270916817408556236_n-750x1000.jpg 750w, https:\/\/isfd21-bue.infd.edu.ar\/sitio\/wp-content\/uploads\/2022\/11\/315113624_1281483445984964_3270916817408556236_n-768x1024.jpg 768w, https:\/\/isfd21-bue.infd.edu.ar\/sitio\/wp-content\/uploads\/2022\/11\/315113624_1281483445984964_3270916817408556236_n-1152x1536.jpg 1152w\" sizes=\"(max-width: 1200px) 100vw, 1200px\" \/><\/figure>\n\n\n\n<figure class=\"wp-block-image size-large\"><img decoding=\"async\" loading=\"lazy\" width=\"1200\" height=\"1600\" data-id=\"7769\"  src=\"https:\/\/isfd21-bue.infd.edu.ar\/sitio\/wp-content\/uploads\/2022\/11\/314953406_1281483409318301_2562924630364721910_n.jpg\" alt=\"\" class=\"wp-image-7769\" srcset=\"https:\/\/isfd21-bue.infd.edu.ar\/sitio\/wp-content\/uploads\/2022\/11\/314953406_1281483409318301_2562924630364721910_n.jpg 1200w, https:\/\/isfd21-bue.infd.edu.ar\/sitio\/wp-content\/uploads\/2022\/11\/314953406_1281483409318301_2562924630364721910_n-750x1000.jpg 750w, https:\/\/isfd21-bue.infd.edu.ar\/sitio\/wp-content\/uploads\/2022\/11\/314953406_1281483409318301_2562924630364721910_n-768x1024.jpg 768w, https:\/\/isfd21-bue.infd.edu.ar\/sitio\/wp-content\/uploads\/2022\/11\/314953406_1281483409318301_2562924630364721910_n-1152x1536.jpg 1152w\" sizes=\"(max-width: 1200px) 100vw, 1200px\" \/><\/figure>\n\n\n\n<figure class=\"wp-block-image size-large\"><img decoding=\"async\" loading=\"lazy\" width=\"1200\" height=\"1600\" data-id=\"7770\"  src=\"https:\/\/isfd21-bue.infd.edu.ar\/sitio\/wp-content\/uploads\/2022\/11\/315044820_1281483365984972_56052782690395086_n.jpg\" alt=\"\" class=\"wp-image-7770\" srcset=\"https:\/\/isfd21-bue.infd.edu.ar\/sitio\/wp-content\/uploads\/2022\/11\/315044820_1281483365984972_56052782690395086_n.jpg 1200w, https:\/\/isfd21-bue.infd.edu.ar\/sitio\/wp-content\/uploads\/2022\/11\/315044820_1281483365984972_56052782690395086_n-750x1000.jpg 750w, https:\/\/isfd21-bue.infd.edu.ar\/sitio\/wp-content\/uploads\/2022\/11\/315044820_1281483365984972_56052782690395086_n-768x1024.jpg 768w, https:\/\/isfd21-bue.infd.edu.ar\/sitio\/wp-content\/uploads\/2022\/11\/315044820_1281483365984972_56052782690395086_n-1152x1536.jpg 1152w\" sizes=\"(max-width: 1200px) 100vw, 1200px\" \/><\/figure>\n\n\n\n<figure class=\"wp-block-image size-large\"><img decoding=\"async\" loading=\"lazy\" width=\"1600\" height=\"1200\" data-id=\"7771\"  src=\"https:\/\/isfd21-bue.infd.edu.ar\/sitio\/wp-content\/uploads\/2022\/11\/314948722_1281483349318307_6328678414089204934_n.jpg\" alt=\"\" class=\"wp-image-7771\" srcset=\"https:\/\/isfd21-bue.infd.edu.ar\/sitio\/wp-content\/uploads\/2022\/11\/314948722_1281483349318307_6328678414089204934_n.jpg 1600w, https:\/\/isfd21-bue.infd.edu.ar\/sitio\/wp-content\/uploads\/2022\/11\/314948722_1281483349318307_6328678414089204934_n-1000x750.jpg 1000w, https:\/\/isfd21-bue.infd.edu.ar\/sitio\/wp-content\/uploads\/2022\/11\/314948722_1281483349318307_6328678414089204934_n-768x576.jpg 768w, https:\/\/isfd21-bue.infd.edu.ar\/sitio\/wp-content\/uploads\/2022\/11\/314948722_1281483349318307_6328678414089204934_n-1536x1152.jpg 1536w\" sizes=\"(max-width: 1600px) 100vw, 1600px\" \/><\/figure>\n<\/figure>\n\n\n\n<hr class=\"wp-block-separator has-css-opacity\"\/>\n\n\n\n<h4 class=\"wp-block-heading\"><em><strong>ODES 2022<\/strong><\/em><\/h4>\n\n\n\n<h5 class=\"wp-block-heading\"><em><strong>Primeras Olimpiadas de Educaci\u00f3n Superior en la regi\u00f3n 9\u00b0 donde participaron nuestros estudiantes acompa\u00f1ados por el Regente Omar Mouri\u00f1o. Fue una experiencia enriquecedora para interactuar con otros equipos; una jornada con muchas y variadas actividades, con gran entusiasmo y alegr\u00eda en la Universidad Nacional de General Sarmiento, en las siguientes disciplinas: voley, futsal, handball, metegol, ajedrez, padel y basquet. Felicitaciones a todos. El Rojas dijo presente!!!<\/strong><\/em><\/h5>\n\n\n\n<figure class=\"wp-block-gallery has-nested-images columns-default is-cropped wp-block-gallery-11 is-layout-flex\">\n<figure class=\"wp-block-image size-large\"><img decoding=\"async\" loading=\"lazy\" width=\"720\" height=\"1600\" data-id=\"7750\"  src=\"https:\/\/isfd21-bue.infd.edu.ar\/sitio\/wp-content\/uploads\/2022\/11\/314953325_1281477472652228_6198849549059123965_n.jpg\" alt=\"\" class=\"wp-image-7750\" srcset=\"https:\/\/isfd21-bue.infd.edu.ar\/sitio\/wp-content\/uploads\/2022\/11\/314953325_1281477472652228_6198849549059123965_n.jpg 720w, https:\/\/isfd21-bue.infd.edu.ar\/sitio\/wp-content\/uploads\/2022\/11\/314953325_1281477472652228_6198849549059123965_n-450x1000.jpg 450w, https:\/\/isfd21-bue.infd.edu.ar\/sitio\/wp-content\/uploads\/2022\/11\/314953325_1281477472652228_6198849549059123965_n-691x1536.jpg 691w\" sizes=\"(max-width: 720px) 100vw, 720px\" \/><\/figure>\n\n\n\n<figure class=\"wp-block-image size-large\"><img decoding=\"async\" loading=\"lazy\" width=\"1280\" height=\"960\" data-id=\"7751\"  src=\"https:\/\/isfd21-bue.infd.edu.ar\/sitio\/wp-content\/uploads\/2022\/11\/315118823_1281477452652230_4494129746160396778_n.jpg\" alt=\"\" class=\"wp-image-7751\" srcset=\"https:\/\/isfd21-bue.infd.edu.ar\/sitio\/wp-content\/uploads\/2022\/11\/315118823_1281477452652230_4494129746160396778_n.jpg 1280w, https:\/\/isfd21-bue.infd.edu.ar\/sitio\/wp-content\/uploads\/2022\/11\/315118823_1281477452652230_4494129746160396778_n-1000x750.jpg 1000w, https:\/\/isfd21-bue.infd.edu.ar\/sitio\/wp-content\/uploads\/2022\/11\/315118823_1281477452652230_4494129746160396778_n-768x576.jpg 768w\" sizes=\"(max-width: 1280px) 100vw, 1280px\" \/><\/figure>\n\n\n\n<figure class=\"wp-block-image size-large\"><img decoding=\"async\" loading=\"lazy\" width=\"1600\" height=\"720\" data-id=\"7752\"  src=\"https:\/\/isfd21-bue.infd.edu.ar\/sitio\/wp-content\/uploads\/2022\/11\/315338723_1281477379318904_8740663410183185722_n.jpg\" alt=\"\" class=\"wp-image-7752\" srcset=\"https:\/\/isfd21-bue.infd.edu.ar\/sitio\/wp-content\/uploads\/2022\/11\/315338723_1281477379318904_8740663410183185722_n.jpg 1600w, https:\/\/isfd21-bue.infd.edu.ar\/sitio\/wp-content\/uploads\/2022\/11\/315338723_1281477379318904_8740663410183185722_n-1000x450.jpg 1000w, https:\/\/isfd21-bue.infd.edu.ar\/sitio\/wp-content\/uploads\/2022\/11\/315338723_1281477379318904_8740663410183185722_n-768x346.jpg 768w, https:\/\/isfd21-bue.infd.edu.ar\/sitio\/wp-content\/uploads\/2022\/11\/315338723_1281477379318904_8740663410183185722_n-1536x691.jpg 1536w\" sizes=\"(max-width: 1600px) 100vw, 1600px\" \/><\/figure>\n\n\n\n<figure class=\"wp-block-image size-large\"><img decoding=\"async\" loading=\"lazy\" width=\"1600\" height=\"720\" data-id=\"7753\"  src=\"https:\/\/isfd21-bue.infd.edu.ar\/sitio\/wp-content\/uploads\/2022\/11\/315535914_1281477355985573_2646220524167362391_n.jpg\" alt=\"\" class=\"wp-image-7753\" srcset=\"https:\/\/isfd21-bue.infd.edu.ar\/sitio\/wp-content\/uploads\/2022\/11\/315535914_1281477355985573_2646220524167362391_n.jpg 1600w, https:\/\/isfd21-bue.infd.edu.ar\/sitio\/wp-content\/uploads\/2022\/11\/315535914_1281477355985573_2646220524167362391_n-1000x450.jpg 1000w, https:\/\/isfd21-bue.infd.edu.ar\/sitio\/wp-content\/uploads\/2022\/11\/315535914_1281477355985573_2646220524167362391_n-768x346.jpg 768w, https:\/\/isfd21-bue.infd.edu.ar\/sitio\/wp-content\/uploads\/2022\/11\/315535914_1281477355985573_2646220524167362391_n-1536x691.jpg 1536w\" sizes=\"(max-width: 1600px) 100vw, 1600px\" \/><\/figure>\n\n\n\n<figure class=\"wp-block-image size-large\"><img decoding=\"async\" loading=\"lazy\" width=\"1600\" height=\"1266\" data-id=\"7754\"  src=\"https:\/\/isfd21-bue.infd.edu.ar\/sitio\/wp-content\/uploads\/2022\/11\/315189253_1281477689318873_3120013038590290810_n.jpg\" alt=\"\" class=\"wp-image-7754\" srcset=\"https:\/\/isfd21-bue.infd.edu.ar\/sitio\/wp-content\/uploads\/2022\/11\/315189253_1281477689318873_3120013038590290810_n.jpg 1600w, https:\/\/isfd21-bue.infd.edu.ar\/sitio\/wp-content\/uploads\/2022\/11\/315189253_1281477689318873_3120013038590290810_n-1000x791.jpg 1000w, https:\/\/isfd21-bue.infd.edu.ar\/sitio\/wp-content\/uploads\/2022\/11\/315189253_1281477689318873_3120013038590290810_n-768x608.jpg 768w, https:\/\/isfd21-bue.infd.edu.ar\/sitio\/wp-content\/uploads\/2022\/11\/315189253_1281477689318873_3120013038590290810_n-1536x1215.jpg 1536w\" sizes=\"(max-width: 1600px) 100vw, 1600px\" \/><\/figure>\n\n\n\n<figure class=\"wp-block-image size-large\"><img decoding=\"async\" loading=\"lazy\" width=\"1280\" height=\"576\" data-id=\"7755\"  src=\"https:\/\/isfd21-bue.infd.edu.ar\/sitio\/wp-content\/uploads\/2022\/11\/315309707_1281477225985586_9083214528552132574_n.jpg\" alt=\"\" class=\"wp-image-7755\" srcset=\"https:\/\/isfd21-bue.infd.edu.ar\/sitio\/wp-content\/uploads\/2022\/11\/315309707_1281477225985586_9083214528552132574_n.jpg 1280w, https:\/\/isfd21-bue.infd.edu.ar\/sitio\/wp-content\/uploads\/2022\/11\/315309707_1281477225985586_9083214528552132574_n-1000x450.jpg 1000w, https:\/\/isfd21-bue.infd.edu.ar\/sitio\/wp-content\/uploads\/2022\/11\/315309707_1281477225985586_9083214528552132574_n-768x346.jpg 768w\" sizes=\"(max-width: 1280px) 100vw, 1280px\" \/><\/figure>\n\n\n\n<figure class=\"wp-block-image size-large\"><img decoding=\"async\" loading=\"lazy\" width=\"1600\" height=\"1200\" data-id=\"7756\"  src=\"https:\/\/isfd21-bue.infd.edu.ar\/sitio\/wp-content\/uploads\/2022\/11\/315006762_1281477652652210_2557278056374141349_n.jpg\" alt=\"\" class=\"wp-image-7756\" srcset=\"https:\/\/isfd21-bue.infd.edu.ar\/sitio\/wp-content\/uploads\/2022\/11\/315006762_1281477652652210_2557278056374141349_n.jpg 1600w, https:\/\/isfd21-bue.infd.edu.ar\/sitio\/wp-content\/uploads\/2022\/11\/315006762_1281477652652210_2557278056374141349_n-1000x750.jpg 1000w, https:\/\/isfd21-bue.infd.edu.ar\/sitio\/wp-content\/uploads\/2022\/11\/315006762_1281477652652210_2557278056374141349_n-768x576.jpg 768w, https:\/\/isfd21-bue.infd.edu.ar\/sitio\/wp-content\/uploads\/2022\/11\/315006762_1281477652652210_2557278056374141349_n-1536x1152.jpg 1536w\" sizes=\"(max-width: 1600px) 100vw, 1600px\" \/><\/figure>\n\n\n\n<figure class=\"wp-block-image size-large\"><img decoding=\"async\" loading=\"lazy\" width=\"1600\" height=\"1200\" data-id=\"7757\"  src=\"https:\/\/isfd21-bue.infd.edu.ar\/sitio\/wp-content\/uploads\/2022\/11\/315167001_1281477625985546_5352282454088249741_n.jpg\" alt=\"\" class=\"wp-image-7757\" srcset=\"https:\/\/isfd21-bue.infd.edu.ar\/sitio\/wp-content\/uploads\/2022\/11\/315167001_1281477625985546_5352282454088249741_n.jpg 1600w, https:\/\/isfd21-bue.infd.edu.ar\/sitio\/wp-content\/uploads\/2022\/11\/315167001_1281477625985546_5352282454088249741_n-1000x750.jpg 1000w, https:\/\/isfd21-bue.infd.edu.ar\/sitio\/wp-content\/uploads\/2022\/11\/315167001_1281477625985546_5352282454088249741_n-768x576.jpg 768w, https:\/\/isfd21-bue.infd.edu.ar\/sitio\/wp-content\/uploads\/2022\/11\/315167001_1281477625985546_5352282454088249741_n-1536x1152.jpg 1536w\" sizes=\"(max-width: 1600px) 100vw, 1600px\" \/><\/figure>\n\n\n\n<figure class=\"wp-block-image size-large\"><img decoding=\"async\" loading=\"lazy\" width=\"1600\" height=\"1200\" data-id=\"7758\"  src=\"https:\/\/isfd21-bue.infd.edu.ar\/sitio\/wp-content\/uploads\/2022\/11\/315536553_1281477575985551_4548615112797309712_n.jpg\" alt=\"\" class=\"wp-image-7758\" srcset=\"https:\/\/isfd21-bue.infd.edu.ar\/sitio\/wp-content\/uploads\/2022\/11\/315536553_1281477575985551_4548615112797309712_n.jpg 1600w, https:\/\/isfd21-bue.infd.edu.ar\/sitio\/wp-content\/uploads\/2022\/11\/315536553_1281477575985551_4548615112797309712_n-1000x750.jpg 1000w, https:\/\/isfd21-bue.infd.edu.ar\/sitio\/wp-content\/uploads\/2022\/11\/315536553_1281477575985551_4548615112797309712_n-768x576.jpg 768w, https:\/\/isfd21-bue.infd.edu.ar\/sitio\/wp-content\/uploads\/2022\/11\/315536553_1281477575985551_4548615112797309712_n-1536x1152.jpg 1536w\" sizes=\"(max-width: 1600px) 100vw, 1600px\" \/><\/figure>\n\n\n\n<figure class=\"wp-block-image size-large\"><img decoding=\"async\" loading=\"lazy\" width=\"720\" height=\"1600\" data-id=\"7759\"  src=\"https:\/\/isfd21-bue.infd.edu.ar\/sitio\/wp-content\/uploads\/2022\/11\/315267864_1281477522652223_1419612272057729389_n.jpg\" alt=\"\" class=\"wp-image-7759\" srcset=\"https:\/\/isfd21-bue.infd.edu.ar\/sitio\/wp-content\/uploads\/2022\/11\/315267864_1281477522652223_1419612272057729389_n.jpg 720w, https:\/\/isfd21-bue.infd.edu.ar\/sitio\/wp-content\/uploads\/2022\/11\/315267864_1281477522652223_1419612272057729389_n-450x1000.jpg 450w, https:\/\/isfd21-bue.infd.edu.ar\/sitio\/wp-content\/uploads\/2022\/11\/315267864_1281477522652223_1419612272057729389_n-691x1536.jpg 691w\" sizes=\"(max-width: 720px) 100vw, 720px\" \/><\/figure>\n\n\n\n<figure class=\"wp-block-image size-large\"><img decoding=\"async\" loading=\"lazy\" width=\"1600\" height=\"720\" data-id=\"7760\"  src=\"https:\/\/isfd21-bue.infd.edu.ar\/sitio\/wp-content\/uploads\/2022\/11\/315537035_1281477499318892_2584167373980492999_n.jpg\" alt=\"\" class=\"wp-image-7760\" srcset=\"https:\/\/isfd21-bue.infd.edu.ar\/sitio\/wp-content\/uploads\/2022\/11\/315537035_1281477499318892_2584167373980492999_n.jpg 1600w, https:\/\/isfd21-bue.infd.edu.ar\/sitio\/wp-content\/uploads\/2022\/11\/315537035_1281477499318892_2584167373980492999_n-1000x450.jpg 1000w, https:\/\/isfd21-bue.infd.edu.ar\/sitio\/wp-content\/uploads\/2022\/11\/315537035_1281477499318892_2584167373980492999_n-768x346.jpg 768w, https:\/\/isfd21-bue.infd.edu.ar\/sitio\/wp-content\/uploads\/2022\/11\/315537035_1281477499318892_2584167373980492999_n-1536x691.jpg 1536w\" sizes=\"(max-width: 1600px) 100vw, 1600px\" \/><\/figure>\n\n\n\n<figure class=\"wp-block-image size-large\"><img decoding=\"async\" loading=\"lazy\" width=\"1280\" height=\"576\" data-id=\"7761\"  src=\"https:\/\/isfd21-bue.infd.edu.ar\/sitio\/wp-content\/uploads\/2022\/11\/315488855_1281476895985619_6961490885706076522_n.jpg\" alt=\"\" class=\"wp-image-7761\" srcset=\"https:\/\/isfd21-bue.infd.edu.ar\/sitio\/wp-content\/uploads\/2022\/11\/315488855_1281476895985619_6961490885706076522_n.jpg 1280w, https:\/\/isfd21-bue.infd.edu.ar\/sitio\/wp-content\/uploads\/2022\/11\/315488855_1281476895985619_6961490885706076522_n-1000x450.jpg 1000w, https:\/\/isfd21-bue.infd.edu.ar\/sitio\/wp-content\/uploads\/2022\/11\/315488855_1281476895985619_6961490885706076522_n-768x346.jpg 768w\" sizes=\"(max-width: 1280px) 100vw, 1280px\" \/><\/figure>\n<\/figure>\n\n\n\n<hr class=\"wp-block-separator has-css-opacity\"\/>\n\n\n\n<h4 class=\"wp-block-heading\"><strong>ATENCI\u00d3N BIOLOG\u00cdA<\/strong><\/h4>\n\n\n\n<h4 class=\"wp-block-heading\"><em><strong>Las catedras que este a\u00f1o cambiaron de profesor realizaran reuniones para acordar sobre el examen, y el programa .<\/strong><\/em><\/h4>\n\n\n\n<h4 class=\"wp-block-heading\"><em><strong>Profesor Abel klobuk de matem\u00e1tica de primera primera. lunes a las 1630 hrs<\/strong><\/em><\/h4>\n\n\n\n<h4 class=\"wp-block-heading\"><em><strong>Cristian Alejandro martes 15:30 de matem\u00e1tica instrumental De primero segundoa y matem\u00e1tica de segundo a\u00f1o.<\/strong><\/em><\/h4>\n\n\n\n<h4 class=\"wp-block-heading\"><em><strong>Prof.Onainti. mi\u00e9rcoles 13 horas de la perspectiva filos\u00f3fico pedag\u00f3gico did\u00e1ctica de tercer a\u00f1o<\/strong><\/em><\/h4>\n\n\n\n<h4 class=\"wp-block-heading\"><em><strong>Profesor Antonio Restano psicolog\u00eda de segundo a\u00f1o jueves 16 horas.<\/strong><\/em><\/h4>\n\n\n\n<h4 class=\"wp-block-heading\"><em><strong>Profesor Santiago Colombo de Ciencias de la tierra, Viernes 13 30.<\/strong><\/em><\/h4>\n\n\n\n<h4 class=\"wp-block-heading\"><em><strong>El horario de la profesora Mar\u00eda Sarti de Psicolog\u00eda primero primera es los jueves de 13 a 15.<\/strong><\/em><\/h4>\n\n\n\n<hr class=\"wp-block-separator has-css-opacity\"\/>\n\n\n\n<p>11\/11\/22<\/p>\n\n\n\n<h5 class=\"wp-block-heading\"><em><strong>JUEVES 10\/11<\/strong><\/em><\/h5>\n\n\n\n<h5 class=\"wp-block-heading\"><em><strong>ACTO DE COLACI\u00d3N DEL PROFESORADO DE PRIMARIA<\/strong><\/em><img decoding=\"async\" loading=\"lazy\" height=\"20\" width=\"20\" alt=\"&#x1f393;\" src=\"https:\/\/static.xx.fbcdn.net\/images\/emoji.php\/v9\/tfe\/1\/20\/1f393.png\"><img decoding=\"async\" loading=\"lazy\" height=\"20\" width=\"20\" alt=\"&#x1f389;\" src=\"https:\/\/static.xx.fbcdn.net\/images\/emoji.php\/v9\/t65\/1\/20\/1f389.png\"><img decoding=\"async\" loading=\"lazy\" height=\"20\" width=\"20\" alt=\"&#x1f389;\" src=\"https:\/\/static.xx.fbcdn.net\/images\/emoji.php\/v9\/t65\/1\/20\/1f389.png\"><img decoding=\"async\" loading=\"lazy\" height=\"20\" width=\"20\" alt=\"&#x1f393;\" src=\"https:\/\/static.xx.fbcdn.net\/images\/emoji.php\/v9\/tfe\/1\/20\/1f393.png\"><\/h5>\n\n\n\n<h5 class=\"wp-block-heading\"><em><strong>FELICIDADES<\/strong><\/em><img decoding=\"async\" loading=\"lazy\" height=\"20\" width=\"20\" alt=\"&#x1f44f;\" src=\"https:\/\/static.xx.fbcdn.net\/images\/emoji.php\/v9\/td7\/1\/20\/1f44f.png\"><\/h5>\n\n\n\n<figure class=\"wp-block-gallery has-nested-images columns-default is-cropped wp-block-gallery-13 is-layout-flex\">\n<figure class=\"wp-block-image size-large\"><img decoding=\"async\" loading=\"lazy\" width=\"577\" height=\"1280\" data-id=\"7735\"  src=\"https:\/\/isfd21-bue.infd.edu.ar\/sitio\/wp-content\/uploads\/2022\/11\/WhatsApp-Image-2022-11-10-at-8.49.45-PM-2.jpeg\" alt=\"\" class=\"wp-image-7735\" srcset=\"https:\/\/isfd21-bue.infd.edu.ar\/sitio\/wp-content\/uploads\/2022\/11\/WhatsApp-Image-2022-11-10-at-8.49.45-PM-2.jpeg 577w, https:\/\/isfd21-bue.infd.edu.ar\/sitio\/wp-content\/uploads\/2022\/11\/WhatsApp-Image-2022-11-10-at-8.49.45-PM-2-451x1000.jpeg 451w\" sizes=\"(max-width: 577px) 100vw, 577px\" \/><\/figure>\n\n\n\n<figure class=\"wp-block-image size-large\"><img decoding=\"async\" loading=\"lazy\" width=\"900\" height=\"1600\" data-id=\"7736\"  src=\"https:\/\/isfd21-bue.infd.edu.ar\/sitio\/wp-content\/uploads\/2022\/11\/WhatsApp-Image-2022-11-10-at-8.49.44-PM-2-2.jpeg\" alt=\"\" class=\"wp-image-7736\" srcset=\"https:\/\/isfd21-bue.infd.edu.ar\/sitio\/wp-content\/uploads\/2022\/11\/WhatsApp-Image-2022-11-10-at-8.49.44-PM-2-2.jpeg 900w, https:\/\/isfd21-bue.infd.edu.ar\/sitio\/wp-content\/uploads\/2022\/11\/WhatsApp-Image-2022-11-10-at-8.49.44-PM-2-2-563x1000.jpeg 563w, https:\/\/isfd21-bue.infd.edu.ar\/sitio\/wp-content\/uploads\/2022\/11\/WhatsApp-Image-2022-11-10-at-8.49.44-PM-2-2-768x1365.jpeg 768w, https:\/\/isfd21-bue.infd.edu.ar\/sitio\/wp-content\/uploads\/2022\/11\/WhatsApp-Image-2022-11-10-at-8.49.44-PM-2-2-864x1536.jpeg 864w\" sizes=\"(max-width: 900px) 100vw, 900px\" \/><\/figure>\n\n\n\n<figure class=\"wp-block-image size-large\"><img decoding=\"async\" loading=\"lazy\" width=\"1600\" height=\"900\" data-id=\"7737\"  src=\"https:\/\/isfd21-bue.infd.edu.ar\/sitio\/wp-content\/uploads\/2022\/11\/WhatsApp-Image-2022-11-10-at-8.49.44-PM-1-2.jpeg\" alt=\"\" class=\"wp-image-7737\" srcset=\"https:\/\/isfd21-bue.infd.edu.ar\/sitio\/wp-content\/uploads\/2022\/11\/WhatsApp-Image-2022-11-10-at-8.49.44-PM-1-2.jpeg 1600w, https:\/\/isfd21-bue.infd.edu.ar\/sitio\/wp-content\/uploads\/2022\/11\/WhatsApp-Image-2022-11-10-at-8.49.44-PM-1-2-1000x563.jpeg 1000w, https:\/\/isfd21-bue.infd.edu.ar\/sitio\/wp-content\/uploads\/2022\/11\/WhatsApp-Image-2022-11-10-at-8.49.44-PM-1-2-768x432.jpeg 768w, https:\/\/isfd21-bue.infd.edu.ar\/sitio\/wp-content\/uploads\/2022\/11\/WhatsApp-Image-2022-11-10-at-8.49.44-PM-1-2-1536x864.jpeg 1536w\" sizes=\"(max-width: 1600px) 100vw, 1600px\" \/><\/figure>\n\n\n\n<figure class=\"wp-block-image size-large\"><img decoding=\"async\" loading=\"lazy\" width=\"1204\" height=\"1600\" data-id=\"7738\"  src=\"https:\/\/isfd21-bue.infd.edu.ar\/sitio\/wp-content\/uploads\/2022\/11\/WhatsApp-Image-2022-11-10-at-8.49.44-PM-4.jpeg\" alt=\"\" class=\"wp-image-7738\" srcset=\"https:\/\/isfd21-bue.infd.edu.ar\/sitio\/wp-content\/uploads\/2022\/11\/WhatsApp-Image-2022-11-10-at-8.49.44-PM-4.jpeg 1204w, https:\/\/isfd21-bue.infd.edu.ar\/sitio\/wp-content\/uploads\/2022\/11\/WhatsApp-Image-2022-11-10-at-8.49.44-PM-4-753x1000.jpeg 753w, https:\/\/isfd21-bue.infd.edu.ar\/sitio\/wp-content\/uploads\/2022\/11\/WhatsApp-Image-2022-11-10-at-8.49.44-PM-4-768x1021.jpeg 768w, https:\/\/isfd21-bue.infd.edu.ar\/sitio\/wp-content\/uploads\/2022\/11\/WhatsApp-Image-2022-11-10-at-8.49.44-PM-4-1156x1536.jpeg 1156w\" sizes=\"(max-width: 1204px) 100vw, 1204px\" \/><\/figure>\n\n\n\n<figure class=\"wp-block-image size-large\"><img decoding=\"async\" loading=\"lazy\" width=\"1600\" height=\"900\" data-id=\"7739\"  src=\"https:\/\/isfd21-bue.infd.edu.ar\/sitio\/wp-content\/uploads\/2022\/11\/WhatsApp-Image-2022-11-10-at-8.49.43-PM-2-2.jpeg\" alt=\"\" class=\"wp-image-7739\" srcset=\"https:\/\/isfd21-bue.infd.edu.ar\/sitio\/wp-content\/uploads\/2022\/11\/WhatsApp-Image-2022-11-10-at-8.49.43-PM-2-2.jpeg 1600w, https:\/\/isfd21-bue.infd.edu.ar\/sitio\/wp-content\/uploads\/2022\/11\/WhatsApp-Image-2022-11-10-at-8.49.43-PM-2-2-1000x563.jpeg 1000w, https:\/\/isfd21-bue.infd.edu.ar\/sitio\/wp-content\/uploads\/2022\/11\/WhatsApp-Image-2022-11-10-at-8.49.43-PM-2-2-768x432.jpeg 768w, https:\/\/isfd21-bue.infd.edu.ar\/sitio\/wp-content\/uploads\/2022\/11\/WhatsApp-Image-2022-11-10-at-8.49.43-PM-2-2-1536x864.jpeg 1536w\" sizes=\"(max-width: 1600px) 100vw, 1600px\" \/><\/figure>\n\n\n\n<figure class=\"wp-block-image size-large\"><img decoding=\"async\" loading=\"lazy\" width=\"960\" height=\"1280\" data-id=\"7740\"  src=\"https:\/\/isfd21-bue.infd.edu.ar\/sitio\/wp-content\/uploads\/2022\/11\/WhatsApp-Image-2022-11-10-at-8.49.43-PM-1-2.jpeg\" alt=\"\" class=\"wp-image-7740\" srcset=\"https:\/\/isfd21-bue.infd.edu.ar\/sitio\/wp-content\/uploads\/2022\/11\/WhatsApp-Image-2022-11-10-at-8.49.43-PM-1-2.jpeg 960w, https:\/\/isfd21-bue.infd.edu.ar\/sitio\/wp-content\/uploads\/2022\/11\/WhatsApp-Image-2022-11-10-at-8.49.43-PM-1-2-750x1000.jpeg 750w, https:\/\/isfd21-bue.infd.edu.ar\/sitio\/wp-content\/uploads\/2022\/11\/WhatsApp-Image-2022-11-10-at-8.49.43-PM-1-2-768x1024.jpeg 768w\" sizes=\"(max-width: 960px) 100vw, 960px\" \/><\/figure>\n\n\n\n<figure class=\"wp-block-image size-large\"><img decoding=\"async\" loading=\"lazy\" width=\"960\" height=\"1280\" data-id=\"7741\"  src=\"https:\/\/isfd21-bue.infd.edu.ar\/sitio\/wp-content\/uploads\/2022\/11\/WhatsApp-Image-2022-11-10-at-8.49.43-PM-4.jpeg\" alt=\"\" class=\"wp-image-7741\" srcset=\"https:\/\/isfd21-bue.infd.edu.ar\/sitio\/wp-content\/uploads\/2022\/11\/WhatsApp-Image-2022-11-10-at-8.49.43-PM-4.jpeg 960w, https:\/\/isfd21-bue.infd.edu.ar\/sitio\/wp-content\/uploads\/2022\/11\/WhatsApp-Image-2022-11-10-at-8.49.43-PM-4-750x1000.jpeg 750w, https:\/\/isfd21-bue.infd.edu.ar\/sitio\/wp-content\/uploads\/2022\/11\/WhatsApp-Image-2022-11-10-at-8.49.43-PM-4-768x1024.jpeg 768w\" sizes=\"(max-width: 960px) 100vw, 960px\" \/><\/figure>\n\n\n\n<figure class=\"wp-block-image size-large\"><img decoding=\"async\" loading=\"lazy\" width=\"1280\" height=\"960\" data-id=\"7742\"  src=\"https:\/\/isfd21-bue.infd.edu.ar\/sitio\/wp-content\/uploads\/2022\/11\/WhatsApp-Image-2022-11-10-at-8.49.42-PM-1-2.jpeg\" alt=\"\" class=\"wp-image-7742\" srcset=\"https:\/\/isfd21-bue.infd.edu.ar\/sitio\/wp-content\/uploads\/2022\/11\/WhatsApp-Image-2022-11-10-at-8.49.42-PM-1-2.jpeg 1280w, https:\/\/isfd21-bue.infd.edu.ar\/sitio\/wp-content\/uploads\/2022\/11\/WhatsApp-Image-2022-11-10-at-8.49.42-PM-1-2-1000x750.jpeg 1000w, https:\/\/isfd21-bue.infd.edu.ar\/sitio\/wp-content\/uploads\/2022\/11\/WhatsApp-Image-2022-11-10-at-8.49.42-PM-1-2-768x576.jpeg 768w\" sizes=\"(max-width: 1280px) 100vw, 1280px\" \/><\/figure>\n\n\n\n<figure class=\"wp-block-image size-large\"><img decoding=\"async\" loading=\"lazy\" width=\"1280\" height=\"960\" data-id=\"7743\"  src=\"https:\/\/isfd21-bue.infd.edu.ar\/sitio\/wp-content\/uploads\/2022\/11\/WhatsApp-Image-2022-11-10-at-8.49.42-PM-3.jpeg\" alt=\"\" class=\"wp-image-7743\" srcset=\"https:\/\/isfd21-bue.infd.edu.ar\/sitio\/wp-content\/uploads\/2022\/11\/WhatsApp-Image-2022-11-10-at-8.49.42-PM-3.jpeg 1280w, https:\/\/isfd21-bue.infd.edu.ar\/sitio\/wp-content\/uploads\/2022\/11\/WhatsApp-Image-2022-11-10-at-8.49.42-PM-3-1000x750.jpeg 1000w, https:\/\/isfd21-bue.infd.edu.ar\/sitio\/wp-content\/uploads\/2022\/11\/WhatsApp-Image-2022-11-10-at-8.49.42-PM-3-768x576.jpeg 768w\" sizes=\"(max-width: 1280px) 100vw, 1280px\" \/><\/figure>\n\n\n\n<figure class=\"wp-block-image size-large\"><img decoding=\"async\" loading=\"lazy\" width=\"1280\" height=\"960\" data-id=\"7744\"  src=\"https:\/\/isfd21-bue.infd.edu.ar\/sitio\/wp-content\/uploads\/2022\/11\/WhatsApp-Image-2022-11-10-at-8.49.41-PM-1-2.jpeg\" alt=\"\" class=\"wp-image-7744\" srcset=\"https:\/\/isfd21-bue.infd.edu.ar\/sitio\/wp-content\/uploads\/2022\/11\/WhatsApp-Image-2022-11-10-at-8.49.41-PM-1-2.jpeg 1280w, https:\/\/isfd21-bue.infd.edu.ar\/sitio\/wp-content\/uploads\/2022\/11\/WhatsApp-Image-2022-11-10-at-8.49.41-PM-1-2-1000x750.jpeg 1000w, https:\/\/isfd21-bue.infd.edu.ar\/sitio\/wp-content\/uploads\/2022\/11\/WhatsApp-Image-2022-11-10-at-8.49.41-PM-1-2-768x576.jpeg 768w\" sizes=\"(max-width: 1280px) 100vw, 1280px\" \/><\/figure>\n\n\n\n<figure class=\"wp-block-image size-large\"><img decoding=\"async\" loading=\"lazy\" width=\"1600\" height=\"1204\" data-id=\"7745\"  src=\"https:\/\/isfd21-bue.infd.edu.ar\/sitio\/wp-content\/uploads\/2022\/11\/WhatsApp-Image-2022-11-10-at-8.49.41-PM-3.jpeg\" alt=\"\" class=\"wp-image-7745\" srcset=\"https:\/\/isfd21-bue.infd.edu.ar\/sitio\/wp-content\/uploads\/2022\/11\/WhatsApp-Image-2022-11-10-at-8.49.41-PM-3.jpeg 1600w, https:\/\/isfd21-bue.infd.edu.ar\/sitio\/wp-content\/uploads\/2022\/11\/WhatsApp-Image-2022-11-10-at-8.49.41-PM-3-1000x753.jpeg 1000w, https:\/\/isfd21-bue.infd.edu.ar\/sitio\/wp-content\/uploads\/2022\/11\/WhatsApp-Image-2022-11-10-at-8.49.41-PM-3-768x578.jpeg 768w, https:\/\/isfd21-bue.infd.edu.ar\/sitio\/wp-content\/uploads\/2022\/11\/WhatsApp-Image-2022-11-10-at-8.49.41-PM-3-1536x1156.jpeg 1536w\" sizes=\"(max-width: 1600px) 100vw, 1600px\" \/><\/figure>\n<\/figure>\n\n\n\n<p>10\/11\/22<\/p>\n\n\n\n<p><em>Compartimos publicaci\u00f3n de facebook oficial de Direcci\u00f3n Provincial de Educaci\u00f3n Superior.<\/em><\/p>\n\n\n\n<h5 class=\"wp-block-heading\"><em>El 10 de noviembre celebramos el D\u00eda de la Tradici\u00f3n&nbsp;<\/em><\/h5>\n\n\n\n<h5 class=\"wp-block-heading\"><em>La fecha fue elegida porque se recuerda ese d\u00eda el nacimiento de Jos\u00e9 Hern\u00e1ndez, autor de \u201cEl gaucho Mart\u00edn Fierro\u201d, un poema gauchesco publicado en 1872.<\/em><\/h5>\n\n\n\n<h5 class=\"wp-block-heading\"><em>En&nbsp;<a href=\"https:\/\/www.facebook.com\/hashtag\/continuemosestudiando?__eep__=6&amp;__cft__[0]=AZWEOAEiVrDABHnsgY8hvThBY5VWnsq8VTfE8N9o2g2b2vmJhdzwCUgOO8OGcrolG7hEyA6tQPbWjOx-8EvCZH51GZWlPLB6UsvYPlxGVmqNVrEpWiu_9z49foWF5BawUeK8WwklJaeIK2xL_IhG3PsPldysuqd5sen2y3W8vMpNkIpGaMhYF4iGhwILfoyF5HY&amp;__tn__=-U-UK-R\">#ContinuemosEstudiando<\/a>&nbsp;est\u00e1n disponibles los contenidos para pensar y reflexionar con las y los estudiantes sobre nuestro pasado y la vigencia de las tradiciones, apuntando al rescate de nuestra identidad cultural, nacional y popular.<\/em><\/h5>\n\n\n\n<h5 class=\"wp-block-heading\"><em>Pod\u00e9s acceder a los materiales, sin consumo de datos m\u00f3viles, a trav\u00e9s de este link:&nbsp;<a href=\"https:\/\/continuemosestudiando.abc.gob.ar\/contenido\/recursos?fbclid=IwAR1NtKWeXC4H_l2DXdAXUmWYm_wWAK9e4IvnprlzA9QkEXEWHyVcCx38sxw\" rel=\"noreferrer noopener\" target=\"_blank\">https:\/\/continuemosestudiando.abc.gob.ar\/contenido\/recursos<\/a><\/em><\/h5>\n\n\n\n<h5 class=\"wp-block-heading\"><em>Adem\u00e1s, te invitamos a compartir las actividades realizadas en tu escuela para celebrar, conmemorar y aprender sobre este d\u00eda, con el hashtag&nbsp;<a href=\"https:\/\/www.facebook.com\/hashtag\/d%C3%ADadelatradici%C3%B3nenlasescuelaspba?__eep__=6&amp;__cft__[0]=AZWEOAEiVrDABHnsgY8hvThBY5VWnsq8VTfE8N9o2g2b2vmJhdzwCUgOO8OGcrolG7hEyA6tQPbWjOx-8EvCZH51GZWlPLB6UsvYPlxGVmqNVrEpWiu_9z49foWF5BawUeK8WwklJaeIK2xL_IhG3PsPldysuqd5sen2y3W8vMpNkIpGaMhYF4iGhwILfoyF5HY&amp;__tn__=-U-UK-R\">#D\u00edaDeLaTradici\u00f3nEnLasEscuelasPBA<\/a>.<\/em><\/h5>\n\n\n\n<h5 class=\"wp-block-heading\"><em><a href=\"https:\/\/www.facebook.com\/hashtag\/d%C3%ADadelatradici%C3%B3n?__eep__=6&amp;__cft__[0]=AZWEOAEiVrDABHnsgY8hvThBY5VWnsq8VTfE8N9o2g2b2vmJhdzwCUgOO8OGcrolG7hEyA6tQPbWjOx-8EvCZH51GZWlPLB6UsvYPlxGVmqNVrEpWiu_9z49foWF5BawUeK8WwklJaeIK2xL_IhG3PsPldysuqd5sen2y3W8vMpNkIpGaMhYF4iGhwILfoyF5HY&amp;__tn__=-U-UK-R\">#D\u00edaDeLaTradici\u00f3n<\/a>&nbsp;<\/em><\/h5>\n\n\n\n<h5 class=\"wp-block-heading\"><a href=\"https:\/\/www.facebook.com\/hashtag\/educaci%C3%B3np%C3%BAblicadecalidad?__eep__=6&amp;__cft__[0]=AZWEOAEiVrDABHnsgY8hvThBY5VWnsq8VTfE8N9o2g2b2vmJhdzwCUgOO8OGcrolG7hEyA6tQPbWjOx-8EvCZH51GZWlPLB6UsvYPlxGVmqNVrEpWiu_9z49foWF5BawUeK8WwklJaeIK2xL_IhG3PsPldysuqd5sen2y3W8vMpNkIpGaMhYF4iGhwILfoyF5HY&amp;__tn__=-UK-R\"><em>#Educaci\u00f3nP\u00fablicaDeCalidad<\/em><\/a><\/h5>\n\n\n\n<h5 class=\"wp-block-heading\"><a href=\"https:\/\/www.facebook.com\/hashtag\/laprovinciaense%C3%B1a?__eep__=6&amp;__cft__[0]=AZWEOAEiVrDABHnsgY8hvThBY5VWnsq8VTfE8N9o2g2b2vmJhdzwCUgOO8OGcrolG7hEyA6tQPbWjOx-8EvCZH51GZWlPLB6UsvYPlxGVmqNVrEpWiu_9z49foWF5BawUeK8WwklJaeIK2xL_IhG3PsPldysuqd5sen2y3W8vMpNkIpGaMhYF4iGhwILfoyF5HY&amp;__tn__=-UK-R\"><em>#LaProvinciaEnse\u00f1a<\/em><\/a><\/h5>\n\n\n\n<figure class=\"wp-block-image size-large\"><img decoding=\"async\" loading=\"lazy\" width=\"526\" height=\"526\" src=\"https:\/\/isfd21-bue.infd.edu.ar\/sitio\/wp-content\/uploads\/2022\/11\/313970295_564226012370514_8239040278106518124_n.jpg\" alt=\"\" class=\"wp-image-7705\" srcset=\"https:\/\/isfd21-bue.infd.edu.ar\/sitio\/wp-content\/uploads\/2022\/11\/313970295_564226012370514_8239040278106518124_n.jpg 526w, https:\/\/isfd21-bue.infd.edu.ar\/sitio\/wp-content\/uploads\/2022\/11\/313970295_564226012370514_8239040278106518124_n-500x500.jpg 500w\" sizes=\"(max-width: 526px) 100vw, 526px\" \/><\/figure>\n\n\n\n<h5 class=\"wp-block-heading\"><em><strong>MI\u00c9RCOLES 09\/11<\/strong><\/em><\/h5>\n\n\n\n<h5 class=\"wp-block-heading\"><em><strong>ACTO DE COLACI\u00d3N DEL PROFESORADO DE MATEM\u00c1TICA&nbsp;<\/strong><\/em><img decoding=\"async\" loading=\"lazy\" height=\"20\" width=\"20\" alt=\"&#x1f393;\" src=\"https:\/\/static.xx.fbcdn.net\/images\/emoji.php\/v9\/tfe\/1\/20\/1f393.png\"><img decoding=\"async\" loading=\"lazy\" height=\"20\" width=\"20\" alt=\"&#x1f389;\" src=\"https:\/\/static.xx.fbcdn.net\/images\/emoji.php\/v9\/t65\/1\/20\/1f389.png\"><img decoding=\"async\" loading=\"lazy\" height=\"20\" width=\"20\" alt=\"&#x1f389;\" src=\"https:\/\/static.xx.fbcdn.net\/images\/emoji.php\/v9\/t65\/1\/20\/1f389.png\"><img decoding=\"async\" loading=\"lazy\" height=\"20\" width=\"20\" alt=\"&#x1f393;\" src=\"https:\/\/static.xx.fbcdn.net\/images\/emoji.php\/v9\/tfe\/1\/20\/1f393.png\"><\/h5>\n\n\n\n<h5 class=\"wp-block-heading\"><em><strong>FELICIDADES<\/strong><\/em><img decoding=\"async\" loading=\"lazy\" height=\"20\" width=\"20\" alt=\"&#x1f44f;\" src=\"https:\/\/static.xx.fbcdn.net\/images\/emoji.php\/v9\/td7\/1\/20\/1f44f.png\"><\/h5>\n\n\n\n<figure class=\"wp-block-gallery has-nested-images columns-default is-cropped wp-block-gallery-15 is-layout-flex\">\n<figure class=\"wp-block-image size-large\"><img decoding=\"async\" loading=\"lazy\" width=\"1599\" height=\"1200\" data-id=\"7689\"  src=\"https:\/\/isfd21-bue.infd.edu.ar\/sitio\/wp-content\/uploads\/2022\/11\/WhatsApp-Image-2022-11-10-at-2.44.59-PM-1.jpeg\" alt=\"\" class=\"wp-image-7689\" srcset=\"https:\/\/isfd21-bue.infd.edu.ar\/sitio\/wp-content\/uploads\/2022\/11\/WhatsApp-Image-2022-11-10-at-2.44.59-PM-1.jpeg 1599w, https:\/\/isfd21-bue.infd.edu.ar\/sitio\/wp-content\/uploads\/2022\/11\/WhatsApp-Image-2022-11-10-at-2.44.59-PM-1-1000x750.jpeg 1000w, https:\/\/isfd21-bue.infd.edu.ar\/sitio\/wp-content\/uploads\/2022\/11\/WhatsApp-Image-2022-11-10-at-2.44.59-PM-1-768x576.jpeg 768w, https:\/\/isfd21-bue.infd.edu.ar\/sitio\/wp-content\/uploads\/2022\/11\/WhatsApp-Image-2022-11-10-at-2.44.59-PM-1-1536x1153.jpeg 1536w\" sizes=\"(max-width: 1599px) 100vw, 1599px\" \/><\/figure>\n\n\n\n<figure class=\"wp-block-image size-large\"><img decoding=\"async\" loading=\"lazy\" width=\"1599\" height=\"1200\" data-id=\"7690\"  src=\"https:\/\/isfd21-bue.infd.edu.ar\/sitio\/wp-content\/uploads\/2022\/11\/WhatsApp-Image-2022-11-10-at-2.44.59-PM.jpeg\" alt=\"\" class=\"wp-image-7690\" srcset=\"https:\/\/isfd21-bue.infd.edu.ar\/sitio\/wp-content\/uploads\/2022\/11\/WhatsApp-Image-2022-11-10-at-2.44.59-PM.jpeg 1599w, https:\/\/isfd21-bue.infd.edu.ar\/sitio\/wp-content\/uploads\/2022\/11\/WhatsApp-Image-2022-11-10-at-2.44.59-PM-1000x750.jpeg 1000w, https:\/\/isfd21-bue.infd.edu.ar\/sitio\/wp-content\/uploads\/2022\/11\/WhatsApp-Image-2022-11-10-at-2.44.59-PM-768x576.jpeg 768w, https:\/\/isfd21-bue.infd.edu.ar\/sitio\/wp-content\/uploads\/2022\/11\/WhatsApp-Image-2022-11-10-at-2.44.59-PM-1536x1153.jpeg 1536w\" sizes=\"(max-width: 1599px) 100vw, 1599px\" \/><\/figure>\n\n\n\n<figure class=\"wp-block-image size-large\"><img decoding=\"async\" loading=\"lazy\" width=\"1599\" height=\"1200\" data-id=\"7691\"  src=\"https:\/\/isfd21-bue.infd.edu.ar\/sitio\/wp-content\/uploads\/2022\/11\/WhatsApp-Image-2022-11-10-at-2.44.58-PM-2.jpeg\" alt=\"\" class=\"wp-image-7691\" srcset=\"https:\/\/isfd21-bue.infd.edu.ar\/sitio\/wp-content\/uploads\/2022\/11\/WhatsApp-Image-2022-11-10-at-2.44.58-PM-2.jpeg 1599w, https:\/\/isfd21-bue.infd.edu.ar\/sitio\/wp-content\/uploads\/2022\/11\/WhatsApp-Image-2022-11-10-at-2.44.58-PM-2-1000x750.jpeg 1000w, https:\/\/isfd21-bue.infd.edu.ar\/sitio\/wp-content\/uploads\/2022\/11\/WhatsApp-Image-2022-11-10-at-2.44.58-PM-2-768x576.jpeg 768w, https:\/\/isfd21-bue.infd.edu.ar\/sitio\/wp-content\/uploads\/2022\/11\/WhatsApp-Image-2022-11-10-at-2.44.58-PM-2-1536x1153.jpeg 1536w\" sizes=\"(max-width: 1599px) 100vw, 1599px\" \/><\/figure>\n\n\n\n<figure class=\"wp-block-image size-large\"><img decoding=\"async\" loading=\"lazy\" width=\"1599\" height=\"1200\" data-id=\"7692\"  src=\"https:\/\/isfd21-bue.infd.edu.ar\/sitio\/wp-content\/uploads\/2022\/11\/WhatsApp-Image-2022-11-10-at-2.44.58-PM-1.jpeg\" alt=\"\" class=\"wp-image-7692\" srcset=\"https:\/\/isfd21-bue.infd.edu.ar\/sitio\/wp-content\/uploads\/2022\/11\/WhatsApp-Image-2022-11-10-at-2.44.58-PM-1.jpeg 1599w, https:\/\/isfd21-bue.infd.edu.ar\/sitio\/wp-content\/uploads\/2022\/11\/WhatsApp-Image-2022-11-10-at-2.44.58-PM-1-1000x750.jpeg 1000w, https:\/\/isfd21-bue.infd.edu.ar\/sitio\/wp-content\/uploads\/2022\/11\/WhatsApp-Image-2022-11-10-at-2.44.58-PM-1-768x576.jpeg 768w, https:\/\/isfd21-bue.infd.edu.ar\/sitio\/wp-content\/uploads\/2022\/11\/WhatsApp-Image-2022-11-10-at-2.44.58-PM-1-1536x1153.jpeg 1536w\" sizes=\"(max-width: 1599px) 100vw, 1599px\" \/><\/figure>\n\n\n\n<figure class=\"wp-block-image size-large\"><img decoding=\"async\" loading=\"lazy\" width=\"1200\" height=\"1599\" data-id=\"7693\"  src=\"https:\/\/isfd21-bue.infd.edu.ar\/sitio\/wp-content\/uploads\/2022\/11\/WhatsApp-Image-2022-11-10-at-2.44.58-PM.jpeg\" alt=\"\" class=\"wp-image-7693\" srcset=\"https:\/\/isfd21-bue.infd.edu.ar\/sitio\/wp-content\/uploads\/2022\/11\/WhatsApp-Image-2022-11-10-at-2.44.58-PM.jpeg 1200w, https:\/\/isfd21-bue.infd.edu.ar\/sitio\/wp-content\/uploads\/2022\/11\/WhatsApp-Image-2022-11-10-at-2.44.58-PM-750x1000.jpeg 750w, https:\/\/isfd21-bue.infd.edu.ar\/sitio\/wp-content\/uploads\/2022\/11\/WhatsApp-Image-2022-11-10-at-2.44.58-PM-768x1023.jpeg 768w, https:\/\/isfd21-bue.infd.edu.ar\/sitio\/wp-content\/uploads\/2022\/11\/WhatsApp-Image-2022-11-10-at-2.44.58-PM-1153x1536.jpeg 1153w\" sizes=\"(max-width: 1200px) 100vw, 1200px\" \/><\/figure>\n\n\n\n<figure class=\"wp-block-image size-large\"><img decoding=\"async\" loading=\"lazy\" width=\"1599\" height=\"1200\" data-id=\"7694\"  src=\"https:\/\/isfd21-bue.infd.edu.ar\/sitio\/wp-content\/uploads\/2022\/11\/WhatsApp-Image-2022-11-10-at-2.44.57-PM.jpeg\" alt=\"\" class=\"wp-image-7694\" srcset=\"https:\/\/isfd21-bue.infd.edu.ar\/sitio\/wp-content\/uploads\/2022\/11\/WhatsApp-Image-2022-11-10-at-2.44.57-PM.jpeg 1599w, https:\/\/isfd21-bue.infd.edu.ar\/sitio\/wp-content\/uploads\/2022\/11\/WhatsApp-Image-2022-11-10-at-2.44.57-PM-1000x750.jpeg 1000w, https:\/\/isfd21-bue.infd.edu.ar\/sitio\/wp-content\/uploads\/2022\/11\/WhatsApp-Image-2022-11-10-at-2.44.57-PM-768x576.jpeg 768w, https:\/\/isfd21-bue.infd.edu.ar\/sitio\/wp-content\/uploads\/2022\/11\/WhatsApp-Image-2022-11-10-at-2.44.57-PM-1536x1153.jpeg 1536w\" sizes=\"(max-width: 1599px) 100vw, 1599px\" \/><\/figure>\n\n\n\n<figure class=\"wp-block-image size-large\"><img decoding=\"async\" loading=\"lazy\" width=\"1600\" height=\"900\" data-id=\"7695\"  src=\"https:\/\/isfd21-bue.infd.edu.ar\/sitio\/wp-content\/uploads\/2022\/11\/WhatsApp-Image-2022-11-10-at-2.44.56-PM-2.jpeg\" alt=\"\" class=\"wp-image-7695\" srcset=\"https:\/\/isfd21-bue.infd.edu.ar\/sitio\/wp-content\/uploads\/2022\/11\/WhatsApp-Image-2022-11-10-at-2.44.56-PM-2.jpeg 1600w, https:\/\/isfd21-bue.infd.edu.ar\/sitio\/wp-content\/uploads\/2022\/11\/WhatsApp-Image-2022-11-10-at-2.44.56-PM-2-1000x563.jpeg 1000w, https:\/\/isfd21-bue.infd.edu.ar\/sitio\/wp-content\/uploads\/2022\/11\/WhatsApp-Image-2022-11-10-at-2.44.56-PM-2-768x432.jpeg 768w, https:\/\/isfd21-bue.infd.edu.ar\/sitio\/wp-content\/uploads\/2022\/11\/WhatsApp-Image-2022-11-10-at-2.44.56-PM-2-1536x864.jpeg 1536w\" sizes=\"(max-width: 1600px) 100vw, 1600px\" \/><\/figure>\n\n\n\n<figure class=\"wp-block-image size-large\"><img decoding=\"async\" loading=\"lazy\" width=\"1600\" height=\"900\" data-id=\"7696\"  src=\"https:\/\/isfd21-bue.infd.edu.ar\/sitio\/wp-content\/uploads\/2022\/11\/WhatsApp-Image-2022-11-10-at-2.44.56-PM-1.jpeg\" alt=\"\" class=\"wp-image-7696\" srcset=\"https:\/\/isfd21-bue.infd.edu.ar\/sitio\/wp-content\/uploads\/2022\/11\/WhatsApp-Image-2022-11-10-at-2.44.56-PM-1.jpeg 1600w, https:\/\/isfd21-bue.infd.edu.ar\/sitio\/wp-content\/uploads\/2022\/11\/WhatsApp-Image-2022-11-10-at-2.44.56-PM-1-1000x563.jpeg 1000w, https:\/\/isfd21-bue.infd.edu.ar\/sitio\/wp-content\/uploads\/2022\/11\/WhatsApp-Image-2022-11-10-at-2.44.56-PM-1-768x432.jpeg 768w, https:\/\/isfd21-bue.infd.edu.ar\/sitio\/wp-content\/uploads\/2022\/11\/WhatsApp-Image-2022-11-10-at-2.44.56-PM-1-1536x864.jpeg 1536w\" sizes=\"(max-width: 1600px) 100vw, 1600px\" \/><\/figure>\n\n\n\n<figure class=\"wp-block-image size-large\"><img decoding=\"async\" loading=\"lazy\" width=\"1280\" height=\"720\" data-id=\"7697\"  src=\"https:\/\/isfd21-bue.infd.edu.ar\/sitio\/wp-content\/uploads\/2022\/11\/WhatsApp-Image-2022-11-10-at-2.44.56-PM.jpeg\" alt=\"\" class=\"wp-image-7697\" srcset=\"https:\/\/isfd21-bue.infd.edu.ar\/sitio\/wp-content\/uploads\/2022\/11\/WhatsApp-Image-2022-11-10-at-2.44.56-PM.jpeg 1280w, https:\/\/isfd21-bue.infd.edu.ar\/sitio\/wp-content\/uploads\/2022\/11\/WhatsApp-Image-2022-11-10-at-2.44.56-PM-1000x563.jpeg 1000w, https:\/\/isfd21-bue.infd.edu.ar\/sitio\/wp-content\/uploads\/2022\/11\/WhatsApp-Image-2022-11-10-at-2.44.56-PM-768x432.jpeg 768w\" sizes=\"(max-width: 1280px) 100vw, 1280px\" \/><\/figure>\n\n\n\n<figure class=\"wp-block-image size-large\"><img decoding=\"async\" loading=\"lazy\" width=\"1280\" height=\"720\" data-id=\"7698\"  src=\"https:\/\/isfd21-bue.infd.edu.ar\/sitio\/wp-content\/uploads\/2022\/11\/WhatsApp-Image-2022-11-10-at-2.44.55-PM-2.jpeg\" alt=\"\" class=\"wp-image-7698\" srcset=\"https:\/\/isfd21-bue.infd.edu.ar\/sitio\/wp-content\/uploads\/2022\/11\/WhatsApp-Image-2022-11-10-at-2.44.55-PM-2.jpeg 1280w, https:\/\/isfd21-bue.infd.edu.ar\/sitio\/wp-content\/uploads\/2022\/11\/WhatsApp-Image-2022-11-10-at-2.44.55-PM-2-1000x563.jpeg 1000w, https:\/\/isfd21-bue.infd.edu.ar\/sitio\/wp-content\/uploads\/2022\/11\/WhatsApp-Image-2022-11-10-at-2.44.55-PM-2-768x432.jpeg 768w\" sizes=\"(max-width: 1280px) 100vw, 1280px\" \/><\/figure>\n\n\n\n<figure class=\"wp-block-image size-large\"><img decoding=\"async\" loading=\"lazy\" width=\"720\" height=\"1280\" data-id=\"7699\"  src=\"https:\/\/isfd21-bue.infd.edu.ar\/sitio\/wp-content\/uploads\/2022\/11\/WhatsApp-Image-2022-11-10-at-2.44.55-PM-1.jpeg\" alt=\"\" class=\"wp-image-7699\" srcset=\"https:\/\/isfd21-bue.infd.edu.ar\/sitio\/wp-content\/uploads\/2022\/11\/WhatsApp-Image-2022-11-10-at-2.44.55-PM-1.jpeg 720w, https:\/\/isfd21-bue.infd.edu.ar\/sitio\/wp-content\/uploads\/2022\/11\/WhatsApp-Image-2022-11-10-at-2.44.55-PM-1-563x1000.jpeg 563w\" sizes=\"(max-width: 720px) 100vw, 720px\" \/><\/figure>\n\n\n\n<figure class=\"wp-block-image size-large\"><img decoding=\"async\" loading=\"lazy\" width=\"720\" height=\"1280\" data-id=\"7700\"  src=\"https:\/\/isfd21-bue.infd.edu.ar\/sitio\/wp-content\/uploads\/2022\/11\/WhatsApp-Image-2022-11-10-at-2.44.55-PM.jpeg\" alt=\"\" class=\"wp-image-7700\" srcset=\"https:\/\/isfd21-bue.infd.edu.ar\/sitio\/wp-content\/uploads\/2022\/11\/WhatsApp-Image-2022-11-10-at-2.44.55-PM.jpeg 720w, https:\/\/isfd21-bue.infd.edu.ar\/sitio\/wp-content\/uploads\/2022\/11\/WhatsApp-Image-2022-11-10-at-2.44.55-PM-563x1000.jpeg 563w\" sizes=\"(max-width: 720px) 100vw, 720px\" \/><\/figure>\n\n\n\n<figure class=\"wp-block-image size-large\"><img decoding=\"async\" loading=\"lazy\" width=\"1280\" height=\"720\" data-id=\"7701\"  src=\"https:\/\/isfd21-bue.infd.edu.ar\/sitio\/wp-content\/uploads\/2022\/11\/WhatsApp-Image-2022-11-10-at-2.44.54-PM-1.jpeg\" alt=\"\" class=\"wp-image-7701\" srcset=\"https:\/\/isfd21-bue.infd.edu.ar\/sitio\/wp-content\/uploads\/2022\/11\/WhatsApp-Image-2022-11-10-at-2.44.54-PM-1.jpeg 1280w, https:\/\/isfd21-bue.infd.edu.ar\/sitio\/wp-content\/uploads\/2022\/11\/WhatsApp-Image-2022-11-10-at-2.44.54-PM-1-1000x563.jpeg 1000w, https:\/\/isfd21-bue.infd.edu.ar\/sitio\/wp-content\/uploads\/2022\/11\/WhatsApp-Image-2022-11-10-at-2.44.54-PM-1-768x432.jpeg 768w\" sizes=\"(max-width: 1280px) 100vw, 1280px\" \/><\/figure>\n\n\n\n<figure class=\"wp-block-image size-large\"><img decoding=\"async\" loading=\"lazy\" width=\"1280\" height=\"720\" data-id=\"7702\"  src=\"https:\/\/isfd21-bue.infd.edu.ar\/sitio\/wp-content\/uploads\/2022\/11\/WhatsApp-Image-2022-11-10-at-2.44.54-PM.jpeg\" alt=\"\" class=\"wp-image-7702\" srcset=\"https:\/\/isfd21-bue.infd.edu.ar\/sitio\/wp-content\/uploads\/2022\/11\/WhatsApp-Image-2022-11-10-at-2.44.54-PM.jpeg 1280w, https:\/\/isfd21-bue.infd.edu.ar\/sitio\/wp-content\/uploads\/2022\/11\/WhatsApp-Image-2022-11-10-at-2.44.54-PM-1000x563.jpeg 1000w, https:\/\/isfd21-bue.infd.edu.ar\/sitio\/wp-content\/uploads\/2022\/11\/WhatsApp-Image-2022-11-10-at-2.44.54-PM-768x432.jpeg 768w\" sizes=\"(max-width: 1280px) 100vw, 1280px\" \/><\/figure>\n\n\n\n<figure class=\"wp-block-image size-large\"><img decoding=\"async\" loading=\"lazy\" width=\"1280\" height=\"720\" data-id=\"7703\"  src=\"https:\/\/isfd21-bue.infd.edu.ar\/sitio\/wp-content\/uploads\/2022\/11\/WhatsApp-Image-2022-11-10-at-2.44.53-PM-1.jpeg\" alt=\"\" class=\"wp-image-7703\" srcset=\"https:\/\/isfd21-bue.infd.edu.ar\/sitio\/wp-content\/uploads\/2022\/11\/WhatsApp-Image-2022-11-10-at-2.44.53-PM-1.jpeg 1280w, https:\/\/isfd21-bue.infd.edu.ar\/sitio\/wp-content\/uploads\/2022\/11\/WhatsApp-Image-2022-11-10-at-2.44.53-PM-1-1000x563.jpeg 1000w, https:\/\/isfd21-bue.infd.edu.ar\/sitio\/wp-content\/uploads\/2022\/11\/WhatsApp-Image-2022-11-10-at-2.44.53-PM-1-768x432.jpeg 768w\" sizes=\"(max-width: 1280px) 100vw, 1280px\" \/><\/figure>\n\n\n\n<figure class=\"wp-block-image size-large\"><img decoding=\"async\" loading=\"lazy\" width=\"720\" height=\"1280\" data-id=\"7704\"  src=\"https:\/\/isfd21-bue.infd.edu.ar\/sitio\/wp-content\/uploads\/2022\/11\/WhatsApp-Image-2022-11-10-at-2.44.53-PM.jpeg\" alt=\"\" class=\"wp-image-7704\" srcset=\"https:\/\/isfd21-bue.infd.edu.ar\/sitio\/wp-content\/uploads\/2022\/11\/WhatsApp-Image-2022-11-10-at-2.44.53-PM.jpeg 720w, https:\/\/isfd21-bue.infd.edu.ar\/sitio\/wp-content\/uploads\/2022\/11\/WhatsApp-Image-2022-11-10-at-2.44.53-PM-563x1000.jpeg 563w\" sizes=\"(max-width: 720px) 100vw, 720px\" \/><\/figure>\n<\/figure>\n\n\n\n<p><em><strong>COMPARTIMOS CRONOGRAMA DE ODES (OLIMPIADAS DE DIRECCI\u00d3N DE EDUCACI\u00d3N SUPERIOR)<\/strong><\/em><\/p>\n\n\n\n<figure class=\"wp-block-gallery has-nested-images columns-default is-cropped wp-block-gallery-17 is-layout-flex\">\n<figure class=\"wp-block-image size-large\"><img decoding=\"async\" loading=\"lazy\" width=\"164\" height=\"126\" data-id=\"7677\"  src=\"https:\/\/isfd21-bue.infd.edu.ar\/sitio\/wp-content\/uploads\/2022\/11\/WhatsApp-Image-2022-11-10-at-9.17.58-AM-1.jpeg\" alt=\"\" class=\"wp-image-7677\"\/><\/figure>\n\n\n\n<figure class=\"wp-block-image size-large\"><img decoding=\"async\" loading=\"lazy\" width=\"500\" height=\"160\" data-id=\"7678\"  src=\"https:\/\/isfd21-bue.infd.edu.ar\/sitio\/wp-content\/uploads\/2022\/11\/WhatsApp-Image-2022-11-10-at-9.17.58-AM.jpeg\" alt=\"\" class=\"wp-image-7678\"\/><\/figure>\n\n\n\n<figure class=\"wp-block-image size-large\"><img decoding=\"async\" loading=\"lazy\" width=\"556\" height=\"160\" data-id=\"7679\"  src=\"https:\/\/isfd21-bue.infd.edu.ar\/sitio\/wp-content\/uploads\/2022\/11\/WhatsApp-Image-2022-11-10-at-9.17.57-AM-1.jpeg\" alt=\"\" class=\"wp-image-7679\"\/><\/figure>\n\n\n\n<figure class=\"wp-block-image size-large\"><img decoding=\"async\" loading=\"lazy\" width=\"418\" height=\"58\" data-id=\"7680\"  src=\"https:\/\/isfd21-bue.infd.edu.ar\/sitio\/wp-content\/uploads\/2022\/11\/WhatsApp-Image-2022-11-10-at-9.17.57-AM.jpeg\" alt=\"\" class=\"wp-image-7680\"\/><\/figure>\n\n\n\n<figure class=\"wp-block-image size-large\"><img decoding=\"async\" loading=\"lazy\" width=\"360\" height=\"75\" data-id=\"7681\"  src=\"https:\/\/isfd21-bue.infd.edu.ar\/sitio\/wp-content\/uploads\/2022\/11\/WhatsApp-Image-2022-11-10-at-9.17.56-AM.jpeg\" alt=\"\" class=\"wp-image-7681\"\/><\/figure>\n\n\n\n<figure class=\"wp-block-image size-large\"><img decoding=\"async\" loading=\"lazy\" width=\"408\" height=\"75\" data-id=\"7682\"  src=\"https:\/\/isfd21-bue.infd.edu.ar\/sitio\/wp-content\/uploads\/2022\/11\/WhatsApp-Image-2022-11-10-at-9.17.54-AM.jpeg\" alt=\"\" class=\"wp-image-7682\"\/><\/figure>\n\n\n\n<figure class=\"wp-block-image size-large\"><img decoding=\"async\" loading=\"lazy\" width=\"418\" height=\"59\" data-id=\"7683\"  src=\"https:\/\/isfd21-bue.infd.edu.ar\/sitio\/wp-content\/uploads\/2022\/11\/WhatsApp-Image-2022-11-10-at-9.17.53-AM.jpeg\" alt=\"\" class=\"wp-image-7683\"\/><\/figure>\n\n\n\n<figure class=\"wp-block-image size-large\"><img decoding=\"async\" loading=\"lazy\" width=\"348\" height=\"111\" data-id=\"7684\"  src=\"https:\/\/isfd21-bue.infd.edu.ar\/sitio\/wp-content\/uploads\/2022\/11\/WhatsApp-Image-2022-11-10-at-9.17.52-AM.jpeg\" alt=\"\" class=\"wp-image-7684\"\/><\/figure>\n<\/figure>\n\n\n\n<p>09\/11\/22<\/p>\n\n\n\n<h4 class=\"has-medium-font-size wp-block-heading\"><em><strong>MARTES 08\/11<\/strong><\/em><\/h4>\n\n\n\n<h4 class=\"has-medium-font-size wp-block-heading\"><em><strong>ACTO DE COLACI\u00d3N DEL PROFESORADO DE LENGUA Y LITERATURA&nbsp;<\/strong><\/em><img decoding=\"async\" loading=\"lazy\" height=\"20\" width=\"20\" alt=\"&#x1f393;\" src=\"https:\/\/static.xx.fbcdn.net\/images\/emoji.php\/v9\/tfe\/1\/20\/1f393.png\"><img decoding=\"async\" loading=\"lazy\" height=\"20\" width=\"20\" alt=\"&#x1f389;\" src=\"https:\/\/static.xx.fbcdn.net\/images\/emoji.php\/v9\/t65\/1\/20\/1f389.png\"><img decoding=\"async\" loading=\"lazy\" height=\"20\" width=\"20\" alt=\"&#x1f389;\" src=\"https:\/\/static.xx.fbcdn.net\/images\/emoji.php\/v9\/t65\/1\/20\/1f389.png\"><img decoding=\"async\" loading=\"lazy\" height=\"20\" width=\"20\" alt=\"&#x1f393;\" src=\"https:\/\/static.xx.fbcdn.net\/images\/emoji.php\/v9\/tfe\/1\/20\/1f393.png\"><\/h4>\n\n\n\n<h4 class=\"has-medium-font-size wp-block-heading\"><em><strong>FELICIDADES<\/strong><\/em><img decoding=\"async\" loading=\"lazy\" height=\"20\" width=\"20\" alt=\"&#x1f44f;\" src=\"https:\/\/static.xx.fbcdn.net\/images\/emoji.php\/v9\/td7\/1\/20\/1f44f.png\"><\/h4>\n\n\n\n<figure class=\"wp-block-gallery has-nested-images columns-default is-cropped wp-block-gallery-19 is-layout-flex\">\n<figure class=\"wp-block-image size-large\"><img decoding=\"async\" loading=\"lazy\" width=\"1280\" height=\"960\" data-id=\"7664\"  src=\"https:\/\/isfd21-bue.infd.edu.ar\/sitio\/wp-content\/uploads\/2022\/11\/WhatsApp-Image-2022-11-09-at-1.23.02-PM-1.jpeg\" alt=\"\" class=\"wp-image-7664\" srcset=\"https:\/\/isfd21-bue.infd.edu.ar\/sitio\/wp-content\/uploads\/2022\/11\/WhatsApp-Image-2022-11-09-at-1.23.02-PM-1.jpeg 1280w, https:\/\/isfd21-bue.infd.edu.ar\/sitio\/wp-content\/uploads\/2022\/11\/WhatsApp-Image-2022-11-09-at-1.23.02-PM-1-1000x750.jpeg 1000w, https:\/\/isfd21-bue.infd.edu.ar\/sitio\/wp-content\/uploads\/2022\/11\/WhatsApp-Image-2022-11-09-at-1.23.02-PM-1-768x576.jpeg 768w\" sizes=\"(max-width: 1280px) 100vw, 1280px\" \/><\/figure>\n\n\n\n<figure class=\"wp-block-image size-large\"><img decoding=\"async\" loading=\"lazy\" width=\"960\" height=\"1280\" data-id=\"7665\"  src=\"https:\/\/isfd21-bue.infd.edu.ar\/sitio\/wp-content\/uploads\/2022\/11\/WhatsApp-Image-2022-11-09-at-1.23.02-PM.jpeg\" alt=\"\" class=\"wp-image-7665\" srcset=\"https:\/\/isfd21-bue.infd.edu.ar\/sitio\/wp-content\/uploads\/2022\/11\/WhatsApp-Image-2022-11-09-at-1.23.02-PM.jpeg 960w, https:\/\/isfd21-bue.infd.edu.ar\/sitio\/wp-content\/uploads\/2022\/11\/WhatsApp-Image-2022-11-09-at-1.23.02-PM-750x1000.jpeg 750w, https:\/\/isfd21-bue.infd.edu.ar\/sitio\/wp-content\/uploads\/2022\/11\/WhatsApp-Image-2022-11-09-at-1.23.02-PM-768x1024.jpeg 768w\" sizes=\"(max-width: 960px) 100vw, 960px\" \/><\/figure>\n\n\n\n<figure class=\"wp-block-image size-large\"><img decoding=\"async\" loading=\"lazy\" width=\"1280\" height=\"960\" data-id=\"7666\"  src=\"https:\/\/isfd21-bue.infd.edu.ar\/sitio\/wp-content\/uploads\/2022\/11\/WhatsApp-Image-2022-11-09-at-1.23.01-PM-1.jpeg\" alt=\"\" class=\"wp-image-7666\" srcset=\"https:\/\/isfd21-bue.infd.edu.ar\/sitio\/wp-content\/uploads\/2022\/11\/WhatsApp-Image-2022-11-09-at-1.23.01-PM-1.jpeg 1280w, https:\/\/isfd21-bue.infd.edu.ar\/sitio\/wp-content\/uploads\/2022\/11\/WhatsApp-Image-2022-11-09-at-1.23.01-PM-1-1000x750.jpeg 1000w, https:\/\/isfd21-bue.infd.edu.ar\/sitio\/wp-content\/uploads\/2022\/11\/WhatsApp-Image-2022-11-09-at-1.23.01-PM-1-768x576.jpeg 768w\" sizes=\"(max-width: 1280px) 100vw, 1280px\" \/><\/figure>\n\n\n\n<figure class=\"wp-block-image size-large\"><img decoding=\"async\" loading=\"lazy\" width=\"1280\" height=\"960\" data-id=\"7667\"  src=\"https:\/\/isfd21-bue.infd.edu.ar\/sitio\/wp-content\/uploads\/2022\/11\/WhatsApp-Image-2022-11-09-at-1.23.01-PM.jpeg\" alt=\"\" class=\"wp-image-7667\" srcset=\"https:\/\/isfd21-bue.infd.edu.ar\/sitio\/wp-content\/uploads\/2022\/11\/WhatsApp-Image-2022-11-09-at-1.23.01-PM.jpeg 1280w, https:\/\/isfd21-bue.infd.edu.ar\/sitio\/wp-content\/uploads\/2022\/11\/WhatsApp-Image-2022-11-09-at-1.23.01-PM-1000x750.jpeg 1000w, https:\/\/isfd21-bue.infd.edu.ar\/sitio\/wp-content\/uploads\/2022\/11\/WhatsApp-Image-2022-11-09-at-1.23.01-PM-768x576.jpeg 768w\" sizes=\"(max-width: 1280px) 100vw, 1280px\" \/><\/figure>\n<\/figure>\n\n\n\n<p>08\/11\/22<\/p>\n\n\n\n<h4 class=\"wp-block-heading\"><em><strong>INICIARON LOS ACTOS DE COLACI\u00d3N<\/strong><\/em><\/h4>\n\n\n\n<h4 class=\"wp-block-heading\"><em><strong>LUNES 07\/11, ACTOS DE COLACI\u00d3N DE LOS PROFESORADOS DE:<\/strong><\/em><\/h4>\n\n\n\n<h4 class=\"wp-block-heading\"><em><strong>HISTORIA<\/strong><\/em><\/h4>\n\n\n\n<h4 class=\"wp-block-heading\"><em><strong>GEOGRAF\u00cdA<\/strong><\/em><\/h4>\n\n\n\n<h4 class=\"wp-block-heading\"><em><strong>FILOSOF\u00cdA<\/strong><\/em><\/h4>\n\n\n\n<figure class=\"wp-block-gallery has-nested-images columns-default is-cropped wp-block-gallery-21 is-layout-flex\">\n<figure class=\"wp-block-image size-large\"><img decoding=\"async\" loading=\"lazy\" width=\"1200\" height=\"1600\" data-id=\"7642\"  src=\"https:\/\/isfd21-bue.infd.edu.ar\/sitio\/wp-content\/uploads\/2022\/11\/WhatsApp-Image-2022-11-08-at-5.30.33-PM.jpeg\" alt=\"\" class=\"wp-image-7642\" srcset=\"https:\/\/isfd21-bue.infd.edu.ar\/sitio\/wp-content\/uploads\/2022\/11\/WhatsApp-Image-2022-11-08-at-5.30.33-PM.jpeg 1200w, https:\/\/isfd21-bue.infd.edu.ar\/sitio\/wp-content\/uploads\/2022\/11\/WhatsApp-Image-2022-11-08-at-5.30.33-PM-750x1000.jpeg 750w, https:\/\/isfd21-bue.infd.edu.ar\/sitio\/wp-content\/uploads\/2022\/11\/WhatsApp-Image-2022-11-08-at-5.30.33-PM-768x1024.jpeg 768w, https:\/\/isfd21-bue.infd.edu.ar\/sitio\/wp-content\/uploads\/2022\/11\/WhatsApp-Image-2022-11-08-at-5.30.33-PM-1152x1536.jpeg 1152w\" sizes=\"(max-width: 1200px) 100vw, 1200px\" \/><\/figure>\n\n\n\n<figure class=\"wp-block-image size-large\"><img decoding=\"async\" loading=\"lazy\" width=\"1200\" height=\"1600\" data-id=\"7643\"  src=\"https:\/\/isfd21-bue.infd.edu.ar\/sitio\/wp-content\/uploads\/2022\/11\/WhatsApp-Image-2022-11-08-at-5.30.32-PM-1.jpeg\" alt=\"\" class=\"wp-image-7643\" srcset=\"https:\/\/isfd21-bue.infd.edu.ar\/sitio\/wp-content\/uploads\/2022\/11\/WhatsApp-Image-2022-11-08-at-5.30.32-PM-1.jpeg 1200w, https:\/\/isfd21-bue.infd.edu.ar\/sitio\/wp-content\/uploads\/2022\/11\/WhatsApp-Image-2022-11-08-at-5.30.32-PM-1-750x1000.jpeg 750w, https:\/\/isfd21-bue.infd.edu.ar\/sitio\/wp-content\/uploads\/2022\/11\/WhatsApp-Image-2022-11-08-at-5.30.32-PM-1-768x1024.jpeg 768w, https:\/\/isfd21-bue.infd.edu.ar\/sitio\/wp-content\/uploads\/2022\/11\/WhatsApp-Image-2022-11-08-at-5.30.32-PM-1-1152x1536.jpeg 1152w\" sizes=\"(max-width: 1200px) 100vw, 1200px\" \/><\/figure>\n\n\n\n<figure class=\"wp-block-image size-large\"><img decoding=\"async\" loading=\"lazy\" width=\"1600\" height=\"1200\" data-id=\"7644\"  src=\"https:\/\/isfd21-bue.infd.edu.ar\/sitio\/wp-content\/uploads\/2022\/11\/WhatsApp-Image-2022-11-08-at-5.30.32-PM.jpeg\" alt=\"\" class=\"wp-image-7644\" srcset=\"https:\/\/isfd21-bue.infd.edu.ar\/sitio\/wp-content\/uploads\/2022\/11\/WhatsApp-Image-2022-11-08-at-5.30.32-PM.jpeg 1600w, https:\/\/isfd21-bue.infd.edu.ar\/sitio\/wp-content\/uploads\/2022\/11\/WhatsApp-Image-2022-11-08-at-5.30.32-PM-1000x750.jpeg 1000w, https:\/\/isfd21-bue.infd.edu.ar\/sitio\/wp-content\/uploads\/2022\/11\/WhatsApp-Image-2022-11-08-at-5.30.32-PM-768x576.jpeg 768w, https:\/\/isfd21-bue.infd.edu.ar\/sitio\/wp-content\/uploads\/2022\/11\/WhatsApp-Image-2022-11-08-at-5.30.32-PM-1536x1152.jpeg 1536w\" sizes=\"(max-width: 1600px) 100vw, 1600px\" \/><\/figure>\n\n\n\n<figure class=\"wp-block-image size-large\"><img decoding=\"async\" loading=\"lazy\" width=\"1600\" height=\"1200\" data-id=\"7645\"  src=\"https:\/\/isfd21-bue.infd.edu.ar\/sitio\/wp-content\/uploads\/2022\/11\/WhatsApp-Image-2022-11-08-at-5.30.31-PM-2.jpeg\" alt=\"\" class=\"wp-image-7645\" srcset=\"https:\/\/isfd21-bue.infd.edu.ar\/sitio\/wp-content\/uploads\/2022\/11\/WhatsApp-Image-2022-11-08-at-5.30.31-PM-2.jpeg 1600w, https:\/\/isfd21-bue.infd.edu.ar\/sitio\/wp-content\/uploads\/2022\/11\/WhatsApp-Image-2022-11-08-at-5.30.31-PM-2-1000x750.jpeg 1000w, https:\/\/isfd21-bue.infd.edu.ar\/sitio\/wp-content\/uploads\/2022\/11\/WhatsApp-Image-2022-11-08-at-5.30.31-PM-2-768x576.jpeg 768w, https:\/\/isfd21-bue.infd.edu.ar\/sitio\/wp-content\/uploads\/2022\/11\/WhatsApp-Image-2022-11-08-at-5.30.31-PM-2-1536x1152.jpeg 1536w\" sizes=\"(max-width: 1600px) 100vw, 1600px\" \/><\/figure>\n\n\n\n<figure class=\"wp-block-image size-large\"><img decoding=\"async\" src=\"blob:https:\/\/isfd21-bue.infd.edu.ar\/5546d3e6-1ed5-4d34-8f25-306e52c54e00\" alt=\"\"\/><\/figure>\n\n\n\n<figure class=\"wp-block-image size-large\"><img decoding=\"async\" src=\"blob:https:\/\/isfd21-bue.infd.edu.ar\/1fb70393-e20b-4f38-b91c-4ab9b3911f6b\" alt=\"\"\/><\/figure>\n\n\n\n<figure class=\"wp-block-image size-large\"><img decoding=\"async\" src=\"blob:https:\/\/isfd21-bue.infd.edu.ar\/076fb689-6ce2-4df6-bcc4-754683208ef9\" alt=\"\"\/><\/figure>\n\n\n\n<figure class=\"wp-block-image size-large\"><img decoding=\"async\" src=\"blob:https:\/\/isfd21-bue.infd.edu.ar\/d4c34031-3aca-430b-a197-b57395fe4de5\" alt=\"\"\/><\/figure>\n\n\n\n<figure class=\"wp-block-image size-large\"><img decoding=\"async\" src=\"blob:https:\/\/isfd21-bue.infd.edu.ar\/3056cde1-4913-4ed0-b0f9-e7d9594ad1bb\" alt=\"\"\/><\/figure>\n\n\n\n<figure class=\"wp-block-image size-large\"><img decoding=\"async\" src=\"blob:https:\/\/isfd21-bue.infd.edu.ar\/34e4e62a-c0f1-4c6c-b343-ef91f4926dba\" alt=\"\"\/><\/figure>\n\n\n\n<figure class=\"wp-block-image size-large\"><img decoding=\"async\" src=\"blob:https:\/\/isfd21-bue.infd.edu.ar\/1ce78a79-cf6e-4708-826e-071308b7e480\" alt=\"\"\/><\/figure>\n\n\n\n<figure class=\"wp-block-image size-large\"><img decoding=\"async\" src=\"blob:https:\/\/isfd21-bue.infd.edu.ar\/78fb5fa9-1944-4ff3-a997-5f753e59b11b\" alt=\"\"\/><\/figure>\n\n\n\n<figure class=\"wp-block-image size-large\"><img decoding=\"async\" src=\"blob:https:\/\/isfd21-bue.infd.edu.ar\/0072621a-1849-4dfc-b5b0-ba2a7a9e6683\" alt=\"\"\/><\/figure>\n\n\n\n<figure class=\"wp-block-image size-large\"><img decoding=\"async\" src=\"blob:https:\/\/isfd21-bue.infd.edu.ar\/a84d08a3-1c47-46df-9efa-b178aebe2757\" alt=\"\"\/><\/figure>\n\n\n\n<figure class=\"wp-block-image size-large\"><img decoding=\"async\" src=\"blob:https:\/\/isfd21-bue.infd.edu.ar\/1dd0e4d4-091d-4b3f-b8cf-ec6e93f022e9\" alt=\"\"\/><\/figure>\n\n\n\n<figure class=\"wp-block-image size-large\"><img decoding=\"async\" src=\"blob:https:\/\/isfd21-bue.infd.edu.ar\/564d21a5-2564-4498-95f0-4139ba8f69c5\" alt=\"\"\/><\/figure>\n\n\n\n<figure class=\"wp-block-image size-large\"><img decoding=\"async\" src=\"blob:https:\/\/isfd21-bue.infd.edu.ar\/bc012cb3-73d8-4f34-9409-22fd37b3536d\" alt=\"\"\/><\/figure>\n\n\n\n<figure class=\"wp-block-image size-large\"><img decoding=\"async\" src=\"blob:https:\/\/isfd21-bue.infd.edu.ar\/bd877415-8a46-4479-9da8-d8addc78ee28\" alt=\"\"\/><\/figure>\n<\/figure>\n\n\n\n<figure class=\"wp-block-image size-large\"><img decoding=\"async\" loading=\"lazy\" width=\"1500\" height=\"500\" src=\"https:\/\/isfd21-bue.infd.edu.ar\/sitio\/wp-content\/uploads\/2022\/11\/Bonita-cabecera-gato-negro-y-tulipanes-2.png\" alt=\"\" class=\"wp-image-7622\" srcset=\"https:\/\/isfd21-bue.infd.edu.ar\/sitio\/wp-content\/uploads\/2022\/11\/Bonita-cabecera-gato-negro-y-tulipanes-2.png 1500w, https:\/\/isfd21-bue.infd.edu.ar\/sitio\/wp-content\/uploads\/2022\/11\/Bonita-cabecera-gato-negro-y-tulipanes-2-1000x333.png 1000w, https:\/\/isfd21-bue.infd.edu.ar\/sitio\/wp-content\/uploads\/2022\/11\/Bonita-cabecera-gato-negro-y-tulipanes-2-768x256.png 768w\" sizes=\"(max-width: 1500px) 100vw, 1500px\" \/><figcaption class=\"wp-element-caption\"><a href=\"https:\/\/docs.google.com\/spreadsheets\/d\/1UtJ1z1t3fr_HmWe-Z82gyAdddPdRdGDa_kpJO88_wdo\/edit?usp=sharing\" target=\"_blank\" rel=\"noreferrer noopener\">https:\/\/docs.google.com\/spreadsheets\/d\/1UtJ1z1t3fr_HmWe-Z82gyAdddPdRdGDa_kpJO88_wdo\/edit?usp=sharing<\/a><\/figcaption><\/figure>\n\n\n\n<p><\/p>\n\n\n\n<p><strong><em>Todo listo para la segunda etapa de los actos de colaci\u00f3n, m\u00e1s de 150 egresados podr\u00e1n compartir con sus familias, amigos, profesores y compa\u00f1eros de este bello momento que fue organizado, preparado y pensado para agasajarlos. Auxiliares, preceptores y referentes de cada carrera trabajaron para que se lleven un \u00faltimo recuerdo de su paso por el ISFD N\u00b021 \u00abDr. Ricardo Rojas\u00bb. Felicitaciones y los espera el diploma, souveniers y todo un hermoso camino por recorrer: la docencia.<\/em><\/strong><\/p>\n\n\n\n<figure class=\"wp-block-gallery has-nested-images columns-default is-cropped wp-block-gallery-23 is-layout-flex\">\n<figure class=\"wp-block-image size-large\"><img decoding=\"async\" loading=\"lazy\" width=\"1600\" height=\"900\" data-id=\"7619\"  src=\"https:\/\/isfd21-bue.infd.edu.ar\/sitio\/wp-content\/uploads\/2022\/11\/313323960_1276773629789279_5502589974419614864_n.jpg\" alt=\"\" class=\"wp-image-7619\" srcset=\"https:\/\/isfd21-bue.infd.edu.ar\/sitio\/wp-content\/uploads\/2022\/11\/313323960_1276773629789279_5502589974419614864_n.jpg 1600w, https:\/\/isfd21-bue.infd.edu.ar\/sitio\/wp-content\/uploads\/2022\/11\/313323960_1276773629789279_5502589974419614864_n-1000x563.jpg 1000w, https:\/\/isfd21-bue.infd.edu.ar\/sitio\/wp-content\/uploads\/2022\/11\/313323960_1276773629789279_5502589974419614864_n-768x432.jpg 768w, https:\/\/isfd21-bue.infd.edu.ar\/sitio\/wp-content\/uploads\/2022\/11\/313323960_1276773629789279_5502589974419614864_n-1536x864.jpg 1536w\" sizes=\"(max-width: 1600px) 100vw, 1600px\" \/><\/figure>\n\n\n\n<figure class=\"wp-block-image size-large\"><img decoding=\"async\" loading=\"lazy\" width=\"1600\" height=\"900\" data-id=\"7620\"  src=\"https:\/\/isfd21-bue.infd.edu.ar\/sitio\/wp-content\/uploads\/2022\/11\/314548105_1276773589789283_2561913991222275878_n.jpg\" alt=\"\" class=\"wp-image-7620\" srcset=\"https:\/\/isfd21-bue.infd.edu.ar\/sitio\/wp-content\/uploads\/2022\/11\/314548105_1276773589789283_2561913991222275878_n.jpg 1600w, https:\/\/isfd21-bue.infd.edu.ar\/sitio\/wp-content\/uploads\/2022\/11\/314548105_1276773589789283_2561913991222275878_n-1000x563.jpg 1000w, https:\/\/isfd21-bue.infd.edu.ar\/sitio\/wp-content\/uploads\/2022\/11\/314548105_1276773589789283_2561913991222275878_n-768x432.jpg 768w, https:\/\/isfd21-bue.infd.edu.ar\/sitio\/wp-content\/uploads\/2022\/11\/314548105_1276773589789283_2561913991222275878_n-1536x864.jpg 1536w\" sizes=\"(max-width: 1600px) 100vw, 1600px\" \/><\/figure>\n\n\n\n<figure class=\"wp-block-image size-large\"><img decoding=\"async\" loading=\"lazy\" width=\"338\" height=\"600\" data-id=\"7621\"  src=\"https:\/\/isfd21-bue.infd.edu.ar\/sitio\/wp-content\/uploads\/2022\/11\/314479444_1276773573122618_4757565530139324145_n.jpg\" alt=\"\" class=\"wp-image-7621\"\/><\/figure>\n<\/figure>\n\n\n\n<p><em><strong>Hermosa obra teatral representada por estudiantes de cuarto a\u00f1o del profesorado de ingles y organizada por la profesora Isabel Lo Giudice desde hace 19 a\u00f1os. Es parte de la historia institucional pero tambi\u00e9n un momento de encuentro para ex profesorxs, profesorxs actuales, familias, estudiantes y egresados. Aprendizaje en todas sus formas. Felicitaciones<\/strong><\/em><\/p>\n\n\n\n<figure class=\"wp-block-gallery has-nested-images columns-default is-cropped wp-block-gallery-25 is-layout-flex\">\n<figure class=\"wp-block-image size-large\"><img decoding=\"async\" loading=\"lazy\" width=\"1900\" height=\"1070\" data-id=\"7611\"  src=\"https:\/\/isfd21-bue.infd.edu.ar\/sitio\/wp-content\/uploads\/2022\/11\/314327511_1275490426584266_633995546655450590_n-1900x1070.jpg\" alt=\"\" class=\"wp-image-7611\" srcset=\"https:\/\/isfd21-bue.infd.edu.ar\/sitio\/wp-content\/uploads\/2022\/11\/314327511_1275490426584266_633995546655450590_n-1900x1070.jpg 1900w, https:\/\/isfd21-bue.infd.edu.ar\/sitio\/wp-content\/uploads\/2022\/11\/314327511_1275490426584266_633995546655450590_n-1000x563.jpg 1000w, https:\/\/isfd21-bue.infd.edu.ar\/sitio\/wp-content\/uploads\/2022\/11\/314327511_1275490426584266_633995546655450590_n-768x432.jpg 768w, https:\/\/isfd21-bue.infd.edu.ar\/sitio\/wp-content\/uploads\/2022\/11\/314327511_1275490426584266_633995546655450590_n-1536x865.jpg 1536w, https:\/\/isfd21-bue.infd.edu.ar\/sitio\/wp-content\/uploads\/2022\/11\/314327511_1275490426584266_633995546655450590_n.jpg 2048w\" sizes=\"(max-width: 1900px) 100vw, 1900px\" \/><\/figure>\n\n\n\n<figure class=\"wp-block-image size-large\"><img decoding=\"async\" loading=\"lazy\" width=\"1900\" height=\"1070\" data-id=\"7612\"  src=\"https:\/\/isfd21-bue.infd.edu.ar\/sitio\/wp-content\/uploads\/2022\/11\/314235014_1275490366584272_3550580310383707389_n-1900x1070.jpg\" alt=\"\" class=\"wp-image-7612\" srcset=\"https:\/\/isfd21-bue.infd.edu.ar\/sitio\/wp-content\/uploads\/2022\/11\/314235014_1275490366584272_3550580310383707389_n-1900x1070.jpg 1900w, https:\/\/isfd21-bue.infd.edu.ar\/sitio\/wp-content\/uploads\/2022\/11\/314235014_1275490366584272_3550580310383707389_n-1000x563.jpg 1000w, https:\/\/isfd21-bue.infd.edu.ar\/sitio\/wp-content\/uploads\/2022\/11\/314235014_1275490366584272_3550580310383707389_n-768x432.jpg 768w, https:\/\/isfd21-bue.infd.edu.ar\/sitio\/wp-content\/uploads\/2022\/11\/314235014_1275490366584272_3550580310383707389_n-1536x865.jpg 1536w, https:\/\/isfd21-bue.infd.edu.ar\/sitio\/wp-content\/uploads\/2022\/11\/314235014_1275490366584272_3550580310383707389_n.jpg 2048w\" sizes=\"(max-width: 1900px) 100vw, 1900px\" \/><\/figure>\n\n\n\n<figure class=\"wp-block-image size-large\"><img decoding=\"async\" loading=\"lazy\" width=\"1900\" height=\"1070\" data-id=\"7613\"  src=\"https:\/\/isfd21-bue.infd.edu.ar\/sitio\/wp-content\/uploads\/2022\/11\/313404789_1275490296584279_8882279161546547644_n-1900x1070.jpg\" alt=\"\" class=\"wp-image-7613\" srcset=\"https:\/\/isfd21-bue.infd.edu.ar\/sitio\/wp-content\/uploads\/2022\/11\/313404789_1275490296584279_8882279161546547644_n-1900x1070.jpg 1900w, https:\/\/isfd21-bue.infd.edu.ar\/sitio\/wp-content\/uploads\/2022\/11\/313404789_1275490296584279_8882279161546547644_n-1000x563.jpg 1000w, https:\/\/isfd21-bue.infd.edu.ar\/sitio\/wp-content\/uploads\/2022\/11\/313404789_1275490296584279_8882279161546547644_n-768x432.jpg 768w, https:\/\/isfd21-bue.infd.edu.ar\/sitio\/wp-content\/uploads\/2022\/11\/313404789_1275490296584279_8882279161546547644_n-1536x865.jpg 1536w, https:\/\/isfd21-bue.infd.edu.ar\/sitio\/wp-content\/uploads\/2022\/11\/313404789_1275490296584279_8882279161546547644_n.jpg 2048w\" sizes=\"(max-width: 1900px) 100vw, 1900px\" \/><\/figure>\n\n\n\n<figure class=\"wp-block-image size-large\"><img decoding=\"async\" loading=\"lazy\" width=\"1900\" height=\"1070\" data-id=\"7614\"  src=\"https:\/\/isfd21-bue.infd.edu.ar\/sitio\/wp-content\/uploads\/2022\/11\/313961885_1275490233250952_200967060271439890_n-1900x1070.jpg\" alt=\"\" class=\"wp-image-7614\" srcset=\"https:\/\/isfd21-bue.infd.edu.ar\/sitio\/wp-content\/uploads\/2022\/11\/313961885_1275490233250952_200967060271439890_n-1900x1070.jpg 1900w, https:\/\/isfd21-bue.infd.edu.ar\/sitio\/wp-content\/uploads\/2022\/11\/313961885_1275490233250952_200967060271439890_n-1000x563.jpg 1000w, https:\/\/isfd21-bue.infd.edu.ar\/sitio\/wp-content\/uploads\/2022\/11\/313961885_1275490233250952_200967060271439890_n-768x432.jpg 768w, https:\/\/isfd21-bue.infd.edu.ar\/sitio\/wp-content\/uploads\/2022\/11\/313961885_1275490233250952_200967060271439890_n-1536x865.jpg 1536w, https:\/\/isfd21-bue.infd.edu.ar\/sitio\/wp-content\/uploads\/2022\/11\/313961885_1275490233250952_200967060271439890_n.jpg 2048w\" sizes=\"(max-width: 1900px) 100vw, 1900px\" \/><\/figure>\n\n\n\n<figure class=\"wp-block-image size-large\"><img decoding=\"async\" loading=\"lazy\" width=\"1900\" height=\"1070\" data-id=\"7615\"  src=\"https:\/\/isfd21-bue.infd.edu.ar\/sitio\/wp-content\/uploads\/2022\/11\/313941180_1275490166584292_7923691751586757486_n-1900x1070.jpg\" alt=\"\" class=\"wp-image-7615\" srcset=\"https:\/\/isfd21-bue.infd.edu.ar\/sitio\/wp-content\/uploads\/2022\/11\/313941180_1275490166584292_7923691751586757486_n-1900x1070.jpg 1900w, https:\/\/isfd21-bue.infd.edu.ar\/sitio\/wp-content\/uploads\/2022\/11\/313941180_1275490166584292_7923691751586757486_n-1000x563.jpg 1000w, https:\/\/isfd21-bue.infd.edu.ar\/sitio\/wp-content\/uploads\/2022\/11\/313941180_1275490166584292_7923691751586757486_n-768x432.jpg 768w, https:\/\/isfd21-bue.infd.edu.ar\/sitio\/wp-content\/uploads\/2022\/11\/313941180_1275490166584292_7923691751586757486_n-1536x865.jpg 1536w, https:\/\/isfd21-bue.infd.edu.ar\/sitio\/wp-content\/uploads\/2022\/11\/313941180_1275490166584292_7923691751586757486_n.jpg 2048w\" sizes=\"(max-width: 1900px) 100vw, 1900px\" \/><\/figure>\n\n\n\n<figure class=\"wp-block-image size-large\"><img decoding=\"async\" loading=\"lazy\" width=\"1900\" height=\"1070\" data-id=\"7617\"  src=\"https:\/\/isfd21-bue.infd.edu.ar\/sitio\/wp-content\/uploads\/2022\/11\/313969145_1275490063250969_2051322441723990954_n-1900x1070.jpg\" alt=\"\" class=\"wp-image-7617\" srcset=\"https:\/\/isfd21-bue.infd.edu.ar\/sitio\/wp-content\/uploads\/2022\/11\/313969145_1275490063250969_2051322441723990954_n-1900x1070.jpg 1900w, https:\/\/isfd21-bue.infd.edu.ar\/sitio\/wp-content\/uploads\/2022\/11\/313969145_1275490063250969_2051322441723990954_n-1000x563.jpg 1000w, https:\/\/isfd21-bue.infd.edu.ar\/sitio\/wp-content\/uploads\/2022\/11\/313969145_1275490063250969_2051322441723990954_n-768x432.jpg 768w, https:\/\/isfd21-bue.infd.edu.ar\/sitio\/wp-content\/uploads\/2022\/11\/313969145_1275490063250969_2051322441723990954_n-1536x865.jpg 1536w, https:\/\/isfd21-bue.infd.edu.ar\/sitio\/wp-content\/uploads\/2022\/11\/313969145_1275490063250969_2051322441723990954_n.jpg 2048w\" sizes=\"(max-width: 1900px) 100vw, 1900px\" \/><\/figure>\n\n\n\n<figure class=\"wp-block-image size-large\"><img decoding=\"async\" loading=\"lazy\" width=\"1900\" height=\"1070\" data-id=\"7618\"  src=\"https:\/\/isfd21-bue.infd.edu.ar\/sitio\/wp-content\/uploads\/2022\/11\/313198742_1275489983250977_8854653984965350330_n-1900x1070.jpg\" alt=\"\" class=\"wp-image-7618\" srcset=\"https:\/\/isfd21-bue.infd.edu.ar\/sitio\/wp-content\/uploads\/2022\/11\/313198742_1275489983250977_8854653984965350330_n-1900x1070.jpg 1900w, https:\/\/isfd21-bue.infd.edu.ar\/sitio\/wp-content\/uploads\/2022\/11\/313198742_1275489983250977_8854653984965350330_n-1000x563.jpg 1000w, https:\/\/isfd21-bue.infd.edu.ar\/sitio\/wp-content\/uploads\/2022\/11\/313198742_1275489983250977_8854653984965350330_n-768x432.jpg 768w, https:\/\/isfd21-bue.infd.edu.ar\/sitio\/wp-content\/uploads\/2022\/11\/313198742_1275489983250977_8854653984965350330_n-1536x865.jpg 1536w, https:\/\/isfd21-bue.infd.edu.ar\/sitio\/wp-content\/uploads\/2022\/11\/313198742_1275489983250977_8854653984965350330_n.jpg 2048w\" sizes=\"(max-width: 1900px) 100vw, 1900px\" \/><\/figure>\n<\/figure>\n\n\n\n<figure class=\"wp-block-image size-large\"><img decoding=\"async\" loading=\"lazy\" width=\"1748\" height=\"1240\" src=\"https:\/\/isfd21-bue.infd.edu.ar\/sitio\/wp-content\/uploads\/2022\/11\/Tarjeta-de-Agradecimiento-Gracias-por-tu-compra-Rosa-2.png\" alt=\"\" class=\"wp-image-7610\" srcset=\"https:\/\/isfd21-bue.infd.edu.ar\/sitio\/wp-content\/uploads\/2022\/11\/Tarjeta-de-Agradecimiento-Gracias-por-tu-compra-Rosa-2.png 1748w, https:\/\/isfd21-bue.infd.edu.ar\/sitio\/wp-content\/uploads\/2022\/11\/Tarjeta-de-Agradecimiento-Gracias-por-tu-compra-Rosa-2-1000x709.png 1000w, https:\/\/isfd21-bue.infd.edu.ar\/sitio\/wp-content\/uploads\/2022\/11\/Tarjeta-de-Agradecimiento-Gracias-por-tu-compra-Rosa-2-768x545.png 768w, https:\/\/isfd21-bue.infd.edu.ar\/sitio\/wp-content\/uploads\/2022\/11\/Tarjeta-de-Agradecimiento-Gracias-por-tu-compra-Rosa-2-1536x1090.png 1536w\" sizes=\"(max-width: 1748px) 100vw, 1748px\" \/><\/figure>\n\n\n\n<p>04\/11\/22<\/p>\n\n\n\n<figure class=\"wp-block-image size-large\"><img decoding=\"async\" loading=\"lazy\" width=\"1654\" height=\"1654\" src=\"https:\/\/isfd21-bue.infd.edu.ar\/sitio\/wp-content\/uploads\/2022\/11\/Invitacion-grado-floral-rosa-vinotinto-beige.png\" alt=\"\" class=\"wp-image-7597\" srcset=\"https:\/\/isfd21-bue.infd.edu.ar\/sitio\/wp-content\/uploads\/2022\/11\/Invitacion-grado-floral-rosa-vinotinto-beige.png 1654w, https:\/\/isfd21-bue.infd.edu.ar\/sitio\/wp-content\/uploads\/2022\/11\/Invitacion-grado-floral-rosa-vinotinto-beige-1000x1000.png 1000w, https:\/\/isfd21-bue.infd.edu.ar\/sitio\/wp-content\/uploads\/2022\/11\/Invitacion-grado-floral-rosa-vinotinto-beige-500x500.png 500w, https:\/\/isfd21-bue.infd.edu.ar\/sitio\/wp-content\/uploads\/2022\/11\/Invitacion-grado-floral-rosa-vinotinto-beige-768x768.png 768w, https:\/\/isfd21-bue.infd.edu.ar\/sitio\/wp-content\/uploads\/2022\/11\/Invitacion-grado-floral-rosa-vinotinto-beige-1536x1536.png 1536w\" sizes=\"(max-width: 1654px) 100vw, 1654px\" \/><figcaption class=\"wp-element-caption\"><a href=\"https:\/\/isfd21-bue.infd.edu.ar\/sitio\/turno-de-examen-diciembre-2022\/\" target=\"_blank\" rel=\"noreferrer noopener\">https:\/\/isfd21-bue.infd.edu.ar\/sitio\/turno-de-examen-diciembre-2022\/<\/a><\/figcaption><\/figure>\n\n\n\n<hr class=\"wp-block-separator has-css-opacity\"\/>\n\n\n\n<h4 class=\"wp-block-heading\"><em><strong>El jueves 4\/11 se realiz\u00f3 un Panel de experiencias en el marco de la Convocatoria 40 a\u00f1os: La Democracia en la Educaci\u00f3n.<\/strong><\/em><\/h4>\n\n\n\n<h4 class=\"wp-block-heading\"><em><strong>Participaron del mismo la Secretar\u00eda de Derechos Humanos del SUTEBA Seccional Moreno, la Asociaci\u00f3n Civil Moreno por la Memoria y la Secretar\u00eda de Justicia y Derechos Humanos de la Municipalidad de Moreno.<\/strong><\/em><\/h4>\n\n\n\n<h4 class=\"wp-block-heading\"><em><strong>El objetivo del encuentro fue compartir con estudiantes y con la comunidad en general las acciones que estos espacios realizan cotidianamente a los fines de ofrecer a nuestrxs estudiantes alternativas para que realicen investigaciones en el marco de la Convocatoria.<\/strong><\/em><\/h4>\n\n\n\n<h4 class=\"wp-block-heading\"><\/h4>\n\n\n\n<h4 class=\"wp-block-heading\"><em><strong>Agradecemos a lxs expositorxs y a lxs asistentes por sumarse en la actividad.<\/strong><\/em><\/h4>\n\n\n\n<h4 class=\"wp-block-heading\"><em><strong>El pr\u00f3ximo a\u00f1o se seguir\u00e1n realizando jornadas para promover la presentaci\u00f3n de proyectos por parte de nuestrxs estudiantes.<\/strong><\/em><\/h4>\n\n\n\n<figure class=\"wp-block-gallery has-nested-images columns-default is-cropped wp-block-gallery-27 is-layout-flex\">\n<figure class=\"wp-block-image size-large\"><img decoding=\"async\" loading=\"lazy\" width=\"1280\" height=\"576\" data-id=\"7598\"  src=\"https:\/\/isfd21-bue.infd.edu.ar\/sitio\/wp-content\/uploads\/2022\/11\/WhatsApp-Image-2022-11-04-at-2.22.08-PM.jpeg\" alt=\"\" class=\"wp-image-7598\" srcset=\"https:\/\/isfd21-bue.infd.edu.ar\/sitio\/wp-content\/uploads\/2022\/11\/WhatsApp-Image-2022-11-04-at-2.22.08-PM.jpeg 1280w, https:\/\/isfd21-bue.infd.edu.ar\/sitio\/wp-content\/uploads\/2022\/11\/WhatsApp-Image-2022-11-04-at-2.22.08-PM-1000x450.jpeg 1000w, https:\/\/isfd21-bue.infd.edu.ar\/sitio\/wp-content\/uploads\/2022\/11\/WhatsApp-Image-2022-11-04-at-2.22.08-PM-768x346.jpeg 768w\" sizes=\"(max-width: 1280px) 100vw, 1280px\" \/><\/figure>\n\n\n\n<figure class=\"wp-block-image size-large\"><img decoding=\"async\" loading=\"lazy\" width=\"899\" height=\"1599\" data-id=\"7599\"  src=\"https:\/\/isfd21-bue.infd.edu.ar\/sitio\/wp-content\/uploads\/2022\/11\/WhatsApp-Image-2022-11-04-at-2.22.07-PM-1.jpeg\" alt=\"\" class=\"wp-image-7599\" srcset=\"https:\/\/isfd21-bue.infd.edu.ar\/sitio\/wp-content\/uploads\/2022\/11\/WhatsApp-Image-2022-11-04-at-2.22.07-PM-1.jpeg 899w, https:\/\/isfd21-bue.infd.edu.ar\/sitio\/wp-content\/uploads\/2022\/11\/WhatsApp-Image-2022-11-04-at-2.22.07-PM-1-562x1000.jpeg 562w, https:\/\/isfd21-bue.infd.edu.ar\/sitio\/wp-content\/uploads\/2022\/11\/WhatsApp-Image-2022-11-04-at-2.22.07-PM-1-768x1366.jpeg 768w, https:\/\/isfd21-bue.infd.edu.ar\/sitio\/wp-content\/uploads\/2022\/11\/WhatsApp-Image-2022-11-04-at-2.22.07-PM-1-864x1536.jpeg 864w\" sizes=\"(max-width: 899px) 100vw, 899px\" \/><\/figure>\n\n\n\n<figure class=\"wp-block-image size-large\"><img decoding=\"async\" loading=\"lazy\" width=\"1280\" height=\"576\" data-id=\"7600\"  src=\"https:\/\/isfd21-bue.infd.edu.ar\/sitio\/wp-content\/uploads\/2022\/11\/WhatsApp-Image-2022-11-04-at-2.22.07-PM.jpeg\" alt=\"\" class=\"wp-image-7600\" srcset=\"https:\/\/isfd21-bue.infd.edu.ar\/sitio\/wp-content\/uploads\/2022\/11\/WhatsApp-Image-2022-11-04-at-2.22.07-PM.jpeg 1280w, https:\/\/isfd21-bue.infd.edu.ar\/sitio\/wp-content\/uploads\/2022\/11\/WhatsApp-Image-2022-11-04-at-2.22.07-PM-1000x450.jpeg 1000w, https:\/\/isfd21-bue.infd.edu.ar\/sitio\/wp-content\/uploads\/2022\/11\/WhatsApp-Image-2022-11-04-at-2.22.07-PM-768x346.jpeg 768w\" sizes=\"(max-width: 1280px) 100vw, 1280px\" \/><\/figure>\n<\/figure>\n\n\n\n<p><\/p>\n\n\n\n<figure class=\"wp-block-gallery has-nested-images columns-default is-cropped wp-block-gallery-29 is-layout-flex\">\n<figure class=\"wp-block-image size-large\"><img decoding=\"async\" loading=\"lazy\" width=\"1266\" height=\"1900\" data-id=\"7601\"  src=\"https:\/\/isfd21-bue.infd.edu.ar\/sitio\/wp-content\/uploads\/2022\/11\/Collage-de-fotografias-vertical-de-animales-marron-1-1266x1900.png\" alt=\"\" class=\"wp-image-7601\" srcset=\"https:\/\/isfd21-bue.infd.edu.ar\/sitio\/wp-content\/uploads\/2022\/11\/Collage-de-fotografias-vertical-de-animales-marron-1-1266x1900.png 1266w, https:\/\/isfd21-bue.infd.edu.ar\/sitio\/wp-content\/uploads\/2022\/11\/Collage-de-fotografias-vertical-de-animales-marron-1-667x1000.png 667w, https:\/\/isfd21-bue.infd.edu.ar\/sitio\/wp-content\/uploads\/2022\/11\/Collage-de-fotografias-vertical-de-animales-marron-1-768x1152.png 768w, https:\/\/isfd21-bue.infd.edu.ar\/sitio\/wp-content\/uploads\/2022\/11\/Collage-de-fotografias-vertical-de-animales-marron-1-1024x1536.png 1024w, https:\/\/isfd21-bue.infd.edu.ar\/sitio\/wp-content\/uploads\/2022\/11\/Collage-de-fotografias-vertical-de-animales-marron-1.png 1333w\" sizes=\"(max-width: 1266px) 100vw, 1266px\" \/><\/figure>\n\n\n\n<figure class=\"wp-block-image size-large\"><img decoding=\"async\" loading=\"lazy\" width=\"1266\" height=\"1900\" data-id=\"7602\"  src=\"https:\/\/isfd21-bue.infd.edu.ar\/sitio\/wp-content\/uploads\/2022\/11\/Collage-de-fotografias-vertical-de-animales-marron-1266x1900.png\" alt=\"\" class=\"wp-image-7602\" srcset=\"https:\/\/isfd21-bue.infd.edu.ar\/sitio\/wp-content\/uploads\/2022\/11\/Collage-de-fotografias-vertical-de-animales-marron-1266x1900.png 1266w, https:\/\/isfd21-bue.infd.edu.ar\/sitio\/wp-content\/uploads\/2022\/11\/Collage-de-fotografias-vertical-de-animales-marron-667x1000.png 667w, https:\/\/isfd21-bue.infd.edu.ar\/sitio\/wp-content\/uploads\/2022\/11\/Collage-de-fotografias-vertical-de-animales-marron-768x1152.png 768w, https:\/\/isfd21-bue.infd.edu.ar\/sitio\/wp-content\/uploads\/2022\/11\/Collage-de-fotografias-vertical-de-animales-marron-1024x1536.png 1024w, https:\/\/isfd21-bue.infd.edu.ar\/sitio\/wp-content\/uploads\/2022\/11\/Collage-de-fotografias-vertical-de-animales-marron.png 1333w\" sizes=\"(max-width: 1266px) 100vw, 1266px\" \/><\/figure>\n<\/figure>\n\n\n\n<p>02\/11\/22<\/p>\n\n\n<div class=\"wp-block-image\">\n<figure class=\"aligncenter size-large\"><img decoding=\"async\" loading=\"lazy\" width=\"605\" height=\"727\" src=\"https:\/\/isfd21-bue.infd.edu.ar\/sitio\/wp-content\/uploads\/2022\/11\/image-5-1.png\" alt=\"\" class=\"wp-image-7585\"\/><\/figure><\/div>\n\n\n<hr class=\"wp-block-separator has-css-opacity\"\/>\n\n\n\n<p class=\"has-large-font-size\"><strong><em>As\u00ed comenz\u00f3 la semana de la filosof\u00eda, la carrera se luci\u00f3 en este primer encuentro que tuvo de todo. Felicitaciones!!!<\/em><\/strong><\/p>\n\n\n\n<figure class=\"wp-block-gallery has-nested-images columns-default is-cropped wp-block-gallery-31 is-layout-flex\">\n<figure class=\"wp-block-image size-large\"><img decoding=\"async\" loading=\"lazy\" width=\"1600\" height=\"720\" data-id=\"7568\"  src=\"https:\/\/isfd21-bue.infd.edu.ar\/sitio\/wp-content\/uploads\/2022\/11\/313375699_1272629333537042_105058902069892062_n-1.jpg\" alt=\"\" class=\"wp-image-7568\" srcset=\"https:\/\/isfd21-bue.infd.edu.ar\/sitio\/wp-content\/uploads\/2022\/11\/313375699_1272629333537042_105058902069892062_n-1.jpg 1600w, https:\/\/isfd21-bue.infd.edu.ar\/sitio\/wp-content\/uploads\/2022\/11\/313375699_1272629333537042_105058902069892062_n-1-1000x450.jpg 1000w, https:\/\/isfd21-bue.infd.edu.ar\/sitio\/wp-content\/uploads\/2022\/11\/313375699_1272629333537042_105058902069892062_n-1-768x346.jpg 768w, https:\/\/isfd21-bue.infd.edu.ar\/sitio\/wp-content\/uploads\/2022\/11\/313375699_1272629333537042_105058902069892062_n-1-1536x691.jpg 1536w\" sizes=\"(max-width: 1600px) 100vw, 1600px\" \/><\/figure>\n\n\n\n<figure class=\"wp-block-image size-large\"><img decoding=\"async\" loading=\"lazy\" width=\"1600\" height=\"720\" data-id=\"7569\"  src=\"https:\/\/isfd21-bue.infd.edu.ar\/sitio\/wp-content\/uploads\/2022\/11\/313871550_1272629310203711_1196069406002378187_n-1.jpg\" alt=\"\" class=\"wp-image-7569\" srcset=\"https:\/\/isfd21-bue.infd.edu.ar\/sitio\/wp-content\/uploads\/2022\/11\/313871550_1272629310203711_1196069406002378187_n-1.jpg 1600w, https:\/\/isfd21-bue.infd.edu.ar\/sitio\/wp-content\/uploads\/2022\/11\/313871550_1272629310203711_1196069406002378187_n-1-1000x450.jpg 1000w, https:\/\/isfd21-bue.infd.edu.ar\/sitio\/wp-content\/uploads\/2022\/11\/313871550_1272629310203711_1196069406002378187_n-1-768x346.jpg 768w, https:\/\/isfd21-bue.infd.edu.ar\/sitio\/wp-content\/uploads\/2022\/11\/313871550_1272629310203711_1196069406002378187_n-1-1536x691.jpg 1536w\" sizes=\"(max-width: 1600px) 100vw, 1600px\" \/><\/figure>\n\n\n\n<figure class=\"wp-block-image size-large\"><img decoding=\"async\" loading=\"lazy\" width=\"720\" height=\"1600\" data-id=\"7570\"  src=\"https:\/\/isfd21-bue.infd.edu.ar\/sitio\/wp-content\/uploads\/2022\/11\/313398022_1272629283537047_9136593189269370460_n-1.jpg\" alt=\"\" class=\"wp-image-7570\" srcset=\"https:\/\/isfd21-bue.infd.edu.ar\/sitio\/wp-content\/uploads\/2022\/11\/313398022_1272629283537047_9136593189269370460_n-1.jpg 720w, https:\/\/isfd21-bue.infd.edu.ar\/sitio\/wp-content\/uploads\/2022\/11\/313398022_1272629283537047_9136593189269370460_n-1-450x1000.jpg 450w, https:\/\/isfd21-bue.infd.edu.ar\/sitio\/wp-content\/uploads\/2022\/11\/313398022_1272629283537047_9136593189269370460_n-1-691x1536.jpg 691w\" sizes=\"(max-width: 720px) 100vw, 720px\" \/><\/figure>\n\n\n\n<figure class=\"wp-block-image size-large\"><img decoding=\"async\" loading=\"lazy\" width=\"1600\" height=\"720\" data-id=\"7571\"  src=\"https:\/\/isfd21-bue.infd.edu.ar\/sitio\/wp-content\/uploads\/2022\/11\/313434815_1272629266870382_2880327323462649692_n-1.jpg\" alt=\"\" class=\"wp-image-7571\" srcset=\"https:\/\/isfd21-bue.infd.edu.ar\/sitio\/wp-content\/uploads\/2022\/11\/313434815_1272629266870382_2880327323462649692_n-1.jpg 1600w, https:\/\/isfd21-bue.infd.edu.ar\/sitio\/wp-content\/uploads\/2022\/11\/313434815_1272629266870382_2880327323462649692_n-1-1000x450.jpg 1000w, https:\/\/isfd21-bue.infd.edu.ar\/sitio\/wp-content\/uploads\/2022\/11\/313434815_1272629266870382_2880327323462649692_n-1-768x346.jpg 768w, https:\/\/isfd21-bue.infd.edu.ar\/sitio\/wp-content\/uploads\/2022\/11\/313434815_1272629266870382_2880327323462649692_n-1-1536x691.jpg 1536w\" sizes=\"(max-width: 1600px) 100vw, 1600px\" \/><\/figure>\n\n\n\n<figure class=\"wp-block-image size-large\"><img decoding=\"async\" loading=\"lazy\" width=\"1600\" height=\"720\" data-id=\"7572\"  src=\"https:\/\/isfd21-bue.infd.edu.ar\/sitio\/wp-content\/uploads\/2022\/11\/314054505_1272629250203717_1984280240791063157_n-1.jpg\" alt=\"\" class=\"wp-image-7572\" srcset=\"https:\/\/isfd21-bue.infd.edu.ar\/sitio\/wp-content\/uploads\/2022\/11\/314054505_1272629250203717_1984280240791063157_n-1.jpg 1600w, https:\/\/isfd21-bue.infd.edu.ar\/sitio\/wp-content\/uploads\/2022\/11\/314054505_1272629250203717_1984280240791063157_n-1-1000x450.jpg 1000w, https:\/\/isfd21-bue.infd.edu.ar\/sitio\/wp-content\/uploads\/2022\/11\/314054505_1272629250203717_1984280240791063157_n-1-768x346.jpg 768w, https:\/\/isfd21-bue.infd.edu.ar\/sitio\/wp-content\/uploads\/2022\/11\/314054505_1272629250203717_1984280240791063157_n-1-1536x691.jpg 1536w\" sizes=\"(max-width: 1600px) 100vw, 1600px\" \/><\/figure>\n\n\n\n<figure class=\"wp-block-image size-large\"><img decoding=\"async\" loading=\"lazy\" width=\"720\" height=\"1600\" data-id=\"7573\"  src=\"https:\/\/isfd21-bue.infd.edu.ar\/sitio\/wp-content\/uploads\/2022\/11\/313430289_1272629233537052_2260576582380890460_n-1.jpg\" alt=\"\" class=\"wp-image-7573\" srcset=\"https:\/\/isfd21-bue.infd.edu.ar\/sitio\/wp-content\/uploads\/2022\/11\/313430289_1272629233537052_2260576582380890460_n-1.jpg 720w, https:\/\/isfd21-bue.infd.edu.ar\/sitio\/wp-content\/uploads\/2022\/11\/313430289_1272629233537052_2260576582380890460_n-1-450x1000.jpg 450w, https:\/\/isfd21-bue.infd.edu.ar\/sitio\/wp-content\/uploads\/2022\/11\/313430289_1272629233537052_2260576582380890460_n-1-691x1536.jpg 691w\" sizes=\"(max-width: 720px) 100vw, 720px\" \/><\/figure>\n\n\n\n<figure class=\"wp-block-image size-large\"><img decoding=\"async\" loading=\"lazy\" width=\"1600\" height=\"720\" data-id=\"7574\"  src=\"https:\/\/isfd21-bue.infd.edu.ar\/sitio\/wp-content\/uploads\/2022\/11\/313328661_1272629213537054_6846303336213086589_n-1.jpg\" alt=\"\" class=\"wp-image-7574\" srcset=\"https:\/\/isfd21-bue.infd.edu.ar\/sitio\/wp-content\/uploads\/2022\/11\/313328661_1272629213537054_6846303336213086589_n-1.jpg 1600w, https:\/\/isfd21-bue.infd.edu.ar\/sitio\/wp-content\/uploads\/2022\/11\/313328661_1272629213537054_6846303336213086589_n-1-1000x450.jpg 1000w, https:\/\/isfd21-bue.infd.edu.ar\/sitio\/wp-content\/uploads\/2022\/11\/313328661_1272629213537054_6846303336213086589_n-1-768x346.jpg 768w, https:\/\/isfd21-bue.infd.edu.ar\/sitio\/wp-content\/uploads\/2022\/11\/313328661_1272629213537054_6846303336213086589_n-1-1536x691.jpg 1536w\" sizes=\"(max-width: 1600px) 100vw, 1600px\" \/><\/figure>\n\n\n\n<figure class=\"wp-block-image size-large\"><img decoding=\"async\" loading=\"lazy\" width=\"1600\" height=\"720\" data-id=\"7575\"  src=\"https:\/\/isfd21-bue.infd.edu.ar\/sitio\/wp-content\/uploads\/2022\/11\/313404876_1272629146870394_3510267917479549170_n-1.jpg\" alt=\"\" class=\"wp-image-7575\" srcset=\"https:\/\/isfd21-bue.infd.edu.ar\/sitio\/wp-content\/uploads\/2022\/11\/313404876_1272629146870394_3510267917479549170_n-1.jpg 1600w, https:\/\/isfd21-bue.infd.edu.ar\/sitio\/wp-content\/uploads\/2022\/11\/313404876_1272629146870394_3510267917479549170_n-1-1000x450.jpg 1000w, https:\/\/isfd21-bue.infd.edu.ar\/sitio\/wp-content\/uploads\/2022\/11\/313404876_1272629146870394_3510267917479549170_n-1-768x346.jpg 768w, https:\/\/isfd21-bue.infd.edu.ar\/sitio\/wp-content\/uploads\/2022\/11\/313404876_1272629146870394_3510267917479549170_n-1-1536x691.jpg 1536w\" sizes=\"(max-width: 1600px) 100vw, 1600px\" \/><\/figure>\n\n\n\n<figure class=\"wp-block-image size-large\"><img decoding=\"async\" loading=\"lazy\" width=\"1600\" height=\"720\" data-id=\"7576\"  src=\"https:\/\/isfd21-bue.infd.edu.ar\/sitio\/wp-content\/uploads\/2022\/11\/313408871_1272629110203731_905537655665767074_n-1.jpg\" alt=\"\" class=\"wp-image-7576\" srcset=\"https:\/\/isfd21-bue.infd.edu.ar\/sitio\/wp-content\/uploads\/2022\/11\/313408871_1272629110203731_905537655665767074_n-1.jpg 1600w, https:\/\/isfd21-bue.infd.edu.ar\/sitio\/wp-content\/uploads\/2022\/11\/313408871_1272629110203731_905537655665767074_n-1-1000x450.jpg 1000w, https:\/\/isfd21-bue.infd.edu.ar\/sitio\/wp-content\/uploads\/2022\/11\/313408871_1272629110203731_905537655665767074_n-1-768x346.jpg 768w, https:\/\/isfd21-bue.infd.edu.ar\/sitio\/wp-content\/uploads\/2022\/11\/313408871_1272629110203731_905537655665767074_n-1-1536x691.jpg 1536w\" sizes=\"(max-width: 1600px) 100vw, 1600px\" \/><\/figure>\n\n\n\n<figure class=\"wp-block-image size-large\"><img decoding=\"async\" loading=\"lazy\" width=\"1600\" height=\"720\" data-id=\"7577\"  src=\"https:\/\/isfd21-bue.infd.edu.ar\/sitio\/wp-content\/uploads\/2022\/11\/313420027_1272629076870401_5378245408131010342_n-1.jpg\" alt=\"\" class=\"wp-image-7577\" srcset=\"https:\/\/isfd21-bue.infd.edu.ar\/sitio\/wp-content\/uploads\/2022\/11\/313420027_1272629076870401_5378245408131010342_n-1.jpg 1600w, https:\/\/isfd21-bue.infd.edu.ar\/sitio\/wp-content\/uploads\/2022\/11\/313420027_1272629076870401_5378245408131010342_n-1-1000x450.jpg 1000w, https:\/\/isfd21-bue.infd.edu.ar\/sitio\/wp-content\/uploads\/2022\/11\/313420027_1272629076870401_5378245408131010342_n-1-768x346.jpg 768w, https:\/\/isfd21-bue.infd.edu.ar\/sitio\/wp-content\/uploads\/2022\/11\/313420027_1272629076870401_5378245408131010342_n-1-1536x691.jpg 1536w\" sizes=\"(max-width: 1600px) 100vw, 1600px\" \/><\/figure>\n\n\n\n<figure class=\"wp-block-image size-large\"><img decoding=\"async\" loading=\"lazy\" width=\"1600\" height=\"720\" data-id=\"7578\"  src=\"https:\/\/isfd21-bue.infd.edu.ar\/sitio\/wp-content\/uploads\/2022\/11\/313407541_1272629043537071_3351567360066444403_n-1.jpg\" alt=\"\" class=\"wp-image-7578\" srcset=\"https:\/\/isfd21-bue.infd.edu.ar\/sitio\/wp-content\/uploads\/2022\/11\/313407541_1272629043537071_3351567360066444403_n-1.jpg 1600w, https:\/\/isfd21-bue.infd.edu.ar\/sitio\/wp-content\/uploads\/2022\/11\/313407541_1272629043537071_3351567360066444403_n-1-1000x450.jpg 1000w, https:\/\/isfd21-bue.infd.edu.ar\/sitio\/wp-content\/uploads\/2022\/11\/313407541_1272629043537071_3351567360066444403_n-1-768x346.jpg 768w, https:\/\/isfd21-bue.infd.edu.ar\/sitio\/wp-content\/uploads\/2022\/11\/313407541_1272629043537071_3351567360066444403_n-1-1536x691.jpg 1536w\" sizes=\"(max-width: 1600px) 100vw, 1600px\" \/><\/figure>\n\n\n\n<figure class=\"wp-block-image size-large\"><img decoding=\"async\" loading=\"lazy\" width=\"720\" height=\"1600\" data-id=\"7579\"  src=\"https:\/\/isfd21-bue.infd.edu.ar\/sitio\/wp-content\/uploads\/2022\/11\/313107798_1272629016870407_4348736247688424301_n-1.jpg\" alt=\"\" class=\"wp-image-7579\" srcset=\"https:\/\/isfd21-bue.infd.edu.ar\/sitio\/wp-content\/uploads\/2022\/11\/313107798_1272629016870407_4348736247688424301_n-1.jpg 720w, https:\/\/isfd21-bue.infd.edu.ar\/sitio\/wp-content\/uploads\/2022\/11\/313107798_1272629016870407_4348736247688424301_n-1-450x1000.jpg 450w, https:\/\/isfd21-bue.infd.edu.ar\/sitio\/wp-content\/uploads\/2022\/11\/313107798_1272629016870407_4348736247688424301_n-1-691x1536.jpg 691w\" sizes=\"(max-width: 720px) 100vw, 720px\" \/><\/figure>\n<\/figure>\n\n\n\n<p>31\/10\/22<\/p>\n\n\n\n<p class=\"has-text-align-center has-large-font-size\"><strong>INSCRIPCIONES PARA INGRESANTES DEL CICLO LECTIVO 2023<\/strong><\/p>\n\n\n\n<figure class=\"wp-block-gallery has-nested-images columns-default is-cropped wp-block-gallery-33 is-layout-flex\">\n<figure class=\"wp-block-image size-large\"><img decoding=\"async\" loading=\"lazy\" width=\"631\" height=\"550\" data-id=\"7581\"  src=\"https:\/\/isfd21-bue.infd.edu.ar\/sitio\/wp-content\/uploads\/2022\/11\/313899053_1273916910074951_8364887037389537626_n.jpg\" alt=\"\" class=\"wp-image-7581\"\/><\/figure>\n\n\n\n<figure class=\"wp-block-image size-large\"><img decoding=\"async\" loading=\"lazy\" width=\"602\" height=\"527\" data-id=\"7582\"  src=\"https:\/\/isfd21-bue.infd.edu.ar\/sitio\/wp-content\/uploads\/2022\/11\/313165782_1273916876741621_4814137656767120316_n.jpg\" alt=\"\" class=\"wp-image-7582\"\/><\/figure>\n<\/figure>\n\n\n\n<p><\/p>\n\n\n\n<p><\/p>\n\n\n\n<h5 class=\"wp-block-heading\"><em><strong>Para quienes quieran participar de las charlas informativas, les contamos que estar\u00e1n a cargo de los referentes de las carreras, con docentes, preceptores y en algunos casos estudiantes avanzados. Ser\u00e1 en el instituto, donde podr\u00e1n recorrerlo y conocer sus dependencias como la biblioteca, preceptoria, SUM, laboratorio, etc.<\/strong><\/em><\/h5>\n\n\n\n<h5 class=\"wp-block-heading\"><em><strong>El d\u00eda de la charla, se les indicar\u00e1 el sal\u00f3n destinado para tal fin. Los esperamos.<\/strong><\/em><\/h5>\n\n\n<div class=\"wp-block-image\">\n<figure class=\"aligncenter size-large\"><img decoding=\"async\" loading=\"lazy\" width=\"1748\" height=\"1240\" src=\"https:\/\/isfd21-bue.infd.edu.ar\/sitio\/wp-content\/uploads\/2022\/11\/Tarjeta-de-Agradecimiento-Gracias-por-tu-compra-Rosa-1.png\" alt=\"\" class=\"wp-image-7607\" srcset=\"https:\/\/isfd21-bue.infd.edu.ar\/sitio\/wp-content\/uploads\/2022\/11\/Tarjeta-de-Agradecimiento-Gracias-por-tu-compra-Rosa-1.png 1748w, https:\/\/isfd21-bue.infd.edu.ar\/sitio\/wp-content\/uploads\/2022\/11\/Tarjeta-de-Agradecimiento-Gracias-por-tu-compra-Rosa-1-1000x709.png 1000w, https:\/\/isfd21-bue.infd.edu.ar\/sitio\/wp-content\/uploads\/2022\/11\/Tarjeta-de-Agradecimiento-Gracias-por-tu-compra-Rosa-1-768x545.png 768w, https:\/\/isfd21-bue.infd.edu.ar\/sitio\/wp-content\/uploads\/2022\/11\/Tarjeta-de-Agradecimiento-Gracias-por-tu-compra-Rosa-1-1536x1090.png 1536w\" sizes=\"(max-width: 1748px) 100vw, 1748px\" \/><\/figure><\/div>\n\n\n<p><\/p>\n\n\n\n<hr class=\"wp-block-separator has-css-opacity\"\/>\n\n\n\n<div class=\"wp-block-columns is-layout-flex wp-container-37\">\n<div class=\"wp-block-column is-layout-flow\">\n<figure class=\"wp-block-image size-large\"><img decoding=\"async\" loading=\"lazy\" width=\"720\" height=\"1265\" src=\"https:\/\/isfd21-bue.infd.edu.ar\/sitio\/wp-content\/uploads\/2022\/10\/WhatsApp-Image-2022-10-31-at-2.27.55-PM-1.jpeg\" alt=\"\" class=\"wp-image-7501\" srcset=\"https:\/\/isfd21-bue.infd.edu.ar\/sitio\/wp-content\/uploads\/2022\/10\/WhatsApp-Image-2022-10-31-at-2.27.55-PM-1.jpeg 720w, https:\/\/isfd21-bue.infd.edu.ar\/sitio\/wp-content\/uploads\/2022\/10\/WhatsApp-Image-2022-10-31-at-2.27.55-PM-1-569x1000.jpeg 569w\" sizes=\"(max-width: 720px) 100vw, 720px\" \/><\/figure>\n<\/div>\n\n\n\n<div class=\"wp-block-column is-layout-flow\">\n<figure class=\"wp-block-image size-large\"><img decoding=\"async\" loading=\"lazy\" width=\"706\" height=\"998\" src=\"https:\/\/isfd21-bue.infd.edu.ar\/sitio\/wp-content\/uploads\/2022\/10\/WhatsApp-Image-2022-10-31-at-2.24.34-PM-1.jpeg\" alt=\"\" class=\"wp-image-7502\"\/><\/figure>\n<\/div>\n<\/div>\n\n\n\n<figure class=\"wp-block-gallery has-nested-images columns-4 is-cropped wp-block-gallery-38 is-layout-flex\">\n<figure class=\"wp-block-image size-large\"><img decoding=\"async\" loading=\"lazy\" width=\"720\" height=\"725\" data-id=\"7489\"  src=\"https:\/\/isfd21-bue.infd.edu.ar\/sitio\/wp-content\/uploads\/2022\/10\/WhatsApp-Image-2022-10-31-at-2.31.50-PM.jpeg\" alt=\"\" class=\"wp-image-7489\"\/><\/figure>\n\n\n\n<figure class=\"wp-block-image size-large\"><img decoding=\"async\" loading=\"lazy\" width=\"720\" height=\"728\" data-id=\"7490\"  src=\"https:\/\/isfd21-bue.infd.edu.ar\/sitio\/wp-content\/uploads\/2022\/10\/WhatsApp-Image-2022-10-31-at-2.31.29-PM.jpeg\" alt=\"\" class=\"wp-image-7490\"\/><\/figure>\n\n\n\n<figure class=\"wp-block-image size-large\"><img decoding=\"async\" loading=\"lazy\" width=\"719\" height=\"735\" data-id=\"7492\"  src=\"https:\/\/isfd21-bue.infd.edu.ar\/sitio\/wp-content\/uploads\/2022\/10\/WhatsApp-Image-2022-10-31-at-2.30.25-PM.jpeg\" alt=\"\" class=\"wp-image-7492\"\/><\/figure>\n\n\n\n<figure class=\"wp-block-image size-large\"><img decoding=\"async\" loading=\"lazy\" width=\"720\" height=\"725\" data-id=\"7493\"  src=\"https:\/\/isfd21-bue.infd.edu.ar\/sitio\/wp-content\/uploads\/2022\/10\/WhatsApp-Image-2022-10-31-at-2.29.08-PM.jpeg\" alt=\"\" class=\"wp-image-7493\"\/><\/figure>\n\n\n\n<figure class=\"wp-block-image size-large\"><img decoding=\"async\" loading=\"lazy\" width=\"720\" height=\"737\" data-id=\"7494\"  src=\"https:\/\/isfd21-bue.infd.edu.ar\/sitio\/wp-content\/uploads\/2022\/10\/WhatsApp-Image-2022-10-31-at-2.28.44-PM.jpeg\" alt=\"\" class=\"wp-image-7494\"\/><\/figure>\n\n\n\n<figure class=\"wp-block-image size-large\"><img decoding=\"async\" loading=\"lazy\" width=\"720\" height=\"729\" data-id=\"7499\"  src=\"https:\/\/isfd21-bue.infd.edu.ar\/sitio\/wp-content\/uploads\/2022\/10\/WhatsApp-Image-2022-10-31-at-2.30.50-PM.jpg\" alt=\"\" class=\"wp-image-7499\"\/><\/figure>\n\n\n\n<figure class=\"wp-block-image size-large\"><img decoding=\"async\" loading=\"lazy\" width=\"720\" height=\"766\" data-id=\"7500\"  src=\"https:\/\/isfd21-bue.infd.edu.ar\/sitio\/wp-content\/uploads\/2022\/10\/WhatsApp-Image-2022-10-31-at-2.32.10-PM.jpg\" alt=\"\" class=\"wp-image-7500\"\/><\/figure>\n<\/figure>\n\n\n\n<div class=\"wp-block-columns is-layout-flex wp-container-42\">\n<div class=\"wp-block-column is-layout-flow\">\n<figure class=\"wp-block-image size-large\"><img decoding=\"async\" loading=\"lazy\" width=\"1000\" height=\"1500\" src=\"https:\/\/isfd21-bue.infd.edu.ar\/sitio\/wp-content\/uploads\/2022\/10\/WhatsApp-Image-2022-10-31-at-1.51.41-PM-1.jpeg\" alt=\"\" class=\"wp-image-7485\" srcset=\"https:\/\/isfd21-bue.infd.edu.ar\/sitio\/wp-content\/uploads\/2022\/10\/WhatsApp-Image-2022-10-31-at-1.51.41-PM-1.jpeg 1000w, https:\/\/isfd21-bue.infd.edu.ar\/sitio\/wp-content\/uploads\/2022\/10\/WhatsApp-Image-2022-10-31-at-1.51.41-PM-1-667x1000.jpeg 667w, https:\/\/isfd21-bue.infd.edu.ar\/sitio\/wp-content\/uploads\/2022\/10\/WhatsApp-Image-2022-10-31-at-1.51.41-PM-1-768x1152.jpeg 768w\" sizes=\"(max-width: 1000px) 100vw, 1000px\" \/><\/figure>\n<\/div>\n\n\n\n<div class=\"wp-block-column is-layout-flow\">\n<figure class=\"wp-block-image size-large is-resized\"><img decoding=\"async\" loading=\"lazy\" src=\"https:\/\/isfd21-bue.infd.edu.ar\/sitio\/wp-content\/uploads\/2022\/10\/WhatsApp-Image-2022-10-31-at-1.51.41-PM.jpeg\" alt=\"\" class=\"wp-image-7486\" width=\"367\" height=\"367\" srcset=\"https:\/\/isfd21-bue.infd.edu.ar\/sitio\/wp-content\/uploads\/2022\/10\/WhatsApp-Image-2022-10-31-at-1.51.41-PM.jpeg 1080w, https:\/\/isfd21-bue.infd.edu.ar\/sitio\/wp-content\/uploads\/2022\/10\/WhatsApp-Image-2022-10-31-at-1.51.41-PM-1000x1000.jpeg 1000w, https:\/\/isfd21-bue.infd.edu.ar\/sitio\/wp-content\/uploads\/2022\/10\/WhatsApp-Image-2022-10-31-at-1.51.41-PM-500x500.jpeg 500w, https:\/\/isfd21-bue.infd.edu.ar\/sitio\/wp-content\/uploads\/2022\/10\/WhatsApp-Image-2022-10-31-at-1.51.41-PM-768x768.jpeg 768w\" sizes=\"(max-width: 367px) 100vw, 367px\" \/><\/figure>\n<\/div>\n<\/div>\n\n\n<div class=\"wp-block-image\">\n<figure class=\"aligncenter size-large\"><img decoding=\"async\" loading=\"lazy\" width=\"509\" height=\"642\" src=\"https:\/\/isfd21-bue.infd.edu.ar\/sitio\/wp-content\/uploads\/2022\/10\/image-11.png\" alt=\"\" class=\"wp-image-7482\"\/><\/figure><\/div>\n\n<div class=\"wp-block-image\">\n<figure class=\"aligncenter size-large is-resized\"><img decoding=\"async\" loading=\"lazy\" src=\"https:\/\/isfd21-bue.infd.edu.ar\/sitio\/wp-content\/uploads\/2022\/10\/image-10.png\" alt=\"\" class=\"wp-image-7481\" width=\"528\" height=\"639\"\/><\/figure><\/div>\n\n\n<p class=\"has-medium-font-size\"><em><strong>Compartimos un video realizado por los estudiantes de historia de 2do a\u00f1o en la Pr\u00e1ctica Docente.<\/strong><\/em><\/p>\n\n\n\n<figure class=\"wp-block-embed is-type-video is-provider-youtube wp-block-embed-youtube wp-embed-aspect-16-9 wp-has-aspect-ratio\"><div class=\"wp-block-embed__wrapper\">\n<iframe loading=\"lazy\" title=\"Historia  Pr\u00e1cticas de 2\u00b0-Balciunas-Mohorade\" width=\"1200\" height=\"675\" src=\"https:\/\/www.youtube.com\/embed\/ajynFUKeWp4?feature=oembed\" frameborder=\"0\" allow=\"accelerometer; autoplay; clipboard-write; encrypted-media; gyroscope; picture-in-picture\" allowfullscreen><\/iframe>\n<\/div><\/figure>\n\n\n\n<p>28\/10\/22<\/p>\n\n\n\n<h4 class=\"wp-block-heading\"><em><strong>CAMINATA POR UNA EDUCACI\u00d3N INCLUSIVA.<\/strong><\/em><\/h4>\n\n\n\n<h4 class=\"wp-block-heading\"><em><strong>Compartimos comunicaci\u00f3n<\/strong><\/em><\/h4>\n\n\n<div class=\"wp-block-image\">\n<figure class=\"aligncenter size-large is-resized\"><img decoding=\"async\" loading=\"lazy\" src=\"https:\/\/isfd21-bue.infd.edu.ar\/sitio\/wp-content\/uploads\/2022\/10\/image-9.png\" alt=\"\" class=\"wp-image-7455\" width=\"365\" height=\"505\"\/><\/figure><\/div>\n\n\n<p>27\/10\/22<\/p>\n\n\n<div class=\"wp-block-image\">\n<figure class=\"aligncenter size-large\"><img decoding=\"async\" loading=\"lazy\" width=\"509\" height=\"606\" src=\"https:\/\/isfd21-bue.infd.edu.ar\/sitio\/wp-content\/uploads\/2022\/10\/image-6.png\" alt=\"\" class=\"wp-image-7447\"\/><\/figure><\/div>\n\n\n<h4 class=\"wp-block-heading\"><em><strong>ATENCI\u00d3N EGRESADOS<\/strong><\/em><img decoding=\"async\" loading=\"lazy\" height=\"20\" width=\"20\" alt=\"&#x1f4cc;\" src=\"https:\/\/static.xx.fbcdn.net\/images\/emoji.php\/v9\/t85\/1\/20\/1f4cc.png\"><\/h4>\n\n\n\n<h4 class=\"wp-block-heading\"><strong><em>LLEGARON T\u00cdTULOS<\/em><\/strong><\/h4>\n\n\n\n<h4 class=\"wp-block-heading\"><strong><em>PODR\u00c1N PASAR POR EL INSTITUTO A RETIRARLOS A PARTIR DEL VIERNES 28\/10, EN LOS HORARIOS DE ATENCI\u00d3N EN PRECEPTOR\u00cdA.<\/em><\/strong><\/h4>\n\n\n\n<h4 class=\"wp-block-heading\"><strong><em>PRESENTAR DNI Y QUIENES NO PUEDAN ACERCARSE PERSONALMENTE, PUEDEN ENVIAR A OTRA PERSONA CON UNA AUTORIZACI\u00d3N FIRMADA POR USTEDES Y UNA COPIA DEL DNI.<\/em><\/strong><\/h4>\n\n\n\n<figure class=\"wp-block-gallery has-nested-images columns-default is-cropped wp-block-gallery-43 is-layout-flex\">\n<figure class=\"wp-block-image size-large\"><img decoding=\"async\" loading=\"lazy\" width=\"720\" height=\"1280\" data-id=\"7445\"  src=\"https:\/\/isfd21-bue.infd.edu.ar\/sitio\/wp-content\/uploads\/2022\/10\/WhatsApp-Image-2022-10-27-at-4.05.46-PM-1.jpeg\" alt=\"\" class=\"wp-image-7445\" srcset=\"https:\/\/isfd21-bue.infd.edu.ar\/sitio\/wp-content\/uploads\/2022\/10\/WhatsApp-Image-2022-10-27-at-4.05.46-PM-1.jpeg 720w, https:\/\/isfd21-bue.infd.edu.ar\/sitio\/wp-content\/uploads\/2022\/10\/WhatsApp-Image-2022-10-27-at-4.05.46-PM-1-563x1000.jpeg 563w\" sizes=\"(max-width: 720px) 100vw, 720px\" \/><\/figure>\n\n\n\n<figure class=\"wp-block-image size-large\"><img decoding=\"async\" loading=\"lazy\" width=\"720\" height=\"1280\" data-id=\"7446\"  src=\"https:\/\/isfd21-bue.infd.edu.ar\/sitio\/wp-content\/uploads\/2022\/10\/WhatsApp-Image-2022-10-27-at-4.05.47-PM.jpeg\" alt=\"\" class=\"wp-image-7446\" srcset=\"https:\/\/isfd21-bue.infd.edu.ar\/sitio\/wp-content\/uploads\/2022\/10\/WhatsApp-Image-2022-10-27-at-4.05.47-PM.jpeg 720w, https:\/\/isfd21-bue.infd.edu.ar\/sitio\/wp-content\/uploads\/2022\/10\/WhatsApp-Image-2022-10-27-at-4.05.47-PM-563x1000.jpeg 563w\" sizes=\"(max-width: 720px) 100vw, 720px\" \/><\/figure>\n<\/figure>\n\n\n\n<p>24\/10\/22<\/p>\n\n\n\n<div class=\"wp-block-columns is-layout-flex wp-container-47\">\n<div class=\"wp-block-column is-layout-flow\">\n<h6 class=\"wp-block-heading\"><strong><em>25 de octubre d\u00eda de la fundaci\u00f3n del partido de Moreno<\/em><\/strong><\/h6>\n\n\n\n<h6 class=\"wp-block-heading\"><em>El partido de Moreno se crea cercenando una extensi\u00f3n del Cuartel IV de la jurisdicci\u00f3n de la Villa de Luj\u00e1n;11\u200b conformado tambi\u00e9n por el partido de General Rodr\u00edguez que se desprender\u00e1 de Luj\u00e1n en 1878.12\u200b<\/em><\/h6>\n\n\n\n<h6 class=\"wp-block-heading\"><em>El 25 de octubre de 1864, el Senado de la Provincia de Buenos Aires aprob\u00f3 el proyecto de ley, quedando dividida la provincia en cuarenta y cinco Partidos, as\u00ed surgieron por Decreto entre otros, los Partidos de Moreno, Las Heras, Suipacha, Merlo, Chacabuco y Ramallo. Siendo el gobernador Mariano Saavedra el 24 de febrero de 1865 quien firm\u00f3 el decreto que estableci\u00f3 los nombres de los ocho nuevos Partidos creados, con sus nombres y l\u00edmites. La superficie designada para el nuevo Partido de Moreno fue mucho mayor que en la actualidad, hasta que en 1878 y 1889, se crea el Partido de General Sarmiento &#8211; luego dividido-, quit\u00e1ndose tierras a Moreno para crear los espacios de aquellos.<\/em><\/h6>\n\n\n\n<p><em>Extra\u00eddo de: Fundaci\u00f3n Wikimedia, Inc. (20\/07\/22). Partido de Moreno. Wikipedia.&nbsp;<a href=\"https:\/\/es.wikipedia.org\/wiki\/Partido_de_Moreno?fbclid=IwAR2K4xXVbyFz5i9sjbaZAGo2A0rFGFcnRGDmoqbBRv98Pjw7RCejQOpPE7M\" rel=\"noreferrer noopener\" target=\"_blank\">https:\/\/es.wikipedia.org\/wiki\/Partido_de_Moreno<\/a><\/em><\/p>\n<\/div>\n\n\n\n<div class=\"wp-block-column is-layout-flow\">\n<figure class=\"wp-block-image size-large\"><img decoding=\"async\" loading=\"lazy\" width=\"1019\" height=\"1416\" src=\"https:\/\/isfd21-bue.infd.edu.ar\/sitio\/wp-content\/uploads\/2022\/10\/WhatsApp-Image-2022-10-24-at-1.25.24-PM.jpeg\" alt=\"\" class=\"wp-image-7415\" srcset=\"https:\/\/isfd21-bue.infd.edu.ar\/sitio\/wp-content\/uploads\/2022\/10\/WhatsApp-Image-2022-10-24-at-1.25.24-PM.jpeg 1019w, https:\/\/isfd21-bue.infd.edu.ar\/sitio\/wp-content\/uploads\/2022\/10\/WhatsApp-Image-2022-10-24-at-1.25.24-PM-720x1000.jpeg 720w, https:\/\/isfd21-bue.infd.edu.ar\/sitio\/wp-content\/uploads\/2022\/10\/WhatsApp-Image-2022-10-24-at-1.25.24-PM-768x1067.jpeg 768w\" sizes=\"(max-width: 1019px) 100vw, 1019px\" \/><\/figure>\n<\/div>\n<\/div>\n\n\n\n<hr class=\"wp-block-separator has-css-opacity\"\/>\n\n\n\n<div class=\"wp-block-columns is-layout-flex wp-container-52\">\n<div class=\"wp-block-column is-layout-flow\">\n<figure class=\"wp-block-gallery has-nested-images columns-default is-cropped wp-block-gallery-48 is-layout-flex\">\n<figure class=\"wp-block-image size-large\"><img decoding=\"async\" loading=\"lazy\" width=\"1080\" height=\"1080\" src=\"https:\/\/isfd21-bue.infd.edu.ar\/sitio\/wp-content\/uploads\/2022\/10\/WhatsApp-Image-2022-10-24-at-1.24.03-PM.jpeg\" alt=\"\" class=\"wp-image-7416\" srcset=\"https:\/\/isfd21-bue.infd.edu.ar\/sitio\/wp-content\/uploads\/2022\/10\/WhatsApp-Image-2022-10-24-at-1.24.03-PM.jpeg 1080w, https:\/\/isfd21-bue.infd.edu.ar\/sitio\/wp-content\/uploads\/2022\/10\/WhatsApp-Image-2022-10-24-at-1.24.03-PM-1000x1000.jpeg 1000w, https:\/\/isfd21-bue.infd.edu.ar\/sitio\/wp-content\/uploads\/2022\/10\/WhatsApp-Image-2022-10-24-at-1.24.03-PM-500x500.jpeg 500w, https:\/\/isfd21-bue.infd.edu.ar\/sitio\/wp-content\/uploads\/2022\/10\/WhatsApp-Image-2022-10-24-at-1.24.03-PM-768x768.jpeg 768w\" sizes=\"(max-width: 1080px) 100vw, 1080px\" \/><\/figure>\n<\/figure>\n<\/div>\n\n\n\n<div class=\"wp-block-column is-layout-flow\">\n<h6 class=\"wp-block-heading\"><em><strong>PANEL DE EXPERIENCIAS<\/strong><\/em><\/h6>\n\n\n\n<h6 class=\"wp-block-heading\"><em>En el marco de la Convocatoria 40 a\u00f1os: La Democracia en la Educaci\u00f3n lxs invitamos a participar de esta charla en la que se compartir\u00e1n distintas experiencias a los fines de acompa\u00f1ar a aquellxs estudiantes que quieran participar en la Convocatoria.<\/em><\/h6>\n\n\n\n<h6 class=\"wp-block-heading\"><em>La charla es abierta a la comunidad y se realizar\u00e1 el jueves 3 de Noviembre a las 17:30 hs en el SUM del Instituto Rojas.<\/em><\/h6>\n\n\n\n<h6 class=\"wp-block-heading\"><em>Lxs esperamos!<\/em><\/h6>\n\n\n\n<h6 class=\"wp-block-heading\"><em>Coordinadorxs Institucionales de Pol\u00edticas Estudiantiles<\/em><\/h6>\n<\/div>\n<\/div>\n\n\n\n<figure class=\"wp-block-image size-large\"><img decoding=\"async\" loading=\"lazy\" width=\"518\" height=\"671\" src=\"https:\/\/isfd21-bue.infd.edu.ar\/sitio\/wp-content\/uploads\/2022\/10\/image-5.png\" alt=\"\" class=\"wp-image-7418\"\/><\/figure>\n\n\n\n<hr class=\"wp-block-separator has-css-opacity\"\/>\n\n\n\n<p>Compartimos convocatoria. <img decoding=\"async\" loading=\"lazy\" height=\"16\" width=\"16\" alt=\"&#x1f4e2;\" src=\"https:\/\/static.xx.fbcdn.net\/images\/emoji.php\/v9\/t39\/1\/16\/1f4e2.png\"><img decoding=\"async\" loading=\"lazy\" height=\"16\" width=\"16\" alt=\"&#x1f4e2;\" src=\"https:\/\/static.xx.fbcdn.net\/images\/emoji.php\/v9\/t39\/1\/16\/1f4e2.png\">CINE DEBATE<img decoding=\"async\" loading=\"lazy\" height=\"16\" width=\"16\" alt=\"&#x203c;&#xfe0f;\" src=\"https:\/\/static.xx.fbcdn.net\/images\/emoji.php\/v9\/t77\/1\/16\/203c.png\"><\/p>\n\n\n\n<p>En el marco del 45\u00b0 aniversario de la fundaci\u00f3n de nuestras Abuelas de Plaza de Mayo, luchando por la identidad y la recuperaci\u00f3n de sus nietos, invitamos a todes a la proyecci\u00f3n del film \u00abArgentina 1985\u00bb. La misma cuenta el desarrollo del juicio a las juntas militares con la recuperaci\u00f3n de la Democracia en nuestro pa\u00eds, convirti\u00e9ndose en un hecho Hist\u00f3rico para la Historia de la Humanidad. <a href=\"https:\/\/www.facebook.com\/hashtag\/siempreunidesporlamemoria?__eep__=6&amp;__gid__=523982381290540&amp;__cft__[0]=AZU4XpbzynqZeMoqN3Bt_rLH88J6Zpor2XFyfX5H2suPQQSXYBS1yYgIct91e3uzzqbdajNMzsTnoM5nsVSmJj6JjyuNo_6-ooilx6TGWS91bXpx7YozAupSOzWJAVC7U4U5maO_D7CLQ7JIgg_wVUO1Wg-6I7ybOnz6iuDkUx907gvetWkOWhudhsm6jj9pXEk&amp;__tn__=*NK-R\">#SiempreUnidesporlaMemoria<\/a><\/p>\n\n\n<div class=\"wp-block-image\">\n<figure class=\"aligncenter size-large is-resized\"><img decoding=\"async\" loading=\"lazy\" src=\"https:\/\/isfd21-bue.infd.edu.ar\/sitio\/wp-content\/uploads\/2022\/10\/305579678_1265700030896639_3644022432103168207_n.jpg\" alt=\"\" class=\"wp-image-7420\" width=\"424\" height=\"753\"\/><\/figure><\/div>\n\n\n<p>21\/10\/22<\/p>\n\n\n\n<h4 class=\"wp-block-heading\"><strong>MESAS DE EXAMEN NOVIEMBRE\/DICIEMBRE<\/strong><\/h4>\n\n\n\n<h4 class=\"wp-block-heading\"><strong><em>Podr\u00e1n consultar las fechas y las indicaciones para inscribirse.<\/em><\/strong><\/h4>\n\n\n\n<p><em><strong>MUCHA SUERTE EN LOS EXAMENES<\/strong><\/em><a href=\"https:\/\/isfd21-bue.infd.edu.ar\/sitio\/turno-de-examen-diciembre-2022\/?fbclid=IwAR3UHcmpyR221XiZMMU3Tbb9X_wP3M3oAnPhNg6qgOGq2ly9E-6m4Q4Xkmk\" rel=\"noreferrer noopener\" target=\"_blank\"><em><strong>https:\/\/isfd21-bue.infd.edu.ar\/sitio\/turno-de-examen-diciembre-2022\/<\/strong><\/em><\/a><\/p>\n\n\n\n<figure class=\"wp-block-image size-large\"><img decoding=\"async\" src=\"blob:https:\/\/isfd21-bue.infd.edu.ar\/ddd297f2-3222-4128-89a0-30cad335dac9\" alt=\"\"\/><\/figure>\n\n\n\n<p>20\/10\/22<\/p>\n\n\n\n<p><\/p>\n\n\n<div class=\"wp-block-image\">\n<figure class=\"aligncenter size-large\"><img decoding=\"async\" loading=\"lazy\" width=\"517\" height=\"684\" src=\"https:\/\/isfd21-bue.infd.edu.ar\/sitio\/wp-content\/uploads\/2022\/10\/image-4.png\" alt=\"\" class=\"wp-image-7345\"\/><\/figure><\/div>\n\n\n<hr class=\"wp-block-separator has-css-opacity\"\/>\n\n\n\n<p><em>Actividad realizada con estudiantes de tercer a\u00f1o del profesorado de Lengua y Literatura: conocieron la biblioteca parlante de Haedo para personas ciegas o disminuidos visuales. Hermosa experiencia.<\/em><\/p>\n\n\n\n<figure class=\"wp-block-gallery has-nested-images columns-default is-cropped wp-block-gallery-53 is-layout-flex\">\n<figure class=\"wp-block-image size-large\"><img decoding=\"async\" loading=\"lazy\" width=\"1200\" height=\"1600\" data-id=\"7348\"  src=\"https:\/\/isfd21-bue.infd.edu.ar\/sitio\/wp-content\/uploads\/2022\/10\/312390654_1263356254464350_6300968571481650900_n.jpg\" alt=\"\" class=\"wp-image-7348\" srcset=\"https:\/\/isfd21-bue.infd.edu.ar\/sitio\/wp-content\/uploads\/2022\/10\/312390654_1263356254464350_6300968571481650900_n.jpg 1200w, https:\/\/isfd21-bue.infd.edu.ar\/sitio\/wp-content\/uploads\/2022\/10\/312390654_1263356254464350_6300968571481650900_n-750x1000.jpg 750w, https:\/\/isfd21-bue.infd.edu.ar\/sitio\/wp-content\/uploads\/2022\/10\/312390654_1263356254464350_6300968571481650900_n-768x1024.jpg 768w, https:\/\/isfd21-bue.infd.edu.ar\/sitio\/wp-content\/uploads\/2022\/10\/312390654_1263356254464350_6300968571481650900_n-1152x1536.jpg 1152w\" sizes=\"(max-width: 1200px) 100vw, 1200px\" \/><\/figure>\n\n\n\n<figure class=\"wp-block-image size-large\"><img decoding=\"async\" loading=\"lazy\" width=\"1600\" height=\"1200\" data-id=\"7349\"  src=\"https:\/\/isfd21-bue.infd.edu.ar\/sitio\/wp-content\/uploads\/2022\/10\/312155075_1263356214464354_7976463784536743580_n.jpg\" alt=\"\" class=\"wp-image-7349\" srcset=\"https:\/\/isfd21-bue.infd.edu.ar\/sitio\/wp-content\/uploads\/2022\/10\/312155075_1263356214464354_7976463784536743580_n.jpg 1600w, https:\/\/isfd21-bue.infd.edu.ar\/sitio\/wp-content\/uploads\/2022\/10\/312155075_1263356214464354_7976463784536743580_n-1000x750.jpg 1000w, https:\/\/isfd21-bue.infd.edu.ar\/sitio\/wp-content\/uploads\/2022\/10\/312155075_1263356214464354_7976463784536743580_n-768x576.jpg 768w, https:\/\/isfd21-bue.infd.edu.ar\/sitio\/wp-content\/uploads\/2022\/10\/312155075_1263356214464354_7976463784536743580_n-1536x1152.jpg 1536w\" sizes=\"(max-width: 1600px) 100vw, 1600px\" \/><\/figure>\n\n\n\n<figure class=\"wp-block-image size-large\"><img decoding=\"async\" loading=\"lazy\" width=\"1080\" height=\"1080\" data-id=\"7350\"  src=\"https:\/\/isfd21-bue.infd.edu.ar\/sitio\/wp-content\/uploads\/2022\/10\/312062931_1263356164464359_7482165869406511812_n.jpg\" alt=\"\" class=\"wp-image-7350\" srcset=\"https:\/\/isfd21-bue.infd.edu.ar\/sitio\/wp-content\/uploads\/2022\/10\/312062931_1263356164464359_7482165869406511812_n.jpg 1080w, https:\/\/isfd21-bue.infd.edu.ar\/sitio\/wp-content\/uploads\/2022\/10\/312062931_1263356164464359_7482165869406511812_n-1000x1000.jpg 1000w, https:\/\/isfd21-bue.infd.edu.ar\/sitio\/wp-content\/uploads\/2022\/10\/312062931_1263356164464359_7482165869406511812_n-500x500.jpg 500w, https:\/\/isfd21-bue.infd.edu.ar\/sitio\/wp-content\/uploads\/2022\/10\/312062931_1263356164464359_7482165869406511812_n-768x768.jpg 768w\" sizes=\"(max-width: 1080px) 100vw, 1080px\" \/><\/figure>\n\n\n\n<figure class=\"wp-block-image size-large\"><img decoding=\"async\" loading=\"lazy\" width=\"960\" height=\"960\" data-id=\"7351\"  src=\"https:\/\/isfd21-bue.infd.edu.ar\/sitio\/wp-content\/uploads\/2022\/10\/312155079_1263355464464429_3502277754768295530_n.jpg\" alt=\"\" class=\"wp-image-7351\" srcset=\"https:\/\/isfd21-bue.infd.edu.ar\/sitio\/wp-content\/uploads\/2022\/10\/312155079_1263355464464429_3502277754768295530_n.jpg 960w, https:\/\/isfd21-bue.infd.edu.ar\/sitio\/wp-content\/uploads\/2022\/10\/312155079_1263355464464429_3502277754768295530_n-500x500.jpg 500w, https:\/\/isfd21-bue.infd.edu.ar\/sitio\/wp-content\/uploads\/2022\/10\/312155079_1263355464464429_3502277754768295530_n-768x768.jpg 768w\" sizes=\"(max-width: 960px) 100vw, 960px\" \/><\/figure>\n\n\n\n<figure class=\"wp-block-image size-large\"><img decoding=\"async\" loading=\"lazy\" width=\"1600\" height=\"1200\" data-id=\"7352\"  src=\"https:\/\/isfd21-bue.infd.edu.ar\/sitio\/wp-content\/uploads\/2022\/10\/312318624_1263356424464333_7519992666934277465_n.jpg\" alt=\"\" class=\"wp-image-7352\" srcset=\"https:\/\/isfd21-bue.infd.edu.ar\/sitio\/wp-content\/uploads\/2022\/10\/312318624_1263356424464333_7519992666934277465_n.jpg 1600w, https:\/\/isfd21-bue.infd.edu.ar\/sitio\/wp-content\/uploads\/2022\/10\/312318624_1263356424464333_7519992666934277465_n-1000x750.jpg 1000w, https:\/\/isfd21-bue.infd.edu.ar\/sitio\/wp-content\/uploads\/2022\/10\/312318624_1263356424464333_7519992666934277465_n-768x576.jpg 768w, https:\/\/isfd21-bue.infd.edu.ar\/sitio\/wp-content\/uploads\/2022\/10\/312318624_1263356424464333_7519992666934277465_n-1536x1152.jpg 1536w\" sizes=\"(max-width: 1600px) 100vw, 1600px\" \/><\/figure>\n\n\n\n<figure class=\"wp-block-image size-large\"><img decoding=\"async\" loading=\"lazy\" width=\"1200\" height=\"1600\" data-id=\"7353\"  src=\"https:\/\/isfd21-bue.infd.edu.ar\/sitio\/wp-content\/uploads\/2022\/10\/312099432_1263356394464336_1511183227550193874_n.jpg\" alt=\"\" class=\"wp-image-7353\" srcset=\"https:\/\/isfd21-bue.infd.edu.ar\/sitio\/wp-content\/uploads\/2022\/10\/312099432_1263356394464336_1511183227550193874_n.jpg 1200w, https:\/\/isfd21-bue.infd.edu.ar\/sitio\/wp-content\/uploads\/2022\/10\/312099432_1263356394464336_1511183227550193874_n-750x1000.jpg 750w, https:\/\/isfd21-bue.infd.edu.ar\/sitio\/wp-content\/uploads\/2022\/10\/312099432_1263356394464336_1511183227550193874_n-768x1024.jpg 768w, https:\/\/isfd21-bue.infd.edu.ar\/sitio\/wp-content\/uploads\/2022\/10\/312099432_1263356394464336_1511183227550193874_n-1152x1536.jpg 1152w\" sizes=\"(max-width: 1200px) 100vw, 1200px\" \/><\/figure>\n\n\n\n<figure class=\"wp-block-image size-large\"><img decoding=\"async\" loading=\"lazy\" width=\"1200\" height=\"1600\" data-id=\"7354\"  src=\"https:\/\/isfd21-bue.infd.edu.ar\/sitio\/wp-content\/uploads\/2022\/10\/312362936_1263356364464339_4354080932336826311_n.jpg\" alt=\"\" class=\"wp-image-7354\" srcset=\"https:\/\/isfd21-bue.infd.edu.ar\/sitio\/wp-content\/uploads\/2022\/10\/312362936_1263356364464339_4354080932336826311_n.jpg 1200w, https:\/\/isfd21-bue.infd.edu.ar\/sitio\/wp-content\/uploads\/2022\/10\/312362936_1263356364464339_4354080932336826311_n-750x1000.jpg 750w, https:\/\/isfd21-bue.infd.edu.ar\/sitio\/wp-content\/uploads\/2022\/10\/312362936_1263356364464339_4354080932336826311_n-768x1024.jpg 768w, https:\/\/isfd21-bue.infd.edu.ar\/sitio\/wp-content\/uploads\/2022\/10\/312362936_1263356364464339_4354080932336826311_n-1152x1536.jpg 1152w\" sizes=\"(max-width: 1200px) 100vw, 1200px\" \/><\/figure>\n\n\n\n<figure class=\"wp-block-image size-large\"><img decoding=\"async\" loading=\"lazy\" width=\"1200\" height=\"1600\" data-id=\"7355\"  src=\"https:\/\/isfd21-bue.infd.edu.ar\/sitio\/wp-content\/uploads\/2022\/10\/312311205_1263356324464343_623907657803750084_n.jpg\" alt=\"\" class=\"wp-image-7355\" srcset=\"https:\/\/isfd21-bue.infd.edu.ar\/sitio\/wp-content\/uploads\/2022\/10\/312311205_1263356324464343_623907657803750084_n.jpg 1200w, https:\/\/isfd21-bue.infd.edu.ar\/sitio\/wp-content\/uploads\/2022\/10\/312311205_1263356324464343_623907657803750084_n-750x1000.jpg 750w, https:\/\/isfd21-bue.infd.edu.ar\/sitio\/wp-content\/uploads\/2022\/10\/312311205_1263356324464343_623907657803750084_n-768x1024.jpg 768w, https:\/\/isfd21-bue.infd.edu.ar\/sitio\/wp-content\/uploads\/2022\/10\/312311205_1263356324464343_623907657803750084_n-1152x1536.jpg 1152w\" sizes=\"(max-width: 1200px) 100vw, 1200px\" \/><\/figure>\n<\/figure>\n\n\n\n<p>18\/10\/22<\/p>\n\n\n\n<h4 class=\"wp-block-heading\"><strong><em>ATENCI\u00d3N ACTOS DE COLACI\u00d3N<\/em><\/strong><img decoding=\"async\" loading=\"lazy\" height=\"20\" width=\"20\" alt=\"&#x1f6d1;\" src=\"https:\/\/static.xx.fbcdn.net\/images\/emoji.php\/v9\/t74\/1\/20\/1f6d1.png\"><\/h4>\n\n\n\n<h4 class=\"wp-block-heading\"><em><strong>COMPARTIMOS EL ENLACE DEL FORMULARO DE LOS ACTOS DE COLACI\u00d3N PARA QUE CONFIRMEN ASISTENCIA:<\/strong><\/em><\/h4>\n\n\n\n<h4 class=\"wp-block-heading\"><a rel=\"noreferrer noopener\" href=\"https:\/\/forms.gle\/o34PNjkuRfPkcbFF8?fbclid=IwAR2lXBal1CnWRp_6Zk1Jgo3nT6TbqlmejK1Xenmj0hiVwoAHxJEyP6H2Ir0\" target=\"_blank\">https:\/\/forms.gle\/o34PNjkuRfPkcbFF8<\/a><\/h4>\n\n\n\n<p><em><strong>el formulario estar\u00e1 disponible para completar hasta el 1\/11<\/strong><\/em><\/p>\n\n\n\n<h4 class=\"wp-block-heading\"><strong><em>DIRIGIDO A LA SIGUIENTE EDICI\u00d3N DE EGRESADOS:<\/em><\/strong><\/h4>\n\n\n\n<h4 class=\"wp-block-heading\"><strong><em>NOV\/DIC 2021<\/em><\/strong><\/h4>\n\n\n\n<h4 class=\"wp-block-heading\"><strong><em>FEB\/MARZO 2022<\/em><\/strong><\/h4>\n\n\n\n<h4 class=\"wp-block-heading\"><strong><em>JUL\/AGO 2022<\/em><\/strong><\/h4>\n\n\n\n<h4 class=\"wp-block-heading\"><strong><em>MESAS DE \u00daLTIMA MATERIA 2022<\/em><\/strong><\/h4>\n\n\n\n<h4 class=\"wp-block-heading\"><strong><em>CRONOGRAMA:<\/em><\/strong><\/h4>\n\n\n\n<h4 class=\"wp-block-heading\"><strong><em>LUNES 7\/11 (HISTORIA\/GEOGRAF\u00cdA\/FILOSOF\u00cdA)<\/em><\/strong><\/h4>\n\n\n\n<h4 class=\"wp-block-heading\"><strong><em>MARTES 8\/11 (LENGUA)<\/em><\/strong><\/h4>\n\n\n\n<h4 class=\"wp-block-heading\"><strong><em>MI\u00c9RCOLES 9\/11 (MATEM\u00c1TICA)<\/em><\/strong><\/h4>\n\n\n\n<h4 class=\"wp-block-heading\"><strong><em>JUEVES 10\/11 (PRIMARIA)<\/em><\/strong><\/h4>\n\n\n\n<h4 class=\"wp-block-heading\"><strong><em>S\u00c1BADO 12\/11 (INGL\u00c9S)<\/em><\/strong><\/h4>\n\n\n\n<h4 class=\"wp-block-heading\"><strong><em>LUNES 14\/11 (BIOLOG\u00cdA\/ESPECIAL)<\/em><\/strong><\/h4>\n\n\n\n<hr class=\"wp-block-separator has-css-opacity\"\/>\n\n\n\n<hr class=\"wp-block-separator has-css-opacity\"\/>\n\n\n\n<h4 class=\"wp-block-heading\"><em><strong>GRAN DESPLIEGUE Y MUESTRA DE TRABAJO EN EL FESTIVAL DE ESI, GENERO Y DIVERSIDAD.<\/strong><\/em><\/h4>\n\n\n\n<h4 class=\"wp-block-heading\"><em><strong>PARTICIPAN ESTUDIANTES Y DOCENTES DEL INSTITUTO RICARDO ROJAS.<\/strong><\/em><\/h4>\n\n\n\n<p><em><strong>ACERCATE A VISITAR LOS STANDS DE 10 A 15 HS!!!<\/strong><\/em><img decoding=\"async\" loading=\"lazy\" height=\"16\" width=\"16\" alt=\"&#x1f389;\" src=\"https:\/\/static.xx.fbcdn.net\/images\/emoji.php\/v9\/t8c\/1\/16\/1f389.png\"><img decoding=\"async\" loading=\"lazy\" height=\"16\" width=\"16\" alt=\"&#x1f929;\" src=\"https:\/\/static.xx.fbcdn.net\/images\/emoji.php\/v9\/t58\/1\/16\/1f929.png\"><img decoding=\"async\" loading=\"lazy\" height=\"16\" width=\"16\" alt=\"&#x1f929;\" src=\"https:\/\/static.xx.fbcdn.net\/images\/emoji.php\/v9\/t58\/1\/16\/1f929.png\"><img decoding=\"async\" loading=\"lazy\" height=\"16\" width=\"16\" alt=\"&#x1f3f3;&#xfe0f;&#x200d;&#x1f308;\" src=\"https:\/\/static.xx.fbcdn.net\/images\/emoji.php\/v9\/t56\/1\/16\/1f3f3_200d_1f308.png\"><em><strong>!&nbsp;<\/strong><\/em><img decoding=\"async\" loading=\"lazy\" height=\"16\" width=\"16\" alt=\"&#x1f389;\" src=\"https:\/\/static.xx.fbcdn.net\/images\/emoji.php\/v9\/t8c\/1\/16\/1f389.png\"><img decoding=\"async\" loading=\"lazy\" height=\"16\" width=\"16\" alt=\"&#x1f929;\" src=\"https:\/\/static.xx.fbcdn.net\/images\/emoji.php\/v9\/t58\/1\/16\/1f929.png\"><img decoding=\"async\" loading=\"lazy\" height=\"16\" width=\"16\" alt=\"&#x1f929;\" src=\"https:\/\/static.xx.fbcdn.net\/images\/emoji.php\/v9\/t58\/1\/16\/1f929.png\"><em><strong>Agradecemos la visita de nuestro Inspector Areal, el profesor Mariano Chalupa.<\/strong><\/em><\/p>\n\n\n\n<figure class=\"wp-block-gallery has-nested-images columns-4 is-cropped wp-block-gallery-55 is-layout-flex\">\n<figure class=\"wp-block-image size-large\"><img decoding=\"async\" loading=\"lazy\" width=\"1200\" height=\"1600\" data-id=\"7301\"  src=\"https:\/\/isfd21-bue.infd.edu.ar\/sitio\/wp-content\/uploads\/2022\/10\/WhatsApp-Image-2022-10-18-at-3.57.37-PM-3.jpeg\" alt=\"\" class=\"wp-image-7301\" srcset=\"https:\/\/isfd21-bue.infd.edu.ar\/sitio\/wp-content\/uploads\/2022\/10\/WhatsApp-Image-2022-10-18-at-3.57.37-PM-3.jpeg 1200w, https:\/\/isfd21-bue.infd.edu.ar\/sitio\/wp-content\/uploads\/2022\/10\/WhatsApp-Image-2022-10-18-at-3.57.37-PM-3-750x1000.jpeg 750w, https:\/\/isfd21-bue.infd.edu.ar\/sitio\/wp-content\/uploads\/2022\/10\/WhatsApp-Image-2022-10-18-at-3.57.37-PM-3-768x1024.jpeg 768w, https:\/\/isfd21-bue.infd.edu.ar\/sitio\/wp-content\/uploads\/2022\/10\/WhatsApp-Image-2022-10-18-at-3.57.37-PM-3-1152x1536.jpeg 1152w\" sizes=\"(max-width: 1200px) 100vw, 1200px\" \/><\/figure>\n\n\n\n<figure class=\"wp-block-image size-large\"><img decoding=\"async\" loading=\"lazy\" width=\"1600\" height=\"1200\" data-id=\"7302\"  src=\"https:\/\/isfd21-bue.infd.edu.ar\/sitio\/wp-content\/uploads\/2022\/10\/WhatsApp-Image-2022-10-18-at-3.57.37-PM-2.jpeg\" alt=\"\" class=\"wp-image-7302\" srcset=\"https:\/\/isfd21-bue.infd.edu.ar\/sitio\/wp-content\/uploads\/2022\/10\/WhatsApp-Image-2022-10-18-at-3.57.37-PM-2.jpeg 1600w, https:\/\/isfd21-bue.infd.edu.ar\/sitio\/wp-content\/uploads\/2022\/10\/WhatsApp-Image-2022-10-18-at-3.57.37-PM-2-1000x750.jpeg 1000w, https:\/\/isfd21-bue.infd.edu.ar\/sitio\/wp-content\/uploads\/2022\/10\/WhatsApp-Image-2022-10-18-at-3.57.37-PM-2-768x576.jpeg 768w, https:\/\/isfd21-bue.infd.edu.ar\/sitio\/wp-content\/uploads\/2022\/10\/WhatsApp-Image-2022-10-18-at-3.57.37-PM-2-1536x1152.jpeg 1536w\" sizes=\"(max-width: 1600px) 100vw, 1600px\" \/><\/figure>\n\n\n\n<figure class=\"wp-block-image size-large\"><img decoding=\"async\" loading=\"lazy\" width=\"1600\" height=\"1200\" data-id=\"7303\"  src=\"https:\/\/isfd21-bue.infd.edu.ar\/sitio\/wp-content\/uploads\/2022\/10\/WhatsApp-Image-2022-10-18-at-3.57.37-PM-1.jpeg\" alt=\"\" class=\"wp-image-7303\" srcset=\"https:\/\/isfd21-bue.infd.edu.ar\/sitio\/wp-content\/uploads\/2022\/10\/WhatsApp-Image-2022-10-18-at-3.57.37-PM-1.jpeg 1600w, https:\/\/isfd21-bue.infd.edu.ar\/sitio\/wp-content\/uploads\/2022\/10\/WhatsApp-Image-2022-10-18-at-3.57.37-PM-1-1000x750.jpeg 1000w, https:\/\/isfd21-bue.infd.edu.ar\/sitio\/wp-content\/uploads\/2022\/10\/WhatsApp-Image-2022-10-18-at-3.57.37-PM-1-768x576.jpeg 768w, https:\/\/isfd21-bue.infd.edu.ar\/sitio\/wp-content\/uploads\/2022\/10\/WhatsApp-Image-2022-10-18-at-3.57.37-PM-1-1536x1152.jpeg 1536w\" sizes=\"(max-width: 1600px) 100vw, 1600px\" \/><\/figure>\n\n\n\n<figure class=\"wp-block-image size-large\"><img decoding=\"async\" loading=\"lazy\" width=\"1600\" height=\"1200\" data-id=\"7304\"  src=\"https:\/\/isfd21-bue.infd.edu.ar\/sitio\/wp-content\/uploads\/2022\/10\/WhatsApp-Image-2022-10-18-at-3.57.37-PM.jpeg\" alt=\"\" class=\"wp-image-7304\" srcset=\"https:\/\/isfd21-bue.infd.edu.ar\/sitio\/wp-content\/uploads\/2022\/10\/WhatsApp-Image-2022-10-18-at-3.57.37-PM.jpeg 1600w, https:\/\/isfd21-bue.infd.edu.ar\/sitio\/wp-content\/uploads\/2022\/10\/WhatsApp-Image-2022-10-18-at-3.57.37-PM-1000x750.jpeg 1000w, https:\/\/isfd21-bue.infd.edu.ar\/sitio\/wp-content\/uploads\/2022\/10\/WhatsApp-Image-2022-10-18-at-3.57.37-PM-768x576.jpeg 768w, https:\/\/isfd21-bue.infd.edu.ar\/sitio\/wp-content\/uploads\/2022\/10\/WhatsApp-Image-2022-10-18-at-3.57.37-PM-1536x1152.jpeg 1536w\" sizes=\"(max-width: 1600px) 100vw, 1600px\" \/><\/figure>\n\n\n\n<figure class=\"wp-block-image size-large\"><img decoding=\"async\" loading=\"lazy\" width=\"1200\" height=\"1600\" data-id=\"7305\"  src=\"https:\/\/isfd21-bue.infd.edu.ar\/sitio\/wp-content\/uploads\/2022\/10\/WhatsApp-Image-2022-10-18-at-3.57.36-PM-1.jpeg\" alt=\"\" class=\"wp-image-7305\" srcset=\"https:\/\/isfd21-bue.infd.edu.ar\/sitio\/wp-content\/uploads\/2022\/10\/WhatsApp-Image-2022-10-18-at-3.57.36-PM-1.jpeg 1200w, https:\/\/isfd21-bue.infd.edu.ar\/sitio\/wp-content\/uploads\/2022\/10\/WhatsApp-Image-2022-10-18-at-3.57.36-PM-1-750x1000.jpeg 750w, https:\/\/isfd21-bue.infd.edu.ar\/sitio\/wp-content\/uploads\/2022\/10\/WhatsApp-Image-2022-10-18-at-3.57.36-PM-1-768x1024.jpeg 768w, https:\/\/isfd21-bue.infd.edu.ar\/sitio\/wp-content\/uploads\/2022\/10\/WhatsApp-Image-2022-10-18-at-3.57.36-PM-1-1152x1536.jpeg 1152w\" sizes=\"(max-width: 1200px) 100vw, 1200px\" \/><\/figure>\n\n\n\n<figure class=\"wp-block-image size-large\"><img decoding=\"async\" loading=\"lazy\" width=\"1600\" height=\"1200\" data-id=\"7306\"  src=\"https:\/\/isfd21-bue.infd.edu.ar\/sitio\/wp-content\/uploads\/2022\/10\/WhatsApp-Image-2022-10-18-at-3.57.36-PM.jpeg\" alt=\"\" class=\"wp-image-7306\" srcset=\"https:\/\/isfd21-bue.infd.edu.ar\/sitio\/wp-content\/uploads\/2022\/10\/WhatsApp-Image-2022-10-18-at-3.57.36-PM.jpeg 1600w, https:\/\/isfd21-bue.infd.edu.ar\/sitio\/wp-content\/uploads\/2022\/10\/WhatsApp-Image-2022-10-18-at-3.57.36-PM-1000x750.jpeg 1000w, https:\/\/isfd21-bue.infd.edu.ar\/sitio\/wp-content\/uploads\/2022\/10\/WhatsApp-Image-2022-10-18-at-3.57.36-PM-768x576.jpeg 768w, https:\/\/isfd21-bue.infd.edu.ar\/sitio\/wp-content\/uploads\/2022\/10\/WhatsApp-Image-2022-10-18-at-3.57.36-PM-1536x1152.jpeg 1536w\" sizes=\"(max-width: 1600px) 100vw, 1600px\" \/><\/figure>\n\n\n\n<figure class=\"wp-block-image size-large\"><img decoding=\"async\" loading=\"lazy\" width=\"1600\" height=\"1200\" data-id=\"7307\"  src=\"https:\/\/isfd21-bue.infd.edu.ar\/sitio\/wp-content\/uploads\/2022\/10\/WhatsApp-Image-2022-10-18-at-3.57.35-PM.jpeg\" alt=\"\" class=\"wp-image-7307\" srcset=\"https:\/\/isfd21-bue.infd.edu.ar\/sitio\/wp-content\/uploads\/2022\/10\/WhatsApp-Image-2022-10-18-at-3.57.35-PM.jpeg 1600w, https:\/\/isfd21-bue.infd.edu.ar\/sitio\/wp-content\/uploads\/2022\/10\/WhatsApp-Image-2022-10-18-at-3.57.35-PM-1000x750.jpeg 1000w, https:\/\/isfd21-bue.infd.edu.ar\/sitio\/wp-content\/uploads\/2022\/10\/WhatsApp-Image-2022-10-18-at-3.57.35-PM-768x576.jpeg 768w, https:\/\/isfd21-bue.infd.edu.ar\/sitio\/wp-content\/uploads\/2022\/10\/WhatsApp-Image-2022-10-18-at-3.57.35-PM-1536x1152.jpeg 1536w\" sizes=\"(max-width: 1600px) 100vw, 1600px\" \/><\/figure>\n\n\n\n<figure class=\"wp-block-image size-large\"><img decoding=\"async\" loading=\"lazy\" width=\"1600\" height=\"1200\" data-id=\"7308\"  src=\"https:\/\/isfd21-bue.infd.edu.ar\/sitio\/wp-content\/uploads\/2022\/10\/WhatsApp-Image-2022-10-18-at-3.57.34-PM.jpeg\" alt=\"\" class=\"wp-image-7308\" srcset=\"https:\/\/isfd21-bue.infd.edu.ar\/sitio\/wp-content\/uploads\/2022\/10\/WhatsApp-Image-2022-10-18-at-3.57.34-PM.jpeg 1600w, https:\/\/isfd21-bue.infd.edu.ar\/sitio\/wp-content\/uploads\/2022\/10\/WhatsApp-Image-2022-10-18-at-3.57.34-PM-1000x750.jpeg 1000w, https:\/\/isfd21-bue.infd.edu.ar\/sitio\/wp-content\/uploads\/2022\/10\/WhatsApp-Image-2022-10-18-at-3.57.34-PM-768x576.jpeg 768w, https:\/\/isfd21-bue.infd.edu.ar\/sitio\/wp-content\/uploads\/2022\/10\/WhatsApp-Image-2022-10-18-at-3.57.34-PM-1536x1152.jpeg 1536w\" sizes=\"(max-width: 1600px) 100vw, 1600px\" \/><\/figure>\n\n\n\n<figure class=\"wp-block-image size-large\"><img decoding=\"async\" loading=\"lazy\" width=\"1600\" height=\"1200\" data-id=\"7309\"  src=\"https:\/\/isfd21-bue.infd.edu.ar\/sitio\/wp-content\/uploads\/2022\/10\/WhatsApp-Image-2022-10-18-at-3.57.32-PM-1.jpeg\" alt=\"\" class=\"wp-image-7309\" srcset=\"https:\/\/isfd21-bue.infd.edu.ar\/sitio\/wp-content\/uploads\/2022\/10\/WhatsApp-Image-2022-10-18-at-3.57.32-PM-1.jpeg 1600w, https:\/\/isfd21-bue.infd.edu.ar\/sitio\/wp-content\/uploads\/2022\/10\/WhatsApp-Image-2022-10-18-at-3.57.32-PM-1-1000x750.jpeg 1000w, https:\/\/isfd21-bue.infd.edu.ar\/sitio\/wp-content\/uploads\/2022\/10\/WhatsApp-Image-2022-10-18-at-3.57.32-PM-1-768x576.jpeg 768w, https:\/\/isfd21-bue.infd.edu.ar\/sitio\/wp-content\/uploads\/2022\/10\/WhatsApp-Image-2022-10-18-at-3.57.32-PM-1-1536x1152.jpeg 1536w\" sizes=\"(max-width: 1600px) 100vw, 1600px\" \/><\/figure>\n\n\n\n<figure class=\"wp-block-image size-large\"><img decoding=\"async\" loading=\"lazy\" width=\"1600\" height=\"1200\" data-id=\"7310\"  src=\"https:\/\/isfd21-bue.infd.edu.ar\/sitio\/wp-content\/uploads\/2022\/10\/WhatsApp-Image-2022-10-18-at-3.57.32-PM.jpeg\" alt=\"\" class=\"wp-image-7310\" srcset=\"https:\/\/isfd21-bue.infd.edu.ar\/sitio\/wp-content\/uploads\/2022\/10\/WhatsApp-Image-2022-10-18-at-3.57.32-PM.jpeg 1600w, https:\/\/isfd21-bue.infd.edu.ar\/sitio\/wp-content\/uploads\/2022\/10\/WhatsApp-Image-2022-10-18-at-3.57.32-PM-1000x750.jpeg 1000w, https:\/\/isfd21-bue.infd.edu.ar\/sitio\/wp-content\/uploads\/2022\/10\/WhatsApp-Image-2022-10-18-at-3.57.32-PM-768x576.jpeg 768w, https:\/\/isfd21-bue.infd.edu.ar\/sitio\/wp-content\/uploads\/2022\/10\/WhatsApp-Image-2022-10-18-at-3.57.32-PM-1536x1152.jpeg 1536w\" sizes=\"(max-width: 1600px) 100vw, 1600px\" \/><\/figure>\n\n\n\n<figure class=\"wp-block-image size-large\"><img decoding=\"async\" loading=\"lazy\" width=\"1600\" height=\"1200\" data-id=\"7311\"  src=\"https:\/\/isfd21-bue.infd.edu.ar\/sitio\/wp-content\/uploads\/2022\/10\/WhatsApp-Image-2022-10-18-at-3.57.31-PM.jpeg\" alt=\"\" class=\"wp-image-7311\" srcset=\"https:\/\/isfd21-bue.infd.edu.ar\/sitio\/wp-content\/uploads\/2022\/10\/WhatsApp-Image-2022-10-18-at-3.57.31-PM.jpeg 1600w, https:\/\/isfd21-bue.infd.edu.ar\/sitio\/wp-content\/uploads\/2022\/10\/WhatsApp-Image-2022-10-18-at-3.57.31-PM-1000x750.jpeg 1000w, https:\/\/isfd21-bue.infd.edu.ar\/sitio\/wp-content\/uploads\/2022\/10\/WhatsApp-Image-2022-10-18-at-3.57.31-PM-768x576.jpeg 768w, https:\/\/isfd21-bue.infd.edu.ar\/sitio\/wp-content\/uploads\/2022\/10\/WhatsApp-Image-2022-10-18-at-3.57.31-PM-1536x1152.jpeg 1536w\" sizes=\"(max-width: 1600px) 100vw, 1600px\" \/><\/figure>\n\n\n\n<figure class=\"wp-block-image size-large\"><img decoding=\"async\" loading=\"lazy\" width=\"1200\" height=\"1600\" data-id=\"7312\"  src=\"https:\/\/isfd21-bue.infd.edu.ar\/sitio\/wp-content\/uploads\/2022\/10\/WhatsApp-Image-2022-10-18-at-3.57.30-PM.jpeg\" alt=\"\" class=\"wp-image-7312\" srcset=\"https:\/\/isfd21-bue.infd.edu.ar\/sitio\/wp-content\/uploads\/2022\/10\/WhatsApp-Image-2022-10-18-at-3.57.30-PM.jpeg 1200w, https:\/\/isfd21-bue.infd.edu.ar\/sitio\/wp-content\/uploads\/2022\/10\/WhatsApp-Image-2022-10-18-at-3.57.30-PM-750x1000.jpeg 750w, https:\/\/isfd21-bue.infd.edu.ar\/sitio\/wp-content\/uploads\/2022\/10\/WhatsApp-Image-2022-10-18-at-3.57.30-PM-768x1024.jpeg 768w, https:\/\/isfd21-bue.infd.edu.ar\/sitio\/wp-content\/uploads\/2022\/10\/WhatsApp-Image-2022-10-18-at-3.57.30-PM-1152x1536.jpeg 1152w\" sizes=\"(max-width: 1200px) 100vw, 1200px\" \/><\/figure>\n\n\n\n<figure class=\"wp-block-image size-large\"><img decoding=\"async\" loading=\"lazy\" width=\"1200\" height=\"1600\" data-id=\"7313\"  src=\"https:\/\/isfd21-bue.infd.edu.ar\/sitio\/wp-content\/uploads\/2022\/10\/WhatsApp-Image-2022-10-18-at-3.57.28-PM-1.jpeg\" alt=\"\" class=\"wp-image-7313\" srcset=\"https:\/\/isfd21-bue.infd.edu.ar\/sitio\/wp-content\/uploads\/2022\/10\/WhatsApp-Image-2022-10-18-at-3.57.28-PM-1.jpeg 1200w, https:\/\/isfd21-bue.infd.edu.ar\/sitio\/wp-content\/uploads\/2022\/10\/WhatsApp-Image-2022-10-18-at-3.57.28-PM-1-750x1000.jpeg 750w, https:\/\/isfd21-bue.infd.edu.ar\/sitio\/wp-content\/uploads\/2022\/10\/WhatsApp-Image-2022-10-18-at-3.57.28-PM-1-768x1024.jpeg 768w, https:\/\/isfd21-bue.infd.edu.ar\/sitio\/wp-content\/uploads\/2022\/10\/WhatsApp-Image-2022-10-18-at-3.57.28-PM-1-1152x1536.jpeg 1152w\" sizes=\"(max-width: 1200px) 100vw, 1200px\" \/><\/figure>\n<\/figure>\n\n\n\n<figure class=\"wp-block-gallery has-nested-images columns-default is-cropped wp-block-gallery-57 is-layout-flex\">\n<figure class=\"wp-block-image size-large\"><img decoding=\"async\" loading=\"lazy\" width=\"1600\" height=\"1200\" data-id=\"7314\"  src=\"https:\/\/isfd21-bue.infd.edu.ar\/sitio\/wp-content\/uploads\/2022\/10\/312105364_1262385264561449_7846259684137148720_n.jpg\" alt=\"\" class=\"wp-image-7314\" srcset=\"https:\/\/isfd21-bue.infd.edu.ar\/sitio\/wp-content\/uploads\/2022\/10\/312105364_1262385264561449_7846259684137148720_n.jpg 1600w, https:\/\/isfd21-bue.infd.edu.ar\/sitio\/wp-content\/uploads\/2022\/10\/312105364_1262385264561449_7846259684137148720_n-1000x750.jpg 1000w, https:\/\/isfd21-bue.infd.edu.ar\/sitio\/wp-content\/uploads\/2022\/10\/312105364_1262385264561449_7846259684137148720_n-768x576.jpg 768w, https:\/\/isfd21-bue.infd.edu.ar\/sitio\/wp-content\/uploads\/2022\/10\/312105364_1262385264561449_7846259684137148720_n-1536x1152.jpg 1536w\" sizes=\"(max-width: 1600px) 100vw, 1600px\" \/><\/figure>\n\n\n\n<figure class=\"wp-block-image size-large\"><img decoding=\"async\" loading=\"lazy\" width=\"450\" height=\"600\" data-id=\"7315\"  src=\"https:\/\/isfd21-bue.infd.edu.ar\/sitio\/wp-content\/uploads\/2022\/10\/312061042_1262385234561452_6337453485449158996_n.jpg\" alt=\"\" class=\"wp-image-7315\"\/><\/figure>\n\n\n\n<figure class=\"wp-block-image size-large\"><img decoding=\"async\" loading=\"lazy\" width=\"1200\" height=\"1600\" data-id=\"7316\"  src=\"https:\/\/isfd21-bue.infd.edu.ar\/sitio\/wp-content\/uploads\/2022\/10\/WhatsApp-Image-2022-10-18-at-3.57.37-PM-3-1.jpeg\" alt=\"\" class=\"wp-image-7316\" srcset=\"https:\/\/isfd21-bue.infd.edu.ar\/sitio\/wp-content\/uploads\/2022\/10\/WhatsApp-Image-2022-10-18-at-3.57.37-PM-3-1.jpeg 1200w, https:\/\/isfd21-bue.infd.edu.ar\/sitio\/wp-content\/uploads\/2022\/10\/WhatsApp-Image-2022-10-18-at-3.57.37-PM-3-1-750x1000.jpeg 750w, https:\/\/isfd21-bue.infd.edu.ar\/sitio\/wp-content\/uploads\/2022\/10\/WhatsApp-Image-2022-10-18-at-3.57.37-PM-3-1-768x1024.jpeg 768w, https:\/\/isfd21-bue.infd.edu.ar\/sitio\/wp-content\/uploads\/2022\/10\/WhatsApp-Image-2022-10-18-at-3.57.37-PM-3-1-1152x1536.jpeg 1152w\" sizes=\"(max-width: 1200px) 100vw, 1200px\" \/><\/figure>\n<\/figure>\n\n\n\n<h4 class=\"wp-block-heading\"><em><strong>COMPARTIMOS IM\u00c1GENES DE LAS CHARLAS TED REALIZADAS EN EL INSTITUTO ROJAS, SOBRE EDUCACI\u00d3N, TECNOLOG\u00cdA , EPISTEMOLOG\u00cdA Y ACTUALIDAD.<\/strong><\/em><\/h4>\n\n\n\n<h4 class=\"wp-block-heading\"><em><strong>PARTICIPARON ESTUDIANTES DE 3ER A\u00d1O DEL PROFESORADO DE INGL\u00c9S JUNTO A LA PROFESORA ANA FYNN.<\/strong><\/em><\/h4>\n\n\n\n<figure class=\"wp-block-gallery has-nested-images columns-default is-cropped wp-block-gallery-59 is-layout-flex\">\n<figure class=\"wp-block-image size-large\"><img decoding=\"async\" loading=\"lazy\" width=\"1599\" height=\"899\" data-id=\"7288\"  src=\"https:\/\/isfd21-bue.infd.edu.ar\/sitio\/wp-content\/uploads\/2022\/10\/WhatsApp-Image-2022-10-18-at-3.19.08-PM.jpeg\" alt=\"\" class=\"wp-image-7288\" srcset=\"https:\/\/isfd21-bue.infd.edu.ar\/sitio\/wp-content\/uploads\/2022\/10\/WhatsApp-Image-2022-10-18-at-3.19.08-PM.jpeg 1599w, https:\/\/isfd21-bue.infd.edu.ar\/sitio\/wp-content\/uploads\/2022\/10\/WhatsApp-Image-2022-10-18-at-3.19.08-PM-1000x562.jpeg 1000w, https:\/\/isfd21-bue.infd.edu.ar\/sitio\/wp-content\/uploads\/2022\/10\/WhatsApp-Image-2022-10-18-at-3.19.08-PM-768x432.jpeg 768w, https:\/\/isfd21-bue.infd.edu.ar\/sitio\/wp-content\/uploads\/2022\/10\/WhatsApp-Image-2022-10-18-at-3.19.08-PM-1536x864.jpeg 1536w\" sizes=\"(max-width: 1599px) 100vw, 1599px\" \/><\/figure>\n\n\n\n<figure class=\"wp-block-image size-large\"><img decoding=\"async\" loading=\"lazy\" width=\"900\" height=\"1600\" data-id=\"7289\"  src=\"https:\/\/isfd21-bue.infd.edu.ar\/sitio\/wp-content\/uploads\/2022\/10\/WhatsApp-Image-2022-10-18-at-3.19.06-PM.jpeg\" alt=\"\" class=\"wp-image-7289\" srcset=\"https:\/\/isfd21-bue.infd.edu.ar\/sitio\/wp-content\/uploads\/2022\/10\/WhatsApp-Image-2022-10-18-at-3.19.06-PM.jpeg 900w, https:\/\/isfd21-bue.infd.edu.ar\/sitio\/wp-content\/uploads\/2022\/10\/WhatsApp-Image-2022-10-18-at-3.19.06-PM-563x1000.jpeg 563w, https:\/\/isfd21-bue.infd.edu.ar\/sitio\/wp-content\/uploads\/2022\/10\/WhatsApp-Image-2022-10-18-at-3.19.06-PM-768x1365.jpeg 768w, https:\/\/isfd21-bue.infd.edu.ar\/sitio\/wp-content\/uploads\/2022\/10\/WhatsApp-Image-2022-10-18-at-3.19.06-PM-864x1536.jpeg 864w\" sizes=\"(max-width: 900px) 100vw, 900px\" \/><\/figure>\n\n\n\n<figure class=\"wp-block-image size-large\"><img decoding=\"async\" loading=\"lazy\" width=\"900\" height=\"1600\" data-id=\"7290\"  src=\"https:\/\/isfd21-bue.infd.edu.ar\/sitio\/wp-content\/uploads\/2022\/10\/WhatsApp-Image-2022-10-18-at-3.19.05-PM.jpeg\" alt=\"\" class=\"wp-image-7290\" srcset=\"https:\/\/isfd21-bue.infd.edu.ar\/sitio\/wp-content\/uploads\/2022\/10\/WhatsApp-Image-2022-10-18-at-3.19.05-PM.jpeg 900w, https:\/\/isfd21-bue.infd.edu.ar\/sitio\/wp-content\/uploads\/2022\/10\/WhatsApp-Image-2022-10-18-at-3.19.05-PM-563x1000.jpeg 563w, https:\/\/isfd21-bue.infd.edu.ar\/sitio\/wp-content\/uploads\/2022\/10\/WhatsApp-Image-2022-10-18-at-3.19.05-PM-768x1365.jpeg 768w, https:\/\/isfd21-bue.infd.edu.ar\/sitio\/wp-content\/uploads\/2022\/10\/WhatsApp-Image-2022-10-18-at-3.19.05-PM-864x1536.jpeg 864w\" sizes=\"(max-width: 900px) 100vw, 900px\" \/><\/figure>\n\n\n\n<figure class=\"wp-block-image size-large\"><img decoding=\"async\" loading=\"lazy\" width=\"1600\" height=\"1200\" data-id=\"7291\"  src=\"https:\/\/isfd21-bue.infd.edu.ar\/sitio\/wp-content\/uploads\/2022\/10\/WhatsApp-Image-2022-10-18-at-3.16.15-PM.jpeg\" alt=\"\" class=\"wp-image-7291\" srcset=\"https:\/\/isfd21-bue.infd.edu.ar\/sitio\/wp-content\/uploads\/2022\/10\/WhatsApp-Image-2022-10-18-at-3.16.15-PM.jpeg 1600w, https:\/\/isfd21-bue.infd.edu.ar\/sitio\/wp-content\/uploads\/2022\/10\/WhatsApp-Image-2022-10-18-at-3.16.15-PM-1000x750.jpeg 1000w, https:\/\/isfd21-bue.infd.edu.ar\/sitio\/wp-content\/uploads\/2022\/10\/WhatsApp-Image-2022-10-18-at-3.16.15-PM-768x576.jpeg 768w, https:\/\/isfd21-bue.infd.edu.ar\/sitio\/wp-content\/uploads\/2022\/10\/WhatsApp-Image-2022-10-18-at-3.16.15-PM-1536x1152.jpeg 1536w\" sizes=\"(max-width: 1600px) 100vw, 1600px\" \/><\/figure>\n\n\n\n<figure class=\"wp-block-image size-large\"><img decoding=\"async\" loading=\"lazy\" width=\"1600\" height=\"1200\" data-id=\"7292\"  src=\"https:\/\/isfd21-bue.infd.edu.ar\/sitio\/wp-content\/uploads\/2022\/10\/WhatsApp-Image-2022-10-18-at-3.16.13-PM.jpeg\" alt=\"\" class=\"wp-image-7292\" srcset=\"https:\/\/isfd21-bue.infd.edu.ar\/sitio\/wp-content\/uploads\/2022\/10\/WhatsApp-Image-2022-10-18-at-3.16.13-PM.jpeg 1600w, https:\/\/isfd21-bue.infd.edu.ar\/sitio\/wp-content\/uploads\/2022\/10\/WhatsApp-Image-2022-10-18-at-3.16.13-PM-1000x750.jpeg 1000w, https:\/\/isfd21-bue.infd.edu.ar\/sitio\/wp-content\/uploads\/2022\/10\/WhatsApp-Image-2022-10-18-at-3.16.13-PM-768x576.jpeg 768w, https:\/\/isfd21-bue.infd.edu.ar\/sitio\/wp-content\/uploads\/2022\/10\/WhatsApp-Image-2022-10-18-at-3.16.13-PM-1536x1152.jpeg 1536w\" sizes=\"(max-width: 1600px) 100vw, 1600px\" \/><\/figure>\n\n\n\n<figure class=\"wp-block-image size-large\"><img decoding=\"async\" loading=\"lazy\" width=\"1600\" height=\"1200\" data-id=\"7293\"  src=\"https:\/\/isfd21-bue.infd.edu.ar\/sitio\/wp-content\/uploads\/2022\/10\/WhatsApp-Image-2022-10-18-at-3.16.12-PM.jpeg\" alt=\"\" class=\"wp-image-7293\" srcset=\"https:\/\/isfd21-bue.infd.edu.ar\/sitio\/wp-content\/uploads\/2022\/10\/WhatsApp-Image-2022-10-18-at-3.16.12-PM.jpeg 1600w, https:\/\/isfd21-bue.infd.edu.ar\/sitio\/wp-content\/uploads\/2022\/10\/WhatsApp-Image-2022-10-18-at-3.16.12-PM-1000x750.jpeg 1000w, https:\/\/isfd21-bue.infd.edu.ar\/sitio\/wp-content\/uploads\/2022\/10\/WhatsApp-Image-2022-10-18-at-3.16.12-PM-768x576.jpeg 768w, https:\/\/isfd21-bue.infd.edu.ar\/sitio\/wp-content\/uploads\/2022\/10\/WhatsApp-Image-2022-10-18-at-3.16.12-PM-1536x1152.jpeg 1536w\" sizes=\"(max-width: 1600px) 100vw, 1600px\" \/><\/figure>\n\n\n\n<figure class=\"wp-block-image size-large\"><img decoding=\"async\" loading=\"lazy\" width=\"1600\" height=\"1200\" data-id=\"7294\"  src=\"https:\/\/isfd21-bue.infd.edu.ar\/sitio\/wp-content\/uploads\/2022\/10\/WhatsApp-Image-2022-10-18-at-3.16.09-PM.jpeg\" alt=\"\" class=\"wp-image-7294\" srcset=\"https:\/\/isfd21-bue.infd.edu.ar\/sitio\/wp-content\/uploads\/2022\/10\/WhatsApp-Image-2022-10-18-at-3.16.09-PM.jpeg 1600w, https:\/\/isfd21-bue.infd.edu.ar\/sitio\/wp-content\/uploads\/2022\/10\/WhatsApp-Image-2022-10-18-at-3.16.09-PM-1000x750.jpeg 1000w, https:\/\/isfd21-bue.infd.edu.ar\/sitio\/wp-content\/uploads\/2022\/10\/WhatsApp-Image-2022-10-18-at-3.16.09-PM-768x576.jpeg 768w, https:\/\/isfd21-bue.infd.edu.ar\/sitio\/wp-content\/uploads\/2022\/10\/WhatsApp-Image-2022-10-18-at-3.16.09-PM-1536x1152.jpeg 1536w\" sizes=\"(max-width: 1600px) 100vw, 1600px\" \/><\/figure>\n\n\n\n<figure class=\"wp-block-image size-large\"><img decoding=\"async\" loading=\"lazy\" width=\"1600\" height=\"1200\" data-id=\"7295\"  src=\"https:\/\/isfd21-bue.infd.edu.ar\/sitio\/wp-content\/uploads\/2022\/10\/WhatsApp-Image-2022-10-18-at-3.15.44-PM.jpeg\" alt=\"\" class=\"wp-image-7295\" srcset=\"https:\/\/isfd21-bue.infd.edu.ar\/sitio\/wp-content\/uploads\/2022\/10\/WhatsApp-Image-2022-10-18-at-3.15.44-PM.jpeg 1600w, https:\/\/isfd21-bue.infd.edu.ar\/sitio\/wp-content\/uploads\/2022\/10\/WhatsApp-Image-2022-10-18-at-3.15.44-PM-1000x750.jpeg 1000w, https:\/\/isfd21-bue.infd.edu.ar\/sitio\/wp-content\/uploads\/2022\/10\/WhatsApp-Image-2022-10-18-at-3.15.44-PM-768x576.jpeg 768w, https:\/\/isfd21-bue.infd.edu.ar\/sitio\/wp-content\/uploads\/2022\/10\/WhatsApp-Image-2022-10-18-at-3.15.44-PM-1536x1152.jpeg 1536w\" sizes=\"(max-width: 1600px) 100vw, 1600px\" \/><\/figure>\n\n\n\n<figure class=\"wp-block-image size-large\"><img decoding=\"async\" loading=\"lazy\" width=\"1600\" height=\"1200\" data-id=\"7296\"  src=\"https:\/\/isfd21-bue.infd.edu.ar\/sitio\/wp-content\/uploads\/2022\/10\/WhatsApp-Image-2022-10-18-at-3.15.43-PM.jpeg\" alt=\"\" class=\"wp-image-7296\" srcset=\"https:\/\/isfd21-bue.infd.edu.ar\/sitio\/wp-content\/uploads\/2022\/10\/WhatsApp-Image-2022-10-18-at-3.15.43-PM.jpeg 1600w, https:\/\/isfd21-bue.infd.edu.ar\/sitio\/wp-content\/uploads\/2022\/10\/WhatsApp-Image-2022-10-18-at-3.15.43-PM-1000x750.jpeg 1000w, https:\/\/isfd21-bue.infd.edu.ar\/sitio\/wp-content\/uploads\/2022\/10\/WhatsApp-Image-2022-10-18-at-3.15.43-PM-768x576.jpeg 768w, https:\/\/isfd21-bue.infd.edu.ar\/sitio\/wp-content\/uploads\/2022\/10\/WhatsApp-Image-2022-10-18-at-3.15.43-PM-1536x1152.jpeg 1536w\" sizes=\"(max-width: 1600px) 100vw, 1600px\" \/><\/figure>\n\n\n\n<figure class=\"wp-block-image size-large\"><img decoding=\"async\" loading=\"lazy\" width=\"1600\" height=\"1200\" data-id=\"7297\"  src=\"https:\/\/isfd21-bue.infd.edu.ar\/sitio\/wp-content\/uploads\/2022\/10\/WhatsApp-Image-2022-10-18-at-3.15.40-PM.jpeg\" alt=\"\" class=\"wp-image-7297\" srcset=\"https:\/\/isfd21-bue.infd.edu.ar\/sitio\/wp-content\/uploads\/2022\/10\/WhatsApp-Image-2022-10-18-at-3.15.40-PM.jpeg 1600w, https:\/\/isfd21-bue.infd.edu.ar\/sitio\/wp-content\/uploads\/2022\/10\/WhatsApp-Image-2022-10-18-at-3.15.40-PM-1000x750.jpeg 1000w, https:\/\/isfd21-bue.infd.edu.ar\/sitio\/wp-content\/uploads\/2022\/10\/WhatsApp-Image-2022-10-18-at-3.15.40-PM-768x576.jpeg 768w, https:\/\/isfd21-bue.infd.edu.ar\/sitio\/wp-content\/uploads\/2022\/10\/WhatsApp-Image-2022-10-18-at-3.15.40-PM-1536x1152.jpeg 1536w\" sizes=\"(max-width: 1600px) 100vw, 1600px\" \/><\/figure>\n\n\n\n<figure class=\"wp-block-image size-large\"><img decoding=\"async\" loading=\"lazy\" width=\"900\" height=\"1600\" data-id=\"7298\"  src=\"https:\/\/isfd21-bue.infd.edu.ar\/sitio\/wp-content\/uploads\/2022\/10\/WhatsApp-Image-2022-10-18-at-3.15.39-PM.jpeg\" alt=\"\" class=\"wp-image-7298\" srcset=\"https:\/\/isfd21-bue.infd.edu.ar\/sitio\/wp-content\/uploads\/2022\/10\/WhatsApp-Image-2022-10-18-at-3.15.39-PM.jpeg 900w, https:\/\/isfd21-bue.infd.edu.ar\/sitio\/wp-content\/uploads\/2022\/10\/WhatsApp-Image-2022-10-18-at-3.15.39-PM-563x1000.jpeg 563w, https:\/\/isfd21-bue.infd.edu.ar\/sitio\/wp-content\/uploads\/2022\/10\/WhatsApp-Image-2022-10-18-at-3.15.39-PM-768x1365.jpeg 768w, https:\/\/isfd21-bue.infd.edu.ar\/sitio\/wp-content\/uploads\/2022\/10\/WhatsApp-Image-2022-10-18-at-3.15.39-PM-864x1536.jpeg 864w\" sizes=\"(max-width: 900px) 100vw, 900px\" \/><\/figure>\n\n\n\n<figure class=\"wp-block-image size-large\"><img decoding=\"async\" loading=\"lazy\" width=\"900\" height=\"1600\" data-id=\"7299\"  src=\"https:\/\/isfd21-bue.infd.edu.ar\/sitio\/wp-content\/uploads\/2022\/10\/WhatsApp-Image-2022-10-18-at-3.15.37-PM.jpeg\" alt=\"\" class=\"wp-image-7299\" srcset=\"https:\/\/isfd21-bue.infd.edu.ar\/sitio\/wp-content\/uploads\/2022\/10\/WhatsApp-Image-2022-10-18-at-3.15.37-PM.jpeg 900w, https:\/\/isfd21-bue.infd.edu.ar\/sitio\/wp-content\/uploads\/2022\/10\/WhatsApp-Image-2022-10-18-at-3.15.37-PM-563x1000.jpeg 563w, https:\/\/isfd21-bue.infd.edu.ar\/sitio\/wp-content\/uploads\/2022\/10\/WhatsApp-Image-2022-10-18-at-3.15.37-PM-768x1365.jpeg 768w, https:\/\/isfd21-bue.infd.edu.ar\/sitio\/wp-content\/uploads\/2022\/10\/WhatsApp-Image-2022-10-18-at-3.15.37-PM-864x1536.jpeg 864w\" sizes=\"(max-width: 900px) 100vw, 900px\" \/><\/figure>\n\n\n\n<figure class=\"wp-block-image size-large\"><img decoding=\"async\" loading=\"lazy\" width=\"1599\" height=\"899\" data-id=\"7300\"  src=\"https:\/\/isfd21-bue.infd.edu.ar\/sitio\/wp-content\/uploads\/2022\/10\/WhatsApp-Image-2022-10-18-at-3.15.27-PM.jpeg\" alt=\"\" class=\"wp-image-7300\" srcset=\"https:\/\/isfd21-bue.infd.edu.ar\/sitio\/wp-content\/uploads\/2022\/10\/WhatsApp-Image-2022-10-18-at-3.15.27-PM.jpeg 1599w, https:\/\/isfd21-bue.infd.edu.ar\/sitio\/wp-content\/uploads\/2022\/10\/WhatsApp-Image-2022-10-18-at-3.15.27-PM-1000x562.jpeg 1000w, https:\/\/isfd21-bue.infd.edu.ar\/sitio\/wp-content\/uploads\/2022\/10\/WhatsApp-Image-2022-10-18-at-3.15.27-PM-768x432.jpeg 768w, https:\/\/isfd21-bue.infd.edu.ar\/sitio\/wp-content\/uploads\/2022\/10\/WhatsApp-Image-2022-10-18-at-3.15.27-PM-1536x864.jpeg 1536w\" sizes=\"(max-width: 1599px) 100vw, 1599px\" \/><\/figure>\n<\/figure>\n\n\n\n<p>17\/10\/22<\/p>\n\n\n<div class=\"wp-block-image\">\n<figure class=\"aligncenter size-large is-resized\"><img decoding=\"async\" loading=\"lazy\" src=\"https:\/\/isfd21-bue.infd.edu.ar\/sitio\/wp-content\/uploads\/2022\/10\/WhatsApp-Image-2022-10-17-at-9.55.39-AM.jpeg\" alt=\"\" class=\"wp-image-7282\" width=\"564\" height=\"564\" srcset=\"https:\/\/isfd21-bue.infd.edu.ar\/sitio\/wp-content\/uploads\/2022\/10\/WhatsApp-Image-2022-10-17-at-9.55.39-AM.jpeg 1080w, https:\/\/isfd21-bue.infd.edu.ar\/sitio\/wp-content\/uploads\/2022\/10\/WhatsApp-Image-2022-10-17-at-9.55.39-AM-1000x1000.jpeg 1000w, https:\/\/isfd21-bue.infd.edu.ar\/sitio\/wp-content\/uploads\/2022\/10\/WhatsApp-Image-2022-10-17-at-9.55.39-AM-500x500.jpeg 500w, https:\/\/isfd21-bue.infd.edu.ar\/sitio\/wp-content\/uploads\/2022\/10\/WhatsApp-Image-2022-10-17-at-9.55.39-AM-768x768.jpeg 768w\" sizes=\"(max-width: 564px) 100vw, 564px\" \/><figcaption class=\"wp-element-caption\"><strong><em>CHARLAS INFORMATIVAS sobre la Convocatoria \u00ab40 a\u00f1os: La Democracia en la Educaci\u00f3n<\/em><\/strong><br><strong><em>En el marco de los 40 a\u00f1os de Democracia que se celebran en 2023 la Direcci\u00f3n Provincial de Educaci\u00f3n Superior lanz\u00f3 una convocatoria para que estudiantes de Institutos Superior de Formaci\u00f3n Docente puedan participar y presentar propuestas.<\/em><\/strong><br><strong><em>Los proyectos que presenten ser\u00e1n compilados para ser utilizados por Institutos de toda la Provincia.<\/em><\/strong><br><br><strong><em>Se realizar\u00e1n 3 charlas informativas, una en cada turno, para compartir las bases de la convocatoria y acompa\u00f1ar a aquellos grupos de estudiantes que quieran participar.<\/em><\/strong><br><strong><em>Las charlas se dictar\u00e1n en la sala de reuniones de la Casona en los siguientes d\u00edas y horarios:<\/em><\/strong><br><br><strong><em>Mi\u00e9rcoles 19\/10<\/em><\/strong><br><strong><em>9 hs y 18 hs<\/em><\/strong><br><br><strong><em>Jueves 20\/10<\/em><\/strong><br><strong><em>14:30 hs<\/em><\/strong><br><br><strong><em>Lxs esperamos!<\/em><\/strong><br><strong><em>Por cualquier duda o sugerencia nos escriben por Instagram a @cipesrojas o por mail a cipes.rojas@gmail.com<\/em><\/strong><\/figcaption><\/figure><\/div>\n\n\n<hr class=\"wp-block-separator has-css-opacity\"\/>\n\n\n<div class=\"wp-block-image\">\n<figure class=\"aligncenter size-large is-resized\"><img decoding=\"async\" loading=\"lazy\" src=\"https:\/\/isfd21-bue.infd.edu.ar\/sitio\/wp-content\/uploads\/2022\/10\/RECESO-INVERNAL-1343x1900.png\" alt=\"\" class=\"wp-image-7276\" width=\"376\" height=\"531\" srcset=\"https:\/\/isfd21-bue.infd.edu.ar\/sitio\/wp-content\/uploads\/2022\/10\/RECESO-INVERNAL-1343x1900.png 1343w, https:\/\/isfd21-bue.infd.edu.ar\/sitio\/wp-content\/uploads\/2022\/10\/RECESO-INVERNAL-707x1000.png 707w, https:\/\/isfd21-bue.infd.edu.ar\/sitio\/wp-content\/uploads\/2022\/10\/RECESO-INVERNAL-768x1086.png 768w, https:\/\/isfd21-bue.infd.edu.ar\/sitio\/wp-content\/uploads\/2022\/10\/RECESO-INVERNAL-1086x1536.png 1086w, https:\/\/isfd21-bue.infd.edu.ar\/sitio\/wp-content\/uploads\/2022\/10\/RECESO-INVERNAL-1448x2048.png 1448w, https:\/\/isfd21-bue.infd.edu.ar\/sitio\/wp-content\/uploads\/2022\/10\/RECESO-INVERNAL.png 1587w\" sizes=\"(max-width: 376px) 100vw, 376px\" \/><figcaption class=\"wp-element-caption\"><strong><em>&#x1f6a9;<strong><em>PEDIDO SOLIDARIO<\/em><\/strong><br><strong><em>SE NECESITAN DADORES DE SANGRE PARA NUESTRO EX PROFESOR Y JEFE DE \u00c1REA DE MATEM\u00c1TICA, GUSTAVO D\u00cdAZ CIARLO.<\/em><\/strong><br><strong><em>PUEDEN SOLICITAR TURNO POR:<\/em><\/strong><br><strong><em>&#8211; WHATSAPP: 1131355354<\/em><\/strong><br><strong><em>&#8211; MAIL: INFO.HEMOTERAPIA@HIBA.ORG.AR<\/em><\/strong><br><strong><em>REQUISITOS: HTTPS:\/\/WWW1.HOSPITALITALIANO.ORG.AR\/#!\/HOME\/HEMOTERAPIA\/SECCION\/65531<\/em><\/strong><br><strong><em>HORARIO DE ATENCI\u00d3N: LUNES A VIERNES DE 8 A 15.30 HS Y LOS S\u00c1BADOS DE 7.30 A 11.30 HS (PERON 4250, PISO 3 &#8211; ALMAGRO).<\/em><\/strong><br><strong><em>DESDE YA, MUCHAS GRACIAS<\/em><\/strong><br><strong><em>SE AGRADECE DIFUSI\u00d3N<\/em><\/strong><\/em><\/strong><\/figcaption><\/figure><\/div>\n\n\n<h4 class=\"wp-block-heading\" style=\"font-size:17px\"><strong><em>ATENCI\u00d3N<\/em><\/strong><\/h4>\n\n\n\n<h4 class=\"wp-block-heading\" style=\"font-size:17px\"><strong><em>COMPARTIMOS CRONOGRAMA DE ACTOS DE COLACI\u00d3N PARA LOS EGRESADOS:<\/em><\/strong><\/h4>\n\n\n\n<h4 class=\"wp-block-heading\" style=\"font-size:17px\"><strong><em>NOV\/DIC 2021<\/em><\/strong><\/h4>\n\n\n\n<h4 class=\"wp-block-heading\" style=\"font-size:17px\"><strong><em>FEB\/MARZO 2022<\/em><\/strong><\/h4>\n\n\n\n<h4 class=\"wp-block-heading\" style=\"font-size:17px\"><strong><em>JUL\/AGO 2022<\/em><\/strong><\/h4>\n\n\n\n<h4 class=\"wp-block-heading\" style=\"font-size:17px\"><strong><em>MESAS DE \u00daLTIMA MATERIA 2022<\/em><\/strong><\/h4>\n\n\n\n<p><strong><em>CRONOGRAMA:LUNES 7\/11 (HISTORIA\/GEOGRAF\u00cdA\/FILOSOF\u00cdA)<\/em><\/strong><\/p>\n\n\n\n<p><strong><em>MARTES 8\/11 (LENGUA)<\/em><\/strong><\/p>\n\n\n\n<p><strong><em>MI\u00c9RCOLES 9\/11 (MATEM\u00c1TICA)<\/em><\/strong><\/p>\n\n\n\n<p><strong><em>JUEVES 10\/11 (PRIMARIA)<\/em><\/strong><\/p>\n\n\n\n<p><strong><em>S\u00c1BADO 12\/11 (INGL\u00c9S)<\/em><\/strong><\/p>\n\n\n\n<p><strong><em>LUNES 14\/11 (BIOLOG\u00cdA\/ESPECIAL)<\/em><\/strong><\/p>\n\n\n\n<h4 class=\"wp-block-heading\"><strong><em>COMPARTIMOS IM\u00c1GENES DE LA REUNI\u00d3N DE LOS PRIMEROS EGRESADOS DEL INSTITUTO ROJAS.<\/em><\/strong><\/h4>\n\n\n\n<h4 class=\"wp-block-heading\"><em><strong>Un encuentro colmado de alegr\u00eda y emoci\u00f3n; donde los recuerdos y las an\u00e9cdotas se hicieron presentes para rememorar sus tiempos de estudiantes.<\/strong><\/em><\/h4>\n\n\n\n<figure class=\"wp-block-gallery has-nested-images columns-default is-cropped wp-block-gallery-61 is-layout-flex\">\n<figure class=\"wp-block-image size-large\"><img decoding=\"async\" loading=\"lazy\" width=\"359\" height=\"302\" data-id=\"7251\"  src=\"https:\/\/isfd21-bue.infd.edu.ar\/sitio\/wp-content\/uploads\/2022\/10\/311975387_10159812923793941_4649802365764284146_n.jpg\" alt=\"\" class=\"wp-image-7251\"\/><\/figure>\n\n\n\n<figure class=\"wp-block-image size-large\"><img decoding=\"async\" loading=\"lazy\" width=\"1460\" height=\"1090\" data-id=\"7252\"  src=\"https:\/\/isfd21-bue.infd.edu.ar\/sitio\/wp-content\/uploads\/2022\/10\/311869104_10159812924268941_7977645810530637657_n.jpg\" alt=\"\" class=\"wp-image-7252\" srcset=\"https:\/\/isfd21-bue.infd.edu.ar\/sitio\/wp-content\/uploads\/2022\/10\/311869104_10159812924268941_7977645810530637657_n.jpg 1460w, https:\/\/isfd21-bue.infd.edu.ar\/sitio\/wp-content\/uploads\/2022\/10\/311869104_10159812924268941_7977645810530637657_n-1000x747.jpg 1000w, https:\/\/isfd21-bue.infd.edu.ar\/sitio\/wp-content\/uploads\/2022\/10\/311869104_10159812924268941_7977645810530637657_n-768x573.jpg 768w\" sizes=\"(max-width: 1460px) 100vw, 1460px\" \/><\/figure>\n\n\n\n<figure class=\"wp-block-image size-large\"><img decoding=\"async\" loading=\"lazy\" width=\"1152\" height=\"1164\" data-id=\"7253\"  src=\"https:\/\/isfd21-bue.infd.edu.ar\/sitio\/wp-content\/uploads\/2022\/10\/312058850_10159812924413941_5138872705508842786_n.jpg\" alt=\"\" class=\"wp-image-7253\" srcset=\"https:\/\/isfd21-bue.infd.edu.ar\/sitio\/wp-content\/uploads\/2022\/10\/312058850_10159812924413941_5138872705508842786_n.jpg 1152w, https:\/\/isfd21-bue.infd.edu.ar\/sitio\/wp-content\/uploads\/2022\/10\/312058850_10159812924413941_5138872705508842786_n-990x1000.jpg 990w, https:\/\/isfd21-bue.infd.edu.ar\/sitio\/wp-content\/uploads\/2022\/10\/312058850_10159812924413941_5138872705508842786_n-768x776.jpg 768w\" sizes=\"(max-width: 1152px) 100vw, 1152px\" \/><\/figure>\n\n\n\n<figure class=\"wp-block-image size-large\"><img decoding=\"async\" loading=\"lazy\" width=\"1526\" height=\"1150\" data-id=\"7254\"  src=\"https:\/\/isfd21-bue.infd.edu.ar\/sitio\/wp-content\/uploads\/2022\/10\/312107837_10159812923238941_590550558928534225_n.jpg\" alt=\"\" class=\"wp-image-7254\" srcset=\"https:\/\/isfd21-bue.infd.edu.ar\/sitio\/wp-content\/uploads\/2022\/10\/312107837_10159812923238941_590550558928534225_n.jpg 1526w, https:\/\/isfd21-bue.infd.edu.ar\/sitio\/wp-content\/uploads\/2022\/10\/312107837_10159812923238941_590550558928534225_n-1000x754.jpg 1000w, https:\/\/isfd21-bue.infd.edu.ar\/sitio\/wp-content\/uploads\/2022\/10\/312107837_10159812923238941_590550558928534225_n-768x579.jpg 768w\" sizes=\"(max-width: 1526px) 100vw, 1526px\" \/><\/figure>\n\n\n\n<figure class=\"wp-block-image size-large\"><img decoding=\"async\" loading=\"lazy\" width=\"1418\" height=\"908\" data-id=\"7255\"  src=\"https:\/\/isfd21-bue.infd.edu.ar\/sitio\/wp-content\/uploads\/2022\/10\/311937718_10159812923458941_783188197102789091_n.jpg\" alt=\"\" class=\"wp-image-7255\" srcset=\"https:\/\/isfd21-bue.infd.edu.ar\/sitio\/wp-content\/uploads\/2022\/10\/311937718_10159812923458941_783188197102789091_n.jpg 1418w, https:\/\/isfd21-bue.infd.edu.ar\/sitio\/wp-content\/uploads\/2022\/10\/311937718_10159812923458941_783188197102789091_n-1000x640.jpg 1000w, https:\/\/isfd21-bue.infd.edu.ar\/sitio\/wp-content\/uploads\/2022\/10\/311937718_10159812923458941_783188197102789091_n-768x492.jpg 768w\" sizes=\"(max-width: 1418px) 100vw, 1418px\" \/><\/figure>\n\n\n\n<figure class=\"wp-block-image size-large\"><img decoding=\"async\" src=\"blob:https:\/\/isfd21-bue.infd.edu.ar\/dd520247-a6db-4207-85c9-54d28678241b\" alt=\"\"\/><\/figure>\n\n\n\n<figure class=\"wp-block-image size-large\"><img decoding=\"async\" src=\"blob:https:\/\/isfd21-bue.infd.edu.ar\/77aebae0-341b-4fe0-935e-5d4cae57cb4a\" alt=\"\"\/><\/figure>\n\n\n\n<figure class=\"wp-block-image size-large\"><img decoding=\"async\" src=\"blob:https:\/\/isfd21-bue.infd.edu.ar\/4d49f162-8cc5-4331-ab18-e20ea2e1768f\" alt=\"\"\/><\/figure>\n\n\n\n<figure class=\"wp-block-image size-large\"><img decoding=\"async\" src=\"blob:https:\/\/isfd21-bue.infd.edu.ar\/b52d689c-94af-4287-98ff-38f867def28f\" alt=\"\"\/><\/figure>\n\n\n\n<figure class=\"wp-block-image size-large\"><img decoding=\"async\" src=\"blob:https:\/\/isfd21-bue.infd.edu.ar\/5cf969ef-f89c-46b3-92d2-a2640af5da81\" alt=\"\"\/><\/figure>\n\n\n\n<figure class=\"wp-block-image size-large\"><img decoding=\"async\" src=\"blob:https:\/\/isfd21-bue.infd.edu.ar\/e685db2a-dc81-463c-b6e4-44dd784f1e2c\" alt=\"\"\/><\/figure>\n\n\n\n<figure class=\"wp-block-image size-large\"><img decoding=\"async\" src=\"blob:https:\/\/isfd21-bue.infd.edu.ar\/1d9e024c-44de-4903-ba29-714dc8aa2e9a\" alt=\"\"\/><\/figure>\n\n\n\n<figure class=\"wp-block-image size-large\"><img decoding=\"async\" src=\"blob:https:\/\/isfd21-bue.infd.edu.ar\/77684d86-5cd8-4723-b45c-9f099993b5ee\" alt=\"\"\/><\/figure>\n\n\n\n<figure class=\"wp-block-image size-large\"><img decoding=\"async\" src=\"blob:https:\/\/isfd21-bue.infd.edu.ar\/32c546bc-609a-4a5f-a6eb-d8e5fa8c953c\" alt=\"\"\/><\/figure>\n\n\n\n<figure class=\"wp-block-image size-large\"><img decoding=\"async\" src=\"blob:https:\/\/isfd21-bue.infd.edu.ar\/c7fb2ba7-cf4a-457a-a968-27f565eee5ca\" alt=\"\"\/><\/figure>\n\n\n\n<figure class=\"wp-block-image size-large\"><img decoding=\"async\" src=\"blob:https:\/\/isfd21-bue.infd.edu.ar\/eb505141-cacd-4aaf-8e23-fdad98b4ddcc\" alt=\"\"\/><\/figure>\n\n\n\n<figure class=\"wp-block-image size-large\"><img decoding=\"async\" src=\"blob:https:\/\/isfd21-bue.infd.edu.ar\/408f4fd9-5996-4f9e-8cff-6ce045493504\" alt=\"\"\/><\/figure>\n\n\n\n<figure class=\"wp-block-image size-large\"><img decoding=\"async\" src=\"blob:https:\/\/isfd21-bue.infd.edu.ar\/10159506-862a-401a-b880-aeb82483b552\" alt=\"\"\/><\/figure>\n\n\n\n<figure class=\"wp-block-image size-large\"><img decoding=\"async\" src=\"blob:https:\/\/isfd21-bue.infd.edu.ar\/14c1462d-fcd3-4ae0-9fe8-0e8285b3acca\" alt=\"\"\/><\/figure>\n\n\n\n<figure class=\"wp-block-image size-large\"><img decoding=\"async\" src=\"blob:https:\/\/isfd21-bue.infd.edu.ar\/42c41124-7044-44e4-937c-c5c050330eb3\" alt=\"\"\/><\/figure>\n\n\n\n<figure class=\"wp-block-image size-large\"><img decoding=\"async\" src=\"blob:https:\/\/isfd21-bue.infd.edu.ar\/ee6805cb-cd2e-4cfe-8695-2037c2f4f556\" alt=\"\"\/><\/figure>\n\n\n\n<figure class=\"wp-block-image size-large\"><img decoding=\"async\" src=\"blob:https:\/\/isfd21-bue.infd.edu.ar\/bb7e61cc-afe2-4a9e-b694-96413939588c\" alt=\"\"\/><\/figure>\n\n\n\n<figure class=\"wp-block-image size-large\"><img decoding=\"async\" src=\"blob:https:\/\/isfd21-bue.infd.edu.ar\/73bb00be-7957-45ff-b96a-657fb0bfbc23\" alt=\"\"\/><\/figure>\n<\/figure>\n\n\n\n<p>14\/10\/22<\/p>\n\n\n\n<figure class=\"wp-block-gallery has-nested-images columns-default is-cropped wp-block-gallery-63 is-layout-flex\">\n<figure class=\"wp-block-image size-large\"><img decoding=\"async\" loading=\"lazy\" width=\"1131\" height=\"1600\" data-id=\"7248\"  src=\"https:\/\/isfd21-bue.infd.edu.ar\/sitio\/wp-content\/uploads\/2022\/10\/WhatsApp-Image-2022-10-14-at-12.18.32-PM-1.jpeg\" alt=\"\" class=\"wp-image-7248\" srcset=\"https:\/\/isfd21-bue.infd.edu.ar\/sitio\/wp-content\/uploads\/2022\/10\/WhatsApp-Image-2022-10-14-at-12.18.32-PM-1.jpeg 1131w, https:\/\/isfd21-bue.infd.edu.ar\/sitio\/wp-content\/uploads\/2022\/10\/WhatsApp-Image-2022-10-14-at-12.18.32-PM-1-707x1000.jpeg 707w, https:\/\/isfd21-bue.infd.edu.ar\/sitio\/wp-content\/uploads\/2022\/10\/WhatsApp-Image-2022-10-14-at-12.18.32-PM-1-768x1086.jpeg 768w, https:\/\/isfd21-bue.infd.edu.ar\/sitio\/wp-content\/uploads\/2022\/10\/WhatsApp-Image-2022-10-14-at-12.18.32-PM-1-1086x1536.jpeg 1086w\" sizes=\"(max-width: 1131px) 100vw, 1131px\" \/><\/figure>\n\n\n\n<figure class=\"wp-block-image size-large\"><img decoding=\"async\" loading=\"lazy\" width=\"1131\" height=\"1600\" data-id=\"7247\"  src=\"https:\/\/isfd21-bue.infd.edu.ar\/sitio\/wp-content\/uploads\/2022\/10\/WhatsApp-Image-2022-10-14-at-12.18.46-PM-1.jpeg\" alt=\"\" class=\"wp-image-7247\" srcset=\"https:\/\/isfd21-bue.infd.edu.ar\/sitio\/wp-content\/uploads\/2022\/10\/WhatsApp-Image-2022-10-14-at-12.18.46-PM-1.jpeg 1131w, https:\/\/isfd21-bue.infd.edu.ar\/sitio\/wp-content\/uploads\/2022\/10\/WhatsApp-Image-2022-10-14-at-12.18.46-PM-1-707x1000.jpeg 707w, https:\/\/isfd21-bue.infd.edu.ar\/sitio\/wp-content\/uploads\/2022\/10\/WhatsApp-Image-2022-10-14-at-12.18.46-PM-1-768x1086.jpeg 768w, https:\/\/isfd21-bue.infd.edu.ar\/sitio\/wp-content\/uploads\/2022\/10\/WhatsApp-Image-2022-10-14-at-12.18.46-PM-1-1086x1536.jpeg 1086w\" sizes=\"(max-width: 1131px) 100vw, 1131px\" \/><\/figure>\n\n\n\n<figure class=\"wp-block-image size-large\"><img decoding=\"async\" loading=\"lazy\" width=\"1131\" height=\"1600\" data-id=\"7246\"  src=\"https:\/\/isfd21-bue.infd.edu.ar\/sitio\/wp-content\/uploads\/2022\/10\/WhatsApp-Image-2022-10-14-at-12.19.03-PM-1.jpeg\" alt=\"\" class=\"wp-image-7246\" srcset=\"https:\/\/isfd21-bue.infd.edu.ar\/sitio\/wp-content\/uploads\/2022\/10\/WhatsApp-Image-2022-10-14-at-12.19.03-PM-1.jpeg 1131w, https:\/\/isfd21-bue.infd.edu.ar\/sitio\/wp-content\/uploads\/2022\/10\/WhatsApp-Image-2022-10-14-at-12.19.03-PM-1-707x1000.jpeg 707w, https:\/\/isfd21-bue.infd.edu.ar\/sitio\/wp-content\/uploads\/2022\/10\/WhatsApp-Image-2022-10-14-at-12.19.03-PM-1-768x1086.jpeg 768w, https:\/\/isfd21-bue.infd.edu.ar\/sitio\/wp-content\/uploads\/2022\/10\/WhatsApp-Image-2022-10-14-at-12.19.03-PM-1-1086x1536.jpeg 1086w\" sizes=\"(max-width: 1131px) 100vw, 1131px\" \/><\/figure>\n<\/figure>\n\n\n<div class=\"wp-block-image\">\n<figure class=\"aligncenter size-large is-resized\"><img decoding=\"async\" loading=\"lazy\" src=\"https:\/\/isfd21-bue.infd.edu.ar\/sitio\/wp-content\/uploads\/2022\/10\/WhatsApp-Image-2022-10-13-at-7.18.42-PM-1.jpeg\" alt=\"\" class=\"wp-image-7243\" width=\"546\" height=\"771\" srcset=\"https:\/\/isfd21-bue.infd.edu.ar\/sitio\/wp-content\/uploads\/2022\/10\/WhatsApp-Image-2022-10-13-at-7.18.42-PM-1.jpeg 1131w, https:\/\/isfd21-bue.infd.edu.ar\/sitio\/wp-content\/uploads\/2022\/10\/WhatsApp-Image-2022-10-13-at-7.18.42-PM-1-707x1000.jpeg 707w, https:\/\/isfd21-bue.infd.edu.ar\/sitio\/wp-content\/uploads\/2022\/10\/WhatsApp-Image-2022-10-13-at-7.18.42-PM-1-768x1086.jpeg 768w, https:\/\/isfd21-bue.infd.edu.ar\/sitio\/wp-content\/uploads\/2022\/10\/WhatsApp-Image-2022-10-13-at-7.18.42-PM-1-1086x1536.jpeg 1086w\" sizes=\"(max-width: 546px) 100vw, 546px\" \/><\/figure><\/div>\n\n\n<p>13\/10\/22<\/p>\n\n\n\n<p><em>El instituto Ricardo Rojas tiene historia y esta semana la revivir\u00e1 en un encuentro en el SUM organizado por las primeras promociones, al cumplirse 60 a\u00f1os de aquella escuela secundaria original. Este esperado reencuentro estar\u00e1 colmado de emociones, recuerdos, a\u00f1oranzas y felicidad. Esa escuela hoy cambi\u00f3, pero nunca perder\u00e1 sus inicios, sus primeros pasos educativos, su valor hist\u00f3rico en el distrito. Recibirlos en su escuela ser\u00e1 un orgullo, esa que los vio crecer dejando huellas tan profundas que los motivo a este reencuentro. A disfrutar de esta hermosa experiencia.<\/em><\/p>\n\n\n<div class=\"wp-block-image\">\n<figure class=\"aligncenter size-large is-resized\"><img decoding=\"async\" loading=\"lazy\" src=\"https:\/\/isfd21-bue.infd.edu.ar\/sitio\/wp-content\/uploads\/2022\/10\/Beige-Naranja-Azul-Pastel-Risografia-Generacion-Z-Inspirado-Escapismo-Genial-Poster-1343x1900.png\" alt=\"\" class=\"wp-image-7229\" width=\"379\" height=\"535\" srcset=\"https:\/\/isfd21-bue.infd.edu.ar\/sitio\/wp-content\/uploads\/2022\/10\/Beige-Naranja-Azul-Pastel-Risografia-Generacion-Z-Inspirado-Escapismo-Genial-Poster-1343x1900.png 1343w, https:\/\/isfd21-bue.infd.edu.ar\/sitio\/wp-content\/uploads\/2022\/10\/Beige-Naranja-Azul-Pastel-Risografia-Generacion-Z-Inspirado-Escapismo-Genial-Poster-707x1000.png 707w, https:\/\/isfd21-bue.infd.edu.ar\/sitio\/wp-content\/uploads\/2022\/10\/Beige-Naranja-Azul-Pastel-Risografia-Generacion-Z-Inspirado-Escapismo-Genial-Poster-768x1086.png 768w, https:\/\/isfd21-bue.infd.edu.ar\/sitio\/wp-content\/uploads\/2022\/10\/Beige-Naranja-Azul-Pastel-Risografia-Generacion-Z-Inspirado-Escapismo-Genial-Poster-1086x1536.png 1086w, https:\/\/isfd21-bue.infd.edu.ar\/sitio\/wp-content\/uploads\/2022\/10\/Beige-Naranja-Azul-Pastel-Risografia-Generacion-Z-Inspirado-Escapismo-Genial-Poster-1448x2048.png 1448w, https:\/\/isfd21-bue.infd.edu.ar\/sitio\/wp-content\/uploads\/2022\/10\/Beige-Naranja-Azul-Pastel-Risografia-Generacion-Z-Inspirado-Escapismo-Genial-Poster.png 1587w\" sizes=\"(max-width: 379px) 100vw, 379px\" \/><\/figure><\/div>\n\n\n<figure class=\"wp-block-image size-large\"><img decoding=\"async\" loading=\"lazy\" width=\"1266\" height=\"1900\" src=\"https:\/\/isfd21-bue.infd.edu.ar\/sitio\/wp-content\/uploads\/2022\/10\/Collage-de-fotografias-vertical-de-animales-marron-1266x1900.png\" alt=\"\" class=\"wp-image-7230\" srcset=\"https:\/\/isfd21-bue.infd.edu.ar\/sitio\/wp-content\/uploads\/2022\/10\/Collage-de-fotografias-vertical-de-animales-marron-1266x1900.png 1266w, https:\/\/isfd21-bue.infd.edu.ar\/sitio\/wp-content\/uploads\/2022\/10\/Collage-de-fotografias-vertical-de-animales-marron-667x1000.png 667w, https:\/\/isfd21-bue.infd.edu.ar\/sitio\/wp-content\/uploads\/2022\/10\/Collage-de-fotografias-vertical-de-animales-marron-768x1152.png 768w, https:\/\/isfd21-bue.infd.edu.ar\/sitio\/wp-content\/uploads\/2022\/10\/Collage-de-fotografias-vertical-de-animales-marron-1024x1536.png 1024w, https:\/\/isfd21-bue.infd.edu.ar\/sitio\/wp-content\/uploads\/2022\/10\/Collage-de-fotografias-vertical-de-animales-marron.png 1333w\" sizes=\"(max-width: 1266px) 100vw, 1266px\" \/><\/figure>\n\n\n\n<h4 class=\"wp-block-heading\"><em><strong>RECORDATORIO<\/strong><\/em><\/h4>\n\n\n\n<p><em>Talleres de Fortalecimiento<\/em><\/p>\n\n\n\n<h4 class=\"wp-block-heading\"><em>Taller de preparaci\u00f3n de ex\u00e1menes Virtual<\/em><\/h4>\n\n\n\n<h4 class=\"wp-block-heading\"><em>Mi\u00e9rcoles, 26 de oct. \u2022 16:30\u201317:30<\/em><\/h4>\n\n\n\n<h4 class=\"wp-block-heading\"><em>Informaci\u00f3n para unirse a la reuni\u00f3n de Google Meet<\/em><\/h4>\n\n\n\n<h4 class=\"wp-block-heading\"><em>V\u00ednculo a la videollamada:&nbsp;<a href=\"https:\/\/l.facebook.com\/l.php?u=https%3A%2F%2Fmeet.google.com%2Fdrr-kiac-cxe%3Ffbclid%3DIwAR36BKbhsfH0_xpbbCXI9Elq1-suZNbZplZZA--642DPwENXp-ZfI8QX5EY&amp;h=AT27mw9wnftHu4u0SpRNSDKasTuKgq_gUcQbajquYzIdDQB0CuDsqMkcKZPbV--0qlUr5m1Zj8uRBlX60Uw6777dN2A6KT0BV7mjgSK_7-X_OWcWO_-eO1TpOHcKBNhGq0jB&amp;__tn__=-U-UK-R&amp;c[0]=AT02QAO5Ko0c5JV3pAVhwkbQ3JlrgFwbjaDWqLgbHlG-EAj-P1hJFwfrPjctL6BAH4ppXoTS3YMdoBfplagBNkJeCxL66_noP6kVoRZDmXyHLbx9p9UMucvKoQXKGpsA1oLFO-nG8cIcXgfEYcObu0PCh8FzaM_C0MD2KUNpBbm5d0ZAUF6jV4YmxTyeVMQleItkFGtlIq2s-HwWrZdtyFY\" rel=\"noreferrer noopener\" target=\"_blank\">https:\/\/meet.google.com\/drr-kiac-cxe<\/a><\/em><\/h4>\n\n\n\n<p><\/p>\n\n\n\n<p class=\"has-normal-font-size\"><em><strong>Atenci\u00f3n el taller de preparaci\u00f3n de sociales que se dictaba el 12 de octubre se reprogramar\u00e1 a otra fecha.<\/strong><\/em><\/p>\n\n\n\n<p>12\/03\/2022<\/p>\n\n\n\n<p>D\u00eda del Respeto a la Diversidad Cultural <img decoding=\"async\" loading=\"lazy\" height=\"16\" width=\"16\" alt=\"&#x1f4e2;\" src=\"https:\/\/static.xx.fbcdn.net\/images\/emoji.php\/v9\/t39\/1\/16\/1f4e2.png\">Nuestra amplia y diversa comunidad educativa bonaerense est\u00e1 integrada por pueblos mapuche, qom\/toba, kolla, guaran\u00ed, tup\u00ed-guaran\u00ed, wich\u00ed, moqoit\/mocov\u00ed, diaguita, entre otros.<\/p>\n\n\n\n<figure class=\"wp-block-image size-large\"><img decoding=\"async\" loading=\"lazy\" width=\"526\" height=\"526\" src=\"https:\/\/isfd21-bue.infd.edu.ar\/sitio\/wp-content\/uploads\/2022\/10\/311605026_1257867845013191_6425354340441324715_n.jpg\" alt=\"\" class=\"wp-image-7232\" srcset=\"https:\/\/isfd21-bue.infd.edu.ar\/sitio\/wp-content\/uploads\/2022\/10\/311605026_1257867845013191_6425354340441324715_n.jpg 526w, https:\/\/isfd21-bue.infd.edu.ar\/sitio\/wp-content\/uploads\/2022\/10\/311605026_1257867845013191_6425354340441324715_n-500x500.jpg 500w\" sizes=\"(max-width: 526px) 100vw, 526px\" \/><\/figure>\n\n\n\n<p>Los estudiantes de 4to a\u00f1o del profesorado de ingl\u00e9s junto a la profesora Isabel Lo Giudice los invitan a presenciar una obra teatral en ingl\u00e9s. Es un trabajo intenso que con mucho entusiasmo lo est\u00e1n organizando. Los esperamos!!!<\/p>\n\n\n\n<figure class=\"wp-block-image size-large\"><img decoding=\"async\" loading=\"lazy\" width=\"514\" height=\"720\" src=\"https:\/\/isfd21-bue.infd.edu.ar\/sitio\/wp-content\/uploads\/2022\/10\/311575813_1257387055061270_5411542806645213183_n.jpg\" alt=\"\" class=\"wp-image-7233\"\/><\/figure>\n\n\n\n<figure class=\"wp-block-image size-large\"><img decoding=\"async\" loading=\"lazy\" width=\"483\" height=\"560\" src=\"https:\/\/isfd21-bue.infd.edu.ar\/sitio\/wp-content\/uploads\/2022\/10\/image.png\" alt=\"\" class=\"wp-image-7234\"\/><\/figure>\n\n\n\n<h4 class=\"wp-block-heading\" style=\"font-size:15px\"><em><strong>Compartimos propuesta del profesorado de Lengua y Literatura.<\/strong><\/em><\/h4>\n\n\n\n<h4 class=\"wp-block-heading\" style=\"font-size:15px\"><em>3er a\u00f1o del profesorado de Ingl\u00e9s<\/em><\/h4>\n\n\n\n<h4 class=\"wp-block-heading\" style=\"font-size:15px\"><em>Los invitamos a participar en el SUM<\/em><\/h4>\n\n\n\n<h4 class=\"wp-block-heading\" style=\"font-size:15px\"><em>A m\u00e1s de 4 charlas TED (en espa\u00f1ol) sobre Educaci\u00f3n, Tecnolog\u00eda, Epistemolog\u00eda, acualidad entre otros.<\/em><\/h4>\n\n\n\n<h4 class=\"wp-block-heading\" style=\"font-size:15px\"><\/h4>\n\n\n\n<h4 class=\"wp-block-heading\" style=\"font-size:15px\"><em>Cierre del proyecto de Oratoria y Retorica docente<\/em><\/h4>\n\n\n\n<h4 class=\"wp-block-heading\" style=\"font-size:15px\"><em>ISFD N\u00b021<\/em><\/h4>\n\n\n\n<h4 class=\"wp-block-heading\" style=\"font-size:15px\"><em>Prof. Ana Fynn<\/em><\/h4>\n\n\n<div class=\"wp-block-image\">\n<figure class=\"aligncenter size-large is-resized\"><img decoding=\"async\" loading=\"lazy\" src=\"https:\/\/isfd21-bue.infd.edu.ar\/sitio\/wp-content\/uploads\/2022\/10\/311458192_1257344071732235_6436332740013455262_n.jpg\" alt=\"\" class=\"wp-image-7235\" width=\"466\" height=\"828\"\/><\/figure><\/div>\n\n\n<p>11\/10\/22<\/p>\n\n\n\n<figure class=\"wp-block-gallery has-nested-images columns-default is-cropped wp-block-gallery-65 is-layout-flex\">\n<figure class=\"wp-block-image size-large\"><img decoding=\"async\" loading=\"lazy\" width=\"899\" height=\"1599\" data-id=\"7219\"  src=\"https:\/\/isfd21-bue.infd.edu.ar\/sitio\/wp-content\/uploads\/2022\/10\/WhatsApp-Image-2022-10-11-at-1.43.00-PM.jpeg\" alt=\"\" class=\"wp-image-7219\" srcset=\"https:\/\/isfd21-bue.infd.edu.ar\/sitio\/wp-content\/uploads\/2022\/10\/WhatsApp-Image-2022-10-11-at-1.43.00-PM.jpeg 899w, https:\/\/isfd21-bue.infd.edu.ar\/sitio\/wp-content\/uploads\/2022\/10\/WhatsApp-Image-2022-10-11-at-1.43.00-PM-562x1000.jpeg 562w, https:\/\/isfd21-bue.infd.edu.ar\/sitio\/wp-content\/uploads\/2022\/10\/WhatsApp-Image-2022-10-11-at-1.43.00-PM-768x1366.jpeg 768w, https:\/\/isfd21-bue.infd.edu.ar\/sitio\/wp-content\/uploads\/2022\/10\/WhatsApp-Image-2022-10-11-at-1.43.00-PM-864x1536.jpeg 864w\" sizes=\"(max-width: 899px) 100vw, 899px\" \/><\/figure>\n\n\n\n<figure class=\"wp-block-image size-large\"><img decoding=\"async\" loading=\"lazy\" width=\"904\" height=\"1280\" data-id=\"7220\"  src=\"https:\/\/isfd21-bue.infd.edu.ar\/sitio\/wp-content\/uploads\/2022\/10\/WhatsApp-Image-2022-10-11-at-1.42.41-PM.jpeg\" alt=\"\" class=\"wp-image-7220\" srcset=\"https:\/\/isfd21-bue.infd.edu.ar\/sitio\/wp-content\/uploads\/2022\/10\/WhatsApp-Image-2022-10-11-at-1.42.41-PM.jpeg 904w, https:\/\/isfd21-bue.infd.edu.ar\/sitio\/wp-content\/uploads\/2022\/10\/WhatsApp-Image-2022-10-11-at-1.42.41-PM-706x1000.jpeg 706w, https:\/\/isfd21-bue.infd.edu.ar\/sitio\/wp-content\/uploads\/2022\/10\/WhatsApp-Image-2022-10-11-at-1.42.41-PM-768x1087.jpeg 768w\" sizes=\"(max-width: 904px) 100vw, 904px\" \/><\/figure>\n<\/figure>\n\n\n\n<figure class=\"wp-block-gallery has-nested-images columns-2 is-cropped wp-block-gallery-67 is-layout-flex\">\n<figure class=\"wp-block-image size-large\"><img decoding=\"async\" loading=\"lazy\" width=\"1080\" height=\"1080\" data-id=\"7190\"  src=\"https:\/\/isfd21-bue.infd.edu.ar\/sitio\/wp-content\/uploads\/2022\/10\/304273673_1239695883497054_485590263281718084_n.jpg\" alt=\"\" class=\"wp-image-7190\" srcset=\"https:\/\/isfd21-bue.infd.edu.ar\/sitio\/wp-content\/uploads\/2022\/10\/304273673_1239695883497054_485590263281718084_n.jpg 1080w, https:\/\/isfd21-bue.infd.edu.ar\/sitio\/wp-content\/uploads\/2022\/10\/304273673_1239695883497054_485590263281718084_n-1000x1000.jpg 1000w, https:\/\/isfd21-bue.infd.edu.ar\/sitio\/wp-content\/uploads\/2022\/10\/304273673_1239695883497054_485590263281718084_n-500x500.jpg 500w, https:\/\/isfd21-bue.infd.edu.ar\/sitio\/wp-content\/uploads\/2022\/10\/304273673_1239695883497054_485590263281718084_n-768x768.jpg 768w\" sizes=\"(max-width: 1080px) 100vw, 1080px\" \/><\/figure>\n\n\n\n<figure class=\"wp-block-image size-large\"><img decoding=\"async\" loading=\"lazy\" width=\"1080\" height=\"1080\" data-id=\"7189\"  src=\"https:\/\/isfd21-bue.infd.edu.ar\/sitio\/wp-content\/uploads\/2022\/10\/304184175_1239695890163720_417272630369932837_n.jpg\" alt=\"\" class=\"wp-image-7189\" srcset=\"https:\/\/isfd21-bue.infd.edu.ar\/sitio\/wp-content\/uploads\/2022\/10\/304184175_1239695890163720_417272630369932837_n.jpg 1080w, https:\/\/isfd21-bue.infd.edu.ar\/sitio\/wp-content\/uploads\/2022\/10\/304184175_1239695890163720_417272630369932837_n-1000x1000.jpg 1000w, https:\/\/isfd21-bue.infd.edu.ar\/sitio\/wp-content\/uploads\/2022\/10\/304184175_1239695890163720_417272630369932837_n-500x500.jpg 500w, https:\/\/isfd21-bue.infd.edu.ar\/sitio\/wp-content\/uploads\/2022\/10\/304184175_1239695890163720_417272630369932837_n-768x768.jpg 768w\" sizes=\"(max-width: 1080px) 100vw, 1080px\" \/><\/figure>\n\n\n\n<figure class=\"wp-block-image size-large\"><img decoding=\"async\" loading=\"lazy\" width=\"1080\" height=\"1080\" data-id=\"7188\"  src=\"https:\/\/isfd21-bue.infd.edu.ar\/sitio\/wp-content\/uploads\/2022\/10\/306160805_1239695916830384_2648857156327937608_n.jpg\" alt=\"\" class=\"wp-image-7188\" srcset=\"https:\/\/isfd21-bue.infd.edu.ar\/sitio\/wp-content\/uploads\/2022\/10\/306160805_1239695916830384_2648857156327937608_n.jpg 1080w, https:\/\/isfd21-bue.infd.edu.ar\/sitio\/wp-content\/uploads\/2022\/10\/306160805_1239695916830384_2648857156327937608_n-1000x1000.jpg 1000w, https:\/\/isfd21-bue.infd.edu.ar\/sitio\/wp-content\/uploads\/2022\/10\/306160805_1239695916830384_2648857156327937608_n-500x500.jpg 500w, https:\/\/isfd21-bue.infd.edu.ar\/sitio\/wp-content\/uploads\/2022\/10\/306160805_1239695916830384_2648857156327937608_n-768x768.jpg 768w\" sizes=\"(max-width: 1080px) 100vw, 1080px\" \/><\/figure>\n\n\n\n<figure class=\"wp-block-image size-large\"><img decoding=\"async\" loading=\"lazy\" width=\"1080\" height=\"1080\" data-id=\"7187\"  src=\"https:\/\/isfd21-bue.infd.edu.ar\/sitio\/wp-content\/uploads\/2022\/10\/306269784_1239695943497048_731571323848400383_n.jpg\" alt=\"\" class=\"wp-image-7187\" srcset=\"https:\/\/isfd21-bue.infd.edu.ar\/sitio\/wp-content\/uploads\/2022\/10\/306269784_1239695943497048_731571323848400383_n.jpg 1080w, https:\/\/isfd21-bue.infd.edu.ar\/sitio\/wp-content\/uploads\/2022\/10\/306269784_1239695943497048_731571323848400383_n-1000x1000.jpg 1000w, https:\/\/isfd21-bue.infd.edu.ar\/sitio\/wp-content\/uploads\/2022\/10\/306269784_1239695943497048_731571323848400383_n-500x500.jpg 500w, https:\/\/isfd21-bue.infd.edu.ar\/sitio\/wp-content\/uploads\/2022\/10\/306269784_1239695943497048_731571323848400383_n-768x768.jpg 768w\" sizes=\"(max-width: 1080px) 100vw, 1080px\" \/><\/figure>\n\n\n\n<figure class=\"wp-block-image size-large\"><img decoding=\"async\" loading=\"lazy\" width=\"1080\" height=\"1080\" data-id=\"7182\"  src=\"https:\/\/isfd21-bue.infd.edu.ar\/sitio\/wp-content\/uploads\/2022\/10\/305804465_1239696126830363_5160021446006795058_n.jpg\" alt=\"\" class=\"wp-image-7182\" srcset=\"https:\/\/isfd21-bue.infd.edu.ar\/sitio\/wp-content\/uploads\/2022\/10\/305804465_1239696126830363_5160021446006795058_n.jpg 1080w, https:\/\/isfd21-bue.infd.edu.ar\/sitio\/wp-content\/uploads\/2022\/10\/305804465_1239696126830363_5160021446006795058_n-1000x1000.jpg 1000w, https:\/\/isfd21-bue.infd.edu.ar\/sitio\/wp-content\/uploads\/2022\/10\/305804465_1239696126830363_5160021446006795058_n-500x500.jpg 500w, https:\/\/isfd21-bue.infd.edu.ar\/sitio\/wp-content\/uploads\/2022\/10\/305804465_1239696126830363_5160021446006795058_n-768x768.jpg 768w\" sizes=\"(max-width: 1080px) 100vw, 1080px\" \/><\/figure>\n\n\n\n<figure class=\"wp-block-image size-large\"><img decoding=\"async\" loading=\"lazy\" width=\"1080\" height=\"1080\" data-id=\"7183\"  src=\"https:\/\/isfd21-bue.infd.edu.ar\/sitio\/wp-content\/uploads\/2022\/10\/305662566_1239696090163700_6989148921311000284_n.jpg\" alt=\"\" class=\"wp-image-7183\" srcset=\"https:\/\/isfd21-bue.infd.edu.ar\/sitio\/wp-content\/uploads\/2022\/10\/305662566_1239696090163700_6989148921311000284_n.jpg 1080w, https:\/\/isfd21-bue.infd.edu.ar\/sitio\/wp-content\/uploads\/2022\/10\/305662566_1239696090163700_6989148921311000284_n-1000x1000.jpg 1000w, https:\/\/isfd21-bue.infd.edu.ar\/sitio\/wp-content\/uploads\/2022\/10\/305662566_1239696090163700_6989148921311000284_n-500x500.jpg 500w, https:\/\/isfd21-bue.infd.edu.ar\/sitio\/wp-content\/uploads\/2022\/10\/305662566_1239696090163700_6989148921311000284_n-768x768.jpg 768w\" sizes=\"(max-width: 1080px) 100vw, 1080px\" \/><\/figure>\n\n\n\n<figure class=\"wp-block-image size-large\"><img decoding=\"async\" loading=\"lazy\" width=\"1080\" height=\"1080\" data-id=\"7184\"  src=\"https:\/\/isfd21-bue.infd.edu.ar\/sitio\/wp-content\/uploads\/2022\/10\/307328864_1239696053497037_5593040986104300983_n.jpg\" alt=\"\" class=\"wp-image-7184\" srcset=\"https:\/\/isfd21-bue.infd.edu.ar\/sitio\/wp-content\/uploads\/2022\/10\/307328864_1239696053497037_5593040986104300983_n.jpg 1080w, https:\/\/isfd21-bue.infd.edu.ar\/sitio\/wp-content\/uploads\/2022\/10\/307328864_1239696053497037_5593040986104300983_n-1000x1000.jpg 1000w, https:\/\/isfd21-bue.infd.edu.ar\/sitio\/wp-content\/uploads\/2022\/10\/307328864_1239696053497037_5593040986104300983_n-500x500.jpg 500w, https:\/\/isfd21-bue.infd.edu.ar\/sitio\/wp-content\/uploads\/2022\/10\/307328864_1239696053497037_5593040986104300983_n-768x768.jpg 768w\" sizes=\"(max-width: 1080px) 100vw, 1080px\" \/><\/figure>\n\n\n\n<figure class=\"wp-block-image size-large\"><img decoding=\"async\" loading=\"lazy\" width=\"1080\" height=\"1080\" data-id=\"7185\"  src=\"https:\/\/isfd21-bue.infd.edu.ar\/sitio\/wp-content\/uploads\/2022\/10\/306187131_1239696020163707_5583931698910109556_n.jpg\" alt=\"\" class=\"wp-image-7185\" srcset=\"https:\/\/isfd21-bue.infd.edu.ar\/sitio\/wp-content\/uploads\/2022\/10\/306187131_1239696020163707_5583931698910109556_n.jpg 1080w, https:\/\/isfd21-bue.infd.edu.ar\/sitio\/wp-content\/uploads\/2022\/10\/306187131_1239696020163707_5583931698910109556_n-1000x1000.jpg 1000w, https:\/\/isfd21-bue.infd.edu.ar\/sitio\/wp-content\/uploads\/2022\/10\/306187131_1239696020163707_5583931698910109556_n-500x500.jpg 500w, https:\/\/isfd21-bue.infd.edu.ar\/sitio\/wp-content\/uploads\/2022\/10\/306187131_1239696020163707_5583931698910109556_n-768x768.jpg 768w\" sizes=\"(max-width: 1080px) 100vw, 1080px\" \/><\/figure>\n\n\n\n<figure class=\"wp-block-image size-large\"><img decoding=\"async\" loading=\"lazy\" width=\"1080\" height=\"1080\" data-id=\"7186\"  src=\"https:\/\/isfd21-bue.infd.edu.ar\/sitio\/wp-content\/uploads\/2022\/10\/302148747_1239695990163710_2054362405029776840_n.jpg\" alt=\"\" class=\"wp-image-7186\" srcset=\"https:\/\/isfd21-bue.infd.edu.ar\/sitio\/wp-content\/uploads\/2022\/10\/302148747_1239695990163710_2054362405029776840_n.jpg 1080w, https:\/\/isfd21-bue.infd.edu.ar\/sitio\/wp-content\/uploads\/2022\/10\/302148747_1239695990163710_2054362405029776840_n-1000x1000.jpg 1000w, https:\/\/isfd21-bue.infd.edu.ar\/sitio\/wp-content\/uploads\/2022\/10\/302148747_1239695990163710_2054362405029776840_n-500x500.jpg 500w, https:\/\/isfd21-bue.infd.edu.ar\/sitio\/wp-content\/uploads\/2022\/10\/302148747_1239695990163710_2054362405029776840_n-768x768.jpg 768w\" sizes=\"(max-width: 1080px) 100vw, 1080px\" \/><\/figure>\n\n\n\n<figure class=\"wp-block-image size-large\"><img decoding=\"async\" loading=\"lazy\" width=\"1080\" height=\"1080\" data-id=\"7181\"  src=\"https:\/\/isfd21-bue.infd.edu.ar\/sitio\/wp-content\/uploads\/2022\/10\/307333509_1239696156830360_7927556870788831512_n.jpg\" alt=\"\" class=\"wp-image-7181\" srcset=\"https:\/\/isfd21-bue.infd.edu.ar\/sitio\/wp-content\/uploads\/2022\/10\/307333509_1239696156830360_7927556870788831512_n.jpg 1080w, https:\/\/isfd21-bue.infd.edu.ar\/sitio\/wp-content\/uploads\/2022\/10\/307333509_1239696156830360_7927556870788831512_n-1000x1000.jpg 1000w, https:\/\/isfd21-bue.infd.edu.ar\/sitio\/wp-content\/uploads\/2022\/10\/307333509_1239696156830360_7927556870788831512_n-500x500.jpg 500w, https:\/\/isfd21-bue.infd.edu.ar\/sitio\/wp-content\/uploads\/2022\/10\/307333509_1239696156830360_7927556870788831512_n-768x768.jpg 768w\" sizes=\"(max-width: 1080px) 100vw, 1080px\" \/><\/figure>\n<\/figure>\n\n\n\n<p>06\/10\/2022<\/p>\n\n\n\n<p class=\"has-medium-font-size\">Nota Aclaratoria \u2013 Asociaci\u00f3n Cooperadora ISFD N\u00ba21<\/p>\n\n\n\n<p class=\"has-medium-font-size\">Estimada Comunidad, queremos compartir con ustedes lo ocurrido con la m\u00e1quina expendedora de agua caliente que la Cooperadora del ISFD N\u00ba 21 \u201cDr. Ricardo Rojas\u201d adquiri\u00f3 a modo de alquiler: luego de tres actos de vandalismo que la m\u00e1quina sufri\u00f3, en donde forzaron el contenedor de billetes y realizaron la extracci\u00f3n de la recaudaci\u00f3n, se decidi\u00f3 prescindir del contrato de la misma ante la posibilidad de un mayor deterioro de la m\u00e1quina y la consecuencia de tener que abonar un alto costo por ella si dejaba de funcionar.<\/p>\n\n\n\n<p class=\"has-medium-font-size\">Si bien se realiz\u00f3 denuncia en la Comisar\u00eda 1\u00ba de Moreno de los hechos ocurridos (que se dieron en horario nocturno\/madrugada), de todas formas tuvimos que tomar la decisi\u00f3n de prescindir de la misma.<\/p>\n\n\n\n<hr class=\"wp-block-separator has-css-opacity\"\/>\n\n\n\n<h5 class=\"has-white-color has-vivid-red-background-color has-text-color has-background wp-block-heading\" style=\"font-size:25px\"><strong><em><strong>OLIMPIADAS DEPORTIVAS DEL NIVEL SUPERIOR<\/strong><\/em><\/strong><\/h5>\n\n\n<div class=\"wp-block-image\">\n<figure class=\"aligncenter size-large is-resized\"><img decoding=\"async\" loading=\"lazy\" src=\"https:\/\/isfd21-bue.infd.edu.ar\/sitio\/wp-content\/uploads\/2022\/10\/311062591_547841557147801_344310671711112309_n.jpg\" alt=\"\" class=\"wp-image-7210\" width=\"626\" height=\"829\"\/><\/figure><\/div>\n\n<div class=\"wp-block-image\">\n<figure class=\"aligncenter size-large is-resized\"><img decoding=\"async\" loading=\"lazy\" src=\"https:\/\/isfd21-bue.infd.edu.ar\/sitio\/wp-content\/uploads\/2022\/10\/311025197_547841690481121_7811843191115833655_n-1.jpg\" alt=\"\" class=\"wp-image-7212\" width=\"653\" height=\"666\"\/><\/figure><\/div>\n\n\n<p><\/p>\n\n\n\n<p><\/p>\n\n\n\n<hr class=\"wp-block-separator has-css-opacity\"\/>\n\n\n\n<h4 class=\"wp-block-heading\"><em><strong>Gracias Dora por tu visita.<\/strong><\/em><\/h4>\n\n\n\n<p><em><strong>Al evento asistieron el Inspector Areal, profesor Mariano Chalupa, Directivos, profesores y estudiantes del ISFD N\u00b021.<\/strong><\/em><\/p>\n\n\n<div class=\"wp-block-image\">\n<figure class=\"aligncenter size-large is-resized\"><img decoding=\"async\" loading=\"lazy\" src=\"https:\/\/isfd21-bue.infd.edu.ar\/sitio\/wp-content\/uploads\/2022\/10\/Flyer-feliz-dia-de-la-madre-calido-marron-1-1343x1900.png\" alt=\"\" class=\"wp-image-7205\" width=\"495\" height=\"699\" srcset=\"https:\/\/isfd21-bue.infd.edu.ar\/sitio\/wp-content\/uploads\/2022\/10\/Flyer-feliz-dia-de-la-madre-calido-marron-1-1343x1900.png 1343w, https:\/\/isfd21-bue.infd.edu.ar\/sitio\/wp-content\/uploads\/2022\/10\/Flyer-feliz-dia-de-la-madre-calido-marron-1-707x1000.png 707w, https:\/\/isfd21-bue.infd.edu.ar\/sitio\/wp-content\/uploads\/2022\/10\/Flyer-feliz-dia-de-la-madre-calido-marron-1-768x1086.png 768w, https:\/\/isfd21-bue.infd.edu.ar\/sitio\/wp-content\/uploads\/2022\/10\/Flyer-feliz-dia-de-la-madre-calido-marron-1-1086x1536.png 1086w, https:\/\/isfd21-bue.infd.edu.ar\/sitio\/wp-content\/uploads\/2022\/10\/Flyer-feliz-dia-de-la-madre-calido-marron-1.png 1414w\" sizes=\"(max-width: 495px) 100vw, 495px\" \/><\/figure><\/div>\n\n\n<p>05\/10\/2022<\/p>\n\n\n\n<p><em><strong>Compartimos informaci\u00f3n de inter\u00e9s:<\/strong><\/em><\/p>\n\n\n<div class=\"wp-block-image\">\n<figure class=\"aligncenter size-large is-resized\"><img decoding=\"async\" loading=\"lazy\" src=\"https:\/\/isfd21-bue.infd.edu.ar\/sitio\/wp-content\/uploads\/2022\/10\/WhatsApp-Image-2022-10-05-at-1.49.29-PM.jpeg\" alt=\"\" class=\"wp-image-7197\" width=\"496\" height=\"496\" srcset=\"https:\/\/isfd21-bue.infd.edu.ar\/sitio\/wp-content\/uploads\/2022\/10\/WhatsApp-Image-2022-10-05-at-1.49.29-PM.jpeg 1280w, https:\/\/isfd21-bue.infd.edu.ar\/sitio\/wp-content\/uploads\/2022\/10\/WhatsApp-Image-2022-10-05-at-1.49.29-PM-1000x1000.jpeg 1000w, https:\/\/isfd21-bue.infd.edu.ar\/sitio\/wp-content\/uploads\/2022\/10\/WhatsApp-Image-2022-10-05-at-1.49.29-PM-500x500.jpeg 500w, https:\/\/isfd21-bue.infd.edu.ar\/sitio\/wp-content\/uploads\/2022\/10\/WhatsApp-Image-2022-10-05-at-1.49.29-PM-768x768.jpeg 768w\" sizes=\"(max-width: 496px) 100vw, 496px\" \/><\/figure><\/div>\n\n\n<p><a href=\"https:\/\/abc.gob.ar\/secretarias\/areas\/subsecretaria-de-educacion\/educacion-superior\/dir-de-form-doc-permanente\/diplomatura\"><em>https:\/\/abc.gob.ar\/secretarias\/areas\/subsecretaria-de-educacion\/educacion-superior\/dir-de-form-doc-permanente\/diplomatura<\/em><\/a><\/p>\n\n\n\n<p>04\/10\/2022<\/p>\n\n\n<div class=\"wp-block-image\">\n<figure class=\"aligncenter size-large is-resized\"><img decoding=\"async\" loading=\"lazy\" src=\"https:\/\/isfd21-bue.infd.edu.ar\/sitio\/wp-content\/uploads\/2022\/10\/Invitacion-grado-floral-rosa-vinotinto-beige.png\" alt=\"\" class=\"wp-image-7194\" width=\"632\" height=\"632\" srcset=\"https:\/\/isfd21-bue.infd.edu.ar\/sitio\/wp-content\/uploads\/2022\/10\/Invitacion-grado-floral-rosa-vinotinto-beige.png 1654w, https:\/\/isfd21-bue.infd.edu.ar\/sitio\/wp-content\/uploads\/2022\/10\/Invitacion-grado-floral-rosa-vinotinto-beige-1000x1000.png 1000w, https:\/\/isfd21-bue.infd.edu.ar\/sitio\/wp-content\/uploads\/2022\/10\/Invitacion-grado-floral-rosa-vinotinto-beige-500x500.png 500w, https:\/\/isfd21-bue.infd.edu.ar\/sitio\/wp-content\/uploads\/2022\/10\/Invitacion-grado-floral-rosa-vinotinto-beige-768x768.png 768w, https:\/\/isfd21-bue.infd.edu.ar\/sitio\/wp-content\/uploads\/2022\/10\/Invitacion-grado-floral-rosa-vinotinto-beige-1536x1536.png 1536w\" sizes=\"(max-width: 632px) 100vw, 632px\" \/><\/figure><\/div>\n\n\n<p>30\/09\/2022<\/p>\n\n\n\n<p><a href=\"https:\/\/drive.google.com\/drive\/folders\/1VvtPwfpo6SoCJPHi-LRjNfObh1Unax4D\">https:\/\/drive.google.com\/drive\/folders\/1VvtPwfpo6SoCJPHi-LRjNfObh1Unax4D<\/a><\/p>\n\n\n\n<figure class=\"wp-block-image size-large is-resized\"><img decoding=\"async\" loading=\"lazy\" src=\"https:\/\/isfd21-bue.infd.edu.ar\/sitio\/wp-content\/uploads\/2022\/10\/COMPARTIMOS-IMAGENES-DEL-EVENTO-DEL-DIA-DE-HOY-CONVERSATORIO-DE-TRANSTORNOS-EPECIFICOS-DEL-LENGUAJE-3-1343x1900.png\" alt=\"\" class=\"wp-image-7175\" width=\"523\" height=\"739\" srcset=\"https:\/\/isfd21-bue.infd.edu.ar\/sitio\/wp-content\/uploads\/2022\/10\/COMPARTIMOS-IMAGENES-DEL-EVENTO-DEL-DIA-DE-HOY-CONVERSATORIO-DE-TRANSTORNOS-EPECIFICOS-DEL-LENGUAJE-3-1343x1900.png 1343w, https:\/\/isfd21-bue.infd.edu.ar\/sitio\/wp-content\/uploads\/2022\/10\/COMPARTIMOS-IMAGENES-DEL-EVENTO-DEL-DIA-DE-HOY-CONVERSATORIO-DE-TRANSTORNOS-EPECIFICOS-DEL-LENGUAJE-3-707x1000.png 707w, https:\/\/isfd21-bue.infd.edu.ar\/sitio\/wp-content\/uploads\/2022\/10\/COMPARTIMOS-IMAGENES-DEL-EVENTO-DEL-DIA-DE-HOY-CONVERSATORIO-DE-TRANSTORNOS-EPECIFICOS-DEL-LENGUAJE-3-768x1086.png 768w, https:\/\/isfd21-bue.infd.edu.ar\/sitio\/wp-content\/uploads\/2022\/10\/COMPARTIMOS-IMAGENES-DEL-EVENTO-DEL-DIA-DE-HOY-CONVERSATORIO-DE-TRANSTORNOS-EPECIFICOS-DEL-LENGUAJE-3-1086x1536.png 1086w, https:\/\/isfd21-bue.infd.edu.ar\/sitio\/wp-content\/uploads\/2022\/10\/COMPARTIMOS-IMAGENES-DEL-EVENTO-DEL-DIA-DE-HOY-CONVERSATORIO-DE-TRANSTORNOS-EPECIFICOS-DEL-LENGUAJE-3.png 1414w\" sizes=\"(max-width: 523px) 100vw, 523px\" \/><\/figure>\n\n\n<div class=\"wp-block-image\">\n<figure class=\"aligncenter size-large is-resized\"><img decoding=\"async\" loading=\"lazy\" src=\"https:\/\/isfd21-bue.infd.edu.ar\/sitio\/wp-content\/uploads\/2022\/09\/Diseno-sin-titulo-1343x1900.png\" alt=\"\" class=\"wp-image-7165\" width=\"427\" height=\"603\" srcset=\"https:\/\/isfd21-bue.infd.edu.ar\/sitio\/wp-content\/uploads\/2022\/09\/Diseno-sin-titulo-1343x1900.png 1343w, https:\/\/isfd21-bue.infd.edu.ar\/sitio\/wp-content\/uploads\/2022\/09\/Diseno-sin-titulo-707x1000.png 707w, https:\/\/isfd21-bue.infd.edu.ar\/sitio\/wp-content\/uploads\/2022\/09\/Diseno-sin-titulo-768x1086.png 768w, https:\/\/isfd21-bue.infd.edu.ar\/sitio\/wp-content\/uploads\/2022\/09\/Diseno-sin-titulo-1086x1536.png 1086w, https:\/\/isfd21-bue.infd.edu.ar\/sitio\/wp-content\/uploads\/2022\/09\/Diseno-sin-titulo.png 1414w\" sizes=\"(max-width: 427px) 100vw, 427px\" \/><\/figure><\/div>\n\n\n<h5 class=\"wp-block-heading\">&#x1f6d1;<strong><em>ATENCI\u00d3N<\/em><\/strong>&#x1f6d1;<strong><em><\/em><\/strong><\/h5>\n\n\n\n<h5 class=\"wp-block-heading\"><strong><em>HEMOS DADO POR FINALIZADA LA INSCRIPCI\u00d3N PARA ESTA SALIDA EDUCATIVA DEL JUEVES 06\/10. AGRADECEMOS SU INTER\u00c9S E INFORMAMOS QUE LOS INSCRIPTOS SE REUNIR\u00c1N EN LA PUERTA DEL ISFD N\u00b021, A LAS 17 HS. PARA IR Y VOLVER TODOS JUNTOS AL TEATRO.<\/em><\/strong><\/h5>\n\n\n\n<figure class=\"wp-block-image size-large\"><img decoding=\"async\" loading=\"lazy\" width=\"1280\" height=\"720\" src=\"https:\/\/isfd21-bue.infd.edu.ar\/sitio\/wp-content\/uploads\/2022\/09\/SALIDA-EDUCATIVA.jpg\" alt=\"\" class=\"wp-image-7160\" srcset=\"https:\/\/isfd21-bue.infd.edu.ar\/sitio\/wp-content\/uploads\/2022\/09\/SALIDA-EDUCATIVA.jpg 1280w, https:\/\/isfd21-bue.infd.edu.ar\/sitio\/wp-content\/uploads\/2022\/09\/SALIDA-EDUCATIVA-1000x563.jpg 1000w, https:\/\/isfd21-bue.infd.edu.ar\/sitio\/wp-content\/uploads\/2022\/09\/SALIDA-EDUCATIVA-768x432.jpg 768w\" sizes=\"(max-width: 1280px) 100vw, 1280px\" \/><\/figure>\n\n\n\n<p>29\/09\/2022<\/p>\n\n\n<div class=\"wp-block-image\">\n<figure class=\"aligncenter size-large\"><img decoding=\"async\" loading=\"lazy\" width=\"490\" height=\"481\" src=\"https:\/\/isfd21-bue.infd.edu.ar\/sitio\/wp-content\/uploads\/2022\/09\/image-32.png\" alt=\"\" class=\"wp-image-7157\"\/><\/figure><\/div>\n\n<div class=\"wp-block-image\">\n<figure class=\"aligncenter size-large\"><img decoding=\"async\" src=\"blob:https:\/\/isfd21-bue.infd.edu.ar\/2e9e3248-0d02-4f3b-bb66-8f8f30e7f2ed\" alt=\"\"\/><\/figure><\/div>\n\n<div class=\"wp-block-image\">\n<figure class=\"aligncenter size-large\"><img decoding=\"async\" loading=\"lazy\" width=\"496\" height=\"452\" src=\"https:\/\/isfd21-bue.infd.edu.ar\/sitio\/wp-content\/uploads\/2022\/09\/image-29.png\" alt=\"\" class=\"wp-image-7148\"\/><\/figure><\/div>\n\n\n<p>28\/09\/2022<\/p>\n\n\n<div class=\"wp-block-image\">\n<figure class=\"aligncenter size-large\"><img decoding=\"async\" loading=\"lazy\" width=\"1343\" height=\"1900\" src=\"https:\/\/isfd21-bue.infd.edu.ar\/sitio\/wp-content\/uploads\/2022\/09\/PROGRESAR-NUEVA-INSCRIPCION-HASTA-EL-3108-1-1343x1900.png\" alt=\"\" class=\"wp-image-7109\" srcset=\"https:\/\/isfd21-bue.infd.edu.ar\/sitio\/wp-content\/uploads\/2022\/09\/PROGRESAR-NUEVA-INSCRIPCION-HASTA-EL-3108-1-1343x1900.png 1343w, https:\/\/isfd21-bue.infd.edu.ar\/sitio\/wp-content\/uploads\/2022\/09\/PROGRESAR-NUEVA-INSCRIPCION-HASTA-EL-3108-1-707x1000.png 707w, https:\/\/isfd21-bue.infd.edu.ar\/sitio\/wp-content\/uploads\/2022\/09\/PROGRESAR-NUEVA-INSCRIPCION-HASTA-EL-3108-1-768x1086.png 768w, https:\/\/isfd21-bue.infd.edu.ar\/sitio\/wp-content\/uploads\/2022\/09\/PROGRESAR-NUEVA-INSCRIPCION-HASTA-EL-3108-1-1086x1536.png 1086w, https:\/\/isfd21-bue.infd.edu.ar\/sitio\/wp-content\/uploads\/2022\/09\/PROGRESAR-NUEVA-INSCRIPCION-HASTA-EL-3108-1-1448x2048.png 1448w, https:\/\/isfd21-bue.infd.edu.ar\/sitio\/wp-content\/uploads\/2022\/09\/PROGRESAR-NUEVA-INSCRIPCION-HASTA-EL-3108-1.png 1587w\" sizes=\"(max-width: 1343px) 100vw, 1343px\" \/><\/figure><\/div>\n\n\n<h4 class=\"wp-block-heading\"><em>El ISFD N\u00b021, dijo \u00abpresente\u00bb en la EXPO CARRERAS.<\/em><img decoding=\"async\" loading=\"lazy\" height=\"20\" width=\"20\" alt=\"&#x1f4aa;\" src=\"https:\/\/static.xx.fbcdn.net\/images\/emoji.php\/v9\/t45\/1\/20\/1f4aa.png\"><img decoding=\"async\" loading=\"lazy\" height=\"20\" width=\"20\" alt=\"&#x1f4aa;\" src=\"https:\/\/static.xx.fbcdn.net\/images\/emoji.php\/v9\/t45\/1\/20\/1f4aa.png\"><em>Agradecemos a cada uno de nuestros estudiantes que est\u00e1n en el stand colaborando con su presencia y difusi\u00f3n de nuestros profesorados. A los que se quedaron hasta tarde armando juegos, souvenirs y carteles, incluso con su familia ayudando!!!.<\/em><\/h4>\n\n\n\n<h4 class=\"wp-block-heading\"><em>Por eso queremos hacer una menci\u00f3n especial:<\/em><\/h4>\n\n\n\n<h5 class=\"wp-block-heading\"><strong>JUAN TORALES,<\/strong><\/h5>\n\n\n\n<h5 class=\"wp-block-heading\"><strong>ANABELLA BEN\u00cdTEZ MAR\u00cdNEZ,<\/strong><\/h5>\n\n\n\n<h5 class=\"wp-block-heading\"><strong>MARIANA CISNERO, DAIANA AGUILERA,<\/strong><\/h5>\n\n\n\n<h5 class=\"wp-block-heading\"><strong>GERM\u00c1N ROMERO,<\/strong><\/h5>\n\n\n\n<h5 class=\"wp-block-heading\"><strong>ROC\u00cdO PERALTA,<\/strong><\/h5>\n\n\n\n<h5 class=\"wp-block-heading\"><strong>SILVANA VALD\u00c9Z,<\/strong><\/h5>\n\n\n\n<h5 class=\"wp-block-heading\"><strong>PAULA BEN\u00cdTEZ,<\/strong><\/h5>\n\n\n\n<h5 class=\"wp-block-heading\"><strong>MABEL ROJAS,<\/strong><\/h5>\n\n\n\n<h5 class=\"wp-block-heading\"><strong>NAYLA L\u00d3PEZ,<\/strong><\/h5>\n\n\n\n<h5 class=\"wp-block-heading\"><strong>CLAUDIA STOJANOVICH<\/strong><\/h5>\n\n\n\n<h5 class=\"wp-block-heading\"><strong>STEINBERG, PABLO<\/strong><\/h5>\n\n\n\n<h5 class=\"wp-block-heading\"><strong>TOLEDO, ELEANA<\/strong><\/h5>\n\n\n\n<h5 class=\"wp-block-heading\"><strong>CUELLAR, SILVINA<\/strong><\/h5>\n\n\n\n<h5 class=\"wp-block-heading\"><strong>SEISDEDOS, AYEL\u00c9N<\/strong><\/h5>\n\n\n\n<h5 class=\"wp-block-heading\"><strong>ARENAS, DANIELA<\/strong><\/h5>\n\n\n\n<h5 class=\"wp-block-heading\"><strong>JARA, SOL<\/strong><\/h5>\n\n\n\n<h5 class=\"wp-block-heading\"><strong>AQUINO GONZ\u00c1LEZ, JONATHAN<\/strong><\/h5>\n\n\n\n<h5 class=\"wp-block-heading\"><strong>OLIVERI, IARA<\/strong><\/h5>\n\n\n\n<h4 class=\"wp-block-heading\"><em>Agradecemos tambi\u00e9n a los profesores y personal de planta y EQUIPO DIRECTIVO<\/em><\/h4>\n\n\n\n<h5 class=\"wp-block-heading\"><strong>ELENA MOHORADE<\/strong><\/h5>\n\n\n\n<h5 class=\"wp-block-heading\"><strong>FERNANDA BALCIUNAS<\/strong><\/h5>\n\n\n\n<h5 class=\"wp-block-heading\"><strong>ALBA AGUIRRE<\/strong><\/h5>\n\n\n\n<h5 class=\"wp-block-heading\"><strong>GUIDO GONZALEZ<\/strong><\/h5>\n\n\n\n<h5 class=\"wp-block-heading\"><strong>CAROLINA CAROLINA<\/strong><\/h5>\n\n\n\n<h5 class=\"wp-block-heading\"><strong>ANDREA FILIPELLI<\/strong><\/h5>\n\n\n\n<h5 class=\"wp-block-heading\"><strong>ROMINA CARABAJAL<\/strong><\/h5>\n\n\n\n<h5 class=\"wp-block-heading\"><strong>EVANGELINA S\u00c1NCHEZ<\/strong><\/h5>\n\n\n\n<h5 class=\"wp-block-heading\"><strong>TAMBI\u00c9N AGRADECEMOS LA VISITA DE NUESTRO INSPECTOR AREAL, PROFESOR MARIANO CHALUPA<\/strong><\/h5>\n\n\n\n<p><em><strong>Hasta las 16 horas nos encontrar\u00e1n en el stand del Rojas, UNM, edificio Justo Daract II<\/strong><\/em><\/p>\n\n\n\n<p><em><strong>Evento realizado en el ISFD N\u00b021, \u00abDr. Ricardo Rojas\u00bb el d\u00eda s\u00e1bado 24 de septiembre<\/strong><\/em><\/p>\n\n\n\n<figure class=\"wp-block-gallery has-nested-images columns-5 is-cropped wp-block-gallery-69 is-layout-flex\">\n<figure class=\"wp-block-image size-large\"><img decoding=\"async\" loading=\"lazy\" width=\"1280\" height=\"576\" data-id=\"7069\"  src=\"https:\/\/isfd21-bue.infd.edu.ar\/sitio\/wp-content\/uploads\/2022\/09\/WhatsApp-Image-2022-09-28-at-2.25.45-PM.jpeg\" alt=\"\" class=\"wp-image-7069\" srcset=\"https:\/\/isfd21-bue.infd.edu.ar\/sitio\/wp-content\/uploads\/2022\/09\/WhatsApp-Image-2022-09-28-at-2.25.45-PM.jpeg 1280w, https:\/\/isfd21-bue.infd.edu.ar\/sitio\/wp-content\/uploads\/2022\/09\/WhatsApp-Image-2022-09-28-at-2.25.45-PM-1000x450.jpeg 1000w, https:\/\/isfd21-bue.infd.edu.ar\/sitio\/wp-content\/uploads\/2022\/09\/WhatsApp-Image-2022-09-28-at-2.25.45-PM-768x346.jpeg 768w\" sizes=\"(max-width: 1280px) 100vw, 1280px\" \/><\/figure>\n\n\n\n<figure class=\"wp-block-image size-large\"><img decoding=\"async\" loading=\"lazy\" width=\"450\" height=\"1000\" data-id=\"7070\"  src=\"https:\/\/isfd21-bue.infd.edu.ar\/sitio\/wp-content\/uploads\/2022\/09\/WhatsApp-Image-2022-09-28-at-2.25.44-PM-3.jpeg\" alt=\"\" class=\"wp-image-7070\"\/><\/figure>\n\n\n\n<figure class=\"wp-block-image size-large\"><img decoding=\"async\" loading=\"lazy\" width=\"900\" height=\"1600\" data-id=\"7071\"  src=\"https:\/\/isfd21-bue.infd.edu.ar\/sitio\/wp-content\/uploads\/2022\/09\/WhatsApp-Image-2022-09-28-at-2.25.44-PM-2.jpeg\" alt=\"\" class=\"wp-image-7071\" srcset=\"https:\/\/isfd21-bue.infd.edu.ar\/sitio\/wp-content\/uploads\/2022\/09\/WhatsApp-Image-2022-09-28-at-2.25.44-PM-2.jpeg 900w, https:\/\/isfd21-bue.infd.edu.ar\/sitio\/wp-content\/uploads\/2022\/09\/WhatsApp-Image-2022-09-28-at-2.25.44-PM-2-563x1000.jpeg 563w, https:\/\/isfd21-bue.infd.edu.ar\/sitio\/wp-content\/uploads\/2022\/09\/WhatsApp-Image-2022-09-28-at-2.25.44-PM-2-768x1365.jpeg 768w, https:\/\/isfd21-bue.infd.edu.ar\/sitio\/wp-content\/uploads\/2022\/09\/WhatsApp-Image-2022-09-28-at-2.25.44-PM-2-864x1536.jpeg 864w\" sizes=\"(max-width: 900px) 100vw, 900px\" \/><\/figure>\n\n\n\n<figure class=\"wp-block-image size-large\"><img decoding=\"async\" loading=\"lazy\" width=\"900\" height=\"1600\" data-id=\"7072\"  src=\"https:\/\/isfd21-bue.infd.edu.ar\/sitio\/wp-content\/uploads\/2022\/09\/WhatsApp-Image-2022-09-28-at-2.25.44-PM-1.jpeg\" alt=\"\" class=\"wp-image-7072\" srcset=\"https:\/\/isfd21-bue.infd.edu.ar\/sitio\/wp-content\/uploads\/2022\/09\/WhatsApp-Image-2022-09-28-at-2.25.44-PM-1.jpeg 900w, https:\/\/isfd21-bue.infd.edu.ar\/sitio\/wp-content\/uploads\/2022\/09\/WhatsApp-Image-2022-09-28-at-2.25.44-PM-1-563x1000.jpeg 563w, https:\/\/isfd21-bue.infd.edu.ar\/sitio\/wp-content\/uploads\/2022\/09\/WhatsApp-Image-2022-09-28-at-2.25.44-PM-1-768x1365.jpeg 768w, https:\/\/isfd21-bue.infd.edu.ar\/sitio\/wp-content\/uploads\/2022\/09\/WhatsApp-Image-2022-09-28-at-2.25.44-PM-1-864x1536.jpeg 864w\" sizes=\"(max-width: 900px) 100vw, 900px\" \/><\/figure>\n\n\n\n<figure class=\"wp-block-image size-large\"><img decoding=\"async\" loading=\"lazy\" width=\"1600\" height=\"1200\" data-id=\"7073\"  src=\"https:\/\/isfd21-bue.infd.edu.ar\/sitio\/wp-content\/uploads\/2022\/09\/WhatsApp-Image-2022-09-28-at-2.25.44-PM.jpeg\" alt=\"\" class=\"wp-image-7073\" srcset=\"https:\/\/isfd21-bue.infd.edu.ar\/sitio\/wp-content\/uploads\/2022\/09\/WhatsApp-Image-2022-09-28-at-2.25.44-PM.jpeg 1600w, https:\/\/isfd21-bue.infd.edu.ar\/sitio\/wp-content\/uploads\/2022\/09\/WhatsApp-Image-2022-09-28-at-2.25.44-PM-1000x750.jpeg 1000w, https:\/\/isfd21-bue.infd.edu.ar\/sitio\/wp-content\/uploads\/2022\/09\/WhatsApp-Image-2022-09-28-at-2.25.44-PM-768x576.jpeg 768w, https:\/\/isfd21-bue.infd.edu.ar\/sitio\/wp-content\/uploads\/2022\/09\/WhatsApp-Image-2022-09-28-at-2.25.44-PM-1536x1152.jpeg 1536w\" sizes=\"(max-width: 1600px) 100vw, 1600px\" \/><\/figure>\n\n\n\n<figure class=\"wp-block-image size-large\"><img decoding=\"async\" loading=\"lazy\" width=\"1600\" height=\"900\" data-id=\"7074\"  src=\"https:\/\/isfd21-bue.infd.edu.ar\/sitio\/wp-content\/uploads\/2022\/09\/WhatsApp-Image-2022-09-28-at-2.25.43-PM-1.jpeg\" alt=\"\" class=\"wp-image-7074\" srcset=\"https:\/\/isfd21-bue.infd.edu.ar\/sitio\/wp-content\/uploads\/2022\/09\/WhatsApp-Image-2022-09-28-at-2.25.43-PM-1.jpeg 1600w, https:\/\/isfd21-bue.infd.edu.ar\/sitio\/wp-content\/uploads\/2022\/09\/WhatsApp-Image-2022-09-28-at-2.25.43-PM-1-1000x563.jpeg 1000w, https:\/\/isfd21-bue.infd.edu.ar\/sitio\/wp-content\/uploads\/2022\/09\/WhatsApp-Image-2022-09-28-at-2.25.43-PM-1-768x432.jpeg 768w, https:\/\/isfd21-bue.infd.edu.ar\/sitio\/wp-content\/uploads\/2022\/09\/WhatsApp-Image-2022-09-28-at-2.25.43-PM-1-1536x864.jpeg 1536w\" sizes=\"(max-width: 1600px) 100vw, 1600px\" \/><\/figure>\n\n\n\n<figure class=\"wp-block-image size-large\"><img decoding=\"async\" loading=\"lazy\" width=\"1600\" height=\"900\" data-id=\"7075\"  src=\"https:\/\/isfd21-bue.infd.edu.ar\/sitio\/wp-content\/uploads\/2022\/09\/WhatsApp-Image-2022-09-28-at-2.25.43-PM.jpeg\" alt=\"\" class=\"wp-image-7075\" srcset=\"https:\/\/isfd21-bue.infd.edu.ar\/sitio\/wp-content\/uploads\/2022\/09\/WhatsApp-Image-2022-09-28-at-2.25.43-PM.jpeg 1600w, https:\/\/isfd21-bue.infd.edu.ar\/sitio\/wp-content\/uploads\/2022\/09\/WhatsApp-Image-2022-09-28-at-2.25.43-PM-1000x563.jpeg 1000w, https:\/\/isfd21-bue.infd.edu.ar\/sitio\/wp-content\/uploads\/2022\/09\/WhatsApp-Image-2022-09-28-at-2.25.43-PM-768x432.jpeg 768w, https:\/\/isfd21-bue.infd.edu.ar\/sitio\/wp-content\/uploads\/2022\/09\/WhatsApp-Image-2022-09-28-at-2.25.43-PM-1536x864.jpeg 1536w\" sizes=\"(max-width: 1600px) 100vw, 1600px\" \/><\/figure>\n\n\n\n<figure class=\"wp-block-image size-large\"><img decoding=\"async\" loading=\"lazy\" width=\"900\" height=\"1600\" data-id=\"7076\"  src=\"https:\/\/isfd21-bue.infd.edu.ar\/sitio\/wp-content\/uploads\/2022\/09\/WhatsApp-Image-2022-09-28-at-2.25.42-PM-1.jpeg\" alt=\"\" class=\"wp-image-7076\" srcset=\"https:\/\/isfd21-bue.infd.edu.ar\/sitio\/wp-content\/uploads\/2022\/09\/WhatsApp-Image-2022-09-28-at-2.25.42-PM-1.jpeg 900w, https:\/\/isfd21-bue.infd.edu.ar\/sitio\/wp-content\/uploads\/2022\/09\/WhatsApp-Image-2022-09-28-at-2.25.42-PM-1-563x1000.jpeg 563w, https:\/\/isfd21-bue.infd.edu.ar\/sitio\/wp-content\/uploads\/2022\/09\/WhatsApp-Image-2022-09-28-at-2.25.42-PM-1-768x1365.jpeg 768w, https:\/\/isfd21-bue.infd.edu.ar\/sitio\/wp-content\/uploads\/2022\/09\/WhatsApp-Image-2022-09-28-at-2.25.42-PM-1-864x1536.jpeg 864w\" sizes=\"(max-width: 900px) 100vw, 900px\" \/><\/figure>\n\n\n\n<figure class=\"wp-block-image size-large\"><img decoding=\"async\" loading=\"lazy\" width=\"1600\" height=\"900\" data-id=\"7077\"  src=\"https:\/\/isfd21-bue.infd.edu.ar\/sitio\/wp-content\/uploads\/2022\/09\/WhatsApp-Image-2022-09-28-at-2.25.42-PM.jpeg\" alt=\"\" class=\"wp-image-7077\" srcset=\"https:\/\/isfd21-bue.infd.edu.ar\/sitio\/wp-content\/uploads\/2022\/09\/WhatsApp-Image-2022-09-28-at-2.25.42-PM.jpeg 1600w, https:\/\/isfd21-bue.infd.edu.ar\/sitio\/wp-content\/uploads\/2022\/09\/WhatsApp-Image-2022-09-28-at-2.25.42-PM-1000x563.jpeg 1000w, https:\/\/isfd21-bue.infd.edu.ar\/sitio\/wp-content\/uploads\/2022\/09\/WhatsApp-Image-2022-09-28-at-2.25.42-PM-768x432.jpeg 768w, https:\/\/isfd21-bue.infd.edu.ar\/sitio\/wp-content\/uploads\/2022\/09\/WhatsApp-Image-2022-09-28-at-2.25.42-PM-1536x864.jpeg 1536w\" sizes=\"(max-width: 1600px) 100vw, 1600px\" \/><\/figure>\n\n\n\n<figure class=\"wp-block-image size-large\"><img decoding=\"async\" loading=\"lazy\" width=\"1600\" height=\"1200\" data-id=\"7078\"  src=\"https:\/\/isfd21-bue.infd.edu.ar\/sitio\/wp-content\/uploads\/2022\/09\/WhatsApp-Image-2022-09-28-at-1.59.04-PM.jpeg\" alt=\"\" class=\"wp-image-7078\" srcset=\"https:\/\/isfd21-bue.infd.edu.ar\/sitio\/wp-content\/uploads\/2022\/09\/WhatsApp-Image-2022-09-28-at-1.59.04-PM.jpeg 1600w, https:\/\/isfd21-bue.infd.edu.ar\/sitio\/wp-content\/uploads\/2022\/09\/WhatsApp-Image-2022-09-28-at-1.59.04-PM-1000x750.jpeg 1000w, https:\/\/isfd21-bue.infd.edu.ar\/sitio\/wp-content\/uploads\/2022\/09\/WhatsApp-Image-2022-09-28-at-1.59.04-PM-768x576.jpeg 768w, https:\/\/isfd21-bue.infd.edu.ar\/sitio\/wp-content\/uploads\/2022\/09\/WhatsApp-Image-2022-09-28-at-1.59.04-PM-1536x1152.jpeg 1536w\" sizes=\"(max-width: 1600px) 100vw, 1600px\" \/><\/figure>\n\n\n\n<figure class=\"wp-block-image size-large\"><img decoding=\"async\" loading=\"lazy\" width=\"1600\" height=\"1200\" data-id=\"7079\"  src=\"https:\/\/isfd21-bue.infd.edu.ar\/sitio\/wp-content\/uploads\/2022\/09\/WhatsApp-Image-2022-09-28-at-1.59.03-PM-4.jpeg\" alt=\"\" class=\"wp-image-7079\" srcset=\"https:\/\/isfd21-bue.infd.edu.ar\/sitio\/wp-content\/uploads\/2022\/09\/WhatsApp-Image-2022-09-28-at-1.59.03-PM-4.jpeg 1600w, https:\/\/isfd21-bue.infd.edu.ar\/sitio\/wp-content\/uploads\/2022\/09\/WhatsApp-Image-2022-09-28-at-1.59.03-PM-4-1000x750.jpeg 1000w, https:\/\/isfd21-bue.infd.edu.ar\/sitio\/wp-content\/uploads\/2022\/09\/WhatsApp-Image-2022-09-28-at-1.59.03-PM-4-768x576.jpeg 768w, https:\/\/isfd21-bue.infd.edu.ar\/sitio\/wp-content\/uploads\/2022\/09\/WhatsApp-Image-2022-09-28-at-1.59.03-PM-4-1536x1152.jpeg 1536w\" sizes=\"(max-width: 1600px) 100vw, 1600px\" \/><\/figure>\n\n\n\n<figure class=\"wp-block-image size-large\"><img decoding=\"async\" loading=\"lazy\" width=\"1600\" height=\"1200\" data-id=\"7080\"  src=\"https:\/\/isfd21-bue.infd.edu.ar\/sitio\/wp-content\/uploads\/2022\/09\/WhatsApp-Image-2022-09-28-at-1.59.03-PM-3.jpeg\" alt=\"\" class=\"wp-image-7080\" srcset=\"https:\/\/isfd21-bue.infd.edu.ar\/sitio\/wp-content\/uploads\/2022\/09\/WhatsApp-Image-2022-09-28-at-1.59.03-PM-3.jpeg 1600w, https:\/\/isfd21-bue.infd.edu.ar\/sitio\/wp-content\/uploads\/2022\/09\/WhatsApp-Image-2022-09-28-at-1.59.03-PM-3-1000x750.jpeg 1000w, https:\/\/isfd21-bue.infd.edu.ar\/sitio\/wp-content\/uploads\/2022\/09\/WhatsApp-Image-2022-09-28-at-1.59.03-PM-3-768x576.jpeg 768w, https:\/\/isfd21-bue.infd.edu.ar\/sitio\/wp-content\/uploads\/2022\/09\/WhatsApp-Image-2022-09-28-at-1.59.03-PM-3-1536x1152.jpeg 1536w\" sizes=\"(max-width: 1600px) 100vw, 1600px\" \/><\/figure>\n\n\n\n<figure class=\"wp-block-image size-large\"><img decoding=\"async\" loading=\"lazy\" width=\"1600\" height=\"1200\" data-id=\"7081\"  src=\"https:\/\/isfd21-bue.infd.edu.ar\/sitio\/wp-content\/uploads\/2022\/09\/WhatsApp-Image-2022-09-28-at-1.59.03-PM-2.jpeg\" alt=\"\" class=\"wp-image-7081\" srcset=\"https:\/\/isfd21-bue.infd.edu.ar\/sitio\/wp-content\/uploads\/2022\/09\/WhatsApp-Image-2022-09-28-at-1.59.03-PM-2.jpeg 1600w, https:\/\/isfd21-bue.infd.edu.ar\/sitio\/wp-content\/uploads\/2022\/09\/WhatsApp-Image-2022-09-28-at-1.59.03-PM-2-1000x750.jpeg 1000w, https:\/\/isfd21-bue.infd.edu.ar\/sitio\/wp-content\/uploads\/2022\/09\/WhatsApp-Image-2022-09-28-at-1.59.03-PM-2-768x576.jpeg 768w, https:\/\/isfd21-bue.infd.edu.ar\/sitio\/wp-content\/uploads\/2022\/09\/WhatsApp-Image-2022-09-28-at-1.59.03-PM-2-1536x1152.jpeg 1536w\" sizes=\"(max-width: 1600px) 100vw, 1600px\" \/><\/figure>\n\n\n\n<figure class=\"wp-block-image size-large\"><img decoding=\"async\" loading=\"lazy\" width=\"1200\" height=\"1600\" data-id=\"7082\"  src=\"https:\/\/isfd21-bue.infd.edu.ar\/sitio\/wp-content\/uploads\/2022\/09\/WhatsApp-Image-2022-09-28-at-1.59.03-PM-1.jpeg\" alt=\"\" class=\"wp-image-7082\" srcset=\"https:\/\/isfd21-bue.infd.edu.ar\/sitio\/wp-content\/uploads\/2022\/09\/WhatsApp-Image-2022-09-28-at-1.59.03-PM-1.jpeg 1200w, https:\/\/isfd21-bue.infd.edu.ar\/sitio\/wp-content\/uploads\/2022\/09\/WhatsApp-Image-2022-09-28-at-1.59.03-PM-1-750x1000.jpeg 750w, https:\/\/isfd21-bue.infd.edu.ar\/sitio\/wp-content\/uploads\/2022\/09\/WhatsApp-Image-2022-09-28-at-1.59.03-PM-1-768x1024.jpeg 768w, https:\/\/isfd21-bue.infd.edu.ar\/sitio\/wp-content\/uploads\/2022\/09\/WhatsApp-Image-2022-09-28-at-1.59.03-PM-1-1152x1536.jpeg 1152w\" sizes=\"(max-width: 1200px) 100vw, 1200px\" \/><\/figure>\n\n\n\n<figure class=\"wp-block-image size-large\"><img decoding=\"async\" loading=\"lazy\" width=\"1200\" height=\"1600\" data-id=\"7083\"  src=\"https:\/\/isfd21-bue.infd.edu.ar\/sitio\/wp-content\/uploads\/2022\/09\/WhatsApp-Image-2022-09-28-at-1.59.03-PM.jpeg\" alt=\"\" class=\"wp-image-7083\" srcset=\"https:\/\/isfd21-bue.infd.edu.ar\/sitio\/wp-content\/uploads\/2022\/09\/WhatsApp-Image-2022-09-28-at-1.59.03-PM.jpeg 1200w, https:\/\/isfd21-bue.infd.edu.ar\/sitio\/wp-content\/uploads\/2022\/09\/WhatsApp-Image-2022-09-28-at-1.59.03-PM-750x1000.jpeg 750w, https:\/\/isfd21-bue.infd.edu.ar\/sitio\/wp-content\/uploads\/2022\/09\/WhatsApp-Image-2022-09-28-at-1.59.03-PM-768x1024.jpeg 768w, https:\/\/isfd21-bue.infd.edu.ar\/sitio\/wp-content\/uploads\/2022\/09\/WhatsApp-Image-2022-09-28-at-1.59.03-PM-1152x1536.jpeg 1152w\" sizes=\"(max-width: 1200px) 100vw, 1200px\" \/><\/figure>\n\n\n\n<figure class=\"wp-block-image size-large\"><img decoding=\"async\" loading=\"lazy\" width=\"1600\" height=\"1200\" data-id=\"7084\"  src=\"https:\/\/isfd21-bue.infd.edu.ar\/sitio\/wp-content\/uploads\/2022\/09\/WhatsApp-Image-2022-09-28-at-1.59.02-PM.jpeg\" alt=\"\" class=\"wp-image-7084\" srcset=\"https:\/\/isfd21-bue.infd.edu.ar\/sitio\/wp-content\/uploads\/2022\/09\/WhatsApp-Image-2022-09-28-at-1.59.02-PM.jpeg 1600w, https:\/\/isfd21-bue.infd.edu.ar\/sitio\/wp-content\/uploads\/2022\/09\/WhatsApp-Image-2022-09-28-at-1.59.02-PM-1000x750.jpeg 1000w, https:\/\/isfd21-bue.infd.edu.ar\/sitio\/wp-content\/uploads\/2022\/09\/WhatsApp-Image-2022-09-28-at-1.59.02-PM-768x576.jpeg 768w, https:\/\/isfd21-bue.infd.edu.ar\/sitio\/wp-content\/uploads\/2022\/09\/WhatsApp-Image-2022-09-28-at-1.59.02-PM-1536x1152.jpeg 1536w\" sizes=\"(max-width: 1600px) 100vw, 1600px\" \/><\/figure>\n\n\n\n<figure class=\"wp-block-image size-large\"><img decoding=\"async\" loading=\"lazy\" width=\"1600\" height=\"1200\" data-id=\"7086\"  src=\"https:\/\/isfd21-bue.infd.edu.ar\/sitio\/wp-content\/uploads\/2022\/09\/WhatsApp-Image-2022-09-28-at-1.58.55-PM-2.jpeg\" alt=\"\" class=\"wp-image-7086\" srcset=\"https:\/\/isfd21-bue.infd.edu.ar\/sitio\/wp-content\/uploads\/2022\/09\/WhatsApp-Image-2022-09-28-at-1.58.55-PM-2.jpeg 1600w, https:\/\/isfd21-bue.infd.edu.ar\/sitio\/wp-content\/uploads\/2022\/09\/WhatsApp-Image-2022-09-28-at-1.58.55-PM-2-1000x750.jpeg 1000w, https:\/\/isfd21-bue.infd.edu.ar\/sitio\/wp-content\/uploads\/2022\/09\/WhatsApp-Image-2022-09-28-at-1.58.55-PM-2-768x576.jpeg 768w, https:\/\/isfd21-bue.infd.edu.ar\/sitio\/wp-content\/uploads\/2022\/09\/WhatsApp-Image-2022-09-28-at-1.58.55-PM-2-1536x1152.jpeg 1536w\" sizes=\"(max-width: 1600px) 100vw, 1600px\" \/><\/figure>\n\n\n\n<figure class=\"wp-block-image size-large\"><img decoding=\"async\" loading=\"lazy\" width=\"1200\" height=\"1600\" data-id=\"7087\"  src=\"https:\/\/isfd21-bue.infd.edu.ar\/sitio\/wp-content\/uploads\/2022\/09\/WhatsApp-Image-2022-09-28-at-1.58.55-PM-1.jpeg\" alt=\"\" class=\"wp-image-7087\" srcset=\"https:\/\/isfd21-bue.infd.edu.ar\/sitio\/wp-content\/uploads\/2022\/09\/WhatsApp-Image-2022-09-28-at-1.58.55-PM-1.jpeg 1200w, https:\/\/isfd21-bue.infd.edu.ar\/sitio\/wp-content\/uploads\/2022\/09\/WhatsApp-Image-2022-09-28-at-1.58.55-PM-1-750x1000.jpeg 750w, https:\/\/isfd21-bue.infd.edu.ar\/sitio\/wp-content\/uploads\/2022\/09\/WhatsApp-Image-2022-09-28-at-1.58.55-PM-1-768x1024.jpeg 768w, https:\/\/isfd21-bue.infd.edu.ar\/sitio\/wp-content\/uploads\/2022\/09\/WhatsApp-Image-2022-09-28-at-1.58.55-PM-1-1152x1536.jpeg 1152w\" sizes=\"(max-width: 1200px) 100vw, 1200px\" \/><\/figure>\n\n\n\n<figure class=\"wp-block-image size-large\"><img decoding=\"async\" loading=\"lazy\" width=\"1152\" height=\"864\" data-id=\"7088\"  src=\"https:\/\/isfd21-bue.infd.edu.ar\/sitio\/wp-content\/uploads\/2022\/09\/WhatsApp-Image-2022-09-28-at-1.58.55-PM.jpeg\" alt=\"\" class=\"wp-image-7088\" srcset=\"https:\/\/isfd21-bue.infd.edu.ar\/sitio\/wp-content\/uploads\/2022\/09\/WhatsApp-Image-2022-09-28-at-1.58.55-PM.jpeg 1152w, https:\/\/isfd21-bue.infd.edu.ar\/sitio\/wp-content\/uploads\/2022\/09\/WhatsApp-Image-2022-09-28-at-1.58.55-PM-1000x750.jpeg 1000w, https:\/\/isfd21-bue.infd.edu.ar\/sitio\/wp-content\/uploads\/2022\/09\/WhatsApp-Image-2022-09-28-at-1.58.55-PM-768x576.jpeg 768w\" sizes=\"(max-width: 1152px) 100vw, 1152px\" \/><\/figure>\n\n\n\n<figure class=\"wp-block-image size-large\"><img decoding=\"async\" loading=\"lazy\" width=\"1152\" height=\"864\" data-id=\"7089\"  src=\"https:\/\/isfd21-bue.infd.edu.ar\/sitio\/wp-content\/uploads\/2022\/09\/WhatsApp-Image-2022-09-28-at-1.58.54-PM-1.jpeg\" alt=\"\" class=\"wp-image-7089\" srcset=\"https:\/\/isfd21-bue.infd.edu.ar\/sitio\/wp-content\/uploads\/2022\/09\/WhatsApp-Image-2022-09-28-at-1.58.54-PM-1.jpeg 1152w, https:\/\/isfd21-bue.infd.edu.ar\/sitio\/wp-content\/uploads\/2022\/09\/WhatsApp-Image-2022-09-28-at-1.58.54-PM-1-1000x750.jpeg 1000w, https:\/\/isfd21-bue.infd.edu.ar\/sitio\/wp-content\/uploads\/2022\/09\/WhatsApp-Image-2022-09-28-at-1.58.54-PM-1-768x576.jpeg 768w\" sizes=\"(max-width: 1152px) 100vw, 1152px\" \/><\/figure>\n\n\n\n<figure class=\"wp-block-image size-large\"><img decoding=\"async\" loading=\"lazy\" width=\"1152\" height=\"864\" data-id=\"7090\"  src=\"https:\/\/isfd21-bue.infd.edu.ar\/sitio\/wp-content\/uploads\/2022\/09\/WhatsApp-Image-2022-09-28-at-1.58.54-PM.jpeg\" alt=\"\" class=\"wp-image-7090\" srcset=\"https:\/\/isfd21-bue.infd.edu.ar\/sitio\/wp-content\/uploads\/2022\/09\/WhatsApp-Image-2022-09-28-at-1.58.54-PM.jpeg 1152w, https:\/\/isfd21-bue.infd.edu.ar\/sitio\/wp-content\/uploads\/2022\/09\/WhatsApp-Image-2022-09-28-at-1.58.54-PM-1000x750.jpeg 1000w, https:\/\/isfd21-bue.infd.edu.ar\/sitio\/wp-content\/uploads\/2022\/09\/WhatsApp-Image-2022-09-28-at-1.58.54-PM-768x576.jpeg 768w\" sizes=\"(max-width: 1152px) 100vw, 1152px\" \/><\/figure>\n\n\n\n<figure class=\"wp-block-image size-large\"><img decoding=\"async\" loading=\"lazy\" width=\"1600\" height=\"1200\" data-id=\"7091\"  src=\"https:\/\/isfd21-bue.infd.edu.ar\/sitio\/wp-content\/uploads\/2022\/09\/WhatsApp-Image-2022-09-28-at-1.58.53-PM-2.jpeg\" alt=\"\" class=\"wp-image-7091\" srcset=\"https:\/\/isfd21-bue.infd.edu.ar\/sitio\/wp-content\/uploads\/2022\/09\/WhatsApp-Image-2022-09-28-at-1.58.53-PM-2.jpeg 1600w, https:\/\/isfd21-bue.infd.edu.ar\/sitio\/wp-content\/uploads\/2022\/09\/WhatsApp-Image-2022-09-28-at-1.58.53-PM-2-1000x750.jpeg 1000w, https:\/\/isfd21-bue.infd.edu.ar\/sitio\/wp-content\/uploads\/2022\/09\/WhatsApp-Image-2022-09-28-at-1.58.53-PM-2-768x576.jpeg 768w, https:\/\/isfd21-bue.infd.edu.ar\/sitio\/wp-content\/uploads\/2022\/09\/WhatsApp-Image-2022-09-28-at-1.58.53-PM-2-1536x1152.jpeg 1536w\" sizes=\"(max-width: 1600px) 100vw, 1600px\" \/><\/figure>\n\n\n\n<figure class=\"wp-block-image size-large\"><img decoding=\"async\" loading=\"lazy\" width=\"1600\" height=\"1200\" data-id=\"7092\"  src=\"https:\/\/isfd21-bue.infd.edu.ar\/sitio\/wp-content\/uploads\/2022\/09\/WhatsApp-Image-2022-09-28-at-1.58.53-PM-1.jpeg\" alt=\"\" class=\"wp-image-7092\" srcset=\"https:\/\/isfd21-bue.infd.edu.ar\/sitio\/wp-content\/uploads\/2022\/09\/WhatsApp-Image-2022-09-28-at-1.58.53-PM-1.jpeg 1600w, https:\/\/isfd21-bue.infd.edu.ar\/sitio\/wp-content\/uploads\/2022\/09\/WhatsApp-Image-2022-09-28-at-1.58.53-PM-1-1000x750.jpeg 1000w, https:\/\/isfd21-bue.infd.edu.ar\/sitio\/wp-content\/uploads\/2022\/09\/WhatsApp-Image-2022-09-28-at-1.58.53-PM-1-768x576.jpeg 768w, https:\/\/isfd21-bue.infd.edu.ar\/sitio\/wp-content\/uploads\/2022\/09\/WhatsApp-Image-2022-09-28-at-1.58.53-PM-1-1536x1152.jpeg 1536w\" sizes=\"(max-width: 1600px) 100vw, 1600px\" \/><\/figure>\n\n\n\n<figure class=\"wp-block-image size-large\"><img decoding=\"async\" loading=\"lazy\" width=\"1600\" height=\"1200\" data-id=\"7093\"  src=\"https:\/\/isfd21-bue.infd.edu.ar\/sitio\/wp-content\/uploads\/2022\/09\/WhatsApp-Image-2022-09-28-at-1.58.53-PM.jpeg\" alt=\"\" class=\"wp-image-7093\" srcset=\"https:\/\/isfd21-bue.infd.edu.ar\/sitio\/wp-content\/uploads\/2022\/09\/WhatsApp-Image-2022-09-28-at-1.58.53-PM.jpeg 1600w, https:\/\/isfd21-bue.infd.edu.ar\/sitio\/wp-content\/uploads\/2022\/09\/WhatsApp-Image-2022-09-28-at-1.58.53-PM-1000x750.jpeg 1000w, https:\/\/isfd21-bue.infd.edu.ar\/sitio\/wp-content\/uploads\/2022\/09\/WhatsApp-Image-2022-09-28-at-1.58.53-PM-768x576.jpeg 768w, https:\/\/isfd21-bue.infd.edu.ar\/sitio\/wp-content\/uploads\/2022\/09\/WhatsApp-Image-2022-09-28-at-1.58.53-PM-1536x1152.jpeg 1536w\" sizes=\"(max-width: 1600px) 100vw, 1600px\" \/><\/figure>\n\n\n\n<figure class=\"wp-block-image size-large\"><img decoding=\"async\" loading=\"lazy\" width=\"1200\" height=\"1600\" data-id=\"7094\"  src=\"https:\/\/isfd21-bue.infd.edu.ar\/sitio\/wp-content\/uploads\/2022\/09\/WhatsApp-Image-2022-09-28-at-1.58.52-PM-2.jpeg\" alt=\"\" class=\"wp-image-7094\" srcset=\"https:\/\/isfd21-bue.infd.edu.ar\/sitio\/wp-content\/uploads\/2022\/09\/WhatsApp-Image-2022-09-28-at-1.58.52-PM-2.jpeg 1200w, https:\/\/isfd21-bue.infd.edu.ar\/sitio\/wp-content\/uploads\/2022\/09\/WhatsApp-Image-2022-09-28-at-1.58.52-PM-2-750x1000.jpeg 750w, https:\/\/isfd21-bue.infd.edu.ar\/sitio\/wp-content\/uploads\/2022\/09\/WhatsApp-Image-2022-09-28-at-1.58.52-PM-2-768x1024.jpeg 768w, https:\/\/isfd21-bue.infd.edu.ar\/sitio\/wp-content\/uploads\/2022\/09\/WhatsApp-Image-2022-09-28-at-1.58.52-PM-2-1152x1536.jpeg 1152w\" sizes=\"(max-width: 1200px) 100vw, 1200px\" \/><\/figure>\n\n\n\n<figure class=\"wp-block-image size-large\"><img decoding=\"async\" loading=\"lazy\" width=\"1600\" height=\"1200\" data-id=\"7095\"  src=\"https:\/\/isfd21-bue.infd.edu.ar\/sitio\/wp-content\/uploads\/2022\/09\/WhatsApp-Image-2022-09-28-at-1.58.52-PM-1.jpeg\" alt=\"\" class=\"wp-image-7095\" srcset=\"https:\/\/isfd21-bue.infd.edu.ar\/sitio\/wp-content\/uploads\/2022\/09\/WhatsApp-Image-2022-09-28-at-1.58.52-PM-1.jpeg 1600w, https:\/\/isfd21-bue.infd.edu.ar\/sitio\/wp-content\/uploads\/2022\/09\/WhatsApp-Image-2022-09-28-at-1.58.52-PM-1-1000x750.jpeg 1000w, https:\/\/isfd21-bue.infd.edu.ar\/sitio\/wp-content\/uploads\/2022\/09\/WhatsApp-Image-2022-09-28-at-1.58.52-PM-1-768x576.jpeg 768w, https:\/\/isfd21-bue.infd.edu.ar\/sitio\/wp-content\/uploads\/2022\/09\/WhatsApp-Image-2022-09-28-at-1.58.52-PM-1-1536x1152.jpeg 1536w\" sizes=\"(max-width: 1600px) 100vw, 1600px\" \/><\/figure>\n\n\n\n<figure class=\"wp-block-image size-large\"><img decoding=\"async\" loading=\"lazy\" width=\"1200\" height=\"1600\" data-id=\"7096\"  src=\"https:\/\/isfd21-bue.infd.edu.ar\/sitio\/wp-content\/uploads\/2022\/09\/WhatsApp-Image-2022-09-28-at-1.58.52-PM.jpeg\" alt=\"\" class=\"wp-image-7096\" srcset=\"https:\/\/isfd21-bue.infd.edu.ar\/sitio\/wp-content\/uploads\/2022\/09\/WhatsApp-Image-2022-09-28-at-1.58.52-PM.jpeg 1200w, https:\/\/isfd21-bue.infd.edu.ar\/sitio\/wp-content\/uploads\/2022\/09\/WhatsApp-Image-2022-09-28-at-1.58.52-PM-750x1000.jpeg 750w, https:\/\/isfd21-bue.infd.edu.ar\/sitio\/wp-content\/uploads\/2022\/09\/WhatsApp-Image-2022-09-28-at-1.58.52-PM-768x1024.jpeg 768w, https:\/\/isfd21-bue.infd.edu.ar\/sitio\/wp-content\/uploads\/2022\/09\/WhatsApp-Image-2022-09-28-at-1.58.52-PM-1152x1536.jpeg 1152w\" sizes=\"(max-width: 1200px) 100vw, 1200px\" \/><\/figure>\n\n\n\n<figure class=\"wp-block-image size-large\"><img decoding=\"async\" loading=\"lazy\" width=\"1600\" height=\"1200\" data-id=\"7097\"  src=\"https:\/\/isfd21-bue.infd.edu.ar\/sitio\/wp-content\/uploads\/2022\/09\/WhatsApp-Image-2022-09-28-at-1.58.51-PM-1.jpeg\" alt=\"\" class=\"wp-image-7097\" srcset=\"https:\/\/isfd21-bue.infd.edu.ar\/sitio\/wp-content\/uploads\/2022\/09\/WhatsApp-Image-2022-09-28-at-1.58.51-PM-1.jpeg 1600w, https:\/\/isfd21-bue.infd.edu.ar\/sitio\/wp-content\/uploads\/2022\/09\/WhatsApp-Image-2022-09-28-at-1.58.51-PM-1-1000x750.jpeg 1000w, https:\/\/isfd21-bue.infd.edu.ar\/sitio\/wp-content\/uploads\/2022\/09\/WhatsApp-Image-2022-09-28-at-1.58.51-PM-1-768x576.jpeg 768w, https:\/\/isfd21-bue.infd.edu.ar\/sitio\/wp-content\/uploads\/2022\/09\/WhatsApp-Image-2022-09-28-at-1.58.51-PM-1-1536x1152.jpeg 1536w\" sizes=\"(max-width: 1600px) 100vw, 1600px\" \/><\/figure>\n\n\n\n<figure class=\"wp-block-image size-large\"><img decoding=\"async\" loading=\"lazy\" width=\"1200\" height=\"1600\" data-id=\"7098\"  src=\"https:\/\/isfd21-bue.infd.edu.ar\/sitio\/wp-content\/uploads\/2022\/09\/WhatsApp-Image-2022-09-28-at-1.58.51-PM-2.jpeg\" alt=\"\" class=\"wp-image-7098\" srcset=\"https:\/\/isfd21-bue.infd.edu.ar\/sitio\/wp-content\/uploads\/2022\/09\/WhatsApp-Image-2022-09-28-at-1.58.51-PM-2.jpeg 1200w, https:\/\/isfd21-bue.infd.edu.ar\/sitio\/wp-content\/uploads\/2022\/09\/WhatsApp-Image-2022-09-28-at-1.58.51-PM-2-750x1000.jpeg 750w, https:\/\/isfd21-bue.infd.edu.ar\/sitio\/wp-content\/uploads\/2022\/09\/WhatsApp-Image-2022-09-28-at-1.58.51-PM-2-768x1024.jpeg 768w, https:\/\/isfd21-bue.infd.edu.ar\/sitio\/wp-content\/uploads\/2022\/09\/WhatsApp-Image-2022-09-28-at-1.58.51-PM-2-1152x1536.jpeg 1152w\" sizes=\"(max-width: 1200px) 100vw, 1200px\" \/><\/figure>\n\n\n\n<figure class=\"wp-block-image size-large\"><img decoding=\"async\" loading=\"lazy\" width=\"1600\" height=\"1200\" data-id=\"7099\"  src=\"https:\/\/isfd21-bue.infd.edu.ar\/sitio\/wp-content\/uploads\/2022\/09\/WhatsApp-Image-2022-09-28-at-1.58.51-PM.jpeg\" alt=\"\" class=\"wp-image-7099\" srcset=\"https:\/\/isfd21-bue.infd.edu.ar\/sitio\/wp-content\/uploads\/2022\/09\/WhatsApp-Image-2022-09-28-at-1.58.51-PM.jpeg 1600w, https:\/\/isfd21-bue.infd.edu.ar\/sitio\/wp-content\/uploads\/2022\/09\/WhatsApp-Image-2022-09-28-at-1.58.51-PM-1000x750.jpeg 1000w, https:\/\/isfd21-bue.infd.edu.ar\/sitio\/wp-content\/uploads\/2022\/09\/WhatsApp-Image-2022-09-28-at-1.58.51-PM-768x576.jpeg 768w, https:\/\/isfd21-bue.infd.edu.ar\/sitio\/wp-content\/uploads\/2022\/09\/WhatsApp-Image-2022-09-28-at-1.58.51-PM-1536x1152.jpeg 1536w\" sizes=\"(max-width: 1600px) 100vw, 1600px\" \/><\/figure>\n\n\n\n<figure class=\"wp-block-image size-large\"><img decoding=\"async\" loading=\"lazy\" width=\"750\" height=\"1000\" data-id=\"7100\"  src=\"https:\/\/isfd21-bue.infd.edu.ar\/sitio\/wp-content\/uploads\/2022\/09\/WhatsApp-Image-2022-09-28-at-12.33.40-PM-1.jpeg\" alt=\"\" class=\"wp-image-7100\"\/><\/figure>\n\n\n\n<figure class=\"wp-block-image size-large\"><img decoding=\"async\" loading=\"lazy\" width=\"750\" height=\"1000\" data-id=\"7101\"  src=\"https:\/\/isfd21-bue.infd.edu.ar\/sitio\/wp-content\/uploads\/2022\/09\/WhatsApp-Image-2022-09-28-at-12.33.39-PM-1.jpeg\" alt=\"\" class=\"wp-image-7101\"\/><\/figure>\n\n\n\n<figure class=\"wp-block-image size-large\"><img decoding=\"async\" loading=\"lazy\" width=\"1200\" height=\"1600\" data-id=\"7102\"  src=\"https:\/\/isfd21-bue.infd.edu.ar\/sitio\/wp-content\/uploads\/2022\/09\/WhatsApp-Image-2022-09-28-at-12.32.17-PM.jpeg\" alt=\"\" class=\"wp-image-7102\" srcset=\"https:\/\/isfd21-bue.infd.edu.ar\/sitio\/wp-content\/uploads\/2022\/09\/WhatsApp-Image-2022-09-28-at-12.32.17-PM.jpeg 1200w, https:\/\/isfd21-bue.infd.edu.ar\/sitio\/wp-content\/uploads\/2022\/09\/WhatsApp-Image-2022-09-28-at-12.32.17-PM-750x1000.jpeg 750w, https:\/\/isfd21-bue.infd.edu.ar\/sitio\/wp-content\/uploads\/2022\/09\/WhatsApp-Image-2022-09-28-at-12.32.17-PM-768x1024.jpeg 768w, https:\/\/isfd21-bue.infd.edu.ar\/sitio\/wp-content\/uploads\/2022\/09\/WhatsApp-Image-2022-09-28-at-12.32.17-PM-1152x1536.jpeg 1152w\" sizes=\"(max-width: 1200px) 100vw, 1200px\" \/><\/figure>\n\n\n\n<figure class=\"wp-block-image size-large\"><img decoding=\"async\" loading=\"lazy\" width=\"1200\" height=\"1600\" data-id=\"7103\"  src=\"https:\/\/isfd21-bue.infd.edu.ar\/sitio\/wp-content\/uploads\/2022\/09\/WhatsApp-Image-2022-09-28-at-12.32.16-PM.jpeg\" alt=\"\" class=\"wp-image-7103\" srcset=\"https:\/\/isfd21-bue.infd.edu.ar\/sitio\/wp-content\/uploads\/2022\/09\/WhatsApp-Image-2022-09-28-at-12.32.16-PM.jpeg 1200w, https:\/\/isfd21-bue.infd.edu.ar\/sitio\/wp-content\/uploads\/2022\/09\/WhatsApp-Image-2022-09-28-at-12.32.16-PM-750x1000.jpeg 750w, https:\/\/isfd21-bue.infd.edu.ar\/sitio\/wp-content\/uploads\/2022\/09\/WhatsApp-Image-2022-09-28-at-12.32.16-PM-768x1024.jpeg 768w, https:\/\/isfd21-bue.infd.edu.ar\/sitio\/wp-content\/uploads\/2022\/09\/WhatsApp-Image-2022-09-28-at-12.32.16-PM-1152x1536.jpeg 1152w\" sizes=\"(max-width: 1200px) 100vw, 1200px\" \/><\/figure>\n\n\n\n<figure class=\"wp-block-image size-large\"><img decoding=\"async\" loading=\"lazy\" width=\"1152\" height=\"864\" data-id=\"7104\"  src=\"https:\/\/isfd21-bue.infd.edu.ar\/sitio\/wp-content\/uploads\/2022\/09\/WhatsApp-Image-2022-09-28-at-10.44.45-AM.jpeg\" alt=\"\" class=\"wp-image-7104\" srcset=\"https:\/\/isfd21-bue.infd.edu.ar\/sitio\/wp-content\/uploads\/2022\/09\/WhatsApp-Image-2022-09-28-at-10.44.45-AM.jpeg 1152w, https:\/\/isfd21-bue.infd.edu.ar\/sitio\/wp-content\/uploads\/2022\/09\/WhatsApp-Image-2022-09-28-at-10.44.45-AM-1000x750.jpeg 1000w, https:\/\/isfd21-bue.infd.edu.ar\/sitio\/wp-content\/uploads\/2022\/09\/WhatsApp-Image-2022-09-28-at-10.44.45-AM-768x576.jpeg 768w\" sizes=\"(max-width: 1152px) 100vw, 1152px\" \/><\/figure>\n\n\n\n<figure class=\"wp-block-image size-large\"><img decoding=\"async\" loading=\"lazy\" width=\"1200\" height=\"1599\" data-id=\"7105\"  src=\"https:\/\/isfd21-bue.infd.edu.ar\/sitio\/wp-content\/uploads\/2022\/09\/WhatsApp-Image-2022-09-28-at-1.14.53-PM.jpeg\" alt=\"\" class=\"wp-image-7105\" srcset=\"https:\/\/isfd21-bue.infd.edu.ar\/sitio\/wp-content\/uploads\/2022\/09\/WhatsApp-Image-2022-09-28-at-1.14.53-PM.jpeg 1200w, https:\/\/isfd21-bue.infd.edu.ar\/sitio\/wp-content\/uploads\/2022\/09\/WhatsApp-Image-2022-09-28-at-1.14.53-PM-750x1000.jpeg 750w, https:\/\/isfd21-bue.infd.edu.ar\/sitio\/wp-content\/uploads\/2022\/09\/WhatsApp-Image-2022-09-28-at-1.14.53-PM-768x1023.jpeg 768w, https:\/\/isfd21-bue.infd.edu.ar\/sitio\/wp-content\/uploads\/2022\/09\/WhatsApp-Image-2022-09-28-at-1.14.53-PM-1153x1536.jpeg 1153w\" sizes=\"(max-width: 1200px) 100vw, 1200px\" \/><\/figure>\n\n\n\n<figure class=\"wp-block-image size-large\"><img decoding=\"async\" loading=\"lazy\" width=\"1599\" height=\"1200\" data-id=\"7107\"  src=\"https:\/\/isfd21-bue.infd.edu.ar\/sitio\/wp-content\/uploads\/2022\/09\/WhatsApp-Image-2022-09-28-at-1.14.01-PM.jpeg\" alt=\"\" class=\"wp-image-7107\" srcset=\"https:\/\/isfd21-bue.infd.edu.ar\/sitio\/wp-content\/uploads\/2022\/09\/WhatsApp-Image-2022-09-28-at-1.14.01-PM.jpeg 1599w, https:\/\/isfd21-bue.infd.edu.ar\/sitio\/wp-content\/uploads\/2022\/09\/WhatsApp-Image-2022-09-28-at-1.14.01-PM-1000x750.jpeg 1000w, https:\/\/isfd21-bue.infd.edu.ar\/sitio\/wp-content\/uploads\/2022\/09\/WhatsApp-Image-2022-09-28-at-1.14.01-PM-768x576.jpeg 768w, https:\/\/isfd21-bue.infd.edu.ar\/sitio\/wp-content\/uploads\/2022\/09\/WhatsApp-Image-2022-09-28-at-1.14.01-PM-1536x1153.jpeg 1536w\" sizes=\"(max-width: 1599px) 100vw, 1599px\" \/><\/figure>\n<\/figure>\n\n\n\n<h4 class=\"wp-block-heading\"><em><strong>Compartimos las postales de la XI Jornada Anual del Profesorado de Educaci\u00f3n Especial<\/strong><\/em><\/h4>\n\n\n\n<h4 class=\"wp-block-heading\"><em><strong>Del Rojas: \u201cCuerpo, instituci\u00f3n y subjetividad. La discapacidad tensiona los saberes\u201d, y con ellas, la alegr\u00eda de trabajar por una educaci\u00f3n inclusiva, abriendo nuevos caminos y derribando viejos muros\u2026<\/strong><\/em><\/h4>\n\n\n\n<h4 class=\"wp-block-heading\"><em><strong>Fue una jornada de paneles, talleres, m\u00fasica y circo\u2026<\/strong><\/em><\/h4>\n\n\n\n<h4 class=\"wp-block-heading\"><em><strong>Gracias a todxs los que la hicieron posible!<\/strong><\/em><\/h4>\n\n\n\n<figure class=\"wp-block-gallery has-nested-images columns-5 is-cropped wp-block-gallery-71 is-layout-flex\">\n<figure class=\"wp-block-image size-large\"><img decoding=\"async\" loading=\"lazy\" width=\"899\" height=\"1599\" data-id=\"7048\"  src=\"https:\/\/isfd21-bue.infd.edu.ar\/sitio\/wp-content\/uploads\/2022\/09\/WhatsApp-Image-2022-09-28-at-2.40.48-PM.jpeg\" alt=\"\" class=\"wp-image-7048\" srcset=\"https:\/\/isfd21-bue.infd.edu.ar\/sitio\/wp-content\/uploads\/2022\/09\/WhatsApp-Image-2022-09-28-at-2.40.48-PM.jpeg 899w, https:\/\/isfd21-bue.infd.edu.ar\/sitio\/wp-content\/uploads\/2022\/09\/WhatsApp-Image-2022-09-28-at-2.40.48-PM-562x1000.jpeg 562w, https:\/\/isfd21-bue.infd.edu.ar\/sitio\/wp-content\/uploads\/2022\/09\/WhatsApp-Image-2022-09-28-at-2.40.48-PM-768x1366.jpeg 768w, https:\/\/isfd21-bue.infd.edu.ar\/sitio\/wp-content\/uploads\/2022\/09\/WhatsApp-Image-2022-09-28-at-2.40.48-PM-864x1536.jpeg 864w\" sizes=\"(max-width: 899px) 100vw, 899px\" \/><\/figure>\n\n\n\n<figure class=\"wp-block-image size-large\"><img decoding=\"async\" loading=\"lazy\" width=\"1040\" height=\"780\" data-id=\"7049\"  src=\"https:\/\/isfd21-bue.infd.edu.ar\/sitio\/wp-content\/uploads\/2022\/09\/WhatsApp-Image-2022-09-28-at-2.40.04-PM-1.jpeg\" alt=\"\" class=\"wp-image-7049\" srcset=\"https:\/\/isfd21-bue.infd.edu.ar\/sitio\/wp-content\/uploads\/2022\/09\/WhatsApp-Image-2022-09-28-at-2.40.04-PM-1.jpeg 1040w, https:\/\/isfd21-bue.infd.edu.ar\/sitio\/wp-content\/uploads\/2022\/09\/WhatsApp-Image-2022-09-28-at-2.40.04-PM-1-1000x750.jpeg 1000w, https:\/\/isfd21-bue.infd.edu.ar\/sitio\/wp-content\/uploads\/2022\/09\/WhatsApp-Image-2022-09-28-at-2.40.04-PM-1-768x576.jpeg 768w\" sizes=\"(max-width: 1040px) 100vw, 1040px\" \/><\/figure>\n\n\n\n<figure class=\"wp-block-image size-large\"><img decoding=\"async\" loading=\"lazy\" width=\"1040\" height=\"780\" data-id=\"7050\"  src=\"https:\/\/isfd21-bue.infd.edu.ar\/sitio\/wp-content\/uploads\/2022\/09\/WhatsApp-Image-2022-09-28-at-2.40.04-PM.jpeg\" alt=\"\" class=\"wp-image-7050\" srcset=\"https:\/\/isfd21-bue.infd.edu.ar\/sitio\/wp-content\/uploads\/2022\/09\/WhatsApp-Image-2022-09-28-at-2.40.04-PM.jpeg 1040w, https:\/\/isfd21-bue.infd.edu.ar\/sitio\/wp-content\/uploads\/2022\/09\/WhatsApp-Image-2022-09-28-at-2.40.04-PM-1000x750.jpeg 1000w, https:\/\/isfd21-bue.infd.edu.ar\/sitio\/wp-content\/uploads\/2022\/09\/WhatsApp-Image-2022-09-28-at-2.40.04-PM-768x576.jpeg 768w\" sizes=\"(max-width: 1040px) 100vw, 1040px\" \/><\/figure>\n\n\n\n<figure class=\"wp-block-image size-large\"><img decoding=\"async\" loading=\"lazy\" width=\"960\" height=\"1280\" data-id=\"7051\"  src=\"https:\/\/isfd21-bue.infd.edu.ar\/sitio\/wp-content\/uploads\/2022\/09\/WhatsApp-Image-2022-09-28-at-2.40.03-PM-2.jpeg\" alt=\"\" class=\"wp-image-7051\" srcset=\"https:\/\/isfd21-bue.infd.edu.ar\/sitio\/wp-content\/uploads\/2022\/09\/WhatsApp-Image-2022-09-28-at-2.40.03-PM-2.jpeg 960w, https:\/\/isfd21-bue.infd.edu.ar\/sitio\/wp-content\/uploads\/2022\/09\/WhatsApp-Image-2022-09-28-at-2.40.03-PM-2-750x1000.jpeg 750w, https:\/\/isfd21-bue.infd.edu.ar\/sitio\/wp-content\/uploads\/2022\/09\/WhatsApp-Image-2022-09-28-at-2.40.03-PM-2-768x1024.jpeg 768w\" sizes=\"(max-width: 960px) 100vw, 960px\" \/><\/figure>\n\n\n\n<figure class=\"wp-block-image size-large\"><img decoding=\"async\" loading=\"lazy\" width=\"1599\" height=\"899\" data-id=\"7052\"  src=\"https:\/\/isfd21-bue.infd.edu.ar\/sitio\/wp-content\/uploads\/2022\/09\/WhatsApp-Image-2022-09-28-at-2.40.03-PM-1.jpeg\" alt=\"\" class=\"wp-image-7052\" srcset=\"https:\/\/isfd21-bue.infd.edu.ar\/sitio\/wp-content\/uploads\/2022\/09\/WhatsApp-Image-2022-09-28-at-2.40.03-PM-1.jpeg 1599w, https:\/\/isfd21-bue.infd.edu.ar\/sitio\/wp-content\/uploads\/2022\/09\/WhatsApp-Image-2022-09-28-at-2.40.03-PM-1-1000x562.jpeg 1000w, https:\/\/isfd21-bue.infd.edu.ar\/sitio\/wp-content\/uploads\/2022\/09\/WhatsApp-Image-2022-09-28-at-2.40.03-PM-1-768x432.jpeg 768w, https:\/\/isfd21-bue.infd.edu.ar\/sitio\/wp-content\/uploads\/2022\/09\/WhatsApp-Image-2022-09-28-at-2.40.03-PM-1-1536x864.jpeg 1536w\" sizes=\"(max-width: 1599px) 100vw, 1599px\" \/><\/figure>\n\n\n\n<figure class=\"wp-block-image size-large\"><img decoding=\"async\" loading=\"lazy\" width=\"1040\" height=\"780\" data-id=\"7053\"  src=\"https:\/\/isfd21-bue.infd.edu.ar\/sitio\/wp-content\/uploads\/2022\/09\/WhatsApp-Image-2022-09-28-at-2.40.03-PM.jpeg\" alt=\"\" class=\"wp-image-7053\" srcset=\"https:\/\/isfd21-bue.infd.edu.ar\/sitio\/wp-content\/uploads\/2022\/09\/WhatsApp-Image-2022-09-28-at-2.40.03-PM.jpeg 1040w, https:\/\/isfd21-bue.infd.edu.ar\/sitio\/wp-content\/uploads\/2022\/09\/WhatsApp-Image-2022-09-28-at-2.40.03-PM-1000x750.jpeg 1000w, https:\/\/isfd21-bue.infd.edu.ar\/sitio\/wp-content\/uploads\/2022\/09\/WhatsApp-Image-2022-09-28-at-2.40.03-PM-768x576.jpeg 768w\" sizes=\"(max-width: 1040px) 100vw, 1040px\" \/><\/figure>\n\n\n\n<figure class=\"wp-block-image size-large\"><img decoding=\"async\" loading=\"lazy\" width=\"1600\" height=\"1600\" data-id=\"7054\"  src=\"https:\/\/isfd21-bue.infd.edu.ar\/sitio\/wp-content\/uploads\/2022\/09\/WhatsApp-Image-2022-09-28-at-2.40.02-PM-2.jpeg\" alt=\"\" class=\"wp-image-7054\" srcset=\"https:\/\/isfd21-bue.infd.edu.ar\/sitio\/wp-content\/uploads\/2022\/09\/WhatsApp-Image-2022-09-28-at-2.40.02-PM-2.jpeg 1600w, https:\/\/isfd21-bue.infd.edu.ar\/sitio\/wp-content\/uploads\/2022\/09\/WhatsApp-Image-2022-09-28-at-2.40.02-PM-2-1000x1000.jpeg 1000w, https:\/\/isfd21-bue.infd.edu.ar\/sitio\/wp-content\/uploads\/2022\/09\/WhatsApp-Image-2022-09-28-at-2.40.02-PM-2-500x500.jpeg 500w, https:\/\/isfd21-bue.infd.edu.ar\/sitio\/wp-content\/uploads\/2022\/09\/WhatsApp-Image-2022-09-28-at-2.40.02-PM-2-768x768.jpeg 768w, https:\/\/isfd21-bue.infd.edu.ar\/sitio\/wp-content\/uploads\/2022\/09\/WhatsApp-Image-2022-09-28-at-2.40.02-PM-2-1536x1536.jpeg 1536w\" sizes=\"(max-width: 1600px) 100vw, 1600px\" \/><\/figure>\n\n\n\n<figure class=\"wp-block-image size-large\"><img decoding=\"async\" loading=\"lazy\" width=\"1599\" height=\"899\" data-id=\"7055\"  src=\"https:\/\/isfd21-bue.infd.edu.ar\/sitio\/wp-content\/uploads\/2022\/09\/WhatsApp-Image-2022-09-28-at-2.40.02-PM-1.jpeg\" alt=\"\" class=\"wp-image-7055\" srcset=\"https:\/\/isfd21-bue.infd.edu.ar\/sitio\/wp-content\/uploads\/2022\/09\/WhatsApp-Image-2022-09-28-at-2.40.02-PM-1.jpeg 1599w, https:\/\/isfd21-bue.infd.edu.ar\/sitio\/wp-content\/uploads\/2022\/09\/WhatsApp-Image-2022-09-28-at-2.40.02-PM-1-1000x562.jpeg 1000w, https:\/\/isfd21-bue.infd.edu.ar\/sitio\/wp-content\/uploads\/2022\/09\/WhatsApp-Image-2022-09-28-at-2.40.02-PM-1-768x432.jpeg 768w, https:\/\/isfd21-bue.infd.edu.ar\/sitio\/wp-content\/uploads\/2022\/09\/WhatsApp-Image-2022-09-28-at-2.40.02-PM-1-1536x864.jpeg 1536w\" sizes=\"(max-width: 1599px) 100vw, 1599px\" \/><\/figure>\n\n\n\n<figure class=\"wp-block-image size-large\"><img decoding=\"async\" loading=\"lazy\" width=\"899\" height=\"1599\" data-id=\"7056\"  src=\"https:\/\/isfd21-bue.infd.edu.ar\/sitio\/wp-content\/uploads\/2022\/09\/WhatsApp-Image-2022-09-28-at-2.40.02-PM.jpeg\" alt=\"\" class=\"wp-image-7056\" srcset=\"https:\/\/isfd21-bue.infd.edu.ar\/sitio\/wp-content\/uploads\/2022\/09\/WhatsApp-Image-2022-09-28-at-2.40.02-PM.jpeg 899w, https:\/\/isfd21-bue.infd.edu.ar\/sitio\/wp-content\/uploads\/2022\/09\/WhatsApp-Image-2022-09-28-at-2.40.02-PM-562x1000.jpeg 562w, https:\/\/isfd21-bue.infd.edu.ar\/sitio\/wp-content\/uploads\/2022\/09\/WhatsApp-Image-2022-09-28-at-2.40.02-PM-768x1366.jpeg 768w, https:\/\/isfd21-bue.infd.edu.ar\/sitio\/wp-content\/uploads\/2022\/09\/WhatsApp-Image-2022-09-28-at-2.40.02-PM-864x1536.jpeg 864w\" sizes=\"(max-width: 899px) 100vw, 899px\" \/><\/figure>\n\n\n\n<figure class=\"wp-block-image size-large\"><img decoding=\"async\" loading=\"lazy\" width=\"1280\" height=\"960\" data-id=\"7057\"  src=\"https:\/\/isfd21-bue.infd.edu.ar\/sitio\/wp-content\/uploads\/2022\/09\/WhatsApp-Image-2022-09-28-at-2.40.01-PM-1.jpeg\" alt=\"\" class=\"wp-image-7057\" srcset=\"https:\/\/isfd21-bue.infd.edu.ar\/sitio\/wp-content\/uploads\/2022\/09\/WhatsApp-Image-2022-09-28-at-2.40.01-PM-1.jpeg 1280w, https:\/\/isfd21-bue.infd.edu.ar\/sitio\/wp-content\/uploads\/2022\/09\/WhatsApp-Image-2022-09-28-at-2.40.01-PM-1-1000x750.jpeg 1000w, https:\/\/isfd21-bue.infd.edu.ar\/sitio\/wp-content\/uploads\/2022\/09\/WhatsApp-Image-2022-09-28-at-2.40.01-PM-1-768x576.jpeg 768w\" sizes=\"(max-width: 1280px) 100vw, 1280px\" \/><\/figure>\n\n\n\n<figure class=\"wp-block-image size-large\"><img decoding=\"async\" loading=\"lazy\" width=\"1280\" height=\"960\" data-id=\"7058\"  src=\"https:\/\/isfd21-bue.infd.edu.ar\/sitio\/wp-content\/uploads\/2022\/09\/WhatsApp-Image-2022-09-28-at-2.40.01-PM.jpeg\" alt=\"\" class=\"wp-image-7058\" srcset=\"https:\/\/isfd21-bue.infd.edu.ar\/sitio\/wp-content\/uploads\/2022\/09\/WhatsApp-Image-2022-09-28-at-2.40.01-PM.jpeg 1280w, https:\/\/isfd21-bue.infd.edu.ar\/sitio\/wp-content\/uploads\/2022\/09\/WhatsApp-Image-2022-09-28-at-2.40.01-PM-1000x750.jpeg 1000w, https:\/\/isfd21-bue.infd.edu.ar\/sitio\/wp-content\/uploads\/2022\/09\/WhatsApp-Image-2022-09-28-at-2.40.01-PM-768x576.jpeg 768w\" sizes=\"(max-width: 1280px) 100vw, 1280px\" \/><\/figure>\n\n\n\n<figure class=\"wp-block-image size-large\"><img decoding=\"async\" loading=\"lazy\" width=\"1280\" height=\"960\" data-id=\"7059\"  src=\"https:\/\/isfd21-bue.infd.edu.ar\/sitio\/wp-content\/uploads\/2022\/09\/WhatsApp-Image-2022-09-28-at-2.40.00-PM-3.jpeg\" alt=\"\" class=\"wp-image-7059\" srcset=\"https:\/\/isfd21-bue.infd.edu.ar\/sitio\/wp-content\/uploads\/2022\/09\/WhatsApp-Image-2022-09-28-at-2.40.00-PM-3.jpeg 1280w, https:\/\/isfd21-bue.infd.edu.ar\/sitio\/wp-content\/uploads\/2022\/09\/WhatsApp-Image-2022-09-28-at-2.40.00-PM-3-1000x750.jpeg 1000w, https:\/\/isfd21-bue.infd.edu.ar\/sitio\/wp-content\/uploads\/2022\/09\/WhatsApp-Image-2022-09-28-at-2.40.00-PM-3-768x576.jpeg 768w\" sizes=\"(max-width: 1280px) 100vw, 1280px\" \/><\/figure>\n\n\n\n<figure class=\"wp-block-image size-large\"><img decoding=\"async\" loading=\"lazy\" width=\"1131\" height=\"1280\" data-id=\"7060\"  src=\"https:\/\/isfd21-bue.infd.edu.ar\/sitio\/wp-content\/uploads\/2022\/09\/WhatsApp-Image-2022-09-28-at-2.40.00-PM-2.jpeg\" alt=\"\" class=\"wp-image-7060\" srcset=\"https:\/\/isfd21-bue.infd.edu.ar\/sitio\/wp-content\/uploads\/2022\/09\/WhatsApp-Image-2022-09-28-at-2.40.00-PM-2.jpeg 1131w, https:\/\/isfd21-bue.infd.edu.ar\/sitio\/wp-content\/uploads\/2022\/09\/WhatsApp-Image-2022-09-28-at-2.40.00-PM-2-884x1000.jpeg 884w, https:\/\/isfd21-bue.infd.edu.ar\/sitio\/wp-content\/uploads\/2022\/09\/WhatsApp-Image-2022-09-28-at-2.40.00-PM-2-768x869.jpeg 768w\" sizes=\"(max-width: 1131px) 100vw, 1131px\" \/><\/figure>\n\n\n\n<figure class=\"wp-block-image size-large\"><img decoding=\"async\" loading=\"lazy\" width=\"1600\" height=\"1200\" data-id=\"7061\"  src=\"https:\/\/isfd21-bue.infd.edu.ar\/sitio\/wp-content\/uploads\/2022\/09\/WhatsApp-Image-2022-09-28-at-2.40.00-PM-1.jpeg\" alt=\"\" class=\"wp-image-7061\" srcset=\"https:\/\/isfd21-bue.infd.edu.ar\/sitio\/wp-content\/uploads\/2022\/09\/WhatsApp-Image-2022-09-28-at-2.40.00-PM-1.jpeg 1600w, https:\/\/isfd21-bue.infd.edu.ar\/sitio\/wp-content\/uploads\/2022\/09\/WhatsApp-Image-2022-09-28-at-2.40.00-PM-1-1000x750.jpeg 1000w, https:\/\/isfd21-bue.infd.edu.ar\/sitio\/wp-content\/uploads\/2022\/09\/WhatsApp-Image-2022-09-28-at-2.40.00-PM-1-768x576.jpeg 768w, https:\/\/isfd21-bue.infd.edu.ar\/sitio\/wp-content\/uploads\/2022\/09\/WhatsApp-Image-2022-09-28-at-2.40.00-PM-1-1536x1152.jpeg 1536w\" sizes=\"(max-width: 1600px) 100vw, 1600px\" \/><\/figure>\n\n\n\n<figure class=\"wp-block-image size-large\"><img decoding=\"async\" loading=\"lazy\" width=\"1600\" height=\"1200\" data-id=\"7062\"  src=\"https:\/\/isfd21-bue.infd.edu.ar\/sitio\/wp-content\/uploads\/2022\/09\/WhatsApp-Image-2022-09-28-at-2.40.00-PM.jpeg\" alt=\"\" class=\"wp-image-7062\" srcset=\"https:\/\/isfd21-bue.infd.edu.ar\/sitio\/wp-content\/uploads\/2022\/09\/WhatsApp-Image-2022-09-28-at-2.40.00-PM.jpeg 1600w, https:\/\/isfd21-bue.infd.edu.ar\/sitio\/wp-content\/uploads\/2022\/09\/WhatsApp-Image-2022-09-28-at-2.40.00-PM-1000x750.jpeg 1000w, https:\/\/isfd21-bue.infd.edu.ar\/sitio\/wp-content\/uploads\/2022\/09\/WhatsApp-Image-2022-09-28-at-2.40.00-PM-768x576.jpeg 768w, https:\/\/isfd21-bue.infd.edu.ar\/sitio\/wp-content\/uploads\/2022\/09\/WhatsApp-Image-2022-09-28-at-2.40.00-PM-1536x1152.jpeg 1536w\" sizes=\"(max-width: 1600px) 100vw, 1600px\" \/><\/figure>\n\n\n\n<figure class=\"wp-block-image size-large\"><img decoding=\"async\" loading=\"lazy\" width=\"900\" height=\"1600\" data-id=\"7063\"  src=\"https:\/\/isfd21-bue.infd.edu.ar\/sitio\/wp-content\/uploads\/2022\/09\/WhatsApp-Image-2022-09-28-at-2.39.59-PM-1.jpeg\" alt=\"\" class=\"wp-image-7063\" srcset=\"https:\/\/isfd21-bue.infd.edu.ar\/sitio\/wp-content\/uploads\/2022\/09\/WhatsApp-Image-2022-09-28-at-2.39.59-PM-1.jpeg 900w, https:\/\/isfd21-bue.infd.edu.ar\/sitio\/wp-content\/uploads\/2022\/09\/WhatsApp-Image-2022-09-28-at-2.39.59-PM-1-563x1000.jpeg 563w, https:\/\/isfd21-bue.infd.edu.ar\/sitio\/wp-content\/uploads\/2022\/09\/WhatsApp-Image-2022-09-28-at-2.39.59-PM-1-768x1365.jpeg 768w, https:\/\/isfd21-bue.infd.edu.ar\/sitio\/wp-content\/uploads\/2022\/09\/WhatsApp-Image-2022-09-28-at-2.39.59-PM-1-864x1536.jpeg 864w\" sizes=\"(max-width: 900px) 100vw, 900px\" \/><\/figure>\n\n\n\n<figure class=\"wp-block-image size-large\"><img decoding=\"async\" loading=\"lazy\" width=\"1600\" height=\"900\" data-id=\"7064\"  src=\"https:\/\/isfd21-bue.infd.edu.ar\/sitio\/wp-content\/uploads\/2022\/09\/WhatsApp-Image-2022-09-28-at-2.39.59-PM.jpeg\" alt=\"\" class=\"wp-image-7064\" srcset=\"https:\/\/isfd21-bue.infd.edu.ar\/sitio\/wp-content\/uploads\/2022\/09\/WhatsApp-Image-2022-09-28-at-2.39.59-PM.jpeg 1600w, https:\/\/isfd21-bue.infd.edu.ar\/sitio\/wp-content\/uploads\/2022\/09\/WhatsApp-Image-2022-09-28-at-2.39.59-PM-1000x563.jpeg 1000w, https:\/\/isfd21-bue.infd.edu.ar\/sitio\/wp-content\/uploads\/2022\/09\/WhatsApp-Image-2022-09-28-at-2.39.59-PM-768x432.jpeg 768w, https:\/\/isfd21-bue.infd.edu.ar\/sitio\/wp-content\/uploads\/2022\/09\/WhatsApp-Image-2022-09-28-at-2.39.59-PM-1536x864.jpeg 1536w\" sizes=\"(max-width: 1600px) 100vw, 1600px\" \/><\/figure>\n\n\n\n<figure class=\"wp-block-image size-large\"><img decoding=\"async\" loading=\"lazy\" width=\"1600\" height=\"900\" data-id=\"7065\"  src=\"https:\/\/isfd21-bue.infd.edu.ar\/sitio\/wp-content\/uploads\/2022\/09\/WhatsApp-Image-2022-09-28-at-2.39.58-PM.jpeg\" alt=\"\" class=\"wp-image-7065\" srcset=\"https:\/\/isfd21-bue.infd.edu.ar\/sitio\/wp-content\/uploads\/2022\/09\/WhatsApp-Image-2022-09-28-at-2.39.58-PM.jpeg 1600w, https:\/\/isfd21-bue.infd.edu.ar\/sitio\/wp-content\/uploads\/2022\/09\/WhatsApp-Image-2022-09-28-at-2.39.58-PM-1000x563.jpeg 1000w, https:\/\/isfd21-bue.infd.edu.ar\/sitio\/wp-content\/uploads\/2022\/09\/WhatsApp-Image-2022-09-28-at-2.39.58-PM-768x432.jpeg 768w, https:\/\/isfd21-bue.infd.edu.ar\/sitio\/wp-content\/uploads\/2022\/09\/WhatsApp-Image-2022-09-28-at-2.39.58-PM-1536x864.jpeg 1536w\" sizes=\"(max-width: 1600px) 100vw, 1600px\" \/><\/figure>\n\n\n\n<figure class=\"wp-block-image size-large\"><img decoding=\"async\" loading=\"lazy\" width=\"598\" height=\"1159\" data-id=\"7066\"  src=\"https:\/\/isfd21-bue.infd.edu.ar\/sitio\/wp-content\/uploads\/2022\/09\/WhatsApp-Image-2022-09-28-at-2.37.02-PM.jpeg\" alt=\"\" class=\"wp-image-7066\" srcset=\"https:\/\/isfd21-bue.infd.edu.ar\/sitio\/wp-content\/uploads\/2022\/09\/WhatsApp-Image-2022-09-28-at-2.37.02-PM.jpeg 598w, https:\/\/isfd21-bue.infd.edu.ar\/sitio\/wp-content\/uploads\/2022\/09\/WhatsApp-Image-2022-09-28-at-2.37.02-PM-516x1000.jpeg 516w\" sizes=\"(max-width: 598px) 100vw, 598px\" \/><\/figure>\n<\/figure>\n\n\n\n<p>27\/09\/2022<\/p>\n\n\n<div class=\"wp-block-image\">\n<figure class=\"aligncenter size-large is-resized\"><img decoding=\"async\" loading=\"lazy\" src=\"https:\/\/isfd21-bue.infd.edu.ar\/sitio\/wp-content\/uploads\/2022\/09\/Inspiracion-Educacion-Cita-Escuela-Poster-1-1343x1900.png\" alt=\"\" class=\"wp-image-7041\" width=\"520\" height=\"736\" srcset=\"https:\/\/isfd21-bue.infd.edu.ar\/sitio\/wp-content\/uploads\/2022\/09\/Inspiracion-Educacion-Cita-Escuela-Poster-1-1343x1900.png 1343w, https:\/\/isfd21-bue.infd.edu.ar\/sitio\/wp-content\/uploads\/2022\/09\/Inspiracion-Educacion-Cita-Escuela-Poster-1-707x1000.png 707w, https:\/\/isfd21-bue.infd.edu.ar\/sitio\/wp-content\/uploads\/2022\/09\/Inspiracion-Educacion-Cita-Escuela-Poster-1-768x1086.png 768w, https:\/\/isfd21-bue.infd.edu.ar\/sitio\/wp-content\/uploads\/2022\/09\/Inspiracion-Educacion-Cita-Escuela-Poster-1-1086x1536.png 1086w, https:\/\/isfd21-bue.infd.edu.ar\/sitio\/wp-content\/uploads\/2022\/09\/Inspiracion-Educacion-Cita-Escuela-Poster-1-1448x2048.png 1448w, https:\/\/isfd21-bue.infd.edu.ar\/sitio\/wp-content\/uploads\/2022\/09\/Inspiracion-Educacion-Cita-Escuela-Poster-1.png 1587w\" sizes=\"(max-width: 520px) 100vw, 520px\" \/><\/figure><\/div>\n\n\n<figure class=\"wp-block-image size-large\"><img decoding=\"async\" loading=\"lazy\" width=\"489\" height=\"457\" src=\"https:\/\/isfd21-bue.infd.edu.ar\/sitio\/wp-content\/uploads\/2022\/09\/image-25.png\" alt=\"\" class=\"wp-image-7042\"\/><\/figure>\n\n\n\n<figure class=\"wp-block-image size-large\"><img decoding=\"async\" loading=\"lazy\" width=\"491\" height=\"557\" src=\"https:\/\/isfd21-bue.infd.edu.ar\/sitio\/wp-content\/uploads\/2022\/09\/image-26.png\" alt=\"\" class=\"wp-image-7043\"\/><\/figure>\n\n\n\n<figure class=\"wp-block-image size-large\"><img decoding=\"async\" loading=\"lazy\" width=\"489\" height=\"369\" src=\"https:\/\/isfd21-bue.infd.edu.ar\/sitio\/wp-content\/uploads\/2022\/09\/image-27.png\" alt=\"\" class=\"wp-image-7044\"\/><\/figure>\n\n\n\n<figure class=\"wp-block-image size-large\"><img decoding=\"async\" loading=\"lazy\" width=\"469\" height=\"177\" src=\"https:\/\/isfd21-bue.infd.edu.ar\/sitio\/wp-content\/uploads\/2022\/09\/image-28.png\" alt=\"\" class=\"wp-image-7045\"\/><\/figure>\n\n\n\n<p>22\/09\/22<\/p>\n\n\n\n<p><strong><em>Compartimos el cronograma de mesas de \u00faltima materia. Igualmente, recordamos a quienes presentaron nota de solicitud, que deben pasar a notificarse en los d\u00edas y horarios de atenci\u00f3n de Preceptor\u00eda.<\/em><\/strong><\/p>\n\n\n\n<h6 class=\"wp-block-heading\">&#x1f6d1;<strong><em>Se rectifican mesas:<\/em><\/strong><\/h6>\n\n\n\n<h6 class=\"wp-block-heading\"><em>03\/10\/2022 20:00. Profesorado en Historia. Materia: EDI. Mohorade , Maria Elena\/ Flouch, Fabio.<\/em><\/h6>\n\n\n\n<h6 class=\"wp-block-heading\"><em>03\/10\/2022 20:00. Profesorado en Geograf\u00eda. Materia: Espacio Argentino. Flouch, Fabio\/ Mohorade , Maria Elena.<\/em><\/h6>\n\n\n\n<figure class=\"wp-block-image\"><img decoding=\"async\" src=\"https:\/\/scontent.feze6-1.fna.fbcdn.net\/v\/t39.30808-6\/305840409_1241955469937762_2489734099187848960_n.jpg?_nc_cat=111&amp;ccb=1-7&amp;_nc_sid=5cd70e&amp;_nc_ohc=aE_4tfRycaEAX915E1y&amp;_nc_ht=scontent.feze6-1.fna&amp;oh=00_AT-YU076hX_eS21EPyiUkBXGaym6i7wBH5knotSb7sv7TA&amp;oe=6330D5A4\" alt=\"No hay ninguna descripci\u00f3n de la foto disponible.\"\/><\/figure>\n\n\n\n<hr class=\"wp-block-separator has-css-opacity\"\/>\n\n\n\n<h5 class=\"wp-block-heading\"><em><strong>ATENCI\u00d3N EGRESADOS<\/strong><\/em><\/h5>\n\n\n\n<h5 class=\"wp-block-heading\"><strong><em>LLEGARON T\u00cdTULOS<\/em><\/strong><\/h5>\n\n\n\n<h5 class=\"wp-block-heading\"><strong><em>PODR\u00c1N PASAR POR EL INSTITUTO A RETIRARLOS, EN LOS HORARIOS DE ATENCI\u00d3N EN PRECEPTOR\u00cdA.<\/em><\/strong><\/h5>\n\n\n\n<h5 class=\"wp-block-heading\"><strong><em>PRESENTAR DNI Y QUIENES NO PUEDAN ACERCARSE PERSONALMENTE, PUEDEN ENVIAR A OTRA PERSONA CON UNA AUTORIZACI\u00d3N FIRMADA POR USTEDES Y UNA COPIA DEL DNI.<\/em><\/strong><\/h5>\n\n\n<div class=\"wp-block-image\">\n<figure class=\"aligncenter\"><img decoding=\"async\" src=\"https:\/\/scontent.feze6-1.fna.fbcdn.net\/v\/t39.30808-6\/306663632_1241842983282344_8441670082482925650_n.jpg?_nc_cat=102&amp;ccb=1-7&amp;_nc_sid=5cd70e&amp;_nc_ohc=sDj2b9EICusAX_9XstU&amp;_nc_ht=scontent.feze6-1.fna&amp;oh=00_AT81AbyZnOR9_uIzD75Tt7q4XVerc1DfSCrPf6pMPp2tdA&amp;oe=63323AF4\" alt=\"Puede ser una imagen de texto que dice &quot;SUPERIOR 30-08-2022 Fecha de emisi\u00f3n: Regi\u00f3n: Distrito: Rama que imprime: MORENO ESTAB APELLIDOY NOMBRE LISTO PARA ENVIAR ENVIADO POR DOCUMENTO DOCUMENTO DOCUMENTO BAEZ. GLADYS ASUNCION SIN CARGAR 0073150021 0073150021 NRO. SERIE 30846940 NUNEZ CARLA ANDREA SIN CARGAR 135601 0073150021 33731263 CARGAH SANTAMARIA SILVINA LILI\u00c1N 26639314 SIN CARGAR 135802 SIN CAAGAR OSTRIE LUIS OSCAR 135803 SIN CARGAR 23524827 0073150021 SINCARGAR 135804 SIN CARGAR TORRADO JOSE GREGORIO 22813572 SIN CARGAR 135805 SIN CARGAR MOLINA, FERNANDA ADELA 2806 1639 0073150021 SINCARGAR 135806 SIN CARGAR REYNOSO. MARIA SOLEDAD 25708922 0073150021 SIN CARGAR 135807 PELOZO, JESICA ANTONELLA 40674955 SIN CARGAR SINCARGAR 135806 SIN CARGAR&quot;\"\/><\/figure><\/div>\n\n\n<p>21\/09\/2022<\/p>\n\n\n<div class=\"wp-block-image\">\n<figure class=\"aligncenter size-large\"><img decoding=\"async\" loading=\"lazy\" width=\"615\" height=\"689\" src=\"https:\/\/isfd21-bue.infd.edu.ar\/sitio\/wp-content\/uploads\/2022\/09\/image-20.png\" alt=\"\" class=\"wp-image-7019\"\/><\/figure><\/div>\n\n\n<figure class=\"wp-block-gallery has-nested-images columns-default is-cropped wp-block-gallery-73 is-layout-flex\">\n<figure class=\"wp-block-image size-large\"><img decoding=\"async\" loading=\"lazy\" width=\"678\" height=\"960\" data-id=\"6994\"  src=\"https:\/\/isfd21-bue.infd.edu.ar\/sitio\/wp-content\/uploads\/2022\/09\/305205270_1240995240033785_2053164379367093095_n.jpg\" alt=\"\" class=\"wp-image-6994\"\/><\/figure>\n\n\n\n<figure class=\"wp-block-image size-large\"><img decoding=\"async\" loading=\"lazy\" width=\"1080\" height=\"1080\" data-id=\"6995\"  src=\"https:\/\/isfd21-bue.infd.edu.ar\/sitio\/wp-content\/uploads\/2022\/09\/307976217_1240995320033777_8902944502213277612_n.jpg\" alt=\"\" class=\"wp-image-6995\" srcset=\"https:\/\/isfd21-bue.infd.edu.ar\/sitio\/wp-content\/uploads\/2022\/09\/307976217_1240995320033777_8902944502213277612_n.jpg 1080w, https:\/\/isfd21-bue.infd.edu.ar\/sitio\/wp-content\/uploads\/2022\/09\/307976217_1240995320033777_8902944502213277612_n-1000x1000.jpg 1000w, https:\/\/isfd21-bue.infd.edu.ar\/sitio\/wp-content\/uploads\/2022\/09\/307976217_1240995320033777_8902944502213277612_n-500x500.jpg 500w, https:\/\/isfd21-bue.infd.edu.ar\/sitio\/wp-content\/uploads\/2022\/09\/307976217_1240995320033777_8902944502213277612_n-768x768.jpg 768w\" sizes=\"(max-width: 1080px) 100vw, 1080px\" \/><\/figure>\n<\/figure>\n\n\n\n<p>20\/09\/22<\/p>\n\n\n\n<p>*Curso virtual para estudiantes de ISFD &#8211; ESI* <a href=\"https:\/\/red.infd.edu.ar\/curso-virtual-para-estudiantes-de-formacion-docente\/?fbclid=IwAR1gciznEvxQockGEfIAHym1rGNAHTIHNjNnA-K2oqYfIQcfz9-l9nr6iYI\" rel=\"noreferrer noopener\" target=\"_blank\">https:\/\/red.infd.edu.ar\/curso-virtual-para-estudiantes&#8230;\/<\/a>Este curso est\u00e1 destinado a estudiantes de formaci\u00f3n docente. Se inscribe en el marco del Programa Nacional de Formaci\u00f3n Permanente Nuestra Escuela y forma parte de las actividades desarrolladas por el Programa Nacional de Educaci\u00f3n Sexual Integral en conjunto con el \u00c1rea de Pol\u00edticas Estudiantiles del INFoD tendientes a la concreci\u00f3n del derecho a la ESI de estudiantes de la formaci\u00f3n docente. El curso tiene como prop\u00f3sito promover una experiencia formativa que brinde aportes para leer e interpelar la realidad del instituto en el que se est\u00e1n formando desde la perspectiva de la ESI y elaborar una propuesta de intervenci\u00f3n situada.Caracter\u00edsticas del curso\u2022 Se priorizar\u00e1 la pre-inscripci\u00f3n grupal (de dos o tres estudiantes) para continuar impulsando la construcci\u00f3n de conocimiento y de acciones de forma colectiva\u2022 Consta de 3 clases asincr\u00f3nicas semanales + Trabajo integrador final (TIF)\u2022 Inicia en octubre\u2022 Tiempo de dedicaci\u00f3n semanal aproximadamente 4 hs\u2022 Vacantes limitadas\u2022 Se otorga constancia de aprobaci\u00f3nImportante: Por tratarse de cursos para estudiantes de la formaci\u00f3n docente no otorga puntaje docente.Contenidos:Clase 0 Presentaci\u00f3n de la plataforma e invitaci\u00f3n a participar del foro de presentaci\u00f3nClase 1 Tradiciones sobre la educaci\u00f3n sexual y la propuesta de la ESI: Enfoques tradicionales sobre educaci\u00f3n sexual y enfoques que se aproximan. La propuesta integral de la ESI. Ley 26.150 de Educaci\u00f3n Sexual Integral: la sexualidad y el rol de la escuela.Clase 2 Los ejes conceptuales de la ESI y las violencias: El ejercicio de los derechos, el respeto por la diversidad, el cuidado del cuerpo, la equidad de g\u00e9nero y la valoraci\u00f3n de la afectividad.Clase 3 Puertas de entrada de la ESI y violencias por motivo de g\u00e9nero: 1) La reflexi\u00f3n sobre nosotras\/os mismas\/os. 2) La ense\u00f1anza de la ESI en la escuela. 3) La escuela, las familias y la comunidad. Trabajo Integrador Final.<a href=\"https:\/\/forms.gle\/4nmJgADbdWBk1S7A9?fbclid=IwAR0bAMnrSltcDGCDgDQVqF9z8xvwWk3KNrdTbcTCwDCI0bouY0zMR2scvUc\" rel=\"noreferrer noopener\" target=\"_blank\">https:\/\/forms.gle\/4nmJgADbdWBk1S7A9<\/a><\/p>\n\n\n\n<hr class=\"wp-block-separator has-css-opacity\"\/>\n\n\n\n<h5 class=\"wp-block-heading\">La Coordinaci\u00f3n de Pol\u00edticas Estudiantiles de la Direcci\u00f3n Provincial de Educaci\u00f3n Superior convoca a todas y todos los y las estudiantes de los ISFD y ISFDyT de la Provincia de Buenos Aires a participar del proyecto&nbsp;<em><strong>\u201c40 a\u00f1os. La democracia en la educaci\u00f3n\u201d<\/strong><\/em>&nbsp;con motivo de la efem\u00e9ride central del a\u00f1o 2023, los 40 a\u00f1os de democracia ininterrumpida en nuestro pa\u00eds.<\/h5>\n\n\n\n<h5 class=\"wp-block-heading\">La invitaci\u00f3n es a pensar la vida democr\u00e1tica, sus impactos y significados, su historia y su futuro. Para lograr este objetivo la convocatoria invita a las y los estudiantes de la educaci\u00f3n superior a investigar y componer relatos sobre la democracia en torno a tres entradas: Espacios, Personajes, Experiencias.<br>\u00bfQu\u00e9 supone relatar la democracia? Implica pensar y buscar, en el tr\u00e1nsito de estos 40 a\u00f1os, espacios, personajes y\/o experiencias que den cuenta de un andar democr\u00e1tico y participativo, de luchas por m\u00e1s y mejor democracia, por m\u00e1s y mejores derechos. Es una invitaci\u00f3n a hacer memoria pero tambi\u00e9n a encontrar nuevas maneras de contar, dando lugar a que m\u00faltiples voces sean escuchadas.<br>A su vez esta convocatoria busca acompa\u00f1ar y crear condiciones que permitan a las y los estudiantes de formaci\u00f3n docente -en tanto sujetos activos de derechos, protagonistas de la cultura en sentido particular y social- desarrollar acciones de reflexi\u00f3n colectiva sobre la democracia para construir relatos con anclaje territorial vinculados a esta tem\u00e1tica.<\/h5>\n\n\n\n<h5 class=\"wp-block-heading\">Adjuntamos documento con todos los pasos de la convocatoria y flyer para difusi\u00f3n.<\/h5>\n\n\n\n<h5 class=\"wp-block-heading\">Adjuntamos link con los requisitos para participar del proyecto.<\/h5>\n\n\n\n<p><a href=\"https:\/\/drive.google.com\/...\/1435ex8pwwpkWjFmaN9V...\/view...\">https:\/\/drive.google.com\/&#8230;\/1435ex8pwwpkWjFmaN9V&#8230;\/view&#8230;<\/a><\/p>\n\n\n\n<figure class=\"wp-block-image size-large\"><img decoding=\"async\" loading=\"lazy\" width=\"681\" height=\"451\" src=\"https:\/\/isfd21-bue.infd.edu.ar\/sitio\/wp-content\/uploads\/2022\/09\/Flyer-40-anos-democracia-1.jpeg\" alt=\"\" class=\"wp-image-6996\"\/><\/figure>\n\n\n\n<h6 class=\"wp-block-heading\">La Coordinaci\u00f3n de&nbsp; Pol\u00edticas Estudiantiles de la Direcci\u00f3n Provincial de Educaci\u00f3n Superior convoca a todas y todos los y las estudiantes de los ISFD y ISFDyT de la Provincia de Buenos Aires a participar del proyecto <strong><em>\u201c40 a\u00f1os. La democracia en la educaci\u00f3n\u201d<\/em><\/strong> con motivo de la efem\u00e9ride central del a\u00f1o 2023, los 40 a\u00f1os de democracia ininterrumpida en nuestro pa\u00eds. &nbsp; &nbsp; &nbsp; &nbsp; &nbsp; &nbsp; &nbsp; &nbsp; &nbsp; &nbsp; &nbsp; &nbsp;<\/h6>\n\n\n\n<h6 class=\"wp-block-heading\">&nbsp; &nbsp; &nbsp; &nbsp; &nbsp; &nbsp; &nbsp; &nbsp; La invitaci\u00f3n es a pensar la vida democr\u00e1tica, sus impactos y significados, su historia y su futuro. Para lograr este objetivo la convocatoria invita a las y los estudiantes de la educaci\u00f3n superior a investigar y componer relatos sobre la democracia en torno a tres entradas: Espacios, Personajes,&nbsp;Experiencias. &nbsp; &nbsp; &nbsp; &nbsp; &nbsp; &nbsp; &nbsp; &nbsp; &nbsp; &nbsp; &nbsp; &nbsp; &nbsp; &nbsp; &nbsp; &nbsp; &nbsp; &nbsp; &nbsp; &nbsp;\u00bfQu\u00e9 supone relatar la democracia? Implica pensar y buscar, en el tr\u00e1nsito de estos 40 a\u00f1os, espacios, personajes y\/o experiencias que den cuenta de un andar democr\u00e1tico y participativo, de luchas por m\u00e1s y mejor democracia, por m\u00e1s y mejores derechos. Es una invitaci\u00f3n a hacer memoria pero tambi\u00e9n a encontrar nuevas maneras de contar, dando lugar a que m\u00faltiples voces sean escuchadas. &nbsp; &nbsp; &nbsp; &nbsp; &nbsp; &nbsp; &nbsp; &nbsp; &nbsp; &nbsp; &nbsp; &nbsp; &nbsp; &nbsp; &nbsp; &nbsp; &nbsp; &nbsp; &nbsp; &nbsp;A su vez esta convocatoria busca acompa\u00f1ar y crear condiciones que permitan a las y los estudiantes de formaci\u00f3n docente -en tanto sujetos activos de derechos, protagonistas de la cultura en sentido particular y social- desarrollar acciones de reflexi\u00f3n colectiva sobre la democracia para construir relatos con anclaje territorial vinculados a esta tem\u00e1tica.<\/h6>\n\n\n\n<h6 class=\"wp-block-heading\">Adjuntamos documento con todos los pasos de la convocatoria y flyer para difusi\u00f3n.<\/h6>\n\n\n\n<h6 class=\"wp-block-heading\">Adjuntamos link con los requisitos para participar del proyecto.<\/h6>\n\n\n\n<p><a href=\"https:\/\/drive.google.com\/file\/d\/1435ex8pwwpkWjFmaN9VyHwmM8wRTMy-r\/view?usp=sharing\">https:\/\/drive.google.com\/file\/d\/1435ex8pwwpkWjFmaN9VyHwmM8wRTMy-r\/view?usp=sharing<\/a><\/p>\n\n\n\n<figure class=\"wp-block-image size-large\"><img decoding=\"async\" loading=\"lazy\" width=\"681\" height=\"451\" src=\"https:\/\/isfd21-bue.infd.edu.ar\/sitio\/wp-content\/uploads\/2022\/09\/Flyer-40-anos-democracia.jpeg\" alt=\"\" class=\"wp-image-6991\"\/><\/figure>\n\n\n\n<hr class=\"wp-block-separator has-css-opacity\"\/>\n\n\n\n<h4 class=\"wp-block-heading\"><em>Querida comunidad:<\/em><\/h4>\n\n\n\n<h4 class=\"wp-block-heading\"><em>Compartimos el resumen de la reuni\u00f3n del CAI del 13 de septiembre del 2022 enviada por la comisi\u00f3n de comunicaciones.<\/em><\/h4>\n\n\n\n<div class=\"wp-block-file\"><a id=\"wp-block-file--media-d5aeca52-cb6f-45b7-ae5c-4142b936560c\" href=\"https:\/\/isfd21-bue.infd.edu.ar\/sitio\/wp-content\/uploads\/2022\/09\/Resumen-de-la-sesion-del-CAI-del-13-de-septiembre-de-2022.doc\">Resumen-de-la-sesion-del-CAI-del-13-de-septiembre-de-2022<\/a><a href=\"https:\/\/isfd21-bue.infd.edu.ar\/sitio\/wp-content\/uploads\/2022\/09\/Resumen-de-la-sesion-del-CAI-del-13-de-septiembre-de-2022.doc\" class=\"wp-block-file__button wp-element-button\" download aria-describedby=\"wp-block-file--media-d5aeca52-cb6f-45b7-ae5c-4142b936560c\">Descarga<\/a><\/div>\n\n\n\n<hr class=\"wp-block-separator has-css-opacity\"\/>\n\n\n\n<h4 class=\"wp-block-heading\"><img decoding=\"async\" loading=\"lazy\" height=\"20\" width=\"20\" alt=\"&#x1f6a9;\" src=\"https:\/\/static.xx.fbcdn.net\/images\/emoji.php\/v9\/t9f\/1\/20\/1f6a9.png\"><em><strong>ATENCI\u00d3N<\/strong><\/em><\/h4>\n\n\n\n<h4 class=\"wp-block-heading\"><em><strong>SALIDA EDUCATIVA GRATUITA PARA ESTUDIANTES DEL ISFD N\u00b021<\/strong><\/em><\/h4>\n\n\n\n<h4 class=\"wp-block-heading\"><em><strong>En el marco de las Experiencias culturales , se los invita el martes 6 de octubre, al hermoso Teatro Cervantes ubicado en Libertad 815, CABA.<\/strong><\/em><\/h4>\n\n\n\n<h4 class=\"wp-block-heading\"><em><strong>Obra de teatro: Obra del demonio Invocaci\u00f3n XI Bausch.<\/strong><\/em><\/h4>\n\n\n\n<h4 class=\"wp-block-heading\"><em><strong>Los asistentes deben presentarse en Liberta 815 (CABA) en el horario de 19:30 hs. Horario de culminaci\u00f3n de la obra 22: 30hs.<\/strong><\/em><\/h4>\n\n\n\n<h4 class=\"wp-block-heading\"><em><strong>Se aclara que los asistentes deber\u00e1n trasladarse de ida y de regreso al Teatro Cervantes.<\/strong><\/em><\/h4>\n\n\n\n<h4 class=\"wp-block-heading\"><\/h4>\n\n\n\n<h4 class=\"wp-block-heading\"><em><strong>QUIENES EST\u00c9N INTERESADOS EN REALIZAR LA SALIDA EDUCATIVA, DEBER\u00c1N COMPLETAR EL PRESENTE FORMULARIO.TENEMOS 40 LUGARES DISPONIBLES, CUANDO SE COMPLETE EL CUPO LO INFORMAREMOS Y CERRAREMOS EL FORMULARIO.<\/strong><\/em><\/h4>\n\n\n\n<p><a href=\"https:\/\/forms.gle\/ym9G4EyiANKQDeBQA\">https:\/\/forms.gle\/ym9G4EyiANKQDeBQA<\/a><\/p>\n\n\n\n<hr class=\"wp-block-separator has-css-opacity\"\/>\n\n\n\n<p><em>Compartimos publicaci\u00f3n del sitio EDUCAR:<\/em><\/p>\n\n\n\n<p><img decoding=\"async\" loading=\"lazy\" height=\"16\" width=\"16\" alt=\"&#x1f449;\" src=\"https:\/\/static.xx.fbcdn.net\/images\/emoji.php\/v9\/t51\/1\/16\/1f449.png\"> Aniversario del nacimiento de Paulo Freire<img decoding=\"async\" loading=\"lazy\" height=\"16\" width=\"16\" alt=\"&#x1f4c6;\" src=\"https:\/\/static.xx.fbcdn.net\/images\/emoji.php\/v9\/tff\/1\/16\/1f4c6.png\"> Hoy Paulo Freire cumplir\u00eda 101 a\u00f1os.<img decoding=\"async\" loading=\"lazy\" height=\"16\" width=\"16\" alt=\"&#x1f4da;\" src=\"https:\/\/static.xx.fbcdn.net\/images\/emoji.php\/v9\/t49\/1\/16\/1f4da.png\"> Freire es uno de esos autores que permiten pensar cuestiones pol\u00edticas y transformaciones sociales m\u00e1s all\u00e1 de su propia \u00e9poca. <img decoding=\"async\" loading=\"lazy\" height=\"16\" width=\"16\" alt=\"&#x27a1;&#xfe0f;\" src=\"https:\/\/static.xx.fbcdn.net\/images\/emoji.php\/v9\/t9e\/1\/16\/27a1.png\"> Ingres\u00e1 a <a rel=\"noreferrer noopener\" href=\"https:\/\/bit.ly\/Freire19_?fbclid=IwAR1SWhRI8cZ40vfOVPvoniMByHZKL0RABe9ViqAILJTs2LjPZG0F0ErCEEU\" target=\"_blank\">https:\/\/bit.ly\/Freire19_<\/a> para acceder a la colecci\u00f3n dedicada a su figura.<\/p>\n\n\n<div class=\"wp-block-image\">\n<figure class=\"aligncenter size-large\"><img decoding=\"async\" loading=\"lazy\" width=\"490\" height=\"486\" src=\"https:\/\/isfd21-bue.infd.edu.ar\/sitio\/wp-content\/uploads\/2022\/09\/image-11.png\" alt=\"\" class=\"wp-image-6971\"\/><\/figure><\/div>\n\n\n<p>19\/09\/22<\/p>\n\n\n\n<figure class=\"wp-block-image size-large\"><img decoding=\"async\" loading=\"lazy\" width=\"1900\" height=\"1069\" src=\"https:\/\/isfd21-bue.infd.edu.ar\/sitio\/wp-content\/uploads\/2022\/09\/Divertida-presentacion-tematica-escolar-doodles-y-fondo-verde-pizarra-1900x1069.jpg\" alt=\"\" class=\"wp-image-6967\" srcset=\"https:\/\/isfd21-bue.infd.edu.ar\/sitio\/wp-content\/uploads\/2022\/09\/Divertida-presentacion-tematica-escolar-doodles-y-fondo-verde-pizarra-1900x1069.jpg 1900w, https:\/\/isfd21-bue.infd.edu.ar\/sitio\/wp-content\/uploads\/2022\/09\/Divertida-presentacion-tematica-escolar-doodles-y-fondo-verde-pizarra-1000x563.jpg 1000w, https:\/\/isfd21-bue.infd.edu.ar\/sitio\/wp-content\/uploads\/2022\/09\/Divertida-presentacion-tematica-escolar-doodles-y-fondo-verde-pizarra-768x432.jpg 768w, https:\/\/isfd21-bue.infd.edu.ar\/sitio\/wp-content\/uploads\/2022\/09\/Divertida-presentacion-tematica-escolar-doodles-y-fondo-verde-pizarra-1536x864.jpg 1536w, https:\/\/isfd21-bue.infd.edu.ar\/sitio\/wp-content\/uploads\/2022\/09\/Divertida-presentacion-tematica-escolar-doodles-y-fondo-verde-pizarra.jpg 1920w\" sizes=\"(max-width: 1900px) 100vw, 1900px\" \/><\/figure>\n\n\n\n<p><a href=\"https:\/\/www.facebook.com\/hashtag\/abiertalainscripci%C3%B3n?__eep__=6&amp;__cft__[0]=AZUUqxmUgaGN8pcwv3I6b6B3ur5NxG3ZACU2NzK23CNzvjWgIKr4Cf8JP5AhRFU6k9FWIQwIbOf3QNsulPS0qJVpHXRK-J76jmsM6KfICBWOIs73hsc1q_oTX6kD74nF_9TWZpmxiDac7mDO0Qf5JfUV&amp;__tn__=*NK-R\">#AbiertaLaINSCRIPCI\u00d3N<\/a>&nbsp;a&nbsp;<a href=\"https:\/\/www.facebook.com\/hashtag\/talleres?__eep__=6&amp;__gid__=523982381290540&amp;__cft__[0]=AZUUqxmUgaGN8pcwv3I6b6B3ur5NxG3ZACU2NzK23CNzvjWgIKr4Cf8JP5AhRFU6k9FWIQwIbOf3QNsulPS0qJVpHXRK-J76jmsM6KfICBWOIs73hsc1q_oTX6kD74nF_9TWZpmxiDac7mDO0Qf5JfUV&amp;__tn__=*NK-R\">#Talleres<\/a><\/p>\n\n\n\n<h4 class=\"wp-block-heading\"><em><strong>Comenzamos con la segunda etapa de implementaci\u00f3n del Proyecto de Fortalecimiento de las Trayectorias Estudiantiles.<\/strong><\/em><\/h4>\n\n\n\n<h4 class=\"wp-block-heading\"><em><strong>En esta oportunidad encontrar\u00e1n que cada oferta se encuentra direccionada hacia cierto grupo de estudiantes, les pedimos que presten atenci\u00f3n a esto al momento de inscribirse, de manera tal que elijan aquellos talleres que les sean de m\u00e1s utilidad.<\/strong><\/em><\/h4>\n\n\n\n<h4 class=\"wp-block-heading\"><em><strong>Por cualquier duda o sugerencia pueden escribirnos a cipes.rojas@gmail.com o por mensaje privado en nuestro instagram: @cipesrojas<\/strong><\/em><\/h4>\n\n\n\n<h4 class=\"wp-block-heading\"><\/h4>\n\n\n\n<h4 class=\"wp-block-heading\"><em><strong>FORMULARIO DE INSCRIPCI\u00d3N:<\/strong><\/em><\/h4>\n\n\n\n<p><a rel=\"noreferrer noopener\" href=\"https:\/\/bit.ly\/TalleresParaEstudiantesInstitutoRojas?fbclid=IwAR0W48StQijJdIxXtej1Mkx1j5wkM4RtP-qJhDKRdwbAW5jZw25q4wRFBEU\" target=\"_blank\">https:\/\/bit.ly\/TalleresParaEstudiantesInstitutoRojas<\/a><\/p>\n\n\n\n<p>Mucha suerte en la cursada!<\/p>\n\n\n\n<figure class=\"wp-block-gallery has-nested-images columns-default is-cropped wp-block-gallery-75 is-layout-flex\">\n<figure class=\"wp-block-image size-large\"><img decoding=\"async\" loading=\"lazy\" width=\"1080\" height=\"1080\" data-id=\"6953\"  src=\"https:\/\/isfd21-bue.infd.edu.ar\/sitio\/wp-content\/uploads\/2022\/09\/WhatsApp-Image-2022-09-19-at-10.17.12-AM.jpeg\" alt=\"\" class=\"wp-image-6953\" srcset=\"https:\/\/isfd21-bue.infd.edu.ar\/sitio\/wp-content\/uploads\/2022\/09\/WhatsApp-Image-2022-09-19-at-10.17.12-AM.jpeg 1080w, https:\/\/isfd21-bue.infd.edu.ar\/sitio\/wp-content\/uploads\/2022\/09\/WhatsApp-Image-2022-09-19-at-10.17.12-AM-1000x1000.jpeg 1000w, https:\/\/isfd21-bue.infd.edu.ar\/sitio\/wp-content\/uploads\/2022\/09\/WhatsApp-Image-2022-09-19-at-10.17.12-AM-500x500.jpeg 500w, https:\/\/isfd21-bue.infd.edu.ar\/sitio\/wp-content\/uploads\/2022\/09\/WhatsApp-Image-2022-09-19-at-10.17.12-AM-768x768.jpeg 768w\" sizes=\"(max-width: 1080px) 100vw, 1080px\" \/><\/figure>\n\n\n\n<figure class=\"wp-block-image size-large\"><img decoding=\"async\" loading=\"lazy\" width=\"1080\" height=\"1080\" data-id=\"6954\"  src=\"https:\/\/isfd21-bue.infd.edu.ar\/sitio\/wp-content\/uploads\/2022\/09\/WhatsApp-Image-2022-09-19-at-10.17.11-AM-1.jpeg\" alt=\"\" class=\"wp-image-6954\" srcset=\"https:\/\/isfd21-bue.infd.edu.ar\/sitio\/wp-content\/uploads\/2022\/09\/WhatsApp-Image-2022-09-19-at-10.17.11-AM-1.jpeg 1080w, https:\/\/isfd21-bue.infd.edu.ar\/sitio\/wp-content\/uploads\/2022\/09\/WhatsApp-Image-2022-09-19-at-10.17.11-AM-1-1000x1000.jpeg 1000w, https:\/\/isfd21-bue.infd.edu.ar\/sitio\/wp-content\/uploads\/2022\/09\/WhatsApp-Image-2022-09-19-at-10.17.11-AM-1-500x500.jpeg 500w, https:\/\/isfd21-bue.infd.edu.ar\/sitio\/wp-content\/uploads\/2022\/09\/WhatsApp-Image-2022-09-19-at-10.17.11-AM-1-768x768.jpeg 768w\" sizes=\"(max-width: 1080px) 100vw, 1080px\" \/><\/figure>\n\n\n\n<figure class=\"wp-block-image size-large\"><img decoding=\"async\" loading=\"lazy\" width=\"1080\" height=\"1080\" data-id=\"6955\"  src=\"https:\/\/isfd21-bue.infd.edu.ar\/sitio\/wp-content\/uploads\/2022\/09\/WhatsApp-Image-2022-09-19-at-10.17.11-AM.jpeg\" alt=\"\" class=\"wp-image-6955\" srcset=\"https:\/\/isfd21-bue.infd.edu.ar\/sitio\/wp-content\/uploads\/2022\/09\/WhatsApp-Image-2022-09-19-at-10.17.11-AM.jpeg 1080w, https:\/\/isfd21-bue.infd.edu.ar\/sitio\/wp-content\/uploads\/2022\/09\/WhatsApp-Image-2022-09-19-at-10.17.11-AM-1000x1000.jpeg 1000w, https:\/\/isfd21-bue.infd.edu.ar\/sitio\/wp-content\/uploads\/2022\/09\/WhatsApp-Image-2022-09-19-at-10.17.11-AM-500x500.jpeg 500w, https:\/\/isfd21-bue.infd.edu.ar\/sitio\/wp-content\/uploads\/2022\/09\/WhatsApp-Image-2022-09-19-at-10.17.11-AM-768x768.jpeg 768w\" sizes=\"(max-width: 1080px) 100vw, 1080px\" \/><\/figure>\n\n\n\n<figure class=\"wp-block-image size-large\"><img decoding=\"async\" loading=\"lazy\" width=\"1080\" height=\"1080\" data-id=\"6956\"  src=\"https:\/\/isfd21-bue.infd.edu.ar\/sitio\/wp-content\/uploads\/2022\/09\/WhatsApp-Image-2022-09-19-at-10.17.10-AM-1.jpeg\" alt=\"\" class=\"wp-image-6956\" srcset=\"https:\/\/isfd21-bue.infd.edu.ar\/sitio\/wp-content\/uploads\/2022\/09\/WhatsApp-Image-2022-09-19-at-10.17.10-AM-1.jpeg 1080w, https:\/\/isfd21-bue.infd.edu.ar\/sitio\/wp-content\/uploads\/2022\/09\/WhatsApp-Image-2022-09-19-at-10.17.10-AM-1-1000x1000.jpeg 1000w, https:\/\/isfd21-bue.infd.edu.ar\/sitio\/wp-content\/uploads\/2022\/09\/WhatsApp-Image-2022-09-19-at-10.17.10-AM-1-500x500.jpeg 500w, https:\/\/isfd21-bue.infd.edu.ar\/sitio\/wp-content\/uploads\/2022\/09\/WhatsApp-Image-2022-09-19-at-10.17.10-AM-1-768x768.jpeg 768w\" sizes=\"(max-width: 1080px) 100vw, 1080px\" \/><\/figure>\n\n\n\n<figure class=\"wp-block-image size-large\"><img decoding=\"async\" loading=\"lazy\" width=\"1080\" height=\"1080\" data-id=\"6957\"  src=\"https:\/\/isfd21-bue.infd.edu.ar\/sitio\/wp-content\/uploads\/2022\/09\/WhatsApp-Image-2022-09-19-at-10.17.10-AM.jpeg\" alt=\"\" class=\"wp-image-6957\" srcset=\"https:\/\/isfd21-bue.infd.edu.ar\/sitio\/wp-content\/uploads\/2022\/09\/WhatsApp-Image-2022-09-19-at-10.17.10-AM.jpeg 1080w, https:\/\/isfd21-bue.infd.edu.ar\/sitio\/wp-content\/uploads\/2022\/09\/WhatsApp-Image-2022-09-19-at-10.17.10-AM-1000x1000.jpeg 1000w, https:\/\/isfd21-bue.infd.edu.ar\/sitio\/wp-content\/uploads\/2022\/09\/WhatsApp-Image-2022-09-19-at-10.17.10-AM-500x500.jpeg 500w, https:\/\/isfd21-bue.infd.edu.ar\/sitio\/wp-content\/uploads\/2022\/09\/WhatsApp-Image-2022-09-19-at-10.17.10-AM-768x768.jpeg 768w\" sizes=\"(max-width: 1080px) 100vw, 1080px\" \/><\/figure>\n\n\n\n<figure class=\"wp-block-image size-large\"><img decoding=\"async\" loading=\"lazy\" width=\"1080\" height=\"1080\" data-id=\"6958\"  src=\"https:\/\/isfd21-bue.infd.edu.ar\/sitio\/wp-content\/uploads\/2022\/09\/WhatsApp-Image-2022-09-19-at-10.17.09-AM-1.jpeg\" alt=\"\" class=\"wp-image-6958\" srcset=\"https:\/\/isfd21-bue.infd.edu.ar\/sitio\/wp-content\/uploads\/2022\/09\/WhatsApp-Image-2022-09-19-at-10.17.09-AM-1.jpeg 1080w, https:\/\/isfd21-bue.infd.edu.ar\/sitio\/wp-content\/uploads\/2022\/09\/WhatsApp-Image-2022-09-19-at-10.17.09-AM-1-1000x1000.jpeg 1000w, https:\/\/isfd21-bue.infd.edu.ar\/sitio\/wp-content\/uploads\/2022\/09\/WhatsApp-Image-2022-09-19-at-10.17.09-AM-1-500x500.jpeg 500w, https:\/\/isfd21-bue.infd.edu.ar\/sitio\/wp-content\/uploads\/2022\/09\/WhatsApp-Image-2022-09-19-at-10.17.09-AM-1-768x768.jpeg 768w\" sizes=\"(max-width: 1080px) 100vw, 1080px\" \/><\/figure>\n\n\n\n<figure class=\"wp-block-image size-large\"><img decoding=\"async\" loading=\"lazy\" width=\"1080\" height=\"1080\" data-id=\"6959\"  src=\"https:\/\/isfd21-bue.infd.edu.ar\/sitio\/wp-content\/uploads\/2022\/09\/WhatsApp-Image-2022-09-19-at-10.17.09-AM.jpeg\" alt=\"\" class=\"wp-image-6959\" srcset=\"https:\/\/isfd21-bue.infd.edu.ar\/sitio\/wp-content\/uploads\/2022\/09\/WhatsApp-Image-2022-09-19-at-10.17.09-AM.jpeg 1080w, https:\/\/isfd21-bue.infd.edu.ar\/sitio\/wp-content\/uploads\/2022\/09\/WhatsApp-Image-2022-09-19-at-10.17.09-AM-1000x1000.jpeg 1000w, https:\/\/isfd21-bue.infd.edu.ar\/sitio\/wp-content\/uploads\/2022\/09\/WhatsApp-Image-2022-09-19-at-10.17.09-AM-500x500.jpeg 500w, https:\/\/isfd21-bue.infd.edu.ar\/sitio\/wp-content\/uploads\/2022\/09\/WhatsApp-Image-2022-09-19-at-10.17.09-AM-768x768.jpeg 768w\" sizes=\"(max-width: 1080px) 100vw, 1080px\" \/><\/figure>\n\n\n\n<figure class=\"wp-block-image size-large\"><img decoding=\"async\" loading=\"lazy\" width=\"1080\" height=\"1080\" data-id=\"6960\"  src=\"https:\/\/isfd21-bue.infd.edu.ar\/sitio\/wp-content\/uploads\/2022\/09\/WhatsApp-Image-2022-09-19-at-10.17.08-AM-2.jpeg\" alt=\"\" class=\"wp-image-6960\" srcset=\"https:\/\/isfd21-bue.infd.edu.ar\/sitio\/wp-content\/uploads\/2022\/09\/WhatsApp-Image-2022-09-19-at-10.17.08-AM-2.jpeg 1080w, https:\/\/isfd21-bue.infd.edu.ar\/sitio\/wp-content\/uploads\/2022\/09\/WhatsApp-Image-2022-09-19-at-10.17.08-AM-2-1000x1000.jpeg 1000w, https:\/\/isfd21-bue.infd.edu.ar\/sitio\/wp-content\/uploads\/2022\/09\/WhatsApp-Image-2022-09-19-at-10.17.08-AM-2-500x500.jpeg 500w, https:\/\/isfd21-bue.infd.edu.ar\/sitio\/wp-content\/uploads\/2022\/09\/WhatsApp-Image-2022-09-19-at-10.17.08-AM-2-768x768.jpeg 768w\" sizes=\"(max-width: 1080px) 100vw, 1080px\" \/><\/figure>\n\n\n\n<figure class=\"wp-block-image size-large\"><img decoding=\"async\" loading=\"lazy\" width=\"1080\" height=\"1080\" data-id=\"6961\"  src=\"https:\/\/isfd21-bue.infd.edu.ar\/sitio\/wp-content\/uploads\/2022\/09\/WhatsApp-Image-2022-09-19-at-10.17.08-AM-1.jpeg\" alt=\"\" class=\"wp-image-6961\" srcset=\"https:\/\/isfd21-bue.infd.edu.ar\/sitio\/wp-content\/uploads\/2022\/09\/WhatsApp-Image-2022-09-19-at-10.17.08-AM-1.jpeg 1080w, https:\/\/isfd21-bue.infd.edu.ar\/sitio\/wp-content\/uploads\/2022\/09\/WhatsApp-Image-2022-09-19-at-10.17.08-AM-1-1000x1000.jpeg 1000w, https:\/\/isfd21-bue.infd.edu.ar\/sitio\/wp-content\/uploads\/2022\/09\/WhatsApp-Image-2022-09-19-at-10.17.08-AM-1-500x500.jpeg 500w, https:\/\/isfd21-bue.infd.edu.ar\/sitio\/wp-content\/uploads\/2022\/09\/WhatsApp-Image-2022-09-19-at-10.17.08-AM-1-768x768.jpeg 768w\" sizes=\"(max-width: 1080px) 100vw, 1080px\" \/><\/figure>\n\n\n\n<figure class=\"wp-block-image size-large\"><img decoding=\"async\" loading=\"lazy\" width=\"1080\" height=\"1080\" data-id=\"6962\"  src=\"https:\/\/isfd21-bue.infd.edu.ar\/sitio\/wp-content\/uploads\/2022\/09\/WhatsApp-Image-2022-09-19-at-10.17.08-AM.jpeg\" alt=\"\" class=\"wp-image-6962\" srcset=\"https:\/\/isfd21-bue.infd.edu.ar\/sitio\/wp-content\/uploads\/2022\/09\/WhatsApp-Image-2022-09-19-at-10.17.08-AM.jpeg 1080w, https:\/\/isfd21-bue.infd.edu.ar\/sitio\/wp-content\/uploads\/2022\/09\/WhatsApp-Image-2022-09-19-at-10.17.08-AM-1000x1000.jpeg 1000w, https:\/\/isfd21-bue.infd.edu.ar\/sitio\/wp-content\/uploads\/2022\/09\/WhatsApp-Image-2022-09-19-at-10.17.08-AM-500x500.jpeg 500w, https:\/\/isfd21-bue.infd.edu.ar\/sitio\/wp-content\/uploads\/2022\/09\/WhatsApp-Image-2022-09-19-at-10.17.08-AM-768x768.jpeg 768w\" sizes=\"(max-width: 1080px) 100vw, 1080px\" \/><\/figure>\n<\/figure>\n\n\n\n<p>16\/09\/22<\/p>\n\n\n<div class=\"wp-block-image\">\n<figure class=\"aligncenter size-large is-resized\"><img decoding=\"async\" loading=\"lazy\" src=\"https:\/\/isfd21-bue.infd.edu.ar\/sitio\/wp-content\/uploads\/2022\/09\/306357857_1238073423659300_1377796965482412273_n.jpg\" alt=\"\" class=\"wp-image-6966\" width=\"470\" height=\"664\"\/><\/figure><\/div>\n\n\n<p><strong><em>Tain de 1er a\u00f1o de Educaci\u00f3n primaria En el marco de la memoria de la historia reciente<\/em><\/strong><\/p>\n\n\n<div class=\"wp-block-image\">\n<figure class=\"aligncenter size-large is-resized\"><img decoding=\"async\" loading=\"lazy\" src=\"https:\/\/isfd21-bue.infd.edu.ar\/sitio\/wp-content\/uploads\/2022\/09\/307367583_1238098520323457_1826009428884939298_n.jpg\" alt=\"\" class=\"wp-image-6978\" width=\"555\" height=\"416\"\/><\/figure><\/div>\n\n<div class=\"wp-block-image\">\n<figure class=\"aligncenter size-large\"><img decoding=\"async\" loading=\"lazy\" width=\"488\" height=\"531\" src=\"https:\/\/isfd21-bue.infd.edu.ar\/sitio\/wp-content\/uploads\/2022\/09\/image-12.png\" alt=\"\" class=\"wp-image-6979\"\/><\/figure><\/div>\n\n<div class=\"wp-block-image\">\n<figure class=\"aligncenter size-large\"><img decoding=\"async\" loading=\"lazy\" width=\"488\" height=\"554\" src=\"https:\/\/isfd21-bue.infd.edu.ar\/sitio\/wp-content\/uploads\/2022\/09\/image-13.png\" alt=\"\" class=\"wp-image-6980\"\/><\/figure><\/div>\n\n<div class=\"wp-block-image\">\n<figure class=\"aligncenter size-large\"><img decoding=\"async\" loading=\"lazy\" width=\"491\" height=\"413\" src=\"https:\/\/isfd21-bue.infd.edu.ar\/sitio\/wp-content\/uploads\/2022\/09\/image-14.png\" alt=\"\" class=\"wp-image-6981\"\/><\/figure><\/div>\n\n<div class=\"wp-block-image\">\n<figure class=\"aligncenter size-large\"><img decoding=\"async\" loading=\"lazy\" width=\"491\" height=\"551\" src=\"https:\/\/isfd21-bue.infd.edu.ar\/sitio\/wp-content\/uploads\/2022\/09\/image-15.png\" alt=\"\" class=\"wp-image-6982\"\/><\/figure><\/div>\n\n<div class=\"wp-block-image\">\n<figure class=\"aligncenter size-large\"><img decoding=\"async\" loading=\"lazy\" width=\"487\" height=\"421\" src=\"https:\/\/isfd21-bue.infd.edu.ar\/sitio\/wp-content\/uploads\/2022\/09\/image-16.png\" alt=\"\" class=\"wp-image-6984\"\/><\/figure><\/div>\n\n<div class=\"wp-block-image\">\n<figure class=\"aligncenter size-large\"><img decoding=\"async\" loading=\"lazy\" width=\"490\" height=\"626\" src=\"https:\/\/isfd21-bue.infd.edu.ar\/sitio\/wp-content\/uploads\/2022\/09\/image-17.png\" alt=\"\" class=\"wp-image-6985\"\/><\/figure><\/div>\n\n<div class=\"wp-block-image\">\n<figure class=\"aligncenter size-large\"><img decoding=\"async\" loading=\"lazy\" width=\"489\" height=\"354\" src=\"https:\/\/isfd21-bue.infd.edu.ar\/sitio\/wp-content\/uploads\/2022\/09\/image-18.png\" alt=\"\" class=\"wp-image-6987\"\/><\/figure><\/div>\n\n<div class=\"wp-block-image\">\n<figure class=\"aligncenter size-large\"><img decoding=\"async\" loading=\"lazy\" width=\"485\" height=\"515\" src=\"https:\/\/isfd21-bue.infd.edu.ar\/sitio\/wp-content\/uploads\/2022\/09\/image-19.png\" alt=\"\" class=\"wp-image-6988\"\/><\/figure><\/div>\n\n\n<p>14\/09\/22<\/p>\n\n\n<div class=\"wp-block-image\">\n<figure class=\"aligncenter size-large\"><img decoding=\"async\" loading=\"lazy\" width=\"661\" height=\"390\" src=\"https:\/\/isfd21-bue.infd.edu.ar\/sitio\/wp-content\/uploads\/2022\/09\/WhatsApp-Image-2022-09-14-at-10.27.27-AM-1.jpeg\" alt=\"\" class=\"wp-image-6945\"\/><\/figure><\/div>\n\n<div class=\"wp-block-image\">\n<figure class=\"aligncenter size-large\"><img decoding=\"async\" loading=\"lazy\" width=\"1343\" height=\"1900\" src=\"https:\/\/isfd21-bue.infd.edu.ar\/sitio\/wp-content\/uploads\/2022\/09\/Poster-dia-del-maestro-15-de-mayo-1-1-1343x1900.png\" alt=\"\" class=\"wp-image-6941\" srcset=\"https:\/\/isfd21-bue.infd.edu.ar\/sitio\/wp-content\/uploads\/2022\/09\/Poster-dia-del-maestro-15-de-mayo-1-1-1343x1900.png 1343w, https:\/\/isfd21-bue.infd.edu.ar\/sitio\/wp-content\/uploads\/2022\/09\/Poster-dia-del-maestro-15-de-mayo-1-1-707x1000.png 707w, https:\/\/isfd21-bue.infd.edu.ar\/sitio\/wp-content\/uploads\/2022\/09\/Poster-dia-del-maestro-15-de-mayo-1-1-768x1086.png 768w, https:\/\/isfd21-bue.infd.edu.ar\/sitio\/wp-content\/uploads\/2022\/09\/Poster-dia-del-maestro-15-de-mayo-1-1-1086x1536.png 1086w, https:\/\/isfd21-bue.infd.edu.ar\/sitio\/wp-content\/uploads\/2022\/09\/Poster-dia-del-maestro-15-de-mayo-1-1-1448x2048.png 1448w, https:\/\/isfd21-bue.infd.edu.ar\/sitio\/wp-content\/uploads\/2022\/09\/Poster-dia-del-maestro-15-de-mayo-1-1.png 1587w\" sizes=\"(max-width: 1343px) 100vw, 1343px\" \/><\/figure><\/div>\n\n\n<p><strong><em>13\/09\/22<\/em><\/strong><\/p>\n\n\n\n<h4 class=\"wp-block-heading\"><em>Reuni\u00f3n con el nuevo Claustro Acad\u00e9mico Estudiantil<\/em><\/h4>\n\n\n\n<figure class=\"wp-block-gallery has-nested-images columns-2 is-cropped wp-block-gallery-77 is-layout-flex\">\n<figure class=\"wp-block-image size-large\"><img decoding=\"async\" loading=\"lazy\" width=\"1600\" height=\"900\" data-id=\"6929\"  src=\"https:\/\/isfd21-bue.infd.edu.ar\/sitio\/wp-content\/uploads\/2022\/09\/WhatsApp-Image-2022-09-13-at-5.14.14-PM-1.jpeg\" alt=\"\" class=\"wp-image-6929\" srcset=\"https:\/\/isfd21-bue.infd.edu.ar\/sitio\/wp-content\/uploads\/2022\/09\/WhatsApp-Image-2022-09-13-at-5.14.14-PM-1.jpeg 1600w, https:\/\/isfd21-bue.infd.edu.ar\/sitio\/wp-content\/uploads\/2022\/09\/WhatsApp-Image-2022-09-13-at-5.14.14-PM-1-1000x563.jpeg 1000w, https:\/\/isfd21-bue.infd.edu.ar\/sitio\/wp-content\/uploads\/2022\/09\/WhatsApp-Image-2022-09-13-at-5.14.14-PM-1-768x432.jpeg 768w, https:\/\/isfd21-bue.infd.edu.ar\/sitio\/wp-content\/uploads\/2022\/09\/WhatsApp-Image-2022-09-13-at-5.14.14-PM-1-1536x864.jpeg 1536w\" sizes=\"(max-width: 1600px) 100vw, 1600px\" \/><\/figure>\n\n\n\n<figure class=\"wp-block-image size-large\"><img decoding=\"async\" loading=\"lazy\" width=\"1040\" height=\"780\" data-id=\"6933\"  src=\"https:\/\/isfd21-bue.infd.edu.ar\/sitio\/wp-content\/uploads\/2022\/09\/WhatsApp-Image-2022-09-13-at-5.14.13-PM.jpeg\" alt=\"\" class=\"wp-image-6933\" srcset=\"https:\/\/isfd21-bue.infd.edu.ar\/sitio\/wp-content\/uploads\/2022\/09\/WhatsApp-Image-2022-09-13-at-5.14.13-PM.jpeg 1040w, https:\/\/isfd21-bue.infd.edu.ar\/sitio\/wp-content\/uploads\/2022\/09\/WhatsApp-Image-2022-09-13-at-5.14.13-PM-1000x750.jpeg 1000w, https:\/\/isfd21-bue.infd.edu.ar\/sitio\/wp-content\/uploads\/2022\/09\/WhatsApp-Image-2022-09-13-at-5.14.13-PM-768x576.jpeg 768w\" sizes=\"(max-width: 1040px) 100vw, 1040px\" \/><\/figure>\n\n\n\n<figure class=\"wp-block-image size-large\"><img decoding=\"async\" loading=\"lazy\" width=\"1600\" height=\"900\" data-id=\"6928\"  src=\"https:\/\/isfd21-bue.infd.edu.ar\/sitio\/wp-content\/uploads\/2022\/09\/WhatsApp-Image-2022-09-13-at-5.14.14-PM-2.jpeg\" alt=\"\" class=\"wp-image-6928\" srcset=\"https:\/\/isfd21-bue.infd.edu.ar\/sitio\/wp-content\/uploads\/2022\/09\/WhatsApp-Image-2022-09-13-at-5.14.14-PM-2.jpeg 1600w, https:\/\/isfd21-bue.infd.edu.ar\/sitio\/wp-content\/uploads\/2022\/09\/WhatsApp-Image-2022-09-13-at-5.14.14-PM-2-1000x563.jpeg 1000w, https:\/\/isfd21-bue.infd.edu.ar\/sitio\/wp-content\/uploads\/2022\/09\/WhatsApp-Image-2022-09-13-at-5.14.14-PM-2-768x432.jpeg 768w, https:\/\/isfd21-bue.infd.edu.ar\/sitio\/wp-content\/uploads\/2022\/09\/WhatsApp-Image-2022-09-13-at-5.14.14-PM-2-1536x864.jpeg 1536w\" sizes=\"(max-width: 1600px) 100vw, 1600px\" \/><\/figure>\n\n\n\n<figure class=\"wp-block-image size-large\"><img decoding=\"async\" loading=\"lazy\" width=\"1047\" height=\"910\" data-id=\"6931\"  src=\"https:\/\/isfd21-bue.infd.edu.ar\/sitio\/wp-content\/uploads\/2022\/09\/WhatsApp-Image-2022-09-13-at-5.14.13-PM-2.jpeg\" alt=\"\" class=\"wp-image-6931\" srcset=\"https:\/\/isfd21-bue.infd.edu.ar\/sitio\/wp-content\/uploads\/2022\/09\/WhatsApp-Image-2022-09-13-at-5.14.13-PM-2.jpeg 1047w, https:\/\/isfd21-bue.infd.edu.ar\/sitio\/wp-content\/uploads\/2022\/09\/WhatsApp-Image-2022-09-13-at-5.14.13-PM-2-1000x869.jpeg 1000w, https:\/\/isfd21-bue.infd.edu.ar\/sitio\/wp-content\/uploads\/2022\/09\/WhatsApp-Image-2022-09-13-at-5.14.13-PM-2-768x668.jpeg 768w\" sizes=\"(max-width: 1047px) 100vw, 1047px\" \/><\/figure>\n\n\n\n<figure class=\"wp-block-image size-large\"><img decoding=\"async\" loading=\"lazy\" width=\"1040\" height=\"780\" data-id=\"6932\"  src=\"https:\/\/isfd21-bue.infd.edu.ar\/sitio\/wp-content\/uploads\/2022\/09\/WhatsApp-Image-2022-09-13-at-5.14.13-PM-1.jpeg\" alt=\"\" class=\"wp-image-6932\" srcset=\"https:\/\/isfd21-bue.infd.edu.ar\/sitio\/wp-content\/uploads\/2022\/09\/WhatsApp-Image-2022-09-13-at-5.14.13-PM-1.jpeg 1040w, https:\/\/isfd21-bue.infd.edu.ar\/sitio\/wp-content\/uploads\/2022\/09\/WhatsApp-Image-2022-09-13-at-5.14.13-PM-1-1000x750.jpeg 1000w, https:\/\/isfd21-bue.infd.edu.ar\/sitio\/wp-content\/uploads\/2022\/09\/WhatsApp-Image-2022-09-13-at-5.14.13-PM-1-768x576.jpeg 768w\" sizes=\"(max-width: 1040px) 100vw, 1040px\" \/><\/figure>\n<\/figure>\n\n\n\n<h4 class=\"wp-block-heading\"><strong><em>A la Comunidad Educativa del ISFD N\u00b0 21<\/em><\/strong><\/h4>\n\n\n\n<h4 class=\"wp-block-heading\"><strong><em>El Profesorado de Educaci\u00f3n Especial del ISFD N\u00b0 21, tiene el agrado de invitar a Ustedes a la XI JORNADA DE EDUCACI\u00d3N ESPECIAL DEL ROJAS \u201cCuerpo, instituci\u00f3n y subjetividad. La discapacidad tensiona los saberes\u201d, que se desarrollar\u00e1 el pr\u00f3ximo 24 de septiembre de 2022, a partir de las 8hs.<\/em><\/strong><\/h4>\n\n\n\n<h4 class=\"wp-block-heading\"><strong><em>Por motivos de accesibilidad, la misma se realizar\u00e1 en dos sedes: por la ma\u00f1ana de 8 a 12, en SUTEBA-Moreno (Dorrego 2766) y por la tarde, de 12 a 15hs., en el ISFD N\u00b0 21 \u201cDr. Ricardo Rojas\u201d (Merlo 2591) de Moreno.<\/em><\/strong><\/h4>\n\n\n\n<h4 class=\"wp-block-heading\"><strong><em>Les adjuntamos el programa con toda la informaci\u00f3n de la Jornada.<\/em><\/strong><\/h4>\n\n\n\n<h4 class=\"wp-block-heading\"><strong><em>Lxs esperamos!<\/em><\/strong><\/h4>\n\n\n\n<h4 class=\"wp-block-heading\"><strong><em>Estudiantes, equipo docente del Profesorado de Educaci\u00f3n Especial y Equipo Directivo.<\/em><\/strong><\/h4>\n\n\n<div class=\"wp-block-image\">\n<figure class=\"aligncenter size-large is-resized\"><img decoding=\"async\" loading=\"lazy\" src=\"https:\/\/isfd21-bue.infd.edu.ar\/sitio\/wp-content\/uploads\/2022\/09\/programa-jornada-1344x1900.jpg\" alt=\"\" class=\"wp-image-6924\" width=\"611\" height=\"863\" srcset=\"https:\/\/isfd21-bue.infd.edu.ar\/sitio\/wp-content\/uploads\/2022\/09\/programa-jornada-1344x1900.jpg 1344w, https:\/\/isfd21-bue.infd.edu.ar\/sitio\/wp-content\/uploads\/2022\/09\/programa-jornada-707x1000.jpg 707w, https:\/\/isfd21-bue.infd.edu.ar\/sitio\/wp-content\/uploads\/2022\/09\/programa-jornada-768x1086.jpg 768w, https:\/\/isfd21-bue.infd.edu.ar\/sitio\/wp-content\/uploads\/2022\/09\/programa-jornada-1086x1536.jpg 1086w, https:\/\/isfd21-bue.infd.edu.ar\/sitio\/wp-content\/uploads\/2022\/09\/programa-jornada-1448x2048.jpg 1448w, https:\/\/isfd21-bue.infd.edu.ar\/sitio\/wp-content\/uploads\/2022\/09\/programa-jornada-scaled.jpg 1810w\" sizes=\"(max-width: 611px) 100vw, 611px\" \/><\/figure><\/div>\n\n\n<hr class=\"wp-block-separator has-css-opacity\"\/>\n\n\n\n<h4 class=\"wp-block-heading\"><em><strong>Estimada comunidad educativa:<\/strong><\/em><\/h4>\n\n\n\n<h4 class=\"wp-block-heading\"><em><strong>Durante la semana pasada lxs estudiantes participaron activamente de la elecci\u00f3n de sus representantes. El d\u00eda 9 de Septiembre se realiz\u00f3 el escrutinio que arroj\u00f3 el siguiente resultado:<\/strong><\/em><\/h4>\n\n\n\n<h4 class=\"wp-block-heading\"><em><strong>Unides por el Rojas: 359<\/strong><\/em><\/h4>\n\n\n\n<h4 class=\"wp-block-heading\"><em><strong>La Mariano Ferreyra: 200<\/strong><\/em><\/h4>\n\n\n\n<h4 class=\"wp-block-heading\"><em><strong>Lista 3: 107<\/strong><\/em><\/h4>\n\n\n\n<h4 class=\"wp-block-heading\"><em><strong>De esta manera, la lista de Unides por el Rojas obtuvo la mayor\u00eda y La Mariano Ferreyra la primera minor\u00eda. As\u00ed se dispondr\u00e1n sus representantes en el Centro de Estudiantes y Claustro Estudiantil del CAI.<\/strong><\/em><\/h4>\n\n\n\n<h4 class=\"wp-block-heading\"><\/h4>\n\n\n\n<h4 class=\"wp-block-heading\"><em><strong>Felicitamos a lxs estudiantes por el compromiso y la participaci\u00f3n.<\/strong><\/em><\/h4>\n\n\n\n<h4 class=\"wp-block-heading\"><em><strong>Saludos cordiales<\/strong><\/em><\/h4>\n\n\n\n<h4 class=\"wp-block-heading\"><em><strong>Equipo directivo<\/strong><\/em><\/h4>\n\n\n\n<hr class=\"wp-block-separator has-css-opacity\"\/>\n\n\n\n<hr class=\"wp-block-separator has-css-opacity\"\/>\n\n\n\n<h4 class=\"wp-block-heading\"><em>Compartimos im\u00e1genes del encuentro 24\u00b0 encuentro regional de mujeres, lesbianas, bisexuales, travestis, trans, intersex y no binaries que se desarroll\u00f3 el d\u00eda 10 de septiembre del 2022.<\/em><\/h4>\n\n\n\n<p><em>El ISFD N\u00b021 \u00abDR. RICARDO ROJAS\u00bb FUE UNA DE LAS SEDES DEL ENCUENTRO.<\/em> POD\u00c9S VISUALIZAR LAS IM\u00c1GENES EN EL SIGUIENTE LINK:<\/p>\n\n\n\n<p><a href=\"https:\/\/drive.google.com\/drive\/folders\/16TKMRtOsnwEgourP9Z3imOSqot3fLEBC?usp=sharing\">https:\/\/drive.google.com\/drive\/folders\/16TKMRtOsnwEgourP9Z3imOSqot3fLEBC?usp=sharing<\/a><\/p>\n\n\n\n<p>12\/09\/22<\/p>\n\n\n\n<h4 class=\"wp-block-heading\"><img decoding=\"async\" loading=\"lazy\" height=\"20\" width=\"20\" alt=\"&#x1f6d1;\" src=\"https:\/\/static.xx.fbcdn.net\/images\/emoji.php\/v9\/t74\/1\/20\/1f6d1.png\"><strong><em>ATENCI\u00d3N SE REPROGRAM\u00d3 LA SALIDA EDUCATIVA GRATUITA A LA CASA DE LA PROVINCIA<\/em><\/strong><img decoding=\"async\" loading=\"lazy\" height=\"20\" width=\"20\" alt=\"&#x1f6d1;\" src=\"https:\/\/static.xx.fbcdn.net\/images\/emoji.php\/v9\/t74\/1\/20\/1f6d1.png\"><\/h4>\n\n\n\n<h4 class=\"wp-block-heading\"><strong><em>PARA ESTUDIANTES DEL ISFD N\u00b021, \u00abDR. RICARDO ROJAS\u00bb<\/em><\/strong><\/h4>\n\n\n\n<h4 class=\"wp-block-heading\"><em>En el marco de las l\u00edneas de trabajo de la Coordinaci\u00f3n de Pol\u00edticas Estudiantiles: \u201cExperiencias Culturales\u201d de la Direcci\u00f3n Provincial de Educaci\u00f3n Superior, se realizar\u00e1 la salida educativa did\u00e1ctica en donde asistir\u00e1n a la Casa de la Provincia.<\/em><\/h4>\n\n\n\n<h5 class=\"wp-block-heading\"><strong><em>PARA ESTO LA MUNICIPALIDAD DISPONDR\u00c1 DE UN MICRO, QUE SALDR\u00c1 DESDE EL ISFD N\u00b021 CITO EN&nbsp;<a href=\"https:\/\/www.google.com\/maps\/search\/Merlo+N%C2%B0499+(Moreno?entry=gmail&amp;source=g&amp;fbclid=IwAR1uMMTGlLM_Xu-VabZcOc-Obq0C5kgdyZAlGXrD7uv-JsLdXIdvOJ7si8A\" rel=\"noreferrer noopener\" target=\"_blank\">MERLO N\u00b02591 (MORENO<\/a>) A LAS 17:30 HS. EL MISMO SE DIRIGIR\u00c1 A LA \u201cCASA DE LA PROVINCIA DE BUENOS AIRES\u201d UBICADA EN&nbsp;<a href=\"https:\/\/www.google.com\/maps\/search\/calle+Callao+N%C2%BA+237+a?entry=gmail&amp;source=g&amp;fbclid=IwAR2-zIHbew4PaGFFIz0mZ17fRPqD965aK9O1RO-N86OBhxsGMZeqUXeT2Ag\" rel=\"noreferrer noopener\" target=\"_blank\">CALLE CALLAO N\u00ba 237 A<\/a>&nbsp;DONDE LLEGAR\u00c1 A LAS 18:45 HS SIENDO RECIBIDO POR LAS AUTORIDADES.<\/em><\/strong><\/h5>\n\n\n\n<h5 class=\"wp-block-heading\"><strong><em>SE PREV\u00c9 QUE EL ESPECT\u00c1CULO CULTURAL DURAR\u00c1 2 HORAS, ENTRE LAS 19 A 21. EL MISMO SE ENMARCA EN EL CICLO \u201cFICCIONES BONAERENSES\u201d Y CONTAR\u00c1 CON LA PRESENCIA DE AUGUSTO BERENGAN, FRANCISCO LANUSE Y LEANDRO \u00c1VALOS DONDE ENTRE M\u00daSICA Y LITERATURA CONTAR\u00c1N HISTORIAS DE HUDSON Y BERAZATEGUI.<\/em><\/strong><\/h5>\n\n\n\n<h5 class=\"wp-block-heading\"><strong><em>UNA VEZ FINALIZADO, EL MICRO RETORNAR\u00c1 AL MUNICIPIO DE MORENO, DEJANDO A LA DELEGACI\u00d3N EN LAS MISMA UBICACI\u00d3N DESDE DONDE PARTI\u00d3.<\/em><\/strong><\/h5>\n\n\n\n<h5 class=\"wp-block-heading\"><strong><em>D\u00cdA Y HORARIO: VIERNES 16\/9 A LAS 17:30 HS.<\/em><\/strong><\/h5>\n\n\n\n<h5 class=\"wp-block-heading\"><strong><em>HORARIO DE REGRESO, PUERTA DEL INSTITUTO, PREVISTO: 22:00 HS.<\/em><\/strong><\/h5>\n\n\n\n<h5 class=\"wp-block-heading\"><strong><em>QUIENES EST\u00c9N INTERESADOS EN REALIZAR LA SALIDA EDUCATIVA, DEBER\u00c1N COMPLETAR EL PRESENTE FORMULARIO.TENEMOS 50 LUGARES DISPONIBLES, CUANDO SE COMPLETE EL CUPO LO INFORMAREMOS Y CERRAREMOS EL FORMULARIO.<\/em><\/strong><\/h5>\n\n\n\n<h5 class=\"wp-block-heading\"><strong><a href=\"https:\/\/forms.gle\/BDmh51ty2d9kMtqz6?fbclid=IwAR1iWRRaib8fz8eEFNUQM47NtNiM27desRRzQSQgnjJaojHTXbg0wU3Nxsg\" rel=\"noreferrer noopener\" target=\"_blank\"><em>HTTPS:\/\/FORMS.GLE\/BDMH51TY2D9KMTQZ6<\/em><\/a><\/strong><\/h5>\n\n\n\n<hr class=\"wp-block-separator has-css-opacity\"\/>\n\n\n\n<p><em>En el d\u00eda de ayer, 11 de septiembre celebramos el d\u00eda del Maestro<\/em><\/p>\n\n\n\n<p>GRACIAS por el trabajo y el compromiso de cada d\u00eda.<\/p>\n\n\n\n<p>GRACIAS por las palabras, las sonrisas y los abrazos.<\/p>\n\n\n\n<p>GRACIAS por esa voluntad de formarse para ser mejores profesionales.<\/p>\n\n\n\n<p>GRACIAS por fortalecer y garantizar todos los d\u00edas una educaci\u00f3n p\u00fablica de calidad para las y los bonaerenses. <\/p>\n\n\n\n<p>GRACIAS por cumplir ese rol fundamental con amor y generosidad.<\/p>\n\n\n<div class=\"wp-block-image\">\n<figure class=\"aligncenter size-large is-resized\"><img decoding=\"async\" loading=\"lazy\" src=\"https:\/\/isfd21-bue.infd.edu.ar\/sitio\/wp-content\/uploads\/2022\/09\/306584627_1234172180716091_4475051702387830759_n.jpg\" alt=\"\" class=\"wp-image-6883\" width=\"675\" height=\"477\"\/><\/figure><\/div>\n\n\n<hr class=\"wp-block-separator has-css-opacity\"\/>\n\n\n\n<p>09\/09\/22<\/p>\n\n\n\n<h4 class=\"wp-block-heading\"><em>En el d\u00eda de hoy recibimos la visita de la Directora Provincial de Educaci\u00f3n Superior, Profesora Marisa Gori y el Inspector Areal, profesor Mariano Chalupa. en el marco de las acciones preliminares de un nuevo Plan de Alfabetizaci\u00f3n para la Provincia de Buenos Aires.<\/em><\/h4>\n\n\n\n<h4 class=\"wp-block-heading\"><em>Compartimos con ustedes im\u00e1genes del encuentro junto a profesores de 1er a 4to a\u00f1o de Campo de la Pr\u00e1ctica del Profesorado de Educaci\u00f3n Primaria del ISFD 21 e ISFD 111 y de Campo de la Pr\u00e1ctica del Profesorado de Lengua y Literatura del ISFD 21.<\/em><\/h4>\n\n\n<div class=\"wp-block-image\">\n<figure class=\"aligncenter size-large\"><img decoding=\"async\" loading=\"lazy\" width=\"1600\" height=\"1040\" src=\"https:\/\/isfd21-bue.infd.edu.ar\/sitio\/wp-content\/uploads\/2022\/09\/WhatsApp-Image-2022-09-12-at-3.27.25-PM.jpeg\" alt=\"\" class=\"wp-image-6913\" srcset=\"https:\/\/isfd21-bue.infd.edu.ar\/sitio\/wp-content\/uploads\/2022\/09\/WhatsApp-Image-2022-09-12-at-3.27.25-PM.jpeg 1600w, https:\/\/isfd21-bue.infd.edu.ar\/sitio\/wp-content\/uploads\/2022\/09\/WhatsApp-Image-2022-09-12-at-3.27.25-PM-1000x650.jpeg 1000w, https:\/\/isfd21-bue.infd.edu.ar\/sitio\/wp-content\/uploads\/2022\/09\/WhatsApp-Image-2022-09-12-at-3.27.25-PM-768x499.jpeg 768w, https:\/\/isfd21-bue.infd.edu.ar\/sitio\/wp-content\/uploads\/2022\/09\/WhatsApp-Image-2022-09-12-at-3.27.25-PM-1536x998.jpeg 1536w\" sizes=\"(max-width: 1600px) 100vw, 1600px\" \/><\/figure><\/div>\n\n<div class=\"wp-block-image\">\n<figure class=\"aligncenter size-large\"><img decoding=\"async\" loading=\"lazy\" width=\"492\" height=\"497\" src=\"https:\/\/isfd21-bue.infd.edu.ar\/sitio\/wp-content\/uploads\/2022\/09\/image-9.png\" alt=\"\" class=\"wp-image-6887\"\/><\/figure><\/div>\n\n\n<hr class=\"wp-block-separator has-css-opacity\"\/>\n\n\n\n<p>08\/09\/22<\/p>\n\n\n\n<p><em><strong><strong><em>Esta ma\u00f1ana, estudiantes de primer a\u00f1o del Profesorado de Educaci\u00f3n junto con las profesoras Celina De Paula y Mariana Diaz Ulloque recorrieron el Casco Hist\u00f3rico de Moreno a trav\u00e9s del Proyecto Cultural del Municipio de Moreno, a cargo de la Subsecretaria de Cultura, Educaci\u00f3n y Deportes del Municipio de Moreno.<\/em><\/strong><\/strong><\/em><\/p>\n\n\n<div class=\"wp-block-image\">\n<figure class=\"aligncenter size-large is-resized\"><img decoding=\"async\" loading=\"lazy\" src=\"https:\/\/isfd21-bue.infd.edu.ar\/sitio\/wp-content\/uploads\/2022\/09\/image-8.png\" alt=\"\" class=\"wp-image-6861\" width=\"575\" height=\"566\"\/><\/figure><\/div>\n\n\n<p><\/p>\n\n\n<div class=\"wp-block-image\">\n<figure class=\"aligncenter size-large is-resized\"><img decoding=\"async\" loading=\"lazy\" src=\"https:\/\/isfd21-bue.infd.edu.ar\/sitio\/wp-content\/uploads\/2022\/09\/Historia-de-Instagram-Cartel-de-Aviso-Caricatura-Rojo-1069x1900.png\" alt=\"\" class=\"wp-image-6855\" width=\"334\" height=\"594\" srcset=\"https:\/\/isfd21-bue.infd.edu.ar\/sitio\/wp-content\/uploads\/2022\/09\/Historia-de-Instagram-Cartel-de-Aviso-Caricatura-Rojo-1069x1900.png 1069w, https:\/\/isfd21-bue.infd.edu.ar\/sitio\/wp-content\/uploads\/2022\/09\/Historia-de-Instagram-Cartel-de-Aviso-Caricatura-Rojo-563x1000.png 563w, https:\/\/isfd21-bue.infd.edu.ar\/sitio\/wp-content\/uploads\/2022\/09\/Historia-de-Instagram-Cartel-de-Aviso-Caricatura-Rojo-768x1365.png 768w, https:\/\/isfd21-bue.infd.edu.ar\/sitio\/wp-content\/uploads\/2022\/09\/Historia-de-Instagram-Cartel-de-Aviso-Caricatura-Rojo-864x1536.png 864w, https:\/\/isfd21-bue.infd.edu.ar\/sitio\/wp-content\/uploads\/2022\/09\/Historia-de-Instagram-Cartel-de-Aviso-Caricatura-Rojo.png 1080w\" sizes=\"(max-width: 334px) 100vw, 334px\" \/><\/figure><\/div>\n\n\n<p><\/p>\n\n\n\n<p class=\"has-medium-font-size\"><strong>07\/09\/22<\/strong><\/p>\n\n\n\n<h4 class=\"wp-block-heading\"><strong><em>Compartimos con ustedes la invitaci\u00f3n para la conferencia que se realizar\u00e1 el d\u00eda de ma\u00f1ana v\u00eda YouTube.<\/em><\/strong><\/h4>\n\n\n\n<h4 class=\"wp-block-heading\"><strong><em>Conferencia inicial:<\/em><\/strong><\/h4>\n\n\n\n<h4 class=\"wp-block-heading\"><strong><em>*La educaci\u00f3n de j\u00f3venes y adultos: una mirada did\u00e1ctica.<\/em><\/strong><\/h4>\n\n\n\n<h4 class=\"wp-block-heading\"><strong><em>*Alfabetizaci\u00f3n inicial en personas j\u00f3venes y adultas con discapacidad intelectual: un desaf\u00edo a construir.<\/em><\/strong><\/h4>\n\n\n\n<p><strong><em><a href=\"https:\/\/www.youtube.com\/educacionBA\" target=\"_blank\" rel=\"noreferrer noopener\">Link: https:\/\/www.youtube.com\/educacionBA<\/a><\/em><\/strong><\/p>\n\n\n\n<figure class=\"wp-block-image size-large\"><img decoding=\"async\" loading=\"lazy\" width=\"1280\" height=\"1280\" src=\"https:\/\/isfd21-bue.infd.edu.ar\/sitio\/wp-content\/uploads\/2022\/09\/WhatsApp-Image-2022-09-07-at-2.47.07-PM-1.jpeg\" alt=\"\" class=\"wp-image-6848\" srcset=\"https:\/\/isfd21-bue.infd.edu.ar\/sitio\/wp-content\/uploads\/2022\/09\/WhatsApp-Image-2022-09-07-at-2.47.07-PM-1.jpeg 1280w, https:\/\/isfd21-bue.infd.edu.ar\/sitio\/wp-content\/uploads\/2022\/09\/WhatsApp-Image-2022-09-07-at-2.47.07-PM-1-1000x1000.jpeg 1000w, https:\/\/isfd21-bue.infd.edu.ar\/sitio\/wp-content\/uploads\/2022\/09\/WhatsApp-Image-2022-09-07-at-2.47.07-PM-1-500x500.jpeg 500w, https:\/\/isfd21-bue.infd.edu.ar\/sitio\/wp-content\/uploads\/2022\/09\/WhatsApp-Image-2022-09-07-at-2.47.07-PM-1-768x768.jpeg 768w\" sizes=\"(max-width: 1280px) 100vw, 1280px\" \/><\/figure>\n\n\n\n<hr class=\"wp-block-separator has-css-opacity\"\/>\n\n\n\n<h4 class=\"wp-block-heading\">Estimada comunidad educativa:<\/h4>\n\n\n\n<h4 class=\"wp-block-heading\">Compartimos con ustedes , el Orden del D\u00eda de la pr\u00f3xima sesi\u00f3n ordinaria del CAI, que se llevar\u00e1 a cabo el d\u00eda&nbsp;<strong>martes 13 de septiembre a las 15<\/strong>hs. en la sede del ISFD N\u00b021 \u201cDr. Ricardo Rojas\u201d .<\/h4>\n\n\n\n<h4 class=\"wp-block-heading\"><strong>Orden del d\u00eda<\/strong>:<\/h4>\n\n\n\n<h4 class=\"wp-block-heading\">1) Recibimiento a nuevxs consejerxs del claustro estudiantil.<\/h4>\n\n\n\n<h4 class=\"wp-block-heading\">2) Aval de la Oferta de Carreras 2023.<\/h4>\n\n\n\n<h4 class=\"wp-block-heading\">3) Concursos (volver a virtualidad o modalidad mixta)<\/h4>\n\n\n\n<h4 class=\"wp-block-heading\">4) Infraestructura: funcionamiento de aires acondicionados\/calefacci\u00f3n del espacio de lxs auxiliares\/falta de agua en la cocina.<\/h4>\n\n\n\n<h4 class=\"wp-block-heading\">5) Compartir, por parte del ED presente, lo trabajado en Mar del Plata sobre los cambios de normativas y de planes de estudio de algunas carreras.<\/h4>\n\n\n\n<h4 class=\"wp-block-heading\">6) Propuesta del armado de comisiones para organizaci\u00f3n de PI, revisi\u00f3n de Proyecto de Evaluaci\u00f3n Institucional y Proyecto de ESI institucional.<\/h4>\n\n\n\n<h4 class=\"wp-block-heading\">7) Nota enviada por 4\u00b0 1 y 4\u00b0 2 de Ingl\u00e9s dirigida al CAI.<\/h4>\n\n\n\n<h4 class=\"wp-block-heading\">Saludos cordiales.<\/h4>\n\n\n\n<hr class=\"wp-block-separator has-css-opacity\"\/>\n\n\n\n<h4 class=\"wp-block-heading\"><strong><em>ATENCI\u00d3N EGRESADOS<\/em><\/strong><\/h4>\n\n\n\n<h4 class=\"wp-block-heading\"><strong><em>LLEGARON CONSTANCIAS DE INGRESO A LA DOCENCIA Y T\u00cdTULO EN TR\u00c1MITE. PUEDEN PASAR A RETIRARLAS POR PRECEPTOR\u00cdA. SI NO PUEDEN RETIRARLAS PERSONALMENTE, ENV\u00cdEN A ALGUIEN M\u00c1S CON UNA AUTORIZACI\u00d3N FIRMADA POR USTEDES.<\/em><\/strong><\/h4>\n\n\n\n<h4 class=\"wp-block-heading\"><\/h4>\n\n\n\n<h4 class=\"wp-block-heading\"><strong><em>LISTADO<\/em><\/strong><\/h4>\n\n\n\n<h4 class=\"wp-block-heading\"><strong><em>LEDESMA, CAROLINA<\/em><\/strong><\/h4>\n\n\n\n<h4 class=\"wp-block-heading\"><strong><em>GODOY, BRENDA<\/em><\/strong><\/h4>\n\n\n\n<h4 class=\"wp-block-heading\"><strong><em>FERN\u00c1NDEZ, GUADALUPE<\/em><\/strong><\/h4>\n\n\n\n<h4 class=\"wp-block-heading\"><strong><em>ESCOBAR, JOANNA<\/em><\/strong><\/h4>\n\n\n\n<h4 class=\"wp-block-heading\"><strong><em>CORONEL, SANTIAGO<\/em><\/strong><\/h4>\n\n\n\n<h4 class=\"wp-block-heading\"><strong><em>MART\u00cdNEZ, MAR\u00cdA<\/em><\/strong><\/h4>\n\n\n\n<h4 class=\"wp-block-heading\"><strong><em>SE AGRADECE DIFUSI\u00d3N<\/em><\/strong><\/h4>\n\n\n\n<hr class=\"wp-block-separator has-css-opacity\"\/>\n\n\n\n<p>06\/09\/22<\/p>\n\n\n\n<h1 class=\"wp-block-heading\">&#x1f6d1;&#x2757;&#xfe0f;<strong>ATENCI\u00d3N<\/strong>&#x2757;&#xfe0f;&#x1f6d1;<strong><\/strong><\/h1>\n\n\n\n<h1 class=\"wp-block-heading\"><strong>MESAS DE \u00daLTIMA MATERIA<\/strong><\/h1>\n\n\n\n<h1 class=\"wp-block-heading\"><strong>-Inscripci\u00f3n a \u00faltima materia del 6\/9 al 10\/9. Con nota en preceptor\u00eda (modelo de nota en el kiosco frente al Rojas).<\/strong><\/h1>\n\n\n\n<h1 class=\"wp-block-heading\"><strong>-Relevamiento de preceptor\u00eda del 12\/9 al 16\/9.<\/strong><\/h1>\n\n\n\n<h1 class=\"wp-block-heading\"><strong>-Armado de mesas y notificaci\u00f3n a docentes del 19\/9 al 23\/9.<\/strong><\/h1>\n\n\n\n<h1 class=\"wp-block-heading\"><strong>-Publicaci\u00f3n de mesas de \u00faltima materia del 26\/9 al 30\/9.<\/strong><\/h1>\n\n\n\n<h1 class=\"wp-block-heading\"><strong>-Mesas de ex\u00e1menes de \u00faltima materia del 3\/10 al 7\/10.<\/strong><\/h1>\n\n\n\n<p>05\/09\/2022<\/p>\n\n\n<div class=\"wp-block-image\">\n<figure class=\"aligncenter is-resized\"><img decoding=\"async\" loading=\"lazy\" src=\"https:\/\/isfd21-bue.infd.edu.ar\/sitio\/wp-content\/uploads\/2022\/09\/WhatsApp-Image-2022-09-05-at-2.05.40-PM.jpeg\" alt=\"\" width=\"321\" height=\"453\"\/><\/figure><\/div>\n\n<div class=\"wp-block-image\">\n<figure class=\"aligncenter size-large is-resized\"><img decoding=\"async\" loading=\"lazy\" src=\"https:\/\/isfd21-bue.infd.edu.ar\/sitio\/wp-content\/uploads\/2022\/09\/WhatsApp-Image-2022-09-05-at-2.05.40-PM-1-1.jpeg\" alt=\"\" class=\"wp-image-6821\" width=\"576\" height=\"415\" srcset=\"https:\/\/isfd21-bue.infd.edu.ar\/sitio\/wp-content\/uploads\/2022\/09\/WhatsApp-Image-2022-09-05-at-2.05.40-PM-1-1.jpeg 830w, https:\/\/isfd21-bue.infd.edu.ar\/sitio\/wp-content\/uploads\/2022\/09\/WhatsApp-Image-2022-09-05-at-2.05.40-PM-1-1-768x554.jpeg 768w\" sizes=\"(max-width: 576px) 100vw, 576px\" \/><\/figure><\/div>\n\n\n<hr class=\"wp-block-separator has-css-opacity\"\/>\n\n\n\n<p><em>Hoy s\u00e1bado 3\/9 comenzaron los ex\u00e1menes finales del Postitulo y el Tramo de formaci\u00f3n complementaria para estudiantes con alteraci\u00f3n en el desarrollo y la constituci\u00f3n subjetiva. La capacitaci\u00f3n y actualizaci\u00f3n permanente de docentes y profesionales son necesarios, por lo cual como instituci\u00f3n educativa estamos comprometidos y apoyamos estas iniciativas que mejoran las pr\u00e1cticas institucionales en el marco de las escuelas p\u00fablicas de calidad.<\/em><\/p>\n\n\n\n<hr class=\"wp-block-separator has-css-opacity\"\/>\n\n\n<div class=\"wp-block-image\">\n<figure class=\"aligncenter size-large\"><img decoding=\"async\" loading=\"lazy\" width=\"492\" height=\"588\" src=\"https:\/\/isfd21-bue.infd.edu.ar\/sitio\/wp-content\/uploads\/2022\/09\/image-3.png\" alt=\"\" class=\"wp-image-6805\"\/><\/figure><\/div>\n\n\n<p><\/p>\n\n\n\n<hr class=\"wp-block-separator has-css-opacity\"\/>\n\n\n\n<p>*Se palpita el 24 Encuentro Regional de mujeres, lesbianas, bisexuales, travestis, trans, intersex y no binaries del conurbano oeste y noroeste<\/p>\n\n\n\n<p>\u00a1y ac\u00e1 compartimos las propuestas de talleres y charlas!*<\/p>\n\n\n\n<p>_Descripci\u00f3n de la imagen:_Se trata de un flyer con fondo blanco y una llama de fuego en la parte inferior. En el margen superior derecho \u00ab24 encuentro regional de mujeres, lesbianas, bisexuales, travestis, trans, intersex y no binaries del conurbano oeste y noroeste\u00bb acompa\u00f1ado del logo de los encuentros plurinacionales. En el margen superior izquierdo se encuentran banderines conformados por la bandera whipala, la bandera del orgullo, el pa\u00f1uelo naranja y el pa\u00f1uelo verde. En el medio dice \u00abTalleres y charlas\u00bb, y debajo \u00abMoreno, 10 de septiembre de 2022\u00bb y las redes sociales del Encuentro regional (facebook, instagram y correo electr\u00f3nico)<\/p>\n\n\n\n<p>Les dejamos este link para ingresar a un archivo en PDF, donde figuran los ejes de cada taller y las charlas: <a rel=\"noreferrer noopener\" href=\"https:\/\/drive.google.com\/file\/d\/1uryHhxI6mHw4S5sjOBQdiD3tRvmSHGy3\/view?usp=sharing&amp;fbclid=IwAR1qXDZcoA41TYr-9rD0ikoxnNDHJFkSQNqAYJifqTGCg6JzLZr9q_6BHEE\" target=\"_blank\">https:\/\/drive.google.com\/&#8230;\/1uryHhxI6mHw4S5sjOBQ&#8230;\/view&#8230;<\/a>_En unos d\u00edas nos estaremos abrazando y encontrando nuevamente en estas jornadas autogestivas, aut\u00f3nomas, abiertas, gratuitas, y con la alegr\u00eda de continuar organizandonos en nuestros territorios_<\/p>\n\n\n\n<hr class=\"wp-block-separator has-css-opacity\"\/>\n\n\n\n<p>Regionales de Gesti\u00f3n Estatal y Gesti\u00f3n Privada- Regiones 1 a 25<\/p>\n\n\n\n<p>A las\/os Inspectoras\/es Jefas\/es Distritales<\/p>\n\n\n\n<p>A las\/os Inspectoras\/es de Ense\u00f1anza de Niveles y Modalidades<\/p>\n\n\n\n<p>A los Consejos Escolares<\/p>\n\n\n\n<p>A las Secretar\u00edas de Asuntos Docentes<\/p>\n\n\n\n<p>A los Tribunales de Clasificaci\u00f3n Descentralizados<\/p>\n\n\n\n<p>A los Equipos Directivos de los Establecimientos Educativos<\/p>\n\n\n\n<p>A los Equipos Docentes y Auxiliares<\/p>\n\n\n\n<p>A las Comunidades Educativas.<\/p>\n\n\n\n<p>Nos comunicamos con ustedes para hacerles llegar el Pronunciamiento de la Direcci\u00f3n General de Cultura y Educaci\u00f3n respecto de los hechos de p\u00fablico conocimiento del d\u00eda 1\u00b0 de septiembre de 2022.<\/p>\n\n\n\n<p>Se solicita dar amplia difusi\u00f3n del mismo a todas las Instituciones Educativas y sus comunidades.<\/p>\n\n\n\n<p>Las y los saludamos afectuosamente.<\/p>\n\n\n\n<p>Direcci\u00f3n General de Cultura y Educaci\u00f3n<\/p>\n\n\n<div class=\"wp-block-image\">\n<figure class=\"aligncenter\"><img decoding=\"async\" src=\"https:\/\/isfd21-bue.infd.edu.ar\/sitio\/wp-content\/uploads\/2022\/09\/image-5.png\" alt=\"La imagen tiene un atributo ALT vac\u00edo; su nombre de archivo es image-5.png\"\/><\/figure><\/div>\n\n\n<hr class=\"wp-block-separator has-css-opacity\"\/>\n\n\n\n<h4 class=\"wp-block-heading\"><em><strong>COMPARTIMOS VIDEO QUE CONTIENE IM\u00c1GENES DEL ENCUENTRO PROVINCIAL DE CIPES, DONDE TUVIMOS PRESENCIA INSTITUCIONAL.<\/strong><\/em><\/h4>\n\n\n\n<p class=\"has-medium-font-size\"><a href=\"https:\/\/www.facebook.com\/groups\/523982381290540\/user\/100072414821203\/?__cft__[0]=AZU2D9dsmrNbuq0lgLcABG8NUiO3Jjs-dIE4irisdHg90SrlkmMryl5GWS0UQDkxTZc9k6ok9mHl1Cvdt9uZm_ixseflm4jFtPkHFdFXWzWqThtzrZqaZ7FdEBscpDcs0ZTJYsz2JPDIPWm-iLBg-1k3Nqy3PvCc-eCoNGXNnKZY_w&amp;__tn__=-]K-R\"><em><strong>Cipes Rojas<\/strong><\/em><\/a><\/p>\n\n\n\n<p class=\"has-medium-font-size\"><em><strong>Clic en link para ver v\u00eddeo: <a rel=\"noreferrer noopener\" href=\"https:\/\/fb.watch\/flSAHlWV1c\/?fbclid=IwAR2CGX4jqz3fbjIuXqV2Sz0BpFcx0WWnfURn8SyUzbaAUjJXeJWsbsHaDx8\" target=\"_blank\">https:\/\/fb.watch\/flSAHlWV1c\/<\/a><\/strong><\/em><\/p>\n\n\n\n<hr class=\"wp-block-separator has-css-opacity\"\/>\n\n\n<div class=\"wp-block-image\">\n<figure class=\"aligncenter size-large\"><img decoding=\"async\" loading=\"lazy\" width=\"484\" height=\"647\" src=\"https:\/\/isfd21-bue.infd.edu.ar\/sitio\/wp-content\/uploads\/2022\/09\/image-4.png\" alt=\"\" class=\"wp-image-6806\"\/><\/figure><\/div>\n\n\n<p>01\/09\/2022<\/p>\n\n\n\n<figure class=\"wp-block-image size-large\"><img decoding=\"async\" loading=\"lazy\" width=\"588\" height=\"282\" src=\"https:\/\/isfd21-bue.infd.edu.ar\/sitio\/wp-content\/uploads\/2022\/09\/image-1.png\" alt=\"\" class=\"wp-image-6799\"\/><\/figure>\n\n\n\n<h5 class=\"wp-block-heading\"><strong><em>ATENCI\u00d3N EGRESADOS<\/em><\/strong><\/h5>\n\n\n\n<h5 class=\"wp-block-heading\"><strong><em>LLEGARON CONSTANCIAS DE INGRESO A LA DOCENCIA Y T\u00cdTULO EN TR\u00c1MITE, VER N\u00d3MINA, EN CASO QUE NO PUEDAS ASISTIR PERSONALMENTE PARA RETIRARLA, POD\u00c9S ENVIAR A ALGUIEN M\u00c1S CON UNA AUTORIZACI\u00d3N Y COPIA DE TU DNI.<\/em><\/strong><\/h5>\n\n\n\n<h5 class=\"wp-block-heading\"><strong><em>POD\u00c9S RETIRARLAS EN LOS HORARIOS DE ATENCI\u00d3N DE PRECEPTOR\u00cdA.<\/em><\/strong><\/h5>\n\n\n\n<figure class=\"wp-block-gallery has-nested-images columns-default is-cropped wp-block-gallery-79 is-layout-flex\">\n<figure class=\"wp-block-image size-large\"><img decoding=\"async\" loading=\"lazy\" width=\"1200\" height=\"1600\" data-id=\"6795\"  src=\"https:\/\/isfd21-bue.infd.edu.ar\/sitio\/wp-content\/uploads\/2022\/09\/WhatsApp-Image-2022-08-31-at-4.13.21-PM-1.jpeg\" alt=\"\" class=\"wp-image-6795\" srcset=\"https:\/\/isfd21-bue.infd.edu.ar\/sitio\/wp-content\/uploads\/2022\/09\/WhatsApp-Image-2022-08-31-at-4.13.21-PM-1.jpeg 1200w, https:\/\/isfd21-bue.infd.edu.ar\/sitio\/wp-content\/uploads\/2022\/09\/WhatsApp-Image-2022-08-31-at-4.13.21-PM-1-750x1000.jpeg 750w, https:\/\/isfd21-bue.infd.edu.ar\/sitio\/wp-content\/uploads\/2022\/09\/WhatsApp-Image-2022-08-31-at-4.13.21-PM-1-768x1024.jpeg 768w, https:\/\/isfd21-bue.infd.edu.ar\/sitio\/wp-content\/uploads\/2022\/09\/WhatsApp-Image-2022-08-31-at-4.13.21-PM-1-1152x1536.jpeg 1152w\" sizes=\"(max-width: 1200px) 100vw, 1200px\" \/><\/figure>\n\n\n\n<figure class=\"wp-block-image size-large\"><img decoding=\"async\" loading=\"lazy\" width=\"1200\" height=\"1600\" data-id=\"6796\"  src=\"https:\/\/isfd21-bue.infd.edu.ar\/sitio\/wp-content\/uploads\/2022\/09\/WhatsApp-Image-2022-08-31-at-4.13.21-PM.jpeg\" alt=\"\" class=\"wp-image-6796\" srcset=\"https:\/\/isfd21-bue.infd.edu.ar\/sitio\/wp-content\/uploads\/2022\/09\/WhatsApp-Image-2022-08-31-at-4.13.21-PM.jpeg 1200w, https:\/\/isfd21-bue.infd.edu.ar\/sitio\/wp-content\/uploads\/2022\/09\/WhatsApp-Image-2022-08-31-at-4.13.21-PM-750x1000.jpeg 750w, https:\/\/isfd21-bue.infd.edu.ar\/sitio\/wp-content\/uploads\/2022\/09\/WhatsApp-Image-2022-08-31-at-4.13.21-PM-768x1024.jpeg 768w, https:\/\/isfd21-bue.infd.edu.ar\/sitio\/wp-content\/uploads\/2022\/09\/WhatsApp-Image-2022-08-31-at-4.13.21-PM-1152x1536.jpeg 1152w\" sizes=\"(max-width: 1200px) 100vw, 1200px\" \/><\/figure>\n<\/figure>\n\n\n\n<p><\/p>\n\n\n\n<p><\/p>\n\n\n\n<hr class=\"wp-block-separator has-css-opacity\"\/>\n\n\n\n<h4 class=\"wp-block-heading\">*TALLER DE INGRESO A LA DOCENCIA*<\/h4>\n\n\n\n<h4 class=\"wp-block-heading\">El pr\u00f3ximo lunes 5\/9 a las 18 hs realizaremos un taller de ingreso a la docencia; el mismo se realizar\u00e1 por Meet.<\/h4>\n\n\n\n<h4 class=\"wp-block-heading\">*Formulario de inscripci\u00f3n:&nbsp;<a href=\"https:\/\/bit.ly\/Inscripci%C3%B3nTallerIngresoALaDocencia?fbclid=IwAR27Km3UlUWrjDBpKVHxUGNT8nWG7JdY1TAOMf7WtnDx4nnUig5JXtAEgEM\" rel=\"noreferrer noopener\" target=\"_blank\">https:\/\/bit.ly\/Inscripci\u00f3nTallerIngresoALaDocencia<\/a><\/h4>\n\n\n\n<h4 class=\"wp-block-heading\">*Quienes quieran inscribirse en el Listado 108 B Complementario deber\u00e1n presentar certificado de materias aprobadas y de alumnx regular, por lo que sugerimos que vayan gestionando esta documentaci\u00f3n en Preceptor\u00eda; la inscripci\u00f3n al listado finaliza el viernes 9\/9.<\/h4>\n\n\n\n<h4 class=\"wp-block-heading\">*El mismo d\u00eda del encuentro recibir\u00e1n en sus correos el enlace de acceso a la reuni\u00f3n.<\/h4>\n\n\n\n<h4 class=\"wp-block-heading\">*\u00a1Lxs esperamos!<\/h4>\n\n\n\n<h4 class=\"wp-block-heading\">*Coordinadorxs Institucionales de Pol\u00edticas Estudiantiles (CIPEs)<\/h4>\n\n\n\n<h4 class=\"wp-block-heading\">*_Instituto Superior de Formaci\u00f3n Docente N\u00b0 21 Ricardo Rojas &#8211; Moreno_<\/h4>\n\n\n<div class=\"wp-block-image\">\n<figure class=\"aligncenter size-large is-resized\"><img decoding=\"async\" loading=\"lazy\" src=\"https:\/\/isfd21-bue.infd.edu.ar\/sitio\/wp-content\/uploads\/2022\/09\/302404660_1225355261597783_5134321040955445997_n.jpg\" alt=\"\" class=\"wp-image-6793\" width=\"393\" height=\"393\" srcset=\"https:\/\/isfd21-bue.infd.edu.ar\/sitio\/wp-content\/uploads\/2022\/09\/302404660_1225355261597783_5134321040955445997_n.jpg 526w, https:\/\/isfd21-bue.infd.edu.ar\/sitio\/wp-content\/uploads\/2022\/09\/302404660_1225355261597783_5134321040955445997_n-500x500.jpg 500w\" sizes=\"(max-width: 393px) 100vw, 393px\" \/><\/figure><\/div>\n\n\n<p>Compartimos las im\u00e1genes del hermoso taller que se desarroll\u00f3 esta ma\u00f1ana en el SUM del instituto con estudiantes del Campo de la Pr\u00e1ctica IV, del profesorado de Educaci\u00f3n Especial y estudiantes del CFI B\u00e1sico de la escuela N\u00b0 501, con el eje \u201cValorar la Afectividad\u201d en el marco de la ESI, donde se trabaj\u00f3 la comunicaci\u00f3n de emociones, sentimientos, deseos, necesidades y problemas; el desarrollo de la escucha; la resoluci\u00f3n de conflictos a trav\u00e9s del di\u00e1logo; la toma de decisiones y el pensamiento cr\u00edtico y creativo.<br>Gracias a los todos los participantes y muy especialmente, gracias a la Profesora Mariana Healion por propiciar y organizar este encuentro que sin dudas ampl\u00eda horizontes y derechos!<\/p>\n\n\n<div class=\"wp-block-image\">\n<figure class=\"aligncenter size-large\"><img decoding=\"async\" loading=\"lazy\" width=\"489\" height=\"483\" src=\"https:\/\/isfd21-bue.infd.edu.ar\/sitio\/wp-content\/uploads\/2022\/09\/image.png\" alt=\"\" class=\"wp-image-6792\"\/><\/figure><\/div>\n\n\n<p>31\/08\/22<\/p>\n\n\n<div class=\"wp-block-image\">\n<figure class=\"aligncenter size-large\"><img decoding=\"async\" loading=\"lazy\" width=\"610\" height=\"485\" src=\"https:\/\/isfd21-bue.infd.edu.ar\/sitio\/wp-content\/uploads\/2022\/08\/image-3.png\" alt=\"\" class=\"wp-image-6783\"\/><\/figure><\/div>\n\n\n<p><\/p>\n\n\n\n<hr class=\"wp-block-separator has-css-opacity\"\/>\n\n\n\n<p><em>Encuentro donde tuvimos representaci\u00f3n institucional, gracias a nuestros CIPEs<\/em><\/p>\n\n\n\n<p>\u00a1Encuentro Provincial de CIPES! Las y los coordinadores Institucionales de Pol\u00edticas Estudiantiles (CIPES) de toda nuestra Provincia se reunieron en el d\u00eda de hoy en el Centro Cultural Kirchner para pensar entre todas y todos lo realizado, y seguir construyendo l\u00edneas futuras de intervenci\u00f3n. Se abordaron y pensaron distintas experiencias culturales que se est\u00e1n llevando adelante, el enorme trabajo sobre cambio curricular, y el estado del plan PROGRESAR en la educaci\u00f3n superior de la provincia. Por la tarde se realiz\u00f3 un trabajo por regiones bajo dos l\u00edneas: el fortalecimiento a las trayectorias estudiantiles, y, adem\u00e1s, la participaci\u00f3n estudiantil. Como cierre de la jornada, se realiz\u00f3 un plenario con las y los Coordinadores Regionales de CIPE.<a href=\"https:\/\/www.facebook.com\/hashtag\/cipes?__eep__=6&amp;__cft__[0]=AZX5w0XlEpRvs7_jhwJ2P0oPbfnUQYvwipQjXdoCmUY0xgE7a9hyWpn9TzDvqLYKnT1d43OOjpEWslLTwGIG3sP4FavGPpKMg_YZxRYD_7N-OLqmnImZvXPqt5ZARHVpqxdaqkySJsma07SCdXRh4EDD-cHNQqshVRfRYWuXg6cnxoBhb-Aemk2sR9qFkNDOK9Q&amp;__tn__=*NK-R\">#CIPEs<\/a><a href=\"https:\/\/www.facebook.com\/hashtag\/pol%C3%ADticasestudiantiles?__eep__=6&amp;__cft__[0]=AZX5w0XlEpRvs7_jhwJ2P0oPbfnUQYvwipQjXdoCmUY0xgE7a9hyWpn9TzDvqLYKnT1d43OOjpEWslLTwGIG3sP4FavGPpKMg_YZxRYD_7N-OLqmnImZvXPqt5ZARHVpqxdaqkySJsma07SCdXRh4EDD-cHNQqshVRfRYWuXg6cnxoBhb-Aemk2sR9qFkNDOK9Q&amp;__tn__=*NK-R\">#Pol\u00edticasEstudiantiles<\/a><a href=\"https:\/\/www.facebook.com\/hashtag\/democratizarlaeducaci%C3%B3nsuperior?__eep__=6&amp;__cft__[0]=AZX5w0XlEpRvs7_jhwJ2P0oPbfnUQYvwipQjXdoCmUY0xgE7a9hyWpn9TzDvqLYKnT1d43OOjpEWslLTwGIG3sP4FavGPpKMg_YZxRYD_7N-OLqmnImZvXPqt5ZARHVpqxdaqkySJsma07SCdXRh4EDD-cHNQqshVRfRYWuXg6cnxoBhb-Aemk2sR9qFkNDOK9Q&amp;__tn__=*NK-R\">#DemocratizarLaEducaci\u00f3nSuperior<\/a><a href=\"https:\/\/www.facebook.com\/hashtag\/claudiabracchi?__eep__=6&amp;__cft__[0]=AZX5w0XlEpRvs7_jhwJ2P0oPbfnUQYvwipQjXdoCmUY0xgE7a9hyWpn9TzDvqLYKnT1d43OOjpEWslLTwGIG3sP4FavGPpKMg_YZxRYD_7N-OLqmnImZvXPqt5ZARHVpqxdaqkySJsma07SCdXRh4EDD-cHNQqshVRfRYWuXg6cnxoBhb-Aemk2sR9qFkNDOK9Q&amp;__tn__=*NK-R\">#ClaudiaBracchi<\/a>. <a href=\"https:\/\/www.facebook.com\/hashtag\/marisagori?__eep__=6&amp;__cft__[0]=AZX5w0XlEpRvs7_jhwJ2P0oPbfnUQYvwipQjXdoCmUY0xgE7a9hyWpn9TzDvqLYKnT1d43OOjpEWslLTwGIG3sP4FavGPpKMg_YZxRYD_7N-OLqmnImZvXPqt5ZARHVpqxdaqkySJsma07SCdXRh4EDD-cHNQqshVRfRYWuXg6cnxoBhb-Aemk2sR9qFkNDOK9Q&amp;__tn__=*NK-R\">#MarisaGori<\/a><a href=\"https:\/\/www.facebook.com\/hashtag\/vivianataylor?__eep__=6&amp;__cft__[0]=AZX5w0XlEpRvs7_jhwJ2P0oPbfnUQYvwipQjXdoCmUY0xgE7a9hyWpn9TzDvqLYKnT1d43OOjpEWslLTwGIG3sP4FavGPpKMg_YZxRYD_7N-OLqmnImZvXPqt5ZARHVpqxdaqkySJsma07SCdXRh4EDD-cHNQqshVRfRYWuXg6cnxoBhb-Aemk2sR9qFkNDOK9Q&amp;__tn__=*NK-R\">#VivianaTaylor<\/a><a href=\"https:\/\/www.facebook.com\/hashtag\/ver%C3%B3nicapiovani?__eep__=6&amp;__cft__[0]=AZX5w0XlEpRvs7_jhwJ2P0oPbfnUQYvwipQjXdoCmUY0xgE7a9hyWpn9TzDvqLYKnT1d43OOjpEWslLTwGIG3sP4FavGPpKMg_YZxRYD_7N-OLqmnImZvXPqt5ZARHVpqxdaqkySJsma07SCdXRh4EDD-cHNQqshVRfRYWuXg6cnxoBhb-Aemk2sR9qFkNDOK9Q&amp;__tn__=*NK-R\">#Ver\u00f3nicaPiovani<\/a><\/p>\n\n\n<div class=\"wp-block-image\">\n<figure class=\"aligncenter size-large is-resized\"><img decoding=\"async\" loading=\"lazy\" src=\"https:\/\/isfd21-bue.infd.edu.ar\/sitio\/wp-content\/uploads\/2022\/08\/image-2.png\" alt=\"\" class=\"wp-image-6782\" width=\"531\" height=\"532\" srcset=\"https:\/\/isfd21-bue.infd.edu.ar\/sitio\/wp-content\/uploads\/2022\/08\/image-2.png 613w, https:\/\/isfd21-bue.infd.edu.ar\/sitio\/wp-content\/uploads\/2022\/08\/image-2-500x500.png 500w\" sizes=\"(max-width: 531px) 100vw, 531px\" \/><\/figure><\/div>\n\n\n<h4 class=\"wp-block-heading\"><strong><em>ATENCI\u00d3N SALIDA EDUCATIVA GRATUITA A LA CASA DE LA PROVINCIA<\/em><\/strong><\/h4>\n\n\n\n<p><strong><em>PARA ESTUDIANTES DEL ISFD N\u00b021, \u00abDR. RICARDO ROJAS\u00bb<\/em><\/strong><\/p>\n\n\n\n<h4 class=\"wp-block-heading\"><em>En el marco de las l\u00edneas de trabajo de la Coordinaci\u00f3n de Pol\u00edticas Estudiantiles: \u201cExperiencias Culturales\u201d de la Direcci\u00f3n Provincial de Educaci\u00f3n Superior, se realizar\u00e1 la salida educativa did\u00e1ctica en donde asistir\u00e1n a la Casa de la Provincia.<\/em><\/h4>\n\n\n\n<h4 class=\"wp-block-heading\"><em>Para esto la municipalidad dispondr\u00e1 de un micro, que saldr\u00e1 desde el ISFD N\u00b021 cito en&nbsp;<a rel=\"noreferrer noopener\" href=\"https:\/\/l.facebook.com\/l.php?u=https%3A%2F%2Fwww.google.com%2Fmaps%2Fsearch%2FMerlo%2BN%25C2%25B0499%2B(Moreno%3Fentry%3Dgmail%26source%3Dg%26fbclid%3DIwAR2rTVNpe-M8k5kyTcgFM1j9VrHc3yfced0nQy1_XL5x1MFqR1WU4a4HR0o&amp;h=AT00jV3rDru0KvqhNSLYlS5jJ-vNfsPlNOxaJdppVvzJF2EMIQZlqJ48CCqY84WbrEEReoot436lq3mqldN30_FzspkNv336nLfBJGtRHDuP5WDPtxDCtH98DQrA9tkRFMlQ&amp;__tn__=-U-UK-R&amp;c[0]=AT2GYw7HEl5RrkVriPLK_U1z5qQD00NHf0mdtbkKlBfQIVdMDsXELSXqdlEu9O4dsTtkFoai_6er-wDpsVKFviGHKGbU3P22gKntOs4Z4OOO0SL-9GSo-MfGPInNcPe2U7Au0XhmpRd_zI3K0-LfQYfAKMXtXL06f3sngGOPdT__nD1njhmgXJAxcQCZBZyrEd2TNsrVlmI5qtuEAQ4\" target=\"_blank\">Merlo N\u00b02591 (Moreno<\/a>) a las 17:30 hs. El mismo se dirigir\u00e1 a la \u201cCasa de la Provincia de Buenos Aires\u201d ubicada en&nbsp;<a rel=\"noreferrer noopener\" href=\"https:\/\/l.facebook.com\/l.php?u=https%3A%2F%2Fwww.google.com%2Fmaps%2Fsearch%2Fcalle%2BCallao%2BN%25C2%25BA%2B237%2Ba%3Fentry%3Dgmail%26source%3Dg%26fbclid%3DIwAR19InLGbsKMZHPNOakcvUOMKAFSyQkYy_vShI63DlD0YUKqy7aCJ4v7VEw&amp;h=AT2F4IET5xHOfaSN6-QNowjycaSGKp0tepBSurVydwwTZmbGAMzZQikCwfwQWPaHpAwNfFvslhmGPaUKlmY9nJbYoBu0UMMXc0iFoKOfLrMncKvlkAGnvtz69r5ub65rxLFA&amp;__tn__=-U-UK-R&amp;c[0]=AT2GYw7HEl5RrkVriPLK_U1z5qQD00NHf0mdtbkKlBfQIVdMDsXELSXqdlEu9O4dsTtkFoai_6er-wDpsVKFviGHKGbU3P22gKntOs4Z4OOO0SL-9GSo-MfGPInNcPe2U7Au0XhmpRd_zI3K0-LfQYfAKMXtXL06f3sngGOPdT__nD1njhmgXJAxcQCZBZyrEd2TNsrVlmI5qtuEAQ4\" target=\"_blank\">calle Callao N\u00ba 237 a<\/a>&nbsp;donde llegar\u00e1 a las 18:45 hs siendo recibido por las autoridades.<\/em><\/h4>\n\n\n\n<h4 class=\"wp-block-heading\"><em>Se prev\u00e9 que el espect\u00e1culo cultural durar\u00e1 2 horas, entre las 19 a 21. El mismo se enmarca en el ciclo \u201cFicciones Bonaerenses\u201d y contar\u00e1 con la presencia de Augusto Berengan, Francisco Lanuse y Leandro \u00c1valos donde entre m\u00fasica y literatura contar\u00e1n historias de Hudson y Berazategui.<\/em><\/h4>\n\n\n\n<h4 class=\"wp-block-heading\"><em>Una vez finalizado, el micro retornar\u00e1 al municipio de Moreno, dejando a la delegaci\u00f3n en las misma ubicaci\u00f3n desde donde parti\u00f3.<\/em><\/h4>\n\n\n\n<h4 class=\"wp-block-heading\"><em>D\u00cdA Y HORARIO: VIERNES 2\/9 A LAS 17:30 HS.<\/em><\/h4>\n\n\n\n<h4 class=\"wp-block-heading\"><em>HORARIO DE REGRESO, PUERTA DEL INSTITUTO, PREVISTO: 22:00 HS.<\/em><\/h4>\n\n\n\n<h4 class=\"wp-block-heading\"><em>QUIENES EST\u00c9N INTERESADOS EN REALIZAR LA SALIDA EDUCATIVA, DEBER\u00c1N COMPLETAR EL PRESENTE FORMULARIO. QUEDAN 23 LUGARES DISPONIBLES, CUANDO SE COMPLETE EL CUPO LO INFORMAREMOS Y CERRAREMOS EL FORMULARIO.<\/em><\/h4>\n\n\n\n<h4 class=\"wp-block-heading\"><em>ES IMPORTANTE MENCIONAR QUE ESTOS \u00daLTMOS D\u00cdAS NOS ENCONTRAMOS ATRAVESANDO LA MEDIDA DE FUERZA DE REDUCCI\u00d3N DE FRECUENCIA, DESPU\u00c9S DE LAS 22 HS., POR PARTE DE LA L\u00cdNEA DE TRANSPORTES DEL \u00c1REA METROPOLITANA .<\/em><\/h4>\n\n\n\n<p><a href=\"https:\/\/forms.gle\/BDmh51ty2d9kMtqz6\">https:\/\/forms.gle\/BDmh51ty2d9kMtqz6<\/a><\/p>\n\n\n\n<p>30\/08\/22<\/p>\n\n\n\n<p><em><strong>Se encuentra disponible en nuestra Biblioteca la Colecci\u00f3n Derechos Humanos, g\u00e9nero y ESI enviada por el Ministerio de Educaci\u00f3n de la Naci\u00f3n, a todos los Institutos Superiores de Formaci\u00f3n Docente<\/strong><\/em><\/p>\n\n\n<div class=\"wp-block-image\">\n<figure class=\"aligncenter size-large is-resized\"><img decoding=\"async\" loading=\"lazy\" src=\"https:\/\/isfd21-bue.infd.edu.ar\/sitio\/wp-content\/uploads\/2022\/08\/WhatsApp-Image-2022-08-30-at-4.22.23-PM.jpeg\" alt=\"\" class=\"wp-image-6777\" width=\"440\" height=\"582\" srcset=\"https:\/\/isfd21-bue.infd.edu.ar\/sitio\/wp-content\/uploads\/2022\/08\/WhatsApp-Image-2022-08-30-at-4.22.23-PM.jpeg 1209w, https:\/\/isfd21-bue.infd.edu.ar\/sitio\/wp-content\/uploads\/2022\/08\/WhatsApp-Image-2022-08-30-at-4.22.23-PM-756x1000.jpeg 756w, https:\/\/isfd21-bue.infd.edu.ar\/sitio\/wp-content\/uploads\/2022\/08\/WhatsApp-Image-2022-08-30-at-4.22.23-PM-768x1016.jpeg 768w, https:\/\/isfd21-bue.infd.edu.ar\/sitio\/wp-content\/uploads\/2022\/08\/WhatsApp-Image-2022-08-30-at-4.22.23-PM-1161x1536.jpeg 1161w\" sizes=\"(max-width: 440px) 100vw, 440px\" \/><\/figure><\/div>\n\n\n<h4 class=\"wp-block-heading\"><em>ASOCIACI\u00d3N COOPERADORA ISFDN\u00ba21<\/em><\/h4>\n\n\n\n<h4 class=\"wp-block-heading\"><em>Este jueves 01 de septiembre a las 17:00 hs en el SUM, necesitamos tu participaci\u00f3n para renovar la comisi\u00f3n directiva de nuestra cooperadora, ya que vencen los mandatos de la presidenta, la 1\u00ba vocal titular, la 3\u00ba vocal titular y la 2\u00ba vocal suplente; para estos cargos cualquier miembro de la comunidad educativa socio puede postularse, estudiantes, profesores, preceptores, auxiliares, bibliotecarios, CIPEs, etc.<\/em><\/h4>\n\n\n\n<h4 class=\"wp-block-heading\"><em>Tambi\u00e9n se debe renovar la nomina de revisores de cuenta que deben ser docentes.<\/em><\/h4>\n\n\n\n<h4 class=\"wp-block-heading\"><em>Para mantener activa la cooperadora necesitamos tener qu\u00f3rum, es decir la presencia de nuestros socios ese d\u00eda. Te esperamos<\/em><\/h4>\n\n\n<div class=\"wp-block-image\">\n<figure class=\"aligncenter size-large is-resized\"><img decoding=\"async\" loading=\"lazy\" src=\"https:\/\/isfd21-bue.infd.edu.ar\/sitio\/wp-content\/uploads\/2022\/08\/Historia-de-Instagram-Cartel-de-Aviso-Caricatura-Rojo-3-1069x1900.png\" alt=\"\" class=\"wp-image-6770\" width=\"309\" height=\"550\" srcset=\"https:\/\/isfd21-bue.infd.edu.ar\/sitio\/wp-content\/uploads\/2022\/08\/Historia-de-Instagram-Cartel-de-Aviso-Caricatura-Rojo-3-1069x1900.png 1069w, https:\/\/isfd21-bue.infd.edu.ar\/sitio\/wp-content\/uploads\/2022\/08\/Historia-de-Instagram-Cartel-de-Aviso-Caricatura-Rojo-3-563x1000.png 563w, https:\/\/isfd21-bue.infd.edu.ar\/sitio\/wp-content\/uploads\/2022\/08\/Historia-de-Instagram-Cartel-de-Aviso-Caricatura-Rojo-3-768x1365.png 768w, https:\/\/isfd21-bue.infd.edu.ar\/sitio\/wp-content\/uploads\/2022\/08\/Historia-de-Instagram-Cartel-de-Aviso-Caricatura-Rojo-3-864x1536.png 864w, https:\/\/isfd21-bue.infd.edu.ar\/sitio\/wp-content\/uploads\/2022\/08\/Historia-de-Instagram-Cartel-de-Aviso-Caricatura-Rojo-3.png 1080w\" sizes=\"(max-width: 309px) 100vw, 309px\" \/><\/figure><\/div>\n\n\n<p><a href=\"https:\/\/becasprogresar.educacion.gob.ar\/inicio_nivel_superior.php\">https:\/\/becasprogresar.educacion.gob.ar\/inicio_nivel_superior.php<\/a><\/p>\n\n\n<div class=\"wp-block-image\">\n<figure class=\"aligncenter size-large is-resized\"><img decoding=\"async\" loading=\"lazy\" src=\"https:\/\/isfd21-bue.infd.edu.ar\/sitio\/wp-content\/uploads\/2022\/08\/Historia-de-Instagram-Cartel-de-Aviso-Caricatura-Rojo-1-1069x1900.png\" alt=\"\" class=\"wp-image-6764\" width=\"309\" height=\"550\" srcset=\"https:\/\/isfd21-bue.infd.edu.ar\/sitio\/wp-content\/uploads\/2022\/08\/Historia-de-Instagram-Cartel-de-Aviso-Caricatura-Rojo-1-1069x1900.png 1069w, https:\/\/isfd21-bue.infd.edu.ar\/sitio\/wp-content\/uploads\/2022\/08\/Historia-de-Instagram-Cartel-de-Aviso-Caricatura-Rojo-1-563x1000.png 563w, https:\/\/isfd21-bue.infd.edu.ar\/sitio\/wp-content\/uploads\/2022\/08\/Historia-de-Instagram-Cartel-de-Aviso-Caricatura-Rojo-1-768x1365.png 768w, https:\/\/isfd21-bue.infd.edu.ar\/sitio\/wp-content\/uploads\/2022\/08\/Historia-de-Instagram-Cartel-de-Aviso-Caricatura-Rojo-1-864x1536.png 864w, https:\/\/isfd21-bue.infd.edu.ar\/sitio\/wp-content\/uploads\/2022\/08\/Historia-de-Instagram-Cartel-de-Aviso-Caricatura-Rojo-1.png 1080w\" sizes=\"(max-width: 309px) 100vw, 309px\" \/><\/figure><\/div>\n\n\n<figure class=\"wp-block-gallery has-nested-images columns-default is-cropped wp-block-gallery-81 is-layout-flex\">\n<figure class=\"wp-block-image size-large\"><img decoding=\"async\" loading=\"lazy\" width=\"526\" height=\"526\" data-id=\"6760\"  src=\"https:\/\/isfd21-bue.infd.edu.ar\/sitio\/wp-content\/uploads\/2022\/08\/299985142_1225438341589475_7594785746882752749_n.jpg\" alt=\"\" class=\"wp-image-6760\" srcset=\"https:\/\/isfd21-bue.infd.edu.ar\/sitio\/wp-content\/uploads\/2022\/08\/299985142_1225438341589475_7594785746882752749_n.jpg 526w, https:\/\/isfd21-bue.infd.edu.ar\/sitio\/wp-content\/uploads\/2022\/08\/299985142_1225438341589475_7594785746882752749_n-500x500.jpg 500w\" sizes=\"(max-width: 526px) 100vw, 526px\" \/><\/figure>\n\n\n\n<figure class=\"wp-block-image size-large\"><img decoding=\"async\" loading=\"lazy\" width=\"509\" height=\"720\" data-id=\"6761\"  src=\"https:\/\/isfd21-bue.infd.edu.ar\/sitio\/wp-content\/uploads\/2022\/08\/302681121_1225939874872655_4755152852622935361_n.jpg\" alt=\"\" class=\"wp-image-6761\"\/><\/figure>\n<\/figure>\n\n\n\n<p>*TALLER DE INGRESO A LA DOCENCIA*<\/p>\n\n\n\n<p>El pr\u00f3ximo lunes 5\/9 a las 18 hs realizaremos un taller de ingreso a la docencia; el mismo se realizar\u00e1 por Meet.<\/p>\n\n\n\n<p>*Formulario de inscripci\u00f3n: <a rel=\"noreferrer noopener\" href=\"https:\/\/bit.ly\/Inscripci%C3%B3nTallerIngresoALaDocencia?fbclid=IwAR1ymF4ccqPW3IfmA4-anQf2qtrYkfxGjhtjAmHzZqN5bB3dyy29iCfGfV4\" target=\"_blank\">https:\/\/bit.ly\/Inscripci\u00f3nTallerIngresoALaDocencia<\/a><\/p>\n\n\n\n<p>*Quienes quieran inscribirse en el Listado 108 B Complementario deber\u00e1n presentar certificado de materias aprobadas y de alumnx regular, por lo que sugerimos que vayan gestionando esta documentaci\u00f3n en Preceptor\u00eda; la inscripci\u00f3n al listado finaliza el viernes 9\/9.<\/p>\n\n\n\n<p>*El mismo d\u00eda del encuentro recibir\u00e1n en sus correos el enlace de acceso a la reuni\u00f3n.<\/p>\n\n\n\n<p>*\u00a1Lxs esperamos!<\/p>\n\n\n\n<p>*Coordinadorxs Institucionales de Pol\u00edticas Estudiantiles (CIPEs)<\/p>\n\n\n\n<p>*_Instituto Superior de Formaci\u00f3n Docente N\u00b0 21 Ricardo Rojas &#8211; Moreno_<\/p>\n\n\n<div class=\"wp-block-image\">\n<figure class=\"aligncenter size-large is-resized\"><img decoding=\"async\" loading=\"lazy\" src=\"https:\/\/isfd21-bue.infd.edu.ar\/sitio\/wp-content\/uploads\/2022\/08\/302404660_1225355261597783_5134321040955445997_n.jpg\" alt=\"\" class=\"wp-image-6756\" width=\"450\" height=\"450\" srcset=\"https:\/\/isfd21-bue.infd.edu.ar\/sitio\/wp-content\/uploads\/2022\/08\/302404660_1225355261597783_5134321040955445997_n.jpg 526w, https:\/\/isfd21-bue.infd.edu.ar\/sitio\/wp-content\/uploads\/2022\/08\/302404660_1225355261597783_5134321040955445997_n-500x500.jpg 500w\" sizes=\"(max-width: 450px) 100vw, 450px\" \/><\/figure><\/div>\n\n\n<hr class=\"wp-block-separator has-css-opacity\"\/>\n\n\n\n<p>Asistentes de idiomas en EEUU:<\/p>\n\n\n\n<p>La Direcci\u00f3n de Formaci\u00f3n Docente Inicial, comparte la Convocatoria 2023-2024 para Asistentes de idioma en Estados Unidos en el marco del Convenio con la Comisi\u00f3n Fulbright para que puedan difundir con sus egresadas y egresados. Los\/as destinatarios\/as de las becas son profesores\/as de Lengua Inglesa (con T\u00edtulo de Nivel Superior, universitario o no universitario, de 4 a\u00f1os de duraci\u00f3n, como m\u00ednimo, otorgado por instituciones acreditadas, de gesti\u00f3n estatal o privada). Los postulantes deber\u00e1n tener entre 21 y 29 a\u00f1os al momento de la fecha de inicio de la beca.<\/p>\n\n\n\n<p>En el siguiente enlace se encuentra toda la informaci\u00f3n, como as\u00ed tambi\u00e9n las bases y condiciones: <a rel=\"noreferrer noopener\" href=\"https:\/\/l.facebook.com\/l.php?u=https%3A%2F%2Fcampusglobal.educacion.gob.ar%2Fbecas%2Fver%2F19%3Ffbclid%3DIwAR33tHHwukJki1wALnXIQfaDE0G5bQe4W1sizr2wzRLAXd1eAdMTeELu7yY&amp;h=AT3g8eJFpPh9smpvtgyxg8PciFMzfobQQB4fqgZMVtZvqYjmJ591Mu2BDqO6tiO76jpAHT0K4ftklDL7id8j-ddelXuQkPdoVMIIF0R8_98ekmmbOZrF6-RmJUB8uRoKbFhZ&amp;__tn__=-UK-R&amp;c[0]=AT3FKHdVKfwZvNKH5tTmWU1cEsnan5-_1aHOWBLriCALbufOAMc7pRqRiRWh3husD3SShTPOBTk22Z6_uNlyvy3Bgl4PwBxPm6l6N4Lva-XAB8e2JntD2smOo1NHrWXMSSJlPfAQ0TilWMOuU6MjJx9cqJMh9WtWnVIoLJoJbQK-b_6TqDkXuPxLJy5Jo63sR2X27V_NCYG5x5uvZMk\" target=\"_blank\">https:\/\/campusglobal.educacion.gob.ar\/becas\/ver\/19<\/a>Saludos cordiales<\/p>\n\n\n<div class=\"wp-block-image\">\n<figure class=\"aligncenter size-large\"><img decoding=\"async\" loading=\"lazy\" width=\"471\" height=\"240\" src=\"https:\/\/isfd21-bue.infd.edu.ar\/sitio\/wp-content\/uploads\/2022\/08\/image-1.png\" alt=\"\" class=\"wp-image-6758\"\/><\/figure><\/div>\n\n\n<p><em><strong>Atenci\u00f3n: c\u00e1tedra cubierta, Taller de alfabetizaci\u00f3n inicial en lectura, escritura y literatura del profesorado de lengua y literatura. 2do 2da desde el lunes 29\/8 a las 10.15 hs hasta 12.15 hs. Profesora Giobellina<\/strong><\/em><\/p>\n\n\n<div class=\"wp-block-image\">\n<figure class=\"aligncenter size-large\"><img decoding=\"async\" loading=\"lazy\" width=\"661\" height=\"390\" src=\"https:\/\/isfd21-bue.infd.edu.ar\/sitio\/wp-content\/uploads\/2022\/08\/300083222_1224825004984142_544752968207120100_n.jpg\" alt=\"\" class=\"wp-image-6759\"\/><\/figure><\/div>\n\n\n<p>26\/08\/22<\/p>\n\n\n\n<h3 class=\"wp-block-heading\">&#x1f6a9;<strong><em>IMPORTANTE<\/em><\/strong><strong><em> RECORDATORIO <\/em><\/strong>&#x1f6a9;<\/h3>\n\n\n\n<h3 class=\"wp-block-heading\"><strong><em>Les saludamos desde la Direcci\u00f3n Nacional de Becas Educativas del Ministerio de Educaci\u00f3n de la Naci\u00f3n para recordarles que el pr\u00f3ximo mi\u00e9rcoles 31 de agosto finaliza el periodo de inscripci\u00f3n de la 2da Convocatoria de Becas Progresar 2022.<\/em><\/strong><\/h3>\n\n\n\n<hr class=\"wp-block-separator has-css-opacity\"\/>\n\n\n\n<h4 class=\"wp-block-heading\"><em><strong>Compartimos, el encuentro que se realiz\u00f3 entre profesores del Campo de la Pr\u00e1ctica de Educaci\u00f3n Especial y donde tuvimos representaci\u00f3n acad\u00e9mica.<\/strong><\/em> Hac\u00e9 clic en el link para visualizar el contenido: <a href=\"https:\/\/www.facebook.com\/2444816778874623\/posts\/pfbid0BPQaazFPcU7SD6jxG58CiDvDZF9zwnUCKR29ginrmoBzNxWjh4PqkRsYQaghDZ9Sl\/\">https:\/\/www.facebook.com\/2444816778874623\/posts\/pfbid0BPQaazFPcU7SD6jxG58CiDvDZF9zwnUCKR29ginrmoBzNxWjh4PqkRsYQaghDZ9Sl\/<\/a><\/h4>\n\n\n\n<hr class=\"wp-block-separator has-css-opacity\"\/>\n\n\n\n<h4 class=\"wp-block-heading\"><em><strong>Estimadxs:<\/strong><\/em><\/h4>\n\n\n\n<h4 class=\"wp-block-heading\"><em><strong>Tenemos el agrado de comunicarnos, para invitarlos\/as a participar de una nueva edici\u00f3n de la EXPO CARRERAS UNM 2022, que este a\u00f1o tendr\u00e1 lugar el d\u00eda 28 de septiembre de 09 a 15 hs.<\/strong><\/em><\/h4>\n\n\n\n<h4 class=\"wp-block-heading\"><em><strong>La actividad se llevar\u00e1 a cabo en el Edificio Daract II, sito en el Campus Universitario, ubicado en la calle Bartolom\u00e9 Mitre N\u00ba 1.891, del partido de Moreno.<\/strong><\/em><\/h4>\n\n\n\n<h4 class=\"wp-block-heading\"><em><strong>Ser\u00e1 una valiosa oportunidad para dar a conocer la oferta de carreras de cada instituci\u00f3n espec\u00edficamente a estudiantes de Escuela Secundaria y al p\u00fablico en general.<\/strong><\/em><\/h4>\n\n\n\n<hr class=\"wp-block-separator has-css-opacity\"\/>\n\n\n\n<h5 class=\"wp-block-heading\"><strong><em>SALUDAMOS Y AGRADECEMOS A CADA UNO DE NUESTROS AUXILIARES POR LA TAREA QUE REALIZAN D\u00cdA A D\u00cdA Y SU COLABORACI\u00d3N PERMANENTE.<\/em><\/strong><\/h5>\n\n\n\n<h5 class=\"wp-block-heading\"><strong><em>FEL\u00cdZ D\u00cdA DEL AUXILIAR.<\/em><\/strong><\/h5>\n\n\n\n<figure class=\"wp-block-image\"><img decoding=\"async\" src=\"https:\/\/isfd21-bue.infd.edu.ar\/sitio\/wp-content\/uploads\/2022\/08\/Tarjeta-de-agradecimiento-Dia-del-padre-monocromatico-azul.png\" alt=\"\"\/><\/figure>\n\n\n\n<p>25\/08\/22<\/p>\n\n\n\n<h5 class=\"wp-block-heading\"><em>Compartimos cronograma de elecciones emitido por el Centro de Estudiantes.<\/em><\/h5>\n\n\n\n<h5 class=\"wp-block-heading\"><em><strong>La presentaci\u00f3n de listas es hasta el 1\/9 a las 17 hs.<\/strong> Compartimos im\u00e1genes de la Asamblea de estudiantes del d\u00eda lunes 22 de agosto, donde se acord\u00f3 cronograma para la elecci\u00f3n de representantes estudiantiles en el Centro de Estudiantes y en el Consejo Acad\u00e9mico Institucional<\/em>. <em><strong>La presentaci\u00f3n de listas es hasta el 1\/9 a las 17 hs.<\/strong><\/em><\/h5>\n\n\n\n<figure class=\"wp-block-gallery has-nested-images columns-default is-cropped wp-block-gallery-83 is-layout-flex\">\n<figure class=\"wp-block-image size-large\"><img decoding=\"async\" loading=\"lazy\" width=\"720\" height=\"1280\" data-id=\"6723\"  src=\"https:\/\/isfd21-bue.infd.edu.ar\/sitio\/wp-content\/uploads\/2022\/08\/WhatsApp-Image-2022-08-23-at-5.20.05-PM-2.jpeg\" alt=\"\" class=\"wp-image-6723\" srcset=\"https:\/\/isfd21-bue.infd.edu.ar\/sitio\/wp-content\/uploads\/2022\/08\/WhatsApp-Image-2022-08-23-at-5.20.05-PM-2.jpeg 720w, https:\/\/isfd21-bue.infd.edu.ar\/sitio\/wp-content\/uploads\/2022\/08\/WhatsApp-Image-2022-08-23-at-5.20.05-PM-2-563x1000.jpeg 563w\" sizes=\"(max-width: 720px) 100vw, 720px\" \/><\/figure>\n\n\n\n<figure class=\"wp-block-image size-large\"><img decoding=\"async\" loading=\"lazy\" width=\"1032\" height=\"581\" data-id=\"6724\"  src=\"https:\/\/isfd21-bue.infd.edu.ar\/sitio\/wp-content\/uploads\/2022\/08\/WhatsApp-Image-2022-08-23-at-5.20.05-PM-1.jpeg\" alt=\"\" class=\"wp-image-6724\" srcset=\"https:\/\/isfd21-bue.infd.edu.ar\/sitio\/wp-content\/uploads\/2022\/08\/WhatsApp-Image-2022-08-23-at-5.20.05-PM-1.jpeg 1032w, https:\/\/isfd21-bue.infd.edu.ar\/sitio\/wp-content\/uploads\/2022\/08\/WhatsApp-Image-2022-08-23-at-5.20.05-PM-1-1000x563.jpeg 1000w, https:\/\/isfd21-bue.infd.edu.ar\/sitio\/wp-content\/uploads\/2022\/08\/WhatsApp-Image-2022-08-23-at-5.20.05-PM-1-768x432.jpeg 768w\" sizes=\"(max-width: 1032px) 100vw, 1032px\" \/><\/figure>\n\n\n\n<figure class=\"wp-block-image size-large\"><img decoding=\"async\" loading=\"lazy\" width=\"1032\" height=\"581\" data-id=\"6725\"  src=\"https:\/\/isfd21-bue.infd.edu.ar\/sitio\/wp-content\/uploads\/2022\/08\/WhatsApp-Image-2022-08-23-at-5.20.05-PM.jpeg\" alt=\"\" class=\"wp-image-6725\" srcset=\"https:\/\/isfd21-bue.infd.edu.ar\/sitio\/wp-content\/uploads\/2022\/08\/WhatsApp-Image-2022-08-23-at-5.20.05-PM.jpeg 1032w, https:\/\/isfd21-bue.infd.edu.ar\/sitio\/wp-content\/uploads\/2022\/08\/WhatsApp-Image-2022-08-23-at-5.20.05-PM-1000x563.jpeg 1000w, https:\/\/isfd21-bue.infd.edu.ar\/sitio\/wp-content\/uploads\/2022\/08\/WhatsApp-Image-2022-08-23-at-5.20.05-PM-768x432.jpeg 768w\" sizes=\"(max-width: 1032px) 100vw, 1032px\" \/><\/figure>\n<\/figure>\n\n\n\n<p>23\/08\/22<\/p>\n\n\n<div class=\"wp-block-image\">\n<figure class=\"aligncenter size-large is-resized\"><img decoding=\"async\" loading=\"lazy\" src=\"https:\/\/isfd21-bue.infd.edu.ar\/sitio\/wp-content\/uploads\/2022\/08\/Instagram-post-motivacion-para-la-vida-amarillo-1-1.png\" alt=\"\" class=\"wp-image-6714\" width=\"-236\" height=\"-236\" srcset=\"https:\/\/isfd21-bue.infd.edu.ar\/sitio\/wp-content\/uploads\/2022\/08\/Instagram-post-motivacion-para-la-vida-amarillo-1-1.png 1080w, https:\/\/isfd21-bue.infd.edu.ar\/sitio\/wp-content\/uploads\/2022\/08\/Instagram-post-motivacion-para-la-vida-amarillo-1-1-1000x1000.png 1000w, https:\/\/isfd21-bue.infd.edu.ar\/sitio\/wp-content\/uploads\/2022\/08\/Instagram-post-motivacion-para-la-vida-amarillo-1-1-500x500.png 500w, https:\/\/isfd21-bue.infd.edu.ar\/sitio\/wp-content\/uploads\/2022\/08\/Instagram-post-motivacion-para-la-vida-amarillo-1-1-768x768.png 768w\" sizes=\"(max-width: 1080px) 100vw, 1080px\" \/><\/figure><\/div>\n\n\n<hr class=\"wp-block-separator has-css-opacity is-style-wide\"\/>\n\n\n\n<p>22\/08\/22<\/p>\n\n\n\n<h4 class=\"wp-block-heading\"><em>Reuni\u00f3n virtual de Delegadxs con CIPEs<\/em><\/h4>\n\n\n\n<h4 class=\"wp-block-heading\"><em>El jueves 25\/08 a las 17:30 esperamos a todxs lxs Delegadxs para conversar sobre su rol en nuestro Instituto.<\/em><\/h4>\n\n\n\n<h4 class=\"wp-block-heading\"><em>Temas a tratar:<\/em><\/h4>\n\n\n\n<h4 class=\"wp-block-heading\"><em>Funciones de lxs Delegadxs<\/em><\/h4>\n\n\n\n<h4 class=\"wp-block-heading\"><em>Mecanismos institucionales para presentar propuestas y situaciones que se den en sus cursos<\/em><\/h4>\n\n\n\n<h4 class=\"wp-block-heading\"><em>Experiencias previas en este mismo rol<\/em><\/h4>\n\n\n\n<h4 class=\"wp-block-heading\"><em>Aporte institucional de lxs Delegadxs a la vida pol\u00edtica y democr\u00e1tica del Instituto<\/em><\/h4>\n\n\n\n<h4 class=\"wp-block-heading\"><em>Lxs esperamos!!!<\/em><\/h4>\n\n\n\n<h4 class=\"wp-block-heading\"><em>ENLACE DE ACCESO A LA REUNI\u00d3N:<\/em><\/h4>\n\n\n\n<h4 class=\"wp-block-heading\"><a href=\"https:\/\/bit.ly\/Reuni%C3%B3nDelegadxsYCIPEs?fbclid=IwAR3clpLmW7lSTATkbN1hZQpWlr4RR24xrGM1fflz1k-OV1q6WNTHPAvbadY\" rel=\"noreferrer noopener\" target=\"_blank\"><em>https:\/\/bit.ly\/Reuni\u00f3nDelegadxsYCIPEs<\/em><\/a><\/h4>\n\n\n<div class=\"wp-block-image\">\n<figure class=\"aligncenter size-large is-resized\"><img decoding=\"async\" loading=\"lazy\" src=\"https:\/\/isfd21-bue.infd.edu.ar\/sitio\/wp-content\/uploads\/2022\/08\/WhatsApp-Image-2022-08-22-at-12.18.19-PM.jpeg\" alt=\"\" class=\"wp-image-6693\" width=\"466\" height=\"657\" srcset=\"https:\/\/isfd21-bue.infd.edu.ar\/sitio\/wp-content\/uploads\/2022\/08\/WhatsApp-Image-2022-08-22-at-12.18.19-PM.jpeg 1135w, https:\/\/isfd21-bue.infd.edu.ar\/sitio\/wp-content\/uploads\/2022\/08\/WhatsApp-Image-2022-08-22-at-12.18.19-PM-709x1000.jpeg 709w, https:\/\/isfd21-bue.infd.edu.ar\/sitio\/wp-content\/uploads\/2022\/08\/WhatsApp-Image-2022-08-22-at-12.18.19-PM-768x1083.jpeg 768w, https:\/\/isfd21-bue.infd.edu.ar\/sitio\/wp-content\/uploads\/2022\/08\/WhatsApp-Image-2022-08-22-at-12.18.19-PM-1090x1536.jpeg 1090w\" sizes=\"(max-width: 466px) 100vw, 466px\" \/><\/figure><\/div>\n\n\n<p>19\/08\/22<\/p>\n\n\n\n<h4 class=\"wp-block-heading\"><em>El d\u00eda lunes 22 de agosto, ser\u00e1 el \u00faltimo d\u00eda de trabajo, en nuestra instituci\u00f3n, de nuestra querida auxiliar del turno tarde Mirta Gliselli.<\/em><\/h4>\n\n\n\n<h4 class=\"wp-block-heading\"><em>Mirta, te deseamos lo mejor para esta nueva etapa de tu vida. El Rojas te agradece y felicita por estos 31 a\u00f1os de servicio en nuestra instituci\u00f3n.<\/em><\/h4>\n\n\n<div class=\"wp-block-image\">\n<figure class=\"aligncenter size-large is-resized\"><img decoding=\"async\" loading=\"lazy\" src=\"https:\/\/isfd21-bue.infd.edu.ar\/sitio\/wp-content\/uploads\/2022\/08\/MIRTA-GLISELLI-1343x1900.jpg\" alt=\"\" class=\"wp-image-6691\" width=\"620\" height=\"876\" srcset=\"https:\/\/isfd21-bue.infd.edu.ar\/sitio\/wp-content\/uploads\/2022\/08\/MIRTA-GLISELLI-1343x1900.jpg 1343w, https:\/\/isfd21-bue.infd.edu.ar\/sitio\/wp-content\/uploads\/2022\/08\/MIRTA-GLISELLI-707x1000.jpg 707w, https:\/\/isfd21-bue.infd.edu.ar\/sitio\/wp-content\/uploads\/2022\/08\/MIRTA-GLISELLI-768x1086.jpg 768w, https:\/\/isfd21-bue.infd.edu.ar\/sitio\/wp-content\/uploads\/2022\/08\/MIRTA-GLISELLI-1086x1536.jpg 1086w, https:\/\/isfd21-bue.infd.edu.ar\/sitio\/wp-content\/uploads\/2022\/08\/MIRTA-GLISELLI-1448x2048.jpg 1448w, https:\/\/isfd21-bue.infd.edu.ar\/sitio\/wp-content\/uploads\/2022\/08\/MIRTA-GLISELLI.jpg 1587w\" sizes=\"(max-width: 620px) 100vw, 620px\" \/><\/figure><\/div>\n\n<div class=\"wp-block-image\">\n<figure class=\"aligncenter size-large\"><img decoding=\"async\" loading=\"lazy\" width=\"1900\" height=\"1069\" src=\"https:\/\/isfd21-bue.infd.edu.ar\/sitio\/wp-content\/uploads\/2022\/08\/Cabecera-youtube-escolar-colorida-rosa-amarillo-azul-1-1900x1069.png\" alt=\"\" class=\"wp-image-6689\" srcset=\"https:\/\/isfd21-bue.infd.edu.ar\/sitio\/wp-content\/uploads\/2022\/08\/Cabecera-youtube-escolar-colorida-rosa-amarillo-azul-1-1900x1069.png 1900w, https:\/\/isfd21-bue.infd.edu.ar\/sitio\/wp-content\/uploads\/2022\/08\/Cabecera-youtube-escolar-colorida-rosa-amarillo-azul-1-1000x563.png 1000w, https:\/\/isfd21-bue.infd.edu.ar\/sitio\/wp-content\/uploads\/2022\/08\/Cabecera-youtube-escolar-colorida-rosa-amarillo-azul-1-768x432.png 768w, https:\/\/isfd21-bue.infd.edu.ar\/sitio\/wp-content\/uploads\/2022\/08\/Cabecera-youtube-escolar-colorida-rosa-amarillo-azul-1-1536x864.png 1536w, https:\/\/isfd21-bue.infd.edu.ar\/sitio\/wp-content\/uploads\/2022\/08\/Cabecera-youtube-escolar-colorida-rosa-amarillo-azul-1-2048x1152.png 2048w\" sizes=\"(max-width: 1900px) 100vw, 1900px\" \/><\/figure><\/div>\n\n\n<p>Compartimos informaci\u00f3n que iran actualizando en sus redes sociales. La pr\u00f3xima semana nos informaron que habilitar\u00e1n un formulario para quienes quieran participar. Se desarollar\u00e1 en tres instituciones educativas: Escuela primaria 1, Escuela secundaria 39 y nuestra instituci\u00f3n. Agendate esta fecha:EL 10 DE SEPTIEMBRE, TIEMBLAN LAS CALLES DEL CONURBANO<img decoding=\"async\" loading=\"lazy\" height=\"16\" width=\"16\" alt=\"&#x1f608;\" src=\"https:\/\/static.xx.fbcdn.net\/images\/emoji.php\/v9\/td6\/1\/16\/1f608.png\"><img decoding=\"async\" loading=\"lazy\" height=\"16\" width=\"16\" alt=\"&#x1f525;\" src=\"https:\/\/static.xx.fbcdn.net\/images\/emoji.php\/v9\/t50\/1\/16\/1f525.png\"> Nos encontraremos en el 24\u00b0 ENCUENTRO REGIONAL DE MUJERES, LESBIANAS, BISEXUALES, TRAVESTIS, TRANS, INTERSEX Y NO BINARIES DEL CONURBANO OESTE Y NOROESTE<img decoding=\"async\" loading=\"lazy\" height=\"16\" width=\"16\" alt=\"&#x1f525;\" src=\"https:\/\/static.xx.fbcdn.net\/images\/emoji.php\/v9\/t50\/1\/16\/1f525.png\"> En unas semanas, la alegre rebeld\u00eda<img decoding=\"async\" loading=\"lazy\" height=\"16\" width=\"16\" alt=\"&#x2764;&#x200d;&#x1f525;\" src=\"https:\/\/static.xx.fbcdn.net\/images\/emoji.php\/v9\/tbf\/1\/16\/2764_200d_1f525.png\">, el abrazo compa\u00f1ero <img decoding=\"async\" loading=\"lazy\" height=\"16\" width=\"16\" alt=\"&#x1fac2;\" src=\"https:\/\/static.xx.fbcdn.net\/images\/emoji.php\/v9\/t68\/1\/16\/1fac2.png\">, la lucha conurbana <img decoding=\"async\" loading=\"lazy\" height=\"16\" width=\"16\" alt=\"&#x270a;\" src=\"https:\/\/static.xx.fbcdn.net\/images\/emoji.php\/v9\/t5f\/1\/16\/270a.png\"> vuelve a encontrarse para reflexionar, compartir y crear otros mundos <img decoding=\"async\" loading=\"lazy\" height=\"16\" width=\"16\" alt=\"&#x1f308;\" src=\"https:\/\/static.xx.fbcdn.net\/images\/emoji.php\/v9\/t13\/1\/16\/1f308.png\"><img decoding=\"async\" loading=\"lazy\" height=\"16\" width=\"16\" alt=\"&#x1f4e3;\" src=\"https:\/\/static.xx.fbcdn.net\/images\/emoji.php\/v9\/tba\/1\/16\/1f4e3.png\"> Pr\u00f3ximamente te comentaremos las distintas actividades que se llevar\u00e1n a cabo en esta jornada hist\u00f3rica para nuestros territorios!<img decoding=\"async\" loading=\"lazy\" height=\"16\" width=\"16\" alt=\"&#x1f4a5;\" src=\"https:\/\/static.xx.fbcdn.net\/images\/emoji.php\/v9\/t40\/1\/16\/1f4a5.png\"> Ig: <a href=\"https:\/\/instagram.com\/ermlbttinb?fbclid=IwAR2uJ3tv7Jm2WKpVU7IX6CcLxZmOGb8kHmEMNCAavgB4ubAMPOICEn3myIs\" rel=\"noreferrer noopener\" target=\"_blank\">https:\/\/instagram.com\/ermlbttinb<\/a>Face:<a href=\"https:\/\/www.facebook.com\/ERMLTT\/?__cft__[0]=AZW2rdVa7y_pdQru4KGtnQJGV1wQ9uNjsQoSaBCrFHfMDaaSVdirvxMUpDLkJqdgdeGtTCW3eypsJEX5Q_WVAWXLzzelWsUCIPtQez2kpDeUdLJDQciFGTxENUSM4k-fGVf17SqKajp2QiRd6-NtWMVeIAkMFHTbXGMRfqsW8F7-6BVhOWTSA29ItDUMqmfqd58&amp;__tn__=kK-R\">https:\/\/www.facebook.com\/ERMLTT<\/a>Mail:encuentroregionalmltt@gmail.comDescripci\u00f3n de imagen: Figura el nombre y el numero del encuentro junto al logo de los encuentros plurinacionales. Hay banderas colgadas: whipala, la del orgullo, un pa\u00f1uelo verde y otro naranja. En el centro est\u00e1 el lema y la fecha del encuentro . Hay una fogata en donde est\u00e1n escritas las redes de contacto.<\/p>\n\n\n<div class=\"wp-block-image\">\n<figure class=\"aligncenter size-large\"><img decoding=\"async\" loading=\"lazy\" width=\"526\" height=\"526\" src=\"https:\/\/isfd21-bue.infd.edu.ar\/sitio\/wp-content\/uploads\/2022\/08\/298394518_1218515255615117_1140717673859875416_n.jpg\" alt=\"\" class=\"wp-image-6676\" srcset=\"https:\/\/isfd21-bue.infd.edu.ar\/sitio\/wp-content\/uploads\/2022\/08\/298394518_1218515255615117_1140717673859875416_n.jpg 526w, https:\/\/isfd21-bue.infd.edu.ar\/sitio\/wp-content\/uploads\/2022\/08\/298394518_1218515255615117_1140717673859875416_n-500x500.jpg 500w\" sizes=\"(max-width: 526px) 100vw, 526px\" \/><\/figure><\/div>\n\n<div class=\"wp-block-image\">\n<figure class=\"aligncenter size-large\"><img decoding=\"async\" loading=\"lazy\" width=\"1080\" height=\"1080\" src=\"https:\/\/isfd21-bue.infd.edu.ar\/sitio\/wp-content\/uploads\/2022\/08\/Instagram-post-motivacion-para-la-vida-amarillo-3.png\" alt=\"\" class=\"wp-image-6675\" srcset=\"https:\/\/isfd21-bue.infd.edu.ar\/sitio\/wp-content\/uploads\/2022\/08\/Instagram-post-motivacion-para-la-vida-amarillo-3.png 1080w, https:\/\/isfd21-bue.infd.edu.ar\/sitio\/wp-content\/uploads\/2022\/08\/Instagram-post-motivacion-para-la-vida-amarillo-3-1000x1000.png 1000w, https:\/\/isfd21-bue.infd.edu.ar\/sitio\/wp-content\/uploads\/2022\/08\/Instagram-post-motivacion-para-la-vida-amarillo-3-500x500.png 500w, https:\/\/isfd21-bue.infd.edu.ar\/sitio\/wp-content\/uploads\/2022\/08\/Instagram-post-motivacion-para-la-vida-amarillo-3-768x768.png 768w\" sizes=\"(max-width: 1080px) 100vw, 1080px\" \/><\/figure><\/div>\n\n\n<p>17\/08\/22<\/p>\n\n\n\n<p class=\"has-medium-font-size\"><strong>COBERTURA DE MATERIAS<\/strong><\/p>\n\n\n\n<p class=\"has-medium-font-size\"><strong>Profesorado de Lengua y Literatura<\/strong><\/p>\n\n\n\n<h5 class=\"wp-block-heading\"><strong><em>ESPACIO CURRICULAR: LECTURA Y ESCRITURA<\/em><\/strong><\/h5>\n\n\n\n<h5 class=\"wp-block-heading\"><strong><em>CURSO \/ DIVISI\u00d3N: 1\u00b01\u00b0 TURNO: VESPERTINO<\/em><\/strong><\/h5>\n\n\n\n<h5 class=\"wp-block-heading\"><strong><em>TOM\u00d3: MAUBECIN FEDERICO<\/em><\/strong><\/h5>\n\n\n\n<hr class=\"wp-block-separator has-css-opacity\"\/>\n\n\n\n<h4 class=\"wp-block-heading\"><strong><em>COMPARTIMOS CON USTEDES LO PUBLICADO EN EL FACEBOOK DE&nbsp;<a href=\"https:\/\/www.facebook.com\/superiorPBA\/?__cft__[0]=AZWatK9oylabl1BPmjds6NiV6D7CnHJZyGX2_hZ1lQ_sI7uIjk8WCsOCsuwr2vqgtcA89xnFym5dLflQVvAMBtHX2bNdT9FaYAYnBpQBV17dZ7KWZTDN_2dbXSMWXNf8kSTkp8K9fkH6G_IB_XR61YTHMLuKEy44UIRZ9cr7ywnHUA&amp;__tn__=-U-U-UK-R\">Direcci\u00f3n Provincial de Educaci\u00f3n Superior<\/a><\/em><\/strong><\/h4>\n\n\n\n<h4 class=\"wp-block-heading\"><em>\u00a1Gran Encuentro de Inspectoras, Inspectores, Directoras y Directores de Educaci\u00f3n Superior de la Provincia!<\/em><\/h4>\n\n\n\n<p>Durante las jornadas de ayer y hoy, se reunieron en la ciudad de Mar del Plata, Inspectoras, Inspectores, Directoras y Directores del Nivel, con el prop\u00f3sito de socializar las l\u00edneas de trabajo en torno a las identidades bonaerenses y la inclusi\u00f3n e igualdad en la Educaci\u00f3n Superior. Tambi\u00e9n se trabaj\u00f3 en espacios de intercambio y discusi\u00f3n sobre el R\u00e9gimen Acad\u00e9mico Marco y los aspectos que necesitan reformularse de la Resoluci\u00f3n 5886\/03, con la mirada puesta en las trayectorias estudiantiles. En este encuentro, se comunicaron tambi\u00e9n las definiciones pol\u00edtico pedag\u00f3gicas asumidas por la Direcci\u00f3n del Nivel para el cambio curricular. Las palabras de apertura de ambas jornadas estuvieron a cargo de la Directora Provincial de Educaci\u00f3n Superior, Marisa Gori, quien se\u00f1al\u00f3 la importancia de articular con las carreras de la Modalidad Especial y del Nivel Secundario para mejorar las pr\u00e1cticas pedag\u00f3gicas. Adem\u00e1s, destac\u00f3 la relevancia del Encuentro, pues, desde hace m\u00e1s de 6 a\u00f1os, las Directoras y los Directores no se re\u00fanen para el trabajo colectivo. Valen la pena destacar las palabras de la Subsecretaria de Educaci\u00f3n de la DGCyE, Mg. Claudia Bracchi, quien tambi\u00e9n dio la bienvenida y propuso poner en valor el trabajo docente en territorio. La presentaci\u00f3n prosigui\u00f3 con las voces del Director Provincial de Educaci\u00f3n Secundaria, Gustavo Galli, la Directora de Inspecci\u00f3n General, Marisa V\u00e1zquez; el Director de Educaci\u00f3n Especial, Sebasti\u00e1n Urquiza y la Directora de Educaci\u00f3n de Gesti\u00f3n Privada, Marcela Cabadas. Durante la segunda jornada de trabajo, se hizo hincapi\u00e9 en la ardua tarea de consulta que se viene llevando a cabo en toda nuestra provincia para lograr el cambio de los dise\u00f1os curriculares vigentes.<a href=\"https:\/\/www.facebook.com\/hashtag\/seguimosconstruyendo?__eep__=6&amp;__cft__[0]=AZWatK9oylabl1BPmjds6NiV6D7CnHJZyGX2_hZ1lQ_sI7uIjk8WCsOCsuwr2vqgtcA89xnFym5dLflQVvAMBtHX2bNdT9FaYAYnBpQBV17dZ7KWZTDN_2dbXSMWXNf8kSTkp8K9fkH6G_IB_XR61YTHMLuKEy44UIRZ9cr7ywnHUA&amp;__tn__=-UK-R\">#SeguimosConstruyendo<\/a><a href=\"https:\/\/www.facebook.com\/hashtag\/educaci%C3%B3np%C3%BAblicadecalidad?__eep__=6&amp;__cft__[0]=AZWatK9oylabl1BPmjds6NiV6D7CnHJZyGX2_hZ1lQ_sI7uIjk8WCsOCsuwr2vqgtcA89xnFym5dLflQVvAMBtHX2bNdT9FaYAYnBpQBV17dZ7KWZTDN_2dbXSMWXNf8kSTkp8K9fkH6G_IB_XR61YTHMLuKEy44UIRZ9cr7ywnHUA&amp;__tn__=-UK-R\">#Educaci\u00f3nP\u00fablicadeCalidad<\/a><a href=\"https:\/\/www.facebook.com\/hashtag\/claudiabracchi?__eep__=6&amp;__cft__[0]=AZWatK9oylabl1BPmjds6NiV6D7CnHJZyGX2_hZ1lQ_sI7uIjk8WCsOCsuwr2vqgtcA89xnFym5dLflQVvAMBtHX2bNdT9FaYAYnBpQBV17dZ7KWZTDN_2dbXSMWXNf8kSTkp8K9fkH6G_IB_XR61YTHMLuKEy44UIRZ9cr7ywnHUA&amp;__tn__=-UK-R\">#ClaudiaBracchi<\/a><a href=\"https:\/\/www.facebook.com\/hashtag\/marisagori?__eep__=6&amp;__cft__[0]=AZWatK9oylabl1BPmjds6NiV6D7CnHJZyGX2_hZ1lQ_sI7uIjk8WCsOCsuwr2vqgtcA89xnFym5dLflQVvAMBtHX2bNdT9FaYAYnBpQBV17dZ7KWZTDN_2dbXSMWXNf8kSTkp8K9fkH6G_IB_XR61YTHMLuKEy44UIRZ9cr7ywnHUA&amp;__tn__=-UK-R\">#MarisaGori<\/a><a href=\"https:\/\/www.facebook.com\/hashtag\/vivianatylor?__eep__=6&amp;__cft__[0]=AZWatK9oylabl1BPmjds6NiV6D7CnHJZyGX2_hZ1lQ_sI7uIjk8WCsOCsuwr2vqgtcA89xnFym5dLflQVvAMBtHX2bNdT9FaYAYnBpQBV17dZ7KWZTDN_2dbXSMWXNf8kSTkp8K9fkH6G_IB_XR61YTHMLuKEy44UIRZ9cr7ywnHUA&amp;__tn__=-UK-R\">#VivianaTylor<\/a><a href=\"https:\/\/www.facebook.com\/hashtag\/gustavogalli?__eep__=6&amp;__cft__[0]=AZWatK9oylabl1BPmjds6NiV6D7CnHJZyGX2_hZ1lQ_sI7uIjk8WCsOCsuwr2vqgtcA89xnFym5dLflQVvAMBtHX2bNdT9FaYAYnBpQBV17dZ7KWZTDN_2dbXSMWXNf8kSTkp8K9fkH6G_IB_XR61YTHMLuKEy44UIRZ9cr7ywnHUA&amp;__tn__=-UK-R\">#GustavoGalli<\/a><a href=\"https:\/\/www.facebook.com\/hashtag\/sebasti%C3%A1nurquiza?__eep__=6&amp;__cft__[0]=AZWatK9oylabl1BPmjds6NiV6D7CnHJZyGX2_hZ1lQ_sI7uIjk8WCsOCsuwr2vqgtcA89xnFym5dLflQVvAMBtHX2bNdT9FaYAYnBpQBV17dZ7KWZTDN_2dbXSMWXNf8kSTkp8K9fkH6G_IB_XR61YTHMLuKEy44UIRZ9cr7ywnHUA&amp;__tn__=-UK-R\">#Sebasti\u00e1nUrquiza<\/a><a href=\"https:\/\/www.facebook.com\/hashtag\/dpes?__eep__=6&amp;__cft__[0]=AZWatK9oylabl1BPmjds6NiV6D7CnHJZyGX2_hZ1lQ_sI7uIjk8WCsOCsuwr2vqgtcA89xnFym5dLflQVvAMBtHX2bNdT9FaYAYnBpQBV17dZ7KWZTDN_2dbXSMWXNf8kSTkp8K9fkH6G_IB_XR61YTHMLuKEy44UIRZ9cr7ywnHUA&amp;__tn__=-UK-R\">#DPES<\/a><a href=\"https:\/\/www.facebook.com\/2444816778874623\/posts\/pfbid0qcFuUZSUUDS4D1h1rrib8gbp6BoUBMnhdPxvxVjyw9EFyREDYaAdb5qaMUMshb4cl\/?__cft__[0]=AZWatK9oylabl1BPmjds6NiV6D7CnHJZyGX2_hZ1lQ_sI7uIjk8WCsOCsuwr2vqgtcA89xnFym5dLflQVvAMBtHX2bNdT9FaYAYnBpQBV17dZ7KWZTDN_2dbXSMWXNf8kSTkp8K9fkH6G_IB_XR61YTHMLuKEy44UIRZ9cr7ywnHUA&amp;__tn__=-UK-R\">https:\/\/www.facebook.com\/&#8230;\/pfbid0qcFuUZSUUDS4D1h1rrib8&#8230;\/<\/a><\/p>\n\n\n\n<hr class=\"wp-block-separator has-css-opacity\"\/>\n\n\n<div class=\"wp-block-image\">\n<figure class=\"aligncenter size-large is-resized\"><img decoding=\"async\" loading=\"lazy\" src=\"https:\/\/isfd21-bue.infd.edu.ar\/sitio\/wp-content\/uploads\/2022\/08\/Publicacion-de-instagram-con-aviso-de-recordatorio-de-tienda-cerrada-3.png\" alt=\"\" class=\"wp-image-6643\" width=\"500\" height=\"500\" srcset=\"https:\/\/isfd21-bue.infd.edu.ar\/sitio\/wp-content\/uploads\/2022\/08\/Publicacion-de-instagram-con-aviso-de-recordatorio-de-tienda-cerrada-3.png 1080w, https:\/\/isfd21-bue.infd.edu.ar\/sitio\/wp-content\/uploads\/2022\/08\/Publicacion-de-instagram-con-aviso-de-recordatorio-de-tienda-cerrada-3-1000x1000.png 1000w, https:\/\/isfd21-bue.infd.edu.ar\/sitio\/wp-content\/uploads\/2022\/08\/Publicacion-de-instagram-con-aviso-de-recordatorio-de-tienda-cerrada-3-500x500.png 500w, https:\/\/isfd21-bue.infd.edu.ar\/sitio\/wp-content\/uploads\/2022\/08\/Publicacion-de-instagram-con-aviso-de-recordatorio-de-tienda-cerrada-3-768x768.png 768w\" sizes=\"(max-width: 500px) 100vw, 500px\" \/><\/figure><\/div>\n\n<div class=\"wp-block-image\">\n<figure class=\"aligncenter size-large is-resized\"><img decoding=\"async\" loading=\"lazy\" src=\"https:\/\/isfd21-bue.infd.edu.ar\/sitio\/wp-content\/uploads\/2022\/08\/Publicacion-de-instagram-con-aviso-de-recordatorio-de-tienda-cerrada-1.png\" alt=\"\" class=\"wp-image-6642\" width=\"543\" height=\"543\" srcset=\"https:\/\/isfd21-bue.infd.edu.ar\/sitio\/wp-content\/uploads\/2022\/08\/Publicacion-de-instagram-con-aviso-de-recordatorio-de-tienda-cerrada-1.png 1080w, https:\/\/isfd21-bue.infd.edu.ar\/sitio\/wp-content\/uploads\/2022\/08\/Publicacion-de-instagram-con-aviso-de-recordatorio-de-tienda-cerrada-1-1000x1000.png 1000w, https:\/\/isfd21-bue.infd.edu.ar\/sitio\/wp-content\/uploads\/2022\/08\/Publicacion-de-instagram-con-aviso-de-recordatorio-de-tienda-cerrada-1-500x500.png 500w, https:\/\/isfd21-bue.infd.edu.ar\/sitio\/wp-content\/uploads\/2022\/08\/Publicacion-de-instagram-con-aviso-de-recordatorio-de-tienda-cerrada-1-768x768.png 768w\" sizes=\"(max-width: 543px) 100vw, 543px\" \/><\/figure><\/div>\n\n\n<p><\/p>\n\n\n\n<p><em>Querida comunidad, compartimos con ustedes la carta emitida por la Direcci\u00f3n General de Cultura y Educaci\u00f3n, en conmemoraci\u00f3n por el aniversario de la muerte del General Jos\u00e9 de San Mart\u00edn.<\/em><\/p>\n\n\n<div class=\"wp-block-image\">\n<figure class=\"aligncenter size-large is-resized\"><img decoding=\"async\" loading=\"lazy\" src=\"https:\/\/isfd21-bue.infd.edu.ar\/sitio\/wp-content\/uploads\/2022\/08\/WhatsApp-Image-2022-08-17-at-12.39.35-PM.jpeg\" alt=\"\" class=\"wp-image-6638\" width=\"409\" height=\"585\" srcset=\"https:\/\/isfd21-bue.infd.edu.ar\/sitio\/wp-content\/uploads\/2022\/08\/WhatsApp-Image-2022-08-17-at-12.39.35-PM.jpeg 895w, https:\/\/isfd21-bue.infd.edu.ar\/sitio\/wp-content\/uploads\/2022\/08\/WhatsApp-Image-2022-08-17-at-12.39.35-PM-699x1000.jpeg 699w, https:\/\/isfd21-bue.infd.edu.ar\/sitio\/wp-content\/uploads\/2022\/08\/WhatsApp-Image-2022-08-17-at-12.39.35-PM-768x1098.jpeg 768w\" sizes=\"(max-width: 409px) 100vw, 409px\" \/><\/figure><\/div>\n\n\n<hr class=\"wp-block-separator has-css-opacity\"\/>\n\n\n\n<p class=\"has-medium-font-size\"><strong><em>Hoy, 17 de agosto conmemoramos un nuevo aniversario de la muerte del General Jos\u00e9 de San Mart\u00edn, el Libertador de Am\u00e9rica.<\/em><\/strong><\/p>\n\n\n\n<figure class=\"wp-block-gallery has-nested-images columns-default is-cropped wp-block-gallery-85 is-layout-flex\">\n<figure class=\"wp-block-image size-large\"><img decoding=\"async\" loading=\"lazy\" width=\"603\" height=\"302\" data-id=\"6635\"  src=\"https:\/\/isfd21-bue.infd.edu.ar\/sitio\/wp-content\/uploads\/2022\/08\/historia-san-martin-01.png\" alt=\"\" class=\"wp-image-6635\"\/><\/figure>\n\n\n\n<figure class=\"wp-block-image size-large\"><img decoding=\"async\" loading=\"lazy\" width=\"1900\" height=\"896\" data-id=\"6636\"  src=\"https:\/\/isfd21-bue.infd.edu.ar\/sitio\/wp-content\/uploads\/2022\/08\/tarjeta-para-el-aniversario-de-la-Muerte-de-San-MArtin-1900x896.jpg\" alt=\"\" class=\"wp-image-6636\" srcset=\"https:\/\/isfd21-bue.infd.edu.ar\/sitio\/wp-content\/uploads\/2022\/08\/tarjeta-para-el-aniversario-de-la-Muerte-de-San-MArtin-1900x896.jpg 1900w, https:\/\/isfd21-bue.infd.edu.ar\/sitio\/wp-content\/uploads\/2022\/08\/tarjeta-para-el-aniversario-de-la-Muerte-de-San-MArtin-1000x471.jpg 1000w, https:\/\/isfd21-bue.infd.edu.ar\/sitio\/wp-content\/uploads\/2022\/08\/tarjeta-para-el-aniversario-de-la-Muerte-de-San-MArtin-768x362.jpg 768w, https:\/\/isfd21-bue.infd.edu.ar\/sitio\/wp-content\/uploads\/2022\/08\/tarjeta-para-el-aniversario-de-la-Muerte-de-San-MArtin-1536x724.jpg 1536w, https:\/\/isfd21-bue.infd.edu.ar\/sitio\/wp-content\/uploads\/2022\/08\/tarjeta-para-el-aniversario-de-la-Muerte-de-San-MArtin-2048x965.jpg 2048w\" sizes=\"(max-width: 1900px) 100vw, 1900px\" \/><\/figure>\n<\/figure>\n\n\n\n<p class=\"has-medium-font-size\"><strong><em>16\/08\/22<\/em><\/strong><\/p>\n\n\n\n<h4 class=\"wp-block-heading\"><strong><em>ATENCI\u00d3N EGRESADOS<\/em><\/strong><img decoding=\"async\" loading=\"lazy\" height=\"20\" width=\"20\" alt=\"&#x1f4cc;\" src=\"https:\/\/static.xx.fbcdn.net\/images\/emoji.php\/v9\/t85\/1\/20\/1f4cc.png\"><\/h4>\n\n\n\n<h5 class=\"wp-block-heading\"><strong><em>LLEGARON T\u00cdTULOS<\/em><\/strong><\/h5>\n\n\n\n<h5 class=\"wp-block-heading\"><strong><em>PODR\u00c1N PASAR POR EL INSTITUTO A RETIRARLOS A PARTIR DEL D\u00cdA DE MA\u00d1ANA, MI\u00c9RCOLES 16\/08 Y EN LOS HORARIOS DE ATENCI\u00d3N EN PRECEPTOR\u00cdA.<\/em><\/strong><\/h5>\n\n\n\n<h5 class=\"wp-block-heading\"><strong><em>PRESENTAR DNI Y QUIENES NO PUEDAN ACERCARSE PERSONALMENTE, PUEDEN ENVIAR A OTRA PERSONA CON UNA AUTORIZACI\u00d3N FIRMADA POR USTEDES Y UNA COPIA DEL DNI.<\/em><\/strong><\/h5>\n\n\n\n<h5 class=\"wp-block-heading\"><strong><em>FELICITACIONES<\/em><\/strong><img decoding=\"async\" loading=\"lazy\" height=\"20\" width=\"20\" alt=\"&#x1f44f;\" src=\"https:\/\/static.xx.fbcdn.net\/images\/emoji.php\/v9\/td7\/1\/20\/1f44f.png\"><\/h5>\n\n\n\n<p>Se agregan los nombres no legibles en la imagen:<\/p>\n\n\n\n<p>ALOMO, TAMARASTEINBERG PABLOBLASTRE, MELANIE NATALIFRANCO, MARIA PAULAZAGATTI, MIGUEL ANGELWEBER, MARIANA DEL CARMEN<\/p>\n\n\n\n<figure class=\"wp-block-gallery has-nested-images columns-default is-cropped wp-block-gallery-87 is-layout-flex\">\n<figure class=\"wp-block-image size-large\"><img decoding=\"async\" loading=\"lazy\" width=\"213\" height=\"718\" data-id=\"6631\"  src=\"https:\/\/isfd21-bue.infd.edu.ar\/sitio\/wp-content\/uploads\/2022\/08\/298542638_1216865295780113_6696769378923533763_n.jpg\" alt=\"\" class=\"wp-image-6631\"\/><\/figure>\n\n\n\n<figure class=\"wp-block-image size-large\"><img decoding=\"async\" src=\"blob:https:\/\/isfd21-bue.infd.edu.ar\/391b6bb8-1a2a-43b2-be6d-e856046afb9d\" alt=\"\"\/><\/figure>\n<\/figure>\n\n\n\n<p>Triste noticia. El d\u00eda de hoy tomamos conocimiento del fallecimiento de Gladis Acu\u00f1a, estudiante del \u00faltimo a\u00f1o del Profesorado de Biolog\u00eda. Lamentamos mucho esta p\u00e9rdida y enviamos nuestro acompa\u00f1amiento y condolencias a la familia de parte de toda la comunidad del Rojas. Sus restos ser\u00e1n velados en la cocher\u00eda De la Quintana hoy 14\/8 de 18 a 22 hs.<\/p>\n\n\n<div class=\"wp-block-image\">\n<figure class=\"aligncenter size-large\"><img decoding=\"async\" loading=\"lazy\" width=\"419\" height=\"456\" src=\"https:\/\/isfd21-bue.infd.edu.ar\/sitio\/wp-content\/uploads\/2022\/08\/FOTO.jpg\" alt=\"\" class=\"wp-image-6626\"\/><\/figure><\/div>\n\n\n<p><\/p>\n\n\n\n<hr class=\"wp-block-separator has-css-opacity\"\/>\n\n\n\n<p>Estimada comunidad, La Red Andando, que trabaja muy cercana a la formaci\u00f3n de la carrera de Educaci\u00f3n Primaria, planean homenajear a la ni\u00f1ez en una fiesta popular.<\/p>\n\n\n\n<p>Nos piden una peque\u00f1a colaboraci\u00f3n, por lo que desde el martes 16 al jueves 19 podr\u00e1n dejar en el Instituto en una caja que dejaremos a la entrada de la casona (tijeritas, l\u00e1pices, hojas, anotadores, o cualquier elemento de librer\u00eda) por m\u00e1s que sea peque\u00f1o todo suma.<\/p>\n\n\n\n<p>Por anticipado se les agradece su contribuci\u00f3n.<\/p>\n\n\n\n<figure class=\"wp-block-image size-large\"><img decoding=\"async\" loading=\"lazy\" width=\"1600\" height=\"896\" src=\"https:\/\/isfd21-bue.infd.edu.ar\/sitio\/wp-content\/uploads\/2022\/08\/ANDANDO.jpg\" alt=\"\" class=\"wp-image-6628\" srcset=\"https:\/\/isfd21-bue.infd.edu.ar\/sitio\/wp-content\/uploads\/2022\/08\/ANDANDO.jpg 1600w, https:\/\/isfd21-bue.infd.edu.ar\/sitio\/wp-content\/uploads\/2022\/08\/ANDANDO-1000x560.jpg 1000w, https:\/\/isfd21-bue.infd.edu.ar\/sitio\/wp-content\/uploads\/2022\/08\/ANDANDO-768x430.jpg 768w, https:\/\/isfd21-bue.infd.edu.ar\/sitio\/wp-content\/uploads\/2022\/08\/ANDANDO-1536x860.jpg 1536w\" sizes=\"(max-width: 1600px) 100vw, 1600px\" \/><\/figure>\n\n\n\n<p class=\"has-medium-font-size\"><strong><em>ELECCIONES DEL CENTRO DE ESTUDIANTES y CLAUSTRO ESTUDIANTIL DEL CAI<\/em><\/strong><\/p>\n\n\n\n<p>Convocamos a todes a participar de la Asamblea General de Estudiantes el d\u00eda lunes 22 de Agosto a las 17hs.<\/p>\n\n\n\n<p>Temario:<\/p>\n\n\n\n<p>*Conformar la Junta Electoral que se har\u00e1 cargo de las elecciones.<\/p>\n\n\n\n<p>*Votar el cronograma eleccionario.<\/p>\n\n\n\n<p>-Cronograma propuesto:<\/p>\n\n\n\n<p>01\/09: Presentaci\u00f3n de listas.<\/p>\n\n\n\n<p>02\/09: Presentaci\u00f3n en consejo escolar de las listas del claustro estudiantil para el CAI<\/p>\n\n\n\n<p>05\/09 al 09\/09: elecciones de 10hs a 20hs.<\/p>\n\n\n\n<p>Todas las dudas sobre la conformaci\u00f3n de listas y plazos podr\u00e1n hacerse en la Asamblea.<\/p>\n\n\n\n<p>Es muy importante para la vida institucional que todes puedan participar el lunes 22 y en las posteriores elecciones.<\/p>\n\n\n\n<p>Unides Por El Rojas &#8211; Conducci\u00f3n del Centro de Estudiantes<\/p>\n\n\n<div class=\"wp-block-image\">\n<figure class=\"aligncenter size-large\"><img decoding=\"async\" loading=\"lazy\" width=\"509\" height=\"720\" src=\"https:\/\/isfd21-bue.infd.edu.ar\/sitio\/wp-content\/uploads\/2022\/08\/CAI.jpg\" alt=\"\" class=\"wp-image-6624\"\/><\/figure><\/div>\n\n\n<h5 class=\"wp-block-heading\"><em>CAMBIO DE FECHA DE MESAS DE EXAMEN<\/em><\/h5>\n\n\n\n<h6 class=\"wp-block-heading\"><em>PROFESORADO DE EDUCACI\u00d3N PRIMARIA 2\u00b02\u00b0LA MESA DE DIDACTICA DE LAS PDL LAS TOMARA LA PROFESORA ALVAREZ KARINA EL VIERNES 19\/8 13HS .<\/em><\/h6>\n\n\n\n<h6 class=\"wp-block-heading\"><em>PROFESORADO DE FILOSOF\u00cdA<\/em><\/h6>\n\n\n\n<h6 class=\"wp-block-heading\"><em>1\u00b01\u00b0, PEDAG\u00d3GICO DID\u00c1CTICA I, PASA AL MARTES 16\/08, 18 HS.<\/em><\/h6>\n\n\n\n<p style=\"font-size:19px\"><em>Profesorado de Matem\u00e1ticas 3\u00b0a\u00f1o, la mesa pendiente Evaluaci\u00f3n de los aprendizajes, se toma el martes 16\/8 .<\/em><\/p>\n\n\n\n<h6 class=\"wp-block-heading\"><em>2 do 1 era did de la lengua Profesorado de Educ primaria<\/em><\/h6>\n\n\n\n<h6 class=\"wp-block-heading\"><em>Se toma la mesa mi\u00e9rcoles 17\/8,  8 hs<\/em>.<\/h6>\n\n\n\n<p><strong><em>11\/08\/22<\/em><\/strong><\/p>\n\n\n\n<h4 class=\"wp-block-heading\"><em><strong>ATENCI\u00d3N, SE CUBRIERON MATERIAS<\/strong><\/em><\/h4>\n\n\n\n<h4 class=\"wp-block-heading\"><em><strong>Profesorado de educaci\u00f3n Primaria<\/strong><\/em><\/h4>\n\n\n\n<h4 class=\"wp-block-heading\"><em><strong>Unidad Curricular: EDI: Educaci\u00f3n Ambiental Integral<\/strong><\/em><\/h4>\n\n\n\n<h4 class=\"wp-block-heading\"><em><strong>Curso\/ Divisi\u00f3n: 2\u00b03\u00b0<\/strong><\/em><\/h4>\n\n\n\n<h4 class=\"wp-block-heading\"><em><strong>Tom\u00f3: Colombo Santiago Javier<\/strong><\/em><\/h4>\n\n\n\n<h4 class=\"wp-block-heading\"><\/h4>\n\n\n\n<h4 class=\"wp-block-heading\"><em><strong>Profesorado de Historia<\/strong><\/em><\/h4>\n\n\n\n<h4 class=\"wp-block-heading\"><em><strong>Unidad curricular: Espacio de la pr\u00e1ctica docente II (especialista)<\/strong><\/em><\/h4>\n\n\n\n<h4 class=\"wp-block-heading\"><em><strong>Curso\/Comisi\u00f3n: 2\u00b01\u00b0<\/strong><\/em><\/h4>\n\n\n\n<h4 class=\"wp-block-heading\"><em><strong>Tom\u00f3: Buletti, Sabrina Luj\u00e1n.<\/strong><\/em><\/h4>\n\n\n\n<p class=\"has-medium-font-size\"><strong><em>10\/08\/22<\/em><\/strong><\/p>\n\n\n<div class=\"wp-block-image\">\n<figure class=\"aligncenter size-large\"><img decoding=\"async\" loading=\"lazy\" width=\"1080\" height=\"1080\" src=\"https:\/\/isfd21-bue.infd.edu.ar\/sitio\/wp-content\/uploads\/2022\/08\/Instagram-post-motivacion-para-la-vida-amarillo.png\" alt=\"\" class=\"wp-image-6614\" srcset=\"https:\/\/isfd21-bue.infd.edu.ar\/sitio\/wp-content\/uploads\/2022\/08\/Instagram-post-motivacion-para-la-vida-amarillo.png 1080w, https:\/\/isfd21-bue.infd.edu.ar\/sitio\/wp-content\/uploads\/2022\/08\/Instagram-post-motivacion-para-la-vida-amarillo-1000x1000.png 1000w, https:\/\/isfd21-bue.infd.edu.ar\/sitio\/wp-content\/uploads\/2022\/08\/Instagram-post-motivacion-para-la-vida-amarillo-500x500.png 500w, https:\/\/isfd21-bue.infd.edu.ar\/sitio\/wp-content\/uploads\/2022\/08\/Instagram-post-motivacion-para-la-vida-amarillo-768x768.png 768w\" sizes=\"(max-width: 1080px) 100vw, 1080px\" \/><\/figure><\/div>\n\n\n<p><\/p>\n\n\n\n<h4 class=\"wp-block-heading\"><em><strong>Mesas postergadas<\/strong><\/em><\/h4>\n\n\n\n<h4 class=\"wp-block-heading\"><em><strong>Profesorado de Biolog\u00eda<\/strong><\/em><\/h4>\n\n\n\n<h4 class=\"wp-block-heading\"><em><strong>1\u00b01\u00b0, Psicolog\u00eda I, prof. Martin Lilian, pasa al 18\/8, 13 hs. (Con suspensi\u00f3n de clases de 13 a 15 hs.)<\/strong><\/em><\/h4>\n\n\n\n<h4 class=\"wp-block-heading\"><\/h4>\n\n\n\n<h4 class=\"wp-block-heading\"><em><strong>Profesorado de Educaci\u00f3n Especial<\/strong><\/em><\/h4>\n\n\n\n<h4 class=\"wp-block-heading\"><em><strong>3\u00b01\u00b0, Producci\u00f3n de Materiales, prof. Cristina Castro, pasa al 18\/8 13 hs. (Con suspensi\u00f3n de clases de 13 a 15 hs.)<\/strong><\/em><\/h4>\n\n\n\n<h4 class=\"wp-block-heading\"><\/h4>\n\n\n\n<h4 class=\"wp-block-heading\"><em><strong>4\u00b01\u00b0, Multidiscapacidad, prof. Stella Laborde, pasa al 18\/8 13 hs. (Solo con suspensi\u00f3n de clases de la materia de Interacciones Sociales de 13 a 14 hs.)<\/strong><\/em><\/h4>\n\n\n\n<p class=\"has-medium-font-size\"><strong>09\/08\/22<\/strong><\/p>\n\n\n\n<p class=\"has-text-align-center has-large-font-size\"><em><strong>Saludamos especialmente a nuestros docentes y estudiantes del profesorado de Educaci\u00f3n Especial que cada d\u00eda trabajan por una educaci\u00f3n inclusiva!<\/strong><\/em><\/p>\n\n\n<div class=\"wp-block-image\">\n<figure class=\"aligncenter size-large\"><img decoding=\"async\" loading=\"lazy\" width=\"1343\" height=\"1900\" src=\"https:\/\/isfd21-bue.infd.edu.ar\/sitio\/wp-content\/uploads\/2022\/08\/Flyer-oro-y-terracota-con-collage-sobre-cerveza-y-primavera-1343x1900.png\" alt=\"\" class=\"wp-image-6608\" srcset=\"https:\/\/isfd21-bue.infd.edu.ar\/sitio\/wp-content\/uploads\/2022\/08\/Flyer-oro-y-terracota-con-collage-sobre-cerveza-y-primavera-1343x1900.png 1343w, https:\/\/isfd21-bue.infd.edu.ar\/sitio\/wp-content\/uploads\/2022\/08\/Flyer-oro-y-terracota-con-collage-sobre-cerveza-y-primavera-707x1000.png 707w, https:\/\/isfd21-bue.infd.edu.ar\/sitio\/wp-content\/uploads\/2022\/08\/Flyer-oro-y-terracota-con-collage-sobre-cerveza-y-primavera-768x1086.png 768w, https:\/\/isfd21-bue.infd.edu.ar\/sitio\/wp-content\/uploads\/2022\/08\/Flyer-oro-y-terracota-con-collage-sobre-cerveza-y-primavera-1086x1536.png 1086w, https:\/\/isfd21-bue.infd.edu.ar\/sitio\/wp-content\/uploads\/2022\/08\/Flyer-oro-y-terracota-con-collage-sobre-cerveza-y-primavera.png 1414w\" sizes=\"(max-width: 1343px) 100vw, 1343px\" \/><\/figure><\/div>\n\n\n<p><em><strong>08\/08\/22<\/strong><\/em><\/p>\n\n\n<div class=\"wp-block-image\">\n<figure class=\"aligncenter size-large is-resized\"><img decoding=\"async\" loading=\"lazy\" src=\"https:\/\/isfd21-bue.infd.edu.ar\/sitio\/wp-content\/uploads\/2022\/08\/Instagram-post-motivacion-para-la-vida-amarillo-2.png\" alt=\"\" class=\"wp-image-6605\" width=\"573\" height=\"573\" srcset=\"https:\/\/isfd21-bue.infd.edu.ar\/sitio\/wp-content\/uploads\/2022\/08\/Instagram-post-motivacion-para-la-vida-amarillo-2.png 1080w, https:\/\/isfd21-bue.infd.edu.ar\/sitio\/wp-content\/uploads\/2022\/08\/Instagram-post-motivacion-para-la-vida-amarillo-2-1000x1000.png 1000w, https:\/\/isfd21-bue.infd.edu.ar\/sitio\/wp-content\/uploads\/2022\/08\/Instagram-post-motivacion-para-la-vida-amarillo-2-500x500.png 500w, https:\/\/isfd21-bue.infd.edu.ar\/sitio\/wp-content\/uploads\/2022\/08\/Instagram-post-motivacion-para-la-vida-amarillo-2-768x768.png 768w\" sizes=\"(max-width: 573px) 100vw, 573px\" \/><\/figure><\/div>\n\n\n<p><a href=\"https:\/\/docs.google.com\/spreadsheets\/d\/1LTIgPuwtb-y8M63LFPpL1NH1eDWpD8iDuScdfzDryMU\/edit?usp=sharing\">https:\/\/docs.google.com\/spreadsheets\/d\/1LTIgPuwtb-y8M63LFPpL1NH1eDWpD8iDuScdfzDryMU\/edit?usp=sharing<\/a><\/p>\n\n\n\n<hr class=\"wp-block-separator has-css-opacity\"\/>\n\n\n<div class=\"wp-block-image\">\n<figure class=\"aligncenter size-large is-resized\"><img decoding=\"async\" loading=\"lazy\" src=\"https:\/\/isfd21-bue.infd.edu.ar\/sitio\/wp-content\/uploads\/2022\/08\/Instagram-post-motivacion-para-la-vida-amarillo-1.png\" alt=\"\" class=\"wp-image-6601\" width=\"552\" height=\"552\" srcset=\"https:\/\/isfd21-bue.infd.edu.ar\/sitio\/wp-content\/uploads\/2022\/08\/Instagram-post-motivacion-para-la-vida-amarillo-1.png 1080w, https:\/\/isfd21-bue.infd.edu.ar\/sitio\/wp-content\/uploads\/2022\/08\/Instagram-post-motivacion-para-la-vida-amarillo-1-1000x1000.png 1000w, https:\/\/isfd21-bue.infd.edu.ar\/sitio\/wp-content\/uploads\/2022\/08\/Instagram-post-motivacion-para-la-vida-amarillo-1-500x500.png 500w, https:\/\/isfd21-bue.infd.edu.ar\/sitio\/wp-content\/uploads\/2022\/08\/Instagram-post-motivacion-para-la-vida-amarillo-1-768x768.png 768w\" sizes=\"(max-width: 552px) 100vw, 552px\" \/><\/figure><\/div>\n\n\n<p><\/p>\n\n\n\n<h6 class=\"wp-block-heading\"><em>ATENCI\u00d3N PROFESORADO EN HISTORIA<\/em><\/h6>\n\n\n\n<h6 class=\"wp-block-heading\"><em>CAMBIO DE FECHA DE MESAS<\/em><\/h6>\n\n\n\n<h6 class=\"wp-block-heading\"><em>Profesorado de Historia<\/em><\/h6>\n\n\n\n<h6 class=\"wp-block-heading\"><em>1ro1ra Filo Ped I (prof. Peralta), pasa al 17\/8, 18 hs.<\/em><\/h6>\n\n\n\n<h6 class=\"wp-block-heading\"><em>1ro 2da Filo Ped I(prof. Peralta), pasa al 16\/8, 8 hs<\/em><\/h6>\n\n\n\n<h4 class=\"wp-block-heading\"><em>ATENCI\u00d3N, REPROGRAMACI\u00d3N DE MESA<\/em><\/h4>\n\n\n\n<h4 class=\"has-medium-font-size wp-block-heading\"><em>PROFESORADO DE FILOSOF\u00cdA, 1\u00b01\u00b0 INTRODUCCI\u00d3N DE LA FILOSOF\u00cdA PASA AL MARTES 16\/8<\/em><\/h4>\n\n\n\n<p class=\"has-medium-font-size\"><strong>AVISO SUSPENSI\u00d3N DE MESA 1\u00b0 2\u00b0 &#8211; PROFESORADO de INGLES- TURNO MA\u00d1ANA:<\/strong> La mesa de examen de Did\u00e1ctica General (prof. Guacci) del 8\/8, 8hs. se suspende. Se avisar\u00e1 por este medio su reprogramaci\u00f3n.<\/p>\n\n\n\n<p><em><strong>05\/08\/22<\/strong><\/em><\/p>\n\n\n\n<h4 class=\"wp-block-heading\"><strong><em>MESAS PASADAS PROFESORADO EN MATEM\u00c1TICA (Prof. P\u00edpero)<\/em><\/strong><\/h4>\n\n\n\n<h4 class=\"wp-block-heading\"><strong><em>Del 04\/08 8 hs. Evaluaci\u00f3n de los aprendizajes pasa al d\u00eda 11\/08, 3\u00b01\u00b0 8:00 hs.<\/em><\/strong><\/h4>\n\n\n\n<h4 class=\"wp-block-heading\"><strong><em>Del 01\/08 13 hs. CFPP 1\u00b01\u00b0 pasa al 08\/08, 13:00 hs.<\/em><\/strong><\/h4>\n\n\n\n<figure class=\"wp-block-gallery has-nested-images columns-default is-cropped wp-block-gallery-89 is-layout-flex\">\n<figure class=\"wp-block-image size-large\"><img decoding=\"async\" loading=\"lazy\" width=\"1343\" height=\"1900\" data-id=\"6591\"  src=\"https:\/\/isfd21-bue.infd.edu.ar\/sitio\/wp-content\/uploads\/2022\/08\/Poster-mochila-emergencias-informativo-supervivencia-verde-turquesa-y-rojo-1343x1900.png\" alt=\"\" class=\"wp-image-6591\" srcset=\"https:\/\/isfd21-bue.infd.edu.ar\/sitio\/wp-content\/uploads\/2022\/08\/Poster-mochila-emergencias-informativo-supervivencia-verde-turquesa-y-rojo-1343x1900.png 1343w, https:\/\/isfd21-bue.infd.edu.ar\/sitio\/wp-content\/uploads\/2022\/08\/Poster-mochila-emergencias-informativo-supervivencia-verde-turquesa-y-rojo-707x1000.png 707w, https:\/\/isfd21-bue.infd.edu.ar\/sitio\/wp-content\/uploads\/2022\/08\/Poster-mochila-emergencias-informativo-supervivencia-verde-turquesa-y-rojo-768x1086.png 768w, https:\/\/isfd21-bue.infd.edu.ar\/sitio\/wp-content\/uploads\/2022\/08\/Poster-mochila-emergencias-informativo-supervivencia-verde-turquesa-y-rojo-1086x1536.png 1086w, https:\/\/isfd21-bue.infd.edu.ar\/sitio\/wp-content\/uploads\/2022\/08\/Poster-mochila-emergencias-informativo-supervivencia-verde-turquesa-y-rojo-1448x2048.png 1448w, https:\/\/isfd21-bue.infd.edu.ar\/sitio\/wp-content\/uploads\/2022\/08\/Poster-mochila-emergencias-informativo-supervivencia-verde-turquesa-y-rojo.png 1587w\" sizes=\"(max-width: 1343px) 100vw, 1343px\" \/><\/figure>\n<\/figure>\n\n\n\n<p class=\"has-medium-font-size\"><strong><em>04\/08\/22<\/em><\/strong><\/p>\n\n\n\n<h4 class=\"wp-block-heading\"><em>CAMBIO DE FECHAS DE MESAS:<\/em><\/h4>\n\n\n\n<h5 class=\"wp-block-heading\"><em>PROFESORADO EN BIOLOG\u00cdA<\/em><\/h5>\n\n\n\n<h5 class=\"wp-block-heading\"><em>3\u00b01\u00b0, POL\u00cdTICO INSTITUCIONAL PROF. GHELFI, FERNANDA PASA AL D\u00cdA 10\/08\/22<\/em><\/h5>\n\n\n\n<h4 class=\"wp-block-heading\"><\/h4>\n\n\n\n<h5 class=\"wp-block-heading\"><em>PROFESORADO EN INGL\u00c9S<\/em><\/h5>\n\n\n\n<h5 class=\"wp-block-heading\"><em>1\u00b01\u00b0, CFPP, PROF. FERN\u00c1NDEZ, OSCAR, PASA AL D\u00cdA 8\/8<\/em><\/h5>\n\n\n\n<hr class=\"wp-block-separator has-css-opacity\"\/>\n\n\n\n<h4 class=\"wp-block-heading\"><em><strong>COBERTURA DE MATERIAS<\/strong><\/em><\/h4>\n\n\n\n<h5 class=\"wp-block-heading\"><em><strong>Queridos estudiantes, compartimos el link de publicaciones donde se ir\u00e1n publicando las coberturas de materias.<\/strong><\/em><\/h5>\n\n\n\n<h5 class=\"wp-block-heading\"><a href=\"https:\/\/docs.google.com\/spreadsheets\/d\/1zS_Rf5MtJcxUuE9SV8uecGHdkkLBWQ-8FJbUqhIQLeI\/edit?usp=sharing&amp;fbclid=IwAR2hDfjm4aAkJ1kOchM_CF80yOIYbZHIqk3D39bZotlzS3ciT8KANJAEznk\" rel=\"noreferrer noopener\" target=\"_blank\"><em><strong>https:\/\/docs.google.com\/spreadsheets\/d\/1zS_Rf5MtJcxUuE9SV8uecGHdkkLBWQ-8FJbUqhIQLeI\/edit?usp=sharing<\/strong><\/em><\/a><\/h5>\n\n\n\n<hr class=\"wp-block-separator has-css-opacity\"\/>\n\n\n\n<h4 class=\"wp-block-heading\"><em><strong>Profesorado de Educaci\u00f3n Especial<\/strong><\/em><\/h4>\n\n\n\n<h4 class=\"wp-block-heading\"><em><strong>Espacio curricular: Did\u00e1ctica de las Pr\u00e1cticas del lenguaje II<\/strong><\/em><\/h4>\n\n\n\n<h4 class=\"wp-block-heading\"><em><strong>Curso\/Divisi\u00f3n: 2\u00b01\u00b0<\/strong><\/em><\/h4>\n\n\n\n<h4 class=\"wp-block-heading\"><em><strong>Tom\u00f3: Prof. Giobellina Mar\u00eda Victoria<\/strong><\/em><\/h4>\n\n\n\n<h4 class=\"wp-block-heading\"><\/h4>\n\n\n\n<h4 class=\"wp-block-heading\"><em><strong>Profesorado de educaci\u00f3n Primaria<\/strong><\/em><\/h4>\n\n\n\n<h4 class=\"wp-block-heading\"><em><strong>Espacio: EDI: Educaci\u00f3n Ambiental Integral<\/strong><\/em><\/h4>\n\n\n\n<h4 class=\"wp-block-heading\"><em><strong>Curso\\Divisi\u00f3n: 2\u00b01\u00b0 y 2\u00b02\u00b0<\/strong><\/em><\/h4>\n\n\n\n<h4 class=\"wp-block-heading\"><em><strong>Tom\u00f3: prof. Colombo Santiago Javier.<\/strong><\/em><\/h4>\n\n\n\n<hr class=\"wp-block-separator has-css-opacity\"\/>\n\n\n\n<p><strong>AVISO MESAS SUSPENDIDAS -PROFESORADO DE LENGUA Y LITERATURA-TURNO VESPERTINO:<\/strong>3\u00b0 1\u00b0&nbsp;<strong>4\/8<\/strong>&nbsp;: Did\u00e1ctica de la Lengua y la Literatura II (Prof, Lannutti)1\u00b01\u00b0&nbsp;<strong>5\/8&nbsp;<\/strong>: Linguistica y Gram\u00e1tica I (Prof. Lannutti)- Se informar\u00e1 por este medio nueva reprogramaci\u00f3n &#8211;<\/p>\n\n\n\n<p><strong><em>03\/08\/22<\/em><\/strong><\/p>\n\n\n\n<h4 class=\"wp-block-heading\"><strong><em>ATENCI\u00d3N EGRESADOS<\/em><\/strong><img decoding=\"async\" loading=\"lazy\" height=\"20\" width=\"20\" alt=\"&#x1f4cc;\" src=\"https:\/\/static.xx.fbcdn.net\/images\/emoji.php\/v9\/t85\/1\/20\/1f4cc.png\"><\/h4>\n\n\n\n<h4 class=\"wp-block-heading\"><strong><em>LLEGARON T\u00cdTULOS<\/em><\/strong><\/h4>\n\n\n\n<h4 class=\"wp-block-heading\"><strong><em>PODR\u00c1N PASAR POR EL INSTITUTO A RETIRARLOS, EN LOS HORARIOS DE ATENCI\u00d3N EN PRECEPTOR\u00cdA.<\/em><\/strong><\/h4>\n\n\n\n<h4 class=\"wp-block-heading\"><strong><em>PRESENTAR DNI Y QUIENES NO PUEDAN ACERCARSE PERSONALMENTE, PUEDEN ENVIAR A OTRA PERSONA CON UNA AUTORIZACI\u00d3N FIRMADA POR USTEDES Y UNA COPIA DEL DNI.<\/em><\/strong><\/h4>\n\n\n\n<p><\/p>\n\n\n\n<figure class=\"wp-block-gallery has-nested-images columns-3 is-cropped wp-block-gallery-91 is-layout-flex\">\n<figure class=\"wp-block-image size-large\"><img decoding=\"async\" loading=\"lazy\" width=\"510\" height=\"1600\" data-id=\"6573\"  src=\"https:\/\/isfd21-bue.infd.edu.ar\/sitio\/wp-content\/uploads\/2022\/08\/WhatsApp-Image-2022-08-03-at-5.06.38-PM-2.jpeg\" alt=\"\" class=\"wp-image-6573\" srcset=\"https:\/\/isfd21-bue.infd.edu.ar\/sitio\/wp-content\/uploads\/2022\/08\/WhatsApp-Image-2022-08-03-at-5.06.38-PM-2.jpeg 510w, https:\/\/isfd21-bue.infd.edu.ar\/sitio\/wp-content\/uploads\/2022\/08\/WhatsApp-Image-2022-08-03-at-5.06.38-PM-2-319x1000.jpeg 319w, https:\/\/isfd21-bue.infd.edu.ar\/sitio\/wp-content\/uploads\/2022\/08\/WhatsApp-Image-2022-08-03-at-5.06.38-PM-2-490x1536.jpeg 490w\" sizes=\"(max-width: 510px) 100vw, 510px\" \/><\/figure>\n\n\n\n<figure class=\"wp-block-image size-large\"><img decoding=\"async\" loading=\"lazy\" width=\"538\" height=\"958\" data-id=\"6574\"  src=\"https:\/\/isfd21-bue.infd.edu.ar\/sitio\/wp-content\/uploads\/2022\/08\/WhatsApp-Image-2022-08-03-at-5.06.38-PM-1.jpeg\" alt=\"\" class=\"wp-image-6574\"\/><\/figure>\n\n\n\n<figure class=\"wp-block-image size-large\"><img decoding=\"async\" loading=\"lazy\" width=\"566\" height=\"930\" data-id=\"6575\"  src=\"https:\/\/isfd21-bue.infd.edu.ar\/sitio\/wp-content\/uploads\/2022\/08\/WhatsApp-Image-2022-08-03-at-5.06.38-PM.jpeg\" alt=\"\" class=\"wp-image-6575\"\/><\/figure>\n\n\n\n<figure class=\"wp-block-image size-large\"><img decoding=\"async\" loading=\"lazy\" width=\"484\" height=\"1268\" data-id=\"6576\"  src=\"https:\/\/isfd21-bue.infd.edu.ar\/sitio\/wp-content\/uploads\/2022\/08\/WhatsApp-Image-2022-08-03-at-5.06.38-PM-3.jpeg\" alt=\"\" class=\"wp-image-6576\" srcset=\"https:\/\/isfd21-bue.infd.edu.ar\/sitio\/wp-content\/uploads\/2022\/08\/WhatsApp-Image-2022-08-03-at-5.06.38-PM-3.jpeg 484w, https:\/\/isfd21-bue.infd.edu.ar\/sitio\/wp-content\/uploads\/2022\/08\/WhatsApp-Image-2022-08-03-at-5.06.38-PM-3-382x1000.jpeg 382w\" sizes=\"(max-width: 484px) 100vw, 484px\" \/><\/figure>\n<\/figure>\n\n\n\n<h4 class=\"wp-block-heading\"><em>Profesorado de Filosof\u00eda<\/em><\/h4>\n\n\n\n<h4 class=\"wp-block-heading\"><em>Espacio: \u00c9tica I curso: 3\u00b01\u00b0<\/em><\/h4>\n\n\n\n<h4 class=\"wp-block-heading\"><em>Tom\u00f3: V\u00e1zquez Muriel<\/em><\/h4>\n\n\n\n<h4 class=\"wp-block-heading\"><em>Mail: murielvazquez@hotmail.com<\/em><\/h4>\n\n\n\n<h4 class=\"wp-block-heading\"><em>La profesora Muriel, deja su direcci\u00f3n de correo electr\u00f3nico a disposici\u00f3n para consultas. Tambi\u00e9n pueden consultar de manera presencial los d\u00edas martes y mi\u00e9rcoles en el turno vespertino (a partir de las 18 hs.) que estar\u00e1 tomando ex\u00e1menes estas semanas.<\/em><\/h4>\n\n\n\n<hr class=\"wp-block-separator has-css-opacity\"\/>\n\n\n\n<p><strong><em>PROFESORADO EN MATEM\u00c1TICA. METODOLOG\u00cdA DE LA INVESTIGACI\u00d3N, 4\u00b01\u00b0, PROF AM\u00c9NDOLA, PASA DEL 03\/08 AL 10\/08 08:00 HS.<\/em><\/strong><\/p>\n\n\n\n<p><em><strong>PROFESORADO EN FILOSOF\u00cdA, FRANC\u00c9S I PASA AL 8\/8\/22<\/strong><\/em><\/p>\n\n\n\n<hr class=\"wp-block-separator has-css-opacity\"\/>\n\n\n\n<p><strong><em>02\/08\/22<\/em><\/strong><\/p>\n\n\n\n<p><em><strong>A 4 a\u00f1os&#8230; Sandra y Ruben presentes, ahora y siempre.<\/strong><\/em><\/p>\n\n\n<div class=\"wp-block-image\">\n<figure class=\"aligncenter size-large\"><img decoding=\"async\" loading=\"lazy\" width=\"600\" height=\"530\" src=\"https:\/\/isfd21-bue.infd.edu.ar\/sitio\/wp-content\/uploads\/2022\/08\/295812445_1207581590041817_2538786357707113822_n.jpg\" alt=\"\" class=\"wp-image-6570\"\/><\/figure><\/div>\n\n\n<hr class=\"wp-block-separator has-css-opacity\"\/>\n\n\n\n<p class=\"has-medium-font-size\"><strong><em>15\/07\/22<\/em><\/strong><\/p>\n\n\n\n<h5 class=\"wp-block-heading\"><strong><em>Profesorado de Educaci\u00f3n <\/em><\/strong><strong><em>Primaria<\/em><\/strong><\/h5>\n\n\n\n<h5 class=\"wp-block-heading\"><strong><em>Did\u00e1ctica de las pr\u00e1cticas del lenguaje II.<\/em><\/strong><\/h5>\n\n\n\n<h5 class=\"wp-block-heading\"><strong><em>Tom\u00f3 la profesora: Tisera Bibiana<\/em><\/strong><\/h5>\n\n\n\n<h5 class=\"wp-block-heading\"><strong><em>Profesorado de Filosof\u00eda<\/em><\/strong><\/h5>\n\n\n\n<h5 class=\"wp-block-heading\"><strong><em>Prof. Ahumada Mat\u00edas tom\u00f3 EDI Latinoamericana de 4\u00b01<\/em><\/strong><\/h5>\n\n\n\n<hr class=\"wp-block-separator has-css-opacity\"\/>\n\n\n\n<h5 class=\"wp-block-heading\"><strong><em>CAMBIO DE FECHA DE MESA CARRERA PRIMARIA<\/em><\/strong><\/h5>\n\n\n\n<h5 class=\"wp-block-heading\"><strong><em>EDI DE 1\u00b02\u00b0 PASA AL 12\/8 8:00 HS.<\/em><\/strong><\/h5>\n\n\n\n<hr class=\"wp-block-separator has-css-opacity is-style-wide\"\/>\n\n\n\n<h4 class=\"wp-block-heading\"><strong>RECORDATORIO<\/strong><\/h4>\n\n\n\n<h4 class=\"wp-block-heading\"><strong><em>Nos encontramos recibiendo documentaci\u00f3n de ingresantes. Observ\u00e1 el cronograma y acercate en el d\u00eda y horario correspondiente a tu carrera. Tambi\u00e9n podr\u00e1n aprovechar el momento de entrega de documentaci\u00f3n para colaborar con Cooperadora, se recuerda que el monto anual es de $1500, si bien el pago de la misma no es obligatorio cualquier aporte que puedan realizar ser\u00e1 bienvenido. Muchas gracias.<\/em><\/strong><\/h4>\n\n\n\n<h5 class=\"wp-block-heading\"><strong><em><strong>ATENCI\u00d3N ESTUDIANTES INGRESANTES A\u00d1O 2021, A\u00d1O 2022. COMPARTIMOS EL CRONOGRAMA DE PRESENTACI\u00d3N DE DOCUMENTACI\u00d3N COMO INGRESANTES.<\/strong><\/em><\/strong><\/h5>\n\n\n\n<h5 class=\"wp-block-heading\"><strong><em><strong>DEBER\u00c1N ACERCARSE EN EL D\u00cdA ASIGNADO A SU CARRERA Y COMISI\u00d3N. ESE D\u00cdA DEBEN TRAER LOS ORIGINALES DE LA DOCUMENTACI\u00d3N QUE SE SOLICIT\u00d3 AL MOMENTO DE LA INSCRIPCI\u00d3N:<\/strong><\/em><\/strong><\/h5>\n\n\n\n<h5 class=\"wp-block-heading\"><strong><em><strong>*DOCUMENTO NACIONAL DE IDENTIDAD (DNI) (FRENTE Y DORSO)<\/strong><\/em><\/strong><\/h5>\n\n\n\n<h5 class=\"wp-block-heading\"><strong><em><strong>*T\u00cdTULO CON SELLO DE CONSEJO ESCOLAR DEL LUGAR DE RESIDENCIA (FRENTE Y DORSO).<br>*EN CASO DE NO POSEER T\u00cdTULO A\u00daN, PRESENTAR CONSTANCIA DE T\u00cdTULO EN TR\u00c1MITE.<br>*PARTIDA DE NACIMIENTO<\/strong><\/em><\/strong><\/h5>\n\n\n\n<h5 class=\"wp-block-heading\"><strong><em><strong>*FICHA M\u00c9DICA DE SALUD<\/strong><\/em><\/strong><\/h5>\n\n\n\n<h5 class=\"wp-block-heading\"><strong><em><strong>*PLANILLA DE INSCRIPCI\u00d3N<\/strong><\/em><\/strong><\/h5>\n\n\n\n<figure class=\"wp-block-image size-large\"><img decoding=\"async\" loading=\"lazy\" width=\"720\" height=\"511\" src=\"https:\/\/isfd21-bue.infd.edu.ar\/sitio\/wp-content\/uploads\/2022\/08\/CRONOGRAMA.jpg\" alt=\"\" class=\"wp-image-6557\"\/><\/figure>\n\n\n\n<hr class=\"wp-block-separator has-css-opacity\"\/>\n\n\n\n<p class=\"has-medium-font-size\"><em><strong>Estimadxs estudiantes, compartimos informaci\u00f3n: A partir del pr\u00f3ximo lunes 1ero. de agosto 2022 se dar\u00e1 inicio a la 2da Convocatoria de Becas PROGRESAR del a\u00f1o. A partir del 1ero y hasta el 31 de agosto los estudiantes interesadas\/os en participar en becas progresar, tendr\u00e1n la oportunidad de inscribirse a trav\u00e9s de la plataforma <a rel=\"noreferrer noopener\" href=\"https:\/\/www.argentina.gob.ar\/educacion\/progresar\/ingreso-a-instituciones?fbclid=IwAR3w9MpPJ7qlogHDqnYy4YTHvj_bcrnvH30YVMD_izyYmtT5OAKgb1QLztE\" target=\"_blank\">https:\/\/www.argentina.gob.ar\/&#8230;\/ingreso-a-instituciones<\/a><\/strong><\/em><\/p>\n\n\n\n<hr class=\"wp-block-separator has-css-opacity\"\/>\n\n\n<div class=\"wp-block-image\">\n<figure class=\"aligncenter size-large\"><img decoding=\"async\" loading=\"lazy\" width=\"441\" height=\"634\" src=\"https:\/\/isfd21-bue.infd.edu.ar\/sitio\/wp-content\/uploads\/2022\/07\/image-17.png\" alt=\"\" class=\"wp-image-6545\"\/><\/figure><\/div>\n\n\n<h4 class=\"wp-block-heading\"><em>Anoche se concluy\u00f3 el \u00faltimo acto de colaci\u00f3n de estudiantes 2019 2020 y una parte de 2021, con el profesorado de Educaci\u00f3n Primaria.<\/em><\/h4>\n\n\n\n<h4 class=\"wp-block-heading\"><em>Se agradece profundamente a preceptores , profesores que colaboraron con detalles y presencia para que este evento fuera c\u00e1lido y hermoso.<\/em><\/h4>\n\n\n\n<h4 class=\"wp-block-heading\"><em>Nos vamos al receso con el coraz\u00f3n colmado de alegr\u00eda<\/em><img decoding=\"async\" loading=\"lazy\" height=\"20\" width=\"20\" alt=\"&#x1f393;\" src=\"https:\/\/static.xx.fbcdn.net\/images\/emoji.php\/v9\/tfe\/1\/20\/1f393.png\"><img decoding=\"async\" loading=\"lazy\" height=\"20\" width=\"20\" alt=\"&#x1f393;\" src=\"https:\/\/static.xx.fbcdn.net\/images\/emoji.php\/v9\/tfe\/1\/20\/1f393.png\"><\/h4>\n\n\n\n<figure class=\"wp-block-embed is-type-video is-provider-youtube wp-block-embed-youtube wp-embed-aspect-16-9 wp-has-aspect-ratio\"><div class=\"wp-block-embed__wrapper\">\n<iframe loading=\"lazy\" title=\"ACTOS DE COLACI\u00d3N 2019, 2020, 2021. ISFD N\u00b021\" width=\"1200\" height=\"675\" src=\"https:\/\/www.youtube.com\/embed\/y_epJoqyAuI?feature=oembed\" frameborder=\"0\" allow=\"accelerometer; autoplay; clipboard-write; encrypted-media; gyroscope; picture-in-picture\" allowfullscreen><\/iframe>\n<\/div><\/figure>\n\n\n\n<p><\/p>\n\n\n\n<h4 class=\"wp-block-heading\"><strong><em>OCTAVO Y \u00daLTIMO D\u00cdA DE ACTO DE COLACI\u00d3N&nbsp;<\/em><\/strong><img decoding=\"async\" loading=\"lazy\" height=\"20\" width=\"20\" alt=\"&#x1f393;\" src=\"https:\/\/static.xx.fbcdn.net\/images\/emoji.php\/v9\/tfe\/1\/20\/1f393.png\"><img decoding=\"async\" loading=\"lazy\" height=\"20\" width=\"20\" alt=\"&#x1f393;\" src=\"https:\/\/static.xx.fbcdn.net\/images\/emoji.php\/v9\/tfe\/1\/20\/1f393.png\"><img decoding=\"async\" loading=\"lazy\" height=\"20\" width=\"20\" alt=\"&#x1f973;\" src=\"https:\/\/static.xx.fbcdn.net\/images\/emoji.php\/v9\/t46\/1\/20\/1f973.png\"><em>.<\/em><\/h4>\n\n\n\n<h4 class=\"wp-block-heading\"><em>14\/07 Acto de colaci\u00f3n del Profesorado de EDUCACI\u00d3N PRIMARIA<\/em><\/h4>\n\n\n\n<h4 class=\"wp-block-heading\"><em>Felicitamos a los Profesores de EDUCACI\u00d3N PRIMARIA:<\/em><\/h4>\n\n\n\n<figure class=\"wp-block-gallery has-nested-images columns-default is-cropped wp-block-gallery-93 is-layout-flex\">\n<figure class=\"wp-block-image size-large\"><img decoding=\"async\" loading=\"lazy\" width=\"1600\" height=\"720\" data-id=\"6547\"  src=\"https:\/\/isfd21-bue.infd.edu.ar\/sitio\/wp-content\/uploads\/2022\/07\/292539652_1196004077866235_6537878335152334229_n.jpg\" alt=\"\" class=\"wp-image-6547\" srcset=\"https:\/\/isfd21-bue.infd.edu.ar\/sitio\/wp-content\/uploads\/2022\/07\/292539652_1196004077866235_6537878335152334229_n.jpg 1600w, https:\/\/isfd21-bue.infd.edu.ar\/sitio\/wp-content\/uploads\/2022\/07\/292539652_1196004077866235_6537878335152334229_n-1000x450.jpg 1000w, https:\/\/isfd21-bue.infd.edu.ar\/sitio\/wp-content\/uploads\/2022\/07\/292539652_1196004077866235_6537878335152334229_n-768x346.jpg 768w, https:\/\/isfd21-bue.infd.edu.ar\/sitio\/wp-content\/uploads\/2022\/07\/292539652_1196004077866235_6537878335152334229_n-1536x691.jpg 1536w\" sizes=\"(max-width: 1600px) 100vw, 1600px\" \/><\/figure>\n\n\n\n<figure class=\"wp-block-image size-large\"><img decoding=\"async\" loading=\"lazy\" width=\"1600\" height=\"720\" data-id=\"6548\"  src=\"https:\/\/isfd21-bue.infd.edu.ar\/sitio\/wp-content\/uploads\/2022\/07\/293645270_1196004127866230_5095882102686917008_n.jpg\" alt=\"\" class=\"wp-image-6548\" srcset=\"https:\/\/isfd21-bue.infd.edu.ar\/sitio\/wp-content\/uploads\/2022\/07\/293645270_1196004127866230_5095882102686917008_n.jpg 1600w, https:\/\/isfd21-bue.infd.edu.ar\/sitio\/wp-content\/uploads\/2022\/07\/293645270_1196004127866230_5095882102686917008_n-1000x450.jpg 1000w, https:\/\/isfd21-bue.infd.edu.ar\/sitio\/wp-content\/uploads\/2022\/07\/293645270_1196004127866230_5095882102686917008_n-768x346.jpg 768w, https:\/\/isfd21-bue.infd.edu.ar\/sitio\/wp-content\/uploads\/2022\/07\/293645270_1196004127866230_5095882102686917008_n-1536x691.jpg 1536w\" sizes=\"(max-width: 1600px) 100vw, 1600px\" \/><\/figure>\n\n\n\n<figure class=\"wp-block-image size-large\"><img decoding=\"async\" loading=\"lazy\" width=\"720\" height=\"1600\" data-id=\"6549\"  src=\"https:\/\/isfd21-bue.infd.edu.ar\/sitio\/wp-content\/uploads\/2022\/07\/292718727_1196004117866231_6370721353797600214_n.jpg\" alt=\"\" class=\"wp-image-6549\" srcset=\"https:\/\/isfd21-bue.infd.edu.ar\/sitio\/wp-content\/uploads\/2022\/07\/292718727_1196004117866231_6370721353797600214_n.jpg 720w, https:\/\/isfd21-bue.infd.edu.ar\/sitio\/wp-content\/uploads\/2022\/07\/292718727_1196004117866231_6370721353797600214_n-450x1000.jpg 450w, https:\/\/isfd21-bue.infd.edu.ar\/sitio\/wp-content\/uploads\/2022\/07\/292718727_1196004117866231_6370721353797600214_n-691x1536.jpg 691w\" sizes=\"(max-width: 720px) 100vw, 720px\" \/><\/figure>\n\n\n\n<figure class=\"wp-block-image size-large\"><img decoding=\"async\" loading=\"lazy\" width=\"1024\" height=\"768\" data-id=\"6550\"  src=\"https:\/\/isfd21-bue.infd.edu.ar\/sitio\/wp-content\/uploads\/2022\/07\/293130781_1196004114532898_8330098787709251252_n.jpg\" alt=\"\" class=\"wp-image-6550\" srcset=\"https:\/\/isfd21-bue.infd.edu.ar\/sitio\/wp-content\/uploads\/2022\/07\/293130781_1196004114532898_8330098787709251252_n.jpg 1024w, https:\/\/isfd21-bue.infd.edu.ar\/sitio\/wp-content\/uploads\/2022\/07\/293130781_1196004114532898_8330098787709251252_n-1000x750.jpg 1000w, https:\/\/isfd21-bue.infd.edu.ar\/sitio\/wp-content\/uploads\/2022\/07\/293130781_1196004114532898_8330098787709251252_n-768x576.jpg 768w\" sizes=\"(max-width: 1024px) 100vw, 1024px\" \/><\/figure>\n\n\n\n<figure class=\"wp-block-image size-large\"><img decoding=\"async\" loading=\"lazy\" width=\"1600\" height=\"1200\" data-id=\"6551\"  src=\"https:\/\/isfd21-bue.infd.edu.ar\/sitio\/wp-content\/uploads\/2022\/07\/292776328_1195986897867953_4877201151768177159_n.jpg\" alt=\"\" class=\"wp-image-6551\" srcset=\"https:\/\/isfd21-bue.infd.edu.ar\/sitio\/wp-content\/uploads\/2022\/07\/292776328_1195986897867953_4877201151768177159_n.jpg 1600w, https:\/\/isfd21-bue.infd.edu.ar\/sitio\/wp-content\/uploads\/2022\/07\/292776328_1195986897867953_4877201151768177159_n-1000x750.jpg 1000w, https:\/\/isfd21-bue.infd.edu.ar\/sitio\/wp-content\/uploads\/2022\/07\/292776328_1195986897867953_4877201151768177159_n-768x576.jpg 768w, https:\/\/isfd21-bue.infd.edu.ar\/sitio\/wp-content\/uploads\/2022\/07\/292776328_1195986897867953_4877201151768177159_n-1536x1152.jpg 1536w\" sizes=\"(max-width: 1600px) 100vw, 1600px\" \/><\/figure>\n\n\n\n<figure class=\"wp-block-image size-large\"><img decoding=\"async\" loading=\"lazy\" width=\"720\" height=\"1600\" data-id=\"6552\"  src=\"https:\/\/isfd21-bue.infd.edu.ar\/sitio\/wp-content\/uploads\/2022\/07\/292398887_1195986867867956_8851428193600594473_n.jpg\" alt=\"\" class=\"wp-image-6552\" srcset=\"https:\/\/isfd21-bue.infd.edu.ar\/sitio\/wp-content\/uploads\/2022\/07\/292398887_1195986867867956_8851428193600594473_n.jpg 720w, https:\/\/isfd21-bue.infd.edu.ar\/sitio\/wp-content\/uploads\/2022\/07\/292398887_1195986867867956_8851428193600594473_n-450x1000.jpg 450w, https:\/\/isfd21-bue.infd.edu.ar\/sitio\/wp-content\/uploads\/2022\/07\/292398887_1195986867867956_8851428193600594473_n-691x1536.jpg 691w\" sizes=\"(max-width: 720px) 100vw, 720px\" \/><\/figure>\n\n\n\n<figure class=\"wp-block-image size-large\"><img decoding=\"async\" loading=\"lazy\" width=\"1280\" height=\"576\" data-id=\"6553\"  src=\"https:\/\/isfd21-bue.infd.edu.ar\/sitio\/wp-content\/uploads\/2022\/07\/293335078_1195986864534623_7369110070542490990_n.jpg\" alt=\"\" class=\"wp-image-6553\" srcset=\"https:\/\/isfd21-bue.infd.edu.ar\/sitio\/wp-content\/uploads\/2022\/07\/293335078_1195986864534623_7369110070542490990_n.jpg 1280w, https:\/\/isfd21-bue.infd.edu.ar\/sitio\/wp-content\/uploads\/2022\/07\/293335078_1195986864534623_7369110070542490990_n-1000x450.jpg 1000w, https:\/\/isfd21-bue.infd.edu.ar\/sitio\/wp-content\/uploads\/2022\/07\/293335078_1195986864534623_7369110070542490990_n-768x346.jpg 768w\" sizes=\"(max-width: 1280px) 100vw, 1280px\" \/><\/figure>\n\n\n\n<figure class=\"wp-block-image size-large\"><img decoding=\"async\" loading=\"lazy\" width=\"1600\" height=\"720\" data-id=\"6554\"  src=\"https:\/\/isfd21-bue.infd.edu.ar\/sitio\/wp-content\/uploads\/2022\/07\/293533123_1195986871201289_5864792031490983653_n.jpg\" alt=\"\" class=\"wp-image-6554\" srcset=\"https:\/\/isfd21-bue.infd.edu.ar\/sitio\/wp-content\/uploads\/2022\/07\/293533123_1195986871201289_5864792031490983653_n.jpg 1600w, https:\/\/isfd21-bue.infd.edu.ar\/sitio\/wp-content\/uploads\/2022\/07\/293533123_1195986871201289_5864792031490983653_n-1000x450.jpg 1000w, https:\/\/isfd21-bue.infd.edu.ar\/sitio\/wp-content\/uploads\/2022\/07\/293533123_1195986871201289_5864792031490983653_n-768x346.jpg 768w, https:\/\/isfd21-bue.infd.edu.ar\/sitio\/wp-content\/uploads\/2022\/07\/293533123_1195986871201289_5864792031490983653_n-1536x691.jpg 1536w\" sizes=\"(max-width: 1600px) 100vw, 1600px\" \/><\/figure>\n<\/figure>\n\n\n\n<p class=\"has-medium-font-size\"><strong><em>14\/07\/22<\/em><\/strong><\/p>\n\n\n\n<p><em>COMPARTIMOS CRONOGRAMA DE SEGUNDO CUATRIMESTRE<\/em><\/p>\n\n\n<div class=\"wp-block-image\">\n<figure class=\"aligncenter size-large is-resized\"><img decoding=\"async\" loading=\"lazy\" src=\"https:\/\/isfd21-bue.infd.edu.ar\/sitio\/wp-content\/uploads\/2022\/07\/Naranja-y-Verde-Pizarron-Tutor-Volante-1343x1900.png\" alt=\"\" class=\"wp-image-6541\" width=\"619\" height=\"875\" srcset=\"https:\/\/isfd21-bue.infd.edu.ar\/sitio\/wp-content\/uploads\/2022\/07\/Naranja-y-Verde-Pizarron-Tutor-Volante-1343x1900.png 1343w, https:\/\/isfd21-bue.infd.edu.ar\/sitio\/wp-content\/uploads\/2022\/07\/Naranja-y-Verde-Pizarron-Tutor-Volante-707x1000.png 707w, https:\/\/isfd21-bue.infd.edu.ar\/sitio\/wp-content\/uploads\/2022\/07\/Naranja-y-Verde-Pizarron-Tutor-Volante-768x1086.png 768w, https:\/\/isfd21-bue.infd.edu.ar\/sitio\/wp-content\/uploads\/2022\/07\/Naranja-y-Verde-Pizarron-Tutor-Volante-1086x1536.png 1086w, https:\/\/isfd21-bue.infd.edu.ar\/sitio\/wp-content\/uploads\/2022\/07\/Naranja-y-Verde-Pizarron-Tutor-Volante.png 1414w\" sizes=\"(max-width: 619px) 100vw, 619px\" \/><\/figure><\/div>\n\n\n<p><\/p>\n\n\n\n<p><\/p>\n\n\n\n<h4 class=\"wp-block-heading\"><strong><em>S\u00c9PTIMO D\u00cdA DE ACTO DE COLACI\u00d3N&nbsp;<\/em><\/strong><img decoding=\"async\" loading=\"lazy\" height=\"20\" width=\"20\" alt=\"&#x1f393;\" src=\"https:\/\/static.xx.fbcdn.net\/images\/emoji.php\/v9\/tfe\/1\/20\/1f393.png\"><img decoding=\"async\" loading=\"lazy\" height=\"20\" width=\"20\" alt=\"&#x1f393;\" src=\"https:\/\/static.xx.fbcdn.net\/images\/emoji.php\/v9\/tfe\/1\/20\/1f393.png\"><img decoding=\"async\" loading=\"lazy\" height=\"20\" width=\"20\" alt=\"&#x1f973;\" src=\"https:\/\/static.xx.fbcdn.net\/images\/emoji.php\/v9\/t46\/1\/20\/1f973.png\"><em>.<\/em><\/h4>\n\n\n\n<h4 class=\"wp-block-heading\"><em>13\/07 Acto de colaci\u00f3n del Profesorado de BIOLOG\u00cdA<\/em><\/h4>\n\n\n\n<h4 class=\"wp-block-heading\"><em>Felicitamos a los Profesores de BIOLOG\u00cdA:<\/em><\/h4>\n\n\n\n<figure class=\"wp-block-gallery has-nested-images columns-default is-cropped wp-block-gallery-95 is-layout-flex\">\n<figure class=\"wp-block-image size-large\"><img decoding=\"async\" loading=\"lazy\" width=\"1599\" height=\"1200\" data-id=\"6530\"  src=\"https:\/\/isfd21-bue.infd.edu.ar\/sitio\/wp-content\/uploads\/2022\/07\/WhatsApp-Image-2022-07-14-at-3.01.34-PM.jpeg\" alt=\"\" class=\"wp-image-6530\" srcset=\"https:\/\/isfd21-bue.infd.edu.ar\/sitio\/wp-content\/uploads\/2022\/07\/WhatsApp-Image-2022-07-14-at-3.01.34-PM.jpeg 1599w, https:\/\/isfd21-bue.infd.edu.ar\/sitio\/wp-content\/uploads\/2022\/07\/WhatsApp-Image-2022-07-14-at-3.01.34-PM-1000x750.jpeg 1000w, https:\/\/isfd21-bue.infd.edu.ar\/sitio\/wp-content\/uploads\/2022\/07\/WhatsApp-Image-2022-07-14-at-3.01.34-PM-768x576.jpeg 768w, https:\/\/isfd21-bue.infd.edu.ar\/sitio\/wp-content\/uploads\/2022\/07\/WhatsApp-Image-2022-07-14-at-3.01.34-PM-1536x1153.jpeg 1536w\" sizes=\"(max-width: 1599px) 100vw, 1599px\" \/><\/figure>\n\n\n\n<figure class=\"wp-block-image size-large\"><img decoding=\"async\" loading=\"lazy\" width=\"1080\" height=\"1080\" data-id=\"6531\"  src=\"https:\/\/isfd21-bue.infd.edu.ar\/sitio\/wp-content\/uploads\/2022\/07\/WhatsApp-Image-2022-07-14-at-2.52.28-PM.jpeg\" alt=\"\" class=\"wp-image-6531\" srcset=\"https:\/\/isfd21-bue.infd.edu.ar\/sitio\/wp-content\/uploads\/2022\/07\/WhatsApp-Image-2022-07-14-at-2.52.28-PM.jpeg 1080w, https:\/\/isfd21-bue.infd.edu.ar\/sitio\/wp-content\/uploads\/2022\/07\/WhatsApp-Image-2022-07-14-at-2.52.28-PM-1000x1000.jpeg 1000w, https:\/\/isfd21-bue.infd.edu.ar\/sitio\/wp-content\/uploads\/2022\/07\/WhatsApp-Image-2022-07-14-at-2.52.28-PM-500x500.jpeg 500w, https:\/\/isfd21-bue.infd.edu.ar\/sitio\/wp-content\/uploads\/2022\/07\/WhatsApp-Image-2022-07-14-at-2.52.28-PM-768x768.jpeg 768w\" sizes=\"(max-width: 1080px) 100vw, 1080px\" \/><\/figure>\n\n\n\n<figure class=\"wp-block-image size-large\"><img decoding=\"async\" loading=\"lazy\" width=\"955\" height=\"956\" data-id=\"6532\"  src=\"https:\/\/isfd21-bue.infd.edu.ar\/sitio\/wp-content\/uploads\/2022\/07\/WhatsApp-Image-2022-07-14-at-2.52.27-PM-2.jpeg\" alt=\"\" class=\"wp-image-6532\" srcset=\"https:\/\/isfd21-bue.infd.edu.ar\/sitio\/wp-content\/uploads\/2022\/07\/WhatsApp-Image-2022-07-14-at-2.52.27-PM-2.jpeg 955w, https:\/\/isfd21-bue.infd.edu.ar\/sitio\/wp-content\/uploads\/2022\/07\/WhatsApp-Image-2022-07-14-at-2.52.27-PM-2-500x500.jpeg 500w, https:\/\/isfd21-bue.infd.edu.ar\/sitio\/wp-content\/uploads\/2022\/07\/WhatsApp-Image-2022-07-14-at-2.52.27-PM-2-768x769.jpeg 768w\" sizes=\"(max-width: 955px) 100vw, 955px\" \/><\/figure>\n\n\n\n<figure class=\"wp-block-image size-large\"><img decoding=\"async\" loading=\"lazy\" width=\"1000\" height=\"750\" data-id=\"6533\"  src=\"https:\/\/isfd21-bue.infd.edu.ar\/sitio\/wp-content\/uploads\/2022\/07\/WhatsApp-Image-2022-07-14-at-2.52.27-PM-1.jpeg\" alt=\"\" class=\"wp-image-6533\" srcset=\"https:\/\/isfd21-bue.infd.edu.ar\/sitio\/wp-content\/uploads\/2022\/07\/WhatsApp-Image-2022-07-14-at-2.52.27-PM-1.jpeg 1000w, https:\/\/isfd21-bue.infd.edu.ar\/sitio\/wp-content\/uploads\/2022\/07\/WhatsApp-Image-2022-07-14-at-2.52.27-PM-1-768x576.jpeg 768w\" sizes=\"(max-width: 1000px) 100vw, 1000px\" \/><\/figure>\n\n\n\n<figure class=\"wp-block-image size-large\"><img decoding=\"async\" loading=\"lazy\" width=\"1080\" height=\"811\" data-id=\"6534\"  src=\"https:\/\/isfd21-bue.infd.edu.ar\/sitio\/wp-content\/uploads\/2022\/07\/WhatsApp-Image-2022-07-14-at-2.52.27-PM.jpeg\" alt=\"\" class=\"wp-image-6534\" srcset=\"https:\/\/isfd21-bue.infd.edu.ar\/sitio\/wp-content\/uploads\/2022\/07\/WhatsApp-Image-2022-07-14-at-2.52.27-PM.jpeg 1080w, https:\/\/isfd21-bue.infd.edu.ar\/sitio\/wp-content\/uploads\/2022\/07\/WhatsApp-Image-2022-07-14-at-2.52.27-PM-1000x751.jpeg 1000w, https:\/\/isfd21-bue.infd.edu.ar\/sitio\/wp-content\/uploads\/2022\/07\/WhatsApp-Image-2022-07-14-at-2.52.27-PM-768x577.jpeg 768w\" sizes=\"(max-width: 1080px) 100vw, 1080px\" \/><\/figure>\n<\/figure>\n\n\n\n<hr class=\"wp-block-separator has-css-opacity\"\/>\n\n\n<div class=\"wp-block-image\">\n<figure class=\"aligncenter size-large\"><img decoding=\"async\" loading=\"lazy\" width=\"497\" height=\"650\" src=\"https:\/\/isfd21-bue.infd.edu.ar\/sitio\/wp-content\/uploads\/2022\/07\/image-16.png\" alt=\"\" class=\"wp-image-6529\"\/><\/figure><\/div>\n\n\n<p><strong><em>13\/07\/22<\/em><\/strong><\/p>\n\n\n\n<h4 class=\"wp-block-heading\"><strong><em>SEXTO D\u00cdA DE ACTO DE COLACI\u00d3N&nbsp;<\/em><\/strong><img decoding=\"async\" loading=\"lazy\" height=\"20\" width=\"20\" alt=\"&#x1f393;\" src=\"https:\/\/static.xx.fbcdn.net\/images\/emoji.php\/v9\/tfe\/1\/20\/1f393.png\"><img decoding=\"async\" loading=\"lazy\" height=\"20\" width=\"20\" alt=\"&#x1f393;\" src=\"https:\/\/static.xx.fbcdn.net\/images\/emoji.php\/v9\/tfe\/1\/20\/1f393.png\"><img decoding=\"async\" loading=\"lazy\" height=\"20\" width=\"20\" alt=\"&#x1f973;\" src=\"https:\/\/static.xx.fbcdn.net\/images\/emoji.php\/v9\/t46\/1\/20\/1f973.png\"><em>.<\/em><\/h4>\n\n\n\n<h4 class=\"wp-block-heading\"><em>12\/07 Acto de colaci\u00f3n del Profesorado de INGL\u00c9S<\/em><\/h4>\n\n\n\n<h4 class=\"wp-block-heading\"><em>Felicitamos a los Profesores de INGL\u00c9S:<\/em><\/h4>\n\n\n\n<figure class=\"wp-block-gallery has-nested-images columns-default is-cropped wp-block-gallery-97 is-layout-flex\">\n<figure class=\"wp-block-image size-large\"><img decoding=\"async\" loading=\"lazy\" width=\"1156\" height=\"867\" data-id=\"6502\"  src=\"https:\/\/isfd21-bue.infd.edu.ar\/sitio\/wp-content\/uploads\/2022\/07\/WhatsApp-Image-2022-07-12-at-9.04.57-PM-1.jpeg\" alt=\"\" class=\"wp-image-6502\" srcset=\"https:\/\/isfd21-bue.infd.edu.ar\/sitio\/wp-content\/uploads\/2022\/07\/WhatsApp-Image-2022-07-12-at-9.04.57-PM-1.jpeg 1156w, https:\/\/isfd21-bue.infd.edu.ar\/sitio\/wp-content\/uploads\/2022\/07\/WhatsApp-Image-2022-07-12-at-9.04.57-PM-1-1000x750.jpeg 1000w, https:\/\/isfd21-bue.infd.edu.ar\/sitio\/wp-content\/uploads\/2022\/07\/WhatsApp-Image-2022-07-12-at-9.04.57-PM-1-768x576.jpeg 768w\" sizes=\"(max-width: 1156px) 100vw, 1156px\" \/><\/figure>\n\n\n\n<figure class=\"wp-block-image size-large\"><img decoding=\"async\" loading=\"lazy\" width=\"1280\" height=\"672\" data-id=\"6503\"  src=\"https:\/\/isfd21-bue.infd.edu.ar\/sitio\/wp-content\/uploads\/2022\/07\/WhatsApp-Image-2022-07-12-at-9.04.57-PM.jpeg\" alt=\"\" class=\"wp-image-6503\" srcset=\"https:\/\/isfd21-bue.infd.edu.ar\/sitio\/wp-content\/uploads\/2022\/07\/WhatsApp-Image-2022-07-12-at-9.04.57-PM.jpeg 1280w, https:\/\/isfd21-bue.infd.edu.ar\/sitio\/wp-content\/uploads\/2022\/07\/WhatsApp-Image-2022-07-12-at-9.04.57-PM-1000x525.jpeg 1000w, https:\/\/isfd21-bue.infd.edu.ar\/sitio\/wp-content\/uploads\/2022\/07\/WhatsApp-Image-2022-07-12-at-9.04.57-PM-768x403.jpeg 768w\" sizes=\"(max-width: 1280px) 100vw, 1280px\" \/><\/figure>\n\n\n\n<figure class=\"wp-block-image size-large\"><img decoding=\"async\" loading=\"lazy\" width=\"1200\" height=\"1600\" data-id=\"6504\"  src=\"https:\/\/isfd21-bue.infd.edu.ar\/sitio\/wp-content\/uploads\/2022\/07\/WhatsApp-Image-2022-07-12-at-9.04.56-PM-2.jpeg\" alt=\"\" class=\"wp-image-6504\" srcset=\"https:\/\/isfd21-bue.infd.edu.ar\/sitio\/wp-content\/uploads\/2022\/07\/WhatsApp-Image-2022-07-12-at-9.04.56-PM-2.jpeg 1200w, https:\/\/isfd21-bue.infd.edu.ar\/sitio\/wp-content\/uploads\/2022\/07\/WhatsApp-Image-2022-07-12-at-9.04.56-PM-2-750x1000.jpeg 750w, https:\/\/isfd21-bue.infd.edu.ar\/sitio\/wp-content\/uploads\/2022\/07\/WhatsApp-Image-2022-07-12-at-9.04.56-PM-2-768x1024.jpeg 768w, https:\/\/isfd21-bue.infd.edu.ar\/sitio\/wp-content\/uploads\/2022\/07\/WhatsApp-Image-2022-07-12-at-9.04.56-PM-2-1152x1536.jpeg 1152w\" sizes=\"(max-width: 1200px) 100vw, 1200px\" \/><\/figure>\n\n\n\n<figure class=\"wp-block-image size-large\"><img decoding=\"async\" loading=\"lazy\" width=\"1600\" height=\"1200\" data-id=\"6505\"  src=\"https:\/\/isfd21-bue.infd.edu.ar\/sitio\/wp-content\/uploads\/2022\/07\/WhatsApp-Image-2022-07-12-at-9.04.56-PM-1.jpeg\" alt=\"\" class=\"wp-image-6505\" srcset=\"https:\/\/isfd21-bue.infd.edu.ar\/sitio\/wp-content\/uploads\/2022\/07\/WhatsApp-Image-2022-07-12-at-9.04.56-PM-1.jpeg 1600w, https:\/\/isfd21-bue.infd.edu.ar\/sitio\/wp-content\/uploads\/2022\/07\/WhatsApp-Image-2022-07-12-at-9.04.56-PM-1-1000x750.jpeg 1000w, https:\/\/isfd21-bue.infd.edu.ar\/sitio\/wp-content\/uploads\/2022\/07\/WhatsApp-Image-2022-07-12-at-9.04.56-PM-1-768x576.jpeg 768w, https:\/\/isfd21-bue.infd.edu.ar\/sitio\/wp-content\/uploads\/2022\/07\/WhatsApp-Image-2022-07-12-at-9.04.56-PM-1-1536x1152.jpeg 1536w\" sizes=\"(max-width: 1600px) 100vw, 1600px\" \/><\/figure>\n\n\n\n<figure class=\"wp-block-image size-large\"><img decoding=\"async\" loading=\"lazy\" width=\"1200\" height=\"1600\" data-id=\"6506\"  src=\"https:\/\/isfd21-bue.infd.edu.ar\/sitio\/wp-content\/uploads\/2022\/07\/WhatsApp-Image-2022-07-12-at-9.04.56-PM.jpeg\" alt=\"\" class=\"wp-image-6506\" srcset=\"https:\/\/isfd21-bue.infd.edu.ar\/sitio\/wp-content\/uploads\/2022\/07\/WhatsApp-Image-2022-07-12-at-9.04.56-PM.jpeg 1200w, https:\/\/isfd21-bue.infd.edu.ar\/sitio\/wp-content\/uploads\/2022\/07\/WhatsApp-Image-2022-07-12-at-9.04.56-PM-750x1000.jpeg 750w, https:\/\/isfd21-bue.infd.edu.ar\/sitio\/wp-content\/uploads\/2022\/07\/WhatsApp-Image-2022-07-12-at-9.04.56-PM-768x1024.jpeg 768w, https:\/\/isfd21-bue.infd.edu.ar\/sitio\/wp-content\/uploads\/2022\/07\/WhatsApp-Image-2022-07-12-at-9.04.56-PM-1152x1536.jpeg 1152w\" sizes=\"(max-width: 1200px) 100vw, 1200px\" \/><\/figure>\n\n\n\n<figure class=\"wp-block-image size-large\"><img decoding=\"async\" loading=\"lazy\" width=\"1200\" height=\"1600\" data-id=\"6507\"  src=\"https:\/\/isfd21-bue.infd.edu.ar\/sitio\/wp-content\/uploads\/2022\/07\/WhatsApp-Image-2022-07-12-at-9.04.55-PM.jpeg\" alt=\"\" class=\"wp-image-6507\" srcset=\"https:\/\/isfd21-bue.infd.edu.ar\/sitio\/wp-content\/uploads\/2022\/07\/WhatsApp-Image-2022-07-12-at-9.04.55-PM.jpeg 1200w, https:\/\/isfd21-bue.infd.edu.ar\/sitio\/wp-content\/uploads\/2022\/07\/WhatsApp-Image-2022-07-12-at-9.04.55-PM-750x1000.jpeg 750w, https:\/\/isfd21-bue.infd.edu.ar\/sitio\/wp-content\/uploads\/2022\/07\/WhatsApp-Image-2022-07-12-at-9.04.55-PM-768x1024.jpeg 768w, https:\/\/isfd21-bue.infd.edu.ar\/sitio\/wp-content\/uploads\/2022\/07\/WhatsApp-Image-2022-07-12-at-9.04.55-PM-1152x1536.jpeg 1152w\" sizes=\"(max-width: 1200px) 100vw, 1200px\" \/><\/figure>\n<\/figure>\n\n\n\n<p><\/p>\n\n\n<div class=\"wp-block-image\">\n<figure class=\"aligncenter size-large is-resized\"><img decoding=\"async\" loading=\"lazy\" src=\"https:\/\/isfd21-bue.infd.edu.ar\/sitio\/wp-content\/uploads\/2022\/07\/image-12.png\" alt=\"\" class=\"wp-image-6499\" width=\"631\" height=\"717\"\/><\/figure><\/div>\n\n\n<p><strong><em>12\/07\/22<\/em><\/strong><\/p>\n\n\n<div class=\"wp-block-image\">\n<figure class=\"aligncenter size-large is-resized\"><img decoding=\"async\" loading=\"lazy\" src=\"https:\/\/isfd21-bue.infd.edu.ar\/sitio\/wp-content\/uploads\/2022\/07\/Instagram-post-motivacion-para-la-vida-amarillo-1.png\" alt=\"\" class=\"wp-image-6493\" width=\"465\" height=\"465\" srcset=\"https:\/\/isfd21-bue.infd.edu.ar\/sitio\/wp-content\/uploads\/2022\/07\/Instagram-post-motivacion-para-la-vida-amarillo-1.png 1080w, https:\/\/isfd21-bue.infd.edu.ar\/sitio\/wp-content\/uploads\/2022\/07\/Instagram-post-motivacion-para-la-vida-amarillo-1-1000x1000.png 1000w, https:\/\/isfd21-bue.infd.edu.ar\/sitio\/wp-content\/uploads\/2022\/07\/Instagram-post-motivacion-para-la-vida-amarillo-1-500x500.png 500w, https:\/\/isfd21-bue.infd.edu.ar\/sitio\/wp-content\/uploads\/2022\/07\/Instagram-post-motivacion-para-la-vida-amarillo-1-768x768.png 768w\" sizes=\"(max-width: 465px) 100vw, 465px\" \/><\/figure><\/div>\n\n\n<p><em><strong>Queridos estudiantes, comunicamos que Preceptor\u00eda ha cambiado de oficina, retornando a su lugar original en la casona.<\/strong><\/em><\/p>\n\n\n\n<figure class=\"wp-block-gallery has-nested-images columns-default is-cropped wp-block-gallery-99 is-layout-flex\">\n<figure class=\"wp-block-image size-large\"><img decoding=\"async\" loading=\"lazy\" width=\"1069\" height=\"1900\" data-id=\"6491\"  src=\"https:\/\/isfd21-bue.infd.edu.ar\/sitio\/wp-content\/uploads\/2022\/07\/Historia-de-Instagram-Feliz-Dia-del-Mensaje-Mensaje-de-Amor-1069x1900.png\" alt=\"\" class=\"wp-image-6491\" srcset=\"https:\/\/isfd21-bue.infd.edu.ar\/sitio\/wp-content\/uploads\/2022\/07\/Historia-de-Instagram-Feliz-Dia-del-Mensaje-Mensaje-de-Amor-1069x1900.png 1069w, https:\/\/isfd21-bue.infd.edu.ar\/sitio\/wp-content\/uploads\/2022\/07\/Historia-de-Instagram-Feliz-Dia-del-Mensaje-Mensaje-de-Amor-563x1000.png 563w, https:\/\/isfd21-bue.infd.edu.ar\/sitio\/wp-content\/uploads\/2022\/07\/Historia-de-Instagram-Feliz-Dia-del-Mensaje-Mensaje-de-Amor-768x1365.png 768w, https:\/\/isfd21-bue.infd.edu.ar\/sitio\/wp-content\/uploads\/2022\/07\/Historia-de-Instagram-Feliz-Dia-del-Mensaje-Mensaje-de-Amor-864x1536.png 864w, https:\/\/isfd21-bue.infd.edu.ar\/sitio\/wp-content\/uploads\/2022\/07\/Historia-de-Instagram-Feliz-Dia-del-Mensaje-Mensaje-de-Amor.png 1080w\" sizes=\"(max-width: 1069px) 100vw, 1069px\" \/><\/figure>\n\n\n\n<figure class=\"wp-block-image size-large\"><img decoding=\"async\" loading=\"lazy\" width=\"960\" height=\"1280\" data-id=\"6492\"  src=\"https:\/\/isfd21-bue.infd.edu.ar\/sitio\/wp-content\/uploads\/2022\/07\/WhatsApp-Image-2022-07-12-at-3.22.19-PM.jpeg\" alt=\"\" class=\"wp-image-6492\" srcset=\"https:\/\/isfd21-bue.infd.edu.ar\/sitio\/wp-content\/uploads\/2022\/07\/WhatsApp-Image-2022-07-12-at-3.22.19-PM.jpeg 960w, https:\/\/isfd21-bue.infd.edu.ar\/sitio\/wp-content\/uploads\/2022\/07\/WhatsApp-Image-2022-07-12-at-3.22.19-PM-750x1000.jpeg 750w, https:\/\/isfd21-bue.infd.edu.ar\/sitio\/wp-content\/uploads\/2022\/07\/WhatsApp-Image-2022-07-12-at-3.22.19-PM-768x1024.jpeg 768w\" sizes=\"(max-width: 960px) 100vw, 960px\" \/><\/figure>\n<\/figure>\n\n\n\n<h4 class=\"wp-block-heading\"><strong><em>QUINTO D\u00cdA DE ACTO DE COLACI\u00d3N&nbsp;<\/em><\/strong><img decoding=\"async\" loading=\"lazy\" height=\"20\" width=\"20\" alt=\"&#x1f393;\" src=\"https:\/\/static.xx.fbcdn.net\/images\/emoji.php\/v9\/tfe\/1\/20\/1f393.png\"><img decoding=\"async\" loading=\"lazy\" height=\"20\" width=\"20\" alt=\"&#x1f393;\" src=\"https:\/\/static.xx.fbcdn.net\/images\/emoji.php\/v9\/tfe\/1\/20\/1f393.png\"><img decoding=\"async\" loading=\"lazy\" height=\"20\" width=\"20\" alt=\"&#x1f973;\" src=\"https:\/\/static.xx.fbcdn.net\/images\/emoji.php\/v9\/t46\/1\/20\/1f973.png\"><em>.<\/em><\/h4>\n\n\n\n<h4 class=\"wp-block-heading\"><em>11\/07 Acto de colaci\u00f3n del Profesorado de EDUCACI\u00d3N ESPECIAL<\/em><\/h4>\n\n\n\n<h4 class=\"wp-block-heading\"><em>Felicitamos a los Profesores de EDUCACI\u00d3N ESPECIAL:<\/em><\/h4>\n\n\n\n<figure class=\"wp-block-gallery has-nested-images columns-default is-cropped wp-block-gallery-101 is-layout-flex\">\n<figure class=\"wp-block-image size-large\"><img decoding=\"async\" loading=\"lazy\" width=\"1600\" height=\"1201\" data-id=\"6474\"  src=\"https:\/\/isfd21-bue.infd.edu.ar\/sitio\/wp-content\/uploads\/2022\/07\/WhatsApp-Image-2022-07-12-at-3.23.56-AM-2.jpeg\" alt=\"\" class=\"wp-image-6474\" srcset=\"https:\/\/isfd21-bue.infd.edu.ar\/sitio\/wp-content\/uploads\/2022\/07\/WhatsApp-Image-2022-07-12-at-3.23.56-AM-2.jpeg 1600w, https:\/\/isfd21-bue.infd.edu.ar\/sitio\/wp-content\/uploads\/2022\/07\/WhatsApp-Image-2022-07-12-at-3.23.56-AM-2-1000x751.jpeg 1000w, https:\/\/isfd21-bue.infd.edu.ar\/sitio\/wp-content\/uploads\/2022\/07\/WhatsApp-Image-2022-07-12-at-3.23.56-AM-2-768x576.jpeg 768w, https:\/\/isfd21-bue.infd.edu.ar\/sitio\/wp-content\/uploads\/2022\/07\/WhatsApp-Image-2022-07-12-at-3.23.56-AM-2-1536x1153.jpeg 1536w\" sizes=\"(max-width: 1600px) 100vw, 1600px\" \/><\/figure>\n\n\n\n<figure class=\"wp-block-image size-large\"><img decoding=\"async\" loading=\"lazy\" width=\"960\" height=\"1280\" data-id=\"6475\"  src=\"https:\/\/isfd21-bue.infd.edu.ar\/sitio\/wp-content\/uploads\/2022\/07\/WhatsApp-Image-2022-07-12-at-3.23.56-AM-1.jpeg\" alt=\"\" class=\"wp-image-6475\" srcset=\"https:\/\/isfd21-bue.infd.edu.ar\/sitio\/wp-content\/uploads\/2022\/07\/WhatsApp-Image-2022-07-12-at-3.23.56-AM-1.jpeg 960w, https:\/\/isfd21-bue.infd.edu.ar\/sitio\/wp-content\/uploads\/2022\/07\/WhatsApp-Image-2022-07-12-at-3.23.56-AM-1-750x1000.jpeg 750w, https:\/\/isfd21-bue.infd.edu.ar\/sitio\/wp-content\/uploads\/2022\/07\/WhatsApp-Image-2022-07-12-at-3.23.56-AM-1-768x1024.jpeg 768w\" sizes=\"(max-width: 960px) 100vw, 960px\" \/><\/figure>\n\n\n\n<figure class=\"wp-block-image size-large\"><img decoding=\"async\" loading=\"lazy\" width=\"1600\" height=\"1201\" data-id=\"6476\"  src=\"https:\/\/isfd21-bue.infd.edu.ar\/sitio\/wp-content\/uploads\/2022\/07\/WhatsApp-Image-2022-07-12-at-3.23.56-AM.jpeg\" alt=\"\" class=\"wp-image-6476\" srcset=\"https:\/\/isfd21-bue.infd.edu.ar\/sitio\/wp-content\/uploads\/2022\/07\/WhatsApp-Image-2022-07-12-at-3.23.56-AM.jpeg 1600w, https:\/\/isfd21-bue.infd.edu.ar\/sitio\/wp-content\/uploads\/2022\/07\/WhatsApp-Image-2022-07-12-at-3.23.56-AM-1000x751.jpeg 1000w, https:\/\/isfd21-bue.infd.edu.ar\/sitio\/wp-content\/uploads\/2022\/07\/WhatsApp-Image-2022-07-12-at-3.23.56-AM-768x576.jpeg 768w, https:\/\/isfd21-bue.infd.edu.ar\/sitio\/wp-content\/uploads\/2022\/07\/WhatsApp-Image-2022-07-12-at-3.23.56-AM-1536x1153.jpeg 1536w\" sizes=\"(max-width: 1600px) 100vw, 1600px\" \/><\/figure>\n\n\n\n<figure class=\"wp-block-image size-large\"><img decoding=\"async\" loading=\"lazy\" width=\"1599\" height=\"899\" data-id=\"6477\"  src=\"https:\/\/isfd21-bue.infd.edu.ar\/sitio\/wp-content\/uploads\/2022\/07\/WhatsApp-Image-2022-07-12-at-3.05.13-AM-1.jpeg\" alt=\"\" class=\"wp-image-6477\" srcset=\"https:\/\/isfd21-bue.infd.edu.ar\/sitio\/wp-content\/uploads\/2022\/07\/WhatsApp-Image-2022-07-12-at-3.05.13-AM-1.jpeg 1599w, https:\/\/isfd21-bue.infd.edu.ar\/sitio\/wp-content\/uploads\/2022\/07\/WhatsApp-Image-2022-07-12-at-3.05.13-AM-1-1000x562.jpeg 1000w, https:\/\/isfd21-bue.infd.edu.ar\/sitio\/wp-content\/uploads\/2022\/07\/WhatsApp-Image-2022-07-12-at-3.05.13-AM-1-768x432.jpeg 768w, https:\/\/isfd21-bue.infd.edu.ar\/sitio\/wp-content\/uploads\/2022\/07\/WhatsApp-Image-2022-07-12-at-3.05.13-AM-1-1536x864.jpeg 1536w\" sizes=\"(max-width: 1599px) 100vw, 1599px\" \/><\/figure>\n\n\n\n<figure class=\"wp-block-image size-large\"><img decoding=\"async\" loading=\"lazy\" width=\"899\" height=\"1599\" data-id=\"6478\"  src=\"https:\/\/isfd21-bue.infd.edu.ar\/sitio\/wp-content\/uploads\/2022\/07\/WhatsApp-Image-2022-07-12-at-3.05.13-AM.jpeg\" alt=\"\" class=\"wp-image-6478\" srcset=\"https:\/\/isfd21-bue.infd.edu.ar\/sitio\/wp-content\/uploads\/2022\/07\/WhatsApp-Image-2022-07-12-at-3.05.13-AM.jpeg 899w, https:\/\/isfd21-bue.infd.edu.ar\/sitio\/wp-content\/uploads\/2022\/07\/WhatsApp-Image-2022-07-12-at-3.05.13-AM-562x1000.jpeg 562w, https:\/\/isfd21-bue.infd.edu.ar\/sitio\/wp-content\/uploads\/2022\/07\/WhatsApp-Image-2022-07-12-at-3.05.13-AM-768x1366.jpeg 768w, https:\/\/isfd21-bue.infd.edu.ar\/sitio\/wp-content\/uploads\/2022\/07\/WhatsApp-Image-2022-07-12-at-3.05.13-AM-864x1536.jpeg 864w\" sizes=\"(max-width: 899px) 100vw, 899px\" \/><\/figure>\n\n\n\n<figure class=\"wp-block-image size-large\"><img decoding=\"async\" loading=\"lazy\" width=\"1599\" height=\"899\" data-id=\"6479\"  src=\"https:\/\/isfd21-bue.infd.edu.ar\/sitio\/wp-content\/uploads\/2022\/07\/WhatsApp-Image-2022-07-12-at-3.05.14-AM-1.jpeg\" alt=\"\" class=\"wp-image-6479\" srcset=\"https:\/\/isfd21-bue.infd.edu.ar\/sitio\/wp-content\/uploads\/2022\/07\/WhatsApp-Image-2022-07-12-at-3.05.14-AM-1.jpeg 1599w, https:\/\/isfd21-bue.infd.edu.ar\/sitio\/wp-content\/uploads\/2022\/07\/WhatsApp-Image-2022-07-12-at-3.05.14-AM-1-1000x562.jpeg 1000w, https:\/\/isfd21-bue.infd.edu.ar\/sitio\/wp-content\/uploads\/2022\/07\/WhatsApp-Image-2022-07-12-at-3.05.14-AM-1-768x432.jpeg 768w, https:\/\/isfd21-bue.infd.edu.ar\/sitio\/wp-content\/uploads\/2022\/07\/WhatsApp-Image-2022-07-12-at-3.05.14-AM-1-1536x864.jpeg 1536w\" sizes=\"(max-width: 1599px) 100vw, 1599px\" \/><\/figure>\n\n\n\n<figure class=\"wp-block-image size-large\"><img decoding=\"async\" loading=\"lazy\" width=\"1599\" height=\"899\" data-id=\"6480\"  src=\"https:\/\/isfd21-bue.infd.edu.ar\/sitio\/wp-content\/uploads\/2022\/07\/WhatsApp-Image-2022-07-12-at-3.05.14-AM.jpeg\" alt=\"\" class=\"wp-image-6480\" srcset=\"https:\/\/isfd21-bue.infd.edu.ar\/sitio\/wp-content\/uploads\/2022\/07\/WhatsApp-Image-2022-07-12-at-3.05.14-AM.jpeg 1599w, https:\/\/isfd21-bue.infd.edu.ar\/sitio\/wp-content\/uploads\/2022\/07\/WhatsApp-Image-2022-07-12-at-3.05.14-AM-1000x562.jpeg 1000w, https:\/\/isfd21-bue.infd.edu.ar\/sitio\/wp-content\/uploads\/2022\/07\/WhatsApp-Image-2022-07-12-at-3.05.14-AM-768x432.jpeg 768w, https:\/\/isfd21-bue.infd.edu.ar\/sitio\/wp-content\/uploads\/2022\/07\/WhatsApp-Image-2022-07-12-at-3.05.14-AM-1536x864.jpeg 1536w\" sizes=\"(max-width: 1599px) 100vw, 1599px\" \/><\/figure>\n<\/figure>\n\n\n\n<h4 class=\"has-normal-font-size wp-block-heading\"><em><strong>ATENCI\u00d3N&nbsp;<\/strong><\/em><\/h4>\n\n\n\n<h4 class=\"has-normal-font-size wp-block-heading\"><em><strong>MESAS OMITIDAS<\/strong><\/em><\/h4>\n\n\n\n<h4 class=\"has-normal-font-size wp-block-heading\"><em><strong>PROFESORADO EN LENGUA Y LITERATURA<\/strong><\/em><\/h4>\n\n\n\n<h4 class=\"has-normal-font-size wp-block-heading\"><em><strong>CFPP1 1\u00b0 (PROF, J\u00c1COME, ADRIANA), 10\/0 A LAS 8 HS.<\/strong><\/em><\/h4>\n\n\n\n<h4 class=\"has-normal-font-size wp-block-heading\"><em><strong>TUTOR\u00cdAS Y ORIENTACI\u00d3N ESCOLAR (PROF. PENNACHINO) 10\/8, A LAS 18 HS.<\/strong><\/em><\/h4>\n\n\n\n<h4 class=\"wp-block-heading\"><br>08\/07\/22<\/h4>\n\n\n\n<h5 class=\"wp-block-heading\"><strong><em>CUARTO<\/em><\/strong><strong><em> D\u00cdA DE ACTO DE COLACI\u00d3N <\/em><\/strong>&#x1f393;&#x1f393;&#x1f973;<em>.<\/em><\/h5>\n\n\n\n<h5 class=\"wp-block-heading\"><em>07\/07 Acto de colaci\u00f3n del Profesorado de FILOSOF\u00cdA<\/em><\/h5>\n\n\n\n<h5 class=\"wp-block-heading\"><em>Felicitamos a los Profesores de FILOSOF\u00cdA:<\/em><\/h5>\n\n\n\n<figure class=\"wp-block-gallery has-nested-images columns-default is-cropped wp-block-gallery-103 is-layout-flex\">\n<figure class=\"wp-block-image size-large\"><img decoding=\"async\" loading=\"lazy\" width=\"1600\" height=\"720\" data-id=\"6445\"  src=\"https:\/\/isfd21-bue.infd.edu.ar\/sitio\/wp-content\/uploads\/2022\/07\/WhatsApp-Image-2022-07-07-at-8.48.48-PM-1.jpeg\" alt=\"\" class=\"wp-image-6445\" srcset=\"https:\/\/isfd21-bue.infd.edu.ar\/sitio\/wp-content\/uploads\/2022\/07\/WhatsApp-Image-2022-07-07-at-8.48.48-PM-1.jpeg 1600w, https:\/\/isfd21-bue.infd.edu.ar\/sitio\/wp-content\/uploads\/2022\/07\/WhatsApp-Image-2022-07-07-at-8.48.48-PM-1-1000x450.jpeg 1000w, https:\/\/isfd21-bue.infd.edu.ar\/sitio\/wp-content\/uploads\/2022\/07\/WhatsApp-Image-2022-07-07-at-8.48.48-PM-1-768x346.jpeg 768w, https:\/\/isfd21-bue.infd.edu.ar\/sitio\/wp-content\/uploads\/2022\/07\/WhatsApp-Image-2022-07-07-at-8.48.48-PM-1-1536x691.jpeg 1536w\" sizes=\"(max-width: 1600px) 100vw, 1600px\" \/><\/figure>\n\n\n\n<figure class=\"wp-block-image size-large\"><img decoding=\"async\" loading=\"lazy\" width=\"1600\" height=\"720\" data-id=\"6446\"  src=\"https:\/\/isfd21-bue.infd.edu.ar\/sitio\/wp-content\/uploads\/2022\/07\/98f26610-7130-483b-a222-43afe0fbbde6.jpg\" alt=\"\" class=\"wp-image-6446\" srcset=\"https:\/\/isfd21-bue.infd.edu.ar\/sitio\/wp-content\/uploads\/2022\/07\/98f26610-7130-483b-a222-43afe0fbbde6.jpg 1600w, https:\/\/isfd21-bue.infd.edu.ar\/sitio\/wp-content\/uploads\/2022\/07\/98f26610-7130-483b-a222-43afe0fbbde6-1000x450.jpg 1000w, https:\/\/isfd21-bue.infd.edu.ar\/sitio\/wp-content\/uploads\/2022\/07\/98f26610-7130-483b-a222-43afe0fbbde6-768x346.jpg 768w, https:\/\/isfd21-bue.infd.edu.ar\/sitio\/wp-content\/uploads\/2022\/07\/98f26610-7130-483b-a222-43afe0fbbde6-1536x691.jpg 1536w\" sizes=\"(max-width: 1600px) 100vw, 1600px\" \/><\/figure>\n\n\n\n<figure class=\"wp-block-image size-large\"><img decoding=\"async\" loading=\"lazy\" width=\"1024\" height=\"768\" data-id=\"6447\"  src=\"https:\/\/isfd21-bue.infd.edu.ar\/sitio\/wp-content\/uploads\/2022\/07\/WhatsApp-Image-2022-07-07-at-8.48.48-PM.jpeg\" alt=\"\" class=\"wp-image-6447\" srcset=\"https:\/\/isfd21-bue.infd.edu.ar\/sitio\/wp-content\/uploads\/2022\/07\/WhatsApp-Image-2022-07-07-at-8.48.48-PM.jpeg 1024w, https:\/\/isfd21-bue.infd.edu.ar\/sitio\/wp-content\/uploads\/2022\/07\/WhatsApp-Image-2022-07-07-at-8.48.48-PM-1000x750.jpeg 1000w, https:\/\/isfd21-bue.infd.edu.ar\/sitio\/wp-content\/uploads\/2022\/07\/WhatsApp-Image-2022-07-07-at-8.48.48-PM-768x576.jpeg 768w\" sizes=\"(max-width: 1024px) 100vw, 1024px\" \/><\/figure>\n\n\n\n<figure class=\"wp-block-image size-large\"><img decoding=\"async\" loading=\"lazy\" width=\"1024\" height=\"768\" data-id=\"6448\"  src=\"https:\/\/isfd21-bue.infd.edu.ar\/sitio\/wp-content\/uploads\/2022\/07\/WhatsApp-Image-2022-07-07-at-8.48.47-PM-2.jpeg\" alt=\"\" class=\"wp-image-6448\" srcset=\"https:\/\/isfd21-bue.infd.edu.ar\/sitio\/wp-content\/uploads\/2022\/07\/WhatsApp-Image-2022-07-07-at-8.48.47-PM-2.jpeg 1024w, https:\/\/isfd21-bue.infd.edu.ar\/sitio\/wp-content\/uploads\/2022\/07\/WhatsApp-Image-2022-07-07-at-8.48.47-PM-2-1000x750.jpeg 1000w, https:\/\/isfd21-bue.infd.edu.ar\/sitio\/wp-content\/uploads\/2022\/07\/WhatsApp-Image-2022-07-07-at-8.48.47-PM-2-768x576.jpeg 768w\" sizes=\"(max-width: 1024px) 100vw, 1024px\" \/><\/figure>\n\n\n\n<figure class=\"wp-block-image size-large\"><img decoding=\"async\" loading=\"lazy\" width=\"1024\" height=\"768\" data-id=\"6449\"  src=\"https:\/\/isfd21-bue.infd.edu.ar\/sitio\/wp-content\/uploads\/2022\/07\/WhatsApp-Image-2022-07-07-at-8.48.47-PM-1.jpeg\" alt=\"\" class=\"wp-image-6449\" srcset=\"https:\/\/isfd21-bue.infd.edu.ar\/sitio\/wp-content\/uploads\/2022\/07\/WhatsApp-Image-2022-07-07-at-8.48.47-PM-1.jpeg 1024w, https:\/\/isfd21-bue.infd.edu.ar\/sitio\/wp-content\/uploads\/2022\/07\/WhatsApp-Image-2022-07-07-at-8.48.47-PM-1-1000x750.jpeg 1000w, https:\/\/isfd21-bue.infd.edu.ar\/sitio\/wp-content\/uploads\/2022\/07\/WhatsApp-Image-2022-07-07-at-8.48.47-PM-1-768x576.jpeg 768w\" sizes=\"(max-width: 1024px) 100vw, 1024px\" \/><\/figure>\n\n\n\n<figure class=\"wp-block-image size-large\"><img decoding=\"async\" loading=\"lazy\" width=\"768\" height=\"1024\" data-id=\"6450\"  src=\"https:\/\/isfd21-bue.infd.edu.ar\/sitio\/wp-content\/uploads\/2022\/07\/WhatsApp-Image-2022-07-07-at-8.48.47-PM.jpeg\" alt=\"\" class=\"wp-image-6450\" srcset=\"https:\/\/isfd21-bue.infd.edu.ar\/sitio\/wp-content\/uploads\/2022\/07\/WhatsApp-Image-2022-07-07-at-8.48.47-PM.jpeg 768w, https:\/\/isfd21-bue.infd.edu.ar\/sitio\/wp-content\/uploads\/2022\/07\/WhatsApp-Image-2022-07-07-at-8.48.47-PM-750x1000.jpeg 750w\" sizes=\"(max-width: 768px) 100vw, 768px\" \/><\/figure>\n<\/figure>\n\n\n\n<h4 class=\"wp-block-heading\">07\/07\/22<\/h4>\n\n\n<div class=\"wp-block-image\">\n<figure class=\"aligncenter size-large\"><img decoding=\"async\" loading=\"lazy\" width=\"467\" height=\"784\" src=\"https:\/\/isfd21-bue.infd.edu.ar\/sitio\/wp-content\/uploads\/2022\/07\/image-8.png\" alt=\"\" class=\"wp-image-6442\"\/><\/figure><\/div>\n\n\n<p><em><strong>\u00bfQU\u00c9 DATOS DEBO COMPLETAR EN LA PLANILLA DE INSCRIPCI\u00d3N A EXAMENES FINALES?<\/strong><\/em><\/p>\n\n\n\n<figure class=\"wp-block-image size-large\"><img decoding=\"async\" loading=\"lazy\" width=\"1264\" height=\"886\" src=\"https:\/\/isfd21-bue.infd.edu.ar\/sitio\/wp-content\/uploads\/2022\/07\/image-6.png\" alt=\"\" class=\"wp-image-6426\" srcset=\"https:\/\/isfd21-bue.infd.edu.ar\/sitio\/wp-content\/uploads\/2022\/07\/image-6.png 1264w, https:\/\/isfd21-bue.infd.edu.ar\/sitio\/wp-content\/uploads\/2022\/07\/image-6-1000x701.png 1000w, https:\/\/isfd21-bue.infd.edu.ar\/sitio\/wp-content\/uploads\/2022\/07\/image-6-768x538.png 768w\" sizes=\"(max-width: 1264px) 100vw, 1264px\" \/><\/figure>\n\n\n\n<h4 class=\"wp-block-heading\"><strong><em>TERCER D\u00cdA DE ACTO DE COLACI\u00d3N&nbsp;<\/em><\/strong><img decoding=\"async\" loading=\"lazy\" height=\"20\" width=\"20\" alt=\"&#x1f393;\" src=\"https:\/\/static.xx.fbcdn.net\/images\/emoji.php\/v9\/tfe\/1\/20\/1f393.png\"><img decoding=\"async\" loading=\"lazy\" height=\"20\" width=\"20\" alt=\"&#x1f393;\" src=\"https:\/\/static.xx.fbcdn.net\/images\/emoji.php\/v9\/tfe\/1\/20\/1f393.png\"><img decoding=\"async\" loading=\"lazy\" height=\"20\" width=\"20\" alt=\"&#x1f973;\" src=\"https:\/\/static.xx.fbcdn.net\/images\/emoji.php\/v9\/t46\/1\/20\/1f973.png\"><em>.<\/em><\/h4>\n\n\n\n<h4 class=\"wp-block-heading\"><em>06\/07 Acto de colaci\u00f3n del Profesorado de HISTORIA y Profesorado de GEOGRAF\u00cdA.<\/em><\/h4>\n\n\n\n<h4 class=\"wp-block-heading\"><em>Felicitamos a los Profesores de HISTORIA Y GEOGRAF\u00cdA:<\/em><\/h4>\n\n\n\n<figure class=\"wp-block-gallery has-nested-images columns-default is-cropped wp-block-gallery-105 is-layout-flex\">\n<figure class=\"wp-block-image size-large\"><img decoding=\"async\" loading=\"lazy\" width=\"1280\" height=\"720\" data-id=\"6412\"  src=\"https:\/\/isfd21-bue.infd.edu.ar\/sitio\/wp-content\/uploads\/2022\/07\/WhatsApp-Image-2022-07-07-at-12.33.12-AM-3.jpeg\" alt=\"\" class=\"wp-image-6412\" srcset=\"https:\/\/isfd21-bue.infd.edu.ar\/sitio\/wp-content\/uploads\/2022\/07\/WhatsApp-Image-2022-07-07-at-12.33.12-AM-3.jpeg 1280w, https:\/\/isfd21-bue.infd.edu.ar\/sitio\/wp-content\/uploads\/2022\/07\/WhatsApp-Image-2022-07-07-at-12.33.12-AM-3-1000x563.jpeg 1000w, https:\/\/isfd21-bue.infd.edu.ar\/sitio\/wp-content\/uploads\/2022\/07\/WhatsApp-Image-2022-07-07-at-12.33.12-AM-3-768x432.jpeg 768w\" sizes=\"(max-width: 1280px) 100vw, 1280px\" \/><\/figure>\n\n\n\n<figure class=\"wp-block-image size-large\"><img decoding=\"async\" loading=\"lazy\" width=\"1280\" height=\"720\" data-id=\"6413\"  src=\"https:\/\/isfd21-bue.infd.edu.ar\/sitio\/wp-content\/uploads\/2022\/07\/WhatsApp-Image-2022-07-07-at-12.33.12-AM-2.jpeg\" alt=\"\" class=\"wp-image-6413\" srcset=\"https:\/\/isfd21-bue.infd.edu.ar\/sitio\/wp-content\/uploads\/2022\/07\/WhatsApp-Image-2022-07-07-at-12.33.12-AM-2.jpeg 1280w, https:\/\/isfd21-bue.infd.edu.ar\/sitio\/wp-content\/uploads\/2022\/07\/WhatsApp-Image-2022-07-07-at-12.33.12-AM-2-1000x563.jpeg 1000w, https:\/\/isfd21-bue.infd.edu.ar\/sitio\/wp-content\/uploads\/2022\/07\/WhatsApp-Image-2022-07-07-at-12.33.12-AM-2-768x432.jpeg 768w\" sizes=\"(max-width: 1280px) 100vw, 1280px\" \/><\/figure>\n\n\n\n<figure class=\"wp-block-image size-large\"><img decoding=\"async\" loading=\"lazy\" width=\"1280\" height=\"720\" data-id=\"6414\"  src=\"https:\/\/isfd21-bue.infd.edu.ar\/sitio\/wp-content\/uploads\/2022\/07\/WhatsApp-Image-2022-07-07-at-12.33.12-AM-1.jpeg\" alt=\"\" class=\"wp-image-6414\" srcset=\"https:\/\/isfd21-bue.infd.edu.ar\/sitio\/wp-content\/uploads\/2022\/07\/WhatsApp-Image-2022-07-07-at-12.33.12-AM-1.jpeg 1280w, https:\/\/isfd21-bue.infd.edu.ar\/sitio\/wp-content\/uploads\/2022\/07\/WhatsApp-Image-2022-07-07-at-12.33.12-AM-1-1000x563.jpeg 1000w, https:\/\/isfd21-bue.infd.edu.ar\/sitio\/wp-content\/uploads\/2022\/07\/WhatsApp-Image-2022-07-07-at-12.33.12-AM-1-768x432.jpeg 768w\" sizes=\"(max-width: 1280px) 100vw, 1280px\" \/><\/figure>\n\n\n\n<figure class=\"wp-block-image size-large\"><img decoding=\"async\" loading=\"lazy\" width=\"1280\" height=\"720\" data-id=\"6415\"  src=\"https:\/\/isfd21-bue.infd.edu.ar\/sitio\/wp-content\/uploads\/2022\/07\/WhatsApp-Image-2022-07-07-at-12.33.12-AM.jpeg\" alt=\"\" class=\"wp-image-6415\" srcset=\"https:\/\/isfd21-bue.infd.edu.ar\/sitio\/wp-content\/uploads\/2022\/07\/WhatsApp-Image-2022-07-07-at-12.33.12-AM.jpeg 1280w, https:\/\/isfd21-bue.infd.edu.ar\/sitio\/wp-content\/uploads\/2022\/07\/WhatsApp-Image-2022-07-07-at-12.33.12-AM-1000x563.jpeg 1000w, https:\/\/isfd21-bue.infd.edu.ar\/sitio\/wp-content\/uploads\/2022\/07\/WhatsApp-Image-2022-07-07-at-12.33.12-AM-768x432.jpeg 768w\" sizes=\"(max-width: 1280px) 100vw, 1280px\" \/><\/figure>\n\n\n\n<figure class=\"wp-block-image size-large\"><img decoding=\"async\" loading=\"lazy\" width=\"1280\" height=\"720\" data-id=\"6416\"  src=\"https:\/\/isfd21-bue.infd.edu.ar\/sitio\/wp-content\/uploads\/2022\/07\/WhatsApp-Image-2022-07-07-at-12.33.11-AM-1.jpeg\" alt=\"\" class=\"wp-image-6416\" srcset=\"https:\/\/isfd21-bue.infd.edu.ar\/sitio\/wp-content\/uploads\/2022\/07\/WhatsApp-Image-2022-07-07-at-12.33.11-AM-1.jpeg 1280w, https:\/\/isfd21-bue.infd.edu.ar\/sitio\/wp-content\/uploads\/2022\/07\/WhatsApp-Image-2022-07-07-at-12.33.11-AM-1-1000x563.jpeg 1000w, https:\/\/isfd21-bue.infd.edu.ar\/sitio\/wp-content\/uploads\/2022\/07\/WhatsApp-Image-2022-07-07-at-12.33.11-AM-1-768x432.jpeg 768w\" sizes=\"(max-width: 1280px) 100vw, 1280px\" \/><\/figure>\n\n\n\n<figure class=\"wp-block-image size-large\"><img decoding=\"async\" src=\"blob:https:\/\/isfd21-bue.infd.edu.ar\/40fa47d8-ee80-4505-a1a9-4738d366c834\" alt=\"\"\/><\/figure>\n\n\n\n<figure class=\"wp-block-image size-large\"><img decoding=\"async\" src=\"blob:https:\/\/isfd21-bue.infd.edu.ar\/1b7481e7-e1cc-45aa-bba0-f4fa5d58db20\" alt=\"\"\/><\/figure>\n\n\n\n<figure class=\"wp-block-image size-large\"><img decoding=\"async\" src=\"blob:https:\/\/isfd21-bue.infd.edu.ar\/cf46cefb-2c99-4a79-98bd-f952aebaa704\" alt=\"\"\/><\/figure>\n\n\n\n<figure class=\"wp-block-image size-large\"><img decoding=\"async\" src=\"blob:https:\/\/isfd21-bue.infd.edu.ar\/0c5bfe85-0fdf-4a7b-9cc1-334474bc9c22\" alt=\"\"\/><\/figure>\n\n\n\n<figure class=\"wp-block-image size-large\"><img decoding=\"async\" src=\"blob:https:\/\/isfd21-bue.infd.edu.ar\/691e8abb-6356-4151-8a56-b502d3aa2df2\" alt=\"\"\/><\/figure>\n\n\n\n<figure class=\"wp-block-image size-large\"><img decoding=\"async\" src=\"blob:https:\/\/isfd21-bue.infd.edu.ar\/12dbfdef-fc4d-4a1b-8b33-1ae1291cf902\" alt=\"\"\/><\/figure>\n<\/figure>\n\n\n\n<h4 class=\"wp-block-heading\"><em>ATENCI\u00d3N, SE CUBRIERON MATERIAS<\/em><\/h4>\n\n\n\n<h4 class=\"wp-block-heading\"><em>Profesorado de Filosof\u00eda<\/em><\/h4>\n\n\n\n<h4 class=\"wp-block-heading\"><em>Espacio: Lengua II: Franc\u00e9s<\/em><\/h4>\n\n\n\n<h4 class=\"wp-block-heading\"><em>Tom\u00f3: Chiquis Iara Anabel<\/em><\/h4>\n\n\n\n<h4 class=\"wp-block-heading\"><\/h4>\n\n\n\n<h4 class=\"wp-block-heading\"><em>Profesorado de Primaria<\/em><\/h4>\n\n\n\n<h4 class=\"wp-block-heading\"><em>Espacio: Configuraciones Culturales 3\u00b02\u00b0<\/em><\/h4>\n\n\n\n<h4 class=\"wp-block-heading\"><em>Tom\u00f3: Aguilar, Ayel\u00e9n<\/em><\/h4>\n\n\n\n<hr class=\"wp-block-separator has-css-opacity\"\/>\n\n\n\n<h1 class=\"wp-block-heading\">05\/07\/22<\/h1>\n\n\n\n<h1 class=\"wp-block-heading\"><strong><em>SEGUNDO<\/em><\/strong><strong><em> D\u00cdA DE ACTO DE COLACI\u00d3N <\/em><\/strong>&#x1f393;&#x1f393;&#x1f973;<em>.<\/em><\/h1>\n\n\n\n<h1 class=\"wp-block-heading\"><em>05\/07 Acto de colaci\u00f3n del Profesorado de LENGUA Y LITERATURA.<\/em><\/h1>\n\n\n\n<h1 class=\"wp-block-heading\"><em>Felicitamos a los Profesores de LENGUA Y LITERATURA:<\/em><\/h1>\n\n\n\n<figure class=\"wp-block-gallery has-nested-images columns-default is-cropped wp-block-gallery-107 is-layout-flex\">\n<figure class=\"wp-block-image size-large\"><img decoding=\"async\" loading=\"lazy\" width=\"1280\" height=\"960\" data-id=\"6376\"  src=\"https:\/\/isfd21-bue.infd.edu.ar\/sitio\/wp-content\/uploads\/2022\/07\/WhatsApp-Image-2022-07-05-at-7.37.50-PM-2.jpeg\" alt=\"\" class=\"wp-image-6376\" srcset=\"https:\/\/isfd21-bue.infd.edu.ar\/sitio\/wp-content\/uploads\/2022\/07\/WhatsApp-Image-2022-07-05-at-7.37.50-PM-2.jpeg 1280w, https:\/\/isfd21-bue.infd.edu.ar\/sitio\/wp-content\/uploads\/2022\/07\/WhatsApp-Image-2022-07-05-at-7.37.50-PM-2-1000x750.jpeg 1000w, https:\/\/isfd21-bue.infd.edu.ar\/sitio\/wp-content\/uploads\/2022\/07\/WhatsApp-Image-2022-07-05-at-7.37.50-PM-2-768x576.jpeg 768w\" sizes=\"(max-width: 1280px) 100vw, 1280px\" \/><\/figure>\n\n\n\n<figure class=\"wp-block-image size-large\"><img decoding=\"async\" loading=\"lazy\" width=\"960\" height=\"1280\" data-id=\"6377\"  src=\"https:\/\/isfd21-bue.infd.edu.ar\/sitio\/wp-content\/uploads\/2022\/07\/WhatsApp-Image-2022-07-05-at-7.37.50-PM-1.jpeg\" alt=\"\" class=\"wp-image-6377\" srcset=\"https:\/\/isfd21-bue.infd.edu.ar\/sitio\/wp-content\/uploads\/2022\/07\/WhatsApp-Image-2022-07-05-at-7.37.50-PM-1.jpeg 960w, https:\/\/isfd21-bue.infd.edu.ar\/sitio\/wp-content\/uploads\/2022\/07\/WhatsApp-Image-2022-07-05-at-7.37.50-PM-1-750x1000.jpeg 750w, https:\/\/isfd21-bue.infd.edu.ar\/sitio\/wp-content\/uploads\/2022\/07\/WhatsApp-Image-2022-07-05-at-7.37.50-PM-1-768x1024.jpeg 768w\" sizes=\"(max-width: 960px) 100vw, 960px\" \/><\/figure>\n\n\n\n<figure class=\"wp-block-image size-large\"><img decoding=\"async\" loading=\"lazy\" width=\"780\" height=\"1040\" data-id=\"6378\"  src=\"https:\/\/isfd21-bue.infd.edu.ar\/sitio\/wp-content\/uploads\/2022\/07\/WhatsApp-Image-2022-07-05-at-7.37.50-PM.jpeg\" alt=\"\" class=\"wp-image-6378\" srcset=\"https:\/\/isfd21-bue.infd.edu.ar\/sitio\/wp-content\/uploads\/2022\/07\/WhatsApp-Image-2022-07-05-at-7.37.50-PM.jpeg 780w, https:\/\/isfd21-bue.infd.edu.ar\/sitio\/wp-content\/uploads\/2022\/07\/WhatsApp-Image-2022-07-05-at-7.37.50-PM-750x1000.jpeg 750w, https:\/\/isfd21-bue.infd.edu.ar\/sitio\/wp-content\/uploads\/2022\/07\/WhatsApp-Image-2022-07-05-at-7.37.50-PM-768x1024.jpeg 768w\" sizes=\"(max-width: 780px) 100vw, 780px\" \/><\/figure>\n\n\n\n<figure class=\"wp-block-image size-large\"><img decoding=\"async\" loading=\"lazy\" width=\"1280\" height=\"960\" data-id=\"6379\"  src=\"https:\/\/isfd21-bue.infd.edu.ar\/sitio\/wp-content\/uploads\/2022\/07\/WhatsApp-Image-2022-07-05-at-7.37.49-PM-2.jpeg\" alt=\"\" class=\"wp-image-6379\" srcset=\"https:\/\/isfd21-bue.infd.edu.ar\/sitio\/wp-content\/uploads\/2022\/07\/WhatsApp-Image-2022-07-05-at-7.37.49-PM-2.jpeg 1280w, https:\/\/isfd21-bue.infd.edu.ar\/sitio\/wp-content\/uploads\/2022\/07\/WhatsApp-Image-2022-07-05-at-7.37.49-PM-2-1000x750.jpeg 1000w, https:\/\/isfd21-bue.infd.edu.ar\/sitio\/wp-content\/uploads\/2022\/07\/WhatsApp-Image-2022-07-05-at-7.37.49-PM-2-768x576.jpeg 768w\" sizes=\"(max-width: 1280px) 100vw, 1280px\" \/><\/figure>\n\n\n\n<figure class=\"wp-block-image size-large\"><img decoding=\"async\" loading=\"lazy\" width=\"1040\" height=\"780\" data-id=\"6380\"  src=\"https:\/\/isfd21-bue.infd.edu.ar\/sitio\/wp-content\/uploads\/2022\/07\/WhatsApp-Image-2022-07-05-at-7.37.49-PM-1.jpeg\" alt=\"\" class=\"wp-image-6380\" srcset=\"https:\/\/isfd21-bue.infd.edu.ar\/sitio\/wp-content\/uploads\/2022\/07\/WhatsApp-Image-2022-07-05-at-7.37.49-PM-1.jpeg 1040w, https:\/\/isfd21-bue.infd.edu.ar\/sitio\/wp-content\/uploads\/2022\/07\/WhatsApp-Image-2022-07-05-at-7.37.49-PM-1-1000x750.jpeg 1000w, https:\/\/isfd21-bue.infd.edu.ar\/sitio\/wp-content\/uploads\/2022\/07\/WhatsApp-Image-2022-07-05-at-7.37.49-PM-1-768x576.jpeg 768w\" sizes=\"(max-width: 1040px) 100vw, 1040px\" \/><\/figure>\n\n\n\n<figure class=\"wp-block-image size-large\"><img decoding=\"async\" loading=\"lazy\" width=\"1040\" height=\"780\" data-id=\"6382\"  src=\"https:\/\/isfd21-bue.infd.edu.ar\/sitio\/wp-content\/uploads\/2022\/07\/WhatsApp-Image-2022-07-05-at-7.37.49-PM.jpeg\" alt=\"\" class=\"wp-image-6382\" srcset=\"https:\/\/isfd21-bue.infd.edu.ar\/sitio\/wp-content\/uploads\/2022\/07\/WhatsApp-Image-2022-07-05-at-7.37.49-PM.jpeg 1040w, https:\/\/isfd21-bue.infd.edu.ar\/sitio\/wp-content\/uploads\/2022\/07\/WhatsApp-Image-2022-07-05-at-7.37.49-PM-1000x750.jpeg 1000w, https:\/\/isfd21-bue.infd.edu.ar\/sitio\/wp-content\/uploads\/2022\/07\/WhatsApp-Image-2022-07-05-at-7.37.49-PM-768x576.jpeg 768w\" sizes=\"(max-width: 1040px) 100vw, 1040px\" \/><\/figure>\n\n\n\n<figure class=\"wp-block-image size-large\"><img decoding=\"async\" loading=\"lazy\" width=\"1040\" height=\"780\" data-id=\"6383\"  src=\"https:\/\/isfd21-bue.infd.edu.ar\/sitio\/wp-content\/uploads\/2022\/07\/WhatsApp-Image-2022-07-05-at-7.37.48-PM-1.jpeg\" alt=\"\" class=\"wp-image-6383\" srcset=\"https:\/\/isfd21-bue.infd.edu.ar\/sitio\/wp-content\/uploads\/2022\/07\/WhatsApp-Image-2022-07-05-at-7.37.48-PM-1.jpeg 1040w, https:\/\/isfd21-bue.infd.edu.ar\/sitio\/wp-content\/uploads\/2022\/07\/WhatsApp-Image-2022-07-05-at-7.37.48-PM-1-1000x750.jpeg 1000w, https:\/\/isfd21-bue.infd.edu.ar\/sitio\/wp-content\/uploads\/2022\/07\/WhatsApp-Image-2022-07-05-at-7.37.48-PM-1-768x576.jpeg 768w\" sizes=\"(max-width: 1040px) 100vw, 1040px\" \/><\/figure>\n\n\n\n<figure class=\"wp-block-image size-large\"><img decoding=\"async\" loading=\"lazy\" width=\"1280\" height=\"960\" data-id=\"6384\"  src=\"https:\/\/isfd21-bue.infd.edu.ar\/sitio\/wp-content\/uploads\/2022\/07\/WhatsApp-Image-2022-07-05-at-7.37.48-PM.jpeg\" alt=\"\" class=\"wp-image-6384\" srcset=\"https:\/\/isfd21-bue.infd.edu.ar\/sitio\/wp-content\/uploads\/2022\/07\/WhatsApp-Image-2022-07-05-at-7.37.48-PM.jpeg 1280w, https:\/\/isfd21-bue.infd.edu.ar\/sitio\/wp-content\/uploads\/2022\/07\/WhatsApp-Image-2022-07-05-at-7.37.48-PM-1000x750.jpeg 1000w, https:\/\/isfd21-bue.infd.edu.ar\/sitio\/wp-content\/uploads\/2022\/07\/WhatsApp-Image-2022-07-05-at-7.37.48-PM-768x576.jpeg 768w\" sizes=\"(max-width: 1280px) 100vw, 1280px\" \/><\/figure>\n<\/figure>\n\n\n\n<hr class=\"wp-block-separator has-css-opacity\"\/>\n\n\n\n<h4 class=\"wp-block-heading\"><em><strong>En el d\u00eda de ayer comenzamos con los actos de colaci\u00f3n&nbsp;<\/strong>.<\/em><\/h4>\n\n\n\n<h4 class=\"wp-block-heading\"><em>04\/07 Acto de colaci\u00f3n del Profesorado de Matem\u00e1tica<\/em><\/h4>\n\n\n\n<h4 class=\"wp-block-heading\"><em>Felicitamos a los Profesores de Matem\u00e1tica:<\/em><\/h4>\n\n\n\n<figure class=\"wp-block-gallery has-nested-images columns-default is-cropped wp-block-gallery-109 is-layout-flex\">\n<figure class=\"wp-block-image size-large\"><img decoding=\"async\" loading=\"lazy\" width=\"1599\" height=\"899\" data-id=\"6386\"  src=\"https:\/\/isfd21-bue.infd.edu.ar\/sitio\/wp-content\/uploads\/2022\/07\/292215030_1188820718584571_5881612122952669952_n.jpg\" alt=\"\" class=\"wp-image-6386\" srcset=\"https:\/\/isfd21-bue.infd.edu.ar\/sitio\/wp-content\/uploads\/2022\/07\/292215030_1188820718584571_5881612122952669952_n.jpg 1599w, https:\/\/isfd21-bue.infd.edu.ar\/sitio\/wp-content\/uploads\/2022\/07\/292215030_1188820718584571_5881612122952669952_n-1000x562.jpg 1000w, https:\/\/isfd21-bue.infd.edu.ar\/sitio\/wp-content\/uploads\/2022\/07\/292215030_1188820718584571_5881612122952669952_n-768x432.jpg 768w, https:\/\/isfd21-bue.infd.edu.ar\/sitio\/wp-content\/uploads\/2022\/07\/292215030_1188820718584571_5881612122952669952_n-1536x864.jpg 1536w\" sizes=\"(max-width: 1599px) 100vw, 1599px\" \/><\/figure>\n\n\n\n<figure class=\"wp-block-image size-large\"><img decoding=\"async\" loading=\"lazy\" width=\"1599\" height=\"899\" data-id=\"6387\"  src=\"https:\/\/isfd21-bue.infd.edu.ar\/sitio\/wp-content\/uploads\/2022\/07\/290907008_1188820955251214_1953841027534450577_n.jpg\" alt=\"\" class=\"wp-image-6387\" srcset=\"https:\/\/isfd21-bue.infd.edu.ar\/sitio\/wp-content\/uploads\/2022\/07\/290907008_1188820955251214_1953841027534450577_n.jpg 1599w, https:\/\/isfd21-bue.infd.edu.ar\/sitio\/wp-content\/uploads\/2022\/07\/290907008_1188820955251214_1953841027534450577_n-1000x562.jpg 1000w, https:\/\/isfd21-bue.infd.edu.ar\/sitio\/wp-content\/uploads\/2022\/07\/290907008_1188820955251214_1953841027534450577_n-768x432.jpg 768w, https:\/\/isfd21-bue.infd.edu.ar\/sitio\/wp-content\/uploads\/2022\/07\/290907008_1188820955251214_1953841027534450577_n-1536x864.jpg 1536w\" sizes=\"(max-width: 1599px) 100vw, 1599px\" \/><\/figure>\n\n\n\n<figure class=\"wp-block-image size-large\"><img decoding=\"async\" loading=\"lazy\" width=\"1599\" height=\"899\" data-id=\"6388\"  src=\"https:\/\/isfd21-bue.infd.edu.ar\/sitio\/wp-content\/uploads\/2022\/07\/290580607_1188820908584552_1241864332339592172_n.jpg\" alt=\"\" class=\"wp-image-6388\" srcset=\"https:\/\/isfd21-bue.infd.edu.ar\/sitio\/wp-content\/uploads\/2022\/07\/290580607_1188820908584552_1241864332339592172_n.jpg 1599w, https:\/\/isfd21-bue.infd.edu.ar\/sitio\/wp-content\/uploads\/2022\/07\/290580607_1188820908584552_1241864332339592172_n-1000x562.jpg 1000w, https:\/\/isfd21-bue.infd.edu.ar\/sitio\/wp-content\/uploads\/2022\/07\/290580607_1188820908584552_1241864332339592172_n-768x432.jpg 768w, https:\/\/isfd21-bue.infd.edu.ar\/sitio\/wp-content\/uploads\/2022\/07\/290580607_1188820908584552_1241864332339592172_n-1536x864.jpg 1536w\" sizes=\"(max-width: 1599px) 100vw, 1599px\" \/><\/figure>\n\n\n\n<figure class=\"wp-block-image size-large\"><img decoding=\"async\" loading=\"lazy\" width=\"1599\" height=\"899\" data-id=\"6389\"  src=\"https:\/\/isfd21-bue.infd.edu.ar\/sitio\/wp-content\/uploads\/2022\/07\/292074485_1188820871917889_174222968094239471_n.jpg\" alt=\"\" class=\"wp-image-6389\" srcset=\"https:\/\/isfd21-bue.infd.edu.ar\/sitio\/wp-content\/uploads\/2022\/07\/292074485_1188820871917889_174222968094239471_n.jpg 1599w, https:\/\/isfd21-bue.infd.edu.ar\/sitio\/wp-content\/uploads\/2022\/07\/292074485_1188820871917889_174222968094239471_n-1000x562.jpg 1000w, https:\/\/isfd21-bue.infd.edu.ar\/sitio\/wp-content\/uploads\/2022\/07\/292074485_1188820871917889_174222968094239471_n-768x432.jpg 768w, https:\/\/isfd21-bue.infd.edu.ar\/sitio\/wp-content\/uploads\/2022\/07\/292074485_1188820871917889_174222968094239471_n-1536x864.jpg 1536w\" sizes=\"(max-width: 1599px) 100vw, 1599px\" \/><\/figure>\n\n\n\n<figure class=\"wp-block-image size-large\"><img decoding=\"async\" loading=\"lazy\" width=\"1599\" height=\"899\" data-id=\"6390\"  src=\"https:\/\/isfd21-bue.infd.edu.ar\/sitio\/wp-content\/uploads\/2022\/07\/290311187_1188820838584559_3260071709970349221_n.jpg\" alt=\"\" class=\"wp-image-6390\" srcset=\"https:\/\/isfd21-bue.infd.edu.ar\/sitio\/wp-content\/uploads\/2022\/07\/290311187_1188820838584559_3260071709970349221_n.jpg 1599w, https:\/\/isfd21-bue.infd.edu.ar\/sitio\/wp-content\/uploads\/2022\/07\/290311187_1188820838584559_3260071709970349221_n-1000x562.jpg 1000w, https:\/\/isfd21-bue.infd.edu.ar\/sitio\/wp-content\/uploads\/2022\/07\/290311187_1188820838584559_3260071709970349221_n-768x432.jpg 768w, https:\/\/isfd21-bue.infd.edu.ar\/sitio\/wp-content\/uploads\/2022\/07\/290311187_1188820838584559_3260071709970349221_n-1536x864.jpg 1536w\" sizes=\"(max-width: 1599px) 100vw, 1599px\" \/><\/figure>\n\n\n\n<figure class=\"wp-block-image size-large\"><img decoding=\"async\" loading=\"lazy\" width=\"1599\" height=\"899\" data-id=\"6391\"  src=\"https:\/\/isfd21-bue.infd.edu.ar\/sitio\/wp-content\/uploads\/2022\/07\/292217954_1188820581917918_490002276786084893_n.jpg\" alt=\"\" class=\"wp-image-6391\" srcset=\"https:\/\/isfd21-bue.infd.edu.ar\/sitio\/wp-content\/uploads\/2022\/07\/292217954_1188820581917918_490002276786084893_n.jpg 1599w, https:\/\/isfd21-bue.infd.edu.ar\/sitio\/wp-content\/uploads\/2022\/07\/292217954_1188820581917918_490002276786084893_n-1000x562.jpg 1000w, https:\/\/isfd21-bue.infd.edu.ar\/sitio\/wp-content\/uploads\/2022\/07\/292217954_1188820581917918_490002276786084893_n-768x432.jpg 768w, https:\/\/isfd21-bue.infd.edu.ar\/sitio\/wp-content\/uploads\/2022\/07\/292217954_1188820581917918_490002276786084893_n-1536x864.jpg 1536w\" sizes=\"(max-width: 1599px) 100vw, 1599px\" \/><\/figure>\n\n\n\n<figure class=\"wp-block-image size-large\"><img decoding=\"async\" loading=\"lazy\" width=\"899\" height=\"1599\" data-id=\"6392\"  src=\"https:\/\/isfd21-bue.infd.edu.ar\/sitio\/wp-content\/uploads\/2022\/07\/291041519_1188820791917897_6373504714218353225_n.jpg\" alt=\"\" class=\"wp-image-6392\" srcset=\"https:\/\/isfd21-bue.infd.edu.ar\/sitio\/wp-content\/uploads\/2022\/07\/291041519_1188820791917897_6373504714218353225_n.jpg 899w, https:\/\/isfd21-bue.infd.edu.ar\/sitio\/wp-content\/uploads\/2022\/07\/291041519_1188820791917897_6373504714218353225_n-562x1000.jpg 562w, https:\/\/isfd21-bue.infd.edu.ar\/sitio\/wp-content\/uploads\/2022\/07\/291041519_1188820791917897_6373504714218353225_n-768x1366.jpg 768w, https:\/\/isfd21-bue.infd.edu.ar\/sitio\/wp-content\/uploads\/2022\/07\/291041519_1188820791917897_6373504714218353225_n-864x1536.jpg 864w\" sizes=\"(max-width: 899px) 100vw, 899px\" \/><\/figure>\n\n\n\n<figure class=\"wp-block-image size-large\"><img decoding=\"async\" loading=\"lazy\" width=\"1599\" height=\"899\" data-id=\"6393\"  src=\"https:\/\/isfd21-bue.infd.edu.ar\/sitio\/wp-content\/uploads\/2022\/07\/290177824_1188820565251253_5467321059119415635_n.jpg\" alt=\"\" class=\"wp-image-6393\" srcset=\"https:\/\/isfd21-bue.infd.edu.ar\/sitio\/wp-content\/uploads\/2022\/07\/290177824_1188820565251253_5467321059119415635_n.jpg 1599w, https:\/\/isfd21-bue.infd.edu.ar\/sitio\/wp-content\/uploads\/2022\/07\/290177824_1188820565251253_5467321059119415635_n-1000x562.jpg 1000w, https:\/\/isfd21-bue.infd.edu.ar\/sitio\/wp-content\/uploads\/2022\/07\/290177824_1188820565251253_5467321059119415635_n-768x432.jpg 768w, https:\/\/isfd21-bue.infd.edu.ar\/sitio\/wp-content\/uploads\/2022\/07\/290177824_1188820565251253_5467321059119415635_n-1536x864.jpg 1536w\" sizes=\"(max-width: 1599px) 100vw, 1599px\" \/><\/figure>\n\n\n\n<figure class=\"wp-block-image size-large\"><img decoding=\"async\" loading=\"lazy\" width=\"1024\" height=\"704\" data-id=\"6394\"  src=\"https:\/\/isfd21-bue.infd.edu.ar\/sitio\/wp-content\/uploads\/2022\/07\/290805937_1188820728584570_3002732834099608386_n.jpg\" alt=\"\" class=\"wp-image-6394\" srcset=\"https:\/\/isfd21-bue.infd.edu.ar\/sitio\/wp-content\/uploads\/2022\/07\/290805937_1188820728584570_3002732834099608386_n.jpg 1024w, https:\/\/isfd21-bue.infd.edu.ar\/sitio\/wp-content\/uploads\/2022\/07\/290805937_1188820728584570_3002732834099608386_n-1000x688.jpg 1000w, https:\/\/isfd21-bue.infd.edu.ar\/sitio\/wp-content\/uploads\/2022\/07\/290805937_1188820728584570_3002732834099608386_n-768x528.jpg 768w\" sizes=\"(max-width: 1024px) 100vw, 1024px\" \/><\/figure>\n\n\n\n<figure class=\"wp-block-image size-large\"><img decoding=\"async\" loading=\"lazy\" width=\"1600\" height=\"900\" data-id=\"6395\"  src=\"https:\/\/isfd21-bue.infd.edu.ar\/sitio\/wp-content\/uploads\/2022\/07\/290575178_1188820688584574_8990557509708327493_n.jpg\" alt=\"\" class=\"wp-image-6395\" srcset=\"https:\/\/isfd21-bue.infd.edu.ar\/sitio\/wp-content\/uploads\/2022\/07\/290575178_1188820688584574_8990557509708327493_n.jpg 1600w, https:\/\/isfd21-bue.infd.edu.ar\/sitio\/wp-content\/uploads\/2022\/07\/290575178_1188820688584574_8990557509708327493_n-1000x563.jpg 1000w, https:\/\/isfd21-bue.infd.edu.ar\/sitio\/wp-content\/uploads\/2022\/07\/290575178_1188820688584574_8990557509708327493_n-768x432.jpg 768w, https:\/\/isfd21-bue.infd.edu.ar\/sitio\/wp-content\/uploads\/2022\/07\/290575178_1188820688584574_8990557509708327493_n-1536x864.jpg 1536w\" sizes=\"(max-width: 1600px) 100vw, 1600px\" \/><\/figure>\n\n\n\n<figure class=\"wp-block-image size-large\"><img decoding=\"async\" loading=\"lazy\" width=\"1599\" height=\"899\" data-id=\"6396\"  src=\"https:\/\/isfd21-bue.infd.edu.ar\/sitio\/wp-content\/uploads\/2022\/07\/290592426_1188820668584576_2023150178900396098_n.jpg\" alt=\"\" class=\"wp-image-6396\" srcset=\"https:\/\/isfd21-bue.infd.edu.ar\/sitio\/wp-content\/uploads\/2022\/07\/290592426_1188820668584576_2023150178900396098_n.jpg 1599w, https:\/\/isfd21-bue.infd.edu.ar\/sitio\/wp-content\/uploads\/2022\/07\/290592426_1188820668584576_2023150178900396098_n-1000x562.jpg 1000w, https:\/\/isfd21-bue.infd.edu.ar\/sitio\/wp-content\/uploads\/2022\/07\/290592426_1188820668584576_2023150178900396098_n-768x432.jpg 768w, https:\/\/isfd21-bue.infd.edu.ar\/sitio\/wp-content\/uploads\/2022\/07\/290592426_1188820668584576_2023150178900396098_n-1536x864.jpg 1536w\" sizes=\"(max-width: 1599px) 100vw, 1599px\" \/><\/figure>\n\n\n\n<figure class=\"wp-block-image size-large\"><img decoding=\"async\" loading=\"lazy\" width=\"1599\" height=\"899\" data-id=\"6397\"  src=\"https:\/\/isfd21-bue.infd.edu.ar\/sitio\/wp-content\/uploads\/2022\/07\/291683693_1188820515251258_2286801141926120283_n.jpg\" alt=\"\" class=\"wp-image-6397\" srcset=\"https:\/\/isfd21-bue.infd.edu.ar\/sitio\/wp-content\/uploads\/2022\/07\/291683693_1188820515251258_2286801141926120283_n.jpg 1599w, https:\/\/isfd21-bue.infd.edu.ar\/sitio\/wp-content\/uploads\/2022\/07\/291683693_1188820515251258_2286801141926120283_n-1000x562.jpg 1000w, https:\/\/isfd21-bue.infd.edu.ar\/sitio\/wp-content\/uploads\/2022\/07\/291683693_1188820515251258_2286801141926120283_n-768x432.jpg 768w, https:\/\/isfd21-bue.infd.edu.ar\/sitio\/wp-content\/uploads\/2022\/07\/291683693_1188820515251258_2286801141926120283_n-1536x864.jpg 1536w\" sizes=\"(max-width: 1599px) 100vw, 1599px\" \/><\/figure>\n\n\n\n<figure class=\"wp-block-image size-large\"><img decoding=\"async\" loading=\"lazy\" width=\"1599\" height=\"899\" data-id=\"6398\"  src=\"https:\/\/isfd21-bue.infd.edu.ar\/sitio\/wp-content\/uploads\/2022\/07\/290327363_1188820635251246_8664288160882091530_n.jpg\" alt=\"\" class=\"wp-image-6398\" srcset=\"https:\/\/isfd21-bue.infd.edu.ar\/sitio\/wp-content\/uploads\/2022\/07\/290327363_1188820635251246_8664288160882091530_n.jpg 1599w, https:\/\/isfd21-bue.infd.edu.ar\/sitio\/wp-content\/uploads\/2022\/07\/290327363_1188820635251246_8664288160882091530_n-1000x562.jpg 1000w, https:\/\/isfd21-bue.infd.edu.ar\/sitio\/wp-content\/uploads\/2022\/07\/290327363_1188820635251246_8664288160882091530_n-768x432.jpg 768w, https:\/\/isfd21-bue.infd.edu.ar\/sitio\/wp-content\/uploads\/2022\/07\/290327363_1188820635251246_8664288160882091530_n-1536x864.jpg 1536w\" sizes=\"(max-width: 1599px) 100vw, 1599px\" \/><\/figure>\n\n\n\n<figure class=\"wp-block-image size-large\"><img decoding=\"async\" loading=\"lazy\" width=\"1599\" height=\"899\" data-id=\"6399\"  src=\"https:\/\/isfd21-bue.infd.edu.ar\/sitio\/wp-content\/uploads\/2022\/07\/290910270_1188820351917941_3151640703682465563_n.jpg\" alt=\"\" class=\"wp-image-6399\" srcset=\"https:\/\/isfd21-bue.infd.edu.ar\/sitio\/wp-content\/uploads\/2022\/07\/290910270_1188820351917941_3151640703682465563_n.jpg 1599w, https:\/\/isfd21-bue.infd.edu.ar\/sitio\/wp-content\/uploads\/2022\/07\/290910270_1188820351917941_3151640703682465563_n-1000x562.jpg 1000w, https:\/\/isfd21-bue.infd.edu.ar\/sitio\/wp-content\/uploads\/2022\/07\/290910270_1188820351917941_3151640703682465563_n-768x432.jpg 768w, https:\/\/isfd21-bue.infd.edu.ar\/sitio\/wp-content\/uploads\/2022\/07\/290910270_1188820351917941_3151640703682465563_n-1536x864.jpg 1536w\" sizes=\"(max-width: 1599px) 100vw, 1599px\" \/><\/figure>\n\n\n\n<figure class=\"wp-block-image size-large\"><img decoding=\"async\" loading=\"lazy\" width=\"1599\" height=\"899\" data-id=\"6400\"  src=\"https:\/\/isfd21-bue.infd.edu.ar\/sitio\/wp-content\/uploads\/2022\/07\/290509088_1188820505251259_9162757269546494208_n.jpg\" alt=\"\" class=\"wp-image-6400\" srcset=\"https:\/\/isfd21-bue.infd.edu.ar\/sitio\/wp-content\/uploads\/2022\/07\/290509088_1188820505251259_9162757269546494208_n.jpg 1599w, https:\/\/isfd21-bue.infd.edu.ar\/sitio\/wp-content\/uploads\/2022\/07\/290509088_1188820505251259_9162757269546494208_n-1000x562.jpg 1000w, https:\/\/isfd21-bue.infd.edu.ar\/sitio\/wp-content\/uploads\/2022\/07\/290509088_1188820505251259_9162757269546494208_n-768x432.jpg 768w, https:\/\/isfd21-bue.infd.edu.ar\/sitio\/wp-content\/uploads\/2022\/07\/290509088_1188820505251259_9162757269546494208_n-1536x864.jpg 1536w\" sizes=\"(max-width: 1599px) 100vw, 1599px\" \/><\/figure>\n\n\n\n<figure class=\"wp-block-image size-large\"><img decoding=\"async\" loading=\"lazy\" width=\"1599\" height=\"899\" data-id=\"6401\"  src=\"https:\/\/isfd21-bue.infd.edu.ar\/sitio\/wp-content\/uploads\/2022\/07\/289667550_1188820458584597_5140933993827211774_n.jpg\" alt=\"\" class=\"wp-image-6401\" srcset=\"https:\/\/isfd21-bue.infd.edu.ar\/sitio\/wp-content\/uploads\/2022\/07\/289667550_1188820458584597_5140933993827211774_n.jpg 1599w, https:\/\/isfd21-bue.infd.edu.ar\/sitio\/wp-content\/uploads\/2022\/07\/289667550_1188820458584597_5140933993827211774_n-1000x562.jpg 1000w, https:\/\/isfd21-bue.infd.edu.ar\/sitio\/wp-content\/uploads\/2022\/07\/289667550_1188820458584597_5140933993827211774_n-768x432.jpg 768w, https:\/\/isfd21-bue.infd.edu.ar\/sitio\/wp-content\/uploads\/2022\/07\/289667550_1188820458584597_5140933993827211774_n-1536x864.jpg 1536w\" sizes=\"(max-width: 1599px) 100vw, 1599px\" \/><\/figure>\n\n\n\n<figure class=\"wp-block-image size-large\"><img decoding=\"async\" loading=\"lazy\" width=\"1599\" height=\"899\" data-id=\"6402\"  src=\"https:\/\/isfd21-bue.infd.edu.ar\/sitio\/wp-content\/uploads\/2022\/07\/290695544_1188820445251265_2163866095146798317_n.jpg\" alt=\"\" class=\"wp-image-6402\" srcset=\"https:\/\/isfd21-bue.infd.edu.ar\/sitio\/wp-content\/uploads\/2022\/07\/290695544_1188820445251265_2163866095146798317_n.jpg 1599w, https:\/\/isfd21-bue.infd.edu.ar\/sitio\/wp-content\/uploads\/2022\/07\/290695544_1188820445251265_2163866095146798317_n-1000x562.jpg 1000w, https:\/\/isfd21-bue.infd.edu.ar\/sitio\/wp-content\/uploads\/2022\/07\/290695544_1188820445251265_2163866095146798317_n-768x432.jpg 768w, https:\/\/isfd21-bue.infd.edu.ar\/sitio\/wp-content\/uploads\/2022\/07\/290695544_1188820445251265_2163866095146798317_n-1536x864.jpg 1536w\" sizes=\"(max-width: 1599px) 100vw, 1599px\" \/><\/figure>\n\n\n\n<figure class=\"wp-block-image size-large\"><img decoding=\"async\" loading=\"lazy\" width=\"899\" height=\"1599\" data-id=\"6403\"  src=\"https:\/\/isfd21-bue.infd.edu.ar\/sitio\/wp-content\/uploads\/2022\/07\/291813911_1188820385251271_619223460392738130_n.jpg\" alt=\"\" class=\"wp-image-6403\" srcset=\"https:\/\/isfd21-bue.infd.edu.ar\/sitio\/wp-content\/uploads\/2022\/07\/291813911_1188820385251271_619223460392738130_n.jpg 899w, https:\/\/isfd21-bue.infd.edu.ar\/sitio\/wp-content\/uploads\/2022\/07\/291813911_1188820385251271_619223460392738130_n-562x1000.jpg 562w, https:\/\/isfd21-bue.infd.edu.ar\/sitio\/wp-content\/uploads\/2022\/07\/291813911_1188820385251271_619223460392738130_n-768x1366.jpg 768w, https:\/\/isfd21-bue.infd.edu.ar\/sitio\/wp-content\/uploads\/2022\/07\/291813911_1188820385251271_619223460392738130_n-864x1536.jpg 864w\" sizes=\"(max-width: 899px) 100vw, 899px\" \/><\/figure>\n<\/figure>\n\n\n\n<hr class=\"wp-block-separator has-css-opacity\"\/>\n\n\n\n<h1 class=\"wp-block-heading\"><strong><em>ATENCI\u00d3N, SE CUBRIERON MATERIAS:<\/em><\/strong><\/h1>\n\n\n\n<h1 class=\"wp-block-heading\"><strong><em>Profesorado de Biolog\u00eda<\/em><\/strong><\/h1>\n\n\n\n<h1 class=\"wp-block-heading\"><strong><em>*Qu\u00edmica y laboratorio I 1\u00b02\u00b0<\/em><\/strong><\/h1>\n\n\n\n<h1 class=\"wp-block-heading\"><strong><em>Tom\u00f3 la profesora: Prado, Agustina Bel\u00e9n<\/em><\/strong><\/h1>\n\n\n\n<h1 class=\"wp-block-heading\"><strong><em>*Qu\u00edmica y laboratorio II 2\u00b01\u00b0<\/em><\/strong><\/h1>\n\n\n\n<h1 class=\"wp-block-heading\"><strong><em>TOM\u00d3: Rogosz Valeria Alexandra<\/em><\/strong><\/h1>\n\n\n\n<h1 class=\"wp-block-heading\"><strong><em>*Qu\u00edmica biolog\u00eda y laboratorio 3\u00b01\u00b0<\/em><\/strong><\/h1>\n\n\n\n<h1 class=\"wp-block-heading\"><strong><em>Toma el profesor: Serra, Lucas Mariano<\/em><\/strong><\/h1>\n\n\n\n<p><strong><em>**********************************<\/em><\/strong><\/p>\n\n\n\n<h1 class=\"wp-block-heading\"><strong><em>Profesorado de Filosof\u00eda<\/em><\/strong><\/h1>\n\n\n\n<h1 class=\"wp-block-heading\"><strong><em>Perspectiva pol\u00edtica institucional 3\u00b01\u00b0<\/em><\/strong><\/h1>\n\n\n\n<h1 class=\"wp-block-heading\"><strong><em>Tom\u00f3: Onnainty Mariel Andrea<\/em><\/strong><\/h1>\n\n\n\n<hr class=\"wp-block-separator has-css-opacity\"\/>\n\n\n\n<h4 class=\"wp-block-heading\"><em><strong>ATENCI\u00d3N A CONTINUACI\u00d3N SE PUBLICAN FECHAS DE MESAS OMITIDAS<\/strong><\/em><\/h4>\n\n\n\n<h4 class=\"wp-block-heading\"><em><strong>PROFESORADO EN EDUCACI\u00d3N PRIMARIA:<\/strong><\/em><\/h4>\n\n\n\n<h4 class=\"wp-block-heading\"><em><strong>SE PUBLICA MESA OMITIDA 3\u00b02\u00b0 CONFIGURACIONES CULTURALES 8\/8 (AGUILAR, AYELEN; BERMUDEZ)<\/strong><\/em><\/h4>\n\n\n\n<h4 class=\"wp-block-heading\"><em><strong>PROFESORADO EN MATEM\u00c1TICA:<\/strong><\/em><\/h4>\n\n\n\n<h4 class=\"wp-block-heading\"><strong><em>4\u00b01\u00b0 GEOMETRIAS NO EUCLIDIANAS 10\/08 (CRISTIN, ALEJANDRO\/ PINO, JUAN)<\/em><\/strong><\/h4>\n\n\n\n<figure class=\"wp-block-image size-large\"><img decoding=\"async\" loading=\"lazy\" width=\"1054\" height=\"525\" src=\"https:\/\/isfd21-bue.infd.edu.ar\/sitio\/wp-content\/uploads\/2022\/07\/290766456_1188954608571182_2802053398283248045_n.jpg\" alt=\"\" class=\"wp-image-6405\" srcset=\"https:\/\/isfd21-bue.infd.edu.ar\/sitio\/wp-content\/uploads\/2022\/07\/290766456_1188954608571182_2802053398283248045_n.jpg 1054w, https:\/\/isfd21-bue.infd.edu.ar\/sitio\/wp-content\/uploads\/2022\/07\/290766456_1188954608571182_2802053398283248045_n-1000x498.jpg 1000w, https:\/\/isfd21-bue.infd.edu.ar\/sitio\/wp-content\/uploads\/2022\/07\/290766456_1188954608571182_2802053398283248045_n-768x383.jpg 768w\" sizes=\"(max-width: 1054px) 100vw, 1054px\" \/><\/figure>\n\n\n\n<p>02\/07\/22<\/p>\n\n\n\n<p><strong><em>YA PUEDEN CONSUTAR SU N\u00daMERO DE ID EN EL SIGUIENTE ARCHIVO PDF:<\/em><\/strong><\/p>\n\n\n\n<p>Presionando desde el teclado, CTRL+F, se abrir\u00e1 un peque\u00f1o buscador donde podr\u00e1n ingresar apellido y les mostrar\u00e1 las coincidencias de b\u00fasqueda<a href=\"https:\/\/isfd21-bue.infd.edu.ar\/sitio\/wp-content\/uploads\/2022\/07\/IdDeAlumnos2022.pdf\">IdDeAlumnos2022<\/a><a href=\"https:\/\/isfd21-bue.infd.edu.ar\/sitio\/wp-content\/uploads\/2022\/07\/IdDeAlumnos2022.pdf\">Descarga<\/a><\/p>\n\n\n\n<figure class=\"wp-block-image\"><img decoding=\"async\" loading=\"lazy\" width=\"850\" height=\"760\" src=\"https:\/\/isfd21-bue.infd.edu.ar\/sitio\/wp-content\/uploads\/2022\/07\/image-4.png\" alt=\"\" class=\"wp-image-6330\" srcset=\"https:\/\/isfd21-bue.infd.edu.ar\/sitio\/wp-content\/uploads\/2022\/07\/image-4.png 850w, https:\/\/isfd21-bue.infd.edu.ar\/sitio\/wp-content\/uploads\/2022\/07\/image-4-768x687.png 768w\" sizes=\"(max-width: 850px) 100vw, 850px\" \/><\/figure>\n\n\n\n<p>01\/07\/22<\/p>\n\n\n\n<p><a href=\"https:\/\/isfd21-bue.infd.edu.ar\/sitio\/inscripciones-a-mesas\/\">https:\/\/isfd21-bue.infd.edu.ar\/sitio\/inscripciones-a-mesas\/<br><\/a><strong>SE RECUERDA QUE LAS MESAS EST\u00c1N SUJETAS A POSIBLES MODIFICACIONES<\/strong><\/p>\n\n\n\n<figure class=\"wp-block-image\"><img decoding=\"async\" loading=\"lazy\" width=\"1270\" height=\"885\" src=\"https:\/\/isfd21-bue.infd.edu.ar\/sitio\/wp-content\/uploads\/2022\/07\/image-5.png\" alt=\"\" class=\"wp-image-6342\" srcset=\"https:\/\/isfd21-bue.infd.edu.ar\/sitio\/wp-content\/uploads\/2022\/07\/image-5.png 1270w, https:\/\/isfd21-bue.infd.edu.ar\/sitio\/wp-content\/uploads\/2022\/07\/image-5-1000x697.png 1000w, https:\/\/isfd21-bue.infd.edu.ar\/sitio\/wp-content\/uploads\/2022\/07\/image-5-768x535.png 768w\" sizes=\"(max-width: 1270px) 100vw, 1270px\" \/><\/figure>\n\n\n\n<figure class=\"wp-block-image\"><img decoding=\"async\" loading=\"lazy\" width=\"799\" height=\"651\" src=\"https:\/\/isfd21-bue.infd.edu.ar\/sitio\/wp-content\/uploads\/2022\/07\/FECHAS-DE-MESAS.jpg\" alt=\"\" class=\"wp-image-6334\" srcset=\"https:\/\/isfd21-bue.infd.edu.ar\/sitio\/wp-content\/uploads\/2022\/07\/FECHAS-DE-MESAS.jpg 799w, https:\/\/isfd21-bue.infd.edu.ar\/sitio\/wp-content\/uploads\/2022\/07\/FECHAS-DE-MESAS-768x626.jpg 768w\" sizes=\"(max-width: 799px) 100vw, 799px\" \/><\/figure>\n\n\n\n<p>30\/06\/22<\/p>\n\n\n\n<p><strong>BECAS PROGRESAR<\/strong><\/p>\n\n\n\n<figure class=\"wp-block-image\"><img decoding=\"async\" loading=\"lazy\" width=\"1280\" height=\"1280\" src=\"https:\/\/isfd21-bue.infd.edu.ar\/sitio\/wp-content\/uploads\/2022\/06\/1.jpg\" alt=\"\" class=\"wp-image-6301\" srcset=\"https:\/\/isfd21-bue.infd.edu.ar\/sitio\/wp-content\/uploads\/2022\/06\/1.jpg 1280w, https:\/\/isfd21-bue.infd.edu.ar\/sitio\/wp-content\/uploads\/2022\/06\/1-1000x1000.jpg 1000w, https:\/\/isfd21-bue.infd.edu.ar\/sitio\/wp-content\/uploads\/2022\/06\/1-500x500.jpg 500w, https:\/\/isfd21-bue.infd.edu.ar\/sitio\/wp-content\/uploads\/2022\/06\/1-768x768.jpg 768w\" sizes=\"(max-width: 1280px) 100vw, 1280px\" \/><\/figure>\n\n\n\n<p>27\/06\/22<\/p>\n\n\n\n<p>Estimadxs<\/p>\n\n\n\n<p>Queremos compartir con ustedes los avances en relaci\u00f3n a la nueva instalaci\u00f3n el\u00e9ctrica y colocaci\u00f3n de split\u00b4s.<\/p>\n\n\n\n<p>El inicio del&nbsp;&nbsp;trabajo estaba pautado para el martes 21\/6\/22, el jueves 16\/6\/22 comenzaron a descargar los&nbsp;&nbsp;materiales, durante el fin de semana y hasta la fecha,&nbsp;&nbsp;siguen trabajando en el armado del nuevo sistema el\u00e9ctrico en&nbsp;&nbsp;planta baja, ubicando tableros, llaves t\u00e9rmicas y el nuevo cableado.<\/p>\n\n\n\n<p>Ya colocaron 9 unidad de exterior y 5 unidad de interior.&nbsp;&nbsp;Tambi\u00e9n est\u00e1n evaluando con el personal del Municipio y&nbsp;&nbsp;Edenor la mejor ubicaci\u00f3n&nbsp;&nbsp;para la construcci\u00f3n del nuevo pilar.<\/p>\n\n\n\n<p>Este s\u00e1bado 25\/06\/22 descargaron m\u00e1s artefactos. Se proyecta la colocaci\u00f3n de uno por aula, sumando un total de 25 y 3 en el SUM, seg\u00fan indico la empresa en las aulas m\u00e1s grandes los artefactos ser\u00e1n de mayor capacidad.<\/p>\n\n\n\n<p>Seguiremos compartiendo las novedades sobre el avance del trabajo.<\/p>\n\n\n\n<p>Equipo Directivo.<\/p>\n\n\n\n<figure class=\"wp-block-image\"><img decoding=\"async\" loading=\"lazy\" width=\"960\" height=\"1280\" src=\"https:\/\/isfd21-bue.infd.edu.ar\/sitio\/wp-content\/uploads\/2022\/06\/WhatsApp-Image-2022-06-27-at-9.40.08-PM-2.jpeg\" alt=\"\" class=\"wp-image-6280\" srcset=\"https:\/\/isfd21-bue.infd.edu.ar\/sitio\/wp-content\/uploads\/2022\/06\/WhatsApp-Image-2022-06-27-at-9.40.08-PM-2.jpeg 960w, https:\/\/isfd21-bue.infd.edu.ar\/sitio\/wp-content\/uploads\/2022\/06\/WhatsApp-Image-2022-06-27-at-9.40.08-PM-2-750x1000.jpeg 750w, https:\/\/isfd21-bue.infd.edu.ar\/sitio\/wp-content\/uploads\/2022\/06\/WhatsApp-Image-2022-06-27-at-9.40.08-PM-2-768x1024.jpeg 768w\" sizes=\"(max-width: 960px) 100vw, 960px\" \/><\/figure>\n\n\n\n<p>Jornada intensa este s\u00e1bado en el instituto, Taines con invitados, talleres, clases, limpieza, trabajo administrativo, etc. Compartimos algunas fotos.<\/p>\n\n\n\n<figure class=\"wp-block-image\"><img decoding=\"async\" loading=\"lazy\" width=\"683\" height=\"686\" src=\"https:\/\/isfd21-bue.infd.edu.ar\/sitio\/wp-content\/uploads\/2022\/06\/image-14.png\" alt=\"\" class=\"wp-image-6276\"\/><\/figure>\n\n\n\n<figure class=\"wp-block-image\"><img decoding=\"async\" loading=\"lazy\" width=\"596\" height=\"593\" src=\"https:\/\/isfd21-bue.infd.edu.ar\/sitio\/wp-content\/uploads\/2022\/06\/image-13.png\" alt=\"\" class=\"wp-image-6273\"\/><\/figure>\n\n\n\n<p><a href=\"https:\/\/www.facebook.com\/hashtag\/juanamanso?__eep__=6&amp;__cft__[0]=AZUHHZ79Q7c-1_YUX_79kwXpLQUkd4lU9_dtc1fuplb3PIvrhYldbLVzHWmaHJDJBp7Ts6yyhA5EnVppvTDQk1A6RO8zMGj_3_9jDy5ke3_cyApDgzaCoVbcWPnPEd9-0SDQwTmufeVA1pv2aUmlXGpgUTbMwTRYBMDfYPKDLYMREV6-XJmU_mdbENHPd4n69mLTa90btecHs5ymtjtvA192&amp;__tn__=*NK-y-R\">#JuanaManso<\/a>&nbsp;fue impulsora de la educaci\u00f3n p\u00fablica argentina&nbsp;<img decoding=\"async\" loading=\"lazy\" height=\"16\" width=\"16\" alt=\"&#x1f3eb;\" src=\"https:\/\/static.xx.fbcdn.net\/images\/emoji.php\/v9\/t28\/1\/16\/1f3eb.png\">&nbsp;Promovi\u00f3 la creaci\u00f3n de los jardines de infantes como espacios de aprendizaje, basados en la reflexi\u00f3n y participaci\u00f3n&nbsp;<img decoding=\"async\" loading=\"lazy\" height=\"16\" width=\"16\" alt=\"&#x1f4da;\" src=\"https:\/\/static.xx.fbcdn.net\/images\/emoji.php\/v9\/t49\/1\/16\/1f4da.png\">En conmemoraci\u00f3n de su natalicio y su legado por la educaci\u00f3n, compartimos una publicaci\u00f3n que realiz\u00f3 en la Revista Anales de la Educaci\u00f3n Com\u00fan, fundada por Domingo Faustino Sarmiento.<img decoding=\"async\" loading=\"lazy\" height=\"16\" width=\"16\" alt=\"&#x25b6;&#xfe0f;\" src=\"https:\/\/static.xx.fbcdn.net\/images\/emoji.php\/v9\/t40\/1\/16\/25b6.png\">&nbsp;\u201cDe todo un poco\u201d, Manso, Anales de la Educaci\u00f3n Com\u00fan, Vol. V, Anuario 1868, pp. 232-237.&nbsp;<a href=\"http:\/\/servicios.abc.gov.ar\/lainstitucion\/revistacomponents\/revista\/archivos\/anales\/numero09\/archivosparadescargar\/9.1868_2.pdf?fbclid=IwAR1KYAg3Bj4WrMPgBfQfarv4kq3GSHz_-grwYVBjK_9WITGk8BeJiTN-Lbs\" rel=\"noreferrer noopener\" target=\"_blank\">http:\/\/servicios.abc.gov.ar\/\u2026\/archivospara\u2026\/9.1868_2.pdf<\/a><\/p>\n\n\n\n<hr class=\"wp-block-separator has-css-opacity\"\/>\n\n\n\n<h4 class=\"wp-block-heading\"><strong>ATENCI\u00d3N PROFESORADO EN BIOLOG\u00cdA<\/strong><\/h4>\n\n\n\n<h4 class=\"wp-block-heading\"><strong>1\u00b01\u00ba PERSPECTIVA TEOR\u00cdA SOCIOPOL\u00cdTICA<\/strong><\/h4>\n\n\n\n<h4 class=\"wp-block-heading\"><strong>LUNES 4 DE JULIO, 15 HS. REUNI\u00d3N<\/strong><\/h4>\n\n\n\n<h4 class=\"wp-block-heading\"><strong>TRAER PROGRAMA CURSADO.<\/strong><\/h4>\n\n\n\n<p>24\/06\/22<\/p>\n\n\n\n<p><em><strong>Hoy se llev\u00f3 adelante la reuni\u00f3n de delegadas de primaria con la referente de la carrera, profesora y vicedirectora Karina Viscarra. Una instancia de di\u00e1logo, escucha, ideas. Muy enriquecedor el encuentro. Gracias por participar con tanto compromiso<\/strong><\/em>.<\/p>\n\n\n\n<figure class=\"wp-block-image\"><img decoding=\"async\" loading=\"lazy\" width=\"720\" height=\"539\" src=\"https:\/\/isfd21-bue.infd.edu.ar\/sitio\/wp-content\/uploads\/2022\/06\/290290322_1181478035985506_5841811769526508080_n-1.jpg\" alt=\"\" class=\"wp-image-6258\"\/><\/figure>\n\n\n\n<hr class=\"wp-block-separator has-css-opacity\"\/>\n\n\n\n<p>Estimadxs estudiantes: Compartimos comunicado sobre el lunes 27\/6 enviado por nuestras autoridades.<\/p>\n\n\n\n<figure class=\"wp-block-image\"><img decoding=\"async\" loading=\"lazy\" width=\"526\" height=\"1168\" src=\"https:\/\/isfd21-bue.infd.edu.ar\/sitio\/wp-content\/uploads\/2022\/06\/290194703_1180893902710586_5459375774278590139_n-1.jpg\" alt=\"\" class=\"wp-image-6255\" srcset=\"https:\/\/isfd21-bue.infd.edu.ar\/sitio\/wp-content\/uploads\/2022\/06\/290194703_1180893902710586_5459375774278590139_n-1.jpg 526w, https:\/\/isfd21-bue.infd.edu.ar\/sitio\/wp-content\/uploads\/2022\/06\/290194703_1180893902710586_5459375774278590139_n-1-450x1000.jpg 450w\" sizes=\"(max-width: 526px) 100vw, 526px\" \/><\/figure>\n\n\n\n<hr class=\"wp-block-separator has-css-opacity\"\/>\n\n\n\n<p>Estimadxs estudiantes: Compartimos cronograma de los Talleres para la preparaci\u00f3n de ex\u00e1menes finales. Proyecto de Fortalecimiento de las Trayectorias Estudiantiles 2022<\/p>\n\n\n\n<p><strong><em>FORMULARIO DE INSCRIPCI\u00d3N:&nbsp;<a rel=\"noreferrer noopener\" href=\"https:\/\/bit.ly\/3OvANu9?fbclid=IwAR1Wyspd9XOFZbz8mP79oFDWSocFAySiL54jlBm173dYm_QvkZScSMFkS1I\" target=\"_blank\">https:\/\/bit.ly\/3OvANu9<\/a><\/em><\/strong><\/p>\n\n\n\n<figure class=\"wp-block-image\"><img decoding=\"async\" loading=\"lazy\" width=\"526\" height=\"1168\" src=\"https:\/\/isfd21-bue.infd.edu.ar\/sitio\/wp-content\/uploads\/2022\/06\/290168131_1180891362710840_5724286696104456792_n-1.jpg\" alt=\"\" class=\"wp-image-6252\" srcset=\"https:\/\/isfd21-bue.infd.edu.ar\/sitio\/wp-content\/uploads\/2022\/06\/290168131_1180891362710840_5724286696104456792_n-1.jpg 526w, https:\/\/isfd21-bue.infd.edu.ar\/sitio\/wp-content\/uploads\/2022\/06\/290168131_1180891362710840_5724286696104456792_n-1-450x1000.jpg 450w\" sizes=\"(max-width: 526px) 100vw, 526px\" \/><\/figure>\n\n\n\n<h4 class=\"wp-block-heading\"><img decoding=\"async\" loading=\"lazy\" height=\"20\" width=\"20\" alt=\"&#x1f6a9;\" src=\"https:\/\/static.xx.fbcdn.net\/images\/emoji.php\/v9\/t9f\/1\/20\/1f6a9.png\"><strong><em>ATENCI\u00d3N PROFESORADO EN INGL\u00c9S:<\/em><\/strong><\/h4>\n\n\n\n<h4 class=\"wp-block-heading\"><strong><em>SE CUBRI\u00d3 EN 3\u00b02\u00b0, EVALUACI\u00d3N DE LOS APRENDIZAJES, A PARTIR DEL D\u00cdA DE HOY.<\/em><\/strong><\/h4>\n\n\n\n<p>23\/06\/22<\/p>\n\n\n\n<p><strong><em>En el d\u00eda de hoy se desarrolla el Taller de la carrera de Educaci\u00f3n Especial a grupos del Profesorado de Educaci\u00f3n Primaria de 2\u00b0 a\u00f1o. Intercambio intrainstitucional felicitaciones a las profesoras de Pr\u00e1ctica Docente que lo coordinaron.<\/em><\/strong><\/p>\n\n\n\n<figure class=\"wp-block-image\"><img decoding=\"async\" loading=\"lazy\" width=\"687\" height=\"684\" src=\"https:\/\/isfd21-bue.infd.edu.ar\/sitio\/wp-content\/uploads\/2022\/06\/image-11.png\" alt=\"\" class=\"wp-image-6235\"\/><\/figure>\n\n\n\n<h1 class=\"wp-block-heading\"><strong><em>AVISO<\/em><\/strong><strong><em>&nbsp;DOCENTES AUSENTES:<\/em><\/strong><\/h1>\n\n\n\n<h1 class=\"wp-block-heading\"><strong><em>LANZANI, KARINA 23\/06\/2022<\/em><\/strong><\/h1>\n\n\n\n<h1 class=\"wp-block-heading\"><strong><em>Duran, Maximiliano 24\/06\/22<\/em><\/strong><\/h1>\n\n\n\n<h1 class=\"wp-block-heading\"><strong><em>Murua, Alejandro 23\/06\/22<\/em><\/strong><\/h1>\n\n\n\n<h1 class=\"wp-block-heading\"><strong><em>Silva, Mariana 24\/06\/22<\/em><\/strong><\/h1>\n\n\n\n<hr class=\"wp-block-separator has-css-opacity\"\/>\n\n\n\n<h1 class=\"wp-block-heading\"><strong><em>Estimados estudiantes<\/em><\/strong><\/h1>\n\n\n\n<h1 class=\"wp-block-heading\"><strong><em>La semana pasada recibimos mesas nuevas para las aulas de planta baja de la casona. Hoy est\u00e1n escritas con lapicera y micr\u00f3fibra les pedimos encarecidamente que cuidemos lo que es de todos . Nos entristece ver que enjuagan mate y dejan yerba en la m\u00e1quina que cooperadora alquil\u00f3 para agua caliente.<\/em><\/strong><\/h1>\n\n\n\n<h1 class=\"wp-block-heading\"><strong><em>Esperamos que como comunidad practiquemos el cuidado de los recursos y espacios que son de todos.<\/em><\/strong><\/h1>\n\n\n\n<figure class=\"wp-block-image\"><img decoding=\"async\" loading=\"lazy\" width=\"899\" height=\"1599\" src=\"https:\/\/isfd21-bue.infd.edu.ar\/sitio\/wp-content\/uploads\/2022\/06\/WhatsApp-Image-2022-06-23-at-12.01.38-PM.jpeg\" alt=\"\" class=\"wp-image-6226\" srcset=\"https:\/\/isfd21-bue.infd.edu.ar\/sitio\/wp-content\/uploads\/2022\/06\/WhatsApp-Image-2022-06-23-at-12.01.38-PM.jpeg 899w, https:\/\/isfd21-bue.infd.edu.ar\/sitio\/wp-content\/uploads\/2022\/06\/WhatsApp-Image-2022-06-23-at-12.01.38-PM-562x1000.jpeg 562w, https:\/\/isfd21-bue.infd.edu.ar\/sitio\/wp-content\/uploads\/2022\/06\/WhatsApp-Image-2022-06-23-at-12.01.38-PM-768x1366.jpeg 768w, https:\/\/isfd21-bue.infd.edu.ar\/sitio\/wp-content\/uploads\/2022\/06\/WhatsApp-Image-2022-06-23-at-12.01.38-PM-864x1536.jpeg 864w\" sizes=\"(max-width: 899px) 100vw, 899px\" \/><\/figure>\n\n\n\n<p>22\/06\/22<\/p>\n\n\n\n<h4 class=\"wp-block-heading\"><strong><em>El profesorado de biolog\u00eda, invit\u00f3 al Dr. Mart\u00edn D\u00edaz, \u00e9l es bi\u00f3logo, profesor de biolog\u00eda, Dr. en historia de la ciencia.<\/em><\/strong><\/h4>\n\n\n\n<h4 class=\"wp-block-heading\"><strong><em>Se desempe\u00f1a en la Direcci\u00f3n Nacional del Ant\u00e1rtico, Programa de gesti\u00f3n ambiental y turismo.<\/em><\/strong><\/h4>\n\n\n\n<h4 class=\"wp-block-heading\"><strong><em>Se abord\u00f3 la \u00abAnt\u00e1rtida y el cambio clim\u00e1tico\u00bb en donde participaron estudiantes de 4\u00b0 a\u00f1o del profesorado.<\/em><\/strong><\/h4>\n\n\n\n<h4 class=\"wp-block-heading\"><strong><em>Sus aportes y reflexiones nos enriquecieron. Muchas gracias.<\/em><\/strong><\/h4>\n\n\n\n<figure class=\"wp-block-image\"><img decoding=\"async\" loading=\"lazy\" width=\"1032\" height=\"774\" src=\"https:\/\/isfd21-bue.infd.edu.ar\/sitio\/wp-content\/uploads\/2022\/06\/289656200_1179539639512679_5052611589673564465_n.jpg\" alt=\"\" class=\"wp-image-6212\" srcset=\"https:\/\/isfd21-bue.infd.edu.ar\/sitio\/wp-content\/uploads\/2022\/06\/289656200_1179539639512679_5052611589673564465_n.jpg 1032w, https:\/\/isfd21-bue.infd.edu.ar\/sitio\/wp-content\/uploads\/2022\/06\/289656200_1179539639512679_5052611589673564465_n-1000x750.jpg 1000w, https:\/\/isfd21-bue.infd.edu.ar\/sitio\/wp-content\/uploads\/2022\/06\/289656200_1179539639512679_5052611589673564465_n-768x576.jpg 768w\" sizes=\"(max-width: 1032px) 100vw, 1032px\" \/><\/figure>\n\n\n\n<hr class=\"wp-block-separator has-css-opacity\"\/>\n\n\n\n<h1 class=\"wp-block-heading\">AVISOS DE DOCENTES AUSENTES:<\/h1>\n\n\n\n<h1 class=\"wp-block-heading\">PAGLIARO, MARCELO 21\/6 AL 24\/6<\/h1>\n\n\n\n<h1 class=\"wp-block-heading\">GATELLI, CECILIA 22\/6<\/h1>\n\n\n\n<h1 class=\"wp-block-heading\">D\u00cdAZ, LAURA 23\/6 Y 24\/6<\/h1>\n\n\n\n<p>SPADARO, MARCIA 22\/6<\/p>\n\n\n\n<p>SALERNO, ELENA 22\/6<\/p>\n\n\n\n<hr class=\"wp-block-separator has-css-opacity\"\/>\n\n\n\n<p>21\/06\/22<\/p>\n\n\n\n<p>Desde la Direcci\u00f3n Provincial de Educaci\u00f3n Superior estamos comprometidos en un profundo trabajo para construir colectivamente la mejor formaci\u00f3n para los y las docentes que pueblan y poblar\u00e1n nuestras escuelas bonaerenses de la Patria durante los pr\u00f3ximos 30 a\u00f1os. Por eso estamos transitando este proceso de cambio curricular, y hemos decidido comenzar por los Profesorados de Educaci\u00f3n Secundaria de F\u00edsica, Qu\u00edmica, Biolog\u00eda, Historia, Geograf\u00eda, Filosof\u00eda, Econom\u00eda y Ciencia Pol\u00edtica, que fueron aprobados en 1999: en tiempos de la Ley Federal, cuando la educaci\u00f3n secundaria a\u00fan no era obligatoria, y la estructura del sistema educativo era otra (forman docentes para la EGB 3 y el Polimodal). Profesorados pensados en otros tiempos, para otro contexto. Como entendemos que, justamente, la construcci\u00f3n de los nuevos Dise\u00f1os debe ser colectiva, la estamos llevando adelante en articulaci\u00f3n con otras Direcciones (Direcci\u00f3n Provincial de Educaci\u00f3n Secundaria; de Educaci\u00f3n Especial; de J\u00f3venes, Adultos y Adultos Mayores; de Educaci\u00f3n Sexual Integral), y con les Inspectores, Directores de Institutos y de CIIEs, profesores de los Institutos de Formaci\u00f3n Docente, y CIPEs Regionales. Pr\u00f3ximamente comenzaremos a reunirnos tambi\u00e9n con estudiantes. Es de este modo -con todos, todas y todes- porque es nuestra m\u00e1s profunda convicci\u00f3n que no se puede motorizar ning\u00fan cambio real sin la participaci\u00f3n de sus protagonistas. \u00bfQu\u00e9 hemos estado haciendo en estos encuentros?Presentamos los lineamientos generales de la propuesta curricular, tanto en los aspectos propiamente curriculares como institucionales, y luego pasamos a mesas de trabajo: del Campo de la Formaci\u00f3n General; del Campo Espec\u00edfico, divididas por carreras; y del Campo de la Pr\u00e1ctica. En esas mesas, se trabaja con las cajas curriculares, y el equipo de la Direcci\u00f3n toma nota de las sugerencias y comentarios. Luego de cada una de estas jornada de trabajo, con el equipo volvemos a trabajar sobre las cajas curriculares, reescribiendo los contenidos en consideraci\u00f3n de las sugerencias y comentarios. Les dejamos unas im\u00e1genes que testimonian en parte este recorrido: ya nos hemos reunido el 30 y 31 de mayo en la UNIPE, el 1 y 2 de junio en La Plata, y el 15 de junio en Mar del Plata, para la primera ronda de consulta de los predise\u00f1os curriculares, en la que participaron la totalidad de los y las inspectores\/as de Educaci\u00f3n Superior, con Directores\/as de Institutos de Formaci\u00f3n Docente representantes de sus regiones por delegaci\u00f3n de los Consejos Regionales de Directores, con la totalidad de los y las Directores\/as de los CIIEs, y profesores y profesoras de todas las carreras en cambio curricular, de los tres campos de la formaci\u00f3n, en representaci\u00f3n de 20 de las 25 regiones educativas. El jueves 23 de junio estaremos en Pehuaj\u00f3, cerrando esta primera ronda de consulta. Actualmente, ya estamos organizando la segunda.<a href=\"https:\/\/www.facebook.com\/hashtag\/educaci%C3%B3np%C3%BAblicadecalidad?__eep__=6&amp;__cft__[0]=AZVpcreax7pmGUk8uhgrMfuUNXeCjQmzdG3JXsydPbpk01i8bL2Sgnc2fzrvlrDf5yAU0hYXhag1n1sRlgJ7KkWDGJoZaTOS3ZusHM7wgwAaStnz1Zz07dfQtip6J38dNEnA2cG4xEW_ZfJLtinJw6FNOsI-JssisDAAqBRj6mlxPD0rhB0TvBn5RQnhRZUdRi0&amp;__tn__=*NK-R\">#Educaci\u00f3nP\u00fablicaDeCalidad<\/a><a href=\"https:\/\/www.facebook.com\/hashtag\/formaci%C3%B3ndocente?__eep__=6&amp;__cft__[0]=AZVpcreax7pmGUk8uhgrMfuUNXeCjQmzdG3JXsydPbpk01i8bL2Sgnc2fzrvlrDf5yAU0hYXhag1n1sRlgJ7KkWDGJoZaTOS3ZusHM7wgwAaStnz1Zz07dfQtip6J38dNEnA2cG4xEW_ZfJLtinJw6FNOsI-JssisDAAqBRj6mlxPD0rhB0TvBn5RQnhRZUdRi0&amp;__tn__=*NK-R\">#Formaci\u00f3nDocente<\/a><a href=\"https:\/\/www.facebook.com\/hashtag\/dise%C3%B1oscurriculares?__eep__=6&amp;__cft__[0]=AZVpcreax7pmGUk8uhgrMfuUNXeCjQmzdG3JXsydPbpk01i8bL2Sgnc2fzrvlrDf5yAU0hYXhag1n1sRlgJ7KkWDGJoZaTOS3ZusHM7wgwAaStnz1Zz07dfQtip6J38dNEnA2cG4xEW_ZfJLtinJw6FNOsI-JssisDAAqBRj6mlxPD0rhB0TvBn5RQnhRZUdRi0&amp;__tn__=*NK-R\">#Dise\u00f1osCurriculares<\/a><a href=\"https:\/\/www.facebook.com\/hashtag\/dpes?__eep__=6&amp;__cft__[0]=AZVpcreax7pmGUk8uhgrMfuUNXeCjQmzdG3JXsydPbpk01i8bL2Sgnc2fzrvlrDf5yAU0hYXhag1n1sRlgJ7KkWDGJoZaTOS3ZusHM7wgwAaStnz1Zz07dfQtip6J38dNEnA2cG4xEW_ZfJLtinJw6FNOsI-JssisDAAqBRj6mlxPD0rhB0TvBn5RQnhRZUdRi0&amp;__tn__=*NK-R\">#DPES<\/a><a href=\"https:\/\/www.facebook.com\/hashtag\/claudiabracchi?__eep__=6&amp;__cft__[0]=AZVpcreax7pmGUk8uhgrMfuUNXeCjQmzdG3JXsydPbpk01i8bL2Sgnc2fzrvlrDf5yAU0hYXhag1n1sRlgJ7KkWDGJoZaTOS3ZusHM7wgwAaStnz1Zz07dfQtip6J38dNEnA2cG4xEW_ZfJLtinJw6FNOsI-JssisDAAqBRj6mlxPD0rhB0TvBn5RQnhRZUdRi0&amp;__tn__=*NK-R\">#ClaudiaBracchi<\/a><a href=\"https:\/\/www.facebook.com\/hashtag\/marisagori?__eep__=6&amp;__cft__[0]=AZVpcreax7pmGUk8uhgrMfuUNXeCjQmzdG3JXsydPbpk01i8bL2Sgnc2fzrvlrDf5yAU0hYXhag1n1sRlgJ7KkWDGJoZaTOS3ZusHM7wgwAaStnz1Zz07dfQtip6J38dNEnA2cG4xEW_ZfJLtinJw6FNOsI-JssisDAAqBRj6mlxPD0rhB0TvBn5RQnhRZUdRi0&amp;__tn__=*NK-R\">#MarisaGori<\/a><\/p>\n\n\n\n<figure class=\"wp-block-image\"><img decoding=\"async\" loading=\"lazy\" width=\"670\" height=\"336\" src=\"https:\/\/isfd21-bue.infd.edu.ar\/sitio\/wp-content\/uploads\/2022\/06\/image-10.png\" alt=\"\" class=\"wp-image-6199\"\/><\/figure>\n\n\n\n<h4 class=\"wp-block-heading\"><em>AVISOS DE DOCENTES AUSENTES:<\/em><\/h4>\n\n\n\n<h4 class=\"wp-block-heading\"><em>SEMERARO, MARIANA 21\/06 AL 27\/06<\/em><\/h4>\n\n\n\n<p><strong>NOGUERA, MARIANA 21\/06<\/strong><\/p>\n\n\n\n<p>20\/06\/22<\/p>\n\n\n\n<p>Hoy conmemoramos el&nbsp;<a href=\"https:\/\/www.facebook.com\/hashtag\/d%C3%ADadelabandera?__eep__=6&amp;__gid__=523982381290540&amp;__cft__[0]=AZX4VDStwEcqAT_9DcMuHF5j2HKGBfsNxom-m7O6GIlCLQYvmrUcMkVHPs84MrKls1MHLI7bkvIRvttsOGJ47L-8ukeIqbjmecJcFN6j48P6riLZ2GkCcz1X1pBqNf3pS-tWA5hDwwmHAF6ZruyR6QJlftMamtfenR2l3jGVyNl_u5pILghaIKk6tDoHSvXrpE0&amp;__tn__=*NK-R\">#D\u00edaDeLaBandera<\/a>&nbsp;en homenaje a su creador, Manuel Belgrano, quien muri\u00f3 el 20 de junio de 1820, a los 50 a\u00f1os.Nuestra bandera se iz\u00f3 por primera vez el 27 de febrero de 1812, a orillas del R\u00edo Paran\u00e1.<\/p>\n\n\n\n<figure class=\"wp-block-image\"><img decoding=\"async\" loading=\"lazy\" width=\"600\" height=\"503\" src=\"https:\/\/isfd21-bue.infd.edu.ar\/sitio\/wp-content\/uploads\/2022\/06\/288467250_1178702902929686_4753634750302323136_n.jpg\" alt=\"\" class=\"wp-image-6165\"\/><\/figure>\n\n\n\n<p>16\/06\/22<\/p>\n\n\n\n<p><strong>Asociaci\u00f3n Cooperadora del ISFD N\u00ba21 \u201cDr. Ricardo Rojas\u201d<\/strong>La comisi\u00f3n directiva junto a los revisores de cuenta y la asesora legal, realizaron los balances correspondientes al periodo 2021\/2022, dado que pr\u00f3ximamente debemos renovar en mitad dicha comisi\u00f3n. Estamos infinitamente agradecidos ya que con sus aportes, cuota societaria, logramos solventar gastos de todo tipo, a modo de resumen listaremos algunos de ellos por categor\u00edas:- Material did\u00e1ctico: compramos pizarras blancas para los nuevos espacios, reemplazamos pizarrones de tiza y tambi\u00e9n compramos pizarras de corcho para uso de carteleras.- Art\u00edculos de limpieza: materiales de mayor durabilidad como secadores met\u00e1licos, escobillones grandes para el repaso de pasillos, guantes, desinfectantes para piso, quitasarro, cestos de residuos para todas las dependencias sanitarias, limpiadores en aerosol y en crema, etc.- Art\u00edculos de librer\u00eda: sellos, tonner, resmas de hojas, libros de actas de ex\u00e1menes, libro matriz, cuadernillos, resmas de opalinas para los diplomas, libros de actas, biblioratos, cintas, afiches, cartulinas, forros, naylon, perforadora, tijeras, lapiceras, marcadores, borradores, etc.- Mantenimiento y mejoras con fondos propios: se compro malla para resolver el problema de las palomas, art\u00edculos de ferreter\u00eda, pinturas y accesorios para embellecer el patio de la memoria, cerrajer\u00eda, dos bibicleteros, arreglo de impresora, art\u00edculos de plomer\u00eda para la instalaci\u00f3n de la m\u00e1quina expendedora de agua y arreglos generales de sanitarios, art\u00edculos el\u00e9ctricos, etc.- Mobiliario:&nbsp;bancos de plaza- Gastos propios de la entidad: compra para el \u00e1gape del acto de inicio de cursada- otros gastos: compra de una computadora, una impresora con sistema continuo de tinta, un proyector, banderas de ceremonia, cortinas tipo blackout textil para el SUM, cartel tallado en madera con el nombre del instituto, bannner para dar a conocer todas nuestras carreras, alquiler y flete de la maquina expendedora de agua caliente, etc.Seguiremos trabajando para que nuestro instituto, al que amamos, sea cada d\u00eda un lugar mas lindo y confortable.<\/p>\n\n\n\n<figure class=\"wp-block-image\"><img decoding=\"async\" loading=\"lazy\" width=\"1599\" height=\"899\" src=\"https:\/\/isfd21-bue.infd.edu.ar\/sitio\/wp-content\/uploads\/2022\/06\/288268973_1176428896490420_1432157355486584940_n.jpg\" alt=\"\" class=\"wp-image-6172\" srcset=\"https:\/\/isfd21-bue.infd.edu.ar\/sitio\/wp-content\/uploads\/2022\/06\/288268973_1176428896490420_1432157355486584940_n.jpg 1599w, https:\/\/isfd21-bue.infd.edu.ar\/sitio\/wp-content\/uploads\/2022\/06\/288268973_1176428896490420_1432157355486584940_n-1000x562.jpg 1000w, https:\/\/isfd21-bue.infd.edu.ar\/sitio\/wp-content\/uploads\/2022\/06\/288268973_1176428896490420_1432157355486584940_n-768x432.jpg 768w, https:\/\/isfd21-bue.infd.edu.ar\/sitio\/wp-content\/uploads\/2022\/06\/288268973_1176428896490420_1432157355486584940_n-1536x864.jpg 1536w\" sizes=\"(max-width: 1599px) 100vw, 1599px\" \/><\/figure>\n\n\n\n<hr class=\"wp-block-separator has-css-opacity\"\/>\n\n\n\n<p><em><strong>Les queremos contar que ya esta disponible el dispenser de agua caliente, el valor del termo es de 20 pesos. Esto se logr\u00f3 gracias a quienes colaboraron con la Cooperadora del ISFD21. Se encuentra ubicado en el tercer pasillo en planta baja, cerca del sanitario para personas con discapacidad. Muchas gracias a todos los socios.<\/strong><\/em><\/p>\n\n\n\n<figure class=\"wp-block-image\"><img decoding=\"async\" loading=\"lazy\" width=\"686\" height=\"572\" src=\"https:\/\/isfd21-bue.infd.edu.ar\/sitio\/wp-content\/uploads\/2022\/06\/image-9.png\" alt=\"\" class=\"wp-image-6186\"\/><\/figure>\n\n\n\n<p>Queridxs Estudiantes. Les informamos que se encuentra abierta la inscripci\u00f3n a los talleres para preparaci\u00f3n de ex\u00e1menes que llevaremos adelante en el marco del Proyecto de Fortalecimiento de las Trayectorias Estudiantiles, en el siguiente enlace podr\u00e1n acceder a toda la oferta acad\u00e9mica y al formulario de inscripci\u00f3n:<a rel=\"noreferrer noopener\" href=\"https:\/\/l.facebook.com\/l.php?u=https%3A%2F%2Fbit.ly%2F3OvANu9%3Ffbclid%3DIwAR2vm6coIw_CztM3RARpwd9G4yUj5rwYlebLNqxnCBz8iD9wa-UAGLwPu5M&amp;h=AT24pQp2PUio8iPHkpQR0MyzsZowCELkTvz0iyvxO1SEc6y713q6sgtdfN8xg2WH9bGNRGDAtVxQ8Mxpf3352ctSOxHcpJvhaZdX81nUD9WnQT3SASjDoURHXLaBmIcHgdGB&amp;__tn__=-UK-R&amp;c[0]=AT3BV6-gtQlvycVtLaA22-qT64xLvUfPH6UuXvCduhVEArxJZCd49Za-ifcALjeTD82vF4BN3G3ipsVyfO8sFtUZzu5fdkULIsy0bYcix8cX32A4BRUOahaVvn6YogC_i-nJme9sJdNnCYZ8Da4CD67mobd2xwOAKjkieXFdQXK_ofge96Eczl4gR9qgXW8UUxMq8MiH0VWi-H7Pl0E\" target=\"_blank\">https:\/\/bit.ly\/3OvANu9<\/a>.<\/p>\n\n\n\n<figure class=\"wp-block-image\"><img decoding=\"async\" loading=\"lazy\" width=\"600\" height=\"503\" src=\"https:\/\/isfd21-bue.infd.edu.ar\/sitio\/wp-content\/uploads\/2022\/06\/288465640_1178802509586392_1266000845473668560_n.jpg\" alt=\"\" class=\"wp-image-6163\"\/><\/figure>\n\n\n\n<hr class=\"wp-block-separator has-css-opacity\"\/>\n\n\n\n<h4 class=\"wp-block-heading\"><a href=\"https:\/\/www.facebook.com\/superiorPBA\/?__cft__[0]=AZX04WKLXJyYzbxpsl48b7isxJ-U9JPJAHyNXhdceZhqcwWecGIHE1TDmPJwi-nTDZ3B1Wvc1Wu0FK3Z76rSK9jCJgBxE1yatMUkGnnhGe1FEJZ_C4MNYaATs5e1qRU45YmMvPNtjVRgpW6rzsPBeBt3OneuSw8PDC-VYVcFaVV-KTwgfoPfmLHNKerH94g4iIRXcnbLuXNG2VcsQQAKAw14&amp;__tn__=-UC%2CP-y-R\"><strong>Direcci\u00f3n Provincial de Educaci\u00f3n Superior<\/strong><\/a><\/h4>\n\n\n\n<p>&nbsp;\u00a1Jornada de Consulta sobre Dise\u00f1os Curriculares de los Profesorados de Educaci\u00f3n Secundaria!Les compartimos algunos momentos de trabajo y reflexi\u00f3n de la jornada de construcci\u00f3n participativa vivida hoy en&nbsp;<a href=\"https:\/\/www.facebook.com\/hashtag\/mardelplata?__eep__=6&amp;__cft__[0]=AZX04WKLXJyYzbxpsl48b7isxJ-U9JPJAHyNXhdceZhqcwWecGIHE1TDmPJwi-nTDZ3B1Wvc1Wu0FK3Z76rSK9jCJgBxE1yatMUkGnnhGe1FEJZ_C4MNYaATs5e1qRU45YmMvPNtjVRgpW6rzsPBeBt3OneuSw8PDC-VYVcFaVV-KTwgfoPfmLHNKerH94g4iIRXcnbLuXNG2VcsQQAKAw14&amp;__tn__=*NK-y-R\">#MarDelPlata<\/a>.Desde la&nbsp;<a href=\"https:\/\/www.facebook.com\/hashtag\/dpes?__eep__=6&amp;__cft__[0]=AZX04WKLXJyYzbxpsl48b7isxJ-U9JPJAHyNXhdceZhqcwWecGIHE1TDmPJwi-nTDZ3B1Wvc1Wu0FK3Z76rSK9jCJgBxE1yatMUkGnnhGe1FEJZ_C4MNYaATs5e1qRU45YmMvPNtjVRgpW6rzsPBeBt3OneuSw8PDC-VYVcFaVV-KTwgfoPfmLHNKerH94g4iIRXcnbLuXNG2VcsQQAKAw14&amp;__tn__=*NK-y-R\">#DPES<\/a>&nbsp;creemos que es fundamental que, dada la diversidad que tiene nuestra provincia, todas las voces sean escuchadas para abrir espacios de consulta y reflexi\u00f3n.<a href=\"https:\/\/www.facebook.com\/hashtag\/dpes?__eep__=6&amp;__cft__[0]=AZX04WKLXJyYzbxpsl48b7isxJ-U9JPJAHyNXhdceZhqcwWecGIHE1TDmPJwi-nTDZ3B1Wvc1Wu0FK3Z76rSK9jCJgBxE1yatMUkGnnhGe1FEJZ_C4MNYaATs5e1qRU45YmMvPNtjVRgpW6rzsPBeBt3OneuSw8PDC-VYVcFaVV-KTwgfoPfmLHNKerH94g4iIRXcnbLuXNG2VcsQQAKAw14&amp;__tn__=*NK-y-R\">#dpes<\/a><a href=\"https:\/\/www.facebook.com\/hashtag\/dise%C3%B1oscurriculares?__eep__=6&amp;__cft__[0]=AZX04WKLXJyYzbxpsl48b7isxJ-U9JPJAHyNXhdceZhqcwWecGIHE1TDmPJwi-nTDZ3B1Wvc1Wu0FK3Z76rSK9jCJgBxE1yatMUkGnnhGe1FEJZ_C4MNYaATs5e1qRU45YmMvPNtjVRgpW6rzsPBeBt3OneuSw8PDC-VYVcFaVV-KTwgfoPfmLHNKerH94g4iIRXcnbLuXNG2VcsQQAKAw14&amp;__tn__=*NK-y-R\">#dise\u00f1oscurriculares<\/a><a href=\"https:\/\/www.facebook.com\/hashtag\/formaciondocenteinicial?__eep__=6&amp;__cft__[0]=AZX04WKLXJyYzbxpsl48b7isxJ-U9JPJAHyNXhdceZhqcwWecGIHE1TDmPJwi-nTDZ3B1Wvc1Wu0FK3Z76rSK9jCJgBxE1yatMUkGnnhGe1FEJZ_C4MNYaATs5e1qRU45YmMvPNtjVRgpW6rzsPBeBt3OneuSw8PDC-VYVcFaVV-KTwgfoPfmLHNKerH94g4iIRXcnbLuXNG2VcsQQAKAw14&amp;__tn__=*NK-y-R\">#formaciondocenteinicial<\/a><a href=\"https:\/\/www.facebook.com\/hashtag\/educacionpublicaydecalidad?__eep__=6&amp;__cft__[0]=AZX04WKLXJyYzbxpsl48b7isxJ-U9JPJAHyNXhdceZhqcwWecGIHE1TDmPJwi-nTDZ3B1Wvc1Wu0FK3Z76rSK9jCJgBxE1yatMUkGnnhGe1FEJZ_C4MNYaATs5e1qRU45YmMvPNtjVRgpW6rzsPBeBt3OneuSw8PDC-VYVcFaVV-KTwgfoPfmLHNKerH94g4iIRXcnbLuXNG2VcsQQAKAw14&amp;__tn__=*NK-y-R\">#educacionpublicaydecalidad<\/a><\/p>\n\n\n\n<figure class=\"wp-block-embed\"><div class=\"wp-block-embed__wrapper\">\nhttps:\/\/fb.watch\/dNNIq2lzDZ\/\n<\/div><\/figure>\n\n\n\n<h4 class=\"wp-block-heading\"><strong><em>Llegaron 81 t\u00edtulos, pueden pasar a retirarlos por preceptor\u00eda.<\/em><\/strong><\/h4>\n\n\n\n<h4 class=\"wp-block-heading\"><strong><em>Felicitamos a los nuevos docentes!!!<\/em><\/strong><\/h4>\n\n\n\n<figure class=\"wp-block-image\"><img decoding=\"async\" loading=\"lazy\" width=\"574\" height=\"1900\" src=\"https:\/\/isfd21-bue.infd.edu.ar\/sitio\/wp-content\/uploads\/2022\/06\/288703012_1175690266564283_7721138054882484446_n-574x1900.jpg\" alt=\"\" class=\"wp-image-6189\" srcset=\"https:\/\/isfd21-bue.infd.edu.ar\/sitio\/wp-content\/uploads\/2022\/06\/288703012_1175690266564283_7721138054882484446_n-574x1900.jpg 574w, https:\/\/isfd21-bue.infd.edu.ar\/sitio\/wp-content\/uploads\/2022\/06\/288703012_1175690266564283_7721138054882484446_n-302x1000.jpg 302w, https:\/\/isfd21-bue.infd.edu.ar\/sitio\/wp-content\/uploads\/2022\/06\/288703012_1175690266564283_7721138054882484446_n-464x1536.jpg 464w, https:\/\/isfd21-bue.infd.edu.ar\/sitio\/wp-content\/uploads\/2022\/06\/288703012_1175690266564283_7721138054882484446_n.jpg 619w\" sizes=\"(max-width: 574px) 100vw, 574px\" \/><\/figure>\n\n\n\n<figure class=\"wp-block-image\"><img decoding=\"async\" loading=\"lazy\" width=\"610\" height=\"1900\" src=\"https:\/\/isfd21-bue.infd.edu.ar\/sitio\/wp-content\/uploads\/2022\/06\/288450904_1175690239897619_8788399002883283598_n-610x1900.jpg\" alt=\"\" class=\"wp-image-6190\" srcset=\"https:\/\/isfd21-bue.infd.edu.ar\/sitio\/wp-content\/uploads\/2022\/06\/288450904_1175690239897619_8788399002883283598_n-610x1900.jpg 610w, https:\/\/isfd21-bue.infd.edu.ar\/sitio\/wp-content\/uploads\/2022\/06\/288450904_1175690239897619_8788399002883283598_n-321x1000.jpg 321w, https:\/\/isfd21-bue.infd.edu.ar\/sitio\/wp-content\/uploads\/2022\/06\/288450904_1175690239897619_8788399002883283598_n-493x1536.jpg 493w, https:\/\/isfd21-bue.infd.edu.ar\/sitio\/wp-content\/uploads\/2022\/06\/288450904_1175690239897619_8788399002883283598_n.jpg 657w\" sizes=\"(max-width: 610px) 100vw, 610px\" \/><\/figure>\n\n\n\n<figure class=\"wp-block-image\"><img decoding=\"async\" loading=\"lazy\" width=\"597\" height=\"1900\" src=\"https:\/\/isfd21-bue.infd.edu.ar\/sitio\/wp-content\/uploads\/2022\/06\/288649394_1175690199897623_429361740861516126_n-597x1900.jpg\" alt=\"\" class=\"wp-image-6191\" srcset=\"https:\/\/isfd21-bue.infd.edu.ar\/sitio\/wp-content\/uploads\/2022\/06\/288649394_1175690199897623_429361740861516126_n-597x1900.jpg 597w, https:\/\/isfd21-bue.infd.edu.ar\/sitio\/wp-content\/uploads\/2022\/06\/288649394_1175690199897623_429361740861516126_n-314x1000.jpg 314w, https:\/\/isfd21-bue.infd.edu.ar\/sitio\/wp-content\/uploads\/2022\/06\/288649394_1175690199897623_429361740861516126_n.jpg 643w\" sizes=\"(max-width: 597px) 100vw, 597px\" \/><\/figure>\n\n\n\n<figure class=\"wp-block-image\"><img decoding=\"async\" loading=\"lazy\" width=\"765\" height=\"1900\" src=\"https:\/\/isfd21-bue.infd.edu.ar\/sitio\/wp-content\/uploads\/2022\/06\/288523623_1175690176564292_3421657417498004050_n-765x1900.jpg\" alt=\"\" class=\"wp-image-6192\" srcset=\"https:\/\/isfd21-bue.infd.edu.ar\/sitio\/wp-content\/uploads\/2022\/06\/288523623_1175690176564292_3421657417498004050_n-765x1900.jpg 765w, https:\/\/isfd21-bue.infd.edu.ar\/sitio\/wp-content\/uploads\/2022\/06\/288523623_1175690176564292_3421657417498004050_n-403x1000.jpg 403w, https:\/\/isfd21-bue.infd.edu.ar\/sitio\/wp-content\/uploads\/2022\/06\/288523623_1175690176564292_3421657417498004050_n-768x1907.jpg 768w, https:\/\/isfd21-bue.infd.edu.ar\/sitio\/wp-content\/uploads\/2022\/06\/288523623_1175690176564292_3421657417498004050_n-619x1536.jpg 619w, https:\/\/isfd21-bue.infd.edu.ar\/sitio\/wp-content\/uploads\/2022\/06\/288523623_1175690176564292_3421657417498004050_n.jpg 825w\" sizes=\"(max-width: 765px) 100vw, 765px\" \/><\/figure>\n\n\n\n<figure class=\"wp-block-image\"><img decoding=\"async\" loading=\"lazy\" width=\"938\" height=\"1900\" src=\"https:\/\/isfd21-bue.infd.edu.ar\/sitio\/wp-content\/uploads\/2022\/06\/288651881_1175690303230946_620283099461579380_n-938x1900.jpg\" alt=\"\" class=\"wp-image-6194\" srcset=\"https:\/\/isfd21-bue.infd.edu.ar\/sitio\/wp-content\/uploads\/2022\/06\/288651881_1175690303230946_620283099461579380_n-938x1900.jpg 938w, https:\/\/isfd21-bue.infd.edu.ar\/sitio\/wp-content\/uploads\/2022\/06\/288651881_1175690303230946_620283099461579380_n-494x1000.jpg 494w, https:\/\/isfd21-bue.infd.edu.ar\/sitio\/wp-content\/uploads\/2022\/06\/288651881_1175690303230946_620283099461579380_n-768x1555.jpg 768w, https:\/\/isfd21-bue.infd.edu.ar\/sitio\/wp-content\/uploads\/2022\/06\/288651881_1175690303230946_620283099461579380_n-759x1536.jpg 759w, https:\/\/isfd21-bue.infd.edu.ar\/sitio\/wp-content\/uploads\/2022\/06\/288651881_1175690303230946_620283099461579380_n.jpg 999w\" sizes=\"(max-width: 938px) 100vw, 938px\" \/><\/figure>\n\n\n\n<figure class=\"wp-block-image\"><img decoding=\"async\" loading=\"lazy\" width=\"588\" height=\"1900\" src=\"https:\/\/isfd21-bue.infd.edu.ar\/sitio\/wp-content\/uploads\/2022\/06\/288740341_1175690286564281_8693020157295758826_n-588x1900.jpg\" alt=\"\" class=\"wp-image-6195\" srcset=\"https:\/\/isfd21-bue.infd.edu.ar\/sitio\/wp-content\/uploads\/2022\/06\/288740341_1175690286564281_8693020157295758826_n-588x1900.jpg 588w, https:\/\/isfd21-bue.infd.edu.ar\/sitio\/wp-content\/uploads\/2022\/06\/288740341_1175690286564281_8693020157295758826_n.jpg 634w\" sizes=\"(max-width: 588px) 100vw, 588px\" \/><\/figure>\n\n\n\n<ul>\n<li><\/li>\n\n\n\n<li><\/li>\n\n\n\n<li><\/li>\n\n\n\n<li><\/li>\n\n\n\n<li><\/li>\n\n\n\n<li><\/li>\n<\/ul>\n\n\n\n<p>15\/06\/22<\/p>\n\n\n\n<figure class=\"wp-block-image\"><img decoding=\"async\" loading=\"lazy\" width=\"1654\" height=\"1654\" src=\"https:\/\/isfd21-bue.infd.edu.ar\/sitio\/wp-content\/uploads\/2022\/06\/Teal-and-Beige-Simple-Graduation-Party-Invitation-1.png\" alt=\"\" class=\"wp-image-6158\" srcset=\"https:\/\/isfd21-bue.infd.edu.ar\/sitio\/wp-content\/uploads\/2022\/06\/Teal-and-Beige-Simple-Graduation-Party-Invitation-1.png 1654w, https:\/\/isfd21-bue.infd.edu.ar\/sitio\/wp-content\/uploads\/2022\/06\/Teal-and-Beige-Simple-Graduation-Party-Invitation-1-1000x1000.png 1000w, https:\/\/isfd21-bue.infd.edu.ar\/sitio\/wp-content\/uploads\/2022\/06\/Teal-and-Beige-Simple-Graduation-Party-Invitation-1-500x500.png 500w, https:\/\/isfd21-bue.infd.edu.ar\/sitio\/wp-content\/uploads\/2022\/06\/Teal-and-Beige-Simple-Graduation-Party-Invitation-1-768x768.png 768w, https:\/\/isfd21-bue.infd.edu.ar\/sitio\/wp-content\/uploads\/2022\/06\/Teal-and-Beige-Simple-Graduation-Party-Invitation-1-1536x1536.png 1536w\" sizes=\"(max-width: 1654px) 100vw, 1654px\" \/><\/figure>\n\n\n\n<h4 class=\"wp-block-heading\"><strong><em>ATENCI\u00d3N, SE CUBRIERON MATERIAS<\/em><\/strong><\/h4>\n\n\n\n<h4 class=\"wp-block-heading\"><strong><em>Profesorado de Geograf\u00eda<\/em><\/strong><\/h4>\n\n\n\n<h4 class=\"wp-block-heading\"><strong><em>Espacio: Geograf\u00eda Pol\u00edtica.<\/em><\/strong><\/h4>\n\n\n\n<h4 class=\"wp-block-heading\"><strong><em>Tom\u00f3: Garc\u00eda, Carolina Graciela.<\/em><\/strong><\/h4>\n\n\n\n<h4 class=\"wp-block-heading\"><strong><em>*************<\/em><\/strong><\/h4>\n\n\n\n<h4 class=\"wp-block-heading\"><strong><em>Profesorado de Biolog\u00eda<\/em><\/strong><\/h4>\n\n\n\n<h4 class=\"wp-block-heading\"><strong><em>Espacio: Ciencias de la Tierra.<\/em><\/strong><\/h4>\n\n\n\n<h4 class=\"wp-block-heading\"><strong><em>Curso: 2\u00b01\u00b0<\/em><\/strong><\/h4>\n\n\n\n<h4 class=\"wp-block-heading\"><strong><em>Tom\u00f3: Colombo, Santiago Javier<\/em><\/strong><\/h4>\n\n\n\n<p>AVISOS DE DOCENTES AUSENTES:<\/p>\n\n\n\n<p>Mendicino, Ana 16\/06<\/p>\n\n\n\n<p>Maidana, Mar\u00eda de los \u00c1ngeles 15\/06<\/p>\n\n\n\n<p>Gonzalez, Guido 15\/06 y 16\/06<\/p>\n\n\n\n<p>Scordo, Marta 15\/06<\/p>\n\n\n\n<p>Romero, Ulises 16\/06<\/p>\n\n\n\n<p>Enriques Langer 16\/06<\/p>\n\n\n\n<p><strong><em>14\/06\/22<\/em><\/strong><\/p>\n\n\n\n<hr class=\"wp-block-separator has-css-opacity\"\/>\n\n\n\n<h4 class=\"wp-block-heading\"><strong>Profesorado de Matem\u00e1tica<\/strong><\/h4>\n\n\n\n<h4 class=\"wp-block-heading\"><strong><em>Nuevo grupo de Espacio: CFPP1 -EL TRABAJO DOCENTE: COMPLEJIDADES Y ENTRAMADOS. VIERNES DE 14 A 17 HS.<\/em><\/strong><\/h4>\n\n\n\n<h4 class=\"wp-block-heading\"><strong><em>Curso: 1\u00b01\u00b0<\/em><\/strong><\/h4>\n\n\n\n<h4 class=\"wp-block-heading\"><strong><em>Tom\u00f3: Grise Natalia.<\/em><\/strong><\/h4>\n\n\n\n<p><strong><em>Profesorado de Lengua y Literatura<\/em><\/strong><\/p>\n\n\n\n<h1 class=\"wp-block-heading\"><strong><em>Espacio: CFPP1 -EL TRABAJO DOCENTE: COMPLEJIDADES Y ENTRAMADOS.<\/em><\/strong><\/h1>\n\n\n\n<h1 class=\"wp-block-heading\"><strong><em>Curso: 1\u00b01\u00b0 . Viernes 14:00 a 17:00.<\/em><\/strong><\/h1>\n\n\n\n<h1 class=\"wp-block-heading\"><strong><em>Tom\u00f3: Arias Bola\u00f1ez, Florencia<\/em><\/strong><\/h1>\n\n\n\n<hr class=\"wp-block-separator has-css-opacity\"\/>\n\n\n\n<figure class=\"wp-block-embed\"><div class=\"wp-block-embed__wrapper\">\nhttps:\/\/www.facebook.com\/groups\/2797204660323953\n<\/div><\/figure>\n\n\n\n<figure class=\"wp-block-image\"><img decoding=\"async\" loading=\"lazy\" width=\"1240\" height=\"1748\" src=\"https:\/\/isfd21-bue.infd.edu.ar\/sitio\/wp-content\/uploads\/2022\/06\/Violeta-Oscuro-Ilustraciones-de-Hojas-y-Vides-Anuncio-de-Compromiso-2-1.png\" alt=\"\" class=\"wp-image-6145\" srcset=\"https:\/\/isfd21-bue.infd.edu.ar\/sitio\/wp-content\/uploads\/2022\/06\/Violeta-Oscuro-Ilustraciones-de-Hojas-y-Vides-Anuncio-de-Compromiso-2-1.png 1240w, https:\/\/isfd21-bue.infd.edu.ar\/sitio\/wp-content\/uploads\/2022\/06\/Violeta-Oscuro-Ilustraciones-de-Hojas-y-Vides-Anuncio-de-Compromiso-2-1-709x1000.png 709w, https:\/\/isfd21-bue.infd.edu.ar\/sitio\/wp-content\/uploads\/2022\/06\/Violeta-Oscuro-Ilustraciones-de-Hojas-y-Vides-Anuncio-de-Compromiso-2-1-768x1083.png 768w, https:\/\/isfd21-bue.infd.edu.ar\/sitio\/wp-content\/uploads\/2022\/06\/Violeta-Oscuro-Ilustraciones-de-Hojas-y-Vides-Anuncio-de-Compromiso-2-1-1090x1536.png 1090w\" sizes=\"(max-width: 1240px) 100vw, 1240px\" \/><\/figure>\n\n\n\n<h1 class=\"wp-block-heading\"><em>AVISOS DE DOCENTES AUSENTES:<\/em><\/h1>\n\n\n\n<h1 class=\"wp-block-heading\"><em>VAZQUEZ, MURIEL 14\/06 Y 15\/06<\/em><\/h1>\n\n\n\n<h1 class=\"wp-block-heading\"><em>ZUNINO, CAROLINA 14\/06 Y 15\/06<\/em><\/h1>\n\n\n\n<h1 class=\"wp-block-heading\"><em>DE PAULA, CELINA 14\/06<\/em><\/h1>\n\n\n\n<p><strong>ROMERO, ULISES 14\/06<\/strong><\/p>\n\n\n\n<hr class=\"wp-block-separator has-css-opacity\"\/>\n\n\n\n<p>COMPARTIMOS IM\u00c1GENES DEL TAIN DE EDUCACI\u00d3N ESPECIAL, REALIZADO EL D\u00cdA 11\/06<\/p>\n\n\n\n<hr class=\"wp-block-separator has-css-opacity\"\/>\n\n\n\n<figure class=\"wp-block-image\"><img decoding=\"async\" loading=\"lazy\" width=\"1280\" height=\"960\" src=\"https:\/\/isfd21-bue.infd.edu.ar\/sitio\/wp-content\/uploads\/2022\/06\/WhatsApp-Image-2022-06-14-at-1.45.48-PM-1.jpeg\" alt=\"\" class=\"wp-image-6135\" srcset=\"https:\/\/isfd21-bue.infd.edu.ar\/sitio\/wp-content\/uploads\/2022\/06\/WhatsApp-Image-2022-06-14-at-1.45.48-PM-1.jpeg 1280w, https:\/\/isfd21-bue.infd.edu.ar\/sitio\/wp-content\/uploads\/2022\/06\/WhatsApp-Image-2022-06-14-at-1.45.48-PM-1-1000x750.jpeg 1000w, https:\/\/isfd21-bue.infd.edu.ar\/sitio\/wp-content\/uploads\/2022\/06\/WhatsApp-Image-2022-06-14-at-1.45.48-PM-1-768x576.jpeg 768w\" sizes=\"(max-width: 1280px) 100vw, 1280px\" \/><\/figure>\n\n\n\n<p>11\/06\/22<\/p>\n\n\n\n<p><strong><em><strong><em>COMPARTIMOS IM\u00c1GENES DEL EVENTO ORGANIZADO POR LA CARRERA DE CIENCIAS DE LA EDUCACI\u00d3N DE LA UNIVERSIDAD DE LUJ\u00c1N Y EN ARTICULACI\u00d3N CON EL ISFD N\u00b021 Y OTROS INSTITUTOS. EVENTO REALIZADO S\u00c1BADO 11\/06<\/em><\/strong><\/em><\/strong><\/p>\n\n\n\n<figure class=\"wp-block-image\"><img decoding=\"async\" loading=\"lazy\" width=\"1600\" height=\"1200\" src=\"https:\/\/isfd21-bue.infd.edu.ar\/sitio\/wp-content\/uploads\/2022\/06\/WhatsApp-Image-2022-06-11-at-9.58.22-AM.jpeg\" alt=\"\" class=\"wp-image-6124\" srcset=\"https:\/\/isfd21-bue.infd.edu.ar\/sitio\/wp-content\/uploads\/2022\/06\/WhatsApp-Image-2022-06-11-at-9.58.22-AM.jpeg 1600w, https:\/\/isfd21-bue.infd.edu.ar\/sitio\/wp-content\/uploads\/2022\/06\/WhatsApp-Image-2022-06-11-at-9.58.22-AM-1000x750.jpeg 1000w, https:\/\/isfd21-bue.infd.edu.ar\/sitio\/wp-content\/uploads\/2022\/06\/WhatsApp-Image-2022-06-11-at-9.58.22-AM-768x576.jpeg 768w, https:\/\/isfd21-bue.infd.edu.ar\/sitio\/wp-content\/uploads\/2022\/06\/WhatsApp-Image-2022-06-11-at-9.58.22-AM-1536x1152.jpeg 1536w\" sizes=\"(max-width: 1600px) 100vw, 1600px\" \/><\/figure>\n\n\n\n<figure class=\"wp-block-embed\"><div class=\"wp-block-embed__wrapper\">\nhttps:\/\/forms.gle\/9edmHQsJ3fuGFoBV6\n<\/div><\/figure>\n\n\n\n<figure class=\"wp-block-image\"><img decoding=\"async\" loading=\"lazy\" width=\"1240\" height=\"1748\" src=\"https:\/\/isfd21-bue.infd.edu.ar\/sitio\/wp-content\/uploads\/2022\/06\/Violeta-Oscuro-Ilustraciones-de-Hojas-y-Vides-Anuncio-de-Compromiso-2.png\" alt=\"\" class=\"wp-image-6122\" srcset=\"https:\/\/isfd21-bue.infd.edu.ar\/sitio\/wp-content\/uploads\/2022\/06\/Violeta-Oscuro-Ilustraciones-de-Hojas-y-Vides-Anuncio-de-Compromiso-2.png 1240w, https:\/\/isfd21-bue.infd.edu.ar\/sitio\/wp-content\/uploads\/2022\/06\/Violeta-Oscuro-Ilustraciones-de-Hojas-y-Vides-Anuncio-de-Compromiso-2-709x1000.png 709w, https:\/\/isfd21-bue.infd.edu.ar\/sitio\/wp-content\/uploads\/2022\/06\/Violeta-Oscuro-Ilustraciones-de-Hojas-y-Vides-Anuncio-de-Compromiso-2-768x1083.png 768w, https:\/\/isfd21-bue.infd.edu.ar\/sitio\/wp-content\/uploads\/2022\/06\/Violeta-Oscuro-Ilustraciones-de-Hojas-y-Vides-Anuncio-de-Compromiso-2-1090x1536.png 1090w\" sizes=\"(max-width: 1240px) 100vw, 1240px\" \/><\/figure>\n\n\n\n<hr class=\"wp-block-separator has-css-opacity\"\/>\n\n\n\n<p>08\/06\/22<\/p>\n\n\n\n<h1 class=\"wp-block-heading\"><strong><em>Estimadxs<\/em><\/strong><strong><em>&nbsp;estudiantes<\/em><\/strong><\/h1>\n\n\n\n<h1 class=\"wp-block-heading\"><strong><em>El d\u00eda de hoy, 09 de junio se presentaron dos empresas de gas y personal de Consejo Escolar en nuestra instituci\u00f3n.<\/em><\/strong><\/h1>\n\n\n\n<h1 class=\"wp-block-heading\"><strong><em>Se acord\u00f3 que el pr\u00f3ximo lunes 13\/6 realizar\u00e1n una prueba de hermeticidad y grafitado de llaves, por lo cual se suspenden las clases en todos los turnos.<\/em><\/strong><\/h1>\n\n\n\n<h1 class=\"wp-block-heading\"><strong><em>Saludos cordiales.<\/em><\/strong><\/h1>\n\n\n\n<hr class=\"wp-block-separator has-css-opacity\"\/>\n\n\n\n<p><strong><em>Estimada Comunidad educativa: Compartimos actas realizadas en el d\u00eda de la fecha en relaci\u00f3n al reclamo realizado sobre la falta de calefacci\u00f3n, con representantes Municipales y del Consejo Escolar. Equipo Directivo.<\/em><\/strong><\/p>\n\n\n\n<figure class=\"wp-block-image\"><img decoding=\"async\" loading=\"lazy\" width=\"835\" height=\"1280\" src=\"https:\/\/isfd21-bue.infd.edu.ar\/sitio\/wp-content\/uploads\/2022\/06\/286980701_1171536423646334_243277986806599164_n.jpg\" alt=\"\" class=\"wp-image-6111\" srcset=\"https:\/\/isfd21-bue.infd.edu.ar\/sitio\/wp-content\/uploads\/2022\/06\/286980701_1171536423646334_243277986806599164_n.jpg 835w, https:\/\/isfd21-bue.infd.edu.ar\/sitio\/wp-content\/uploads\/2022\/06\/286980701_1171536423646334_243277986806599164_n-652x1000.jpg 652w, https:\/\/isfd21-bue.infd.edu.ar\/sitio\/wp-content\/uploads\/2022\/06\/286980701_1171536423646334_243277986806599164_n-768x1177.jpg 768w\" sizes=\"(max-width: 835px) 100vw, 835px\" \/><\/figure>\n\n\n\n<figure class=\"wp-block-image\"><img decoding=\"async\" loading=\"lazy\" width=\"899\" height=\"1599\" src=\"https:\/\/isfd21-bue.infd.edu.ar\/sitio\/wp-content\/uploads\/2022\/06\/286926052_1171536450312998_8724968376229296103_n.jpg\" alt=\"\" class=\"wp-image-6110\" srcset=\"https:\/\/isfd21-bue.infd.edu.ar\/sitio\/wp-content\/uploads\/2022\/06\/286926052_1171536450312998_8724968376229296103_n.jpg 899w, https:\/\/isfd21-bue.infd.edu.ar\/sitio\/wp-content\/uploads\/2022\/06\/286926052_1171536450312998_8724968376229296103_n-562x1000.jpg 562w, https:\/\/isfd21-bue.infd.edu.ar\/sitio\/wp-content\/uploads\/2022\/06\/286926052_1171536450312998_8724968376229296103_n-768x1366.jpg 768w, https:\/\/isfd21-bue.infd.edu.ar\/sitio\/wp-content\/uploads\/2022\/06\/286926052_1171536450312998_8724968376229296103_n-864x1536.jpg 864w\" sizes=\"(max-width: 899px) 100vw, 899px\" \/><\/figure>\n\n\n\n<figure class=\"wp-block-image\"><img decoding=\"async\" loading=\"lazy\" width=\"899\" height=\"1599\" src=\"https:\/\/isfd21-bue.infd.edu.ar\/sitio\/wp-content\/uploads\/2022\/06\/286987814_1171536480312995_4457344436333248632_n.jpg\" alt=\"\" class=\"wp-image-6109\" srcset=\"https:\/\/isfd21-bue.infd.edu.ar\/sitio\/wp-content\/uploads\/2022\/06\/286987814_1171536480312995_4457344436333248632_n.jpg 899w, https:\/\/isfd21-bue.infd.edu.ar\/sitio\/wp-content\/uploads\/2022\/06\/286987814_1171536480312995_4457344436333248632_n-562x1000.jpg 562w, https:\/\/isfd21-bue.infd.edu.ar\/sitio\/wp-content\/uploads\/2022\/06\/286987814_1171536480312995_4457344436333248632_n-768x1366.jpg 768w, https:\/\/isfd21-bue.infd.edu.ar\/sitio\/wp-content\/uploads\/2022\/06\/286987814_1171536480312995_4457344436333248632_n-864x1536.jpg 864w\" sizes=\"(max-width: 899px) 100vw, 899px\" \/><\/figure>\n\n\n\n<figure class=\"wp-block-image\" id=\"block-8340d6f9-1986-492a-8950-63fa1ea62147\"><img decoding=\"async\" src=\"https:\/\/isfd21-bue.infd.edu.ar\/sitio\/wp-content\/uploads\/2022\/06\/1-2.jpeg\" alt=\"La imagen tiene un atributo ALT vac\u00edo; su nombre de archivo es 1-2.jpeg\"\/><\/figure>\n\n\n\n<figure class=\"wp-block-image\"><img decoding=\"async\" loading=\"lazy\" width=\"1280\" height=\"1280\" src=\"https:\/\/isfd21-bue.infd.edu.ar\/sitio\/wp-content\/uploads\/2022\/06\/7-3.jpeg\" alt=\"\" class=\"wp-image-6113\" srcset=\"https:\/\/isfd21-bue.infd.edu.ar\/sitio\/wp-content\/uploads\/2022\/06\/7-3.jpeg 1280w, https:\/\/isfd21-bue.infd.edu.ar\/sitio\/wp-content\/uploads\/2022\/06\/7-3-1000x1000.jpeg 1000w, https:\/\/isfd21-bue.infd.edu.ar\/sitio\/wp-content\/uploads\/2022\/06\/7-3-500x500.jpeg 500w, https:\/\/isfd21-bue.infd.edu.ar\/sitio\/wp-content\/uploads\/2022\/06\/7-3-768x768.jpeg 768w\" sizes=\"(max-width: 1280px) 100vw, 1280px\" \/><\/figure>\n\n\n\n<h1 class=\"wp-block-heading\" id=\"block-22a1cdca-1bfd-4e17-b4e4-748b3819d917\"><strong><em><br>Equipo Directivo<\/em><\/strong><\/h1>\n\n\n\n<h4 class=\"wp-block-heading\" id=\"block-9aae20a4-4242-4c2b-ba77-2fafd4063cf1\"><em><strong>Estimada comunidad educativa,<\/strong><\/em><\/h4>\n\n\n\n<h4 class=\"wp-block-heading\" id=\"block-a6572e2a-e47d-4e5a-867e-1cb4afcb6839\"><em><strong>compartimos el acta de la sesi\u00f3n extraordinaria del Consejo Acad\u00e9mico Institucional llevada a cabo el d\u00eda de ayer.<\/strong><\/em><\/h4>\n\n\n\n<h4 class=\"wp-block-heading\" id=\"block-cce945f2-adec-4cdc-b56a-108104aa04eb\"><em><strong>Su pronta lectura es de relevancia ya que incluye informaci\u00f3n sobre posibles eventos que suceder\u00e1n el d\u00eda viernes 10 de Junio.<\/strong><\/em><\/h4>\n\n\n\n<h4 class=\"wp-block-heading\" id=\"block-3d607437-f9f2-4f30-9cdb-8cf1101400ca\"><em><strong>Saludos cordiales<\/strong><\/em><\/h4>\n\n\n\n<h4 class=\"wp-block-heading\" id=\"block-871c6204-9490-4cf8-a4d7-c0c638689dcd\"><em><strong>Comisi\u00f3n de Comunicaci\u00f3n<\/strong><\/em><\/h4>\n\n\n\n<h4 class=\"wp-block-heading\" id=\"block-41351a57-db19-4d07-94bc-0129c77e1cef\"><em><strong>CAI<\/strong><\/em><\/h4>\n\n\n\n<p><a href=\"https:\/\/isfd21-bue.infd.edu.ar\/sitio\/wp-content\/uploads\/2022\/06\/Sesion-extraordinaria-del-CAI-8-de-Junio-2022.docx\">Sesion-extraordinaria-del-CAI-8-de-Junio-2022<\/a><a href=\"https:\/\/isfd21-bue.infd.edu.ar\/sitio\/wp-content\/uploads\/2022\/06\/Sesion-extraordinaria-del-CAI-8-de-Junio-2022.docx\">Descarga<\/a><\/p>\n\n\n\n<p><em>Hoy recibimos el mobiliario para la Casona que fue comprado con el fondo de financiamiento educativo. La segunda parte de la entrega ser\u00e1 la pr\u00f3xima semana. Nos acompa\u00f1o la Sra. Cintia Mu\u00f1oz Directora General de Educaci\u00f3n del Municipio y la Sra. Ximena Martinez<\/em><\/p>\n\n\n\n<figure class=\"wp-block-image\"><img decoding=\"async\" loading=\"lazy\" width=\"1240\" height=\"1748\" src=\"https:\/\/isfd21-bue.infd.edu.ar\/sitio\/wp-content\/uploads\/2022\/06\/Violeta-Oscuro-Ilustraciones-de-Hojas-y-Vides-Anuncio-de-Compromiso.png\" alt=\"\" class=\"wp-image-6084\" srcset=\"https:\/\/isfd21-bue.infd.edu.ar\/sitio\/wp-content\/uploads\/2022\/06\/Violeta-Oscuro-Ilustraciones-de-Hojas-y-Vides-Anuncio-de-Compromiso.png 1240w, https:\/\/isfd21-bue.infd.edu.ar\/sitio\/wp-content\/uploads\/2022\/06\/Violeta-Oscuro-Ilustraciones-de-Hojas-y-Vides-Anuncio-de-Compromiso-709x1000.png 709w, https:\/\/isfd21-bue.infd.edu.ar\/sitio\/wp-content\/uploads\/2022\/06\/Violeta-Oscuro-Ilustraciones-de-Hojas-y-Vides-Anuncio-de-Compromiso-768x1083.png 768w, https:\/\/isfd21-bue.infd.edu.ar\/sitio\/wp-content\/uploads\/2022\/06\/Violeta-Oscuro-Ilustraciones-de-Hojas-y-Vides-Anuncio-de-Compromiso-1090x1536.png 1090w\" sizes=\"(max-width: 1240px) 100vw, 1240px\" \/><\/figure>\n\n\n\n<p>DOCENTES AUSENTES<\/p>\n\n\n\n<p>Mart\u00ednez, Alicia 23\/06<\/p>\n\n\n\n<p>Laborde, Stella 09\/06<\/p>\n\n\n\n<p><strong><em>Compartimos comunicaci\u00f3n emitida por BECAS PROGRESAR<\/em><\/strong><\/p>\n\n\n\n<p><em>Los y las estudiantes deben ingresar con su usuario y contrase\u00f1a a la plataforma de PROGRESAR e ir al estado de solicitud. Ah\u00ed les figurar\u00e1 el estado en que se encuentra su postulaci\u00f3n, el mismo puede ser:a) APROBADO \u00f3b) RECHAZADO \u00f3c) EN EVALUACI\u00d3N (deben aguardar a que terminen de evaluar su postulaci\u00f3n) \u00f3d) RECHAZADO\/A (acad\u00e9micamente), aqu\u00ed les figurar\u00e1 la opci\u00f3n de RECLAMO que consiste en volver a inscribirse en la primera convocatoria con la siguiente leyenda: RESULTADO DE LA BECA: Estimada\/o estudiante, en esta oportunidad tu solicitud a PROGRESAR no puede ser aprobada debido a que la instituci\u00f3n seleccionada certifica que no sos estudiante de la misma o de la carrera elegida. RECLAMO: Si cre\u00e9s que hay una inconsistencia entre lo que declaraste vos y lo que nos inform\u00f3 tu instituci\u00f3n, podes iniciar el reclamo haciendo click aqu\u00ed para corregir tus datos acad\u00e9micos y poder ser reevaluada\/o.La fecha l\u00edmite para hacer tu reclamo es el 26\/06\/2022.IMPORTANTE SOBRE RECLAMO \u00bfPodr\u00e9 reclamar en caso que no me adjudiquen la beca?Los\/as alumnos\/as que se hayan inscripto a progresar y su postulaci\u00f3n resulte rechazada por motivos acad\u00e9micos podr\u00e1n efectuar el reclamo en el caso que corresponda en la plataforma oficial de progresar. El reclamo deber\u00e1 efectuarse dentro de los 10 d\u00edas corridos posteriores a la fecha de publicaci\u00f3n del rechazo en la plataforma habilitada al efecto. En el caso que tu postulaci\u00f3n resulte rechazada podr\u00e1s efectuar en caso de que corresponda (motivos acad\u00e9micos) el reclamo, en la plataforma oficial de progresar. Quedamos a disposici\u00f3n por cualquier consulta.<\/em><\/p>\n\n\n\n<figure class=\"wp-block-image\"><img decoding=\"async\" src=\"https:\/\/scontent.feze6-1.fna.fbcdn.net\/v\/t39.30808-6\/287022376_1170786220388021_2692382088916414538_n.jpg?_nc_cat=102&amp;ccb=1-7&amp;_nc_sid=5cd70e&amp;_nc_eui2=AeEhZh71wmk6-qKfBNR6AthP45sCh-m_fr7jmwKH6b9-vs2qiKh4sQEjT3BYyfLOu_cBiXrRq-1xQw8PPmxBL3Xb&amp;_nc_ohc=pi0svQ4PiKQAX-w2XxA&amp;_nc_oc=AQn1BGd-lflTTKCL2B5hsImdOSUakRfzKanyGjinbDk8KeXQyakuAg4qRCgDqfSSvfo&amp;tn=VNaAs5OJdpkC9v_m&amp;_nc_ht=scontent.feze6-1.fna&amp;oh=00_AT-V45TwX4hM_-tz5amG4BbxCVkdsnhgDoOGodXLXhZbAA&amp;oe=62A5AC20\" alt=\"\"\/><\/figure>\n\n\n\n<h4 class=\"wp-block-heading\"><strong><em>AVISOS IMPORTANTES:<\/em><\/strong><\/h4>\n\n\n\n<h4 class=\"wp-block-heading\"><strong><em>*INGL\u00c9S, 1\u00b01\u00b0, PEDAGOG\u00cdA. VACANTE<\/em><\/strong><\/h4>\n\n\n\n<h4 class=\"wp-block-heading\"><strong><em>*SE CUBRI\u00d3 DEL PROFESORADO DE INGL\u00c9S, PEDAGOG\u00cdA, 1\u00b03\u00b0, prof, Daiana Benitez<\/em><\/strong><\/h4>\n\n\n\n<h4 class=\"wp-block-heading\"><strong><em>*SE CUBRI\u00d3 DEL PROFESORADO DE GEOGRAF\u00cdA, 1\u00b01\u00b0, INTEGRACI\u00d3N AREAL, PROF. ROTGER, JULIETA<\/em><\/strong><\/h4>\n\n\n\n<hr class=\"wp-block-separator has-css-opacity\"\/>\n\n\n\n<hr class=\"wp-block-separator has-css-opacity\"\/>\n\n\n\n<h4 class=\"wp-block-heading\"><strong><em>AVISO DE DOCENTES AUSENTES:<\/em><\/strong><\/h4>\n\n\n\n<h4 class=\"wp-block-heading\"><strong><em>Grise, Natalia 07\/06 al 15\/06<\/em><\/strong><\/h4>\n\n\n\n<h4 class=\"wp-block-heading\"><strong><em>Tarp\u00edn, N\u00e9lida 08\/06<\/em><\/strong><\/h4>\n\n\n\n<h4 class=\"wp-block-heading\"><strong><em>Colombani, Cecilia 07\/06 al 15\/06<\/em><\/strong><\/h4>\n\n\n\n<h4 class=\"wp-block-heading\"><strong><em>Fillipelli, Andrea 9\/6 (solo turno tarde)<\/em><\/strong><\/h4>\n\n\n\n<h4 class=\"wp-block-heading\"><strong><em>Spadaro, Marcia 08\/06<\/em><\/strong><\/h4>\n\n\n\n<hr class=\"wp-block-separator has-css-opacity\"\/>\n\n\n\n<figure class=\"wp-block-image\"><img decoding=\"async\" loading=\"lazy\" width=\"940\" height=\"788\" src=\"https:\/\/isfd21-bue.infd.edu.ar\/sitio\/wp-content\/uploads\/2022\/06\/Post-de-Facebook-Feliz-Feriado-divertido-celeste-y-naranja.png\" alt=\"\" class=\"wp-image-6041\" srcset=\"https:\/\/isfd21-bue.infd.edu.ar\/sitio\/wp-content\/uploads\/2022\/06\/Post-de-Facebook-Feliz-Feriado-divertido-celeste-y-naranja.png 940w, https:\/\/isfd21-bue.infd.edu.ar\/sitio\/wp-content\/uploads\/2022\/06\/Post-de-Facebook-Feliz-Feriado-divertido-celeste-y-naranja-768x644.png 768w\" sizes=\"(max-width: 940px) 100vw, 940px\" \/><\/figure>\n\n\n\n<p><strong><em>Se adjunta documento con lineamientos sobre CIPE<\/em><\/strong>:<a href=\"https:\/\/isfd21-bue.infd.edu.ar\/sitio\/wp-content\/uploads\/2022\/06\/CIPE-2022-LINEAMIENTOS-GRALES-2.pdf\">CIPE-2022-LINEAMIENTOS-GRALES-2<\/a><a href=\"https:\/\/isfd21-bue.infd.edu.ar\/sitio\/wp-content\/uploads\/2022\/06\/CIPE-2022-LINEAMIENTOS-GRALES-2.pdf\">Descarga<\/a><\/p>\n\n\n\n<p><strong><em>Se rectifica informaci\u00f3n sobre ausencia de la prof. Boero, Sof\u00eda. Ausente el d\u00eda viernes 10\/6<\/em><\/strong><\/p>\n\n\n\n<p>07\/06\/2022<\/p>\n\n\n\n<h4 class=\"wp-block-heading\"><strong><em>Estimada Comunidad educativa, se convocatoria a sesi\u00f3n extraordinaria del CAI este mi\u00e9rcoles 08\/06\/2022 a las 17:00 hs. en el instituto.<\/em><\/strong><\/h4>\n\n\n\n<h4 class=\"wp-block-heading\"><strong><em>Esperamos que puedan participar, para escuchar distintas voces y pensar acciones colectivas en relaci\u00f3n al pedido de re-conexi\u00f3n de gas. Quedamos a disposici\u00f3n.<\/em><\/strong><\/h4>\n\n\n\n<h4 class=\"wp-block-heading\"><strong><em>Equipo Directivo<\/em><\/strong><\/h4>\n\n\n\n<hr class=\"wp-block-separator has-css-opacity\"\/>\n\n\n\n<hr class=\"wp-block-separator has-css-opacity\"\/>\n\n\n\n<h4 class=\"wp-block-heading\"><em><strong>Atenci\u00f3n, pr\u00f3ximos cambios de dise\u00f1os curriculares, biolog\u00eda, historia, geograf\u00eda y filosof\u00eda. Agradecemos la participaci\u00f3n de docentes y jefas de \u00c1rea. Ver video<\/strong><\/em><br><a href=\"https:\/\/fb.watch\/duoJRS-Hwu\/?fbclid=IwAR3K6bSD5YJamTLM6ZfGFEHECmIvXiuiEYI7pMKbPoH5RGWqaFRx4xDba34\" rel=\"noreferrer noopener\" target=\"_blank\">https:\/\/fb.watch\/duoJRS-Hwu\/<\/a><\/h4>\n\n\n\n<hr class=\"wp-block-separator has-css-opacity\"\/>\n\n\n\n<hr class=\"wp-block-separator has-css-opacity\"\/>\n\n\n\n<h4 class=\"wp-block-heading\"><strong><em>AUSENTES PRESENTES<\/em><\/strong><\/h4>\n\n\n\n<h4 class=\"wp-block-heading\"><strong><em>MUESTRA EN EL SUM DESDE EL MARTES 07 AL JUEVES 16<br>DE JUNIO.<\/em><\/strong><\/h4>\n\n\n\n<h4 class=\"wp-block-heading\"><em><strong>Se adjuntan links, para conocer el contenido de la muestra y algunos abordajes posibles.<\/strong><\/em><\/h4>\n\n\n\n<h4 class=\"wp-block-heading\"><strong><em>-Paneles Ausentes Presentes<\/em><\/strong><\/h4>\n\n\n\n<h4 class=\"wp-block-heading\"><a href=\"https:\/\/bit.ly\/PanelesAUSENTESPRESENTES?fbclid=IwAR0BFxhcj87OnTnFfT4CJbi8FdEH3Sj8K5EdGzt9obJcagY5j4IPfSC3DT4\" rel=\"noreferrer noopener\" target=\"_blank\"><strong><em>http:\/\/bit.ly\/PanelesAUSENTESPRESENTES<\/em><\/strong><\/a><\/h4>\n\n\n\n<h4 class=\"wp-block-heading\"><strong><em>-Sugerencias para recorrer Ausentes Presentes:<\/em><\/strong><\/h4>\n\n\n\n<h4 class=\"wp-block-heading\"><a href=\"https:\/\/bit.ly\/SugenrenciasAUSENTESPRESENTES?fbclid=IwAR0h5Xlx3OVt7V1OkwQT8zTTN6_TDtkBAiGev9eGynwcRakVisq8O_uNzWQ\" rel=\"noreferrer noopener\" target=\"_blank\"><strong><em>http:\/\/bit.ly\/SugenrenciasAUSENTESPRESENTES<\/em><\/strong><\/a><\/h4>\n\n\n\n<h4 class=\"wp-block-heading\"><strong><em>-Autogu\u00eda para recorrer Ausentes Presentes<\/em><\/strong><\/h4>\n\n\n\n<h4 class=\"wp-block-heading\"><a href=\"https:\/\/l.facebook.com\/l.php?u=https%3A%2F%2Fbit.ly%2FAutoguiaAUPREpaneles%3Ffbclid%3DIwAR1-AWyWlhb1PAp-XI7yTBNPg5HE9cYfLVMbzjIYpmRAryGa5l6BJT4LpR0&amp;h=AT0CXXAn4ngOzug145vpA1hPHzKNogqJ45MYm2_aOcXSY6weErz9WPHZBvzrbWyN3uH5H8agj4PxH1QdM0-hgqbwxiVdu6Y8wthRu9QYhAJ7FEQ-0ra_TReu3bFyZ9dniqML&amp;__tn__=-UK-R&amp;c[0]=AT0iLZYHeAV5IIJeOOG8Y1jnY3lzR6PaeSkFwYf4HwTAdPHsDtADlMcuO1TDWRzGpH9R3-drDLz02g_-rQ-fsWVKIrfMM1HxiNzy_PR1pW1E1tGLkVdPvgcWU_3oCsCbQdQ7g1BiaK7mPYwtNf38mY4ct5M7TscrmMklcA268jywDzl2TswVMw4CyLsEPhmLG83zzbv82LmsPlD-_Ic\" rel=\"noreferrer noopener\" target=\"_blank\"><strong><em>https:\/\/bit.ly\/AutoguiaAUPREpaneles<\/em><\/strong><\/a><\/h4>\n\n\n\n<h4 class=\"wp-block-heading\"><strong><em>-Museo Port\u00e1til Ausentes Presentes<\/em><\/strong><\/h4>\n\n\n\n<h4 class=\"wp-block-heading\"><a href=\"https:\/\/bit.ly\/MuseoportatilAUSENTESPRESENTES?fbclid=IwAR2Vt6rFTvb7uuHj9uWhed0wJdHsxW-6TsNQfnYpBCyZS0kjU2Rhg2jyrBI\" rel=\"noreferrer noopener\" target=\"_blank\"><strong><em>http:\/\/bit.ly\/MuseoportatilAUSENTESPRESENTES<\/em><\/strong><\/a><\/h4>\n\n\n\n<h4 class=\"wp-block-heading\"><strong><em>-Museo Port\u00e1til Imagenes Ausentes Presentes<\/em><\/strong><\/h4>\n\n\n\n<h4 class=\"wp-block-heading\"><a href=\"https:\/\/l.facebook.com\/l.php?u=https%3A%2F%2Fbit.ly%2FImagenesMuseoPortatilAUSENTESPRESENTES%3Ffbclid%3DIwAR2zLM9lNogJhpyDZ8IsPAu34M9JrqnE8cq7AVdQMLwzo9MBVX3aH5hVkoU&amp;h=AT01guhmBN_e0gvn3Z8dW_V1QRoZhbEl6u7IkxohGq37r0Ehuvz-ozuVmLj-KaJlZdVPQ55IX4-ZmrjikpEv50B6ahImeqdQDNivuMvr4rZlSfgzTVchXVPwrvfyhRqwHRMC&amp;__tn__=-UK-R&amp;c[0]=AT0iLZYHeAV5IIJeOOG8Y1jnY3lzR6PaeSkFwYf4HwTAdPHsDtADlMcuO1TDWRzGpH9R3-drDLz02g_-rQ-fsWVKIrfMM1HxiNzy_PR1pW1E1tGLkVdPvgcWU_3oCsCbQdQ7g1BiaK7mPYwtNf38mY4ct5M7TscrmMklcA268jywDzl2TswVMw4CyLsEPhmLG83zzbv82LmsPlD-_Ic\" rel=\"noreferrer noopener\" target=\"_blank\"><strong><em>http:\/\/bit.ly\/ImagenesMuseoPortatilAUSENTESPRESENTES<\/em><\/strong><\/a><\/h4>\n\n\n\n<figure class=\"wp-block-image\"><img decoding=\"async\" loading=\"lazy\" width=\"1131\" height=\"1600\" src=\"https:\/\/isfd21-bue.infd.edu.ar\/sitio\/wp-content\/uploads\/2022\/06\/WhatsApp-Image-2022-06-07-at-3.25.40-PM.jpeg\" alt=\"\" class=\"wp-image-6029\" srcset=\"https:\/\/isfd21-bue.infd.edu.ar\/sitio\/wp-content\/uploads\/2022\/06\/WhatsApp-Image-2022-06-07-at-3.25.40-PM.jpeg 1131w, https:\/\/isfd21-bue.infd.edu.ar\/sitio\/wp-content\/uploads\/2022\/06\/WhatsApp-Image-2022-06-07-at-3.25.40-PM-707x1000.jpeg 707w, https:\/\/isfd21-bue.infd.edu.ar\/sitio\/wp-content\/uploads\/2022\/06\/WhatsApp-Image-2022-06-07-at-3.25.40-PM-768x1086.jpeg 768w, https:\/\/isfd21-bue.infd.edu.ar\/sitio\/wp-content\/uploads\/2022\/06\/WhatsApp-Image-2022-06-07-at-3.25.40-PM-1086x1536.jpeg 1086w\" sizes=\"(max-width: 1131px) 100vw, 1131px\" \/><\/figure>\n\n\n\n<figure class=\"wp-block-image\"><img decoding=\"async\" loading=\"lazy\" width=\"900\" height=\"1600\" src=\"https:\/\/isfd21-bue.infd.edu.ar\/sitio\/wp-content\/uploads\/2022\/06\/WhatsApp-Image-2022-06-07-at-3.25.48-PM.jpeg\" alt=\"\" class=\"wp-image-6030\" srcset=\"https:\/\/isfd21-bue.infd.edu.ar\/sitio\/wp-content\/uploads\/2022\/06\/WhatsApp-Image-2022-06-07-at-3.25.48-PM.jpeg 900w, https:\/\/isfd21-bue.infd.edu.ar\/sitio\/wp-content\/uploads\/2022\/06\/WhatsApp-Image-2022-06-07-at-3.25.48-PM-563x1000.jpeg 563w, https:\/\/isfd21-bue.infd.edu.ar\/sitio\/wp-content\/uploads\/2022\/06\/WhatsApp-Image-2022-06-07-at-3.25.48-PM-768x1365.jpeg 768w, https:\/\/isfd21-bue.infd.edu.ar\/sitio\/wp-content\/uploads\/2022\/06\/WhatsApp-Image-2022-06-07-at-3.25.48-PM-864x1536.jpeg 864w\" sizes=\"(max-width: 900px) 100vw, 900px\" \/><\/figure>\n\n\n\n<hr class=\"wp-block-separator has-css-opacity\"\/>\n\n\n\n<hr class=\"wp-block-separator has-css-opacity\"\/>\n\n\n\n<h4 class=\"wp-block-heading\"><strong>ESTIMADOS EGRESADOS:<\/strong><\/h4>\n\n\n\n<h4 class=\"wp-block-heading\"><strong>Toda etapa tiene un cierre; cada uno de ustedes logro su meta, ya son PROFESORES y esta instituci\u00f3n los felicita por el enorme esfuerzo que represent\u00f3 para los nuevos docentes.<\/strong><\/h4>\n\n\n\n<h4 class=\"wp-block-heading\"><strong>Queremos compartir con ustedes y sus familias el acto de colaci\u00f3n, el cierre donde se volver\u00e1n a ver con sus compa\u00f1eros y profesores, pero debemos organizarnos dado que son varias promociones que no tuvieron su acto de colaci\u00f3n, para lo cual les pedimos que completen el siguiente formulario confirmando asistencia.<\/strong><\/h4>\n\n\n\n<figure class=\"wp-block-embed\"><div class=\"wp-block-embed__wrapper\">\nhttps:\/\/forms.gle\/sAR4rj1uDTMQN86D6\n<\/div><\/figure>\n\n\n\n<h4 class=\"wp-block-heading\"><strong>A continuaci\u00f3n compartimos cronograma de actos de colaci\u00f3n para egresados en diciembre 2019, 2020 y hasta agosto del 2021 que se desarrollar\u00e1 en el SUM del instituto a las 18:00 hs.<\/strong><\/h4>\n\n\n\n<p><strong><em>PLAZO DE TIEMPO PARA COMPLETAR EL FORMULARIO VIERNES 17\/06<\/em><\/strong><\/p>\n\n\n\n<figure class=\"wp-block-image\"><img decoding=\"async\" src=\"https:\/\/scontent.feze6-1.fna.fbcdn.net\/v\/t39.30808-6\/286514508_1170100707123239_2463860996004543297_n.jpg?_nc_cat=107&amp;ccb=1-7&amp;_nc_sid=5cd70e&amp;_nc_eui2=AeGsF2FMU4zrTI6bWaZG9MljVem6i71IDEJV6bqLvUgMQvIIPkctWgRv4E0uRpdkCVtsB03wSzzn_rHYHf9tuiAZ&amp;_nc_ohc=ePZF9itjvRAAX8rks43&amp;_nc_oc=AQlpkumcph-3e1-1sZkwJiVQ7bGr0e72Trsm0J-1jn6ESD1EDTvMlfCbHZYIOaaUHUY&amp;_nc_ht=scontent.feze6-1.fna&amp;oh=00_AT-HLJPqe5XUxFssj55wiyCO98II1SRd-Gy7C5Zc1in5Cg&amp;oe=62A4435D\" alt=\"Puede ser una imagen de texto que dice &quot;lunes 4\/7 martes 5\/7 Profesorado de Matem\u00e1tica jueves 7\/7 mi\u00e9rcoles 6\/7 Profesorado de Profesorado en Lenguay Geograf\u00eda Literatura Profesorado en Historia viernes 8\/7 Profesorado de Filosof\u00eda lunes 11\/7 martes 12\/7 mi\u00e9rcoles 13\/7 jueves 14\/7 viernes 15\/7 Profesorado Profesorado de Profesorado de Profesorado de de Especial Ingl\u00e9s Biolog\u00eda Primaria&quot;\"\/><\/figure>\n\n\n\n<hr class=\"wp-block-separator has-css-opacity\"\/>\n\n\n\n<h4 class=\"wp-block-heading\"><strong>ATENCI\u00d3N:<\/strong><\/h4>\n\n\n\n<h4 class=\"wp-block-heading\"><strong>Se cubri\u00f3 Areal de 1\u00b01 de carrera Geograf\u00eda<\/strong><\/h4>\n\n\n\n<hr class=\"wp-block-separator has-css-opacity\"\/>\n\n\n\n<p>AVISOS DE DOCENTES AUSENTES:<\/p>\n\n\n\n<p>Boero, Sofia 07\/06 al 10\/06<\/p>\n\n\n\n<p>Filipelli, Andrea 09\/06<\/p>\n\n\n\n<p>06\/06\/2022<\/p>\n\n\n\n<figure class=\"wp-block-image\"><img decoding=\"async\" loading=\"lazy\" width=\"721\" height=\"538\" src=\"https:\/\/isfd21-bue.infd.edu.ar\/sitio\/wp-content\/uploads\/2022\/06\/WhatsApp-Image-2022-06-07-at-3.15.22-PM.jpeg\" alt=\"\" class=\"wp-image-6024\"\/><figcaption class=\"wp-element-caption\"><strong><em>D\u00cdAS DE ATENCI\u00d3N EN PRECEPTOR\u00cdA:<\/em><\/strong><a href=\"https:\/\/isfd21-bue.infd.edu.ar\/sitio\/horario-de-atencion-en-preceptoria\/\"><strong><\/strong>https:\/\/isfd21-bue.infd.edu.ar\/sitio\/horario-de-atencion-en-preceptoria\/<\/a><\/figcaption><\/figure>\n\n\n\n<h4 class=\"wp-block-heading\"><strong><em>ATENCI\u00d3N: SE CUBIRERON MATERIAS, A PARTIR DE ESTA SEMANA<\/em><\/strong><\/h4>\n\n\n\n<h4 class=\"wp-block-heading\"><strong><em>Prof. Geograf\u00eda 4\u00b01 Inv geogr\u00e1fica lunes de 17 a 20 hs.<\/em><\/strong><\/h4>\n\n\n\n<h4 class=\"wp-block-heading\"><strong><em>Prof. Historia. 2\u00b02 geograf\u00eda I mi\u00e9rcoles de 8 a 10 hs.<\/em><\/strong><\/h4>\n\n\n\n<p><strong><em>Se agradece difusi\u00f3n<\/em><\/strong><\/p>\n\n\n\n<hr class=\"wp-block-separator has-css-opacity\"\/>\n\n\n\n<h4 class=\"wp-block-heading\"><em><strong>AVISO DE DOCENTES AUSENTES:<\/strong><\/em><\/h4>\n\n\n\n<h4 class=\"wp-block-heading\"><em><strong>Dib, Luis 9\/6 al 30\/6<\/strong><\/em><\/h4>\n\n\n\n<h4 class=\"wp-block-heading\"><em><strong>Noguera, Mariana 06\/06 al 07\/06<\/strong><\/em><\/h4>\n\n\n\n<h4 class=\"wp-block-heading\"><em><strong>Caballero, Margarita 06\/06<\/strong><\/em><\/h4>\n\n\n\n<h4 class=\"wp-block-heading\"><em><strong>Castro, Patricia 06\/06<\/strong><\/em><\/h4>\n\n\n\n<h4 class=\"wp-block-heading\"><strong><em>Colombani, Cecilia 06\/06<\/em><\/strong><\/h4>\n\n\n\n<h4 class=\"wp-block-heading\"><strong><em>Grise, Natalia 06\/06<\/em><\/strong><\/h4>\n\n\n\n<p><strong><em>Peralta, Dar\u00edo 06\/06<\/em><\/strong><\/p>\n\n\n\n<hr class=\"wp-block-separator has-css-opacity\"\/>\n\n\n\n<p>03\/06\/2022<\/p>\n\n\n\n<figure class=\"wp-block-image\"><img decoding=\"async\" loading=\"lazy\" width=\"640\" height=\"629\" src=\"https:\/\/isfd21-bue.infd.edu.ar\/sitio\/wp-content\/uploads\/2022\/06\/WhatsApp-Image-2022-06-03-at-8.36.24-AM-1.jpeg\" alt=\"\" class=\"wp-image-5871\"\/><\/figure>\n\n\n\n<p><strong><em>A partir del a\u00f1o 2021, por Resoluci\u00f3n conjunta N\u00b0 3016\/2020, la Direcci\u00f3n General de Cultura y Educaci\u00f3n incluy\u00f3 en el calendario escolar el 3 de junio, \u201cNi Una Menos\u201d, D\u00eda de la acci\u00f3n colectiva contra los femicidios para ser trabajado en las instituciones educativas de la provincia de Buenos Aires; y as\u00ed recordar la significatividad social de la fecha en virtud de las manifestaciones colectivas y autoconvocadas en contra de las violencias machistas.<\/em><\/strong><strong><em>Esta fecha est\u00e1 instituida como una jornada de lucha y protesta desde que el colectivo de mujeres se moviliz\u00f3 bajo el lema \u201cNi Una Menos\u201d en repudio a todas las formas de violencia de los sistemas patriarcales y, particularmente, por su consecuencia m\u00e1s tr\u00e1gica y visible: los femicidios. El colectivo \u201cNi Una Menos\u201d naci\u00f3 en nuestro pa\u00eds en 2015, cuando un grupo de periodistas, activistas, militantes y artistas lanzaron una campa\u00f1a para decir \u201cBasta de femicidios\u201d. Por esos d\u00edas hab\u00edan sido numerosos los hechos de violencia machista que se sucedieron, pero la situaci\u00f3n puntual que desat\u00f3 esta gran convocatoria fue el caso de Chiara P\u00e1ez, una joven de 14 a\u00f1os que viv\u00eda en Rufino, en la provincia de Santa Fe, y fue asesinada por su novio. Las propias periodistas, impulsoras de este movimiento, lo definen como \u201cun grito colectivo contra la violencia machista\u201d, que nace de una iniciativa grupal pero que \u201ccreci\u00f3 cuando la sociedad la hizo suya\u201d.<\/em><\/strong><\/p>\n\n\n\n<hr class=\"wp-block-separator has-css-opacity\"\/>\n\n\n\n<figure class=\"wp-block-image\"><img decoding=\"async\" loading=\"lazy\" width=\"1280\" height=\"1044\" src=\"https:\/\/isfd21-bue.infd.edu.ar\/sitio\/wp-content\/uploads\/2022\/06\/WhatsApp-Image-2022-06-02-at-7.41.40-PM.jpeg\" alt=\"\" class=\"wp-image-5873\" srcset=\"https:\/\/isfd21-bue.infd.edu.ar\/sitio\/wp-content\/uploads\/2022\/06\/WhatsApp-Image-2022-06-02-at-7.41.40-PM.jpeg 1280w, https:\/\/isfd21-bue.infd.edu.ar\/sitio\/wp-content\/uploads\/2022\/06\/WhatsApp-Image-2022-06-02-at-7.41.40-PM-1000x816.jpeg 1000w, https:\/\/isfd21-bue.infd.edu.ar\/sitio\/wp-content\/uploads\/2022\/06\/WhatsApp-Image-2022-06-02-at-7.41.40-PM-768x626.jpeg 768w\" sizes=\"(max-width: 1280px) 100vw, 1280px\" \/><\/figure>\n\n\n\n<p><em><strong>Los y las invitamos a participar de la charla a cargo del Licenciado Emilio Tenti Fanfani, la cual abordar\u00e1 diferentes miradas y tensiones del campo educativo , social y cultural , para seguir construyendo andares y saberes colectivos. La misma se realizar\u00e1 el pr\u00f3ximo jueves 16 de junio a las 18 hs en el teatro Roma. Los y las esperamos! Podr\u00e1n inscribirse gratuitamente en el siguiente enlace:&nbsp;&nbsp;<a rel=\"noreferrer noopener\" href=\"https:\/\/forms.gle\/eWHC28Yfot7naj4p6?fbclid=IwAR2vCiv8MQvRGgmA9d7e9MzpKzi_9qIKJyG0TMeeYvZJjRCKzwtfgwLj6tA\" target=\"_blank\">https:\/\/forms.gle\/eWHC28Yfot7naj4p6<\/a><\/strong><\/em><\/p>\n\n\n\n<hr class=\"wp-block-separator has-css-opacity\"\/>\n\n\n\n<p>02\/06\/22<\/p>\n\n\n\n<p><strong><em>QUERIDOS EGRESADOS, SOLO PARA RETIRAR. Ma\u00f1ana 03\/06 de 9 a 10 hs y de 13 a 14 hs. podr\u00e1n pasar por Preceptor\u00eda a retirar la Constancia para el ingreso a la docencia.<\/em><\/strong><\/p>\n\n\n\n<hr class=\"wp-block-separator has-css-opacity\"\/>\n\n\n\n<h4 class=\"wp-block-heading\">AVISO DE DOCENTES AUSENTE:<\/h4>\n\n\n\n<h4 class=\"wp-block-heading\">De Paula Celina 02\/06 al 17\/6<\/h4>\n\n\n\n<hr class=\"wp-block-separator has-css-opacity\"\/>\n\n\n\n<h4 class=\"wp-block-heading\"><img decoding=\"async\" loading=\"lazy\" height=\"20\" width=\"20\" alt=\"&#x1f6d1;\" src=\"https:\/\/static.xx.fbcdn.net\/images\/emoji.php\/v9\/t74\/1\/20\/1f6d1.png\"><strong>ATENCI\u00d3N SE CUBRIERON MATERIAS QUE ESTABAN DESCUBIERTAS<\/strong><\/h4>\n\n\n\n<h4 class=\"wp-block-heading\"><img decoding=\"async\" loading=\"lazy\" height=\"20\" width=\"20\" alt=\"&#x1f4cc;\" src=\"https:\/\/static.xx.fbcdn.net\/images\/emoji.php\/v9\/t85\/1\/20\/1f4cc.png\"><strong><em>Profesorado de Biolog\u00eda<\/em><\/strong><\/h4>\n\n\n\n<h4 class=\"wp-block-heading\">Espacio: Perspectiva Sociopol\u00edtica<\/h4>\n\n\n\n<h4 class=\"wp-block-heading\">Curso divisi\u00f3n: 1\u00b02\u00b0<\/h4>\n\n\n\n<h4 class=\"wp-block-heading\">Tom\u00f3: Mart\u00edn Sebasti\u00e1n<\/h4>\n\n\n\n<h4 class=\"wp-block-heading\"><img decoding=\"async\" loading=\"lazy\" height=\"20\" width=\"20\" alt=\"&#x1f4cc;\" src=\"https:\/\/static.xx.fbcdn.net\/images\/emoji.php\/v9\/t85\/1\/20\/1f4cc.png\"><strong><em>Profesorado de Educaci\u00f3n Primaria<\/em><\/strong><\/h4>\n\n\n\n<h4 class=\"wp-block-heading\">Espacio: Did\u00e1ctica de las Pr\u00e1cticas del lenguaje I<\/h4>\n\n\n\n<h4 class=\"wp-block-heading\">Curso\/comisi\u00f3n: 2\u00b01\u00b0<\/h4>\n\n\n\n<h4 class=\"wp-block-heading\">Tom\u00f3: Franco, Cristian<\/h4>\n\n\n\n<h4 class=\"wp-block-heading\"><img decoding=\"async\" loading=\"lazy\" height=\"20\" width=\"20\" alt=\"&#x1f4cc;\" src=\"https:\/\/static.xx.fbcdn.net\/images\/emoji.php\/v9\/t85\/1\/20\/1f4cc.png\"><strong><em>Profesorado de Historia<\/em><\/strong><\/h4>\n\n\n\n<h4 class=\"wp-block-heading\">Prof. Rotger Julieta tom\u00f3 por APD la suplencia de Prof. Historia 1\u00b01 Perspectiva Espacio Temporal de Argentina y Am\u00e9rica de los d\u00edas Viernes<\/h4>\n\n\n\n<h4 class=\"wp-block-heading\"><img decoding=\"async\" loading=\"lazy\" height=\"20\" width=\"20\" alt=\"&#x1f4cc;\" src=\"https:\/\/static.xx.fbcdn.net\/images\/emoji.php\/v9\/t85\/1\/20\/1f4cc.png\"><strong><em>Profesorado de Ingl\u00e9s<\/em><\/strong><\/h4>\n\n\n\n<h4 class=\"wp-block-heading\">Espacio CFPP4-<\/h4>\n\n\n\n<h4 class=\"wp-block-heading\">Curso\/divisi\u00f3n: 4\u00b02\u00b0<\/h4>\n\n\n\n<h4 class=\"wp-block-heading\">Tom\u00f3: Pelletier Brian<\/h4>\n\n\n\n<h4 class=\"wp-block-heading\"><img decoding=\"async\" loading=\"lazy\" height=\"20\" width=\"20\" alt=\"&#x1f4cc;\" src=\"https:\/\/static.xx.fbcdn.net\/images\/emoji.php\/v9\/t85\/1\/20\/1f4cc.png\"><strong><em>Profesorado de Ingl\u00e9s<\/em><\/strong><\/h4>\n\n\n\n<h4 class=\"wp-block-heading\">Espacio: Pr\u00e1cticas Discursivas de la Comunicaci\u00f3n Oral IV.<\/h4>\n\n\n\n<h4 class=\"wp-block-heading\">Curso\/divisi\u00f3n: 4\u00b01\u00b0<\/h4>\n\n\n\n<h4 class=\"wp-block-heading\">Tom\u00f3: Viera Paula Ver\u00f3nica<\/h4>\n\n\n\n<p>01\/06\/2022<\/p>\n\n\n\n<h4 class=\"wp-block-heading\"><em><strong>QUERIDOS EGRESADOS, SOLO PARA RETIRAR.<\/strong><\/em><\/h4>\n\n\n\n<p><em>Ma\u00f1ana 02\/06 de 15 a 16 hs. podr\u00e1n pasar por Preceptor\u00eda a&nbsp;<strong>retirar&nbsp;<\/strong>la Constancia para el ingreso a la docencia.<\/em><\/p>\n\n\n\n<p>31\/05\/22<\/p>\n\n\n\n<p><em><strong>Queridos estudiantes, por este tiempo, hasta el 04\/06\/22, habilitaremos las casillas de correo electr\u00f3nico para consultas.<\/strong><\/em><\/p>\n\n\n\n<figure class=\"wp-block-image\"><img decoding=\"async\" loading=\"lazy\" width=\"1406\" height=\"1900\" src=\"https:\/\/isfd21-bue.infd.edu.ar\/sitio\/wp-content\/uploads\/2022\/05\/DONDE-CONSULTAR-1406x1900.png\" alt=\"\" class=\"wp-image-5784\" srcset=\"https:\/\/isfd21-bue.infd.edu.ar\/sitio\/wp-content\/uploads\/2022\/05\/DONDE-CONSULTAR-1406x1900.png 1406w, https:\/\/isfd21-bue.infd.edu.ar\/sitio\/wp-content\/uploads\/2022\/05\/DONDE-CONSULTAR-740x1000.png 740w, https:\/\/isfd21-bue.infd.edu.ar\/sitio\/wp-content\/uploads\/2022\/05\/DONDE-CONSULTAR-768x1038.png 768w, https:\/\/isfd21-bue.infd.edu.ar\/sitio\/wp-content\/uploads\/2022\/05\/DONDE-CONSULTAR-1136x1536.png 1136w, https:\/\/isfd21-bue.infd.edu.ar\/sitio\/wp-content\/uploads\/2022\/05\/DONDE-CONSULTAR-1515x2048.png 1515w\" sizes=\"(max-width: 1406px) 100vw, 1406px\" \/><\/figure>\n\n\n\n<p>30\/05\/22<\/p>\n\n\n\n<h4 class=\"wp-block-heading\"><em>\u2014- AVISO IMPORTANTE\u2014<\/em><\/h4>\n\n\n\n<h4 class=\"wp-block-heading\"><em>Moreno, provincia de Bs. As. 30 de mayo del 2022 A la comunidad educativa del ISFDN\u00ba21 \u201cDr. Ricardo Rojas\u201d: Por medio de la presente se informa la decisi\u00f3n tomada por el equipo directivo y avalada por docentes, estudiantes, personal administrativo y auxiliar, de continuar en los tres turnos, las clases no presenciales, desde el martes 31\/05\/2022 al 04\/06\/2022 inclusive, como se llevo adelante durante los ciclos lectivos 2020 y 2021 en periodo de pandemia, es decir, utilizando las distintas plataformas INFoD, Classroom, clases sincr\u00f3nicas y\/o asincr\u00f3nicas mediados por la tecnolog\u00eda, debido a la falta de calefacci\u00f3n por falta de gas en todas nuestras aulas y dependencias ante el pron\u00f3stico de bajas temperaturas (ola polar) previstas para toda la semana.<\/em><\/h4>\n\n\n\n<h4 class=\"wp-block-heading\"><em>Saludos Cordiales.<\/em><\/h4>\n\n\n\n<h4 class=\"wp-block-heading\"><em>Equipo Directivo<\/em><\/h4>\n\n\n\n<h4 class=\"wp-block-heading\"><em><strong>ATENCI\u00d3N PROFESORADO EN GEOGRAF\u00cdA Y PROFESORADO EN HISTORIA SE CUBRIERON MATERIAS<\/strong><\/em><\/h4>\n\n\n\n<h4 class=\"wp-block-heading\"><em><strong>Prof. Holub tom\u00f3:<\/strong><\/em><\/h4>\n\n\n\n<h4 class=\"wp-block-heading\"><em><strong>Prof. Historia 1\u00b02 esp. Temporal de Arg y Am\u00e9rica jueves de 8 a 10<\/strong><\/em><\/h4>\n\n\n\n<h4 class=\"wp-block-heading\"><em>AVISOS DE DOCENTES AUSENTES:<\/em><\/h4>\n\n\n\n<p><em>GUACCI, PAULA 30\/05<\/em>&nbsp;y 31\/05<\/p>\n\n\n\n<p><em>MOHORADE, ELENA 31\/05<\/em><\/p>\n\n\n\n<p><em>FILLIPELLI, ANDREA DEL 30\/05 AL 08\/06<\/em><\/p>\n\n\n\n<p><em>AGUIRRE, M\u00d3NICA 30\/05 AL 31\/05<\/em><\/p>\n\n\n\n<p><em>BARENGHI, NORA DEL 30\/5 AL 25\/06<\/em><\/p>\n\n\n\n<p><em>GARC\u00cdA, CAROLINA 31\/05<\/em><\/p>\n\n\n\n<p><em>ERMOSI, D\u00c9BORA 31\/05<\/em><\/p>\n\n\n\n<p><em>FLOUCH, FABIO 31\/05<\/em><\/p>\n\n\n\n<p><em>ZAMUDIO, ESTELA 30\/05 AL 31\/05<\/em><\/p>\n\n\n\n<p><em>ALCARAZ, TERESA 30\/05<\/em><\/p>\n\n\n\n<p>28\/05\/22<\/p>\n\n\n\n<p><img decoding=\"async\" loading=\"lazy\" height=\"20\" width=\"20\" alt=\"&#x1f6d1;\" src=\"https:\/\/static.xx.fbcdn.net\/images\/emoji.php\/v9\/t74\/1\/20\/1f6d1.png\"><strong><em>AVISO IMPORTANTE: SE HA CUBIERTO LA BIBLIOTECA EN TURNO VESPERTINO<\/em><\/strong><\/p>\n\n\n\n<hr class=\"wp-block-separator has-css-opacity\"\/>\n\n\n\n<p><em><strong>Compartimos con la comunidad las fotos del encuentro de articulaci\u00f3n que tuvo lugar el jueves 26 de mayo en el ISFD N\u00b0 29, donde estudiantes de 4\u00b0 a\u00f1o de la carrera de Educaci\u00f3n Especial del ISFD N\u00b0 21, desarrollaron la charla- taller: \u201cBajo el paradigma de la inclusi\u00f3n\u201d acompa\u00f1adas por la Profesora Mariana Healion.Agradecemos a las autoridades, docentes y estudiantes del ISFD N\u00b0 29 por esta propuesta de articulaci\u00f3n y muy especialmente al profesor Sergio Tedesco, a la Profesora Mariana Healion y las estudiantes de 4\u00b0 a\u00f1o del Profesorado de Educaci\u00f3n Especial, que nos enorgullecen cada d\u00eda llevando la inclusi\u00f3n a todos los \u00e1mbitos posibles con tanto compromiso.<\/strong><\/em><\/p>\n\n\n\n<figure class=\"wp-block-image\"><img decoding=\"async\" loading=\"lazy\" width=\"1240\" height=\"1748\" src=\"https:\/\/isfd21-bue.infd.edu.ar\/sitio\/wp-content\/uploads\/2022\/05\/Violeta-Oscuro-Ilustraciones-de-Hojas-y-Vides-Anuncio-de-Compromiso-1.png\" alt=\"\" class=\"wp-image-5751\" srcset=\"https:\/\/isfd21-bue.infd.edu.ar\/sitio\/wp-content\/uploads\/2022\/05\/Violeta-Oscuro-Ilustraciones-de-Hojas-y-Vides-Anuncio-de-Compromiso-1.png 1240w, https:\/\/isfd21-bue.infd.edu.ar\/sitio\/wp-content\/uploads\/2022\/05\/Violeta-Oscuro-Ilustraciones-de-Hojas-y-Vides-Anuncio-de-Compromiso-1-709x1000.png 709w, https:\/\/isfd21-bue.infd.edu.ar\/sitio\/wp-content\/uploads\/2022\/05\/Violeta-Oscuro-Ilustraciones-de-Hojas-y-Vides-Anuncio-de-Compromiso-1-768x1083.png 768w, https:\/\/isfd21-bue.infd.edu.ar\/sitio\/wp-content\/uploads\/2022\/05\/Violeta-Oscuro-Ilustraciones-de-Hojas-y-Vides-Anuncio-de-Compromiso-1-1090x1536.png 1090w\" sizes=\"(max-width: 1240px) 100vw, 1240px\" \/><\/figure>\n\n\n\n<p>27\/06\/2022<\/p>\n\n\n\n<h5 class=\"wp-block-heading\"><em>AVISOS DE DOCENTES AUSENTES:<\/em><\/h5>\n\n\n\n<h5 class=\"wp-block-heading\"><em>CAMARGO, NATALIA 27\/05 AL 03\/06<\/em><\/h5>\n\n\n\n<h5 class=\"wp-block-heading\"><em>ALONSO, ROSANA 27\/05<\/em><\/h5>\n\n\n\n<p><strong><em>SANDES, EDUARDO 30\/05<\/em><\/strong><\/p>\n\n\n\n<p>26\/05\/22<\/p>\n\n\n\n<h4 class=\"wp-block-heading\"><em>AVISOS DE DOCENTES AUSENTES:<\/em><\/h4>\n\n\n\n<h5 class=\"wp-block-heading\"><em>Bravo, Mirta 26\/05<\/em><\/h5>\n\n\n\n<h4 class=\"wp-block-heading\"><em>D\u00edaz, Laura 26\/05 al 20\/06<\/em><\/h4>\n\n\n\n<h4 class=\"wp-block-heading\"><em>Baioni, Paola 26\/5 al 28\/05<\/em><\/h4>\n\n\n\n<h4 class=\"wp-block-heading\"><em>Lanzani, Karina 26\/05 al 10\/06<\/em><\/h4>\n\n\n\n<h4 class=\"wp-block-heading\"><em>Camargo, Natalia 26\/05 al 27\/05<\/em><\/h4>\n\n\n\n<h4 class=\"wp-block-heading\"><em>Am\u00e9ndola, Mar\u00eda Julia 27\/05<\/em><\/h4>\n\n\n\n<h4 class=\"wp-block-heading\"><em>Gatelli, Mar\u00eda Cecilia 30\/05<\/em><\/h4>\n\n\n\n<h4 class=\"wp-block-heading\"><em>Zamudio, Estela 27\/05<\/em><\/h4>\n\n\n\n<p>25\/05\/22<\/p>\n\n\n\n<figure class=\"wp-block-image\"><img decoding=\"async\" loading=\"lazy\" width=\"1170\" height=\"568\" src=\"https:\/\/isfd21-bue.infd.edu.ar\/sitio\/wp-content\/uploads\/2022\/05\/25-DE-MAYO.jpg\" alt=\"\" class=\"wp-image-5725\" srcset=\"https:\/\/isfd21-bue.infd.edu.ar\/sitio\/wp-content\/uploads\/2022\/05\/25-DE-MAYO.jpg 1170w, https:\/\/isfd21-bue.infd.edu.ar\/sitio\/wp-content\/uploads\/2022\/05\/25-DE-MAYO-1000x485.jpg 1000w, https:\/\/isfd21-bue.infd.edu.ar\/sitio\/wp-content\/uploads\/2022\/05\/25-DE-MAYO-768x373.jpg 768w\" sizes=\"(max-width: 1170px) 100vw, 1170px\" \/><\/figure>\n\n\n\n<p>24\/05\/22<\/p>\n\n\n\n<p><strong><em>Atenci\u00f3n estudiantes de tercer a\u00f1o del profesorado de historia, la materia historia mundial del siglo XIX del profesor Rodriguez Go\u00f1i, ya tiene suplente.<\/em><\/strong><\/p>\n\n\n\n<h4 class=\"wp-block-heading\"><strong>AVISO IMPORTANTE<\/strong><\/h4>\n\n\n\n<h4 class=\"wp-block-heading\"><strong>LA BIBLIOTECA EN TURNO VESPERTINO SE ENCUENTRA SIN BIBLIOTECARIO POR EL MOMENTO. AVISAREMOS CUANDO SE CUBRA.<\/strong><\/h4>\n\n\n\n<h4 class=\"wp-block-heading\"><strong><em>ATENCI\u00d3N LLEGARON CONSTANCIAS DE INGRESO A LA DOCENCIA Y T\u00cdTULO EN TR\u00c1MITE. PUEDEN PASAR A RETIRARLAS POR PRECEPTOR\u00cdA. SI NO PUEDEN RETIRARLAS PERSONALMENTE, ENV\u00cdEN A ALGUIEN M\u00c1S CON UNA AUTORIZACI\u00d3N FIRMADA POR USTEDES.<\/em><\/strong><\/h4>\n\n\n\n<p><strong><em>SE AGRADECE DIFUSI\u00d3N<\/em><\/strong><\/p>\n\n\n\n<figure class=\"wp-block-image\"><img decoding=\"async\" loading=\"lazy\" width=\"526\" height=\"924\" src=\"https:\/\/isfd21-bue.infd.edu.ar\/sitio\/wp-content\/uploads\/2022\/05\/283037166_1160910231375620_8796681583739974540_n-1.jpg\" alt=\"\" class=\"wp-image-5726\"\/><\/figure>\n\n\n\n<p>23\/05\/22<\/p>\n\n\n\n<p><strong>AVISO DE DOCENTES AUSENTES:<br><\/strong>Boero, Sofia 23\/05 al 24\/05<br>P\u00edpero, Mar\u00eda Antonia 23\/05<\/p>\n\n\n\n<h4 class=\"wp-block-heading\"><img decoding=\"async\" loading=\"lazy\" height=\"20\" width=\"20\" alt=\"&#x1f6a8;\" src=\"https:\/\/static.xx.fbcdn.net\/images\/emoji.php\/v9\/t1e\/1\/20\/1f6a8.png\"><strong><em>ATENCI\u00d3N PROFESORADO EN HISTORIA<\/em><\/strong><\/h4>\n\n\n\n<p><strong><em>DESDE EL D\u00cdA DE HOY SE CUBRIERON LAS SIGUIENTES MATERIAS:2\u00b01\u00b0 HISTORIA MUNDIAL I4\u00b01\u00b0 HISTORIA MUNDIAL DEL SIGLO XX.SE AGRADECE DIFUSI\u00d3N.<\/em><\/strong><\/p>\n\n\n\n<hr class=\"wp-block-separator has-css-opacity\"\/>\n\n\n\n<h5 class=\"wp-block-heading\">AVISO DE DOCENTES AUSENTES:<\/h5>\n\n\n\n<h5 class=\"wp-block-heading\"><em>Barenghi, Nora 20\/05<\/em><\/h5>\n\n\n\n<h5 class=\"wp-block-heading\"><em>Gattesco, Paula 20\/5<\/em><\/h5>\n\n\n\n<h5 class=\"wp-block-heading\"><em>Lannutti, Walter 20\/05<\/em><\/h5>\n\n\n\n<h5 class=\"wp-block-heading\"><em>Penachino, Bel\u00e9n 20\/5 al 23\/05<\/em><\/h5>\n\n\n\n<h5 class=\"wp-block-heading\"><em>D\u00edaz, Laura 20\/5<\/em><\/h5>\n\n\n\n<p><em><strong>Arriondo, Luciana 20\/05<\/strong><\/em><\/p>\n\n\n\n<p>18\/05\/22<\/p>\n\n\n\n<h5 class=\"wp-block-heading\">AVISO DE DOCENTES AUSENTES:<\/h5>\n\n\n\n<h5 class=\"wp-block-heading\">Fillipelli, Andrea 19\/05\/22<\/h5>\n\n\n\n<h5 class=\"wp-block-heading\">Duran, Maximiliano 20\/05\/22<\/h5>\n\n\n\n<h5 class=\"wp-block-heading\">Fern\u00e1ndez Parmo, Guido 20\/05\/22<\/h5>\n\n\n\n<p>17\/05\/22<\/p>\n\n\n\n<h5 class=\"wp-block-heading\"><strong><em>ATENCI\u00d3N EGRESADOS<\/em><\/strong><\/h5>\n\n\n\n<h5 class=\"wp-block-heading\"><strong><em>PUEDEN PASAR POR PRECEPTOR\u00cdA (LUNES, MI\u00c9RCOLES, VIERNES O S\u00c1BADO) A RETIRAR LAS SIGUIENTES CONSTANCIAS DE INGRESO A LA DOCENCIA. DEBEN ASISTIR CON DNI Y SI NO PUEDEN HACERLO PERSONALMENTE, TIENEN LA POSIBILIDAD DE ENVIAR A ALGUIEN M\u00c1S PARA QUE LA RETIRE, PRESENTANDO NOTA FIRMADA POR USTEDES CON COPIA DE DNI.<\/em><\/strong><\/h5>\n\n\n\n<figure class=\"wp-block-image\"><img decoding=\"async\" loading=\"lazy\" width=\"720\" height=\"1280\" src=\"https:\/\/isfd21-bue.infd.edu.ar\/sitio\/wp-content\/uploads\/2022\/05\/WhatsApp-Image-2022-05-19-at-7.48.19-AM.jpeg\" alt=\"\" class=\"wp-image-5678\" srcset=\"https:\/\/isfd21-bue.infd.edu.ar\/sitio\/wp-content\/uploads\/2022\/05\/WhatsApp-Image-2022-05-19-at-7.48.19-AM.jpeg 720w, https:\/\/isfd21-bue.infd.edu.ar\/sitio\/wp-content\/uploads\/2022\/05\/WhatsApp-Image-2022-05-19-at-7.48.19-AM-563x1000.jpeg 563w\" sizes=\"(max-width: 720px) 100vw, 720px\" \/><\/figure>\n\n\n\n<figure class=\"wp-block-image\"><img decoding=\"async\" loading=\"lazy\" width=\"720\" height=\"1280\" src=\"https:\/\/isfd21-bue.infd.edu.ar\/sitio\/wp-content\/uploads\/2022\/05\/WhatsApp-Image-2022-05-19-at-7.48.11-AM.jpeg\" alt=\"\" class=\"wp-image-5679\" srcset=\"https:\/\/isfd21-bue.infd.edu.ar\/sitio\/wp-content\/uploads\/2022\/05\/WhatsApp-Image-2022-05-19-at-7.48.11-AM.jpeg 720w, https:\/\/isfd21-bue.infd.edu.ar\/sitio\/wp-content\/uploads\/2022\/05\/WhatsApp-Image-2022-05-19-at-7.48.11-AM-563x1000.jpeg 563w\" sizes=\"(max-width: 720px) 100vw, 720px\" \/><\/figure>\n\n\n\n<figure class=\"wp-block-embed\"><div class=\"wp-block-embed__wrapper\">\nhttps:\/\/drive.google.com\/drive\/folders\/19kLnakFoXW9NPHuGcvEODDdguXw7Ctqm\n<\/div><\/figure>\n\n\n\n<figure class=\"wp-block-image\"><img decoding=\"async\" loading=\"lazy\" width=\"904\" height=\"1280\" src=\"https:\/\/isfd21-bue.infd.edu.ar\/sitio\/wp-content\/uploads\/2022\/05\/WhatsApp-Image-2022-05-13-at-5.11.21-PM.jpeg\" alt=\"\" class=\"wp-image-5673\" srcset=\"https:\/\/isfd21-bue.infd.edu.ar\/sitio\/wp-content\/uploads\/2022\/05\/WhatsApp-Image-2022-05-13-at-5.11.21-PM.jpeg 904w, https:\/\/isfd21-bue.infd.edu.ar\/sitio\/wp-content\/uploads\/2022\/05\/WhatsApp-Image-2022-05-13-at-5.11.21-PM-706x1000.jpeg 706w, https:\/\/isfd21-bue.infd.edu.ar\/sitio\/wp-content\/uploads\/2022\/05\/WhatsApp-Image-2022-05-13-at-5.11.21-PM-768x1087.jpeg 768w\" sizes=\"(max-width: 904px) 100vw, 904px\" \/><\/figure>\n\n\n\n<h4 class=\"wp-block-heading\">AVISO DE DOCENTES AUSENTES:<br>Vaquero,&nbsp;<a href=\"https:\/\/www.facebook.com\/groups\/523982381290540\/user\/100011258086802\/?__cft__[0]=AZWKwLc9gqoI2giqrNou828qYp3n92h85VrVajo-fwtjMy4rhmoCvxDT3kd2xJJLpwA3VMx6Y3zCokYbd-nNtYffeKrrgHQSJZ1x947R0sHpGALaCCaKh5zctSjqR0OxXqk&amp;__tn__=-]K-R\">Constanza<\/a>&nbsp;17\/5<br>Garc\u00eda, Carolina 17\/5<br>Re, Marcela 19\/5<\/h4>\n\n\n\n<hr class=\"wp-block-separator has-css-opacity\"\/>\n\n\n\n<p>13\/5\/22<\/p>\n\n\n\n<figure class=\"wp-block-image\"><img decoding=\"async\" loading=\"lazy\" width=\"1343\" height=\"1900\" src=\"https:\/\/isfd21-bue.infd.edu.ar\/sitio\/wp-content\/uploads\/2022\/05\/Poster-mochila-emergencias-informativo-supervivencia-verde-turquesa-y-rojo-1-1343x1900.png\" alt=\"\" class=\"wp-image-5670\" srcset=\"https:\/\/isfd21-bue.infd.edu.ar\/sitio\/wp-content\/uploads\/2022\/05\/Poster-mochila-emergencias-informativo-supervivencia-verde-turquesa-y-rojo-1-1343x1900.png 1343w, https:\/\/isfd21-bue.infd.edu.ar\/sitio\/wp-content\/uploads\/2022\/05\/Poster-mochila-emergencias-informativo-supervivencia-verde-turquesa-y-rojo-1-707x1000.png 707w, https:\/\/isfd21-bue.infd.edu.ar\/sitio\/wp-content\/uploads\/2022\/05\/Poster-mochila-emergencias-informativo-supervivencia-verde-turquesa-y-rojo-1-768x1086.png 768w, https:\/\/isfd21-bue.infd.edu.ar\/sitio\/wp-content\/uploads\/2022\/05\/Poster-mochila-emergencias-informativo-supervivencia-verde-turquesa-y-rojo-1-1086x1536.png 1086w, https:\/\/isfd21-bue.infd.edu.ar\/sitio\/wp-content\/uploads\/2022\/05\/Poster-mochila-emergencias-informativo-supervivencia-verde-turquesa-y-rojo-1-1448x2048.png 1448w, https:\/\/isfd21-bue.infd.edu.ar\/sitio\/wp-content\/uploads\/2022\/05\/Poster-mochila-emergencias-informativo-supervivencia-verde-turquesa-y-rojo-1.png 1587w\" sizes=\"(max-width: 1343px) 100vw, 1343px\" \/><\/figure>\n\n\n\n<p><em><strong>ATENCI\u00d3N ESTUDIANTES DEL PROFESORADO EN EDUCACI\u00d3N ESPECIAL, LES RECORMADOS QUE MA\u00d1ANA HAY TAIN DE 2DO A\u00d1O.<\/strong><\/em><\/p>\n\n\n\n<p><img decoding=\"async\" loading=\"lazy\" height=\"20\" width=\"20\" alt=\"&#x1f4cc;\" src=\"https:\/\/static.xx.fbcdn.net\/images\/emoji.php\/v9\/t85\/1\/20\/1f4cc.png\"><em>QUERIDOS ESTUDIANTES, COMPARTIMOS CON USTEDES PARA SU CONOCIMIENTO ALGUNOS DE LOS PEDIDOS REALIZADOS E INGRESADOS A CONSEJO ESCOLAR<\/em><\/p>\n\n\n\n<figure class=\"wp-block-image\"><img decoding=\"async\" loading=\"lazy\" width=\"985\" height=\"1280\" src=\"https:\/\/isfd21-bue.infd.edu.ar\/sitio\/wp-content\/uploads\/2022\/05\/WhatsApp-Image-2022-05-13-at-3.12.46-PM.jpeg\" alt=\"\" class=\"wp-image-5650\" srcset=\"https:\/\/isfd21-bue.infd.edu.ar\/sitio\/wp-content\/uploads\/2022\/05\/WhatsApp-Image-2022-05-13-at-3.12.46-PM.jpeg 985w, https:\/\/isfd21-bue.infd.edu.ar\/sitio\/wp-content\/uploads\/2022\/05\/WhatsApp-Image-2022-05-13-at-3.12.46-PM-770x1000.jpeg 770w, https:\/\/isfd21-bue.infd.edu.ar\/sitio\/wp-content\/uploads\/2022\/05\/WhatsApp-Image-2022-05-13-at-3.12.46-PM-768x998.jpeg 768w\" sizes=\"(max-width: 985px) 100vw, 985px\" \/><\/figure>\n\n\n\n<figure class=\"wp-block-image\"><img decoding=\"async\" loading=\"lazy\" width=\"904\" height=\"1280\" src=\"https:\/\/isfd21-bue.infd.edu.ar\/sitio\/wp-content\/uploads\/2022\/05\/WhatsApp-Image-2022-05-13-at-3.11.15-PM.jpeg\" alt=\"\" class=\"wp-image-5651\" srcset=\"https:\/\/isfd21-bue.infd.edu.ar\/sitio\/wp-content\/uploads\/2022\/05\/WhatsApp-Image-2022-05-13-at-3.11.15-PM.jpeg 904w, https:\/\/isfd21-bue.infd.edu.ar\/sitio\/wp-content\/uploads\/2022\/05\/WhatsApp-Image-2022-05-13-at-3.11.15-PM-706x1000.jpeg 706w, https:\/\/isfd21-bue.infd.edu.ar\/sitio\/wp-content\/uploads\/2022\/05\/WhatsApp-Image-2022-05-13-at-3.11.15-PM-768x1087.jpeg 768w\" sizes=\"(max-width: 904px) 100vw, 904px\" \/><\/figure>\n\n\n\n<figure class=\"wp-block-image\"><img decoding=\"async\" loading=\"lazy\" width=\"1000\" height=\"1280\" src=\"https:\/\/isfd21-bue.infd.edu.ar\/sitio\/wp-content\/uploads\/2022\/05\/WhatsApp-Image-2022-05-13-at-3.10.01-PM.jpeg\" alt=\"\" class=\"wp-image-5652\" srcset=\"https:\/\/isfd21-bue.infd.edu.ar\/sitio\/wp-content\/uploads\/2022\/05\/WhatsApp-Image-2022-05-13-at-3.10.01-PM.jpeg 1000w, https:\/\/isfd21-bue.infd.edu.ar\/sitio\/wp-content\/uploads\/2022\/05\/WhatsApp-Image-2022-05-13-at-3.10.01-PM-781x1000.jpeg 781w, https:\/\/isfd21-bue.infd.edu.ar\/sitio\/wp-content\/uploads\/2022\/05\/WhatsApp-Image-2022-05-13-at-3.10.01-PM-768x983.jpeg 768w\" sizes=\"(max-width: 1000px) 100vw, 1000px\" \/><\/figure>\n\n\n\n<figure class=\"wp-block-image\"><img decoding=\"async\" loading=\"lazy\" width=\"880\" height=\"1280\" src=\"https:\/\/isfd21-bue.infd.edu.ar\/sitio\/wp-content\/uploads\/2022\/05\/WhatsApp-Image-2022-05-13-at-3.01.48-PM.jpeg\" alt=\"\" class=\"wp-image-5653\" srcset=\"https:\/\/isfd21-bue.infd.edu.ar\/sitio\/wp-content\/uploads\/2022\/05\/WhatsApp-Image-2022-05-13-at-3.01.48-PM.jpeg 880w, https:\/\/isfd21-bue.infd.edu.ar\/sitio\/wp-content\/uploads\/2022\/05\/WhatsApp-Image-2022-05-13-at-3.01.48-PM-688x1000.jpeg 688w, https:\/\/isfd21-bue.infd.edu.ar\/sitio\/wp-content\/uploads\/2022\/05\/WhatsApp-Image-2022-05-13-at-3.01.48-PM-768x1117.jpeg 768w\" sizes=\"(max-width: 880px) 100vw, 880px\" \/><\/figure>\n\n\n\n<p>12\/5\/22<\/p>\n\n\n\n<figure class=\"wp-block-image\"><img decoding=\"async\" loading=\"lazy\" width=\"1280\" height=\"720\" src=\"https:\/\/isfd21-bue.infd.edu.ar\/sitio\/wp-content\/uploads\/2022\/05\/12-DE-MAYO-DIA-DEL-FONOAUDIOLOGO.jpg\" alt=\"\" class=\"wp-image-5646\" srcset=\"https:\/\/isfd21-bue.infd.edu.ar\/sitio\/wp-content\/uploads\/2022\/05\/12-DE-MAYO-DIA-DEL-FONOAUDIOLOGO.jpg 1280w, https:\/\/isfd21-bue.infd.edu.ar\/sitio\/wp-content\/uploads\/2022\/05\/12-DE-MAYO-DIA-DEL-FONOAUDIOLOGO-1000x563.jpg 1000w, https:\/\/isfd21-bue.infd.edu.ar\/sitio\/wp-content\/uploads\/2022\/05\/12-DE-MAYO-DIA-DEL-FONOAUDIOLOGO-768x432.jpg 768w\" sizes=\"(max-width: 1280px) 100vw, 1280px\" \/><\/figure>\n\n\n\n<p><em><strong>AVISOS DE DOCENTES AUSENTES:<\/strong><\/em><\/p>\n\n\n\n<p><em><strong>DIAZ, LAURA 12\/5<\/strong><\/em><\/p>\n\n\n\n<p><em><strong>COLOMBANI, CECILIA 12\/5<\/strong><\/em><\/p>\n\n\n\n<h4 class=\"wp-block-heading\"><img decoding=\"async\" loading=\"lazy\" height=\"20\" width=\"20\" alt=\"&#x1f534;\" src=\"https:\/\/static.xx.fbcdn.net\/images\/emoji.php\/v9\/t47\/1\/20\/1f534.png\"><strong>ATENCI\u00d3N MESAS DE \u00daLTIMA MATERIA, SE ADJUNTA CRONOGRAMA DE MESAS DEL 16\/5 AL 21\/5.<\/strong><\/h4>\n\n\n\n<p><a href=\"https:\/\/isfd21-bue.infd.edu.ar\/sitio\/wp-content\/uploads\/2022\/05\/CRONOGRAMA-MESAS-DE-ULTIMA-MATERIA.pdf\"><strong><em>CRONOGRAMA-MESAS-DE-ULTIMA-MATERIA<\/em><\/strong><\/a><a href=\"https:\/\/isfd21-bue.infd.edu.ar\/sitio\/wp-content\/uploads\/2022\/05\/CRONOGRAMA-MESAS-DE-ULTIMA-MATERIA.pdf\">Descarga<\/a><\/p>\n\n\n\n<h5 class=\"wp-block-heading\"><strong><em>SE AGREGAN LAS MESAS DE:<\/em><\/strong><\/h5>\n\n\n\n<h5 class=\"wp-block-heading\"><strong><em>3\u00b0 A\u00d1O, CONFIGURACIONES CULTURALES DEL SUJETO (PROFESORADO EN EDUC. PRIMARIA), FECHA S\u00c1BADO 21\/5 8 HS, PROF. VECINO, LUISA.<\/em><\/strong><\/h5>\n\n\n\n<h5 class=\"wp-block-heading\"><strong><em>4\u00b0 A\u00d1O, INVESTIGACI\u00d3N HIST\u00d3RICA II (PROFESORADO EN HISTORIA), FECHA LUNES 16\/5, 18 HS.<\/em><\/strong><\/h5>\n\n\n\n<p><strong>PUEDEN PASAR A NOTIFICARSE POR PRECEPTOR\u00cdA, LUNES, MI\u00c9RCOLES, VIERNES O S\u00c1BADO.<\/strong><\/p>\n\n\n\n<p>11\/05\/2022<\/p>\n\n\n\n<p><em><strong>AVISOS DE DOCENTES AUSENTES<\/strong><\/em><\/p>\n\n\n\n<p><em><strong>Laborde, Stella 12\/5\/22<\/strong><\/em><\/p>\n\n\n\n<p><em><strong>Henriques Langer 12\/5<\/strong><\/em><\/p>\n\n\n\n<p><em><strong>Bermudez, Mar\u00eda Eugenia 11\/5<\/strong><\/em><\/p>\n\n\n\n<p><em><strong>Ghelfi, Fernanda 11\/5<\/strong><\/em><\/p>\n\n\n\n<p><em><strong>Aguirre, Alba 11\/5<\/strong><\/em><\/p>\n\n\n\n<p><em><strong>Boero, Sof\u00eca 11\/5<\/strong><\/em><\/p>\n\n\n\n<p><em><strong>Spadaro, Marcia 11\/5<\/strong><\/em><\/p>\n\n\n\n<hr class=\"wp-block-separator has-css-opacity\"\/>\n\n\n\n<p><strong><em>ATENCI\u00d3N Profesorado de Primaria<\/em><\/strong><\/p>\n\n\n\n<h4 class=\"wp-block-heading\"><strong><em>Espacio: Pr\u00e1ctica Docente II (mi\u00e9rcoles de 13 a 17)<\/em><\/strong><\/h4>\n\n\n\n<h4 class=\"wp-block-heading\"><strong><em>Tom\u00f3: prof. Medina, Elvira.<\/em><\/strong><\/h4>\n\n\n\n<p>10\/05\/22<\/p>\n\n\n\n<figure class=\"wp-block-image\"><img decoding=\"async\" loading=\"lazy\" width=\"1343\" height=\"1900\" src=\"https:\/\/isfd21-bue.infd.edu.ar\/sitio\/wp-content\/uploads\/2022\/05\/Poster-dia-del-maestro-15-de-mayo-1343x1900.png\" alt=\"\" class=\"wp-image-5623\" srcset=\"https:\/\/isfd21-bue.infd.edu.ar\/sitio\/wp-content\/uploads\/2022\/05\/Poster-dia-del-maestro-15-de-mayo-1343x1900.png 1343w, https:\/\/isfd21-bue.infd.edu.ar\/sitio\/wp-content\/uploads\/2022\/05\/Poster-dia-del-maestro-15-de-mayo-707x1000.png 707w, https:\/\/isfd21-bue.infd.edu.ar\/sitio\/wp-content\/uploads\/2022\/05\/Poster-dia-del-maestro-15-de-mayo-768x1086.png 768w, https:\/\/isfd21-bue.infd.edu.ar\/sitio\/wp-content\/uploads\/2022\/05\/Poster-dia-del-maestro-15-de-mayo-1086x1536.png 1086w, https:\/\/isfd21-bue.infd.edu.ar\/sitio\/wp-content\/uploads\/2022\/05\/Poster-dia-del-maestro-15-de-mayo-1448x2048.png 1448w, https:\/\/isfd21-bue.infd.edu.ar\/sitio\/wp-content\/uploads\/2022\/05\/Poster-dia-del-maestro-15-de-mayo.png 1587w\" sizes=\"(max-width: 1343px) 100vw, 1343px\" \/><\/figure>\n\n\n\n<h6 class=\"wp-block-heading\"><em><strong>AVISOS DE DOCENTES AUSENTES<\/strong><\/em><\/h6>\n\n\n\n<h6 class=\"wp-block-heading\"><em><strong>Luisa Vecino, ausente 10\/5 en turno vespertino<\/strong><\/em><\/h6>\n\n\n\n<h6 class=\"wp-block-heading\"><em><strong>Ermosi, Debora 10\/5 al 13\/5<\/strong><\/em><\/h6>\n\n\n\n<h6 class=\"wp-block-heading\"><em><strong>Moreno, Mercedes 10\/5<\/strong><\/em><\/h6>\n\n\n\n<h6 class=\"wp-block-heading\"><em><strong>Agazzi, Isabel 10\/5 al 13\/5<\/strong><\/em><\/h6>\n\n\n\n<h6 class=\"wp-block-heading\"><em><strong>Guido Gonz\u00e1lez 12\/5 al 14\/5<\/strong><\/em><\/h6>\n\n\n\n<h6 class=\"wp-block-heading\"><em><strong>Garc\u00eda, Carolina 10\/5 al 13\/5<\/strong><\/em><\/h6>\n\n\n\n<h6 class=\"wp-block-heading\"><em><strong>Boero, Sofia 10\/5<\/strong><\/em><\/h6>\n\n\n\n<p><strong><em>Zunino, Mar\u00eda Carolina 10\/5 al 11\/5<\/em><\/strong><\/p>\n\n\n\n<p><strong><em>Salvatierra, Silvia 10\/5 al 12\/5<\/em><\/strong><\/p>\n\n\n\n<p><strong><em>Aguzin, Pablo 10\/5 al 13\/5<\/em><\/strong><\/p>\n\n\n\n<p>06\/05\/22<\/p>\n\n\n\n<p><strong><em>DOCENTES QUE AVISARON INASISTENCIA:<\/em><\/strong><\/p>\n\n\n\n<p>Grise, Natalia del 5\/5 al 13\/5<\/p>\n\n\n\n<p>Bermudez, Mar\u00eda Eugenia 11\/5<\/p>\n\n\n\n<p>Vecino, Luisa 11\/5<\/p>\n\n\n\n<p>Vazquez, Muriel 06\/5<\/p>\n\n\n\n<p>05\/05\/22<\/p>\n\n\n\n<p><strong><em>Compartimos invitaci\u00f3n para quienes quieran asistir. Los esperamos.<\/em><\/strong><\/p>\n\n\n\n<figure class=\"wp-block-image\"><img decoding=\"async\" loading=\"lazy\" width=\"960\" height=\"960\" src=\"https:\/\/isfd21-bue.infd.edu.ar\/sitio\/wp-content\/uploads\/2022\/05\/279905236_1148175232649120_6038408578505726369_n.jpg\" alt=\"\" class=\"wp-image-5608\" srcset=\"https:\/\/isfd21-bue.infd.edu.ar\/sitio\/wp-content\/uploads\/2022\/05\/279905236_1148175232649120_6038408578505726369_n.jpg 960w, https:\/\/isfd21-bue.infd.edu.ar\/sitio\/wp-content\/uploads\/2022\/05\/279905236_1148175232649120_6038408578505726369_n-500x500.jpg 500w, https:\/\/isfd21-bue.infd.edu.ar\/sitio\/wp-content\/uploads\/2022\/05\/279905236_1148175232649120_6038408578505726369_n-768x768.jpg 768w\" sizes=\"(max-width: 960px) 100vw, 960px\" \/><\/figure>\n\n\n\n<p><strong><em>DOCENTES QUE AVISARON INASISTENCIA:<\/em><\/strong><\/p>\n\n\n\n<p><strong><em>Lannutti, Walter 5\/5 al 6\/5<\/em><\/strong><\/p>\n\n\n\n<p><strong><em>Hernando, Mar\u00eda Eugenia 5\/5<\/em><\/strong><\/p>\n\n\n\n<p><strong><em>Ocker, Claudia 3\/5 al 9\/5<\/em><\/strong><\/p>\n\n\n\n<p><strong><em>Salerno, Elena 9\/5 y 12\/5 (turno vespertino)<\/em><\/strong><\/p>\n\n\n\n<p><strong><em>ATENCI\u00d3N PROFESORADO EN EDUCACI\u00d3N ESPECIAL, LAS PR\u00c1CTICAS DOCENTES de 1\u00ba y 2\u00ba a\u00f1o INICIAN EN LA SEMANA DEL 9 DE MAYO. A CONTINUACI\u00d3N SE EXPONE LISTADO DE PR\u00c1CTICA DOCENTE DE 1\u00ba A\u00d1O.<\/em><\/strong><\/p>\n\n\n\n<p><strong><em>GRUPO 1: MI\u00c9RCOLES Y VIERNES (DOCENTES GUACCI, PAULA; DE PAULA, CELINA)<\/em><\/strong><\/p>\n\n\n\n<p><strong><em>GRUPO 2: JUEVES Y VIERNES (DOCENTES DE PAULA, CELINA; DIAZ ULLOQUE, MARIANA)<\/em><\/strong><\/p>\n\n\n\n<figure class=\"wp-block-image\"><img decoding=\"async\" loading=\"lazy\" width=\"1080\" height=\"1120\" src=\"https:\/\/isfd21-bue.infd.edu.ar\/sitio\/wp-content\/uploads\/2022\/05\/GRUPO-ESPECIAL-1.jpg\" alt=\"\" class=\"wp-image-5599\" srcset=\"https:\/\/isfd21-bue.infd.edu.ar\/sitio\/wp-content\/uploads\/2022\/05\/GRUPO-ESPECIAL-1.jpg 1080w, https:\/\/isfd21-bue.infd.edu.ar\/sitio\/wp-content\/uploads\/2022\/05\/GRUPO-ESPECIAL-1-964x1000.jpg 964w, https:\/\/isfd21-bue.infd.edu.ar\/sitio\/wp-content\/uploads\/2022\/05\/GRUPO-ESPECIAL-1-768x796.jpg 768w\" sizes=\"(max-width: 1080px) 100vw, 1080px\" \/><\/figure>\n\n\n\n<figure class=\"wp-block-image\"><img decoding=\"async\" loading=\"lazy\" width=\"799\" height=\"916\" src=\"https:\/\/isfd21-bue.infd.edu.ar\/sitio\/wp-content\/uploads\/2022\/05\/280055720_1148106825989294_8506265212393027075_n.jpg\" alt=\"\" class=\"wp-image-5602\" srcset=\"https:\/\/isfd21-bue.infd.edu.ar\/sitio\/wp-content\/uploads\/2022\/05\/280055720_1148106825989294_8506265212393027075_n.jpg 799w, https:\/\/isfd21-bue.infd.edu.ar\/sitio\/wp-content\/uploads\/2022\/05\/280055720_1148106825989294_8506265212393027075_n-768x880.jpg 768w\" sizes=\"(max-width: 799px) 100vw, 799px\" \/><\/figure>\n\n\n\n<p><strong><em>ATENCI\u00d3N PROFESORADO EN EDUCACI\u00d3N ESPECIAL, LAS PR\u00c1CTICAS DOCENTES de 1\u00ba y 2\u00ba a\u00f1o INICIAN EN LA SEMANA DEL 9 DE MAYO. A CONTINUACI\u00d3N SE EXPONEN LA DISTRIBUCI\u00d3N DE ESTUDIANTES POR GRUPO.<\/em><\/strong><a href=\"https:\/\/isfd21-bue.infd.edu.ar\/sitio\/wp-content\/uploads\/2022\/05\/GRUPO-ESPECIAL-2DO.pdf\">GRUPO-ESPECIAL-2DO<\/a><a href=\"https:\/\/isfd21-bue.infd.edu.ar\/sitio\/wp-content\/uploads\/2022\/05\/GRUPO-ESPECIAL-2DO.pdf\">Descarga<\/a><\/p>\n\n\n\n<p>Estimada Comunidad Educativa: Se comunica que por falta de quorum en la reuni\u00f3n ordinaria del d\u00eda de la fecha 4 de mayo del corriente, se decidi\u00f3 fijar nueva fecha de reuni\u00f3n para el d\u00eda de ma\u00f1ana jueves 5 de mayo de 2022, a las 16:30 hs.,la que tendr\u00e1 car\u00e1cter de EXTRAORDINARIA y en en la que se abordar\u00e1n los temas del orden del d\u00eda ya fijados.<\/p>\n\n\n\n<p>Se adjunta el enlace para la reuni\u00f3n : Reuni\u00f3n Extraordinaria del CAI \u2013 5\/5\/22 Jueves, 5 de mayo \u00b7 4:30 \u2013 5:30pm Informaci\u00f3n para unirse a Google Meet Enlace a la videollamada:<a href=\"https:\/\/meet.google.com\/dun-yodm-npn\" target=\"_blank\" rel=\"noreferrer noopener\">&nbsp;https:\/\/meet.google.com\/dun-yodm-npn<\/a><\/p>\n\n\n\n<p>Lxs saludamos cordialmente. Equipo Directivo<\/p>\n\n\n\n<p>04\/05\/22<\/p>\n\n\n\n<h6 class=\"wp-block-heading\"><strong><em>Aviso carrera Ingl\u00e9s \u2013 turno vespertino: tom\u00f3 Pract. Disc del \u00c1mbito Acad\u00e9mico en Espa\u00f1ol, 1ro. 4ta, la prof. Natalia Petronacci.<\/em><\/strong><\/h6>\n\n\n\n<h6 class=\"wp-block-heading\"><strong><em>Profesorado de Biolog\u00eda<\/em><\/strong><\/h6>\n\n\n\n<h6 class=\"wp-block-heading\"><strong><em>Curso 3\u00b01\u00b0<\/em><\/strong><\/h6>\n\n\n\n<h6 class=\"wp-block-heading\"><strong><em>Espacio: PERSPECTIVA FILOS\u00d3FICO PEDAG\u00d3GICO DID\u00c1CTICA<\/em><\/strong><\/h6>\n\n\n\n<h6 class=\"wp-block-heading\"><strong><em>Tom\u00f3 la profesora: Onnainty, Mariel Andrea<\/em><\/strong><\/h6>\n\n\n\n<p><em><strong>En el d\u00eda de ayer recibimos al profesor Leonardo David Chamorro, egresado de EGB en nuestra Instituci\u00f3n. \u00c9l particip\u00f3 por el \u00abConcurso la bandera de Moreno\u00bb y result\u00f3 ganador. Felicitaciones Leonardo y gracias por habernos obsequiado la bandera.<\/strong><\/em><\/p>\n\n\n\n<figure class=\"wp-block-image\"><img decoding=\"async\" loading=\"lazy\" width=\"1240\" height=\"1748\" src=\"https:\/\/isfd21-bue.infd.edu.ar\/sitio\/wp-content\/uploads\/2022\/05\/Violeta-Oscuro-Ilustraciones-de-Hojas-y-Vides-Anuncio-de-Compromiso-6.jpg\" alt=\"\" class=\"wp-image-5587\" srcset=\"https:\/\/isfd21-bue.infd.edu.ar\/sitio\/wp-content\/uploads\/2022\/05\/Violeta-Oscuro-Ilustraciones-de-Hojas-y-Vides-Anuncio-de-Compromiso-6.jpg 1240w, https:\/\/isfd21-bue.infd.edu.ar\/sitio\/wp-content\/uploads\/2022\/05\/Violeta-Oscuro-Ilustraciones-de-Hojas-y-Vides-Anuncio-de-Compromiso-6-709x1000.jpg 709w, https:\/\/isfd21-bue.infd.edu.ar\/sitio\/wp-content\/uploads\/2022\/05\/Violeta-Oscuro-Ilustraciones-de-Hojas-y-Vides-Anuncio-de-Compromiso-6-768x1083.jpg 768w, https:\/\/isfd21-bue.infd.edu.ar\/sitio\/wp-content\/uploads\/2022\/05\/Violeta-Oscuro-Ilustraciones-de-Hojas-y-Vides-Anuncio-de-Compromiso-6-1090x1536.jpg 1090w\" sizes=\"(max-width: 1240px) 100vw, 1240px\" \/><\/figure>\n\n\n\n<p>03\/05\/22<\/p>\n\n\n\n<p><em>Mas informaci\u00f3n en el siguiente link:&nbsp;<a rel=\"noreferrer noopener\" href=\"https:\/\/entradas.el-libro.org.ar\/entradas\/lunes-a-jueves?fbclid=IwAR3tfAnSrx20xF4UM0yip_7QerX9tIVhes-Wzb5mqjF50ICq6Pn0WsM3Iik\" target=\"_blank\">https:\/\/entradas.el-libro.org.ar\/entradas\/lunes-a-jueves<\/a><\/em><\/p>\n\n\n\n<figure class=\"wp-block-image\"><img decoding=\"async\" loading=\"lazy\" width=\"1240\" height=\"1748\" src=\"https:\/\/isfd21-bue.infd.edu.ar\/sitio\/wp-content\/uploads\/2022\/05\/Violeta-Oscuro-Ilustraciones-de-Hojas-y-Vides-Anuncio-de-Compromiso-5.jpg\" alt=\"\" class=\"wp-image-5584\" srcset=\"https:\/\/isfd21-bue.infd.edu.ar\/sitio\/wp-content\/uploads\/2022\/05\/Violeta-Oscuro-Ilustraciones-de-Hojas-y-Vides-Anuncio-de-Compromiso-5.jpg 1240w, https:\/\/isfd21-bue.infd.edu.ar\/sitio\/wp-content\/uploads\/2022\/05\/Violeta-Oscuro-Ilustraciones-de-Hojas-y-Vides-Anuncio-de-Compromiso-5-709x1000.jpg 709w, https:\/\/isfd21-bue.infd.edu.ar\/sitio\/wp-content\/uploads\/2022\/05\/Violeta-Oscuro-Ilustraciones-de-Hojas-y-Vides-Anuncio-de-Compromiso-5-768x1083.jpg 768w, https:\/\/isfd21-bue.infd.edu.ar\/sitio\/wp-content\/uploads\/2022\/05\/Violeta-Oscuro-Ilustraciones-de-Hojas-y-Vides-Anuncio-de-Compromiso-5-1090x1536.jpg 1090w\" sizes=\"(max-width: 1240px) 100vw, 1240px\" \/><\/figure>\n\n\n\n<h3 class=\"wp-block-heading\"><strong><em>DOCENTES QUE AVISARON EL D\u00cdA DE HOY INASISTENCIAS:<\/em><\/strong><\/h3>\n\n\n\n<p>Aguzin, Pablo 03\/05\/22<\/p>\n\n\n\n<p>Koczwara 03\/05\/22<\/p>\n\n\n\n<p>02\/05\/22<\/p>\n\n\n\n<h4 class=\"wp-block-heading\"><em><strong>ATENCI\u00d3N EGRESADOS<\/strong><\/em><\/h4>\n\n\n\n<h4 class=\"wp-block-heading\"><em><strong>Pueden pasar a retirar las siguientes constancias de ingreso a la docencia. DEBEN ASISTIR CON DNI Y SI NO PUEDEN HACERLO PERSONALMENTE, PUEDEN ENVIAR A ALGUIEN M\u00c1S PARA QUE LA RETIRE, PRESENTANDO NOTA FIRMADA POR USTEDES CON COPIA DE DNI.<\/strong><\/em><\/h4>\n\n\n\n<figure class=\"wp-block-image\"><img decoding=\"async\" loading=\"lazy\" width=\"960\" height=\"1280\" src=\"https:\/\/isfd21-bue.infd.edu.ar\/sitio\/wp-content\/uploads\/2022\/05\/WhatsApp-Image-2022-05-03-at-2.03.13-PM.jpeg\" alt=\"\" class=\"wp-image-5574\" srcset=\"https:\/\/isfd21-bue.infd.edu.ar\/sitio\/wp-content\/uploads\/2022\/05\/WhatsApp-Image-2022-05-03-at-2.03.13-PM.jpeg 960w, https:\/\/isfd21-bue.infd.edu.ar\/sitio\/wp-content\/uploads\/2022\/05\/WhatsApp-Image-2022-05-03-at-2.03.13-PM-750x1000.jpeg 750w, https:\/\/isfd21-bue.infd.edu.ar\/sitio\/wp-content\/uploads\/2022\/05\/WhatsApp-Image-2022-05-03-at-2.03.13-PM-768x1024.jpeg 768w\" sizes=\"(max-width: 960px) 100vw, 960px\" \/><\/figure>\n\n\n\n<figure class=\"wp-block-embed\"><div class=\"wp-block-embed__wrapper\">\nhttps:\/\/meet.google.com\/mqt-zzja-bvc\n<\/div><\/figure>\n\n\n\n<figure class=\"wp-block-image\"><img decoding=\"async\" loading=\"lazy\" width=\"1343\" height=\"1900\" src=\"https:\/\/isfd21-bue.infd.edu.ar\/sitio\/wp-content\/uploads\/2022\/05\/Azul-Oscuro-y-Rojo-Gimnasio-y-Estudio-de-Fitness-Poster-Motivacional-2-1343x1900.jpg\" alt=\"\" class=\"wp-image-5570\" srcset=\"https:\/\/isfd21-bue.infd.edu.ar\/sitio\/wp-content\/uploads\/2022\/05\/Azul-Oscuro-y-Rojo-Gimnasio-y-Estudio-de-Fitness-Poster-Motivacional-2-1343x1900.jpg 1343w, https:\/\/isfd21-bue.infd.edu.ar\/sitio\/wp-content\/uploads\/2022\/05\/Azul-Oscuro-y-Rojo-Gimnasio-y-Estudio-de-Fitness-Poster-Motivacional-2-707x1000.jpg 707w, https:\/\/isfd21-bue.infd.edu.ar\/sitio\/wp-content\/uploads\/2022\/05\/Azul-Oscuro-y-Rojo-Gimnasio-y-Estudio-de-Fitness-Poster-Motivacional-2-768x1086.jpg 768w, https:\/\/isfd21-bue.infd.edu.ar\/sitio\/wp-content\/uploads\/2022\/05\/Azul-Oscuro-y-Rojo-Gimnasio-y-Estudio-de-Fitness-Poster-Motivacional-2-1086x1536.jpg 1086w, https:\/\/isfd21-bue.infd.edu.ar\/sitio\/wp-content\/uploads\/2022\/05\/Azul-Oscuro-y-Rojo-Gimnasio-y-Estudio-de-Fitness-Poster-Motivacional-2-1448x2048.jpg 1448w, https:\/\/isfd21-bue.infd.edu.ar\/sitio\/wp-content\/uploads\/2022\/05\/Azul-Oscuro-y-Rojo-Gimnasio-y-Estudio-de-Fitness-Poster-Motivacional-2.jpg 1587w\" sizes=\"(max-width: 1343px) 100vw, 1343px\" \/><\/figure>\n\n\n\n<h1 class=\"wp-block-heading\"><strong><em>DOCENTES QUE AVISARON EL D\u00cdA DE HOY INASISTENCIA:<\/em><\/strong><\/h1>\n\n\n\n<p><strong><em><strong><em>GUACCI, PAULA 02\/05\/22 AL 04\/05\/22<\/em><\/strong><\/em><\/strong><\/p>\n\n\n\n<h6 class=\"wp-block-heading\"><strong><em>Beltramino, Claudia 02\/05<\/em><\/strong><\/h6>\n\n\n\n<h6 class=\"wp-block-heading\"><strong><em>Astuena, Patricia 02\/05<\/em><\/strong><\/h6>\n\n\n\n<h6 class=\"wp-block-heading\"><strong><em>\u00c1valos, Silvana 02\/05<\/em><\/strong><\/h6>\n\n\n\n<p>29\/04\/22<\/p>\n\n\n\n<figure class=\"wp-block-image\"><img decoding=\"async\" loading=\"lazy\" width=\"1240\" height=\"1748\" src=\"https:\/\/isfd21-bue.infd.edu.ar\/sitio\/wp-content\/uploads\/2022\/04\/Violeta-Oscuro-Ilustraciones-de-Hojas-y-Vides-Anuncio-de-Compromiso-2.jpg\" alt=\"\" class=\"wp-image-5562\" srcset=\"https:\/\/isfd21-bue.infd.edu.ar\/sitio\/wp-content\/uploads\/2022\/04\/Violeta-Oscuro-Ilustraciones-de-Hojas-y-Vides-Anuncio-de-Compromiso-2.jpg 1240w, https:\/\/isfd21-bue.infd.edu.ar\/sitio\/wp-content\/uploads\/2022\/04\/Violeta-Oscuro-Ilustraciones-de-Hojas-y-Vides-Anuncio-de-Compromiso-2-709x1000.jpg 709w, https:\/\/isfd21-bue.infd.edu.ar\/sitio\/wp-content\/uploads\/2022\/04\/Violeta-Oscuro-Ilustraciones-de-Hojas-y-Vides-Anuncio-de-Compromiso-2-768x1083.jpg 768w, https:\/\/isfd21-bue.infd.edu.ar\/sitio\/wp-content\/uploads\/2022\/04\/Violeta-Oscuro-Ilustraciones-de-Hojas-y-Vides-Anuncio-de-Compromiso-2-1090x1536.jpg 1090w\" sizes=\"(max-width: 1240px) 100vw, 1240px\" \/><\/figure>\n\n\n\n<figure class=\"wp-block-image\"><img decoding=\"async\" loading=\"lazy\" width=\"1240\" height=\"1748\" src=\"https:\/\/isfd21-bue.infd.edu.ar\/sitio\/wp-content\/uploads\/2022\/04\/2.jpg\" alt=\"\" class=\"wp-image-5560\" srcset=\"https:\/\/isfd21-bue.infd.edu.ar\/sitio\/wp-content\/uploads\/2022\/04\/2.jpg 1240w, https:\/\/isfd21-bue.infd.edu.ar\/sitio\/wp-content\/uploads\/2022\/04\/2-709x1000.jpg 709w, https:\/\/isfd21-bue.infd.edu.ar\/sitio\/wp-content\/uploads\/2022\/04\/2-768x1083.jpg 768w, https:\/\/isfd21-bue.infd.edu.ar\/sitio\/wp-content\/uploads\/2022\/04\/2-1090x1536.jpg 1090w\" sizes=\"(max-width: 1240px) 100vw, 1240px\" \/><\/figure>\n\n\n\n<figure class=\"wp-block-image\"><img decoding=\"async\" loading=\"lazy\" width=\"1240\" height=\"1748\" src=\"https:\/\/isfd21-bue.infd.edu.ar\/sitio\/wp-content\/uploads\/2022\/04\/Violeta-Oscuro-Ilustraciones-de-Hojas-y-Vides-Anuncio-de-Compromiso-3-1.jpg\" alt=\"\" class=\"wp-image-5565\" srcset=\"https:\/\/isfd21-bue.infd.edu.ar\/sitio\/wp-content\/uploads\/2022\/04\/Violeta-Oscuro-Ilustraciones-de-Hojas-y-Vides-Anuncio-de-Compromiso-3-1.jpg 1240w, https:\/\/isfd21-bue.infd.edu.ar\/sitio\/wp-content\/uploads\/2022\/04\/Violeta-Oscuro-Ilustraciones-de-Hojas-y-Vides-Anuncio-de-Compromiso-3-1-709x1000.jpg 709w, https:\/\/isfd21-bue.infd.edu.ar\/sitio\/wp-content\/uploads\/2022\/04\/Violeta-Oscuro-Ilustraciones-de-Hojas-y-Vides-Anuncio-de-Compromiso-3-1-768x1083.jpg 768w, https:\/\/isfd21-bue.infd.edu.ar\/sitio\/wp-content\/uploads\/2022\/04\/Violeta-Oscuro-Ilustraciones-de-Hojas-y-Vides-Anuncio-de-Compromiso-3-1-1090x1536.jpg 1090w\" sizes=\"(max-width: 1240px) 100vw, 1240px\" \/><\/figure>\n\n\n\n<h4 class=\"wp-block-heading\"><em><strong>DOCENTES QUE AVISARON EL D\u00cdA DE HOY INASISTENCIA:<\/strong><\/em><\/h4>\n\n\n\n<p>Profesorado de Educaci\u00f3n Primaria<\/p>\n\n\n\n<p>Astuena, Patricia 2\/5<\/p>\n\n\n\n<p>Beltramino, Claudia 2\/5<\/p>\n\n\n\n<p>28\/4\/22<\/p>\n\n\n\n<h4 class=\"wp-block-heading\"><em><strong>DOCENTES QUE AVISARON EL D\u00cdA DE HOY INASISTENCIA:<\/strong><\/em><\/h4>\n\n\n\n<h5 class=\"wp-block-heading\"><strong>PROF. HOLUB AUSENTE 28\/4 AL 29\/4<\/strong><\/h5>\n\n\n\n<hr class=\"wp-block-separator has-css-opacity\"\/>\n\n\n\n<hr class=\"wp-block-separator has-css-opacity\"\/>\n\n\n\n<h1 class=\"wp-block-heading\"><img decoding=\"async\" alt=\"&#x1f6d1;\" src=\"https:\/\/s.w.org\/images\/core\/emoji\/13.0.1\/svg\/1f6d1.svg\"><strong><em>ATENCI\u00d3N PROFESORADO EN EDUCACI\u00d3N&nbsp;<\/em><\/strong><strong><em>ESPECIAL<\/em><\/strong><\/h1>\n\n\n\n<p><strong><em>INICIAN PR\u00c1CTICAS DOCENTES DE 3\u00ba A\u00d1O, A PARTIR DE LA SEMANA DEL 2 DE MAYO. A CONTINUACI\u00d3N DISTRIBUCI\u00d3N DE ESTUDIANTES POR GRUPOS<\/em><\/strong>:<\/p>\n\n\n\n<figure class=\"wp-block-image\"><img decoding=\"async\" src=\"https:\/\/scontent.ffdo2-1.fna.fbcdn.net\/v\/t39.30808-6\/279391086_1143186553147988_3362683749002682038_n.jpg?_nc_cat=103&amp;ccb=1-5&amp;_nc_sid=5cd70e&amp;_nc_ohc=rRalggmj1ikAX_U_NgL&amp;tn=F2dj2VqWGp15upuN&amp;_nc_ht=scontent.ffdo2-1.fna&amp;oh=00_AT9CzcnVfC2I24dNiJO0jseFi8UUzbU7AqdqenbCES9ebg&amp;oe=626F152D\" alt=\"\"\/><\/figure>\n\n\n\n<figure class=\"wp-block-image\"><img decoding=\"async\" src=\"https:\/\/scontent.ffdo2-1.fna.fbcdn.net\/v\/t39.30808-6\/279103473_1143186819814628_1773226519690810129_n.jpg?_nc_cat=111&amp;ccb=1-5&amp;_nc_sid=5cd70e&amp;_nc_ohc=9WlKr8V0GjYAX-LO5O5&amp;_nc_ht=scontent.ffdo2-1.fna&amp;oh=00_AT95CgOnaPZcwW2c2U9dOwRLv2XIPW08poAuZY4S4R4a4w&amp;oe=6270087D\" alt=\"No hay ninguna descripci\u00f3n de la foto disponible.\"\/><\/figure>\n\n\n\n<hr class=\"wp-block-separator has-css-opacity\"\/>\n\n\n\n<hr class=\"wp-block-separator has-css-opacity\"\/>\n\n\n\n<h4 class=\"wp-block-heading\"><em><strong>ATENCI\u00d3N PROFESORADO EN GEOGRAF\u00cdA<\/strong><\/em><\/h4>\n\n\n\n<h6 class=\"wp-block-heading\"><em><strong>YA HAY SUPLENTES PARA LAS MATERIAS DE LA PROF. RECALDE, M\u00d3NICA<\/strong><\/em><\/h6>\n\n\n\n<p><strong><em>27\/04\/22<\/em><\/strong><\/p>\n\n\n\n<figure class=\"wp-block-image\"><img decoding=\"async\" src=\"https:\/\/scontent.ffdo2-1.fna.fbcdn.net\/v\/t39.30808-6\/278931672_1139393183527325_8339765188650500773_n.jpg?stp=dst-jpg_s720x720&amp;_nc_cat=106&amp;ccb=1-5&amp;_nc_sid=5cd70e&amp;_nc_ohc=crkJojvJP6YAX-L3TJv&amp;_nc_ht=scontent.ffdo2-1.fna&amp;oh=00_AT_OpmeVKbCYyzIaYunOEF6vttyYeB1aZw5Bo3uqbkFl4Q&amp;oe=626D9958\" alt=\"Puede ser una imagen de texto que dice &quot;ATENCI\u00d3N ESTUDIANTES el lunes 25\/4 inician la cursada los estudiantes de 2do y 3er a\u00f1o Adem\u00e1s empiezan Pr\u00e1cticas Docentes solamente: Educ. Primaria 4\u00b0 Matem\u00e1tica 1\u00b0Filosof\u00eda y 2\u00b0Filosof\u00eda 3y4\u00b0 Lengua 1y4\u00b0 Geograf\u00eda Saludos cordiales EQUIPO DIRECTIVO. Se Docente N\u121b1 \u1798 vufo&quot;\"\/><\/figure>\n\n\n\n<h4 class=\"wp-block-heading\"><em><strong>DOCENTES QUE AVISARON EL D\u00cdA DE HOY INASISTENCIA:<\/strong><\/em><\/h4>\n\n\n\n<h4 class=\"wp-block-heading\"><em><strong>Tarpin, N\u00e9lida 27\/04<\/strong><\/em><\/h4>\n\n\n\n<p>26\/04\/22<\/p>\n\n\n\n<h4 class=\"wp-block-heading\"><strong><em>ATENCI\u00d3N, PR\u00c1CTICAS DOCENTES 2\u00ba A\u00d1O<\/em><\/strong><\/h4>\n\n\n\n<p><strong><em>DE MATEM\u00c1TICA. SE PUBLICA DISTRIBUCI\u00d3N DE ESTUDIANTES EN GRUPOS:<\/em><\/strong><\/p>\n\n\n\n<figure class=\"wp-block-image\"><img decoding=\"async\" loading=\"lazy\" width=\"687\" height=\"447\" src=\"https:\/\/isfd21-bue.infd.edu.ar\/sitio\/wp-content\/uploads\/2022\/04\/image-4.png\" alt=\"\" class=\"wp-image-5540\"\/><\/figure>\n\n\n\n<figure class=\"wp-block-image\"><img decoding=\"async\" loading=\"lazy\" width=\"1343\" height=\"1900\" src=\"https:\/\/isfd21-bue.infd.edu.ar\/sitio\/wp-content\/uploads\/2022\/04\/GRACIAS-FUNDACION-EQUIDAD-1-1-1343x1900.jpg\" alt=\"\" class=\"wp-image-5543\" srcset=\"https:\/\/isfd21-bue.infd.edu.ar\/sitio\/wp-content\/uploads\/2022\/04\/GRACIAS-FUNDACION-EQUIDAD-1-1-1343x1900.jpg 1343w, https:\/\/isfd21-bue.infd.edu.ar\/sitio\/wp-content\/uploads\/2022\/04\/GRACIAS-FUNDACION-EQUIDAD-1-1-707x1000.jpg 707w, https:\/\/isfd21-bue.infd.edu.ar\/sitio\/wp-content\/uploads\/2022\/04\/GRACIAS-FUNDACION-EQUIDAD-1-1-768x1086.jpg 768w, https:\/\/isfd21-bue.infd.edu.ar\/sitio\/wp-content\/uploads\/2022\/04\/GRACIAS-FUNDACION-EQUIDAD-1-1-1086x1536.jpg 1086w, https:\/\/isfd21-bue.infd.edu.ar\/sitio\/wp-content\/uploads\/2022\/04\/GRACIAS-FUNDACION-EQUIDAD-1-1-1448x2048.jpg 1448w, https:\/\/isfd21-bue.infd.edu.ar\/sitio\/wp-content\/uploads\/2022\/04\/GRACIAS-FUNDACION-EQUIDAD-1-1.jpg 1587w\" sizes=\"(max-width: 1343px) 100vw, 1343px\" \/><\/figure>\n\n\n\n<h4 class=\"wp-block-heading\"><em><strong>ATENCI\u00d3N EGRESADOS<\/strong><\/em><\/h4>\n\n\n\n<h4 class=\"wp-block-heading\"><em><strong>Pueden pasar a retirar las siguientes constancias de ingreso a la docencia. DEBEN ASISTIR CON DNI Y SI NO PUEDEN HACERLO PERSONALMENTE, PUEDEN ENVIAR A ALGUIEN M\u00c1S PARA QUE LA RETIRE, PRESENTANDO NOTA FIRMADA POR USTEDES CON COPIA DE DNI.<\/strong><\/em><\/h4>\n\n\n\n<figure class=\"wp-block-image\"><img decoding=\"async\" loading=\"lazy\" width=\"1024\" height=\"768\" src=\"https:\/\/isfd21-bue.infd.edu.ar\/sitio\/wp-content\/uploads\/2022\/06\/lunes-18-de-abril-a-las-8-horas-de-la-manana-1.png\" alt=\"\" class=\"wp-image-5857\" srcset=\"https:\/\/isfd21-bue.infd.edu.ar\/sitio\/wp-content\/uploads\/2022\/06\/lunes-18-de-abril-a-las-8-horas-de-la-manana-1.png 1024w, https:\/\/isfd21-bue.infd.edu.ar\/sitio\/wp-content\/uploads\/2022\/06\/lunes-18-de-abril-a-las-8-horas-de-la-manana-1-1000x750.png 1000w, https:\/\/isfd21-bue.infd.edu.ar\/sitio\/wp-content\/uploads\/2022\/06\/lunes-18-de-abril-a-las-8-horas-de-la-manana-1-768x576.png 768w\" sizes=\"(max-width: 1024px) 100vw, 1024px\" \/><\/figure>\n\n\n\n<p>libreta<\/p>\n\n\n\n<figure class=\"wp-block-image\"><img decoding=\"async\" loading=\"lazy\" width=\"677\" height=\"1280\" src=\"https:\/\/isfd21-bue.infd.edu.ar\/sitio\/wp-content\/uploads\/2022\/04\/WhatsApp-Image-2022-04-26-at-1.38.11-PM-1.jpeg\" alt=\"\" class=\"wp-image-5548\" srcset=\"https:\/\/isfd21-bue.infd.edu.ar\/sitio\/wp-content\/uploads\/2022\/04\/WhatsApp-Image-2022-04-26-at-1.38.11-PM-1.jpeg 677w, https:\/\/isfd21-bue.infd.edu.ar\/sitio\/wp-content\/uploads\/2022\/04\/WhatsApp-Image-2022-04-26-at-1.38.11-PM-1-529x1000.jpeg 529w\" sizes=\"(max-width: 677px) 100vw, 677px\" \/><\/figure>\n\n\n\n<figure class=\"wp-block-image\"><img decoding=\"async\" loading=\"lazy\" width=\"901\" height=\"1600\" src=\"https:\/\/isfd21-bue.infd.edu.ar\/sitio\/wp-content\/uploads\/2022\/04\/WhatsApp-Image-2022-04-27-at-2.05.28-PM.jpeg\" alt=\"\" class=\"wp-image-5547\" srcset=\"https:\/\/isfd21-bue.infd.edu.ar\/sitio\/wp-content\/uploads\/2022\/04\/WhatsApp-Image-2022-04-27-at-2.05.28-PM.jpeg 901w, https:\/\/isfd21-bue.infd.edu.ar\/sitio\/wp-content\/uploads\/2022\/04\/WhatsApp-Image-2022-04-27-at-2.05.28-PM-563x1000.jpeg 563w, https:\/\/isfd21-bue.infd.edu.ar\/sitio\/wp-content\/uploads\/2022\/04\/WhatsApp-Image-2022-04-27-at-2.05.28-PM-768x1364.jpeg 768w, https:\/\/isfd21-bue.infd.edu.ar\/sitio\/wp-content\/uploads\/2022\/04\/WhatsApp-Image-2022-04-27-at-2.05.28-PM-865x1536.jpeg 865w\" sizes=\"(max-width: 901px) 100vw, 901px\" \/><\/figure>\n\n\n\n<h4 class=\"wp-block-heading\"><em><strong>DOCENTES QUE AVISARON EL D\u00cdA DE HOY INASISTENCIA:<\/strong><\/em><\/h4>\n\n\n\n<h6 class=\"wp-block-heading\"><strong><em>Martin<\/em><\/strong><strong><em>&nbsp;Lilian, ausente 26\/04 al 28\/04<\/em><\/strong><\/h6>\n\n\n\n<h6 class=\"wp-block-heading\"><strong><em>Grise, Natalia \/ausente en turno noche 26\/04<\/em><\/strong><\/h6>\n\n\n\n<h6 class=\"wp-block-heading\"><strong><em>Vaquero, Constanza ausente 26\/04 al 27\/04<\/em><\/strong><\/h6>\n\n\n\n<h6 class=\"wp-block-heading\"><strong><em>MATERIAS VACANTES HASTA NUEVO AVISO<\/em><\/strong><\/h6>\n\n\n\n<h6 class=\"wp-block-heading\"><strong><em>3\u00ba1\u00ba Educ. para la Diversidad (Carrera Ingl\u00e9s)<\/em><\/strong><\/h6>\n\n\n\n<h6 class=\"wp-block-heading\"><strong><em>4\u00ba1\u00ba Analisis e Intervenci\u00f3n (Carrera Ingl\u00e9s)<\/em><\/strong><\/h6>\n\n\n\n<h6 class=\"wp-block-heading\"><strong><em>4\u00ba2\u00ba Escrita IV (Carrera Ingl\u00e9s)<\/em><\/strong><\/h6>\n\n\n\n<hr class=\"wp-block-separator has-css-opacity\"\/>\n\n\n\n<p><em><strong>25\/04\/22<\/strong><\/em><img decoding=\"async\" loading=\"lazy\" width=\"444\" height=\"502\" alt=\"\" src=\"https:\/\/isfd21-bue.infd.edu.ar\/sitio\/wp-content\/uploads\/2022\/04\/89fa0051ed4e753547d8b63f776dcadd.png\"><\/p>\n\n\n\n<h4 class=\"wp-block-heading\"><strong><em>TRISTE NOTICIA<\/em><\/strong><\/h4>\n\n\n\n<h4 class=\"wp-block-heading\"><em>Con profundo pesar lamentamos informar que en el d\u00eda de hoy nos comunicaron que el d\u00eda 09 de abril falleci\u00f3 la profesora Lilian Hoggen.<\/em><\/h4>\n\n\n\n<h4 class=\"wp-block-heading\"><em>Acompa\u00f1amos y abrazamos en este dif\u00edcil momento a familiares y seres queridos.<\/em><\/h4>\n\n\n\n<p><em>Siempre recordaremos a nuestra querida profe de Franc\u00e9s.<\/em><\/p>\n\n\n\n<hr class=\"wp-block-separator has-css-opacity\"\/>\n\n\n\n<hr class=\"wp-block-separator has-css-opacity\"\/>\n\n\n\n<h4 class=\"wp-block-heading\"><em><strong>DOCENTES QUE AVISARON EL D\u00cdA DE HOY INASISTENCIA:<\/strong><\/em><\/h4>\n\n\n\n<h5 class=\"wp-block-heading\"><strong>3\u00ba HISTORIA TV, INGRESAN A LAS 20 HS. POR RENUNCIA DEL PROF. CASTILLO<\/strong><\/h5>\n\n\n\n<h5 class=\"wp-block-heading\"><strong>PROFESOR RODR\u00cdGUEZ GO\u00d1I, CARLOS AUSENTE HASTA NUEVO AVISO.<\/strong><\/h5>\n\n\n\n<h5 class=\"wp-block-heading\"><strong>PROFESORA M\u00d3NICA RECALDE, AUSENTE HASTA EL 14\/5<\/strong><\/h5>\n\n\n\n<h5 class=\"wp-block-heading\"><strong>PROFESORA SILVIA PORTILLO, AUSENTE 25\/04<\/strong><\/h5>\n\n\n\n<h5 class=\"wp-block-heading\"><strong>PROFESORA ALBA AGUIRRE, AUSENTE 25\/04<\/strong><\/h5>\n\n\n\n<h5 class=\"wp-block-heading\"><strong>PROFESORA CONSTANZA VAQUERO, AUSENTE 25\/04<\/strong><\/h5>\n\n\n\n<p><strong>PROFESOR KOCZWARA, VICTOR AUSENTE 25\/04<\/strong><\/p>\n\n\n\n<p><strong><em>Informaci\u00f3n de inter\u00e9s para egresados:<\/em><\/strong><\/p>\n\n\n\n<figure class=\"wp-block-image\"><img decoding=\"async\" loading=\"lazy\" width=\"511\" height=\"640\" src=\"https:\/\/isfd21-bue.infd.edu.ar\/sitio\/wp-content\/uploads\/2022\/04\/279070402_1140592450074065_2531486603314545426_n.jpg\" alt=\"\" class=\"wp-image-5513\"\/><figcaption class=\"wp-element-caption\">Estimados\/as docentes: compartimos la difusi\u00f3n de esta charla sobre el INGRESO A LA DOCENCIA 2022-2023, que se llevar\u00e1 a cabo el viernes 29\/4 a las 18 hs en el Auditorio Municipal de Malvinas Argentinas. Inscripci\u00f3n previa a trav\u00e9s de este enlace:&nbsp;<a rel=\"noreferrer noopener\" href=\"https:\/\/forms.gle\/4tK3LCVtEJ5pLCH39?fbclid=IwAR17FqJNWkc7NdGxirQEZlSfFAeyJVRLhJA9vdWsHSLSXggVzf2NxFLTXV4\" target=\"_blank\">https:\/\/forms.gle\/4tK3LCVtEJ5pLCH39<\/a>. Esperamos su presencia, recuerde que tenemos cupo limitado.Equipo organizador: Tribunal de clasificaci\u00f3n docente descentralizado de la Regi\u00f3n 9, SAD, Consejo Escolar, Subsecretaria de Educaci\u00f3n del municipio de Malvinas Argentinas, CIIEs de la Regi\u00f3n 9, Jefatura Regional de gesti\u00f3n p\u00fablica y privada de la Regi\u00f3n 9Tambi\u00e9n ser\u00e1 emitida por canal de YouTube.<\/figcaption><\/figure>\n\n\n\n<p><strong><em>21\/4\/22<\/em><\/strong><\/p>\n\n\n\n<figure class=\"wp-block-image\"><img decoding=\"async\" loading=\"lazy\" width=\"970\" height=\"1408\" src=\"https:\/\/isfd21-bue.infd.edu.ar\/sitio\/wp-content\/uploads\/2022\/04\/IMG_20220423_222629.jpg\" alt=\"\" class=\"wp-image-5506\" srcset=\"https:\/\/isfd21-bue.infd.edu.ar\/sitio\/wp-content\/uploads\/2022\/04\/IMG_20220423_222629.jpg 970w, https:\/\/isfd21-bue.infd.edu.ar\/sitio\/wp-content\/uploads\/2022\/04\/IMG_20220423_222629-689x1000.jpg 689w, https:\/\/isfd21-bue.infd.edu.ar\/sitio\/wp-content\/uploads\/2022\/04\/IMG_20220423_222629-768x1115.jpg 768w\" sizes=\"(max-width: 970px) 100vw, 970px\" \/><figcaption class=\"wp-element-caption\"><a href=\"https:\/\/drive.google.com\/drive\/u\/0\/mobile\/folders\/1p_YrUk6ourwuj25c4Ske5_sAe0uiKT0u?fbclid=IwAR22i7TPAmXAiK7-zKRSbz3zzFGl6rduwsAoeBf1ZXnxlUZY4CnyWf9r8es\" target=\"_blank\" rel=\"noreferrer noopener\">https:\/\/drive.google.com\/drive\/u\/0\/mobile\/folders\/1p_YrUk6ourwuj25c4Ske5_sAe0uiKT0u?fbclid=IwAR22i7TPAmXAiK7-zKRSbz3zzFGl6rduwsAoeBf1ZXnxlUZY4CnyWf9r8es<\/a><\/figcaption><\/figure>\n\n\n\n<p><strong>&nbsp;PROFESORADO DE EDUCACI\u00d3N ESPECIAL:<\/strong><\/p>\n\n\n\n<p><img decoding=\"async\" loading=\"lazy\" height=\"16\" width=\"16\" alt=\"&#x270d;&#xfe0f;\" src=\"https:\/\/static.xx.fbcdn.net\/images\/emoji.php\/v9\/te2\/1\/16\/270d.png\">&nbsp;Inician cursada de clases (turno tarde)&nbsp;<strong>2do. y 3er<\/strong>. a\u00f1o, el lunes&nbsp;<strong>25\/4<\/strong>&nbsp;.<\/p>\n\n\n\n<p><img decoding=\"async\" loading=\"lazy\" height=\"16\" width=\"16\" alt=\"&#x270d;&#xfe0f;\" src=\"https:\/\/static.xx.fbcdn.net\/images\/emoji.php\/v9\/te2\/1\/16\/270d.png\">Inicia&nbsp;<strong>Pr\u00e1ctica Docente IV a\u00f1o&nbsp;<\/strong>(todos los grupos) el mi\u00e9rcoles&nbsp;<strong>27\/4, 8hs.<\/strong><\/p>\n\n\n\n<p>A partir de la semana del 2\/5 comenzar\u00e1n los restantes a\u00f1os las Pr\u00e1cticas Docentes. Se informar\u00e1 la semana entrante, los grupos en cada a\u00f1o.<\/p>\n\n\n\n<p>Julieta<\/p>\n\n\n\n<h4 class=\"wp-block-heading\"><strong><em>ATENCI\u00d3N PROFESORADO EN MATEM\u00c1TICA<\/em><\/strong><\/h4>\n\n\n\n<h4 class=\"wp-block-heading\"><strong><em>LA SEMANA DEL 25\/4, INICIAN LAS PR\u00c1CTICAS DOCENTES, DE 2\u00b0 A 4\u00b0.<\/em><\/strong><\/h4>\n\n\n\n<h5 class=\"wp-block-heading\"><strong>A CONTINUACI\u00d3N SE ADJUNTA EL LISTADO CON LA DISTRIBUCI\u00d3N DE PR\u00c1CTICA DOCENTE II<\/strong><\/h5>\n\n\n\n<p><a href=\"https:\/\/isfd21-bue.infd.edu.ar\/sitio\/wp-content\/uploads\/2022\/04\/GRUPOS-DE-PRACTICA-II.pdf\">GRUPOS-DE-PRACTICA-II<\/a><a href=\"https:\/\/isfd21-bue.infd.edu.ar\/sitio\/wp-content\/uploads\/2022\/04\/GRUPOS-DE-PRACTICA-II.pdf\">Descarga<\/a><\/p>\n\n\n\n<hr class=\"wp-block-separator has-css-opacity\"\/>\n\n\n\n<h6 class=\"wp-block-heading\"><strong><em>ATENCI\u00d3N<\/em><\/strong><strong><em>&nbsp;CARRERA DE EDUCACI\u00d3N ESPECIAL<\/em><\/strong><\/h6>\n\n\n\n<h6 class=\"wp-block-heading\"><strong><em>1\u00ba1\u00ba, DID\u00c1CTICA DE LA MATEM\u00c1TICA I SE DICTAR\u00c1 A PARTIR DE AHORA, LOS D\u00cdAS JUEVES DE 12 A 13 hs..<\/em><\/strong><\/h6>\n\n\n\n<h6 class=\"wp-block-heading\"><strong><em>2\u00ba1\u00ba, COMIENZA LAS CLASES EL LUNES, 25\/4 A LAS 15.15 hs.<\/em><\/strong><\/h6>\n\n\n\n<p><strong>Charla informativa sobre Becas PROGRESAR<\/strong><\/p>\n\n\n\n<p><strong>El jueves 21 de abril a las 18:30 en la Sala de reuniones de La Casona estaremos brindando una charla informativa sobre Becas PROGRESAR<\/strong><\/p>\n\n\n\n<p><em>El objetivo de este encuentro es orientar a todxs aquellxs estudiantes que tienen dudas o dificultades con la inscripci\u00f3n. Les recordamos que la misma finaliza el 30\/04. \u00a1Lxs esperamos!<\/em><\/p>\n\n\n\n<figure class=\"wp-block-image\"><img decoding=\"async\" loading=\"lazy\" width=\"526\" height=\"531\" src=\"https:\/\/isfd21-bue.infd.edu.ar\/sitio\/wp-content\/uploads\/2022\/04\/278917397_1138429486957028_9062258464669626614_n.jpg\" alt=\"\" class=\"wp-image-5495\"\/><\/figure>\n\n\n\n<hr class=\"wp-block-separator has-css-opacity\"\/>\n\n\n\n<h4 class=\"wp-block-heading\"><strong><em>ATENCI\u00d3N PROFESORADO EN EDUCACI\u00d3N PRIMARIA<\/em><\/strong><\/h4>\n\n\n\n<h4 class=\"wp-block-heading\"><strong><em>SE ADJUNTA LA DISTRIBUCI\u00d3N DE ESTUDIANTES PARA LAS PR\u00c1CTICAS DOCENTES:<\/em><\/strong><\/h4>\n\n\n\n<p><a href=\"https:\/\/isfd21-bue.infd.edu.ar\/sitio\/wp-content\/uploads\/2022\/04\/GRUPOS-DE-PRACTICA-PRIMARIA.pdf\">GRUPOS-DE-PRACTICA-PRIMARIA<\/a><a href=\"https:\/\/isfd21-bue.infd.edu.ar\/sitio\/wp-content\/uploads\/2022\/04\/GRUPOS-DE-PRACTICA-PRIMARIA.pdf\">Descarga<\/a><\/p>\n\n\n\n<p>20\/4\/22<\/p>\n\n\n\n<h4 class=\"wp-block-heading\"><em>COMPARTIMOS LOS AVISOS DE DOCENTES, QUE AVISARON QUE SE AUSENTARAN EN EL D\u00cdA DE HOY:<\/em><\/h4>\n\n\n\n<p><em>PORTILLO, SILVIA<\/em><\/p>\n\n\n\n<p>19\/4\/22<\/p>\n\n\n\n<h4 class=\"wp-block-heading\"><strong><em>ATENCI\u00d3N PROFESORADO EN LENGUA Y LITERATURA<\/em><\/strong><\/h4>\n\n\n\n<h4 class=\"wp-block-heading\"><strong><em>SE ADJUNTA LA DISTRIBUCI\u00d3N DE ESTUDIANTES PARA LAS PR\u00c1CTICAS DOCENTES:<\/em><\/strong><\/h4>\n\n\n\n<p><a href=\"https:\/\/isfd21-bue.infd.edu.ar\/sitio\/wp-content\/uploads\/2022\/04\/CFPP-2o-ANO_GRUPOS-DE-PRACTICA_LENGUA.pdf\">CFPP-2o-ANO_GRUPOS-DE-PRACTICA_LENGUA<\/a><a href=\"https:\/\/isfd21-bue.infd.edu.ar\/sitio\/wp-content\/uploads\/2022\/04\/CFPP-2o-ANO_GRUPOS-DE-PRACTICA_LENGUA.pdf\">Descarga<\/a><a href=\"https:\/\/isfd21-bue.infd.edu.ar\/sitio\/wp-content\/uploads\/2022\/04\/CFPP-3o-ANO_GRUPO-DE-PRACTICA_LENGUA.pdf\">CFPP-3o-ANO_GRUPO-DE-PRACTICA_LENGUA<\/a><a href=\"https:\/\/isfd21-bue.infd.edu.ar\/sitio\/wp-content\/uploads\/2022\/04\/CFPP-3o-ANO_GRUPO-DE-PRACTICA_LENGUA.pdf\">Descarga<\/a><a href=\"https:\/\/isfd21-bue.infd.edu.ar\/sitio\/wp-content\/uploads\/2022\/04\/CFPP-4o-ANO-LANNUTTI_GRUPO-DE-PRACTICA_LENGUA.pdf\">CFPP-4o-ANO-LANNUTTI_GRUPO-DE-PRACTICA_LENGUA<\/a><a href=\"https:\/\/isfd21-bue.infd.edu.ar\/sitio\/wp-content\/uploads\/2022\/04\/CFPP-4o-ANO-LANNUTTI_GRUPO-DE-PRACTICA_LENGUA.pdf\">Descarga<\/a><a href=\"https:\/\/isfd21-bue.infd.edu.ar\/sitio\/wp-content\/uploads\/2022\/04\/CFPP-4o-ANO-LANZANI_GRUPO-DE-PRACTICA_LENGUA.pdf\">CFPP-4o-ANO-LANZANI_GRUPO-DE-PRACTICA_LENGUA<\/a><a href=\"https:\/\/isfd21-bue.infd.edu.ar\/sitio\/wp-content\/uploads\/2022\/04\/CFPP-4o-ANO-LANZANI_GRUPO-DE-PRACTICA_LENGUA.pdf\">Descarga<\/a><\/p>\n\n\n\n<h4 class=\"wp-block-heading\"><strong><\/strong><\/h4>\n\n\n\n<h4 class=\"wp-block-heading\"><em>COMPARTIMOS LOS AVISOS DE DOCENTES, QUE AVISARON QUE SE AUSENTARAN EN EL D\u00cdA DE HOY:<\/em><\/h4>\n\n\n\n<p>Aguzin, Pablo\/Cristin, Alejandro\/Rodr\u00edguez Go\u00f1i, Carlos\/ Portillo, Silvia<\/p>\n\n\n\n<p><em>Querida comunidad, seguimos compartiendo postales que dej\u00f3 el inicio de ciclo lectivo. En esta oportunidad compartimos el acto del turno tarde en el d\u00eda de ayer:<\/em><\/p>\n\n\n\n<figure class=\"wp-block-image\"><img decoding=\"async\" loading=\"lazy\" width=\"1599\" height=\"1066\" src=\"https:\/\/isfd21-bue.infd.edu.ar\/sitio\/wp-content\/uploads\/2022\/04\/WhatsApp-Image-2022-04-18-at-2.57.38-PM.jpeg\" alt=\"\" class=\"wp-image-5447\" srcset=\"https:\/\/isfd21-bue.infd.edu.ar\/sitio\/wp-content\/uploads\/2022\/04\/WhatsApp-Image-2022-04-18-at-2.57.38-PM.jpeg 1599w, https:\/\/isfd21-bue.infd.edu.ar\/sitio\/wp-content\/uploads\/2022\/04\/WhatsApp-Image-2022-04-18-at-2.57.38-PM-1000x667.jpeg 1000w, https:\/\/isfd21-bue.infd.edu.ar\/sitio\/wp-content\/uploads\/2022\/04\/WhatsApp-Image-2022-04-18-at-2.57.38-PM-768x512.jpeg 768w, https:\/\/isfd21-bue.infd.edu.ar\/sitio\/wp-content\/uploads\/2022\/04\/WhatsApp-Image-2022-04-18-at-2.57.38-PM-1536x1024.jpeg 1536w\" sizes=\"(max-width: 1599px) 100vw, 1599px\" \/><\/figure>\n\n\n\n<p>18\/4\/22<\/p>\n\n\n\n<p><em>ATENCI\u00d3N GEOGRAF\u00cdA 4\u00ba A\u00d1O, Investigaci\u00f3n Geogr\u00e1fica II, inicia desde el pr\u00f3ximo lunes 28\/4<\/em>.<\/p>\n\n\n\n<figure class=\"wp-block-image\"><img decoding=\"async\" loading=\"lazy\" width=\"1240\" height=\"1748\" src=\"https:\/\/isfd21-bue.infd.edu.ar\/sitio\/wp-content\/uploads\/2022\/04\/Violeta-Oscuro-Ilustraciones-de-Hojas-y-Vides-Anuncio-de-Compromiso-3.jpg\" alt=\"\" class=\"wp-image-5406\" srcset=\"https:\/\/isfd21-bue.infd.edu.ar\/sitio\/wp-content\/uploads\/2022\/04\/Violeta-Oscuro-Ilustraciones-de-Hojas-y-Vides-Anuncio-de-Compromiso-3.jpg 1240w, https:\/\/isfd21-bue.infd.edu.ar\/sitio\/wp-content\/uploads\/2022\/04\/Violeta-Oscuro-Ilustraciones-de-Hojas-y-Vides-Anuncio-de-Compromiso-3-709x1000.jpg 709w, https:\/\/isfd21-bue.infd.edu.ar\/sitio\/wp-content\/uploads\/2022\/04\/Violeta-Oscuro-Ilustraciones-de-Hojas-y-Vides-Anuncio-de-Compromiso-3-768x1083.jpg 768w, https:\/\/isfd21-bue.infd.edu.ar\/sitio\/wp-content\/uploads\/2022\/04\/Violeta-Oscuro-Ilustraciones-de-Hojas-y-Vides-Anuncio-de-Compromiso-3-1090x1536.jpg 1090w\" sizes=\"(max-width: 1240px) 100vw, 1240px\" \/><\/figure>\n\n\n\n<figure class=\"wp-block-image\"><img decoding=\"async\" loading=\"lazy\" width=\"1900\" height=\"1425\" src=\"https:\/\/isfd21-bue.infd.edu.ar\/sitio\/wp-content\/uploads\/2022\/04\/20220418_081509-1900x1425.jpg\" alt=\"\" class=\"wp-image-5408\" srcset=\"https:\/\/isfd21-bue.infd.edu.ar\/sitio\/wp-content\/uploads\/2022\/04\/20220418_081509-1900x1425.jpg 1900w, https:\/\/isfd21-bue.infd.edu.ar\/sitio\/wp-content\/uploads\/2022\/04\/20220418_081509-1000x750.jpg 1000w, https:\/\/isfd21-bue.infd.edu.ar\/sitio\/wp-content\/uploads\/2022\/04\/20220418_081509-768x576.jpg 768w, https:\/\/isfd21-bue.infd.edu.ar\/sitio\/wp-content\/uploads\/2022\/04\/20220418_081509-1536x1152.jpg 1536w, https:\/\/isfd21-bue.infd.edu.ar\/sitio\/wp-content\/uploads\/2022\/04\/20220418_081509-2048x1536.jpg 2048w\" sizes=\"(max-width: 1900px) 100vw, 1900px\" \/><\/figure>\n\n\n\n<p><em><strong>13\/04\/22<\/strong><\/em><\/p>\n\n\n\n<figure class=\"wp-block-image\"><img decoding=\"async\" loading=\"lazy\" width=\"1240\" height=\"1748\" src=\"https:\/\/isfd21-bue.infd.edu.ar\/sitio\/wp-content\/uploads\/2022\/04\/Violeta-Oscuro-Ilustraciones-de-Hojas-y-Vides-Anuncio-de-Compromiso-1.jpg\" alt=\"\" class=\"wp-image-5400\" srcset=\"https:\/\/isfd21-bue.infd.edu.ar\/sitio\/wp-content\/uploads\/2022\/04\/Violeta-Oscuro-Ilustraciones-de-Hojas-y-Vides-Anuncio-de-Compromiso-1.jpg 1240w, https:\/\/isfd21-bue.infd.edu.ar\/sitio\/wp-content\/uploads\/2022\/04\/Violeta-Oscuro-Ilustraciones-de-Hojas-y-Vides-Anuncio-de-Compromiso-1-709x1000.jpg 709w, https:\/\/isfd21-bue.infd.edu.ar\/sitio\/wp-content\/uploads\/2022\/04\/Violeta-Oscuro-Ilustraciones-de-Hojas-y-Vides-Anuncio-de-Compromiso-1-768x1083.jpg 768w, https:\/\/isfd21-bue.infd.edu.ar\/sitio\/wp-content\/uploads\/2022\/04\/Violeta-Oscuro-Ilustraciones-de-Hojas-y-Vides-Anuncio-de-Compromiso-1-1090x1536.jpg 1090w\" sizes=\"(max-width: 1240px) 100vw, 1240px\" \/><\/figure>\n\n\n\n<h6 class=\"wp-block-heading\"><em>ATENCI\u00d3N EDUCACI\u00d3N PRIMARIA<\/em><\/h6>\n\n\n\n<h6 class=\"wp-block-heading\"><em>4\u00ba A\u00d1O INICIA SUS MATERIAS TE\u00d3RICAS EL 18\/4<\/em><\/h6>\n\n\n\n<h6 class=\"wp-block-heading\"><em>EL 25\/4 INICIA PR\u00c1CTICA Y EL ATENEO<\/em><\/h6>\n\n\n\n<hr class=\"wp-block-separator has-css-opacity\"\/>\n\n\n\n<p><em><strong>ATENCI\u00d3N PROFESORADO DE HISTORIA, CAMBIO DE FECHA EN MESA DE HISTORIA. ARGENTINA SXX CON EL PROFESOR RICCI, SE TOMAR\u00c1 HOY A LAS 18 HS.<\/strong><\/em><\/p>\n\n\n\n<hr class=\"wp-block-separator has-css-opacity\"\/>\n\n\n\n<p><strong><em>Nuestros queridos estudiantes preparando el patio de la Memoria. Ideas, participaci\u00f3n, producci\u00f3n, creatividad. Gracias!!!<\/em><\/strong><\/p>\n\n\n\n<figure class=\"wp-block-image\"><img decoding=\"async\" loading=\"lazy\" width=\"1900\" height=\"1070\" src=\"https:\/\/isfd21-bue.infd.edu.ar\/sitio\/wp-content\/uploads\/2022\/04\/278437203_1133273657472611_6683923928784078448_n-1900x1070.jpg\" alt=\"\" class=\"wp-image-5386\" srcset=\"https:\/\/isfd21-bue.infd.edu.ar\/sitio\/wp-content\/uploads\/2022\/04\/278437203_1133273657472611_6683923928784078448_n-1900x1070.jpg 1900w, https:\/\/isfd21-bue.infd.edu.ar\/sitio\/wp-content\/uploads\/2022\/04\/278437203_1133273657472611_6683923928784078448_n-1000x563.jpg 1000w, https:\/\/isfd21-bue.infd.edu.ar\/sitio\/wp-content\/uploads\/2022\/04\/278437203_1133273657472611_6683923928784078448_n-768x432.jpg 768w, https:\/\/isfd21-bue.infd.edu.ar\/sitio\/wp-content\/uploads\/2022\/04\/278437203_1133273657472611_6683923928784078448_n-1536x865.jpg 1536w, https:\/\/isfd21-bue.infd.edu.ar\/sitio\/wp-content\/uploads\/2022\/04\/278437203_1133273657472611_6683923928784078448_n.jpg 2048w\" sizes=\"(max-width: 1900px) 100vw, 1900px\" \/><\/figure>\n\n\n\n<p><em><strong>Muestra itinerante \u201cMadres de Plaza de Mayo y la Resistencia Popular\u201d<\/strong><\/em><\/p>\n\n\n\n<figure class=\"wp-block-image\"><img decoding=\"async\" loading=\"lazy\" width=\"768\" height=\"1024\" src=\"https:\/\/isfd21-bue.infd.edu.ar\/sitio\/wp-content\/uploads\/2022\/04\/278468081_1133191400814170_72959048173707919_n.jpg\" alt=\"\" class=\"wp-image-5391\" srcset=\"https:\/\/isfd21-bue.infd.edu.ar\/sitio\/wp-content\/uploads\/2022\/04\/278468081_1133191400814170_72959048173707919_n.jpg 768w, https:\/\/isfd21-bue.infd.edu.ar\/sitio\/wp-content\/uploads\/2022\/04\/278468081_1133191400814170_72959048173707919_n-750x1000.jpg 750w\" sizes=\"(max-width: 768px) 100vw, 768px\" \/><\/figure>\n\n\n\n<p>12\/4\/22<\/p>\n\n\n\n<figure class=\"wp-block-image\"><img decoding=\"async\" loading=\"lazy\" width=\"1240\" height=\"1748\" src=\"https:\/\/isfd21-bue.infd.edu.ar\/sitio\/wp-content\/uploads\/2022\/04\/COMUNIDAD.jpg\" alt=\"\" class=\"wp-image-5383\" srcset=\"https:\/\/isfd21-bue.infd.edu.ar\/sitio\/wp-content\/uploads\/2022\/04\/COMUNIDAD.jpg 1240w, https:\/\/isfd21-bue.infd.edu.ar\/sitio\/wp-content\/uploads\/2022\/04\/COMUNIDAD-709x1000.jpg 709w, https:\/\/isfd21-bue.infd.edu.ar\/sitio\/wp-content\/uploads\/2022\/04\/COMUNIDAD-768x1083.jpg 768w, https:\/\/isfd21-bue.infd.edu.ar\/sitio\/wp-content\/uploads\/2022\/04\/COMUNIDAD-1090x1536.jpg 1090w\" sizes=\"(max-width: 1240px) 100vw, 1240px\" \/><\/figure>\n\n\n\n<figure class=\"wp-block-image\"><img decoding=\"async\" loading=\"lazy\" width=\"1240\" height=\"1748\" src=\"https:\/\/isfd21-bue.infd.edu.ar\/sitio\/wp-content\/uploads\/2022\/04\/Violeta-Oscuro-Ilustraciones-de-Hojas-y-Vides-Anuncio-de-Compromiso-7.jpg\" alt=\"\" class=\"wp-image-5378\" srcset=\"https:\/\/isfd21-bue.infd.edu.ar\/sitio\/wp-content\/uploads\/2022\/04\/Violeta-Oscuro-Ilustraciones-de-Hojas-y-Vides-Anuncio-de-Compromiso-7.jpg 1240w, https:\/\/isfd21-bue.infd.edu.ar\/sitio\/wp-content\/uploads\/2022\/04\/Violeta-Oscuro-Ilustraciones-de-Hojas-y-Vides-Anuncio-de-Compromiso-7-709x1000.jpg 709w, https:\/\/isfd21-bue.infd.edu.ar\/sitio\/wp-content\/uploads\/2022\/04\/Violeta-Oscuro-Ilustraciones-de-Hojas-y-Vides-Anuncio-de-Compromiso-7-768x1083.jpg 768w, https:\/\/isfd21-bue.infd.edu.ar\/sitio\/wp-content\/uploads\/2022\/04\/Violeta-Oscuro-Ilustraciones-de-Hojas-y-Vides-Anuncio-de-Compromiso-7-1090x1536.jpg 1090w\" sizes=\"(max-width: 1240px) 100vw, 1240px\" \/><\/figure>\n\n\n\n<p>8\/4\/22<\/p>\n\n\n\n<p><strong><em>ATENCI\u00d3N INGRESANTES DE INGL\u00c9S, NUEVO MATERIAL<\/em><\/strong><a href=\"https:\/\/isfd21-bue.infd.edu.ar\/sitio\/wp-content\/uploads\/2022\/04\/Ingles-Eje-3-Ser-docente-cronograma-2022-ii-1.pdf\">Ingles-Eje-3-Ser-docente-cronograma-2022-ii-1<\/a><a href=\"https:\/\/isfd21-bue.infd.edu.ar\/sitio\/wp-content\/uploads\/2022\/04\/Ingles-Eje-3-Ser-docente-cronograma-2022-ii-1.pdf\">Descarga<\/a><\/p>\n\n\n\n<figure class=\"wp-block-image\"><img decoding=\"async\" loading=\"lazy\" width=\"1343\" height=\"1900\" src=\"https:\/\/isfd21-bue.infd.edu.ar\/sitio\/wp-content\/uploads\/2022\/04\/Catalogo-de-productos-flyer-o-folleto-para-tienda-profesional-color-beis-y-marron-9-1343x1900.jpg\" alt=\"\" class=\"wp-image-5356\" srcset=\"https:\/\/isfd21-bue.infd.edu.ar\/sitio\/wp-content\/uploads\/2022\/04\/Catalogo-de-productos-flyer-o-folleto-para-tienda-profesional-color-beis-y-marron-9-1343x1900.jpg 1343w, https:\/\/isfd21-bue.infd.edu.ar\/sitio\/wp-content\/uploads\/2022\/04\/Catalogo-de-productos-flyer-o-folleto-para-tienda-profesional-color-beis-y-marron-9-707x1000.jpg 707w, https:\/\/isfd21-bue.infd.edu.ar\/sitio\/wp-content\/uploads\/2022\/04\/Catalogo-de-productos-flyer-o-folleto-para-tienda-profesional-color-beis-y-marron-9-768x1086.jpg 768w, https:\/\/isfd21-bue.infd.edu.ar\/sitio\/wp-content\/uploads\/2022\/04\/Catalogo-de-productos-flyer-o-folleto-para-tienda-profesional-color-beis-y-marron-9-1086x1536.jpg 1086w, https:\/\/isfd21-bue.infd.edu.ar\/sitio\/wp-content\/uploads\/2022\/04\/Catalogo-de-productos-flyer-o-folleto-para-tienda-profesional-color-beis-y-marron-9.jpg 1414w\" sizes=\"(max-width: 1343px) 100vw, 1343px\" \/><\/figure>\n\n\n\n<h4 class=\"wp-block-heading\"><strong>ATENCI\u00d3N EGRESADOS<\/strong><\/h4>\n\n\n\n<h5 class=\"wp-block-heading\"><strong>LLEGARON CONSTANCIAS DE INGRESO A LA DOCENCIA, VER N\u00d3MINA, EN CASO QUE NO PUEDAS ASISTIR PERSONALMENTE PARA RETIRARLA, POD\u00c9S ENVIAR A ALGUIEN M\u00c1S CON UNA AUTORIZACI\u00d3N TUYA Y COPIA DE DNI.<\/strong><\/h5>\n\n\n\n<figure class=\"wp-block-image\"><img decoding=\"async\" loading=\"lazy\" width=\"396\" height=\"811\" src=\"https:\/\/isfd21-bue.infd.edu.ar\/sitio\/wp-content\/uploads\/2022\/04\/WhatsApp-Image-2022-04-08-at-1.54.26-PM.jpeg\" alt=\"\" class=\"wp-image-5352\"\/><\/figure>\n\n\n\n<figure class=\"wp-block-image\"><img decoding=\"async\" loading=\"lazy\" width=\"959\" height=\"540\" src=\"https:\/\/isfd21-bue.infd.edu.ar\/sitio\/wp-content\/uploads\/2022\/04\/278132908_1129988664467777_2867246589395860521_n-1.jpg\" alt=\"\" class=\"wp-image-5343\" srcset=\"https:\/\/isfd21-bue.infd.edu.ar\/sitio\/wp-content\/uploads\/2022\/04\/278132908_1129988664467777_2867246589395860521_n-1.jpg 959w, https:\/\/isfd21-bue.infd.edu.ar\/sitio\/wp-content\/uploads\/2022\/04\/278132908_1129988664467777_2867246589395860521_n-1-768x432.jpg 768w\" sizes=\"(max-width: 959px) 100vw, 959px\" \/><\/figure>\n\n\n\n<p><em><strong>Hermoso regalo del escritor y arquitecto Gustavo Nielsen. En 2018 particip\u00f3 en las clases p\u00fablicas. La profesora Andrea Miranda lo enmarc\u00f3. Muchas Gracias!!!<\/strong><\/em><\/p>\n\n\n\n<p><strong><em>Seguimos embelleciendo el instituto. Lindo y prolijo nuestro lugar de estudios. Antes y ahora.<\/em><\/strong><\/p>\n\n\n\n<figure class=\"wp-block-image\"><img decoding=\"async\" loading=\"lazy\" width=\"1900\" height=\"855\" src=\"https:\/\/isfd21-bue.infd.edu.ar\/sitio\/wp-content\/uploads\/2022\/04\/278097079_1129979991135311_8176504364166197598_n-1900x855.jpg\" alt=\"\" class=\"wp-image-5344\" srcset=\"https:\/\/isfd21-bue.infd.edu.ar\/sitio\/wp-content\/uploads\/2022\/04\/278097079_1129979991135311_8176504364166197598_n-1900x855.jpg 1900w, https:\/\/isfd21-bue.infd.edu.ar\/sitio\/wp-content\/uploads\/2022\/04\/278097079_1129979991135311_8176504364166197598_n-1000x450.jpg 1000w, https:\/\/isfd21-bue.infd.edu.ar\/sitio\/wp-content\/uploads\/2022\/04\/278097079_1129979991135311_8176504364166197598_n-768x346.jpg 768w, https:\/\/isfd21-bue.infd.edu.ar\/sitio\/wp-content\/uploads\/2022\/04\/278097079_1129979991135311_8176504364166197598_n-1536x692.jpg 1536w, https:\/\/isfd21-bue.infd.edu.ar\/sitio\/wp-content\/uploads\/2022\/04\/278097079_1129979991135311_8176504364166197598_n.jpg 2048w\" sizes=\"(max-width: 1900px) 100vw, 1900px\" \/><\/figure>\n\n\n\n<p>7\/4\/22<\/p>\n\n\n\n<p><em><strong>ATENCI\u00d3N, MATERIAL PARA INGRESANTES DE INGL\u00c9S 2022<\/strong><\/em><a href=\"https:\/\/isfd21-bue.infd.edu.ar\/sitio\/wp-content\/uploads\/2022\/04\/TIFO-Cronograma-Lunes-11-4-22-1.pdf\">TIFO-Cronograma-Lunes-11-4-22-1<\/a><a href=\"https:\/\/isfd21-bue.infd.edu.ar\/sitio\/wp-content\/uploads\/2022\/04\/TIFO-Cronograma-Lunes-11-4-22-1.pdf\">Descarga<\/a><\/p>\n\n\n\n<hr class=\"wp-block-separator has-css-opacity\"\/>\n\n\n\n<p>No hay archivos que mostrar.<\/p>\n\n\n\n<p>6\/4\/22<\/p>\n\n\n\n<p>AVISO IMPORTANTE<br>La Fonoaudi\u00f3loga el pr\u00f3ximo mi\u00e9rcoles13\/4 no atender\u00e1.<\/p>\n\n\n\n<hr class=\"wp-block-separator has-css-opacity\"\/>\n\n\n\n<p>Compartimos video de la publicaci\u00f3n de&nbsp;<a href=\"https:\/\/www.facebook.com\/superiorPBA\/?__cft__[0]=AZUTc0SDnVwZOoS31irNvw9mNzOC3VgolcmfarEJKLkE8521aTDSD6PDJb1KORX0tnM85ATYSpmWVrWqGEiQXyTvuP7HYwNInF-XQWQzm0-7MJU3vJNGQTJ_StG7bqLAsp3FI0paV4yMUb5sd5M8u1fgFU7iFPOu3tSp1ne1Bod9ng&amp;__tn__=-UC%2CP-R\"><strong>Direcci\u00f3n Provincial de Educaci\u00f3n Superior<\/strong><\/a><\/p>\n\n\n\n<p>Este 4 de abril la comunidad educativa del ISFD N\u00b021 \u201cRicardo Rojas\u201d junto a la Direcci\u00f3n Provincial de Educaci\u00f3n Superior realizaron la mudanza del mobiliario al nuevo edificio construido, remodelado y ampliado para este Instituto. Durante la construcci\u00f3n se armaron dos aulas modulares para las y los estudiantes del nivel. Participaron de este encuentro la Directora Provincial Marisa Gori, la Directora del Instituto, Mirta Alejandra Alderete, la integrante del equipo de pol\u00edticas estudiantiles, Ana Teplitzky, el Centro de estudiantes y las y los ingresantes a la carrera de biolog\u00eda. Esta es una obra m\u00e1s que la Provincia de Buenos Aires impulsa para ampliar y fortalecer el sistema educativo bonaerense.https:\/\/www.youtube.com\/embed\/cqut2QFi3fo?feature=oembed<\/p>\n\n\n\n<p>4\/4\/22<\/p>\n\n\n\n<figure class=\"wp-block-image\"><img decoding=\"async\" loading=\"lazy\" width=\"1343\" height=\"1900\" src=\"https:\/\/isfd21-bue.infd.edu.ar\/sitio\/wp-content\/uploads\/2022\/04\/Catalogo-de-productos-flyer-o-folleto-para-tienda-profesional-color-beis-y-marron-3-1343x1900.jpg\" alt=\"\" class=\"wp-image-5304\" srcset=\"https:\/\/isfd21-bue.infd.edu.ar\/sitio\/wp-content\/uploads\/2022\/04\/Catalogo-de-productos-flyer-o-folleto-para-tienda-profesional-color-beis-y-marron-3-1343x1900.jpg 1343w, https:\/\/isfd21-bue.infd.edu.ar\/sitio\/wp-content\/uploads\/2022\/04\/Catalogo-de-productos-flyer-o-folleto-para-tienda-profesional-color-beis-y-marron-3-707x1000.jpg 707w, https:\/\/isfd21-bue.infd.edu.ar\/sitio\/wp-content\/uploads\/2022\/04\/Catalogo-de-productos-flyer-o-folleto-para-tienda-profesional-color-beis-y-marron-3-768x1086.jpg 768w, https:\/\/isfd21-bue.infd.edu.ar\/sitio\/wp-content\/uploads\/2022\/04\/Catalogo-de-productos-flyer-o-folleto-para-tienda-profesional-color-beis-y-marron-3-1086x1536.jpg 1086w, https:\/\/isfd21-bue.infd.edu.ar\/sitio\/wp-content\/uploads\/2022\/04\/Catalogo-de-productos-flyer-o-folleto-para-tienda-profesional-color-beis-y-marron-3.jpg 1414w\" sizes=\"(max-width: 1343px) 100vw, 1343px\" \/><\/figure>\n\n\n\n<figure class=\"wp-block-image\"><img decoding=\"async\" loading=\"lazy\" width=\"1160\" height=\"868\" src=\"https:\/\/isfd21-bue.infd.edu.ar\/sitio\/wp-content\/uploads\/2022\/04\/WhatsApp-Image-2022-04-04-at-5.20.38-PM.jpeg\" alt=\"\" class=\"wp-image-5311\" srcset=\"https:\/\/isfd21-bue.infd.edu.ar\/sitio\/wp-content\/uploads\/2022\/04\/WhatsApp-Image-2022-04-04-at-5.20.38-PM.jpeg 1160w, https:\/\/isfd21-bue.infd.edu.ar\/sitio\/wp-content\/uploads\/2022\/04\/WhatsApp-Image-2022-04-04-at-5.20.38-PM-1000x748.jpeg 1000w, https:\/\/isfd21-bue.infd.edu.ar\/sitio\/wp-content\/uploads\/2022\/04\/WhatsApp-Image-2022-04-04-at-5.20.38-PM-768x575.jpeg 768w\" sizes=\"(max-width: 1160px) 100vw, 1160px\" \/><\/figure>\n\n\n\n<figure class=\"wp-block-image\"><img decoding=\"async\" loading=\"lazy\" width=\"1343\" height=\"1900\" src=\"https:\/\/isfd21-bue.infd.edu.ar\/sitio\/wp-content\/uploads\/2022\/04\/Catalogo-de-productos-flyer-o-folleto-para-tienda-profesional-color-beis-y-marron-4-1343x1900.jpg\" alt=\"\" class=\"wp-image-5302\" srcset=\"https:\/\/isfd21-bue.infd.edu.ar\/sitio\/wp-content\/uploads\/2022\/04\/Catalogo-de-productos-flyer-o-folleto-para-tienda-profesional-color-beis-y-marron-4-1343x1900.jpg 1343w, https:\/\/isfd21-bue.infd.edu.ar\/sitio\/wp-content\/uploads\/2022\/04\/Catalogo-de-productos-flyer-o-folleto-para-tienda-profesional-color-beis-y-marron-4-707x1000.jpg 707w, https:\/\/isfd21-bue.infd.edu.ar\/sitio\/wp-content\/uploads\/2022\/04\/Catalogo-de-productos-flyer-o-folleto-para-tienda-profesional-color-beis-y-marron-4-768x1086.jpg 768w, https:\/\/isfd21-bue.infd.edu.ar\/sitio\/wp-content\/uploads\/2022\/04\/Catalogo-de-productos-flyer-o-folleto-para-tienda-profesional-color-beis-y-marron-4-1086x1536.jpg 1086w, https:\/\/isfd21-bue.infd.edu.ar\/sitio\/wp-content\/uploads\/2022\/04\/Catalogo-de-productos-flyer-o-folleto-para-tienda-profesional-color-beis-y-marron-4.jpg 1414w\" sizes=\"(max-width: 1343px) 100vw, 1343px\" \/><\/figure>\n\n\n\n<hr class=\"wp-block-separator has-css-opacity\"\/>\n\n\n\n<p>04\/04\/\/22<\/p>\n\n\n\n<p>ATENCI\u00d2N CARRERA INGL\u00c8S, HAY MATERIAL DE LECTURA:<a href=\"https:\/\/isfd21-bue.infd.edu.ar\/sitio\/wp-content\/uploads\/2022\/04\/Assessment-sheet-1.pdf\"><strong><em>Assessment-sheet-1<\/em><\/strong><\/a><a href=\"https:\/\/isfd21-bue.infd.edu.ar\/sitio\/wp-content\/uploads\/2022\/04\/Assessment-sheet-1.pdf\">Descarga<\/a><a href=\"https:\/\/isfd21-bue.infd.edu.ar\/sitio\/wp-content\/uploads\/2022\/04\/TIFO-Documento-general-2022-3.pdf\"><em><strong>TIFO-Documento-general-2022-3<\/strong><\/em><\/a><a href=\"https:\/\/isfd21-bue.infd.edu.ar\/sitio\/wp-content\/uploads\/2022\/04\/TIFO-Documento-general-2022-3.pdf\">Descarga<\/a><\/p>\n\n\n\n<figure class=\"wp-block-image\"><img decoding=\"async\" loading=\"lazy\" width=\"1343\" height=\"1900\" src=\"https:\/\/isfd21-bue.infd.edu.ar\/sitio\/wp-content\/uploads\/2022\/04\/Catalogo-de-productos-flyer-o-folleto-para-tienda-profesional-color-beis-y-marron-2-1343x1900.jpg\" alt=\"\" class=\"wp-image-5288\" srcset=\"https:\/\/isfd21-bue.infd.edu.ar\/sitio\/wp-content\/uploads\/2022\/04\/Catalogo-de-productos-flyer-o-folleto-para-tienda-profesional-color-beis-y-marron-2-1343x1900.jpg 1343w, https:\/\/isfd21-bue.infd.edu.ar\/sitio\/wp-content\/uploads\/2022\/04\/Catalogo-de-productos-flyer-o-folleto-para-tienda-profesional-color-beis-y-marron-2-707x1000.jpg 707w, https:\/\/isfd21-bue.infd.edu.ar\/sitio\/wp-content\/uploads\/2022\/04\/Catalogo-de-productos-flyer-o-folleto-para-tienda-profesional-color-beis-y-marron-2-768x1086.jpg 768w, https:\/\/isfd21-bue.infd.edu.ar\/sitio\/wp-content\/uploads\/2022\/04\/Catalogo-de-productos-flyer-o-folleto-para-tienda-profesional-color-beis-y-marron-2-1086x1536.jpg 1086w, https:\/\/isfd21-bue.infd.edu.ar\/sitio\/wp-content\/uploads\/2022\/04\/Catalogo-de-productos-flyer-o-folleto-para-tienda-profesional-color-beis-y-marron-2.jpg 1414w\" sizes=\"(max-width: 1343px) 100vw, 1343px\" \/><\/figure>\n\n\n\n<p>01\/04\/22<\/p>\n\n\n\n<figure class=\"wp-block-image\"><img decoding=\"async\" loading=\"lazy\" width=\"1343\" height=\"1900\" src=\"https:\/\/isfd21-bue.infd.edu.ar\/sitio\/wp-content\/uploads\/2022\/04\/Azul-y-Morado-Informal-Corporativo-Tecnologia-Empresa-Volante-1343x1900.jpg\" alt=\"\" class=\"wp-image-5279\" srcset=\"https:\/\/isfd21-bue.infd.edu.ar\/sitio\/wp-content\/uploads\/2022\/04\/Azul-y-Morado-Informal-Corporativo-Tecnologia-Empresa-Volante-1343x1900.jpg 1343w, https:\/\/isfd21-bue.infd.edu.ar\/sitio\/wp-content\/uploads\/2022\/04\/Azul-y-Morado-Informal-Corporativo-Tecnologia-Empresa-Volante-707x1000.jpg 707w, https:\/\/isfd21-bue.infd.edu.ar\/sitio\/wp-content\/uploads\/2022\/04\/Azul-y-Morado-Informal-Corporativo-Tecnologia-Empresa-Volante-768x1086.jpg 768w, https:\/\/isfd21-bue.infd.edu.ar\/sitio\/wp-content\/uploads\/2022\/04\/Azul-y-Morado-Informal-Corporativo-Tecnologia-Empresa-Volante-1086x1536.jpg 1086w, https:\/\/isfd21-bue.infd.edu.ar\/sitio\/wp-content\/uploads\/2022\/04\/Azul-y-Morado-Informal-Corporativo-Tecnologia-Empresa-Volante.jpg 1414w\" sizes=\"(max-width: 1343px) 100vw, 1343px\" \/><\/figure>\n\n\n\n<p><strong>ATENCI\u00d3N PROFESORADO EN INGL\u00c9S<\/strong><\/p>\n\n\n\n<figure class=\"wp-block-image\"><img decoding=\"async\" loading=\"lazy\" width=\"642\" height=\"571\" src=\"https:\/\/isfd21-bue.infd.edu.ar\/sitio\/wp-content\/uploads\/2022\/04\/image.png\" alt=\"\" class=\"wp-image-5277\"\/><\/figure>\n\n\n\n<p>30\/03\/22<\/p>\n\n\n\n<figure class=\"wp-block-image\"><img decoding=\"async\" loading=\"lazy\" width=\"1343\" height=\"1900\" src=\"https:\/\/isfd21-bue.infd.edu.ar\/sitio\/wp-content\/uploads\/2022\/03\/Azul-y-Morado-Informal-Corporativo-Tecnologia-Empresa-Volante-1-1343x1900.jpg\" alt=\"\" class=\"wp-image-5265\" srcset=\"https:\/\/isfd21-bue.infd.edu.ar\/sitio\/wp-content\/uploads\/2022\/03\/Azul-y-Morado-Informal-Corporativo-Tecnologia-Empresa-Volante-1-1343x1900.jpg 1343w, https:\/\/isfd21-bue.infd.edu.ar\/sitio\/wp-content\/uploads\/2022\/03\/Azul-y-Morado-Informal-Corporativo-Tecnologia-Empresa-Volante-1-707x1000.jpg 707w, https:\/\/isfd21-bue.infd.edu.ar\/sitio\/wp-content\/uploads\/2022\/03\/Azul-y-Morado-Informal-Corporativo-Tecnologia-Empresa-Volante-1-768x1086.jpg 768w, https:\/\/isfd21-bue.infd.edu.ar\/sitio\/wp-content\/uploads\/2022\/03\/Azul-y-Morado-Informal-Corporativo-Tecnologia-Empresa-Volante-1-1086x1536.jpg 1086w, https:\/\/isfd21-bue.infd.edu.ar\/sitio\/wp-content\/uploads\/2022\/03\/Azul-y-Morado-Informal-Corporativo-Tecnologia-Empresa-Volante-1.jpg 1414w\" sizes=\"(max-width: 1343px) 100vw, 1343px\" \/><\/figure>\n\n\n\n<figure class=\"wp-block-image\"><img decoding=\"async\" loading=\"lazy\" width=\"1343\" height=\"1900\" src=\"https:\/\/isfd21-bue.infd.edu.ar\/sitio\/wp-content\/uploads\/2022\/03\/Azul-y-Morado-Informal-Corporativo-Tecnologia-Empresa-Volante-2-1343x1900.jpg\" alt=\"\" class=\"wp-image-5261\" srcset=\"https:\/\/isfd21-bue.infd.edu.ar\/sitio\/wp-content\/uploads\/2022\/03\/Azul-y-Morado-Informal-Corporativo-Tecnologia-Empresa-Volante-2-1343x1900.jpg 1343w, https:\/\/isfd21-bue.infd.edu.ar\/sitio\/wp-content\/uploads\/2022\/03\/Azul-y-Morado-Informal-Corporativo-Tecnologia-Empresa-Volante-2-707x1000.jpg 707w, https:\/\/isfd21-bue.infd.edu.ar\/sitio\/wp-content\/uploads\/2022\/03\/Azul-y-Morado-Informal-Corporativo-Tecnologia-Empresa-Volante-2-768x1086.jpg 768w, https:\/\/isfd21-bue.infd.edu.ar\/sitio\/wp-content\/uploads\/2022\/03\/Azul-y-Morado-Informal-Corporativo-Tecnologia-Empresa-Volante-2-1086x1536.jpg 1086w, https:\/\/isfd21-bue.infd.edu.ar\/sitio\/wp-content\/uploads\/2022\/03\/Azul-y-Morado-Informal-Corporativo-Tecnologia-Empresa-Volante-2.jpg 1414w\" sizes=\"(max-width: 1343px) 100vw, 1343px\" \/><\/figure>\n\n\n\n<p>28\/03\/22<\/p>\n\n\n\n<figure class=\"wp-block-image\"><img decoding=\"async\" loading=\"lazy\" width=\"1343\" height=\"1900\" src=\"https:\/\/isfd21-bue.infd.edu.ar\/sitio\/wp-content\/uploads\/2022\/03\/Catalogo-de-productos-flyer-o-folleto-para-tienda-profesional-color-beis-y-marron-1-1343x1900.jpg\" alt=\"\" class=\"wp-image-5252\" srcset=\"https:\/\/isfd21-bue.infd.edu.ar\/sitio\/wp-content\/uploads\/2022\/03\/Catalogo-de-productos-flyer-o-folleto-para-tienda-profesional-color-beis-y-marron-1-1343x1900.jpg 1343w, https:\/\/isfd21-bue.infd.edu.ar\/sitio\/wp-content\/uploads\/2022\/03\/Catalogo-de-productos-flyer-o-folleto-para-tienda-profesional-color-beis-y-marron-1-707x1000.jpg 707w, https:\/\/isfd21-bue.infd.edu.ar\/sitio\/wp-content\/uploads\/2022\/03\/Catalogo-de-productos-flyer-o-folleto-para-tienda-profesional-color-beis-y-marron-1-768x1086.jpg 768w, https:\/\/isfd21-bue.infd.edu.ar\/sitio\/wp-content\/uploads\/2022\/03\/Catalogo-de-productos-flyer-o-folleto-para-tienda-profesional-color-beis-y-marron-1-1086x1536.jpg 1086w, https:\/\/isfd21-bue.infd.edu.ar\/sitio\/wp-content\/uploads\/2022\/03\/Catalogo-de-productos-flyer-o-folleto-para-tienda-profesional-color-beis-y-marron-1.jpg 1414w\" sizes=\"(max-width: 1343px) 100vw, 1343px\" \/><\/figure>\n\n\n\n<p>ATENCI\u00d3N EGRESADOS LLEGARON CONSTANCIAS DE INGRESO A LA DOCENCIA DE LAS SIGUIENTES PERSONAS:<\/p>\n\n\n\n<figure class=\"wp-block-image\"><img decoding=\"async\" loading=\"lazy\" width=\"960\" height=\"1280\" src=\"https:\/\/isfd21-bue.infd.edu.ar\/sitio\/wp-content\/uploads\/2022\/03\/WhatsApp-Image-2022-03-29-at-2.15.01-PM-1.jpeg\" alt=\"\" class=\"wp-image-5248\" srcset=\"https:\/\/isfd21-bue.infd.edu.ar\/sitio\/wp-content\/uploads\/2022\/03\/WhatsApp-Image-2022-03-29-at-2.15.01-PM-1.jpeg 960w, https:\/\/isfd21-bue.infd.edu.ar\/sitio\/wp-content\/uploads\/2022\/03\/WhatsApp-Image-2022-03-29-at-2.15.01-PM-1-750x1000.jpeg 750w, https:\/\/isfd21-bue.infd.edu.ar\/sitio\/wp-content\/uploads\/2022\/03\/WhatsApp-Image-2022-03-29-at-2.15.01-PM-1-768x1024.jpeg 768w\" sizes=\"(max-width: 960px) 100vw, 960px\" \/><\/figure>\n\n\n\n<figure class=\"wp-block-image\"><img decoding=\"async\" loading=\"lazy\" width=\"960\" height=\"1280\" src=\"https:\/\/isfd21-bue.infd.edu.ar\/sitio\/wp-content\/uploads\/2022\/03\/WhatsApp-Image-2022-03-29-at-2.15.01-PM.jpeg\" alt=\"\" class=\"wp-image-5249\" srcset=\"https:\/\/isfd21-bue.infd.edu.ar\/sitio\/wp-content\/uploads\/2022\/03\/WhatsApp-Image-2022-03-29-at-2.15.01-PM.jpeg 960w, https:\/\/isfd21-bue.infd.edu.ar\/sitio\/wp-content\/uploads\/2022\/03\/WhatsApp-Image-2022-03-29-at-2.15.01-PM-750x1000.jpeg 750w, https:\/\/isfd21-bue.infd.edu.ar\/sitio\/wp-content\/uploads\/2022\/03\/WhatsApp-Image-2022-03-29-at-2.15.01-PM-768x1024.jpeg 768w\" sizes=\"(max-width: 960px) 100vw, 960px\" \/><\/figure>\n\n\n\n<p><em><strong>Esta semana contin\u00faan desarrollandose los talleres para ingresantes, EJE FORMACI\u00d3N ESPEC\u00cdFICA<\/strong>.<\/em><\/p>\n\n\n\n<p><strong><em>Rememoramos nuestro video institucional, tratado en las primeras semanas cuando se dict\u00f3 el :<\/em><\/strong><\/p>\n\n\n\n<p><em>Hac\u00e9 clic en el link para verlo<\/em><\/p>\n\n\n\n<figure class=\"wp-block-image\"><img decoding=\"async\" loading=\"lazy\" width=\"681\" height=\"398\" src=\"https:\/\/isfd21-bue.infd.edu.ar\/sitio\/wp-content\/uploads\/2022\/03\/WhatsApp-Image-2022-03-28-at-4.24.25-PM.jpeg\" alt=\"\" class=\"wp-image-5242\"\/><\/figure>\n\n\n\n<figure class=\"wp-block-embed\"><div class=\"wp-block-embed__wrapper\">\nhttps:\/\/drive.google.com\/file\/d\/1KH7wjfo5hlw7LG65XjFbXLbQumUbQpqv\/view\n<\/div><\/figure>\n\n\n\n<figure class=\"wp-block-image\"><img decoding=\"async\" loading=\"lazy\" width=\"1343\" height=\"1900\" src=\"https:\/\/isfd21-bue.infd.edu.ar\/sitio\/wp-content\/uploads\/2022\/03\/Anadir-un-titulo-8-1343x1900.jpg\" alt=\"\" class=\"wp-image-5229\" srcset=\"https:\/\/isfd21-bue.infd.edu.ar\/sitio\/wp-content\/uploads\/2022\/03\/Anadir-un-titulo-8-1343x1900.jpg 1343w, https:\/\/isfd21-bue.infd.edu.ar\/sitio\/wp-content\/uploads\/2022\/03\/Anadir-un-titulo-8-707x1000.jpg 707w, https:\/\/isfd21-bue.infd.edu.ar\/sitio\/wp-content\/uploads\/2022\/03\/Anadir-un-titulo-8-768x1086.jpg 768w, https:\/\/isfd21-bue.infd.edu.ar\/sitio\/wp-content\/uploads\/2022\/03\/Anadir-un-titulo-8-1086x1536.jpg 1086w, https:\/\/isfd21-bue.infd.edu.ar\/sitio\/wp-content\/uploads\/2022\/03\/Anadir-un-titulo-8.jpg 1414w\" sizes=\"(max-width: 1343px) 100vw, 1343px\" \/><\/figure>\n\n\n\n<p><strong><em>25\/03\/22<\/em><\/strong><\/p>\n\n\n\n<h4 class=\"wp-block-heading\"><strong><em>CAMBIO DE PLAN<\/em><\/strong><\/h4>\n\n\n\n<h4 class=\"wp-block-heading\"><strong><em>Reuni\u00f3n en el instituto con las Jefas de \u00c1rea y los estudiantes que tengan consultas sobre el cambio de plan de los profesorados de lengua, ingl\u00e9s y matem\u00e1tica.<\/em><\/strong><\/h4>\n\n\n\n<h4 class=\"wp-block-heading\"><strong><em>(No deben asistir quienes est\u00e1n en el plan actual)<\/em><\/strong><\/h4>\n\n\n\n<h4 class=\"wp-block-heading\"><strong><em>Profesorado de lengua: 1\/4 a las 17 hs<\/em><\/strong><\/h4>\n\n\n\n<h4 class=\"wp-block-heading\"><strong><em>Profesorado de matem\u00e1tica: 31\/3 a las 10 hs.<\/em><\/strong><\/h4>\n\n\n\n<h4 class=\"wp-block-heading\"><strong><em>Profesorado de ingl\u00e9s: 29\/3 a las 11 hs.<\/em><\/strong><\/h4>\n\n\n\n<h4 class=\"wp-block-heading\"><strong><em>Los esperamos.<\/em><\/strong><\/h4>\n\n\n\n<hr class=\"wp-block-separator has-css-opacity\"\/>\n\n\n\n<hr class=\"wp-block-separator has-css-opacity\"\/>\n\n\n\n<p><strong><em>En el d\u00eda de ayer recordamos y no olvidamos\u2026nunca m\u00e1s!<\/em><\/strong><\/p>\n\n\n\n<p><em>Esta fecha se conmemora en Argentina en&nbsp;<strong>memoria<\/strong>&nbsp;de las v\u00edctimas de la \u00faltima dictadura militar, que usurp\u00f3 el gobierno del Estado nacional argentino entre el&nbsp;<strong>24 de marzo de 1976<\/strong>&nbsp;y el 10 de diciembre de 1983<\/em><\/p>\n\n\n\n<figure class=\"wp-block-image\"><img decoding=\"async\" loading=\"lazy\" width=\"526\" height=\"526\" src=\"https:\/\/isfd21-bue.infd.edu.ar\/sitio\/wp-content\/uploads\/2022\/03\/277175321_1120767368723240_3416257557083471713_n.jpg\" alt=\"\" class=\"wp-image-5223\" srcset=\"https:\/\/isfd21-bue.infd.edu.ar\/sitio\/wp-content\/uploads\/2022\/03\/277175321_1120767368723240_3416257557083471713_n.jpg 526w, https:\/\/isfd21-bue.infd.edu.ar\/sitio\/wp-content\/uploads\/2022\/03\/277175321_1120767368723240_3416257557083471713_n-500x500.jpg 500w\" sizes=\"(max-width: 526px) 100vw, 526px\" \/><\/figure>\n\n\n\n<p><em><strong>23\/3\/22<\/strong><\/em><\/p>\n\n\n\n<p><strong><em>SIGUE AVANZANDO LA OBRA EN LA CASONA<\/em><\/strong><\/p>\n\n\n\n<p><em><strong>Compartimos unas fotos del interior de la Casona, realmente es una alegr\u00eda ver los avances, poco a poco recuperamos nuestro espacio. Agradecemos siempre el acompa\u00f1amiento de toda la comunidad.<\/strong><\/em><\/p>\n\n\n\n<p><strong><em>Atte. Equipo Directivo<\/em><\/strong><\/p>\n\n\n\n<figure class=\"wp-block-image\"><img decoding=\"async\" loading=\"lazy\" width=\"1070\" height=\"1900\" src=\"https:\/\/isfd21-bue.infd.edu.ar\/sitio\/wp-content\/uploads\/2022\/03\/277297365_1120500328749944_4037696749979073223_n-1-1070x1900.jpg\" alt=\"\" class=\"wp-image-5200\" srcset=\"https:\/\/isfd21-bue.infd.edu.ar\/sitio\/wp-content\/uploads\/2022\/03\/277297365_1120500328749944_4037696749979073223_n-1-1070x1900.jpg 1070w, https:\/\/isfd21-bue.infd.edu.ar\/sitio\/wp-content\/uploads\/2022\/03\/277297365_1120500328749944_4037696749979073223_n-1-563x1000.jpg 563w, https:\/\/isfd21-bue.infd.edu.ar\/sitio\/wp-content\/uploads\/2022\/03\/277297365_1120500328749944_4037696749979073223_n-1-768x1364.jpg 768w, https:\/\/isfd21-bue.infd.edu.ar\/sitio\/wp-content\/uploads\/2022\/03\/277297365_1120500328749944_4037696749979073223_n-1-865x1536.jpg 865w, https:\/\/isfd21-bue.infd.edu.ar\/sitio\/wp-content\/uploads\/2022\/03\/277297365_1120500328749944_4037696749979073223_n-1.jpg 1153w\" sizes=\"(max-width: 1070px) 100vw, 1070px\" \/><\/figure>\n\n\n\n<hr class=\"wp-block-separator has-css-opacity\"\/>\n\n\n\n<hr class=\"wp-block-separator has-css-opacity\"\/>\n\n\n\n<p><strong><em>PR\u00d3XIMA REUNI\u00d3N DEL CAI. A la comunidad educativa: Compartimos el orden del d\u00eda para la sesi\u00f3n del CAI que se llevar\u00e1 a cabo el d\u00eda mi\u00e9rcoles 30 del corriente a las 16hs. Enlace Meet: Informaci\u00f3n para unirse a Google MeetEnlace a la videollamada:&nbsp;<a rel=\"noreferrer noopener\" href=\"https:\/\/l.facebook.com\/l.php?u=https%3A%2F%2Fmeet.google.com%2Fmcx-vhfh-shj%3Ffbclid%3DIwAR0YyRYEHKypN3gkXCOIi3_9GACFiZPyR16OCpmOxtqsfhPWdbwEY_iiffw&amp;h=AT3XmpnYGKxKdJ7yWY1_nygfI8lCCVAcqcteQRs3F3ixNA8uV7d4_2PcAuY_4-yh6g81CXroCgTGNCeYYVW6bAKWFMNYcenmlLCuPBdZLnRZQuMzK4Q7ADa-ufBQwHqbkpRMbI2iTLXz7KQmbThJ&amp;__tn__=-UK-R&amp;c[0]=AT2w7CjKf1oQ6XCW-3kCwrU9liN2ttagcbelNuiv7ODC_uXzz8epw7AXPCJSFRnaQXjD2waNOARe5QDv-G08RrNC7dCM9rcz3Jg4hG5LpRvi85zVbEaZUmY1_bRE5_EVOdQiI8GcCj5GD5LqMf9IofdSMnk3OakdgieQT_2cFcC8U4Q4Q9EE_e6q3gW_58Mgm40APXSTx-rzSD_54Qs\" target=\"_blank\">https:\/\/meet.google.com\/mcx-vhfh-shj<\/a><\/em><\/strong><\/p>\n\n\n\n<p><strong><em>Modalidad para la continuidad de los Concursos y reuniones de CAI (virtualidad\/presencialidad\/mixto)2) Elecciones. Establecer cronograma para la convocatoria (4044\/03 2.3)3) Infraestructura: relevamiento4) Revisi\u00f3n de Comisiones 2022 hasta renovaci\u00f3n del CAI5) Consideraciones acerca de la revisi\u00f3n necesaria de los acuerdos institucionales AIC y AIE, as\u00ed como del Reglamento del CAI6) Aval para el r\u00e9gimen de cursadas presenciales\/semipresenciales y virtuales que habilitan los DC de los nuevos planes.7) Lectura de notas al CAI. Saludos cordiales.<\/em><\/strong><\/p>\n\n\n\n<hr class=\"wp-block-separator has-css-opacity\"\/>\n\n\n\n<p><em>Estimada Comunidad educativa: Nos acercamos por este medio para recordarles que el viernes 25 de marzo a las 16 hs se llevar\u00e1 adelante la Asamblea Anual Ordinaria de la Asociaci\u00f3n Cooperadora en el instituto (reuni\u00f3n presencial). Es de gran importancia los que puedan participar para volver a tener activa la Cooperadora. Asimismo, les informamos que para participar deber\u00e1n abonar la cuota anual de $300.<\/em><\/p>\n\n\n\n<p><em>Los esperamos.<\/em><\/p>\n\n\n\n<hr class=\"wp-block-separator has-css-opacity\"\/>\n\n\n\n<p><strong><em>ATENCI\u00d3N INGRESANTES 2022, SE COMPARTE CRONOGRAMA DE CURSADA PARA EL TALLER DE INGRESANTES, EJE 2 (EJE DE LA FORMACI\u00d3N ESPEC\u00cdFICA DE LA CARRERA). CRONOGRAMAS POR TURNO<\/em><\/strong><\/p>\n\n\n\n<figure class=\"wp-block-image\"><img decoding=\"async\" loading=\"lazy\" width=\"1343\" height=\"1900\" src=\"https:\/\/isfd21-bue.infd.edu.ar\/sitio\/wp-content\/uploads\/2022\/03\/Anadir-un-titulo-4-1-1343x1900.jpg\" alt=\"\" class=\"wp-image-5187\" srcset=\"https:\/\/isfd21-bue.infd.edu.ar\/sitio\/wp-content\/uploads\/2022\/03\/Anadir-un-titulo-4-1-1343x1900.jpg 1343w, https:\/\/isfd21-bue.infd.edu.ar\/sitio\/wp-content\/uploads\/2022\/03\/Anadir-un-titulo-4-1-707x1000.jpg 707w, https:\/\/isfd21-bue.infd.edu.ar\/sitio\/wp-content\/uploads\/2022\/03\/Anadir-un-titulo-4-1-768x1086.jpg 768w, https:\/\/isfd21-bue.infd.edu.ar\/sitio\/wp-content\/uploads\/2022\/03\/Anadir-un-titulo-4-1-1086x1536.jpg 1086w, https:\/\/isfd21-bue.infd.edu.ar\/sitio\/wp-content\/uploads\/2022\/03\/Anadir-un-titulo-4-1.jpg 1414w\" sizes=\"(max-width: 1343px) 100vw, 1343px\" \/><\/figure>\n\n\n\n<figure class=\"wp-block-image\"><img decoding=\"async\" loading=\"lazy\" width=\"1343\" height=\"1900\" src=\"https:\/\/isfd21-bue.infd.edu.ar\/sitio\/wp-content\/uploads\/2022\/03\/Anadir-un-titulo-6-3-1343x1900.jpg\" alt=\"\" class=\"wp-image-5196\" srcset=\"https:\/\/isfd21-bue.infd.edu.ar\/sitio\/wp-content\/uploads\/2022\/03\/Anadir-un-titulo-6-3-1343x1900.jpg 1343w, https:\/\/isfd21-bue.infd.edu.ar\/sitio\/wp-content\/uploads\/2022\/03\/Anadir-un-titulo-6-3-707x1000.jpg 707w, https:\/\/isfd21-bue.infd.edu.ar\/sitio\/wp-content\/uploads\/2022\/03\/Anadir-un-titulo-6-3-768x1086.jpg 768w, https:\/\/isfd21-bue.infd.edu.ar\/sitio\/wp-content\/uploads\/2022\/03\/Anadir-un-titulo-6-3-1086x1536.jpg 1086w, https:\/\/isfd21-bue.infd.edu.ar\/sitio\/wp-content\/uploads\/2022\/03\/Anadir-un-titulo-6-3.jpg 1414w\" sizes=\"(max-width: 1343px) 100vw, 1343px\" \/><\/figure>\n\n\n\n<figure class=\"wp-block-image\"><img decoding=\"async\" loading=\"lazy\" width=\"1343\" height=\"1900\" src=\"https:\/\/isfd21-bue.infd.edu.ar\/sitio\/wp-content\/uploads\/2022\/03\/Anadir-un-titulo-7-2-1343x1900.jpg\" alt=\"\" class=\"wp-image-5191\" srcset=\"https:\/\/isfd21-bue.infd.edu.ar\/sitio\/wp-content\/uploads\/2022\/03\/Anadir-un-titulo-7-2-1343x1900.jpg 1343w, https:\/\/isfd21-bue.infd.edu.ar\/sitio\/wp-content\/uploads\/2022\/03\/Anadir-un-titulo-7-2-707x1000.jpg 707w, https:\/\/isfd21-bue.infd.edu.ar\/sitio\/wp-content\/uploads\/2022\/03\/Anadir-un-titulo-7-2-768x1086.jpg 768w, https:\/\/isfd21-bue.infd.edu.ar\/sitio\/wp-content\/uploads\/2022\/03\/Anadir-un-titulo-7-2-1086x1536.jpg 1086w, https:\/\/isfd21-bue.infd.edu.ar\/sitio\/wp-content\/uploads\/2022\/03\/Anadir-un-titulo-7-2.jpg 1414w\" sizes=\"(max-width: 1343px) 100vw, 1343px\" \/><\/figure>\n\n\n\n<p>21\/3\/22<\/p>\n\n\n\n<p><strong><em>ATENCI\u00d3N<\/em><\/strong><\/p>\n\n\n\n<figure class=\"wp-block-image\"><img decoding=\"async\" loading=\"lazy\" width=\"1343\" height=\"1900\" src=\"https:\/\/isfd21-bue.infd.edu.ar\/sitio\/wp-content\/uploads\/2022\/03\/Anadir-un-titulo-2-1343x1900.jpg\" alt=\"\" class=\"wp-image-5160\" srcset=\"https:\/\/isfd21-bue.infd.edu.ar\/sitio\/wp-content\/uploads\/2022\/03\/Anadir-un-titulo-2-1343x1900.jpg 1343w, https:\/\/isfd21-bue.infd.edu.ar\/sitio\/wp-content\/uploads\/2022\/03\/Anadir-un-titulo-2-707x1000.jpg 707w, https:\/\/isfd21-bue.infd.edu.ar\/sitio\/wp-content\/uploads\/2022\/03\/Anadir-un-titulo-2-768x1086.jpg 768w, https:\/\/isfd21-bue.infd.edu.ar\/sitio\/wp-content\/uploads\/2022\/03\/Anadir-un-titulo-2-1086x1536.jpg 1086w, https:\/\/isfd21-bue.infd.edu.ar\/sitio\/wp-content\/uploads\/2022\/03\/Anadir-un-titulo-2.jpg 1414w\" sizes=\"(max-width: 1343px) 100vw, 1343px\" \/><\/figure>\n\n\n\n<figure class=\"wp-block-image\"><img decoding=\"async\" loading=\"lazy\" width=\"1343\" height=\"1900\" src=\"https:\/\/isfd21-bue.infd.edu.ar\/sitio\/wp-content\/uploads\/2022\/03\/Anadir-un-titulo-3-1343x1900.jpg\" alt=\"\" class=\"wp-image-5159\" srcset=\"https:\/\/isfd21-bue.infd.edu.ar\/sitio\/wp-content\/uploads\/2022\/03\/Anadir-un-titulo-3-1343x1900.jpg 1343w, https:\/\/isfd21-bue.infd.edu.ar\/sitio\/wp-content\/uploads\/2022\/03\/Anadir-un-titulo-3-707x1000.jpg 707w, https:\/\/isfd21-bue.infd.edu.ar\/sitio\/wp-content\/uploads\/2022\/03\/Anadir-un-titulo-3-768x1086.jpg 768w, https:\/\/isfd21-bue.infd.edu.ar\/sitio\/wp-content\/uploads\/2022\/03\/Anadir-un-titulo-3-1086x1536.jpg 1086w, https:\/\/isfd21-bue.infd.edu.ar\/sitio\/wp-content\/uploads\/2022\/03\/Anadir-un-titulo-3.jpg 1414w\" sizes=\"(max-width: 1343px) 100vw, 1343px\" \/><\/figure>\n\n\n\n<ul>\n<li>No hay categor\u00edas<\/li>\n<\/ul>\n\n\n\n<p>18\/03\/2022<\/p>\n\n\n\n<p><strong><em>ATENCI\u00d3N INGRESANTES CUFBA<\/em><\/strong><\/p>\n\n\n\n<figure class=\"wp-block-image\"><img decoding=\"async\" loading=\"lazy\" width=\"645\" height=\"702\" src=\"https:\/\/isfd21-bue.infd.edu.ar\/sitio\/wp-content\/uploads\/2022\/03\/image-5.png\" alt=\"\" class=\"wp-image-5155\"\/><\/figure>\n\n\n\n<h4 class=\"wp-block-heading\"><strong><em>ATENCI\u00d3N CAMBIO DE FECHA DE MESAS<\/em><\/strong><\/h4>\n\n\n\n<h4 class=\"wp-block-heading\"><strong><em>PROFESORADO DE FILOSOF\u00cdA 3\u00ba A\u00d1O, FILOSOF\u00cdA DE LAS CIENCIAS II DEL 19\/03 SE SUSPENDE A LA ESPERA DE REPROGRAMACI\u00d3N DE FECHA.<\/em><\/strong><\/h4>\n\n\n\n<hr class=\"wp-block-separator has-css-opacity\"\/>\n\n\n\n<h4 class=\"wp-block-heading\"><strong><em>ATENCI\u00d3N<\/em><\/strong><\/h4>\n\n\n\n<h4 class=\"wp-block-heading\"><strong><em>PUEDEN PASAR A RETIRAR CONSTANCIAS DE INGRESO A LA DOCENCIA.<\/em><\/strong><\/h4>\n\n\n\n<h4 class=\"wp-block-heading\"><strong><em>Se adjunta n\u00f3mina<\/em><\/strong><\/h4>\n\n\n\n<figure class=\"wp-block-image\"><img decoding=\"async\" loading=\"lazy\" width=\"960\" height=\"1280\" src=\"https:\/\/isfd21-bue.infd.edu.ar\/sitio\/wp-content\/uploads\/2022\/03\/WhatsApp-Image-2022-03-18-at-1.28.29-PM-1.jpeg\" alt=\"\" class=\"wp-image-5153\" srcset=\"https:\/\/isfd21-bue.infd.edu.ar\/sitio\/wp-content\/uploads\/2022\/03\/WhatsApp-Image-2022-03-18-at-1.28.29-PM-1.jpeg 960w, https:\/\/isfd21-bue.infd.edu.ar\/sitio\/wp-content\/uploads\/2022\/03\/WhatsApp-Image-2022-03-18-at-1.28.29-PM-1-750x1000.jpeg 750w, https:\/\/isfd21-bue.infd.edu.ar\/sitio\/wp-content\/uploads\/2022\/03\/WhatsApp-Image-2022-03-18-at-1.28.29-PM-1-768x1024.jpeg 768w\" sizes=\"(max-width: 960px) 100vw, 960px\" \/><\/figure>\n\n\n\n<p>16\/03\/2022<\/p>\n\n\n\n<p><em><strong>VIERNES 25 DE MARZO A LAS 16 HS, EN EL ISFD N\u00ba21, \u00abDR. RICARDO ROJAS\u00bb SE REALIZAR\u00c1 LA ASAMBLEA EXTRAORDINARIA CON CARACTER ORDINARIA<\/strong><\/em>https:\/\/www.youtube.com\/embed\/idkQ0W6eOUI?feature=oembed<\/p>\n\n\n\n<p><em><strong>ATENCI\u00d3N INGRESANTES DE LA CARRERA DE INGL\u00c9S:<\/strong><\/em><\/p>\n\n\n\n<p>Adjuntamos el material y el horario para el Eje espec\u00edfico&nbsp;que comienza el lunes 28 de marzo.<a href=\"https:\/\/isfd21-bue.infd.edu.ar\/sitio\/wp-content\/uploads\/2022\/03\/Ingles-Horario-Eje-Especifico-AA-1.pdf\" target=\"_blank\" rel=\"noreferrer noopener\">Ingles Horario Eje Especifico AA (1)<\/a><a href=\"https:\/\/isfd21-bue.infd.edu.ar\/sitio\/wp-content\/uploads\/2022\/03\/Ingles-Horario-Eje-Especifico-AA-1.pdf\">Descarga<\/a><a href=\"https:\/\/isfd21-bue.infd.edu.ar\/sitio\/wp-content\/uploads\/2022\/03\/Ingles-Eje-especifico-2022-Introduccion-2.pdf\" target=\"_blank\" rel=\"noreferrer noopener\">Ingles-Eje-especifico-2022-Introduccion-2<\/a><a href=\"https:\/\/isfd21-bue.infd.edu.ar\/sitio\/wp-content\/uploads\/2022\/03\/Ingles-Eje-especifico-2022-Introduccion-2.pdf\">Descarga<\/a><\/p>\n\n\n\n<hr class=\"wp-block-separator has-css-opacity\"\/>\n\n\n\n<hr class=\"wp-block-separator has-css-opacity\"\/>\n\n\n\n<p><strong><em>15\/03\/2022<\/em><\/strong><\/p>\n\n\n\n<figure class=\"wp-block-image\"><img decoding=\"async\" loading=\"lazy\" width=\"1280\" height=\"720\" src=\"https:\/\/isfd21-bue.infd.edu.ar\/sitio\/wp-content\/uploads\/2022\/03\/WhatsApp-Image-2022-03-15-at-5.53.57-PM-1.jpeg\" alt=\"\" class=\"wp-image-5120\" srcset=\"https:\/\/isfd21-bue.infd.edu.ar\/sitio\/wp-content\/uploads\/2022\/03\/WhatsApp-Image-2022-03-15-at-5.53.57-PM-1.jpeg 1280w, https:\/\/isfd21-bue.infd.edu.ar\/sitio\/wp-content\/uploads\/2022\/03\/WhatsApp-Image-2022-03-15-at-5.53.57-PM-1-1000x563.jpeg 1000w, https:\/\/isfd21-bue.infd.edu.ar\/sitio\/wp-content\/uploads\/2022\/03\/WhatsApp-Image-2022-03-15-at-5.53.57-PM-1-768x432.jpeg 768w\" sizes=\"(max-width: 1280px) 100vw, 1280px\" \/><\/figure>\n\n\n\n<figure class=\"wp-block-image\"><img decoding=\"async\" loading=\"lazy\" width=\"1280\" height=\"720\" src=\"https:\/\/isfd21-bue.infd.edu.ar\/sitio\/wp-content\/uploads\/2022\/03\/WhatsApp-Image-2022-03-15-at-5.53.57-PM.jpeg\" alt=\"\" class=\"wp-image-5121\" srcset=\"https:\/\/isfd21-bue.infd.edu.ar\/sitio\/wp-content\/uploads\/2022\/03\/WhatsApp-Image-2022-03-15-at-5.53.57-PM.jpeg 1280w, https:\/\/isfd21-bue.infd.edu.ar\/sitio\/wp-content\/uploads\/2022\/03\/WhatsApp-Image-2022-03-15-at-5.53.57-PM-1000x563.jpeg 1000w, https:\/\/isfd21-bue.infd.edu.ar\/sitio\/wp-content\/uploads\/2022\/03\/WhatsApp-Image-2022-03-15-at-5.53.57-PM-768x432.jpeg 768w\" sizes=\"(max-width: 1280px) 100vw, 1280px\" \/><\/figure>\n\n\n\n<figure class=\"wp-block-image\"><img decoding=\"async\" loading=\"lazy\" width=\"1343\" height=\"1900\" src=\"https:\/\/isfd21-bue.infd.edu.ar\/sitio\/wp-content\/uploads\/2022\/03\/MIERCOLES-1512-18-HS.-REUNION-COOPERADORA-LOS-ESPERAMOS-4-1343x1900.jpg\" alt=\"\" class=\"wp-image-5110\" srcset=\"https:\/\/isfd21-bue.infd.edu.ar\/sitio\/wp-content\/uploads\/2022\/03\/MIERCOLES-1512-18-HS.-REUNION-COOPERADORA-LOS-ESPERAMOS-4-1343x1900.jpg 1343w, https:\/\/isfd21-bue.infd.edu.ar\/sitio\/wp-content\/uploads\/2022\/03\/MIERCOLES-1512-18-HS.-REUNION-COOPERADORA-LOS-ESPERAMOS-4-707x1000.jpg 707w, https:\/\/isfd21-bue.infd.edu.ar\/sitio\/wp-content\/uploads\/2022\/03\/MIERCOLES-1512-18-HS.-REUNION-COOPERADORA-LOS-ESPERAMOS-4-768x1086.jpg 768w, https:\/\/isfd21-bue.infd.edu.ar\/sitio\/wp-content\/uploads\/2022\/03\/MIERCOLES-1512-18-HS.-REUNION-COOPERADORA-LOS-ESPERAMOS-4-1086x1536.jpg 1086w, https:\/\/isfd21-bue.infd.edu.ar\/sitio\/wp-content\/uploads\/2022\/03\/MIERCOLES-1512-18-HS.-REUNION-COOPERADORA-LOS-ESPERAMOS-4-1448x2048.jpg 1448w, https:\/\/isfd21-bue.infd.edu.ar\/sitio\/wp-content\/uploads\/2022\/03\/MIERCOLES-1512-18-HS.-REUNION-COOPERADORA-LOS-ESPERAMOS-4.jpg 1587w\" sizes=\"(max-width: 1343px) 100vw, 1343px\" \/><\/figure>\n\n\n\n<h4 class=\"wp-block-heading\"><strong><em>RECORDAMOS QUE A PARTIR DE LA SEMANA DEL 21\/03\/22 COMIENZAN LOS SEGUNDOS LLAMADOS DE MESAS DE EXAMEN QUE SE REALIZARAN DE MANERA PRESENCIAL<\/em><\/strong><\/h4>\n\n\n\n<p><em>Estimada comunidad educativa, queremos informarles que al taller inicial que comenz\u00f3 esta semana en forma presencial, se suma el segundo llamado de mesas de ex\u00e1menes a partir del 21\/3 tambi\u00e9n en forma presencial. Estamos convencidos que volver a las aulas es necesario y forma parte de nuestra vida institucional; ese lugar de encuentro donde estudiantes, docentes, preceptores, bibliotecarias, auxiliares, equipo directivo y de conducci\u00f3n nos lleva a reconocer la importancia de compartir el espacio f\u00edsico y lo que genera que con la virtualidad nunca se alcanzar\u00e1, sobre todo en los institutos de formaci\u00f3n docente. Seguimos en contacto.<\/em><\/p>\n\n\n\n<hr class=\"wp-block-separator has-css-opacity\"\/>\n\n\n\n<hr class=\"wp-block-separator has-css-opacity\"\/>\n\n\n\n<p><em><strong>COMENZARON LOS TALLERES PARA INGRESANTES<\/strong><\/em><\/p>\n\n\n\n<p><em>Con enorme alegr\u00eda los recibimos, sean todos bienvenidos<\/em><\/p>\n\n\n\n<figure class=\"wp-block-image\"><img decoding=\"async\" loading=\"lazy\" width=\"1200\" height=\"1600\" src=\"https:\/\/isfd21-bue.infd.edu.ar\/sitio\/wp-content\/uploads\/2022\/03\/WhatsApp-Image-2022-03-15-at-1.45.53-PM.jpeg\" alt=\"\" class=\"wp-image-5096\" srcset=\"https:\/\/isfd21-bue.infd.edu.ar\/sitio\/wp-content\/uploads\/2022\/03\/WhatsApp-Image-2022-03-15-at-1.45.53-PM.jpeg 1200w, https:\/\/isfd21-bue.infd.edu.ar\/sitio\/wp-content\/uploads\/2022\/03\/WhatsApp-Image-2022-03-15-at-1.45.53-PM-750x1000.jpeg 750w, https:\/\/isfd21-bue.infd.edu.ar\/sitio\/wp-content\/uploads\/2022\/03\/WhatsApp-Image-2022-03-15-at-1.45.53-PM-768x1024.jpeg 768w, https:\/\/isfd21-bue.infd.edu.ar\/sitio\/wp-content\/uploads\/2022\/03\/WhatsApp-Image-2022-03-15-at-1.45.53-PM-1152x1536.jpeg 1152w\" sizes=\"(max-width: 1200px) 100vw, 1200px\" \/><\/figure>\n\n\n\n<p>11\/03\/2022<\/p>\n\n\n\n<figure class=\"wp-block-image\"><img decoding=\"async\" loading=\"lazy\" width=\"1343\" height=\"1900\" src=\"https:\/\/isfd21-bue.infd.edu.ar\/sitio\/wp-content\/uploads\/2022\/03\/MIERCOLES-1512-18-HS.-REUNION-COOPERADORA-LOS-ESPERAMOS-1-3-1343x1900.jpg\" alt=\"\" class=\"wp-image-5072\" srcset=\"https:\/\/isfd21-bue.infd.edu.ar\/sitio\/wp-content\/uploads\/2022\/03\/MIERCOLES-1512-18-HS.-REUNION-COOPERADORA-LOS-ESPERAMOS-1-3-1343x1900.jpg 1343w, https:\/\/isfd21-bue.infd.edu.ar\/sitio\/wp-content\/uploads\/2022\/03\/MIERCOLES-1512-18-HS.-REUNION-COOPERADORA-LOS-ESPERAMOS-1-3-707x1000.jpg 707w, https:\/\/isfd21-bue.infd.edu.ar\/sitio\/wp-content\/uploads\/2022\/03\/MIERCOLES-1512-18-HS.-REUNION-COOPERADORA-LOS-ESPERAMOS-1-3-768x1086.jpg 768w, https:\/\/isfd21-bue.infd.edu.ar\/sitio\/wp-content\/uploads\/2022\/03\/MIERCOLES-1512-18-HS.-REUNION-COOPERADORA-LOS-ESPERAMOS-1-3-1086x1536.jpg 1086w, https:\/\/isfd21-bue.infd.edu.ar\/sitio\/wp-content\/uploads\/2022\/03\/MIERCOLES-1512-18-HS.-REUNION-COOPERADORA-LOS-ESPERAMOS-1-3-1448x2048.jpg 1448w, https:\/\/isfd21-bue.infd.edu.ar\/sitio\/wp-content\/uploads\/2022\/03\/MIERCOLES-1512-18-HS.-REUNION-COOPERADORA-LOS-ESPERAMOS-1-3.jpg 1587w\" sizes=\"(max-width: 1343px) 100vw, 1343px\" \/><\/figure>\n\n\n\n<p>10\/03\/22<\/p>\n\n\n\n<h4 class=\"wp-block-heading\"><em><strong>Queridos ingresantes,<\/strong><\/em><\/h4>\n\n\n\n<h4 class=\"wp-block-heading\"><em><strong>Dejamos el v\u00eddeo explicativo a cargo de la Sra. Directora Mirta Alderete, con informaci\u00f3n relevante sobre consultas por confirmaci\u00f3n de inscripci\u00f3n, consultas sobre becas, nuestro instituto, taller inicial, vida institucional, etc.<\/strong><\/em><\/h4>\n\n\n\n<figure class=\"wp-block-embed is-type-rich is-provider-gestor-del-servicio wp-block-embed-gestor-del-servicio\"><div class=\"wp-block-embed__wrapper\">\nhttps:\/\/youtube.com\/watch?v=ChPgC3mKHH8%3Ffeature%3Doembed\n<\/div><\/figure>\n\n\n\n<p><em>Se aclara que los talleres para ingresantes son presenciales, y deben asistir en los d\u00edas que se indica en el cronograma, en el turno de la carrera que eligieron.<\/em><\/p>\n\n\n\n<p>09\/03\/22<\/p>\n\n\n\n<figure class=\"wp-block-image\"><img decoding=\"async\" loading=\"lazy\" width=\"1343\" height=\"1900\" src=\"https:\/\/isfd21-bue.infd.edu.ar\/sitio\/wp-content\/uploads\/2022\/03\/MIERCOLES-1512-18-HS.-REUNION-COOPERADORA-LOS-ESPERAMOS-2-1343x1900.jpg\" alt=\"\" class=\"wp-image-5056\" srcset=\"https:\/\/isfd21-bue.infd.edu.ar\/sitio\/wp-content\/uploads\/2022\/03\/MIERCOLES-1512-18-HS.-REUNION-COOPERADORA-LOS-ESPERAMOS-2-1343x1900.jpg 1343w, https:\/\/isfd21-bue.infd.edu.ar\/sitio\/wp-content\/uploads\/2022\/03\/MIERCOLES-1512-18-HS.-REUNION-COOPERADORA-LOS-ESPERAMOS-2-707x1000.jpg 707w, https:\/\/isfd21-bue.infd.edu.ar\/sitio\/wp-content\/uploads\/2022\/03\/MIERCOLES-1512-18-HS.-REUNION-COOPERADORA-LOS-ESPERAMOS-2-768x1086.jpg 768w, https:\/\/isfd21-bue.infd.edu.ar\/sitio\/wp-content\/uploads\/2022\/03\/MIERCOLES-1512-18-HS.-REUNION-COOPERADORA-LOS-ESPERAMOS-2-1086x1536.jpg 1086w, https:\/\/isfd21-bue.infd.edu.ar\/sitio\/wp-content\/uploads\/2022\/03\/MIERCOLES-1512-18-HS.-REUNION-COOPERADORA-LOS-ESPERAMOS-2-1448x2048.jpg 1448w, https:\/\/isfd21-bue.infd.edu.ar\/sitio\/wp-content\/uploads\/2022\/03\/MIERCOLES-1512-18-HS.-REUNION-COOPERADORA-LOS-ESPERAMOS-2.jpg 1587w\" sizes=\"(max-width: 1343px) 100vw, 1343px\" \/><\/figure>\n\n\n\n<figure class=\"wp-block-image\"><img decoding=\"async\" loading=\"lazy\" width=\"1343\" height=\"1900\" src=\"https:\/\/isfd21-bue.infd.edu.ar\/sitio\/wp-content\/uploads\/2022\/03\/MIERCOLES-1512-18-HS.-REUNION-COOPERADORA-LOS-ESPERAMOS-1-2-1343x1900.jpg\" alt=\"\" class=\"wp-image-5057\" srcset=\"https:\/\/isfd21-bue.infd.edu.ar\/sitio\/wp-content\/uploads\/2022\/03\/MIERCOLES-1512-18-HS.-REUNION-COOPERADORA-LOS-ESPERAMOS-1-2-1343x1900.jpg 1343w, https:\/\/isfd21-bue.infd.edu.ar\/sitio\/wp-content\/uploads\/2022\/03\/MIERCOLES-1512-18-HS.-REUNION-COOPERADORA-LOS-ESPERAMOS-1-2-707x1000.jpg 707w, https:\/\/isfd21-bue.infd.edu.ar\/sitio\/wp-content\/uploads\/2022\/03\/MIERCOLES-1512-18-HS.-REUNION-COOPERADORA-LOS-ESPERAMOS-1-2-768x1086.jpg 768w, https:\/\/isfd21-bue.infd.edu.ar\/sitio\/wp-content\/uploads\/2022\/03\/MIERCOLES-1512-18-HS.-REUNION-COOPERADORA-LOS-ESPERAMOS-1-2-1086x1536.jpg 1086w, https:\/\/isfd21-bue.infd.edu.ar\/sitio\/wp-content\/uploads\/2022\/03\/MIERCOLES-1512-18-HS.-REUNION-COOPERADORA-LOS-ESPERAMOS-1-2-1448x2048.jpg 1448w, https:\/\/isfd21-bue.infd.edu.ar\/sitio\/wp-content\/uploads\/2022\/03\/MIERCOLES-1512-18-HS.-REUNION-COOPERADORA-LOS-ESPERAMOS-1-2.jpg 1587w\" sizes=\"(max-width: 1343px) 100vw, 1343px\" \/><\/figure>\n\n\n\n<figure class=\"wp-block-image\"><img decoding=\"async\" loading=\"lazy\" width=\"1343\" height=\"1900\" src=\"https:\/\/isfd21-bue.infd.edu.ar\/sitio\/wp-content\/uploads\/2022\/03\/MIERCOLES-1512-18-HS.-REUNION-COOPERADORA-LOS-ESPERAMOS-3-1343x1900.jpg\" alt=\"\" class=\"wp-image-5062\" srcset=\"https:\/\/isfd21-bue.infd.edu.ar\/sitio\/wp-content\/uploads\/2022\/03\/MIERCOLES-1512-18-HS.-REUNION-COOPERADORA-LOS-ESPERAMOS-3-1343x1900.jpg 1343w, https:\/\/isfd21-bue.infd.edu.ar\/sitio\/wp-content\/uploads\/2022\/03\/MIERCOLES-1512-18-HS.-REUNION-COOPERADORA-LOS-ESPERAMOS-3-707x1000.jpg 707w, https:\/\/isfd21-bue.infd.edu.ar\/sitio\/wp-content\/uploads\/2022\/03\/MIERCOLES-1512-18-HS.-REUNION-COOPERADORA-LOS-ESPERAMOS-3-768x1086.jpg 768w, https:\/\/isfd21-bue.infd.edu.ar\/sitio\/wp-content\/uploads\/2022\/03\/MIERCOLES-1512-18-HS.-REUNION-COOPERADORA-LOS-ESPERAMOS-3-1086x1536.jpg 1086w, https:\/\/isfd21-bue.infd.edu.ar\/sitio\/wp-content\/uploads\/2022\/03\/MIERCOLES-1512-18-HS.-REUNION-COOPERADORA-LOS-ESPERAMOS-3-1448x2048.jpg 1448w, https:\/\/isfd21-bue.infd.edu.ar\/sitio\/wp-content\/uploads\/2022\/03\/MIERCOLES-1512-18-HS.-REUNION-COOPERADORA-LOS-ESPERAMOS-3.jpg 1587w\" sizes=\"(max-width: 1343px) 100vw, 1343px\" \/><\/figure>\n\n\n\n<p><strong><em>07\/03\/22<\/em><\/strong><\/p>\n\n\n\n<h4 class=\"wp-block-heading\"><em><strong>ATENCI\u00d3N<\/strong><\/em><\/h4>\n\n\n\n<h4 class=\"wp-block-heading\"><em>SE INFORMA QUE EN EL TURNO VESPERTINO NO HABR\u00c1 ATENCI\u00d3N DE BIBLIOTECA HASTA EL 19\/3\/22, YA QUE LA BIBLIOTECARIA SE ENCUENTRA CON LICENCIA M\u00c9DICA.<\/em><\/h4>\n\n\n\n<hr class=\"wp-block-separator has-css-opacity\"\/>\n\n\n\n<p>Se encuentra abierta la inscripci\u00f3n&nbsp;<a href=\"https:\/\/www.facebook.com\/hashtag\/progresar2022?__eep__=6&amp;__gid__=523982381290540&amp;__cft__[0]=AZWlVUEb1MmYhZEwz7zeH29LFSPKb7FTHPn-A4WOYrB-2iiQhhWVlUg3kwBe2-mNTDSJox6GJM7dtj9mvji42S2bowK3KOZfgZlN1Npr7HCbziqQueFP7jts98e28NSZ2MlZ3puyuI6Y5H-M5GbJv6tlqjoq5jYr7gu0iet_Kc5JQpkjRuCr3C8223G_vvnIuQQ&amp;__tn__=*NK-R\">#Progresar2022<\/a>&nbsp;para el Nivel Superior.<img decoding=\"async\" loading=\"lazy\" height=\"16\" width=\"16\" alt=\"&#x1f4cc;\" src=\"https:\/\/static.xx.fbcdn.net\/images\/emoji.php\/v9\/tac\/1\/16\/1f4cc.png\">&nbsp;\u00bfCu\u00e1les son los requisitos para acceder a esta beca acad\u00e9mica? Ser argentina\/o nativa\/o; naturalizada\/o , extranjera\/o, con residencia legal de cinco (5) a\u00f1os en el pa\u00eds y contar con DNI. Ser alumna\/o regular de una instituci\u00f3n educativa. Tener entre 17 y 24 a\u00f1os de edad cumplidos. Estudiantes avanzadas\/os en la carrera, hasta treinta (30) a\u00f1os cumplidos. Estudiantes de enfermer\u00eda sin l\u00edmite de edad. Se extiende hasta 35 a\u00f1os de edad a las personas con hijas\/os a cargo menores de 18 a\u00f1os pertenecientes a hogares monoparentales. Sin l\u00edmite de edad para personas trans, de pueblos ind\u00edgenas, con discapacidad o refugiadas. Los ingresos de la\/el joven y los de su grupo familiar no deber\u00e1n ser superiores a tres (3) Salarios M\u00ednimos, Vitales y M\u00f3viles (SMVM)<a rel=\"noreferrer noopener\" href=\"https:\/\/youtu.be\/_8bDWQdMa0Q?fbclid=IwAR3R77V4kZ_GFjTPXDDYz8sgAvT6_yUBHD6d_D116HLOOf4BOO7UZNJ0VUM\" target=\"_blank\">https:\/\/youtu.be\/_8bDWQdMa0Q<\/a>M\u00e1s informaci\u00f3n en&nbsp;<a rel=\"noreferrer noopener\" href=\"https:\/\/l.facebook.com\/l.php?u=https%3A%2F%2Fwww.argentina.gob.ar%2Feducacion%2Fprogresar%2Frequisitos%2Fprogresar-nivel-superior%3Ffbclid%3DIwAR1rphdTWYy1TMLN0l-6_2wh0S_NuX2g_IV0oX6FHXqLf6gTGQytXXCRMx4&amp;h=AT1f7QxAAEmTOtL82EUK_C_OMXZcPK3MIyh65Jy-e0xS3zLlqXCY29dPVVdsZ68Hs1pIbLtPEusIShQViZijvcKAm7Gih7BhuTNPXItHO5e5g9og0xbOndpEwsg7kYIcxsG7&amp;__tn__=-UK-R&amp;c[0]=AT0ksYKXjLYYPiJaCXtPw2_xbTz5OfQ9uHFuUoIdoQyK7PqQoP_QoMl0eUoNUbZhfubzfQNh4YnlDj-yMpz60dsjrJtlWpk8BD254wkKjMVaqOQlhmRtTMXUtDOwFz4nX2dQZXsNSydhZP8F-irzDg6ysRdGUW6i0g0PwIMSJGtVzLfLg1CYr4POcX5p_ql7HpmxV4Nr-9yz36yAz_8\" target=\"_blank\">https:\/\/www.argentina.gob.ar\/\u2026\/progresar-nivel-superior<\/a><\/p>\n\n\n\n<hr class=\"wp-block-separator has-css-opacity\"\/>\n\n\n\n<p>ESPECIALIZACI\u00d3N DOCENTE DE NIVEL SUPERIOR PARA ESTUDIANTES CON ALTERACI\u00d3N EN EL DESARROLLO Y LA CONSTITUCI\u00d3N SUBJETIVA. TRAMO DE FORMACI\u00d3N COMPLEMENTARIA: DIRIGIDO A PROFESIONALES DE LA PSICOLOG\u00cdA PARA LA ATENCIONDE ESTUDIANTES CON ALTERACIONES EN EL DESARROLLO Y LA CONSTITUCI\u00d3N SUBJETIVA. Primer reuni\u00f3n del a\u00f1o con docentes, organizando agenda, encuentros presenciales, din\u00e1micas de trabajo. Con gran entusiasmo y compromiso. El Instituto Rojas es sede de este Post\u00edtulos y tramo de formaci\u00f3n complementaria. Nuestro compromiso con la educaci\u00f3n p\u00fablica.<\/p>\n\n\n\n<figure class=\"wp-block-image\"><img decoding=\"async\" loading=\"lazy\" width=\"855\" height=\"1900\" src=\"https:\/\/isfd21-bue.infd.edu.ar\/sitio\/wp-content\/uploads\/2022\/03\/275295344_1109202689879708_188801654214211353_n-855x1900.jpg\" alt=\"\" class=\"wp-image-5030\" srcset=\"https:\/\/isfd21-bue.infd.edu.ar\/sitio\/wp-content\/uploads\/2022\/03\/275295344_1109202689879708_188801654214211353_n-855x1900.jpg 855w, https:\/\/isfd21-bue.infd.edu.ar\/sitio\/wp-content\/uploads\/2022\/03\/275295344_1109202689879708_188801654214211353_n-450x1000.jpg 450w, https:\/\/isfd21-bue.infd.edu.ar\/sitio\/wp-content\/uploads\/2022\/03\/275295344_1109202689879708_188801654214211353_n-768x1706.jpg 768w, https:\/\/isfd21-bue.infd.edu.ar\/sitio\/wp-content\/uploads\/2022\/03\/275295344_1109202689879708_188801654214211353_n.jpg 922w\" sizes=\"(max-width: 855px) 100vw, 855px\" \/><\/figure>\n\n\n\n<figure class=\"wp-block-image\"><img decoding=\"async\" loading=\"lazy\" width=\"855\" height=\"1900\" src=\"https:\/\/isfd21-bue.infd.edu.ar\/sitio\/wp-content\/uploads\/2022\/03\/275290807_1109202659879711_3785669125678090092_n-855x1900.jpg\" alt=\"\" class=\"wp-image-5031\" srcset=\"https:\/\/isfd21-bue.infd.edu.ar\/sitio\/wp-content\/uploads\/2022\/03\/275290807_1109202659879711_3785669125678090092_n-855x1900.jpg 855w, https:\/\/isfd21-bue.infd.edu.ar\/sitio\/wp-content\/uploads\/2022\/03\/275290807_1109202659879711_3785669125678090092_n-450x1000.jpg 450w, https:\/\/isfd21-bue.infd.edu.ar\/sitio\/wp-content\/uploads\/2022\/03\/275290807_1109202659879711_3785669125678090092_n-768x1706.jpg 768w, https:\/\/isfd21-bue.infd.edu.ar\/sitio\/wp-content\/uploads\/2022\/03\/275290807_1109202659879711_3785669125678090092_n.jpg 922w\" sizes=\"(max-width: 855px) 100vw, 855px\" \/><\/figure>\n\n\n\n<p><strong><em>La importancia de la perspectiva de g\u00e9nero en la educaci\u00f3n&nbsp;&nbsp;El d\u00eda 4 de marzo nos encontramos para charlar y debatir sobre la importancia de la perspectiva de g\u00e9nero en la Educaci\u00f3n y especialmente en nuestra formaci\u00f3n. Es indispensable que como docentes en formaci\u00f3n nos capacitemos para poder llevar al aula una pedagog\u00eda de la libertad y un horizonte de posibilidades m\u00e1s all\u00e1 de lo establecido. Agradecemos profundamente a @nina__ferrari y @estamosfloresiendo que vinieron a acompa\u00f1arnos.<\/em><\/strong><\/p>\n\n\n\n<figure class=\"wp-block-image\"><img decoding=\"async\" loading=\"lazy\" width=\"1080\" height=\"720\" src=\"https:\/\/isfd21-bue.infd.edu.ar\/sitio\/wp-content\/uploads\/2022\/03\/275185228_3032790830384645_8641069009887277858_n.jpg\" alt=\"\" class=\"wp-image-5032\" srcset=\"https:\/\/isfd21-bue.infd.edu.ar\/sitio\/wp-content\/uploads\/2022\/03\/275185228_3032790830384645_8641069009887277858_n.jpg 1080w, https:\/\/isfd21-bue.infd.edu.ar\/sitio\/wp-content\/uploads\/2022\/03\/275185228_3032790830384645_8641069009887277858_n-1000x667.jpg 1000w, https:\/\/isfd21-bue.infd.edu.ar\/sitio\/wp-content\/uploads\/2022\/03\/275185228_3032790830384645_8641069009887277858_n-768x512.jpg 768w\" sizes=\"(max-width: 1080px) 100vw, 1080px\" \/><\/figure>\n\n\n\n<figure class=\"wp-block-image\"><img decoding=\"async\" loading=\"lazy\" width=\"1080\" height=\"720\" src=\"https:\/\/isfd21-bue.infd.edu.ar\/sitio\/wp-content\/uploads\/2022\/03\/275356874_3032790797051315_5272336550212323231_n.jpg\" alt=\"\" class=\"wp-image-5033\" srcset=\"https:\/\/isfd21-bue.infd.edu.ar\/sitio\/wp-content\/uploads\/2022\/03\/275356874_3032790797051315_5272336550212323231_n.jpg 1080w, https:\/\/isfd21-bue.infd.edu.ar\/sitio\/wp-content\/uploads\/2022\/03\/275356874_3032790797051315_5272336550212323231_n-1000x667.jpg 1000w, https:\/\/isfd21-bue.infd.edu.ar\/sitio\/wp-content\/uploads\/2022\/03\/275356874_3032790797051315_5272336550212323231_n-768x512.jpg 768w\" sizes=\"(max-width: 1080px) 100vw, 1080px\" \/><\/figure>\n\n\n\n<figure class=\"wp-block-image\"><img decoding=\"async\" loading=\"lazy\" width=\"960\" height=\"640\" src=\"https:\/\/isfd21-bue.infd.edu.ar\/sitio\/wp-content\/uploads\/2022\/03\/274769485_3032790470384681_3605510676527465367_n.jpg\" alt=\"\" class=\"wp-image-5034\" srcset=\"https:\/\/isfd21-bue.infd.edu.ar\/sitio\/wp-content\/uploads\/2022\/03\/274769485_3032790470384681_3605510676527465367_n.jpg 960w, https:\/\/isfd21-bue.infd.edu.ar\/sitio\/wp-content\/uploads\/2022\/03\/274769485_3032790470384681_3605510676527465367_n-768x512.jpg 768w\" sizes=\"(max-width: 960px) 100vw, 960px\" \/><\/figure>\n\n\n\n<ul>\n<li><\/li>\n<\/ul>\n\n\n\n<figure class=\"wp-block-image\"><img decoding=\"async\" loading=\"lazy\" width=\"960\" height=\"640\" src=\"https:\/\/isfd21-bue.infd.edu.ar\/sitio\/wp-content\/uploads\/2022\/03\/274867345_3032790330384695_5312740082217345399_n.jpg\" alt=\"\" class=\"wp-image-5035\" srcset=\"https:\/\/isfd21-bue.infd.edu.ar\/sitio\/wp-content\/uploads\/2022\/03\/274867345_3032790330384695_5312740082217345399_n.jpg 960w, https:\/\/isfd21-bue.infd.edu.ar\/sitio\/wp-content\/uploads\/2022\/03\/274867345_3032790330384695_5312740082217345399_n-768x512.jpg 768w\" sizes=\"(max-width: 960px) 100vw, 960px\" \/><\/figure>\n\n\n\n<hr class=\"wp-block-separator has-css-opacity\"\/>\n\n\n\n<h4 class=\"wp-block-heading\"><em><strong>Atenci\u00f3n<\/strong><\/em><\/h4>\n\n\n\n<h4 class=\"wp-block-heading\"><em><strong>Pueden pasar a retirar las siguientes constancias de ingreso a la docencia<\/strong><\/em><\/h4>\n\n\n\n<figure class=\"wp-block-image\"><img decoding=\"async\" loading=\"lazy\" width=\"899\" height=\"1599\" src=\"https:\/\/isfd21-bue.infd.edu.ar\/sitio\/wp-content\/uploads\/2022\/03\/275069083_1108634356603208_3889252330740445006_n.jpg\" alt=\"\" class=\"wp-image-5039\" srcset=\"https:\/\/isfd21-bue.infd.edu.ar\/sitio\/wp-content\/uploads\/2022\/03\/275069083_1108634356603208_3889252330740445006_n.jpg 899w, https:\/\/isfd21-bue.infd.edu.ar\/sitio\/wp-content\/uploads\/2022\/03\/275069083_1108634356603208_3889252330740445006_n-562x1000.jpg 562w, https:\/\/isfd21-bue.infd.edu.ar\/sitio\/wp-content\/uploads\/2022\/03\/275069083_1108634356603208_3889252330740445006_n-768x1366.jpg 768w, https:\/\/isfd21-bue.infd.edu.ar\/sitio\/wp-content\/uploads\/2022\/03\/275069083_1108634356603208_3889252330740445006_n-864x1536.jpg 864w\" sizes=\"(max-width: 899px) 100vw, 899px\" \/><\/figure>\n\n\n\n<p><strong>4\/3\/22<\/strong><\/p>\n\n\n\n<figure class=\"wp-block-image\"><img decoding=\"async\" loading=\"lazy\" width=\"1343\" height=\"1900\" src=\"https:\/\/isfd21-bue.infd.edu.ar\/sitio\/wp-content\/uploads\/2022\/03\/MIERCOLES-1512-18-HS.-REUNION-COOPERADORA-LOS-ESPERAMOS-1343x1900.jpg\" alt=\"\" class=\"wp-image-5024\" srcset=\"https:\/\/isfd21-bue.infd.edu.ar\/sitio\/wp-content\/uploads\/2022\/03\/MIERCOLES-1512-18-HS.-REUNION-COOPERADORA-LOS-ESPERAMOS-1343x1900.jpg 1343w, https:\/\/isfd21-bue.infd.edu.ar\/sitio\/wp-content\/uploads\/2022\/03\/MIERCOLES-1512-18-HS.-REUNION-COOPERADORA-LOS-ESPERAMOS-707x1000.jpg 707w, https:\/\/isfd21-bue.infd.edu.ar\/sitio\/wp-content\/uploads\/2022\/03\/MIERCOLES-1512-18-HS.-REUNION-COOPERADORA-LOS-ESPERAMOS-768x1086.jpg 768w, https:\/\/isfd21-bue.infd.edu.ar\/sitio\/wp-content\/uploads\/2022\/03\/MIERCOLES-1512-18-HS.-REUNION-COOPERADORA-LOS-ESPERAMOS-1086x1536.jpg 1086w, https:\/\/isfd21-bue.infd.edu.ar\/sitio\/wp-content\/uploads\/2022\/03\/MIERCOLES-1512-18-HS.-REUNION-COOPERADORA-LOS-ESPERAMOS-1448x2048.jpg 1448w, https:\/\/isfd21-bue.infd.edu.ar\/sitio\/wp-content\/uploads\/2022\/03\/MIERCOLES-1512-18-HS.-REUNION-COOPERADORA-LOS-ESPERAMOS.jpg 1587w\" sizes=\"(max-width: 1343px) 100vw, 1343px\" \/><\/figure>\n\n\n\n<figure class=\"wp-block-image\"><img decoding=\"async\" loading=\"lazy\" width=\"377\" height=\"534\" src=\"https:\/\/isfd21-bue.infd.edu.ar\/sitio\/wp-content\/uploads\/2022\/03\/image-1.png\" alt=\"\" class=\"wp-image-5020\"\/><\/figure>\n\n\n\n<p><strong><em>BECAS PROGRESAR (<a href=\"https:\/\/www.facebook.com\/educacionAR?__cft__[0]=AZWbPyTy991rWdiky3hTMI53gwOO6X8NM3UD7j8KlkJ5dmJ3yWJUciUKBtfQKL6Z1wtxwIM3gE0yBWJIWB22F3lI2RMBTuYKt1Coa31AtM0eGh0TmZIjgFoLT78kWX6ArMUe3GUMKPpUrISid_8ZA8lohRJQlDjrQ_xErhHZObjlUDKaMqZnwKMEZdxVc73BkMZBYM36vknBVx8_jvYuB-Q6&amp;__tn__=-UC%2CP-y-R\">Ministerio de Educaci\u00f3n de la Naci\u00f3n Argentina<\/a>&nbsp;)<\/em><\/strong><\/p>\n\n\n\n<p>Se abre la primera inscripci\u00f3n para&nbsp;<a href=\"https:\/\/www.facebook.com\/hashtag\/progresar?__eep__=6&amp;__cft__%5b0%5d=AZWbPyTy991rWdiky3hTMI53gwOO6X8NM3UD7j8KlkJ5dmJ3yWJUciUKBtfQKL6Z1wtxwIM3gE0yBWJIWB22F3lI2RMBTuYKt1Coa31AtM0eGh0TmZIjgFoLT78kWX6ArMUe3GUMKPpUrISid_8ZA8lohRJQlDjrQ_xErhHZObjlUDKaMqZnwKMEZdxVc73BkMZBYM36vknBVx8_jvYuB-Q6&amp;__tn__=*NK-y-R\">#Progresar<\/a>&nbsp;2022 para todas las l\u00edneas de beca<\/p>\n\n\n\n<p><img decoding=\"async\" loading=\"lazy\" width=\"16\" height=\"16\" src=\"https:\/\/isfd21-bue.infd.edu.ar\/sitio\/novedades-cartelera\/\" alt=\"&#x1f4cc;\">\u00bfCu\u00e1les son los requisitos para acceder a esta beca acad\u00e9mica?Edad: Progresar Obligatorio: 16 a 24 a\u00f1os<\/p>\n\n\n\n<p>Progresar Superior: Hasta 30 a\u00f1os<\/p>\n\n\n\n<p>Progresar Enfermer\u00eda: Sin l\u00edmite de edad<\/p>\n\n\n\n<p>Progresar Trabajar: A partir de los 18 a\u00f1os<\/p>\n\n\n\n<p>Ingresos: Los ingresos del grupo familiar no deben superar tres veces al Salario M\u00ednimo Vital y M\u00f3vil vigente en Argentina<\/p>\n\n\n\n<p>Certificaci\u00f3n acad\u00e9mica<\/p>\n\n\n\n<p>Acreditar la asistencia en una instituci\u00f3n educativa<\/p>\n\n\n\n<p><strong><em>\u00a1Inscribite! Es para vos. Desde el 1 de marzo al 30 de abril En la web de Progresar:&nbsp;<a rel=\"noreferrer noopener\" href=\"http:\/\/argentina.gob.ar\/progresar?fbclid=IwAR3rPcNDfAdZ6jqKd4sB6y6wzG-7v3ZDX4qwENoi2jnZmQ2RkbMXIdkKRDw\" target=\"_blank\">argentina.gob.ar\/progresar<\/a>&nbsp;Y desde la App Progresar+<\/em><\/strong><\/p>\n\n\n\n<figure class=\"wp-block-image\"><img decoding=\"async\" loading=\"lazy\" width=\"600\" height=\"600\" src=\"https:\/\/isfd21-bue.infd.edu.ar\/sitio\/wp-content\/uploads\/2022\/03\/273573754_320621800106204_698165901923363539_n.jpg\" alt=\"\" class=\"wp-image-5008\" srcset=\"https:\/\/isfd21-bue.infd.edu.ar\/sitio\/wp-content\/uploads\/2022\/03\/273573754_320621800106204_698165901923363539_n.jpg 600w, https:\/\/isfd21-bue.infd.edu.ar\/sitio\/wp-content\/uploads\/2022\/03\/273573754_320621800106204_698165901923363539_n-500x500.jpg 500w\" sizes=\"(max-width: 600px) 100vw, 600px\" \/><\/figure>\n\n\n\n<figure class=\"wp-block-image\"><img decoding=\"async\" loading=\"lazy\" width=\"1644\" height=\"660\" src=\"https:\/\/isfd21-bue.infd.edu.ar\/sitio\/wp-content\/uploads\/2022\/03\/274988848_1107998293333481_6748441479651488554_n.jpg\" alt=\"\" class=\"wp-image-5009\" srcset=\"https:\/\/isfd21-bue.infd.edu.ar\/sitio\/wp-content\/uploads\/2022\/03\/274988848_1107998293333481_6748441479651488554_n.jpg 1644w, https:\/\/isfd21-bue.infd.edu.ar\/sitio\/wp-content\/uploads\/2022\/03\/274988848_1107998293333481_6748441479651488554_n-1000x401.jpg 1000w, https:\/\/isfd21-bue.infd.edu.ar\/sitio\/wp-content\/uploads\/2022\/03\/274988848_1107998293333481_6748441479651488554_n-768x308.jpg 768w, https:\/\/isfd21-bue.infd.edu.ar\/sitio\/wp-content\/uploads\/2022\/03\/274988848_1107998293333481_6748441479651488554_n-1536x617.jpg 1536w\" sizes=\"(max-width: 1644px) 100vw, 1644px\" \/><figcaption class=\"wp-element-caption\"><strong><em>COMPARTIMOS CON USTEDES UNA IMAGEN CON LA SELECCI\u00d3N DEL INSTITUTO ROJAS AL MOMENTO DE COMPLETAR LOS DATOS QUE SOLICITA BECAS PROGRESAR.<\/em><\/strong><\/figcaption><\/figure>\n\n\n\n<hr class=\"wp-block-separator has-css-opacity\"\/>\n\n\n\n<p><strong><em>25\/02\/2022<\/em><\/strong><\/p>\n\n\n\n<h4 class=\"wp-block-heading\"><img decoding=\"async\" loading=\"lazy\" height=\"20\" width=\"20\" alt=\"&#x1f6d1;\" src=\"https:\/\/static.xx.fbcdn.net\/images\/emoji.php\/v9\/t74\/1\/20\/1f6d1.png\"><strong><em>ATENCI\u00d3N<\/em><\/strong><\/h4>\n\n\n\n<h4 class=\"wp-block-heading\"><strong><em>LAS CONSTANCIAS POR MESA DE EXAMEN, DE PRIMER LLAMADO, DEBEN SEGUIR SIENDO SOLICITADAS AL MAIL DE LA CARRERA CORRESPONDIENTE:<\/em><\/strong><\/h4>\n\n\n\n<p>inscripcionlengua2a4@gmail.com<br>inscripcionhistoria2a4@gmail.com<br>inscripcionprimaria2a4@gmail.com<br>inscripcionespecial2a4@gmail.com<br>inscripcioningles2a4@gmail.com<br>inscripcionbiologia2a4@gmail.com<br>inscripciongeografia2a4@gmail.com<br>inscripcionfilosofia2a4@gmail.com<br>inscripcionmatematica2a4@gmail.com<\/p>\n\n\n\n<p><strong><em>23\/02\/2022<\/em><\/strong><\/p>\n\n\n\n<p><strong>ATENCI\u00d3N PEDIDO DE CONSTANCIAS<\/strong><\/p>\n\n\n\n<p>A partir del d\u00eda JUEVES 24\/02\/22 las constancias de alumno regular y porcentaje de materias, deber\u00e1n solicitarse de manera presencial en el Instituto.&nbsp;&nbsp;&nbsp;&nbsp;&nbsp;&nbsp;&nbsp;&nbsp;&nbsp;<\/p>\n\n\n\n<p>1) Comprar el\/los formularios de constancias en el quiosco frente al Rojas.<\/p>\n\n\n\n<p>2) Completar con lapicera tinta color azul las constancias de alumno regular. Las constancias de porcentaje colocar en el dorso, con l\u00e1piz negro, apellido, nombre e ID. Las constancias no pueden tener tachaduras ni enmiendas.<\/p>\n\n\n\n<p>3) Dejar las constancias en la carpeta correspondiente a la carrera. Las carpetas estar\u00e1n a disposici\u00f3n en la galer\u00eda del instituto.<\/p>\n\n\n\n<p>4) Cuando est\u00e9n listas las constancias podr\u00e1n retirarlas en el mismo lugar (la galer\u00eda). La confecci\u00f3n de las constancias puede demorar hasta 72 horas h\u00e1biles.<\/p>\n\n\n\n<p>ATENCI\u00d3N: ES IMPORTANTE ACLARAR QUE LA CONSTANCIA QUE COMPLETES DEBE SER LA CORRESPONDIENTE AL PLAN DE ESTUDIO CON EL QUE APROBASTE EL PRIMER EXAMEN FINAL DE LA CARRERA (VER CUADRO 1).<\/p>\n\n\n\n<p>PARA QUIENES REALIZARON CAMBIO DE PLAN EN LAS CARRERAS: LENGUA, MATEM\u00c1TICA, INGL\u00c9S, CORRESPONDEN CONSTANCIAS DEL PLAN VIGENTE (VER CUADRO 2).<\/p>\n\n\n\n<p>LA INFORMACI\u00d3N COMPLETA CON LOS CUADROS ESTAR\u00c1 DISPONIBLE EN LA P\u00c1GINA INSTITUCIONAL.<\/p>\n\n\n\n<p>EJEMPLO:&nbsp;&nbsp;<em>SOY DE LA CARRERA DE FILOSOF\u00cdA Y APROB\u00c9 MI PRIMER EXAMEN FINAL EN EL A\u00d1O 2011, ENTONCES, ME CORRESPONDE COMPLETAR LA CONSTANCIA DE FILOSOF\u00cdA CON NOMENCLATURA&nbsp;<strong><u>\u201cPROFESOR\/A DE EDUCACI\u00d3N SECUNDARIA EN FILOSOF\u00cdA\u201d<\/u><\/strong><\/em><\/p>\n\n\n\n<p><em><strong>LA INFORMACI\u00d3N COMPLETA CON LOS CUADROS EST\u00c1 DISPONIBLE EN LA P\u00c1GINA INSTITUCIONAL&nbsp;<\/strong><\/em><a rel=\"noreferrer noopener\" href=\"https:\/\/isfd21-bue.infd.edu.ar\/sitio\/pedido-de-constancias\/?fbclid=IwAR2Qzomom9V2YjUZ-4DtVRFZ35vVmMFFVEbb2axrkOtsbIDsuH2Bvi_FDRo\" target=\"_blank\"><em><strong>https:\/\/isfd21-bue.infd.edu.ar\/sitio\/pedido-de-constancias\/<\/strong><\/em><\/a><\/p>\n\n\n\n<p><em>22\/2\/2022<\/em><\/p>\n\n\n\n<h1 class=\"wp-block-heading\"><em>Estimada Comunidad&nbsp;<\/em><em>Educativa<\/em><\/h1>\n\n\n\n<h1 class=\"wp-block-heading\"><em>La Direcci\u00f3n del I.S.F.D.N\u00ba 21 \u00abDr. Ricardo Rojas\u00bb los invita a participar de la Asamblea Anual Ordinaria de la Asociaci\u00f3n Cooperadora , que se celebrar\u00e1 el d\u00eda 25 de marzo del 2022 a las 16:00 hs. en el establecimiento educativo.<\/em><\/h1>\n\n\n\n<h1 class=\"wp-block-heading\"><em>Su participaci\u00f3n es importante.<\/em><\/h1>\n\n\n\n<h1 class=\"wp-block-heading\"><em>Direcci\u00f3n del I.S.F.D. N\u00ba 21<\/em><\/h1>\n\n\n\n<hr class=\"wp-block-separator has-css-opacity\"\/>\n\n\n\n<h4 class=\"wp-block-heading\"><strong>ATENCI\u00d3N EGRESADOS, YA SE ENCUENTRAN LISTAS PARA RETIRAR CONSTANCIAS DE INGRESO A LA DOCENCIA DE:<\/strong><\/h4>\n\n\n\n<p>LENGUA<br>MENDIETA GISELLE<br>PETINATTO VALENTINA<br>N\u00da\u00d1EZ CARLA<br>GALMOZZI MARIA<br>ESTIGARRIBIA MARIA<br>PRIMARIA<br>DE STEFANO MICAELA<br>FALERO SOLEDAD<br>CERQUETELLA FLAVIA<br>FERRARO RENATA<br>LOPARI VSNESA<br>WEBER MARIANA<br>SOLARI ALEJANDRA<br>PALACIO GISELA<br>HORTON MARTINA<br>MATEM\u00c1TICA<br>RECALDE MARIA<br>BOSQUE JULIANA<br>GETTE LAURA<br>GEOGRAF\u00cdA<br>MICUCCI ERMESTO<br>INGL\u00c9S<br>COMILLAS MARIA<br>GAMARRA ANDREA<br>MEDINA ROMINA<br>VERBAUBEDE LILIAN<br>EDUC ESPECIAL<br>ROMERO VERONICA<br>BIOLOG\u00cdA<br>FERR\u00d3N MARCOS<br>PAZ ANABELLA<br>CAGEL GIMENA<br>P\u00c1EZ FEDERICO<br>FILOSOF\u00cdA<br>G\u00d3MEZ ROMINA<\/p>\n\n\n\n<p><strong><em>21\/02\/2022<\/em><\/strong><\/p>\n\n\n\n<figure class=\"wp-block-image\"><img decoding=\"async\" loading=\"lazy\" width=\"1900\" height=\"1520\" src=\"https:\/\/isfd21-bue.infd.edu.ar\/sitio\/wp-content\/uploads\/2022\/02\/GRACIAS-FUNDACION-EQUIDAD-1900x1520.jpg\" alt=\"\" class=\"wp-image-4876\" srcset=\"https:\/\/isfd21-bue.infd.edu.ar\/sitio\/wp-content\/uploads\/2022\/02\/GRACIAS-FUNDACION-EQUIDAD-1900x1520.jpg 1900w, https:\/\/isfd21-bue.infd.edu.ar\/sitio\/wp-content\/uploads\/2022\/02\/GRACIAS-FUNDACION-EQUIDAD-1000x800.jpg 1000w, https:\/\/isfd21-bue.infd.edu.ar\/sitio\/wp-content\/uploads\/2022\/02\/GRACIAS-FUNDACION-EQUIDAD-768x614.jpg 768w, https:\/\/isfd21-bue.infd.edu.ar\/sitio\/wp-content\/uploads\/2022\/02\/GRACIAS-FUNDACION-EQUIDAD-1536x1229.jpg 1536w, https:\/\/isfd21-bue.infd.edu.ar\/sitio\/wp-content\/uploads\/2022\/02\/GRACIAS-FUNDACION-EQUIDAD.jpg 2000w\" sizes=\"(max-width: 1900px) 100vw, 1900px\" \/><\/figure>\n\n\n\n<p><strong>QUEREMOS AGRADECER A FUNDACI\u00d3N EQUIDAD, POR LA DONACI\u00d3N REALIZADA DE 6 COMPUTADORAS COMPLETAS A NUESTRA INSTITUCI\u00d3N. MUCHAS GRACIAS.<\/strong><\/p>\n\n\n\n<p>\u00ab<em>En el Taller de Fundaci\u00f3n Equidad se reciben computadoras en desuso de empresas, particulares y organismos del Estado, las reciclan y donan a organizaciones, comedores y escuelas, que las precisan para concretar sus proyectos.<\/em><\/p>\n\n\n\n<p><em>Diariamente reciben aproximadamente 1 tonelada de computadoras, logrando reciclar y donar al a\u00f1o entre 2.000 y 3.000 equipos.&nbsp;<\/em><\/p>\n\n\n\n<p><em>A trav\u00e9s de este proceso colaboran con la reducci\u00f3n de la brecha digital en Argentina, cuidando adem\u00e1s al ambiente, ya que<\/em><\/p>\n\n\n\n<p><em>evitan que las computadoras&nbsp;se conviertan en residuos electr\u00f3nicos.<\/em>\u00ab<\/p>\n\n\n\n<p><strong>Pod\u00e9s conocer m\u00e1s de Fundaci\u00f3n EQUIDAD, en&nbsp;<a href=\"https:\/\/www.equidad.org\/\" target=\"_blank\" rel=\"noreferrer noopener\">https:\/\/www.equidad.org\/<\/a><\/strong><\/p>\n\n\n\n<hr class=\"wp-block-separator has-css-opacity\"\/>\n\n\n\n<h4 class=\"wp-block-heading\"><strong>ATENCI\u00d3N ESTUDIANTES DE LA CARRERA DE INGL\u00c9S<\/strong><\/h4>\n\n\n\n<p><strong><em>GOOGLE HA INHABILITADO EL CORREO NSCRIPCIONINGLES2A4@GMAIL.COM. Por el momento el pedido de constancias y porcentaje de materias debe ser gestionado de manera presencial dentro de los horarios del instituto (lunes a viernes de 8.30 a 12, de 13 a 17 y de 18 a 21). Pueden comprar los formularios en el quiosco, frente al Rojas. Se recuerda que las constancias puede demorar hasta 72 hs. para ser confeccionadas<\/em><\/strong><\/p>\n\n\n\n<hr class=\"wp-block-separator has-css-opacity\"\/>\n\n\n\n<h4 class=\"wp-block-heading\"><em><strong>ATENCI\u00d3N<\/strong><\/em><\/h4>\n\n\n\n<h4 class=\"wp-block-heading\"><em><strong>BIBLIOTECA ESTAR\u00c1 CERRADA ESTA SEMANA EN TURNO TARDE Y TURNO NOCHE, YA QUE AMBAS BIBLIOTECARIAS SE ENCUENTRAN CON LICENCIA M\u00c9DICA.<\/strong><\/em><\/h4>\n\n\n\n<p><strong><em>17\/2\/2022<\/em><\/strong><\/p>\n\n\n\n<figure class=\"wp-block-image\"><img decoding=\"async\" src=\"https:\/\/isfd21-bue.infd.edu.ar\/sitio\/wp-content\/uploads\/2022\/02\/%C2%BFCUANDO-Y-COMO-ME-INSCRIBO-PARA-CURSAR-LAS-MATERIAS-DE-ESTE-ANO-1-1343x1900.jpg\" alt=\"\" class=\"wp-image-4824\"\/><\/figure>\n\n\n\n<h4 class=\"wp-block-heading\"><strong><em>Atenci\u00f3n estudiantes,<\/em><\/strong><\/h4>\n\n\n\n<h4 class=\"wp-block-heading\"><strong><em>Lunes 15-18 hs.<\/em><\/strong><\/h4>\n\n\n\n<h4 class=\"wp-block-heading\"><strong><em>Mi\u00e9rcoles 9-12 hs. A partir de la semana que viene, atender\u00e1 la fonoaudi\u00f3loga en el instituto a todos los estudiantes de 2do a 4to que no tengan el apto fonoaudiol\u00f3gico, deber\u00e1n comprar la ficha foni\u00e1trica disponible en la fotocopiadora \u00abFrente al Rojas\u00bb<\/em><\/strong>&nbsp;(publicaci\u00f3n del d\u00eda&nbsp;<strong><em>17\/2\/2022<\/em><\/strong>)<\/h4>\n\n\n\n<hr class=\"wp-block-separator has-css-opacity\"\/>\n\n\n\n<h4 class=\"wp-block-heading\"><em><strong>ATENCI\u00d3N<\/strong><\/em><\/h4>\n\n\n\n<h4 class=\"wp-block-heading\"><em><strong>Viernes 18\/2 el instituto estar\u00e1 cerrado, no habr\u00e1 atenci\u00f3n presencial dado que el personal estar\u00e1 afectado a las jornadas Institucionales.<\/strong><\/em><\/h4>\n\n\n\n<h4 class=\"wp-block-heading\"><em><strong>Muchas gracias.<\/strong><\/em><\/h4>\n\n\n\n<figure class=\"wp-block-image\"><img decoding=\"async\" loading=\"lazy\" width=\"331\" height=\"581\" src=\"https:\/\/isfd21-bue.infd.edu.ar\/sitio\/wp-content\/uploads\/2022\/02\/image-1.png\" alt=\"\" class=\"wp-image-4806\"\/><\/figure>\n\n\n\n<figure class=\"wp-block-embed\"><div class=\"wp-block-embed__wrapper\">\nhttps:\/\/drive.google.com\/file\/d\/1Ia0tk6imDywop4z4uqxxU4jba2b3j9Qj\/view\n<\/div><\/figure>\n\n\n\n<p><em><strong>Se adjunta enlace con la comunicaci\u00f3n emitida por SAD, sobre constancias.<\/strong><\/em><\/p>\n\n\n\n<figure class=\"wp-block-image\"><img decoding=\"async\" src=\"blob:https:\/\/isfd21-bue.infd.edu.ar\/a651f912-8766-4a6b-9964-5fcba34f8e3b\" alt=\"\"\/><\/figure>\n\n\n\n<p>15\/02\/2022<\/p>\n\n\n\n<h5 class=\"wp-block-heading\"><strong><em><strong>LLEGARON T\u00cdTULOS<\/strong><\/em><\/strong><\/h5>\n\n\n\n<h5 class=\"wp-block-heading\"><strong><em><strong>PODR\u00c1N PASAR POR EL INSTITUTO A RETIRARLOS, DE LUNES A VIERNES DE 8.30 A 12, DE 13 A 17 Y DE 18 A 21 HS.<\/strong><\/em><\/strong><\/h5>\n\n\n\n<h5 class=\"wp-block-heading\"><strong><em><strong>LLEVAR DNI Y QUIENES NO PUEDAN ACERCARSE PERSONALMENTE, PUEDEN ENVIAR A OTRA PERSONA CON UNA AUTORIZACI\u00d3N FIRMADA POR USTEDES Y UNA COPIA DEL DNI.<\/strong><\/em><\/strong><\/h5>\n\n\n\n<figure class=\"wp-block-image\"><img decoding=\"async\" loading=\"lazy\" width=\"458\" height=\"896\" src=\"https:\/\/isfd21-bue.infd.edu.ar\/sitio\/wp-content\/uploads\/2022\/02\/273959032_1097753357691308_4880568084421959432_n.jpg\" alt=\"\" class=\"wp-image-4763\"\/><\/figure>\n\n\n\n<h6 class=\"wp-block-heading\"><img decoding=\"async\" alt=\"&#x1f4cc;\" src=\"https:\/\/s.w.org\/images\/core\/emoji\/13.0.1\/svg\/1f4cc.svg\"><strong><em>Atenci\u00f3n<\/em><\/strong><strong><em>&nbsp;estudiantes<\/em><\/strong><\/h6>\n\n\n\n<h6 class=\"wp-block-heading\"><strong><em>La biblioteca estar\u00e1 abierta de lunes a viernes tm de 8 a 12 tt de 13 17 tv de 18 a 21.30<\/em><\/strong><\/h6>\n\n\n\n<h6 class=\"wp-block-heading\"><strong><em>Para quienes quieran pedir programas<\/em><\/strong><\/h6>\n\n\n\n<h6 class=\"wp-block-heading\"><strong><em>se recomienda que env\u00eden un correo previo a isfd21biblioteca@gmail.com para preparar el material<\/em><\/strong><\/h6>\n\n\n\n<hr class=\"wp-block-separator has-css-opacity\"\/>\n\n\n\n<hr class=\"wp-block-separator has-css-opacity\"\/>\n\n\n\n<h4 class=\"wp-block-heading\"><img decoding=\"async\" loading=\"lazy\" height=\"20\" width=\"20\" alt=\"&#x1f4cc;\" src=\"https:\/\/www.facebook.com\/images\/emoji.php\/v9\/t85\/1\/20\/1f4cc.png\"><strong><em>Atenci\u00f3n estudiantes, las jefas de \u00e1rea estar\u00e1n en el instituto en los siguientes d\u00edas y horarios para responder consultas:<\/em><\/strong><\/h4>\n\n\n\n<h4 class=\"wp-block-heading\"><strong><em>JA biolog\u00eda 15\/2 de 13 a 17<\/em><\/strong><\/h4>\n\n\n\n<h4 class=\"wp-block-heading\"><strong><em>JA de lengua viernes 18\/2 de 17 a 20 hs.<\/em><\/strong><\/h4>\n\n\n\n<h4 class=\"wp-block-heading\"><strong><em>JA de ingles martes 15\/2 de 18 a 20 hs \u2013 jueves 17\/2 de 10 a 12 hs<\/em><\/strong><\/h4>\n\n\n\n<h4 class=\"wp-block-heading\"><strong><em>JA de matem\u00e1tica viernes 18\/2 de 9 a 12 hs.<\/em><\/strong><\/h4>\n\n\n\n<h4 class=\"wp-block-heading\"><strong><em>JA de sociales martes 15\/2 de 18 a 20<\/em><\/strong><\/h4>\n\n\n\n<h4 class=\"wp-block-heading\"><strong><em>Jueves 17\/2 de 10 a 12<\/em><\/strong><\/h4>\n\n\n\n<hr class=\"wp-block-separator has-css-opacity\"\/>\n\n\n\n<p>12\/02\/2022<\/p>\n\n\n\n<p>Estimada Comunidad Educativa<\/p>\n\n\n\n<p>Excelente comienzo del 2022, espero que hayan descansado y recargando energ\u00eda en compa\u00f1\u00eda de sus seres queridos.<\/p>\n\n\n\n<p>Deseamos tener un ciclo lectivo cargado de aprendizajes, vida institucional, nuevas experiencias y sobre todo que contin\u00fae en cada uno de ustedes el amor por la educaci\u00f3n.<\/p>\n\n\n\n<p>Les cuento que el equipo directivo durante todas las vacaciones estuvo atento al avance de la obra, vamos a compartir algunas fotos, y queremos contarles las novedades:<\/p>\n\n\n\n<p>\u2013 Recibimos una donaci\u00f3n de 6 computadoras completas de la Fundaci\u00f3n Compa\u00f1\u00edaSocial Equidad, las cuales eran necesarias para seguir trabajando con nuestro sistema de gesti\u00f3n de alumnos<\/p>\n\n\n\n<p>\u2013 Recibimos mobiliarios para dos aulas completas, 60 bancos tipo universitarios y dos escritorios.<\/p>\n\n\n\n<p>\u2013 El 10\/02\/2022 se realizo el cambio de la bomba sumergible que provee agua a nuestros 6 cuerpos de sanitarios.<\/p>\n\n\n\n<p>\u2013 Se quito el vallado y se puede observar una Casona totalmente renovada, reparada, con una mejor redistribuci\u00f3n de espacios, prolija y pintada. Con el cambio de todas las aberturas y pisos. La recuperaci\u00f3n del primer piso donde tendremos un aula grande, un aula para el Centro de Estudiantes y mucho espacio de guardado. Techos con tejas nuevas y recuperadas. Sanitarios renovados, sal\u00f3n de reuniones y un espacio exclusivo para atenci\u00f3n de fonoaudiolog\u00eda.<\/p>\n\n\n\n<p>\u2013 Tuvimos el recambio de luces agotadas y quemadas. Se continuar\u00e1 la pr\u00f3xima semana con ese trabajo reemplazando las luces de los pasillos por tubos dobles que iluminan m\u00e1s y tienen una vida \u00fatil mayor.<\/p>\n\n\n\n<p>\u2013 El personal de IMDEL se ocupo de la pintura en las rejas de entrada y reparo y pinto la pared del frente del instituto. Continuaran pintando la pared lindera.<\/p>\n\n\n\n<p>Sentir que estamos recuperando nuestro espacio tan preciado y necesario es algo muy esperado, desde el Municipio y Consejo Escolar, trabajaron para dar respuesta al reclamo de nuestra comunidad, entendiendo que el Instituto Rojas tiene un gran impacto en nuestro distrito y distritos vecinos. Estamos a la espera del fin de obra.<\/p>\n\n\n\n<p>Seguiremos apostando como siempre a la educaci\u00f3n p\u00fablica, acompa\u00f1ando a nuestra comunidad, entendiendo que nuestro horizonte son los estudiantes y para ellos pensamos cada proyecto y propuesta.<\/p>\n\n\n\n<p>Nos mantenemos en contacto.<\/p>\n\n\n\n<p>Equipo Directivo ISFD 21<\/p>\n\n\n\n<figure class=\"wp-block-image\"><img decoding=\"async\" loading=\"lazy\" width=\"1600\" height=\"900\" src=\"https:\/\/isfd21-bue.infd.edu.ar\/sitio\/wp-content\/uploads\/2022\/02\/272968185_1095749014558409_3950093390345316562_n.jpg\" alt=\"\" class=\"wp-image-4747\" srcset=\"https:\/\/isfd21-bue.infd.edu.ar\/sitio\/wp-content\/uploads\/2022\/02\/272968185_1095749014558409_3950093390345316562_n.jpg 1600w, https:\/\/isfd21-bue.infd.edu.ar\/sitio\/wp-content\/uploads\/2022\/02\/272968185_1095749014558409_3950093390345316562_n-1000x563.jpg 1000w, https:\/\/isfd21-bue.infd.edu.ar\/sitio\/wp-content\/uploads\/2022\/02\/272968185_1095749014558409_3950093390345316562_n-768x432.jpg 768w, https:\/\/isfd21-bue.infd.edu.ar\/sitio\/wp-content\/uploads\/2022\/02\/272968185_1095749014558409_3950093390345316562_n-1536x864.jpg 1536w\" sizes=\"(max-width: 1600px) 100vw, 1600px\" \/><\/figure>\n\n\n\n<p class=\"has-large-font-size\">NOVEDADES CARTELERA A\u00d1OS 2020\/2021<\/p>\n\n\n\n<figure class=\"wp-block-embed is-type-wp-embed is-provider-instituto-superior-de-formacion-docente-n-21-quot-dr-ricardo-rojas-quot wp-block-embed-instituto-superior-de-formacion-docente-n-21-quot-dr-ricardo-rojas-quot\"><div class=\"wp-block-embed__wrapper\">\n<blockquote class=\"wp-embedded-content\" data-secret=\"h4zWuQmMcp\"><a href=\"https:\/\/isfd21-bue.infd.edu.ar\/sitio\/novedades-cartelera\/\">NOVEDADES-CARTELERA 2020\/2021<\/a><\/blockquote><iframe class=\"wp-embedded-content\" sandbox=\"allow-scripts\" security=\"restricted\" style=\"position: absolute; clip: rect(1px, 1px, 1px, 1px);\" title=\"\u00abNOVEDADES-CARTELERA 2020\/2021\u00bb \u2014 INSTITUTO SUPERIOR DE FORMACI\u00d3N DOCENTE N\u00ba 21 - &quot;Dr. Ricardo Rojas&quot; -\" src=\"https:\/\/isfd21-bue.infd.edu.ar\/sitio\/novedades-cartelera\/embed\/#?secret=h4zWuQmMcp\" data-secret=\"h4zWuQmMcp\" width=\"600\" height=\"338\" frameborder=\"0\" marginwidth=\"0\" marginheight=\"0\" scrolling=\"no\"><\/iframe>\n<\/div><\/figure>\n\n\n\n<p><\/p>\n","protected":false},"excerpt":{"rendered":"<p>30\/12\/22 26\/12\/22 Seguimos inscribiendo: SEGUIMOS INSCRIBIENDOPROFESORADOS DE 4 A\u00d1OS DE DURACI\u00d3N,CON VALIDEZ NACIONAL PROFESORADO DE BIOLOG\u00cdAPROFESORADO EN EDUCACI\u00d3N ESPECIALPROFESORADO EN FILOSOF\u00cdAPROFESORADO EN GEOGRAF\u00cdAPROFESORADO EN HISTORIAPROFESORADO EN INGL\u00c9SPROFESORADO EN EDUCACI\u00d3N PRIMARIAPROFESORADO EN MATEM\u00c1TICAPROFESORADO EN LENGUA Y LITERATURACURSO DE FORMACI\u00d3N B\u00c1SICA EN INGL\u00c9S(CuFBa) 1 a\u00f1o de duraci\u00f3n. https:\/\/isfd21-bue.infd.edu.ar Merlo 2591- Moreno 21\/12\/22 19\/12\/22 COMPARTIMOS ESTA PROFUNDA EMOCI\u00d3N &#8230; <a title=\"NOVEDADES CARTELERA 2022\" class=\"read-more\" href=\"https:\/\/isfd21-bue.infd.edu.ar\/sitio\/novedades-2022\/\" aria-label=\"More on NOVEDADES CARTELERA 2022\">[+]<\/a><\/p>\n","protected":false},"author":4673,"featured_media":0,"parent":0,"menu_order":0,"comment_status":"closed","ping_status":"closed","template":"","meta":[],"acf":[],"_links":{"self":[{"href":"https:\/\/isfd21-bue.infd.edu.ar\/sitio\/wp-json\/wp\/v2\/pages\/6353"}],"collection":[{"href":"https:\/\/isfd21-bue.infd.edu.ar\/sitio\/wp-json\/wp\/v2\/pages"}],"about":[{"href":"https:\/\/isfd21-bue.infd.edu.ar\/sitio\/wp-json\/wp\/v2\/types\/page"}],"author":[{"embeddable":true,"href":"https:\/\/isfd21-bue.infd.edu.ar\/sitio\/wp-json\/wp\/v2\/users\/4673"}],"replies":[{"embeddable":true,"href":"https:\/\/isfd21-bue.infd.edu.ar\/sitio\/wp-json\/wp\/v2\/comments?post=6353"}],"version-history":[{"count":239,"href":"https:\/\/isfd21-bue.infd.edu.ar\/sitio\/wp-json\/wp\/v2\/pages\/6353\/revisions"}],"predecessor-version":[{"id":8054,"href":"https:\/\/isfd21-bue.infd.edu.ar\/sitio\/wp-json\/wp\/v2\/pages\/6353\/revisions\/8054"}],"wp:attachment":[{"href":"https:\/\/isfd21-bue.infd.edu.ar\/sitio\/wp-json\/wp\/v2\/media?parent=6353"}],"curies":[{"name":"wp","href":"https:\/\/api.w.org\/{rel}","templated":true}]}}